{"id":1489,"date":"2021-11-02T08:16:09","date_gmt":"2021-11-02T08:16:09","guid":{"rendered":"https:\/\/soledaddemo.pencidesign.net\/soledad-modern-news-magazine\/?page_id=8"},"modified":"2026-04-01T16:48:12","modified_gmt":"2026-04-01T14:48:12","slug":"soledad_home","status":"publish","type":"page","link":"https:\/\/gnews.cz\/fr\/","title":{"rendered":"Soledad_Home"},"content":{"rendered":"\t\t<div data-elementor-type=\"wp-page\" data-elementor-id=\"1489\" class=\"elementor elementor-1489\" data-elementor-post-type=\"page\">\n\t\t\t\t\t\t<section class=\"penci-section penci-enSticky penci-repons-elsection penci-con_sb2_sb1 penci-structure-31 elementor-section elementor-top-section elementor-element elementor-element-35af948 elementor-section-boxed elementor-section-height-default elementor-section-height-default\" data-id=\"35af948\" data-element_type=\"section\" data-e-type=\"section\">\n\t\t\t\t\t\t<div class=\"elementor-container elementor-column-gap-extended\">\n\t\t\t\t\t<div class=\"penci-ercol-25 penci-ercol-order-1 penci-sticky-sb penci-sidebarSC   elementor-column elementor-col-25 elementor-top-column elementor-element elementor-element-41bc9bf\" data-id=\"41bc9bf\" data-element_type=\"column\" data-e-type=\"column\">\n\t\t\t<div class=\"elementor-widget-wrap elementor-element-populated\">\n\t\t\t\t\t\t<div class=\"elementor-element elementor-element-946ad52 elementor-widget elementor-widget-penci-small-list\" data-id=\"946ad52\" data-element_type=\"widget\" data-e-type=\"widget\" data-widget_type=\"penci-small-list.default\">\n\t\t\t\t<div class=\"elementor-widget-container\">\n\t\t\t\t\t<script>if( typeof(penciBlock) === \"undefined\" ) {function penciBlock() { this.atts_json = ''; this.content = ''; }}var penciBlocksArray = penciBlocksArray || [];var PENCILOCALCACHE = PENCILOCALCACHE || {};var pcblock_8807 = new penciBlock();pcblock_8807.blockID=\"pcblock_8807\";pcblock_8807.atts_json = '{\"type\":\"grid\",\"dformat\":\"\",\"date_pos\":\"left\",\"column\":\"1\",\"tab_column\":\"1\",\"mb_column\":\"1\",\"imgpos\":\"left\",\"thumb_size\":\"\",\"mthumb_size\":\"\",\"post_meta\":[\"title\",\"date\"],\"primary_cat\":\"\",\"title_length\":\"\",\"excerpt_pos\":\"below\",\"rmstyle\":\"filled\",\"excerpt_length\":15,\"nocrop\":\"\",\"hide_cat_mobile\":\"\",\"hide_meta_mobile\":\"\",\"hide_excerpt_mobile\":\"\",\"hide_rm_mobile\":\"\",\"imgtop_mobile\":\"\",\"ver_border\":\"\",\"hide_thumb\":\"\",\"show_reviewpie\":\"\",\"show_formaticon\":\"\",\"disable_lazy\":\"\",\"show_excerpt\":\"\",\"show_readmore\":\"\",\"query\":{\"orderby\":\"date\",\"order\":\"desc\",\"ignore_sticky_posts\":1,\"post_status\":\"publish\",\"post__not_in\":[],\"post_type\":\"post\",\"posts_per_page\":10,\"tax_query\":[{\"taxonomy\":\"category\",\"field\":\"term_id\",\"terms\":[\"2\",\"3\",\"4\",\"6\",\"7\",\"2968\",\"2973\"]}]},\"category_ids\":\"\",\"taxonomy\":\"\"}';penciBlocksArray.push(pcblock_8807);<\/script>        <div class=\"penci-wrapper-smalllist\">\n\t\t\t    <div class=\"penci-border-arrow penci-homepage-title penci-home-latest-posts style-6 pcalign-left pciconp-right pcicon-right block-title-icon-left\">\n        <h3 class=\"inner-arrow\">\n        <span>\n                    <span>Aktuality<\/a>                <\/span>\n        <\/h3>\n\t\t        <\/div>\n\t\t\t\t\t            <div class=\"penci-smalllist-wrapper\">\n\t\t\t\t                    <div class=\"penci-smalllist pcsl-wrapper pwsl-id-default\">\n                        <div class=\"pcsl-inner penci-clearfix pcsl-grid pcsl-imgpos-left pcsl-col-1 pcsl-tabcol-1 pcsl-mobcol-1\">\n\t\t\t\t\t\t\t\t\t\t\t\t\t\t\t\t\t\t\t\t\t\t\t\t                                    <div class=\"pcsl-item\">\n                                        <div class=\"pcsl-itemin\">\n                                            <div class=\"pcsl-iteminer\">\n\t\t\t\t\t\t\t\t\t\t\t\t\n\t\t\t\t\t\t\t\t\t\t\t\t                                                    <div class=\"pcsl-thumb\">\n\t\t\t\t\t\t\t\t\t\t\t\t\t\t\t\t\t\t\t\t\t\t\t\t\t\t\t\t                                                            <a  data-bgset=\"https:\/\/gnews.cz\/wp-content\/uploads\/2026\/05\/IMG_20260502_164219-263x175.webp\" href=\"https:\/\/gnews.cz\/fr\/tema\/tiche-ozveny-svetla\/\"\n                                                               title=\"Tich\u00e9 ozv\u011bny sv\u011btla\"\n                                                               class=\"penci-lazy penci-image-holder\">\n\t                                                                                                                        <\/a>\n\n                                                    <\/div>\n\t\t\t\t\t\t\t\t\t\t\t\t                                                <div class=\"pcsl-content\">\n\t\t\t\t\t\t\t\t\t\t\t\t\t\n\t\t\t\t\t\t\t\t\t\t\t\t\t                                                        <div class=\"pcsl-title\">\n                                                            <a href=\"https:\/\/gnews.cz\/fr\/tema\/tiche-ozveny-svetla\/\">Tich\u00e9 ozv\u011bny sv\u011btla<\/a>\n                                                        <\/div>\n\t\t\t\t\t\t\t\t\t\t\t\t\t\n\t\t\t\t\t\t\t\t\t\t\t\t\t                                                        <div class=\"grid-post-box-meta pcsl-meta\">\n\t\t\t\t\t\t\t\t\t\t\t\t\t\t\t\t\t\t\t\t\t\t\t\t\t\t\t\t\t\t                                                                <span class=\"sl-date\"><time class=\"entry-date published\" datetime=\"2026-05-03T12:30:00+02:00\">mai 3, 2026<\/time><\/span>\n\t\t\t\t\t\t\t\t\t\t\t\t\t\t\t\t\t\t\t\t\t\t\t\t\t\t\t\t\t\t\t\t\t\t\t\t\t\t\t\t\t\t\t\t\t\t\t\t\t\t\t\t\t\t\t\t\t\t\t\t\t\t\t\t\t\t\t\t\t\t\t\t\t\t\t\t\t\t\t\t\t\t\t\t\t\t\t\t\t\t                                                        <\/div>\n\t\t\t\t\t\t\t\t\t\t\t\t\t\n\t\t\t\t\t\t\t\t\t\t\t\t\t\t\t\t\t\t\t\t\t\t\t\t\t\t\n                                                <\/div>\n\n\t\t\t\t\t\t\t\t\t\t\t\t                                            <\/div>\n                                        <\/div>\n                                    <\/div>\n                                \t\t\t\t\t\t\t\t\t\t\t\t\t\t\t\t\t                                    <div class=\"pcsl-item\">\n                                        <div class=\"pcsl-itemin\">\n                                            <div class=\"pcsl-iteminer\">\n\t\t\t\t\t\t\t\t\t\t\t\t\n\t\t\t\t\t\t\t\t\t\t\t\t                                                    <div class=\"pcsl-thumb\">\n\t\t\t\t\t\t\t\t\t\t\t\t\t\t\t\t\t\t\t\t\t\t\t\t\t\t\t\t                                                            <a  data-bgset=\"https:\/\/gnews.cz\/wp-content\/uploads\/2026\/05\/Screenshot_20260503_075001-263x175.webp\" href=\"https:\/\/gnews.cz\/fr\/tema\/vlivni-republikani-varuji-pred-stazenim-americkych-vojaku-z-nemecka-obavaji-se-oslabeni-nato\/\"\n                                                               title=\"Vlivn\u00ed republik\u00e1ni varuj\u00ed p\u0159ed sta\u017een\u00edm americk\u00fdch voj\u00e1k\u016f z N\u011bmecka, ob\u00e1vaj\u00ed se oslaben\u00ed NATO\"\n                                                               class=\"penci-lazy penci-image-holder\">\n\t                                                                                                                        <\/a>\n\n                                                    <\/div>\n\t\t\t\t\t\t\t\t\t\t\t\t                                                <div class=\"pcsl-content\">\n\t\t\t\t\t\t\t\t\t\t\t\t\t\n\t\t\t\t\t\t\t\t\t\t\t\t\t                                                        <div class=\"pcsl-title\">\n                                                            <a href=\"https:\/\/gnews.cz\/fr\/tema\/vlivni-republikani-varuji-pred-stazenim-americkych-vojaku-z-nemecka-obavaji-se-oslabeni-nato\/\">Vlivn\u00ed republik\u00e1ni varuj\u00ed p\u0159ed sta\u017een\u00edm americk\u00fdch voj\u00e1k\u016f z N\u011bmecka, ob\u00e1vaj\u00ed se oslaben\u00ed NATO<\/a>\n                                                        <\/div>\n\t\t\t\t\t\t\t\t\t\t\t\t\t\n\t\t\t\t\t\t\t\t\t\t\t\t\t                                                        <div class=\"grid-post-box-meta pcsl-meta\">\n\t\t\t\t\t\t\t\t\t\t\t\t\t\t\t\t\t\t\t\t\t\t\t\t\t\t\t\t\t\t                                                                <span class=\"sl-date\"><time class=\"entry-date published\" datetime=\"2026-05-03T09:30:00+02:00\">mai 3, 2026<\/time><\/span>\n\t\t\t\t\t\t\t\t\t\t\t\t\t\t\t\t\t\t\t\t\t\t\t\t\t\t\t\t\t\t\t\t\t\t\t\t\t\t\t\t\t\t\t\t\t\t\t\t\t\t\t\t\t\t\t\t\t\t\t\t\t\t\t\t\t\t\t\t\t\t\t\t\t\t\t\t\t\t\t\t\t\t\t\t\t\t\t\t\t\t                                                        <\/div>\n\t\t\t\t\t\t\t\t\t\t\t\t\t\n\t\t\t\t\t\t\t\t\t\t\t\t\t\t\t\t\t\t\t\t\t\t\t\t\t\t\n                                                <\/div>\n\n\t\t\t\t\t\t\t\t\t\t\t\t                                            <\/div>\n                                        <\/div>\n                                    <\/div>\n                                \t\t\t\t\t\t\t\t\t\t\t\t\t\t\t\t\t                                    <div class=\"pcsl-item\">\n                                        <div class=\"pcsl-itemin\">\n                                            <div class=\"pcsl-iteminer\">\n\t\t\t\t\t\t\t\t\t\t\t\t\n\t\t\t\t\t\t\t\t\t\t\t\t                                                    <div class=\"pcsl-thumb\">\n\t\t\t\t\t\t\t\t\t\t\t\t\t\t\t\t\t\t\t\t\t\t\t\t\t\t\t\t                                                            <a  data-bgset=\"https:\/\/gnews.cz\/wp-content\/uploads\/2026\/05\/Screenshot_20260502_222309-263x175.webp\" href=\"https:\/\/gnews.cz\/fr\/tema\/nulove-clo-znamena-urychlovac-spoluprace-mezi-cinou-a-afrikou\/\"\n                                                               title=\"\u201eNulov\u00e9 clo\u201c znamen\u00e1 \u201eurychlova\u010d\u201c spolupr\u00e1ce mezi \u010c\u00ednou a Afrikou\"\n                                                               class=\"penci-lazy penci-image-holder\">\n\t                                                                                                                        <\/a>\n\n                                                    <\/div>\n\t\t\t\t\t\t\t\t\t\t\t\t                                                <div class=\"pcsl-content\">\n\t\t\t\t\t\t\t\t\t\t\t\t\t\n\t\t\t\t\t\t\t\t\t\t\t\t\t                                                        <div class=\"pcsl-title\">\n                                                            <a href=\"https:\/\/gnews.cz\/fr\/tema\/nulove-clo-znamena-urychlovac-spoluprace-mezi-cinou-a-afrikou\/\">\u201eNulov\u00e9 clo\u201c znamen\u00e1 \u201eurychlova\u010d\u201c spolupr\u00e1ce mezi \u010c\u00ednou a Afrikou<\/a>\n                                                        <\/div>\n\t\t\t\t\t\t\t\t\t\t\t\t\t\n\t\t\t\t\t\t\t\t\t\t\t\t\t                                                        <div class=\"grid-post-box-meta pcsl-meta\">\n\t\t\t\t\t\t\t\t\t\t\t\t\t\t\t\t\t\t\t\t\t\t\t\t\t\t\t\t\t\t                                                                <span class=\"sl-date\"><time class=\"entry-date published\" datetime=\"2026-05-03T04:00:00+02:00\">mai 3, 2026<\/time><\/span>\n\t\t\t\t\t\t\t\t\t\t\t\t\t\t\t\t\t\t\t\t\t\t\t\t\t\t\t\t\t\t\t\t\t\t\t\t\t\t\t\t\t\t\t\t\t\t\t\t\t\t\t\t\t\t\t\t\t\t\t\t\t\t\t\t\t\t\t\t\t\t\t\t\t\t\t\t\t\t\t\t\t\t\t\t\t\t\t\t\t\t                                                        <\/div>\n\t\t\t\t\t\t\t\t\t\t\t\t\t\n\t\t\t\t\t\t\t\t\t\t\t\t\t\t\t\t\t\t\t\t\t\t\t\t\t\t\n                                                <\/div>\n\n\t\t\t\t\t\t\t\t\t\t\t\t                                            <\/div>\n                                        <\/div>\n                                    <\/div>\n                                \t\t\t\t\t\t\t\t\t\t\t\t\t\t\t\t\t                                    <div class=\"pcsl-item\">\n                                        <div class=\"pcsl-itemin\">\n                                            <div class=\"pcsl-iteminer\">\n\t\t\t\t\t\t\t\t\t\t\t\t\n\t\t\t\t\t\t\t\t\t\t\t\t                                                    <div class=\"pcsl-thumb\">\n\t\t\t\t\t\t\t\t\t\t\t\t\t\t\t\t\t\t\t\t\t\t\t\t\t\t\t\t                                                            <a  data-bgset=\"https:\/\/gnews.cz\/wp-content\/uploads\/2026\/05\/Screenshot_20260502_223629-263x175.webp\" href=\"https:\/\/gnews.cz\/fr\/tema\/iranska-mise-v-osn-kritizuje-usa-za-vice-nez-pet-desetileti-porusovani-smlouvy-o-nesireni-jadernych-zbrani\/\"\n                                                               title=\"\u00cdr\u00e1nsk\u00e1 mise v OSN kritizuje USA za v\u00edce ne\u017e p\u011bt desetilet\u00ed poru\u0161ov\u00e1n\u00ed Smlouvy o ne\u0161\u00ed\u0159en\u00ed jadern\u00fdch zbran\u00ed\"\n                                                               class=\"penci-lazy penci-image-holder\">\n\t                                                                                                                        <\/a>\n\n                                                    <\/div>\n\t\t\t\t\t\t\t\t\t\t\t\t                                                <div class=\"pcsl-content\">\n\t\t\t\t\t\t\t\t\t\t\t\t\t\n\t\t\t\t\t\t\t\t\t\t\t\t\t                                                        <div class=\"pcsl-title\">\n                                                            <a href=\"https:\/\/gnews.cz\/fr\/tema\/iranska-mise-v-osn-kritizuje-usa-za-vice-nez-pet-desetileti-porusovani-smlouvy-o-nesireni-jadernych-zbrani\/\">\u00cdr\u00e1nsk\u00e1 mise v OSN kritizuje USA za v\u00edce ne\u017e p\u011bt desetilet\u00ed poru\u0161ov\u00e1n\u00ed Smlouvy o ne\u0161\u00ed\u0159en\u00ed jadern\u00fdch zbran\u00ed<\/a>\n                                                        <\/div>\n\t\t\t\t\t\t\t\t\t\t\t\t\t\n\t\t\t\t\t\t\t\t\t\t\t\t\t                                                        <div class=\"grid-post-box-meta pcsl-meta\">\n\t\t\t\t\t\t\t\t\t\t\t\t\t\t\t\t\t\t\t\t\t\t\t\t\t\t\t\t\t\t                                                                <span class=\"sl-date\"><time class=\"entry-date published\" datetime=\"2026-05-03T01:30:00+02:00\">mai 3, 2026<\/time><\/span>\n\t\t\t\t\t\t\t\t\t\t\t\t\t\t\t\t\t\t\t\t\t\t\t\t\t\t\t\t\t\t\t\t\t\t\t\t\t\t\t\t\t\t\t\t\t\t\t\t\t\t\t\t\t\t\t\t\t\t\t\t\t\t\t\t\t\t\t\t\t\t\t\t\t\t\t\t\t\t\t\t\t\t\t\t\t\t\t\t\t\t                                                        <\/div>\n\t\t\t\t\t\t\t\t\t\t\t\t\t\n\t\t\t\t\t\t\t\t\t\t\t\t\t\t\t\t\t\t\t\t\t\t\t\t\t\t\n                                                <\/div>\n\n\t\t\t\t\t\t\t\t\t\t\t\t                                            <\/div>\n                                        <\/div>\n                                    <\/div>\n                                \t\t\t\t\t\t\t\t\t\t\t\t\t\t\t\t\t                                    <div class=\"pcsl-item\">\n                                        <div class=\"pcsl-itemin\">\n                                            <div class=\"pcsl-iteminer\">\n\t\t\t\t\t\t\t\t\t\t\t\t\n\t\t\t\t\t\t\t\t\t\t\t\t                                                    <div class=\"pcsl-thumb\">\n\t\t\t\t\t\t\t\t\t\t\t\t\t\t\t\t\t\t\t\t\t\t\t\t\t\t\t\t                                                            <a  data-bgset=\"https:\/\/gnews.cz\/wp-content\/uploads\/2026\/05\/Screenshot_20260502_194651-263x175.webp\" href=\"https:\/\/gnews.cz\/fr\/neprehlednete\/kulinarske-dialogy-pres-hory-a-reky-kdyz-se-ceska-kuchyne-setka-s-tou-cinskou-aneb-knedlo-vepro-a-zelo\/\"\n                                                               title=\"Kulin\u00e1\u0159sk\u00e9 dialogy p\u0159es hory a \u0159eky: Kdy\u017e se \u010cesk\u00e1 kuchyn\u011b setk\u00e1 s tou \u010d\u00ednskou aneb knedlo, vep\u0159o a zelo\"\n                                                               class=\"penci-lazy penci-image-holder\">\n\t                                                                                                                        <\/a>\n\n                                                    <\/div>\n\t\t\t\t\t\t\t\t\t\t\t\t                                                <div class=\"pcsl-content\">\n\t\t\t\t\t\t\t\t\t\t\t\t\t\n\t\t\t\t\t\t\t\t\t\t\t\t\t                                                        <div class=\"pcsl-title\">\n                                                            <a href=\"https:\/\/gnews.cz\/fr\/neprehlednete\/kulinarske-dialogy-pres-hory-a-reky-kdyz-se-ceska-kuchyne-setka-s-tou-cinskou-aneb-knedlo-vepro-a-zelo\/\">Kulin\u00e1\u0159sk\u00e9 dialogy p\u0159es hory a \u0159eky: Kdy\u017e se \u010cesk\u00e1 kuchyn\u011b setk\u00e1 s tou \u010d\u00ednskou aneb knedlo, vep\u0159o a zelo<\/a>\n                                                        <\/div>\n\t\t\t\t\t\t\t\t\t\t\t\t\t\n\t\t\t\t\t\t\t\t\t\t\t\t\t                                                        <div class=\"grid-post-box-meta pcsl-meta\">\n\t\t\t\t\t\t\t\t\t\t\t\t\t\t\t\t\t\t\t\t\t\t\t\t\t\t\t\t\t\t                                                                <span class=\"sl-date\"><time class=\"entry-date published\" datetime=\"2026-05-02T21:30:00+02:00\">mai 2, 2026<\/time><\/span>\n\t\t\t\t\t\t\t\t\t\t\t\t\t\t\t\t\t\t\t\t\t\t\t\t\t\t\t\t\t\t\t\t\t\t\t\t\t\t\t\t\t\t\t\t\t\t\t\t\t\t\t\t\t\t\t\t\t\t\t\t\t\t\t\t\t\t\t\t\t\t\t\t\t\t\t\t\t\t\t\t\t\t\t\t\t\t\t\t\t\t                                                        <\/div>\n\t\t\t\t\t\t\t\t\t\t\t\t\t\n\t\t\t\t\t\t\t\t\t\t\t\t\t\t\t\t\t\t\t\t\t\t\t\t\t\t\n                                                <\/div>\n\n\t\t\t\t\t\t\t\t\t\t\t\t                                            <\/div>\n                                        <\/div>\n                                    <\/div>\n                                \t\t\t\t\t\t\t\t\t\t\t\t\t\t\t\t\t                                    <div class=\"pcsl-item\">\n                                        <div class=\"pcsl-itemin\">\n                                            <div class=\"pcsl-iteminer\">\n\t\t\t\t\t\t\t\t\t\t\t\t\n\t\t\t\t\t\t\t\t\t\t\t\t                                                    <div class=\"pcsl-thumb\">\n\t\t\t\t\t\t\t\t\t\t\t\t\t\t\t\t\t\t\t\t\t\t\t\t\t\t\t\t                                                            <a  data-bgset=\"https:\/\/gnews.cz\/wp-content\/uploads\/2026\/05\/P20251228DT-1058-2-263x175.webp\" href=\"https:\/\/gnews.cz\/fr\/tema\/k-utoku-na-galavereci-mlcel-zelenskyj-trumpa-odepsal-uz-se-mu-neboji-postavit\/\"\n                                                               title=\"K \u00fatoku na galave\u0159e\u010di ml\u010del. Zelenskyj Trumpa odepsal, u\u017e se mu neboj\u00ed postavit\"\n                                                               class=\"penci-lazy penci-image-holder\">\n\t                                                                                                                        <\/a>\n\n                                                    <\/div>\n\t\t\t\t\t\t\t\t\t\t\t\t                                                <div class=\"pcsl-content\">\n\t\t\t\t\t\t\t\t\t\t\t\t\t\n\t\t\t\t\t\t\t\t\t\t\t\t\t                                                        <div class=\"pcsl-title\">\n                                                            <a href=\"https:\/\/gnews.cz\/fr\/tema\/k-utoku-na-galavereci-mlcel-zelenskyj-trumpa-odepsal-uz-se-mu-neboji-postavit\/\">K \u00fatoku na galave\u0159e\u010di ml\u010del. Zelenskyj Trumpa odepsal, u\u017e se mu neboj\u00ed postavit<\/a>\n                                                        <\/div>\n\t\t\t\t\t\t\t\t\t\t\t\t\t\n\t\t\t\t\t\t\t\t\t\t\t\t\t                                                        <div class=\"grid-post-box-meta pcsl-meta\">\n\t\t\t\t\t\t\t\t\t\t\t\t\t\t\t\t\t\t\t\t\t\t\t\t\t\t\t\t\t\t                                                                <span class=\"sl-date\"><time class=\"entry-date published\" datetime=\"2026-05-02T18:30:00+02:00\">mai 2, 2026<\/time><\/span>\n\t\t\t\t\t\t\t\t\t\t\t\t\t\t\t\t\t\t\t\t\t\t\t\t\t\t\t\t\t\t\t\t\t\t\t\t\t\t\t\t\t\t\t\t\t\t\t\t\t\t\t\t\t\t\t\t\t\t\t\t\t\t\t\t\t\t\t\t\t\t\t\t\t\t\t\t\t\t\t\t\t\t\t\t\t\t\t\t\t\t                                                        <\/div>\n\t\t\t\t\t\t\t\t\t\t\t\t\t\n\t\t\t\t\t\t\t\t\t\t\t\t\t\t\t\t\t\t\t\t\t\t\t\t\t\t\n                                                <\/div>\n\n\t\t\t\t\t\t\t\t\t\t\t\t                                            <\/div>\n                                        <\/div>\n                                    <\/div>\n                                \t\t\t\t\t\t\t\t\t\t\t\t\t\t\t\t\t                                    <div class=\"pcsl-item\">\n                                        <div class=\"pcsl-itemin\">\n                                            <div class=\"pcsl-iteminer\">\n\t\t\t\t\t\t\t\t\t\t\t\t\n\t\t\t\t\t\t\t\t\t\t\t\t                                                    <div class=\"pcsl-thumb\">\n\t\t\t\t\t\t\t\t\t\t\t\t\t\t\t\t\t\t\t\t\t\t\t\t\t\t\t\t                                                            <a  data-bgset=\"https:\/\/gnews.cz\/wp-content\/uploads\/2026\/05\/1349109-2-263x175.webp\" href=\"https:\/\/gnews.cz\/fr\/tema\/ukrajina-zaporozska-oblast-zustala-bez-elektriny-vedeni-dlr-pochybuje-o-mozne-zmene-moci-na-ukrajine\/\"\n                                                               title=\"Ukrajina: Z\u00e1poro\u017esk\u00e1 oblast z\u016fstala bez elekt\u0159iny. Veden\u00ed DLR pochybuje o mo\u017en\u00e9 zm\u011bn\u011b moci na Ukrajin\u011b\"\n                                                               class=\"penci-lazy penci-image-holder\">\n\t                                                                                                                        <\/a>\n\n                                                    <\/div>\n\t\t\t\t\t\t\t\t\t\t\t\t                                                <div class=\"pcsl-content\">\n\t\t\t\t\t\t\t\t\t\t\t\t\t\n\t\t\t\t\t\t\t\t\t\t\t\t\t                                                        <div class=\"pcsl-title\">\n                                                            <a href=\"https:\/\/gnews.cz\/fr\/tema\/ukrajina-zaporozska-oblast-zustala-bez-elektriny-vedeni-dlr-pochybuje-o-mozne-zmene-moci-na-ukrajine\/\">Ukrajina: Z\u00e1poro\u017esk\u00e1 oblast z\u016fstala bez elekt\u0159iny. Veden\u00ed DLR pochybuje o mo\u017en\u00e9 zm\u011bn\u011b moci na Ukrajin\u011b<\/a>\n                                                        <\/div>\n\t\t\t\t\t\t\t\t\t\t\t\t\t\n\t\t\t\t\t\t\t\t\t\t\t\t\t                                                        <div class=\"grid-post-box-meta pcsl-meta\">\n\t\t\t\t\t\t\t\t\t\t\t\t\t\t\t\t\t\t\t\t\t\t\t\t\t\t\t\t\t\t                                                                <span class=\"sl-date\"><time class=\"entry-date published\" datetime=\"2026-05-02T15:30:00+02:00\">mai 2, 2026<\/time><\/span>\n\t\t\t\t\t\t\t\t\t\t\t\t\t\t\t\t\t\t\t\t\t\t\t\t\t\t\t\t\t\t\t\t\t\t\t\t\t\t\t\t\t\t\t\t\t\t\t\t\t\t\t\t\t\t\t\t\t\t\t\t\t\t\t\t\t\t\t\t\t\t\t\t\t\t\t\t\t\t\t\t\t\t\t\t\t\t\t\t\t\t                                                        <\/div>\n\t\t\t\t\t\t\t\t\t\t\t\t\t\n\t\t\t\t\t\t\t\t\t\t\t\t\t\t\t\t\t\t\t\t\t\t\t\t\t\t\n                                                <\/div>\n\n\t\t\t\t\t\t\t\t\t\t\t\t                                            <\/div>\n                                        <\/div>\n                                    <\/div>\n                                \t\t\t\t\t\t\t\t\t\t\t\t\t\t\t\t\t                                    <div class=\"pcsl-item\">\n                                        <div class=\"pcsl-itemin\">\n                                            <div class=\"pcsl-iteminer\">\n\t\t\t\t\t\t\t\t\t\t\t\t\n\t\t\t\t\t\t\t\t\t\t\t\t                                                    <div class=\"pcsl-thumb\">\n\t\t\t\t\t\t\t\t\t\t\t\t\t\t\t\t\t\t\t\t\t\t\t\t\t\t\t\t                                                            <a  data-bgset=\"https:\/\/gnews.cz\/wp-content\/uploads\/2026\/05\/Screenshot_20260501_202243-263x175.webp\" href=\"https:\/\/gnews.cz\/fr\/tema\/jazyk-v-ere-digitalni-rychlosti-evoluce-nebo-upadek\/\"\n                                                               title=\"Jazyk v \u00e9\u0159e digit\u00e1ln\u00ed rychlosti: Evoluce, nebo \u00fapadek?\"\n                                                               class=\"penci-lazy penci-image-holder\">\n\t                                                                                                                        <\/a>\n\n                                                    <\/div>\n\t\t\t\t\t\t\t\t\t\t\t\t                                                <div class=\"pcsl-content\">\n\t\t\t\t\t\t\t\t\t\t\t\t\t\n\t\t\t\t\t\t\t\t\t\t\t\t\t                                                        <div class=\"pcsl-title\">\n                                                            <a href=\"https:\/\/gnews.cz\/fr\/tema\/jazyk-v-ere-digitalni-rychlosti-evoluce-nebo-upadek\/\">Jazyk v \u00e9\u0159e digit\u00e1ln\u00ed rychlosti: Evoluce, nebo \u00fapadek?<\/a>\n                                                        <\/div>\n\t\t\t\t\t\t\t\t\t\t\t\t\t\n\t\t\t\t\t\t\t\t\t\t\t\t\t                                                        <div class=\"grid-post-box-meta pcsl-meta\">\n\t\t\t\t\t\t\t\t\t\t\t\t\t\t\t\t\t\t\t\t\t\t\t\t\t\t\t\t\t\t                                                                <span class=\"sl-date\"><time class=\"entry-date published\" datetime=\"2026-05-02T12:00:00+02:00\">mai 2, 2026<\/time><\/span>\n\t\t\t\t\t\t\t\t\t\t\t\t\t\t\t\t\t\t\t\t\t\t\t\t\t\t\t\t\t\t\t\t\t\t\t\t\t\t\t\t\t\t\t\t\t\t\t\t\t\t\t\t\t\t\t\t\t\t\t\t\t\t\t\t\t\t\t\t\t\t\t\t\t\t\t\t\t\t\t\t\t\t\t\t\t\t\t\t\t\t                                                        <\/div>\n\t\t\t\t\t\t\t\t\t\t\t\t\t\n\t\t\t\t\t\t\t\t\t\t\t\t\t\t\t\t\t\t\t\t\t\t\t\t\t\t\n                                                <\/div>\n\n\t\t\t\t\t\t\t\t\t\t\t\t                                            <\/div>\n                                        <\/div>\n                                    <\/div>\n                                \t\t\t\t\t\t\t\t\t\t\t\t\t\t\t\t\t                                    <div class=\"pcsl-item\">\n                                        <div class=\"pcsl-itemin\">\n                                            <div class=\"pcsl-iteminer\">\n\t\t\t\t\t\t\t\t\t\t\t\t\n\t\t\t\t\t\t\t\t\t\t\t\t                                                    <div class=\"pcsl-thumb\">\n\t\t\t\t\t\t\t\t\t\t\t\t\t\t\t\t\t\t\t\t\t\t\t\t\t\t\t\t                                                            <a  data-bgset=\"https:\/\/gnews.cz\/wp-content\/uploads\/2026\/05\/Screenshot_20260502_084507-263x175.webp\" href=\"https:\/\/gnews.cz\/fr\/tema\/ochrana-migrantu-a-omezovani-prav-domorodych-obyvatel-co-se-stane-kdyz-britske-urady-kontroluji-internetove-platformy\/\"\n                                                               title=\"Ochrana migrant\u016f a omezov\u00e1n\u00ed pr\u00e1v domorod\u00fdch obyvatel. Co se stane, kdy\u017e britsk\u00e9 \u00fa\u0159ady kontroluj\u00ed internetov\u00e9 platformy?\"\n                                                               class=\"penci-lazy penci-image-holder\">\n\t                                                                                                                        <\/a>\n\n                                                    <\/div>\n\t\t\t\t\t\t\t\t\t\t\t\t                                                <div class=\"pcsl-content\">\n\t\t\t\t\t\t\t\t\t\t\t\t\t\n\t\t\t\t\t\t\t\t\t\t\t\t\t                                                        <div class=\"pcsl-title\">\n                                                            <a href=\"https:\/\/gnews.cz\/fr\/tema\/ochrana-migrantu-a-omezovani-prav-domorodych-obyvatel-co-se-stane-kdyz-britske-urady-kontroluji-internetove-platformy\/\">Ochrana migrant\u016f a omezov\u00e1n\u00ed pr\u00e1v domorod\u00fdch obyvatel. Co se stane, kdy\u017e britsk\u00e9 \u00fa\u0159ady kontroluj\u00ed internetov\u00e9 platformy?<\/a>\n                                                        <\/div>\n\t\t\t\t\t\t\t\t\t\t\t\t\t\n\t\t\t\t\t\t\t\t\t\t\t\t\t                                                        <div class=\"grid-post-box-meta pcsl-meta\">\n\t\t\t\t\t\t\t\t\t\t\t\t\t\t\t\t\t\t\t\t\t\t\t\t\t\t\t\t\t\t                                                                <span class=\"sl-date\"><time class=\"entry-date published\" datetime=\"2026-05-02T09:00:00+02:00\">mai 2, 2026<\/time><\/span>\n\t\t\t\t\t\t\t\t\t\t\t\t\t\t\t\t\t\t\t\t\t\t\t\t\t\t\t\t\t\t\t\t\t\t\t\t\t\t\t\t\t\t\t\t\t\t\t\t\t\t\t\t\t\t\t\t\t\t\t\t\t\t\t\t\t\t\t\t\t\t\t\t\t\t\t\t\t\t\t\t\t\t\t\t\t\t\t\t\t\t                                                        <\/div>\n\t\t\t\t\t\t\t\t\t\t\t\t\t\n\t\t\t\t\t\t\t\t\t\t\t\t\t\t\t\t\t\t\t\t\t\t\t\t\t\t\n                                                <\/div>\n\n\t\t\t\t\t\t\t\t\t\t\t\t                                            <\/div>\n                                        <\/div>\n                                    <\/div>\n                                \t\t\t\t\t\t\t\t\t\t\t\t\t\t\t\t\t                                    <div class=\"pcsl-item\">\n                                        <div class=\"pcsl-itemin\">\n                                            <div class=\"pcsl-iteminer\">\n\t\t\t\t\t\t\t\t\t\t\t\t\n\t\t\t\t\t\t\t\t\t\t\t\t                                                    <div class=\"pcsl-thumb\">\n\t\t\t\t\t\t\t\t\t\t\t\t\t\t\t\t\t\t\t\t\t\t\t\t\t\t\t\t                                                            <a  data-bgset=\"https:\/\/gnews.cz\/wp-content\/uploads\/2026\/04\/vychova03-263x175.webp\" href=\"https:\/\/gnews.cz\/fr\/rozhovory\/proc-jsem-nikdy-neposlala-svou-dceru-do-skoly-odvazna-revoluce-v-rodicovstvi-od-odbornice-pro-stastne-a-spokojene-deti-zdenka-sip-stankova\/\"\n                                                               title=\"Pro\u010d jsem nikdy neposlala svou dceru do \u0161koly: Odv\u00e1\u017en\u00e1 revoluce v rodi\u010dovstv\u00ed od odbornice pro \u0161\u0165astn\u00e9 a spokojen\u00e9 d\u011bti \u2013 Zde\u0148ka \u0160\u00edp Sta\u0148kov\u00e1\"\n                                                               class=\"penci-lazy penci-image-holder\">\n\t                                                                                                                        <\/a>\n\n                                                    <\/div>\n\t\t\t\t\t\t\t\t\t\t\t\t                                                <div class=\"pcsl-content\">\n\t\t\t\t\t\t\t\t\t\t\t\t\t\n\t\t\t\t\t\t\t\t\t\t\t\t\t                                                        <div class=\"pcsl-title\">\n                                                            <a href=\"https:\/\/gnews.cz\/fr\/rozhovory\/proc-jsem-nikdy-neposlala-svou-dceru-do-skoly-odvazna-revoluce-v-rodicovstvi-od-odbornice-pro-stastne-a-spokojene-deti-zdenka-sip-stankova\/\">Pro\u010d jsem nikdy neposlala svou dceru do \u0161koly: Odv\u00e1\u017en\u00e1 revoluce v rodi\u010dovstv\u00ed od odbornice pro \u0161\u0165astn\u00e9 a spokojen\u00e9 d\u011bti \u2013 Zde\u0148ka \u0160\u00edp Sta\u0148kov\u00e1<\/a>\n                                                        <\/div>\n\t\t\t\t\t\t\t\t\t\t\t\t\t\n\t\t\t\t\t\t\t\t\t\t\t\t\t                                                        <div class=\"grid-post-box-meta pcsl-meta\">\n\t\t\t\t\t\t\t\t\t\t\t\t\t\t\t\t\t\t\t\t\t\t\t\t\t\t\t\t\t\t                                                                <span class=\"sl-date\"><time class=\"entry-date published\" datetime=\"2026-05-02T06:00:00+02:00\">mai 2, 2026<\/time><\/span>\n\t\t\t\t\t\t\t\t\t\t\t\t\t\t\t\t\t\t\t\t\t\t\t\t\t\t\t\t\t\t\t\t\t\t\t\t\t\t\t\t\t\t\t\t\t\t\t\t\t\t\t\t\t\t\t\t\t\t\t\t\t\t\t\t\t\t\t\t\t\t\t\t\t\t\t\t\t\t\t\t\t\t\t\t\t\t\t\t\t\t                                                        <\/div>\n\t\t\t\t\t\t\t\t\t\t\t\t\t\n\t\t\t\t\t\t\t\t\t\t\t\t\t\t\t\t\t\t\t\t\t\t\t\t\t\t\n                                                <\/div>\n\n\t\t\t\t\t\t\t\t\t\t\t\t                                            <\/div>\n                                        <\/div>\n                                    <\/div>\n                                \t\t\t\t\t\t\t\t\t\t\t\t\t\t\t\t                        <\/div>\n\n\t\t\t\t\t\t\n                    <\/div>\n\t\t\t\t\t            <\/div>\n        <\/div>\n\t\t\t\t\t\t<\/div>\n\t\t\t\t<\/div>\n\t\t\t\t\t<\/div>\n\t\t<\/div>\n\t\t\t\t<div class=\"penci-ercol-50 penci-ercol-order-2 penci-sticky-ct  penci-dmcheck penci-elbg-activate  elementor-column elementor-col-50 elementor-top-column elementor-element elementor-element-29b88e4\" data-id=\"29b88e4\" data-element_type=\"column\" data-e-type=\"column\" data-settings=\"{&quot;background_background&quot;:&quot;classic&quot;}\">\n\t\t\t<div class=\"elementor-widget-wrap elementor-element-populated\">\n\t\t\t\t\t\t<div class=\"elementor-element elementor-element-2229611 elementor-widget elementor-widget-penci-featured-sliders\" data-id=\"2229611\" data-element_type=\"widget\" data-e-type=\"widget\" data-widget_type=\"penci-featured-sliders.default\">\n\t\t\t\t<div class=\"elementor-widget-container\">\n\t\t\t\t\t<div class=\"penci-block-el featured-area featured-style-1\"><div class=\"penci-owl-featured-area elsl-style-1 swiper penci-owl-carousel pcfg-slide-2229611 elsl-style-1\" data-dots=\"true\" data-nav=\"true\" data-ceffect=\"swing\" data-seffect=\"creative\" data-style=\"style-1\" data-auto=\"true\" data-autotime=\"4000\" data-speed=\"600\" data-loop=\"true\"><div class=\"penci-owl-nav\"><div class=\"owl-prev\"><i class=\"penciicon-left-chevron\"><\/i><\/div><div class=\"owl-next\"><i class=\"penciicon-right-chevron\"><\/i><\/div><\/div><div class=\"swiper-wrapper\"><div class=\"item swiper-slide swiper-mark-item\">\n\t\t    <div class=\"penci-swiper-mask penci-image-holder penci-lazy\"\n         data-bgset=\"https:\/\/gnews.cz\/wp-content\/uploads\/2026\/05\/IMG_20260502_164219-1170x663.webp\" data_bg_hidpi=\"https:\/\/gnews.cz\/wp-content\/uploads\/2026\/05\/IMG_20260502_164219-585x407.webp\"\n         data-href=\"https:\/\/gnews.cz\/fr\/tema\/tiche-ozveny-svetla\/\" title=\"Tich\u00e9 ozv\u011bny sv\u011btla\">\n\t\t\t\t\t                <div class=\"penci-featured-content\">\n                    <div class=\"feat-text\">\n                        <div class=\"featured-slider-overlay\"><\/div>\n\t\t\t\t\t\t                        <h3><a title=\"Tich\u00e9 ozv\u011bny sv\u011btla\"\n                               href=\"https:\/\/gnews.cz\/fr\/tema\/tiche-ozveny-svetla\/\">Tich\u00e9 ozv\u011bny sv\u011btla<\/a>\n                        <\/h3>\n\t\t\t\t\t\t                            <div class=\"feat-meta\">\n\t\t\t\t\t\t\t\t\t\t\t\t\t\t\t\t                                    <span class=\"feat-time\"><time class=\"entry-date published\" datetime=\"2026-05-03T12:30:00+02:00\">mai 3, 2026<\/time><\/span>\n\t\t\t\t\t\t\t\t\t\t\t\t\t\t\t\t\t\t\t\t\t\t\t\t\t\t\t\t\t\t\t\t\t\t\t\t\t\t\t\t                            <\/div>\n\t\t\t\t\t\t                    <\/div>\n                <\/div>\n\t\t\t        <\/div>\n    <\/div>\n\t\t<div class=\"item swiper-slide swiper-mark-item\">\n\t\t    <div class=\"penci-swiper-mask penci-image-holder penci-lazy\"\n         data-bgset=\"https:\/\/gnews.cz\/wp-content\/uploads\/2026\/05\/Screenshot_20260503_075001-1170x663.webp\" data_bg_hidpi=\"https:\/\/gnews.cz\/wp-content\/uploads\/2026\/05\/Screenshot_20260503_075001-585x379.webp\"\n         data-href=\"https:\/\/gnews.cz\/fr\/tema\/vlivni-republikani-varuji-pred-stazenim-americkych-vojaku-z-nemecka-obavaji-se-oslabeni-nato\/\" title=\"Vlivn\u00ed republik\u00e1ni varuj\u00ed p\u0159ed sta\u017een\u00edm americk\u00fdch voj\u00e1k\u016f z N\u011bmecka, ob\u00e1vaj\u00ed se oslaben\u00ed NATO\">\n\t\t\t\t\t                <div class=\"penci-featured-content\">\n                    <div class=\"feat-text\">\n                        <div class=\"featured-slider-overlay\"><\/div>\n\t\t\t\t\t\t                        <h3><a title=\"Vlivn\u00ed republik\u00e1ni varuj\u00ed p\u0159ed sta\u017een\u00edm americk\u00fdch voj\u00e1k\u016f z N\u011bmecka, ob\u00e1vaj\u00ed se oslaben\u00ed NATO\"\n                               href=\"https:\/\/gnews.cz\/fr\/tema\/vlivni-republikani-varuji-pred-stazenim-americkych-vojaku-z-nemecka-obavaji-se-oslabeni-nato\/\">Vlivn\u00ed republik\u00e1ni varuj\u00ed p\u0159ed sta\u017een\u00edm americk\u00fdch voj\u00e1k\u016f z N\u011bmecka, ob\u00e1vaj\u00ed se oslaben\u00ed...<\/a>\n                        <\/h3>\n\t\t\t\t\t\t                            <div class=\"feat-meta\">\n\t\t\t\t\t\t\t\t\t\t\t\t\t\t\t\t                                    <span class=\"feat-time\"><time class=\"entry-date published\" datetime=\"2026-05-03T09:30:00+02:00\">mai 3, 2026<\/time><\/span>\n\t\t\t\t\t\t\t\t\t\t\t\t\t\t\t\t\t\t\t\t\t\t\t\t\t\t\t\t\t\t\t\t\t\t\t\t\t\t\t\t                            <\/div>\n\t\t\t\t\t\t                    <\/div>\n                <\/div>\n\t\t\t        <\/div>\n    <\/div>\n\t\t<div class=\"item swiper-slide swiper-mark-item\">\n\t\t    <div class=\"penci-swiper-mask penci-image-holder penci-lazy\"\n         data-bgset=\"https:\/\/gnews.cz\/wp-content\/uploads\/2026\/05\/Screenshot_20260502_222309-1170x663.webp\" data_bg_hidpi=\"https:\/\/gnews.cz\/wp-content\/uploads\/2026\/05\/Screenshot_20260502_222309-585x354.webp\"\n         data-href=\"https:\/\/gnews.cz\/fr\/tema\/nulove-clo-znamena-urychlovac-spoluprace-mezi-cinou-a-afrikou\/\" title=\"\u201eNulov\u00e9 clo\u201c znamen\u00e1 \u201eurychlova\u010d\u201c spolupr\u00e1ce mezi \u010c\u00ednou a Afrikou\">\n\t\t\t\t\t                <div class=\"penci-featured-content\">\n                    <div class=\"feat-text\">\n                        <div class=\"featured-slider-overlay\"><\/div>\n\t\t\t\t\t\t                        <h3><a title=\"\u201eNulov\u00e9 clo\u201c znamen\u00e1 \u201eurychlova\u010d\u201c spolupr\u00e1ce mezi \u010c\u00ednou a Afrikou\"\n                               href=\"https:\/\/gnews.cz\/fr\/tema\/nulove-clo-znamena-urychlovac-spoluprace-mezi-cinou-a-afrikou\/\">\u201eNulov\u00e9 clo\u201c znamen\u00e1 \u201eurychlova\u010d\u201c spolupr\u00e1ce mezi \u010c\u00ednou a Afrikou<\/a>\n                        <\/h3>\n\t\t\t\t\t\t                            <div class=\"feat-meta\">\n\t\t\t\t\t\t\t\t\t\t\t\t\t\t\t\t                                    <span class=\"feat-time\"><time class=\"entry-date published\" datetime=\"2026-05-03T04:00:00+02:00\">mai 3, 2026<\/time><\/span>\n\t\t\t\t\t\t\t\t\t\t\t\t\t\t\t\t\t\t\t\t\t\t\t\t\t\t\t\t\t\t\t\t\t\t\t\t\t\t\t\t                            <\/div>\n\t\t\t\t\t\t                    <\/div>\n                <\/div>\n\t\t\t        <\/div>\n    <\/div>\n\t\t<div class=\"item swiper-slide swiper-mark-item\">\n\t\t    <div class=\"penci-swiper-mask penci-image-holder penci-lazy\"\n         data-bgset=\"https:\/\/gnews.cz\/wp-content\/uploads\/2026\/05\/Screenshot_20260502_223629-1170x663.webp\" data_bg_hidpi=\"https:\/\/gnews.cz\/wp-content\/uploads\/2026\/05\/Screenshot_20260502_223629-585x328.webp\"\n         data-href=\"https:\/\/gnews.cz\/fr\/tema\/iranska-mise-v-osn-kritizuje-usa-za-vice-nez-pet-desetileti-porusovani-smlouvy-o-nesireni-jadernych-zbrani\/\" title=\"\u00cdr\u00e1nsk\u00e1 mise v OSN kritizuje USA za v\u00edce ne\u017e p\u011bt desetilet\u00ed poru\u0161ov\u00e1n\u00ed Smlouvy o ne\u0161\u00ed\u0159en\u00ed jadern\u00fdch zbran\u00ed\">\n\t\t\t\t\t                <div class=\"penci-featured-content\">\n                    <div class=\"feat-text\">\n                        <div class=\"featured-slider-overlay\"><\/div>\n\t\t\t\t\t\t                        <h3><a title=\"\u00cdr\u00e1nsk\u00e1 mise v OSN kritizuje USA za v\u00edce ne\u017e p\u011bt desetilet\u00ed poru\u0161ov\u00e1n\u00ed Smlouvy o ne\u0161\u00ed\u0159en\u00ed jadern\u00fdch zbran\u00ed\"\n                               href=\"https:\/\/gnews.cz\/fr\/tema\/iranska-mise-v-osn-kritizuje-usa-za-vice-nez-pet-desetileti-porusovani-smlouvy-o-nesireni-jadernych-zbrani\/\">\u00cdr\u00e1nsk\u00e1 mise v OSN kritizuje USA za v\u00edce ne\u017e p\u011bt desetilet\u00ed poru\u0161ov\u00e1n\u00ed...<\/a>\n                        <\/h3>\n\t\t\t\t\t\t                            <div class=\"feat-meta\">\n\t\t\t\t\t\t\t\t\t\t\t\t\t\t\t\t                                    <span class=\"feat-time\"><time class=\"entry-date published\" datetime=\"2026-05-03T01:30:00+02:00\">mai 3, 2026<\/time><\/span>\n\t\t\t\t\t\t\t\t\t\t\t\t\t\t\t\t\t\t\t\t\t\t\t\t\t\t\t\t\t\t\t\t\t\t\t\t\t\t\t\t                            <\/div>\n\t\t\t\t\t\t                    <\/div>\n                <\/div>\n\t\t\t        <\/div>\n    <\/div>\n\t\t<div class=\"item swiper-slide swiper-mark-item\">\n\t\t    <div class=\"penci-swiper-mask penci-image-holder penci-lazy\"\n         data-bgset=\"https:\/\/gnews.cz\/wp-content\/uploads\/2026\/05\/Screenshot_20260502_194651-1170x663.webp\" data_bg_hidpi=\"https:\/\/gnews.cz\/wp-content\/uploads\/2026\/05\/Screenshot_20260502_194651-585x389.webp\"\n         data-href=\"https:\/\/gnews.cz\/fr\/neprehlednete\/kulinarske-dialogy-pres-hory-a-reky-kdyz-se-ceska-kuchyne-setka-s-tou-cinskou-aneb-knedlo-vepro-a-zelo\/\" title=\"Kulin\u00e1\u0159sk\u00e9 dialogy p\u0159es hory a \u0159eky: Kdy\u017e se \u010cesk\u00e1 kuchyn\u011b setk\u00e1 s tou \u010d\u00ednskou aneb knedlo, vep\u0159o a zelo\">\n\t\t\t\t\t                <div class=\"penci-featured-content\">\n                    <div class=\"feat-text\">\n                        <div class=\"featured-slider-overlay\"><\/div>\n\t\t\t\t\t\t                        <h3><a title=\"Kulin\u00e1\u0159sk\u00e9 dialogy p\u0159es hory a \u0159eky: Kdy\u017e se \u010cesk\u00e1 kuchyn\u011b setk\u00e1 s tou \u010d\u00ednskou aneb knedlo, vep\u0159o a zelo\"\n                               href=\"https:\/\/gnews.cz\/fr\/neprehlednete\/kulinarske-dialogy-pres-hory-a-reky-kdyz-se-ceska-kuchyne-setka-s-tou-cinskou-aneb-knedlo-vepro-a-zelo\/\">Kulin\u00e1\u0159sk\u00e9 dialogy p\u0159es hory a \u0159eky: Kdy\u017e se \u010cesk\u00e1 kuchyn\u011b setk\u00e1 s...<\/a>\n                        <\/h3>\n\t\t\t\t\t\t                            <div class=\"feat-meta\">\n\t\t\t\t\t\t\t\t\t\t\t\t\t\t\t\t                                    <span class=\"feat-time\"><time class=\"entry-date published\" datetime=\"2026-05-02T21:30:00+02:00\">mai 2, 2026<\/time><\/span>\n\t\t\t\t\t\t\t\t\t\t\t\t\t\t\t\t\t\t\t\t\t\t\t\t\t\t\t\t\t\t\t\t\t\t\t\t\t\t\t\t                            <\/div>\n\t\t\t\t\t\t                    <\/div>\n                <\/div>\n\t\t\t        <\/div>\n    <\/div>\n\t\t<div class=\"item swiper-slide swiper-mark-item\">\n\t\t    <div class=\"penci-swiper-mask penci-image-holder penci-lazy\"\n         data-bgset=\"https:\/\/gnews.cz\/wp-content\/uploads\/2026\/05\/P20251228DT-1058-2-1170x663.webp\" data_bg_hidpi=\"https:\/\/gnews.cz\/wp-content\/uploads\/2026\/05\/P20251228DT-1058-2-585x390.webp\"\n         data-href=\"https:\/\/gnews.cz\/fr\/tema\/k-utoku-na-galavereci-mlcel-zelenskyj-trumpa-odepsal-uz-se-mu-neboji-postavit\/\" title=\"K \u00fatoku na galave\u0159e\u010di ml\u010del. Zelenskyj Trumpa odepsal, u\u017e se mu neboj\u00ed postavit\">\n\t\t\t\t\t                <div class=\"penci-featured-content\">\n                    <div class=\"feat-text\">\n                        <div class=\"featured-slider-overlay\"><\/div>\n\t\t\t\t\t\t                        <h3><a title=\"K \u00fatoku na galave\u0159e\u010di ml\u010del. Zelenskyj Trumpa odepsal, u\u017e se mu neboj\u00ed postavit\"\n                               href=\"https:\/\/gnews.cz\/fr\/tema\/k-utoku-na-galavereci-mlcel-zelenskyj-trumpa-odepsal-uz-se-mu-neboji-postavit\/\">K \u00fatoku na galave\u0159e\u010di ml\u010del. Zelenskyj Trumpa odepsal, u\u017e se mu neboj\u00ed...<\/a>\n                        <\/h3>\n\t\t\t\t\t\t                            <div class=\"feat-meta\">\n\t\t\t\t\t\t\t\t\t\t\t\t\t\t\t\t                                    <span class=\"feat-time\"><time class=\"entry-date published\" datetime=\"2026-05-02T18:30:00+02:00\">mai 2, 2026<\/time><\/span>\n\t\t\t\t\t\t\t\t\t\t\t\t\t\t\t\t\t\t\t\t\t\t\t\t\t\t\t\t\t\t\t\t\t\t\t\t\t\t\t\t                            <\/div>\n\t\t\t\t\t\t                    <\/div>\n                <\/div>\n\t\t\t        <\/div>\n    <\/div>\n\t\t<div class=\"item swiper-slide swiper-mark-item\">\n\t\t    <div class=\"penci-swiper-mask penci-image-holder penci-lazy\"\n         data-bgset=\"https:\/\/gnews.cz\/wp-content\/uploads\/2026\/05\/1349109-2-1020x663.webp\" data_bg_hidpi=\"https:\/\/gnews.cz\/wp-content\/uploads\/2026\/05\/1349109-2-585x389.webp\"\n         data-href=\"https:\/\/gnews.cz\/fr\/tema\/ukrajina-zaporozska-oblast-zustala-bez-elektriny-vedeni-dlr-pochybuje-o-mozne-zmene-moci-na-ukrajine\/\" title=\"Ukrajina: Z\u00e1poro\u017esk\u00e1 oblast z\u016fstala bez elekt\u0159iny. Veden\u00ed DLR pochybuje o mo\u017en\u00e9 zm\u011bn\u011b moci na Ukrajin\u011b\">\n\t\t\t\t\t                <div class=\"penci-featured-content\">\n                    <div class=\"feat-text\">\n                        <div class=\"featured-slider-overlay\"><\/div>\n\t\t\t\t\t\t                        <h3><a title=\"Ukrajina: Z\u00e1poro\u017esk\u00e1 oblast z\u016fstala bez elekt\u0159iny. Veden\u00ed DLR pochybuje o mo\u017en\u00e9 zm\u011bn\u011b moci na Ukrajin\u011b\"\n                               href=\"https:\/\/gnews.cz\/fr\/tema\/ukrajina-zaporozska-oblast-zustala-bez-elektriny-vedeni-dlr-pochybuje-o-mozne-zmene-moci-na-ukrajine\/\">Ukrajina: Z\u00e1poro\u017esk\u00e1 oblast z\u016fstala bez elekt\u0159iny. Veden\u00ed DLR pochybuje o mo\u017en\u00e9 zm\u011bn\u011b...<\/a>\n                        <\/h3>\n\t\t\t\t\t\t                            <div class=\"feat-meta\">\n\t\t\t\t\t\t\t\t\t\t\t\t\t\t\t\t                                    <span class=\"feat-time\"><time class=\"entry-date published\" datetime=\"2026-05-02T15:30:00+02:00\">mai 2, 2026<\/time><\/span>\n\t\t\t\t\t\t\t\t\t\t\t\t\t\t\t\t\t\t\t\t\t\t\t\t\t\t\t\t\t\t\t\t\t\t\t\t\t\t\t\t                            <\/div>\n\t\t\t\t\t\t                    <\/div>\n                <\/div>\n\t\t\t        <\/div>\n    <\/div>\n\t\t<div class=\"item swiper-slide swiper-mark-item\">\n\t\t    <div class=\"penci-swiper-mask penci-image-holder penci-lazy\"\n         data-bgset=\"https:\/\/gnews.cz\/wp-content\/uploads\/2026\/05\/Screenshot_20260501_202243-1170x663.webp\" data_bg_hidpi=\"https:\/\/gnews.cz\/wp-content\/uploads\/2026\/05\/Screenshot_20260501_202243-585x325.webp\"\n         data-href=\"https:\/\/gnews.cz\/fr\/tema\/jazyk-v-ere-digitalni-rychlosti-evoluce-nebo-upadek\/\" title=\"Jazyk v \u00e9\u0159e digit\u00e1ln\u00ed rychlosti: Evoluce, nebo \u00fapadek?\">\n\t\t\t\t\t                <div class=\"penci-featured-content\">\n                    <div class=\"feat-text\">\n                        <div class=\"featured-slider-overlay\"><\/div>\n\t\t\t\t\t\t                        <h3><a title=\"Jazyk v \u00e9\u0159e digit\u00e1ln\u00ed rychlosti: Evoluce, nebo \u00fapadek?\"\n                               href=\"https:\/\/gnews.cz\/fr\/tema\/jazyk-v-ere-digitalni-rychlosti-evoluce-nebo-upadek\/\">Jazyk v \u00e9\u0159e digit\u00e1ln\u00ed rychlosti: Evoluce, nebo \u00fapadek?<\/a>\n                        <\/h3>\n\t\t\t\t\t\t                            <div class=\"feat-meta\">\n\t\t\t\t\t\t\t\t\t\t\t\t\t\t\t\t                                    <span class=\"feat-time\"><time class=\"entry-date published\" datetime=\"2026-05-02T12:00:00+02:00\">mai 2, 2026<\/time><\/span>\n\t\t\t\t\t\t\t\t\t\t\t\t\t\t\t\t\t\t\t\t\t\t\t\t\t\t\t\t\t\t\t\t\t\t\t\t\t\t\t\t                            <\/div>\n\t\t\t\t\t\t                    <\/div>\n                <\/div>\n\t\t\t        <\/div>\n    <\/div>\n\t\t<\/div><\/div><\/div>\t\t\t\t<\/div>\n\t\t\t\t<\/div>\n\t\t\t\t<div class=\"elementor-element elementor-element-1b2cacc elementor-widget elementor-widget-penci-big-grid\" data-id=\"1b2cacc\" data-element_type=\"widget\" data-e-type=\"widget\" data-widget_type=\"penci-big-grid.default\">\n\t\t\t\t<div class=\"elementor-widget-container\">\n\t\t\t\t\t        <div class=\"penci-clearfix penci-biggrid-wrapper penci-grid-col-2 penci-grid-mcol-1 penci-bgrid-based-post penci-bgrid-style-1 pcbg-ficonpo-top-right pcbg-reiconpo-top-left penci-bgrid-content-below pencibg-imageh-zoom-in pencibg-texth-none pencibg-textani-movetop textop\">\n\t\t\t            <div class=\"penci-clearfix penci-biggrid penci-bgstyle-1 penci-bgel\">\n                <div class=\"penci-biggrid-inner default\">\n\t\t\t\t\t<div class=\"penci-clearfix penci-biggrid-data penci-dflex\"><div class=\"penci-bgitem\">\n    <div class=\"penci-bgitin\">\n        <div class=\"penci-bgmain\">\n            <div class=\"pcbg-thumb\">\n\t\t\t\t\t\t\t\t                <div class=\"pcbg-thumbin\">\n                    <a class=\"pcbg-bgoverlay\"\n                       href=\"https:\/\/gnews.cz\/fr\/tema\/odchod-saudu-z-opec-naznacuje-posun-k-fragmentovanejsimu-globalnimu-energetickemu-radu\/\" title=\"Odchod Sa\u00fad\u016f z OPEC nazna\u010duje posun k fragmentovan\u011bj\u0161\u00edmu glob\u00e1ln\u00edmu energetick\u00e9mu \u0159\u00e1du\"><\/a>\n\n                        <div  data-bgset=\"https:\/\/gnews.cz\/wp-content\/uploads\/2026\/04\/20260430509ad52a10a647408d9ce7237a03bd64_CcrbeeE000001_20260430_CBMFN0A003-585x391.webp\" data_bg_hidpi=\"https:\/\/gnews.cz\/wp-content\/uploads\/2026\/04\/20260430509ad52a10a647408d9ce7237a03bd64_CcrbeeE000001_20260430_CBMFN0A003-585x391.webp\" class=\"penci-lazy penci-image-holder\">\n                                                    <\/div>\n\n                <\/div>\n            <\/div>\n            <div class=\"pcbg-content\">\n                <div class=\"pcbg-content-flex\">\n                    <a class=\"pcbg-bgoverlay\"\n                       href=\"https:\/\/gnews.cz\/fr\/tema\/odchod-saudu-z-opec-naznacuje-posun-k-fragmentovanejsimu-globalnimu-energetickemu-radu\/\" title=\"Odchod Sa\u00fad\u016f z OPEC nazna\u010duje posun k fragmentovan\u011bj\u0161\u00edmu glob\u00e1ln\u00edmu energetick\u00e9mu \u0159\u00e1du\"><\/a>\n                    <div class=\"pcbg-content-inner bgcontent-block\">\n                        <a href=\"https:\/\/gnews.cz\/fr\/tema\/odchod-saudu-z-opec-naznacuje-posun-k-fragmentovanejsimu-globalnimu-energetickemu-radu\/\" title=\"Odchod Sa\u00fad\u016f z OPEC nazna\u010duje posun k fragmentovan\u011bj\u0161\u00edmu glob\u00e1ln\u00edmu energetick\u00e9mu \u0159\u00e1du\"\n                           class=\"pcbg-bgoverlaytext item-hover\"><\/a>\n\n\t\t\t\t\t\t\n\t\t\t\t\t\t                            <div class=\"pcbg-heading item-hover\">\n                                <h3 class=\"pcbg-title\">\n                                    <a href=\"https:\/\/gnews.cz\/fr\/tema\/odchod-saudu-z-opec-naznacuje-posun-k-fragmentovanejsimu-globalnimu-energetickemu-radu\/\">\n\t\t\t\t\t\t\t\t\t\tOdchod Sa\u00fad\u016f z OPEC nazna\u010duje posun k fragmentovan\u011bj\u0161\u00edmu glob\u00e1ln\u00edmu energetick\u00e9mu \u0159\u00e1du                                    <\/a>\n                                <\/h3>\n                            <\/div>\n\t\t\t\t\t\t\n\t\t\t\t\t\t                            <div class=\"grid-post-box-meta pcbg-meta item-hover\">\n                                <div class=\"pcbg-meta-desc\">\n\t\t\t\t\t\t\t\t\t\t\t\t\t\t\t\t\t\t                                        <span class=\"bg-date\"><time class=\"entry-date published\" datetime=\"2026-04-30T14:00:00+02:00\">avril 30, 2026<\/time><\/span>\n\t\t\t\t\t\t\t\t\t\t\t\t\t\t\t\t\t\t\t\t\t\t\t\t\t\t\t\t\t\t\t\t\t\t\t\t\t\t\t\t\t\t\t\t\t\t\t\t\t\t\t\t\t\t                                <\/div>\n\t\t\t\t\t\t\t\t                            <\/div>\n\t\t\t\t\t\t\n\t\t\t\t\t\t                    <\/div>\n                <\/div>\n            <\/div>\n        <\/div>\n    <\/div>\n<\/div>\n<div class=\"penci-bgitem\">\n    <div class=\"penci-bgitin\">\n        <div class=\"penci-bgmain\">\n            <div class=\"pcbg-thumb\">\n\t\t\t\t\t\t\t\t                <div class=\"pcbg-thumbin\">\n                    <a class=\"pcbg-bgoverlay\"\n                       href=\"https:\/\/gnews.cz\/fr\/neprehlednete\/premier-babis-jednal-v-kazachstanu-o-dodavkach-ropy-a-prohloubeni-ekonomickych-vztahu\/\" title=\"Premi\u00e9r Babi\u0161 jednal v Kazachst\u00e1nu o dod\u00e1vk\u00e1ch ropy a prohlouben\u00ed ekonomick\u00fdch vztah\u016f\"><\/a>\n\n                        <div  data-bgset=\"https:\/\/gnews.cz\/wp-content\/uploads\/2026\/04\/foto176605_mid.webp\" data_bg_hidpi=\"https:\/\/gnews.cz\/wp-content\/uploads\/2026\/04\/foto176605_mid.webp\" class=\"penci-lazy penci-image-holder\">\n                                                    <\/div>\n\n                <\/div>\n            <\/div>\n            <div class=\"pcbg-content\">\n                <div class=\"pcbg-content-flex\">\n                    <a class=\"pcbg-bgoverlay\"\n                       href=\"https:\/\/gnews.cz\/fr\/neprehlednete\/premier-babis-jednal-v-kazachstanu-o-dodavkach-ropy-a-prohloubeni-ekonomickych-vztahu\/\" title=\"Premi\u00e9r Babi\u0161 jednal v Kazachst\u00e1nu o dod\u00e1vk\u00e1ch ropy a prohlouben\u00ed ekonomick\u00fdch vztah\u016f\"><\/a>\n                    <div class=\"pcbg-content-inner bgcontent-block\">\n                        <a href=\"https:\/\/gnews.cz\/fr\/neprehlednete\/premier-babis-jednal-v-kazachstanu-o-dodavkach-ropy-a-prohloubeni-ekonomickych-vztahu\/\" title=\"Premi\u00e9r Babi\u0161 jednal v Kazachst\u00e1nu o dod\u00e1vk\u00e1ch ropy a prohlouben\u00ed ekonomick\u00fdch vztah\u016f\"\n                           class=\"pcbg-bgoverlaytext item-hover\"><\/a>\n\n\t\t\t\t\t\t\n\t\t\t\t\t\t                            <div class=\"pcbg-heading item-hover\">\n                                <h3 class=\"pcbg-title\">\n                                    <a href=\"https:\/\/gnews.cz\/fr\/neprehlednete\/premier-babis-jednal-v-kazachstanu-o-dodavkach-ropy-a-prohloubeni-ekonomickych-vztahu\/\">\n\t\t\t\t\t\t\t\t\t\tPremi\u00e9r Babi\u0161 jednal v Kazachst\u00e1nu o dod\u00e1vk\u00e1ch ropy a prohlouben\u00ed ekonomick\u00fdch vztah\u016f                                    <\/a>\n                                <\/h3>\n                            <\/div>\n\t\t\t\t\t\t\n\t\t\t\t\t\t                            <div class=\"grid-post-box-meta pcbg-meta item-hover\">\n                                <div class=\"pcbg-meta-desc\">\n\t\t\t\t\t\t\t\t\t\t\t\t\t\t\t\t\t\t                                        <span class=\"bg-date\"><time class=\"entry-date published\" datetime=\"2026-04-30T12:00:00+02:00\">avril 30, 2026<\/time><\/span>\n\t\t\t\t\t\t\t\t\t\t\t\t\t\t\t\t\t\t\t\t\t\t\t\t\t\t\t\t\t\t\t\t\t\t\t\t\t\t\t\t\t\t\t\t\t\t\t\t\t\t\t\t\t\t                                <\/div>\n\t\t\t\t\t\t\t\t                            <\/div>\n\t\t\t\t\t\t\n\t\t\t\t\t\t                    <\/div>\n                <\/div>\n            <\/div>\n        <\/div>\n    <\/div>\n<\/div>\n<div class=\"penci-bgitem\">\n    <div class=\"penci-bgitin\">\n        <div class=\"penci-bgmain\">\n            <div class=\"pcbg-thumb\">\n\t\t\t\t\t\t\t\t                <div class=\"pcbg-thumbin\">\n                    <a class=\"pcbg-bgoverlay\"\n                       href=\"https:\/\/gnews.cz\/fr\/tema\/denni-shrnuti-ekonomiky-v-cr-volkswagen-a-skoda-auto-gz-media-net4gas-triangle-pernod-ricard-a-brown-forman-chiesi-group-a-kalvista-30-dubna-2026\/\" title=\"Denn\u00ed shrnut\u00ed ekonomiky v \u010cR: Volkswagen a \u0160koda Auto, GZ Media, Net4Gas, Triangle, Pernod Ricard a Brown-Forman, Chiesi Group a KalVista (30. dubna 2026)\"><\/a>\n\n                        <div  data-bgset=\"https:\/\/gnews.cz\/wp-content\/uploads\/2025\/01\/na-m-z-jem-o-necht-n-n-meck-tov-rny-volkswagenu-tvrd-zdroj-reuters-1b7d0a-480x281.webp\" data_bg_hidpi=\"https:\/\/gnews.cz\/wp-content\/uploads\/2025\/01\/na-m-z-jem-o-necht-n-n-meck-tov-rny-volkswagenu-tvrd-zdroj-reuters-1b7d0a-480x281.webp\" class=\"penci-lazy penci-image-holder\">\n                                                    <\/div>\n\n                <\/div>\n            <\/div>\n            <div class=\"pcbg-content\">\n                <div class=\"pcbg-content-flex\">\n                    <a class=\"pcbg-bgoverlay\"\n                       href=\"https:\/\/gnews.cz\/fr\/tema\/denni-shrnuti-ekonomiky-v-cr-volkswagen-a-skoda-auto-gz-media-net4gas-triangle-pernod-ricard-a-brown-forman-chiesi-group-a-kalvista-30-dubna-2026\/\" title=\"Denn\u00ed shrnut\u00ed ekonomiky v \u010cR: Volkswagen a \u0160koda Auto, GZ Media, Net4Gas, Triangle, Pernod Ricard a Brown-Forman, Chiesi Group a KalVista (30. dubna 2026)\"><\/a>\n                    <div class=\"pcbg-content-inner bgcontent-block\">\n                        <a href=\"https:\/\/gnews.cz\/fr\/tema\/denni-shrnuti-ekonomiky-v-cr-volkswagen-a-skoda-auto-gz-media-net4gas-triangle-pernod-ricard-a-brown-forman-chiesi-group-a-kalvista-30-dubna-2026\/\" title=\"Denn\u00ed shrnut\u00ed ekonomiky v \u010cR: Volkswagen a \u0160koda Auto, GZ Media, Net4Gas, Triangle, Pernod Ricard a Brown-Forman, Chiesi Group a KalVista (30. dubna 2026)\"\n                           class=\"pcbg-bgoverlaytext item-hover\"><\/a>\n\n\t\t\t\t\t\t\n\t\t\t\t\t\t                            <div class=\"pcbg-heading item-hover\">\n                                <h3 class=\"pcbg-title\">\n                                    <a href=\"https:\/\/gnews.cz\/fr\/tema\/denni-shrnuti-ekonomiky-v-cr-volkswagen-a-skoda-auto-gz-media-net4gas-triangle-pernod-ricard-a-brown-forman-chiesi-group-a-kalvista-30-dubna-2026\/\">\n\t\t\t\t\t\t\t\t\t\tDenn\u00ed shrnut\u00ed ekonomiky v \u010cR: Volkswagen a \u0160koda Auto, GZ Media, Net4Gas, Triangle, Pernod Ricard a Brown-Forman, Chiesi Group a KalVista (30. dubna 2026)                                    <\/a>\n                                <\/h3>\n                            <\/div>\n\t\t\t\t\t\t\n\t\t\t\t\t\t                            <div class=\"grid-post-box-meta pcbg-meta item-hover\">\n                                <div class=\"pcbg-meta-desc\">\n\t\t\t\t\t\t\t\t\t\t\t\t\t\t\t\t\t\t                                        <span class=\"bg-date\"><time class=\"entry-date published\" datetime=\"2026-04-30T09:00:00+02:00\">avril 30, 2026<\/time><\/span>\n\t\t\t\t\t\t\t\t\t\t\t\t\t\t\t\t\t\t\t\t\t\t\t\t\t\t\t\t\t\t\t\t\t\t\t\t\t\t\t\t\t\t\t\t\t\t\t\t\t\t\t\t\t\t                                <\/div>\n\t\t\t\t\t\t\t\t                            <\/div>\n\t\t\t\t\t\t\n\t\t\t\t\t\t                    <\/div>\n                <\/div>\n            <\/div>\n        <\/div>\n    <\/div>\n<\/div>\n<div class=\"penci-bgitem\">\n    <div class=\"penci-bgitin\">\n        <div class=\"penci-bgmain\">\n            <div class=\"pcbg-thumb\">\n\t\t\t\t\t\t\t\t                <div class=\"pcbg-thumbin\">\n                    <a class=\"pcbg-bgoverlay\"\n                       href=\"https:\/\/gnews.cz\/fr\/rozhovory\/cesky-prezident-petr-pavel-oznacen-za-kolaboranta-vasnivy-projev-odhaluje-snahy-o-vytvoreni-superstatu-eu-zaujatost-medii-a-paraziticke-byrokraty-petr-holec-zive\/\" title=\"\u010cesk\u00fd prezident Petr Pavel ozna\u010den za \u201ekolaboranta\u201c: V\u00e1\u0161niv\u00fd projev odhaluje snahy o vytvo\u0159en\u00ed superst\u00e1tu EU, zaujatost m\u00e9di\u00ed a \u201eparazitick\u00e9\u201c byrokraty (Petr Holec \u017eiv\u011b #271)\"><\/a>\n\n                        <div  data-bgset=\"https:\/\/gnews.cz\/wp-content\/uploads\/2026\/04\/holecpetr-585x328.webp\" data_bg_hidpi=\"https:\/\/gnews.cz\/wp-content\/uploads\/2026\/04\/holecpetr-585x328.webp\" class=\"penci-lazy penci-image-holder\">\n                                                    <\/div>\n\n                <\/div>\n            <\/div>\n            <div class=\"pcbg-content\">\n                <div class=\"pcbg-content-flex\">\n                    <a class=\"pcbg-bgoverlay\"\n                       href=\"https:\/\/gnews.cz\/fr\/rozhovory\/cesky-prezident-petr-pavel-oznacen-za-kolaboranta-vasnivy-projev-odhaluje-snahy-o-vytvoreni-superstatu-eu-zaujatost-medii-a-paraziticke-byrokraty-petr-holec-zive\/\" title=\"\u010cesk\u00fd prezident Petr Pavel ozna\u010den za \u201ekolaboranta\u201c: V\u00e1\u0161niv\u00fd projev odhaluje snahy o vytvo\u0159en\u00ed superst\u00e1tu EU, zaujatost m\u00e9di\u00ed a \u201eparazitick\u00e9\u201c byrokraty (Petr Holec \u017eiv\u011b #271)\"><\/a>\n                    <div class=\"pcbg-content-inner bgcontent-block\">\n                        <a href=\"https:\/\/gnews.cz\/fr\/rozhovory\/cesky-prezident-petr-pavel-oznacen-za-kolaboranta-vasnivy-projev-odhaluje-snahy-o-vytvoreni-superstatu-eu-zaujatost-medii-a-paraziticke-byrokraty-petr-holec-zive\/\" title=\"\u010cesk\u00fd prezident Petr Pavel ozna\u010den za \u201ekolaboranta\u201c: V\u00e1\u0161niv\u00fd projev odhaluje snahy o vytvo\u0159en\u00ed superst\u00e1tu EU, zaujatost m\u00e9di\u00ed a \u201eparazitick\u00e9\u201c byrokraty (Petr Holec \u017eiv\u011b #271)\"\n                           class=\"pcbg-bgoverlaytext item-hover\"><\/a>\n\n\t\t\t\t\t\t\n\t\t\t\t\t\t                            <div class=\"pcbg-heading item-hover\">\n                                <h3 class=\"pcbg-title\">\n                                    <a href=\"https:\/\/gnews.cz\/fr\/rozhovory\/cesky-prezident-petr-pavel-oznacen-za-kolaboranta-vasnivy-projev-odhaluje-snahy-o-vytvoreni-superstatu-eu-zaujatost-medii-a-paraziticke-byrokraty-petr-holec-zive\/\">\n\t\t\t\t\t\t\t\t\t\t\u010cesk\u00fd prezident Petr Pavel ozna\u010den za \u201ekolaboranta\u201c: V\u00e1\u0161niv\u00fd projev odhaluje snahy o vytvo\u0159en\u00ed superst\u00e1tu EU, zaujatost m\u00e9di\u00ed a \u201eparazitick\u00e9\u201c byrokraty (Petr Holec \u017eiv\u011b #271)                                    <\/a>\n                                <\/h3>\n                            <\/div>\n\t\t\t\t\t\t\n\t\t\t\t\t\t                            <div class=\"grid-post-box-meta pcbg-meta item-hover\">\n                                <div class=\"pcbg-meta-desc\">\n\t\t\t\t\t\t\t\t\t\t\t\t\t\t\t\t\t\t                                        <span class=\"bg-date\"><time class=\"entry-date published\" datetime=\"2026-04-30T07:39:01+02:00\">avril 30, 2026<\/time><\/span>\n\t\t\t\t\t\t\t\t\t\t\t\t\t\t\t\t\t\t\t\t\t\t\t\t\t\t\t\t\t\t\t\t\t\t\t\t\t\t\t\t\t\t\t\t\t\t\t\t\t\t\t\t\t\t                                <\/div>\n\t\t\t\t\t\t\t\t                            <\/div>\n\t\t\t\t\t\t\n\t\t\t\t\t\t                    <\/div>\n                <\/div>\n            <\/div>\n        <\/div>\n    <\/div>\n<\/div>\n<div class=\"penci-bgitem\">\n    <div class=\"penci-bgitin\">\n        <div class=\"penci-bgmain\">\n            <div class=\"pcbg-thumb\">\n\t\t\t\t\t\t\t\t                <div class=\"pcbg-thumbin\">\n                    <a class=\"pcbg-bgoverlay\"\n                       href=\"https:\/\/gnews.cz\/fr\/neprehlednete\/kdo-nahradi-generala-rehku-pavel-jednal-se-zunou-ve-hre-jsou-ctyri-jmena\/\" title=\"Kdo nahrad\u00ed gener\u00e1la \u0158ehku? Pavel jednal se Z\u016fnou, ve h\u0159e jsou \u010dty\u0159i jm\u00e9na\"><\/a>\n\n                        <div  data-bgset=\"https:\/\/gnews.cz\/wp-content\/uploads\/2026\/04\/260429181810-238a7985-20260429-193717-585x390.webp\" data_bg_hidpi=\"https:\/\/gnews.cz\/wp-content\/uploads\/2026\/04\/260429181810-238a7985-20260429-193717-585x390.webp\" class=\"penci-lazy penci-image-holder\">\n                                                    <\/div>\n\n                <\/div>\n            <\/div>\n            <div class=\"pcbg-content\">\n                <div class=\"pcbg-content-flex\">\n                    <a class=\"pcbg-bgoverlay\"\n                       href=\"https:\/\/gnews.cz\/fr\/neprehlednete\/kdo-nahradi-generala-rehku-pavel-jednal-se-zunou-ve-hre-jsou-ctyri-jmena\/\" title=\"Kdo nahrad\u00ed gener\u00e1la \u0158ehku? Pavel jednal se Z\u016fnou, ve h\u0159e jsou \u010dty\u0159i jm\u00e9na\"><\/a>\n                    <div class=\"pcbg-content-inner bgcontent-block\">\n                        <a href=\"https:\/\/gnews.cz\/fr\/neprehlednete\/kdo-nahradi-generala-rehku-pavel-jednal-se-zunou-ve-hre-jsou-ctyri-jmena\/\" title=\"Kdo nahrad\u00ed gener\u00e1la \u0158ehku? Pavel jednal se Z\u016fnou, ve h\u0159e jsou \u010dty\u0159i jm\u00e9na\"\n                           class=\"pcbg-bgoverlaytext item-hover\"><\/a>\n\n\t\t\t\t\t\t\n\t\t\t\t\t\t                            <div class=\"pcbg-heading item-hover\">\n                                <h3 class=\"pcbg-title\">\n                                    <a href=\"https:\/\/gnews.cz\/fr\/neprehlednete\/kdo-nahradi-generala-rehku-pavel-jednal-se-zunou-ve-hre-jsou-ctyri-jmena\/\">\n\t\t\t\t\t\t\t\t\t\tKdo nahrad\u00ed gener\u00e1la \u0158ehku? Pavel jednal se Z\u016fnou, ve h\u0159e jsou \u010dty\u0159i jm\u00e9na                                    <\/a>\n                                <\/h3>\n                            <\/div>\n\t\t\t\t\t\t\n\t\t\t\t\t\t                            <div class=\"grid-post-box-meta pcbg-meta item-hover\">\n                                <div class=\"pcbg-meta-desc\">\n\t\t\t\t\t\t\t\t\t\t\t\t\t\t\t\t\t\t                                        <span class=\"bg-date\"><time class=\"entry-date published\" datetime=\"2026-04-29T21:00:00+02:00\">avril 29, 2026<\/time><\/span>\n\t\t\t\t\t\t\t\t\t\t\t\t\t\t\t\t\t\t\t\t\t\t\t\t\t\t\t\t\t\t\t\t\t\t\t\t\t\t\t\t\t\t\t\t\t\t\t\t\t\t\t\t\t\t                                <\/div>\n\t\t\t\t\t\t\t\t                            <\/div>\n\t\t\t\t\t\t\n\t\t\t\t\t\t                    <\/div>\n                <\/div>\n            <\/div>\n        <\/div>\n    <\/div>\n<\/div>\n<div class=\"penci-bgitem\">\n    <div class=\"penci-bgitin\">\n        <div class=\"penci-bgmain\">\n            <div class=\"pcbg-thumb\">\n\t\t\t\t\t\t\t\t                <div class=\"pcbg-thumbin\">\n                    <a class=\"pcbg-bgoverlay\"\n                       href=\"https:\/\/gnews.cz\/fr\/tema\/od-tankeru-k-nadrzim-napeti-v-hormuzskem-prulivu-uz-dva-mesice-otrasa-globalnimi-energetickymi-trhy\/\" title=\"Od tanker\u016f k n\u00e1dr\u017e\u00edm &#8211; nap\u011bt\u00ed v Hormuzsk\u00e9m pr\u016flivu u\u017e dva m\u011bs\u00edce ot\u0159\u00e1s\u00e1 glob\u00e1ln\u00edmi energetick\u00fdmi trhy\"><\/a>\n\n                        <div  data-bgset=\"https:\/\/gnews.cz\/wp-content\/uploads\/2026\/03\/ropa-585x390.webp\" data_bg_hidpi=\"https:\/\/gnews.cz\/wp-content\/uploads\/2026\/03\/ropa-585x390.webp\" class=\"penci-lazy penci-image-holder\">\n                                                    <\/div>\n\n                <\/div>\n            <\/div>\n            <div class=\"pcbg-content\">\n                <div class=\"pcbg-content-flex\">\n                    <a class=\"pcbg-bgoverlay\"\n                       href=\"https:\/\/gnews.cz\/fr\/tema\/od-tankeru-k-nadrzim-napeti-v-hormuzskem-prulivu-uz-dva-mesice-otrasa-globalnimi-energetickymi-trhy\/\" title=\"Od tanker\u016f k n\u00e1dr\u017e\u00edm &#8211; nap\u011bt\u00ed v Hormuzsk\u00e9m pr\u016flivu u\u017e dva m\u011bs\u00edce ot\u0159\u00e1s\u00e1 glob\u00e1ln\u00edmi energetick\u00fdmi trhy\"><\/a>\n                    <div class=\"pcbg-content-inner bgcontent-block\">\n                        <a href=\"https:\/\/gnews.cz\/fr\/tema\/od-tankeru-k-nadrzim-napeti-v-hormuzskem-prulivu-uz-dva-mesice-otrasa-globalnimi-energetickymi-trhy\/\" title=\"Od tanker\u016f k n\u00e1dr\u017e\u00edm &#8211; nap\u011bt\u00ed v Hormuzsk\u00e9m pr\u016flivu u\u017e dva m\u011bs\u00edce ot\u0159\u00e1s\u00e1 glob\u00e1ln\u00edmi energetick\u00fdmi trhy\"\n                           class=\"pcbg-bgoverlaytext item-hover\"><\/a>\n\n\t\t\t\t\t\t\n\t\t\t\t\t\t                            <div class=\"pcbg-heading item-hover\">\n                                <h3 class=\"pcbg-title\">\n                                    <a href=\"https:\/\/gnews.cz\/fr\/tema\/od-tankeru-k-nadrzim-napeti-v-hormuzskem-prulivu-uz-dva-mesice-otrasa-globalnimi-energetickymi-trhy\/\">\n\t\t\t\t\t\t\t\t\t\tOd tanker\u016f k n\u00e1dr\u017e\u00edm &#8211; nap\u011bt\u00ed v Hormuzsk\u00e9m pr\u016flivu u\u017e dva m\u011bs\u00edce ot\u0159\u00e1s\u00e1 glob\u00e1ln\u00edmi energetick\u00fdmi trhy                                    <\/a>\n                                <\/h3>\n                            <\/div>\n\t\t\t\t\t\t\n\t\t\t\t\t\t                            <div class=\"grid-post-box-meta pcbg-meta item-hover\">\n                                <div class=\"pcbg-meta-desc\">\n\t\t\t\t\t\t\t\t\t\t\t\t\t\t\t\t\t\t                                        <span class=\"bg-date\"><time class=\"entry-date published\" datetime=\"2026-04-29T17:30:00+02:00\">avril 29, 2026<\/time><\/span>\n\t\t\t\t\t\t\t\t\t\t\t\t\t\t\t\t\t\t\t\t\t\t\t\t\t\t\t\t\t\t\t\t\t\t\t\t\t\t\t\t\t\t\t\t\t\t\t\t\t\t\t\t\t\t                                <\/div>\n\t\t\t\t\t\t\t\t                            <\/div>\n\t\t\t\t\t\t\n\t\t\t\t\t\t                    <\/div>\n                <\/div>\n            <\/div>\n        <\/div>\n    <\/div>\n<\/div>\n<div class=\"penci-bgitem\">\n    <div class=\"penci-bgitin\">\n        <div class=\"penci-bgmain\">\n            <div class=\"pcbg-thumb\">\n\t\t\t\t\t\t\t\t                <div class=\"pcbg-thumbin\">\n                    <a class=\"pcbg-bgoverlay\"\n                       href=\"https:\/\/gnews.cz\/fr\/rozhovory\/cesti-vlastenci-se-sjednotili-zeman-rajchl-a-dalsi-v-bourlive-debate-nadace-zelezne-opony-ostre-kritizovali-planovany-brnensky-sjezd-sudetonemeckeho-landsmansaftu-jako-hrozbu-pro-suverenitu-ceske-re\/\" title=\"\u010ce\u0161t\u00ed vlastenci se sjednotili: Zeman, Rajchl a dal\u0161\u00ed v bou\u0159liv\u00e9 debat\u011b Nadace \u017delezn\u00e9 opony ost\u0159e kritizovali pl\u00e1novan\u00fd brn\u011bnsk\u00fd sjezd Sudeton\u011bmeck\u00e9ho landsman\u0161aftu jako hrozbu pro suverenitu \u010cesk\u00e9 republiky\"><\/a>\n\n                        <div  data-bgset=\"https:\/\/gnews.cz\/wp-content\/uploads\/2026\/04\/raptor04-585x261.webp\" data_bg_hidpi=\"https:\/\/gnews.cz\/wp-content\/uploads\/2026\/04\/raptor04-585x261.webp\" class=\"penci-lazy penci-image-holder\">\n                                                    <\/div>\n\n                <\/div>\n            <\/div>\n            <div class=\"pcbg-content\">\n                <div class=\"pcbg-content-flex\">\n                    <a class=\"pcbg-bgoverlay\"\n                       href=\"https:\/\/gnews.cz\/fr\/rozhovory\/cesti-vlastenci-se-sjednotili-zeman-rajchl-a-dalsi-v-bourlive-debate-nadace-zelezne-opony-ostre-kritizovali-planovany-brnensky-sjezd-sudetonemeckeho-landsmansaftu-jako-hrozbu-pro-suverenitu-ceske-re\/\" title=\"\u010ce\u0161t\u00ed vlastenci se sjednotili: Zeman, Rajchl a dal\u0161\u00ed v bou\u0159liv\u00e9 debat\u011b Nadace \u017delezn\u00e9 opony ost\u0159e kritizovali pl\u00e1novan\u00fd brn\u011bnsk\u00fd sjezd Sudeton\u011bmeck\u00e9ho landsman\u0161aftu jako hrozbu pro suverenitu \u010cesk\u00e9 republiky\"><\/a>\n                    <div class=\"pcbg-content-inner bgcontent-block\">\n                        <a href=\"https:\/\/gnews.cz\/fr\/rozhovory\/cesti-vlastenci-se-sjednotili-zeman-rajchl-a-dalsi-v-bourlive-debate-nadace-zelezne-opony-ostre-kritizovali-planovany-brnensky-sjezd-sudetonemeckeho-landsmansaftu-jako-hrozbu-pro-suverenitu-ceske-re\/\" title=\"\u010ce\u0161t\u00ed vlastenci se sjednotili: Zeman, Rajchl a dal\u0161\u00ed v bou\u0159liv\u00e9 debat\u011b Nadace \u017delezn\u00e9 opony ost\u0159e kritizovali pl\u00e1novan\u00fd brn\u011bnsk\u00fd sjezd Sudeton\u011bmeck\u00e9ho landsman\u0161aftu jako hrozbu pro suverenitu \u010cesk\u00e9 republiky\"\n                           class=\"pcbg-bgoverlaytext item-hover\"><\/a>\n\n\t\t\t\t\t\t\n\t\t\t\t\t\t                            <div class=\"pcbg-heading item-hover\">\n                                <h3 class=\"pcbg-title\">\n                                    <a href=\"https:\/\/gnews.cz\/fr\/rozhovory\/cesti-vlastenci-se-sjednotili-zeman-rajchl-a-dalsi-v-bourlive-debate-nadace-zelezne-opony-ostre-kritizovali-planovany-brnensky-sjezd-sudetonemeckeho-landsmansaftu-jako-hrozbu-pro-suverenitu-ceske-re\/\">\n\t\t\t\t\t\t\t\t\t\t\u010ce\u0161t\u00ed vlastenci se sjednotili: Zeman, Rajchl a dal\u0161\u00ed v bou\u0159liv\u00e9 debat\u011b Nadace \u017delezn\u00e9 opony ost\u0159e kritizovali pl\u00e1novan\u00fd brn\u011bnsk\u00fd sjezd Sudeton\u011bmeck\u00e9ho landsman\u0161aftu jako hrozbu pro suverenitu \u010cesk\u00e9 republiky                                    <\/a>\n                                <\/h3>\n                            <\/div>\n\t\t\t\t\t\t\n\t\t\t\t\t\t                            <div class=\"grid-post-box-meta pcbg-meta item-hover\">\n                                <div class=\"pcbg-meta-desc\">\n\t\t\t\t\t\t\t\t\t\t\t\t\t\t\t\t\t\t                                        <span class=\"bg-date\"><time class=\"entry-date published\" datetime=\"2026-04-29T16:40:00+02:00\">avril 29, 2026<\/time><\/span>\n\t\t\t\t\t\t\t\t\t\t\t\t\t\t\t\t\t\t\t\t\t\t\t\t\t\t\t\t\t\t\t\t\t\t\t\t\t\t\t\t\t\t\t\t\t\t\t\t\t\t\t\t\t\t                                <\/div>\n\t\t\t\t\t\t\t\t                            <\/div>\n\t\t\t\t\t\t\n\t\t\t\t\t\t                    <\/div>\n                <\/div>\n            <\/div>\n        <\/div>\n    <\/div>\n<\/div>\n<div class=\"penci-bgitem\">\n    <div class=\"penci-bgitin\">\n        <div class=\"penci-bgmain\">\n            <div class=\"pcbg-thumb\">\n\t\t\t\t\t\t\t\t                <div class=\"pcbg-thumbin\">\n                    <a class=\"pcbg-bgoverlay\"\n                       href=\"https:\/\/gnews.cz\/fr\/neprehlednete\/evropska-komise-obvinila-metu-z-poruseni-pravidel-deti-se-dostavaji-na-facebook-a-instagram-navzdory-zakazu\/\" title=\"Evropsk\u00e1 komise obvinila Metu z poru\u0161en\u00ed pravidel: D\u011bti se dost\u00e1vaj\u00ed na Facebook a Instagram navzdory z\u00e1kazu\"><\/a>\n\n                        <div  data-bgset=\"https:\/\/gnews.cz\/wp-content\/uploads\/2026\/04\/9e51aa6c-fdff-4bf1-adfa-a151db76e526-585x390.webp\" data_bg_hidpi=\"https:\/\/gnews.cz\/wp-content\/uploads\/2026\/04\/9e51aa6c-fdff-4bf1-adfa-a151db76e526-585x390.webp\" class=\"penci-lazy penci-image-holder\">\n                                                    <\/div>\n\n                <\/div>\n            <\/div>\n            <div class=\"pcbg-content\">\n                <div class=\"pcbg-content-flex\">\n                    <a class=\"pcbg-bgoverlay\"\n                       href=\"https:\/\/gnews.cz\/fr\/neprehlednete\/evropska-komise-obvinila-metu-z-poruseni-pravidel-deti-se-dostavaji-na-facebook-a-instagram-navzdory-zakazu\/\" title=\"Evropsk\u00e1 komise obvinila Metu z poru\u0161en\u00ed pravidel: D\u011bti se dost\u00e1vaj\u00ed na Facebook a Instagram navzdory z\u00e1kazu\"><\/a>\n                    <div class=\"pcbg-content-inner bgcontent-block\">\n                        <a href=\"https:\/\/gnews.cz\/fr\/neprehlednete\/evropska-komise-obvinila-metu-z-poruseni-pravidel-deti-se-dostavaji-na-facebook-a-instagram-navzdory-zakazu\/\" title=\"Evropsk\u00e1 komise obvinila Metu z poru\u0161en\u00ed pravidel: D\u011bti se dost\u00e1vaj\u00ed na Facebook a Instagram navzdory z\u00e1kazu\"\n                           class=\"pcbg-bgoverlaytext item-hover\"><\/a>\n\n\t\t\t\t\t\t\n\t\t\t\t\t\t                            <div class=\"pcbg-heading item-hover\">\n                                <h3 class=\"pcbg-title\">\n                                    <a href=\"https:\/\/gnews.cz\/fr\/neprehlednete\/evropska-komise-obvinila-metu-z-poruseni-pravidel-deti-se-dostavaji-na-facebook-a-instagram-navzdory-zakazu\/\">\n\t\t\t\t\t\t\t\t\t\tEvropsk\u00e1 komise obvinila Metu z poru\u0161en\u00ed pravidel: D\u011bti se dost\u00e1vaj\u00ed na Facebook a Instagram navzdory z\u00e1kazu                                    <\/a>\n                                <\/h3>\n                            <\/div>\n\t\t\t\t\t\t\n\t\t\t\t\t\t                            <div class=\"grid-post-box-meta pcbg-meta item-hover\">\n                                <div class=\"pcbg-meta-desc\">\n\t\t\t\t\t\t\t\t\t\t\t\t\t\t\t\t\t\t                                        <span class=\"bg-date\"><time class=\"entry-date published\" datetime=\"2026-04-29T14:00:00+02:00\">avril 29, 2026<\/time><\/span>\n\t\t\t\t\t\t\t\t\t\t\t\t\t\t\t\t\t\t\t\t\t\t\t\t\t\t\t\t\t\t\t\t\t\t\t\t\t\t\t\t\t\t\t\t\t\t\t\t\t\t\t\t\t\t                                <\/div>\n\t\t\t\t\t\t\t\t                            <\/div>\n\t\t\t\t\t\t\n\t\t\t\t\t\t                    <\/div>\n                <\/div>\n            <\/div>\n        <\/div>\n    <\/div>\n<\/div>\n<\/div>                <\/div>\n\t\t\t\t            <\/div>\n        <\/div>\n\t\t\t\t\t\t<\/div>\n\t\t\t\t<\/div>\n\t\t\t\t\t<\/div>\n\t\t<\/div>\n\t\t\t\t<div class=\"penci-ercol-25 penci-ercol-order-3 penci-sticky-sb penci-sidebarSC   elementor-column elementor-col-25 elementor-top-column elementor-element elementor-element-836b521\" data-id=\"836b521\" data-element_type=\"column\" data-e-type=\"column\">\n\t\t\t<div class=\"elementor-widget-wrap elementor-element-populated\">\n\t\t\t\t\t\t<div class=\"elementor-element elementor-element-9648255 elementor-widget elementor-widget-penci-small-list\" data-id=\"9648255\" data-element_type=\"widget\" data-e-type=\"widget\" data-widget_type=\"penci-small-list.default\">\n\t\t\t\t<div class=\"elementor-widget-container\">\n\t\t\t\t\t<script>if( typeof(penciBlock) === \"undefined\" ) {function penciBlock() { this.atts_json = ''; this.content = ''; }}var penciBlocksArray = penciBlocksArray || [];var PENCILOCALCACHE = PENCILOCALCACHE || {};var pcblock_2658 = new penciBlock();pcblock_2658.blockID=\"pcblock_2658\";pcblock_2658.atts_json = '{\"type\":\"grid\",\"dformat\":\"\",\"date_pos\":\"left\",\"column\":\"1\",\"tab_column\":\"1\",\"mb_column\":\"1\",\"imgpos\":\"left\",\"thumb_size\":\"\",\"mthumb_size\":\"\",\"post_meta\":[\"title\",\"date\"],\"primary_cat\":\"\",\"title_length\":\"\",\"excerpt_pos\":\"below\",\"rmstyle\":\"filled\",\"excerpt_length\":15,\"nocrop\":\"\",\"hide_cat_mobile\":\"\",\"hide_meta_mobile\":\"\",\"hide_excerpt_mobile\":\"\",\"hide_rm_mobile\":\"\",\"imgtop_mobile\":\"\",\"ver_border\":\"\",\"hide_thumb\":\"\",\"show_reviewpie\":\"\",\"show_formaticon\":\"\",\"disable_lazy\":\"\",\"show_excerpt\":\"\",\"show_readmore\":\"\",\"query\":{\"orderby\":\"meta_value_num\",\"order\":\"desc\",\"ignore_sticky_posts\":1,\"post_status\":\"publish\",\"post__not_in\":[],\"meta_key\":\"penci_post_week_views_count\",\"post_type\":\"post\",\"posts_per_page\":9,\"tax_query\":[{\"taxonomy\":\"post_tag\",\"field\":\"term_id\",\"terms\":[\"5689\"]}]},\"category_ids\":\"\",\"taxonomy\":\"\"}';penciBlocksArray.push(pcblock_2658);<\/script>        <div class=\"penci-wrapper-smalllist\">\n\t\t\t    <div class=\"penci-border-arrow penci-homepage-title penci-home-latest-posts style-6 pcalign-left pciconp-right pcicon-right block-title-icon-left\">\n        <h3 class=\"inner-arrow\">\n        <span>\n                    <span><i class=\"fas fa-star\"><\/i>TOP \u010dl\u00e1nky<\/a>                <\/span>\n        <\/h3>\n\t\t        <\/div>\n\t\t\t\t\t            <div class=\"penci-smalllist-wrapper\">\n\t\t\t\t                    <div class=\"penci-smalllist pcsl-wrapper pwsl-id-default\">\n                        <div class=\"pcsl-inner penci-clearfix pcsl-grid pcsl-imgpos-left pcsl-col-1 pcsl-tabcol-1 pcsl-mobcol-1\">\n\t\t\t\t\t\t\t\t\t\t\t\t\t\t\t\t\t\t\t\t\t\t\t\t                                    <div class=\"pcsl-item\">\n                                        <div class=\"pcsl-itemin\">\n                                            <div class=\"pcsl-iteminer\">\n\t\t\t\t\t\t\t\t\t\t\t\t\n\t\t\t\t\t\t\t\t\t\t\t\t                                                    <div class=\"pcsl-thumb\">\n\t\t\t\t\t\t\t\t\t\t\t\t\t\t\t\t\t\t\t\t\t\t\t\t\t\t\t\t                                                            <a  data-bgset=\"https:\/\/gnews.cz\/wp-content\/uploads\/2026\/04\/FB_IMG_1739616296080-263x175.webp\" href=\"https:\/\/gnews.cz\/fr\/tema\/velky-svatek-poezie-v-podani-evy-hrube-jako-basnirky-herecky-reziserky-moderatorky-rozhlasove-publicistiky-a-malirky\/\"\n                                                               title=\"Velk\u00fd sv\u00e1tek poezie v pod\u00e1n\u00ed Evy Hrub\u00e9 jako b\u00e1sn\u00ed\u0159ky, here\u010dky, re\u017eis\u00e9rky, moder\u00e1torky rozhlasov\u00e9 publicistiky a mal\u00ed\u0159ky&#8230;\"\n                                                               class=\"penci-lazy penci-image-holder\">\n\t                                                                                                                        <\/a>\n\n                                                    <\/div>\n\t\t\t\t\t\t\t\t\t\t\t\t                                                <div class=\"pcsl-content\">\n\t\t\t\t\t\t\t\t\t\t\t\t\t\n\t\t\t\t\t\t\t\t\t\t\t\t\t                                                        <div class=\"pcsl-title\">\n                                                            <a href=\"https:\/\/gnews.cz\/fr\/tema\/velky-svatek-poezie-v-podani-evy-hrube-jako-basnirky-herecky-reziserky-moderatorky-rozhlasove-publicistiky-a-malirky\/\">Velk\u00fd sv\u00e1tek poezie v pod\u00e1n\u00ed Evy Hrub\u00e9 jako b\u00e1sn\u00ed\u0159ky, here\u010dky, re\u017eis\u00e9rky, moder\u00e1torky rozhlasov\u00e9 publicistiky a mal\u00ed\u0159ky&#8230;<\/a>\n                                                        <\/div>\n\t\t\t\t\t\t\t\t\t\t\t\t\t\n\t\t\t\t\t\t\t\t\t\t\t\t\t                                                        <div class=\"grid-post-box-meta pcsl-meta\">\n\t\t\t\t\t\t\t\t\t\t\t\t\t\t\t\t\t\t\t\t\t\t\t\t\t\t\t\t\t\t                                                                <span class=\"sl-date\"><time class=\"entry-date published\" datetime=\"2026-04-22T21:00:00+02:00\">avril 22, 2026<\/time><\/span>\n\t\t\t\t\t\t\t\t\t\t\t\t\t\t\t\t\t\t\t\t\t\t\t\t\t\t\t\t\t\t\t\t\t\t\t\t\t\t\t\t\t\t\t\t\t\t\t\t\t\t\t\t\t\t\t\t\t\t\t\t\t\t\t\t\t\t\t\t\t\t\t\t\t\t\t\t\t\t\t\t\t\t\t\t\t\t\t\t\t\t                                                        <\/div>\n\t\t\t\t\t\t\t\t\t\t\t\t\t\n\t\t\t\t\t\t\t\t\t\t\t\t\t\t\t\t\t\t\t\t\t\t\t\t\t\t\n                                                <\/div>\n\n\t\t\t\t\t\t\t\t\t\t\t\t                                            <\/div>\n                                        <\/div>\n                                    <\/div>\n                                \t\t\t\t\t\t\t\t\t\t\t\t\t\t\t\t\t                                    <div class=\"pcsl-item\">\n                                        <div class=\"pcsl-itemin\">\n                                            <div class=\"pcsl-iteminer\">\n\t\t\t\t\t\t\t\t\t\t\t\t\n\t\t\t\t\t\t\t\t\t\t\t\t                                                    <div class=\"pcsl-thumb\">\n\t\t\t\t\t\t\t\t\t\t\t\t\t\t\t\t\t\t\t\t\t\t\t\t\t\t\t\t                                                            <a  data-bgset=\"https:\/\/gnews.cz\/wp-content\/uploads\/2026\/04\/exorcista2-263x175.webp\" href=\"https:\/\/gnews.cz\/fr\/tema\/exorcista-p-chad-ripperger-odhaluje-demonicke-sily-stojici-za-politikou-zavislosti-na-pornografii-a-posedlosti-sokujici-odhaleni-z-18-let-duchovniho-boje\/\"\n                                                               title=\"Exorcista P. Chad Ripperger odhaluje d\u00e9monick\u00e9 s\u00edly stoj\u00edc\u00ed za politikou, z\u00e1vislost\u00ed na pornografii a posedlost\u00ed: \u0160okuj\u00edc\u00ed odhalen\u00ed z 18 let duchovn\u00edho boje\"\n                                                               class=\"penci-lazy penci-image-holder\">\n\t                                                                                                                        <\/a>\n\n                                                    <\/div>\n\t\t\t\t\t\t\t\t\t\t\t\t                                                <div class=\"pcsl-content\">\n\t\t\t\t\t\t\t\t\t\t\t\t\t\n\t\t\t\t\t\t\t\t\t\t\t\t\t                                                        <div class=\"pcsl-title\">\n                                                            <a href=\"https:\/\/gnews.cz\/fr\/tema\/exorcista-p-chad-ripperger-odhaluje-demonicke-sily-stojici-za-politikou-zavislosti-na-pornografii-a-posedlosti-sokujici-odhaleni-z-18-let-duchovniho-boje\/\">Exorcista P. Chad Ripperger odhaluje d\u00e9monick\u00e9 s\u00edly stoj\u00edc\u00ed za politikou, z\u00e1vislost\u00ed na pornografii a posedlost\u00ed: \u0160okuj\u00edc\u00ed odhalen\u00ed z 18 let duchovn\u00edho boje<\/a>\n                                                        <\/div>\n\t\t\t\t\t\t\t\t\t\t\t\t\t\n\t\t\t\t\t\t\t\t\t\t\t\t\t                                                        <div class=\"grid-post-box-meta pcsl-meta\">\n\t\t\t\t\t\t\t\t\t\t\t\t\t\t\t\t\t\t\t\t\t\t\t\t\t\t\t\t\t\t                                                                <span class=\"sl-date\"><time class=\"entry-date published\" datetime=\"2026-04-23T15:40:00+02:00\">avril 23, 2026<\/time><\/span>\n\t\t\t\t\t\t\t\t\t\t\t\t\t\t\t\t\t\t\t\t\t\t\t\t\t\t\t\t\t\t\t\t\t\t\t\t\t\t\t\t\t\t\t\t\t\t\t\t\t\t\t\t\t\t\t\t\t\t\t\t\t\t\t\t\t\t\t\t\t\t\t\t\t\t\t\t\t\t\t\t\t\t\t\t\t\t\t\t\t\t                                                        <\/div>\n\t\t\t\t\t\t\t\t\t\t\t\t\t\n\t\t\t\t\t\t\t\t\t\t\t\t\t\t\t\t\t\t\t\t\t\t\t\t\t\t\n                                                <\/div>\n\n\t\t\t\t\t\t\t\t\t\t\t\t                                            <\/div>\n                                        <\/div>\n                                    <\/div>\n                                \t\t\t\t\t\t\t\t\t\t\t\t\t\t\t\t\t                                    <div class=\"pcsl-item\">\n                                        <div class=\"pcsl-itemin\">\n                                            <div class=\"pcsl-iteminer\">\n\t\t\t\t\t\t\t\t\t\t\t\t\n\t\t\t\t\t\t\t\t\t\t\t\t                                                    <div class=\"pcsl-thumb\">\n\t\t\t\t\t\t\t\t\t\t\t\t\t\t\t\t\t\t\t\t\t\t\t\t\t\t\t\t                                                            <a  data-bgset=\"https:\/\/gnews.cz\/wp-content\/uploads\/2026\/04\/cvideo2-263x175.webp\" href=\"https:\/\/gnews.cz\/fr\/rozhovory\/odhaleni-techniky-cia-alenka-v-risi-divu-jak-socialni-site-ovladaji-vas-mozek-pomoci-zakazanych-technik-cia-pro-ovladani-mysli\/\"\n                                                               title=\"Odhalen\u00ed techniky CIA \u201eAlenka v \u0159\u00ed\u0161i div\u016f\u201c: Jak soci\u00e1ln\u00ed s\u00edt\u011b ovl\u00e1daj\u00ed v\u00e1\u0161 mozek pomoc\u00ed zak\u00e1zan\u00fdch technik CIA pro ovl\u00e1d\u00e1n\u00ed mysli\"\n                                                               class=\"penci-lazy penci-image-holder\">\n\t                                                                                                                        <\/a>\n\n                                                    <\/div>\n\t\t\t\t\t\t\t\t\t\t\t\t                                                <div class=\"pcsl-content\">\n\t\t\t\t\t\t\t\t\t\t\t\t\t\n\t\t\t\t\t\t\t\t\t\t\t\t\t                                                        <div class=\"pcsl-title\">\n                                                            <a href=\"https:\/\/gnews.cz\/fr\/rozhovory\/odhaleni-techniky-cia-alenka-v-risi-divu-jak-socialni-site-ovladaji-vas-mozek-pomoci-zakazanych-technik-cia-pro-ovladani-mysli\/\">Odhalen\u00ed techniky CIA \u201eAlenka v \u0159\u00ed\u0161i div\u016f\u201c: Jak soci\u00e1ln\u00ed s\u00edt\u011b ovl\u00e1daj\u00ed v\u00e1\u0161 mozek pomoc\u00ed zak\u00e1zan\u00fdch technik CIA pro ovl\u00e1d\u00e1n\u00ed mysli<\/a>\n                                                        <\/div>\n\t\t\t\t\t\t\t\t\t\t\t\t\t\n\t\t\t\t\t\t\t\t\t\t\t\t\t                                                        <div class=\"grid-post-box-meta pcsl-meta\">\n\t\t\t\t\t\t\t\t\t\t\t\t\t\t\t\t\t\t\t\t\t\t\t\t\t\t\t\t\t\t                                                                <span class=\"sl-date\"><time class=\"entry-date published\" datetime=\"2026-04-29T06:00:00+02:00\">avril 29, 2026<\/time><\/span>\n\t\t\t\t\t\t\t\t\t\t\t\t\t\t\t\t\t\t\t\t\t\t\t\t\t\t\t\t\t\t\t\t\t\t\t\t\t\t\t\t\t\t\t\t\t\t\t\t\t\t\t\t\t\t\t\t\t\t\t\t\t\t\t\t\t\t\t\t\t\t\t\t\t\t\t\t\t\t\t\t\t\t\t\t\t\t\t\t\t\t                                                        <\/div>\n\t\t\t\t\t\t\t\t\t\t\t\t\t\n\t\t\t\t\t\t\t\t\t\t\t\t\t\t\t\t\t\t\t\t\t\t\t\t\t\t\n                                                <\/div>\n\n\t\t\t\t\t\t\t\t\t\t\t\t                                            <\/div>\n                                        <\/div>\n                                    <\/div>\n                                \t\t\t\t\t\t\t\t\t\t\t\t\t\t\t\t\t                                    <div class=\"pcsl-item\">\n                                        <div class=\"pcsl-itemin\">\n                                            <div class=\"pcsl-iteminer\">\n\t\t\t\t\t\t\t\t\t\t\t\t\n\t\t\t\t\t\t\t\t\t\t\t\t                                                    <div class=\"pcsl-thumb\">\n\t\t\t\t\t\t\t\t\t\t\t\t\t\t\t\t\t\t\t\t\t\t\t\t\t\t\t\t                                                            <a  data-bgset=\"https:\/\/gnews.cz\/wp-content\/uploads\/2026\/04\/Screenshot_20260425_163615-263x175.webp\" href=\"https:\/\/gnews.cz\/fr\/tema\/odbory-budou-chtit-snizeni-veku-odchodu-do-duchodu-a-zkraceni-pracovniho-tydne\/\"\n                                                               title=\"Odbory budou cht\u00edt sn\u00ed\u017een\u00ed v\u011bku odchodu do d\u016fchodu a zkr\u00e1cen\u00ed pracovn\u00edho t\u00fddne\"\n                                                               class=\"penci-lazy penci-image-holder\">\n\t                                                                                                                        <\/a>\n\n                                                    <\/div>\n\t\t\t\t\t\t\t\t\t\t\t\t                                                <div class=\"pcsl-content\">\n\t\t\t\t\t\t\t\t\t\t\t\t\t\n\t\t\t\t\t\t\t\t\t\t\t\t\t                                                        <div class=\"pcsl-title\">\n                                                            <a href=\"https:\/\/gnews.cz\/fr\/tema\/odbory-budou-chtit-snizeni-veku-odchodu-do-duchodu-a-zkraceni-pracovniho-tydne\/\">Odbory budou cht\u00edt sn\u00ed\u017een\u00ed v\u011bku odchodu do d\u016fchodu a zkr\u00e1cen\u00ed pracovn\u00edho t\u00fddne<\/a>\n                                                        <\/div>\n\t\t\t\t\t\t\t\t\t\t\t\t\t\n\t\t\t\t\t\t\t\t\t\t\t\t\t                                                        <div class=\"grid-post-box-meta pcsl-meta\">\n\t\t\t\t\t\t\t\t\t\t\t\t\t\t\t\t\t\t\t\t\t\t\t\t\t\t\t\t\t\t                                                                <span class=\"sl-date\"><time class=\"entry-date published\" datetime=\"2026-04-25T16:00:00+02:00\">avril 25, 2026<\/time><\/span>\n\t\t\t\t\t\t\t\t\t\t\t\t\t\t\t\t\t\t\t\t\t\t\t\t\t\t\t\t\t\t\t\t\t\t\t\t\t\t\t\t\t\t\t\t\t\t\t\t\t\t\t\t\t\t\t\t\t\t\t\t\t\t\t\t\t\t\t\t\t\t\t\t\t\t\t\t\t\t\t\t\t\t\t\t\t\t\t\t\t\t                                                        <\/div>\n\t\t\t\t\t\t\t\t\t\t\t\t\t\n\t\t\t\t\t\t\t\t\t\t\t\t\t\t\t\t\t\t\t\t\t\t\t\t\t\t\n                                                <\/div>\n\n\t\t\t\t\t\t\t\t\t\t\t\t                                            <\/div>\n                                        <\/div>\n                                    <\/div>\n                                \t\t\t\t\t\t\t\t\t\t\t\t\t\t\t\t\t                                    <div class=\"pcsl-item\">\n                                        <div class=\"pcsl-itemin\">\n                                            <div class=\"pcsl-iteminer\">\n\t\t\t\t\t\t\t\t\t\t\t\t\n\t\t\t\t\t\t\t\t\t\t\t\t                                                    <div class=\"pcsl-thumb\">\n\t\t\t\t\t\t\t\t\t\t\t\t\t\t\t\t\t\t\t\t\t\t\t\t\t\t\t\t                                                            <a  data-bgset=\"https:\/\/gnews.cz\/wp-content\/uploads\/2026\/04\/IMG_20251004_151027_970-1-1170x657-1-1-2-1-1-2-1-1-1-2-1-1-1-1-1-2-1-263x175.webp\" href=\"https:\/\/gnews.cz\/fr\/tema\/shrnuti-uplynuleho-17-tydne-na-general-news-20-dubna-26-dubna-2026\/\"\n                                                               title=\"Shrnut\u00ed uplynul\u00e9ho 17. t\u00fddne na General News (20. dubna \u2013 26. dubna 2026)\"\n                                                               class=\"penci-lazy penci-image-holder\">\n\t                                                                                                                        <\/a>\n\n                                                    <\/div>\n\t\t\t\t\t\t\t\t\t\t\t\t                                                <div class=\"pcsl-content\">\n\t\t\t\t\t\t\t\t\t\t\t\t\t\n\t\t\t\t\t\t\t\t\t\t\t\t\t                                                        <div class=\"pcsl-title\">\n                                                            <a href=\"https:\/\/gnews.cz\/fr\/tema\/shrnuti-uplynuleho-17-tydne-na-general-news-20-dubna-26-dubna-2026\/\">Shrnut\u00ed uplynul\u00e9ho 17. t\u00fddne na General News (20. dubna \u2013 26. dubna 2026)<\/a>\n                                                        <\/div>\n\t\t\t\t\t\t\t\t\t\t\t\t\t\n\t\t\t\t\t\t\t\t\t\t\t\t\t                                                        <div class=\"grid-post-box-meta pcsl-meta\">\n\t\t\t\t\t\t\t\t\t\t\t\t\t\t\t\t\t\t\t\t\t\t\t\t\t\t\t\t\t\t                                                                <span class=\"sl-date\"><time class=\"entry-date published\" datetime=\"2026-04-28T12:00:00+02:00\">avril 28, 2026<\/time><\/span>\n\t\t\t\t\t\t\t\t\t\t\t\t\t\t\t\t\t\t\t\t\t\t\t\t\t\t\t\t\t\t\t\t\t\t\t\t\t\t\t\t\t\t\t\t\t\t\t\t\t\t\t\t\t\t\t\t\t\t\t\t\t\t\t\t\t\t\t\t\t\t\t\t\t\t\t\t\t\t\t\t\t\t\t\t\t\t\t\t\t\t                                                        <\/div>\n\t\t\t\t\t\t\t\t\t\t\t\t\t\n\t\t\t\t\t\t\t\t\t\t\t\t\t\t\t\t\t\t\t\t\t\t\t\t\t\t\n                                                <\/div>\n\n\t\t\t\t\t\t\t\t\t\t\t\t                                            <\/div>\n                                        <\/div>\n                                    <\/div>\n                                \t\t\t\t\t\t\t\t\t\t\t\t\t\t\t\t\t                                    <div class=\"pcsl-item\">\n                                        <div class=\"pcsl-itemin\">\n                                            <div class=\"pcsl-iteminer\">\n\t\t\t\t\t\t\t\t\t\t\t\t\n\t\t\t\t\t\t\t\t\t\t\t\t                                                    <div class=\"pcsl-thumb\">\n\t\t\t\t\t\t\t\t\t\t\t\t\t\t\t\t\t\t\t\t\t\t\t\t\t\t\t\t                                                            <a  data-bgset=\"https:\/\/gnews.cz\/wp-content\/uploads\/2026\/04\/Screenshot_20260425_164530-263x175.webp\" href=\"https:\/\/gnews.cz\/fr\/tema\/ceske-znacky-ceske-deskove-hry-a-pocitacove-hry-dobyvaji-svet\/\"\n                                                               title=\"\u010cesk\u00e9 zna\u010dky: \u010desk\u00e9 deskov\u00e9 hry a po\u010d\u00edta\u010dov\u00e9 hry dob\u00fdvaj\u00ed sv\u011bt\"\n                                                               class=\"penci-lazy penci-image-holder\">\n\t                                                                                                                        <\/a>\n\n                                                    <\/div>\n\t\t\t\t\t\t\t\t\t\t\t\t                                                <div class=\"pcsl-content\">\n\t\t\t\t\t\t\t\t\t\t\t\t\t\n\t\t\t\t\t\t\t\t\t\t\t\t\t                                                        <div class=\"pcsl-title\">\n                                                            <a href=\"https:\/\/gnews.cz\/fr\/tema\/ceske-znacky-ceske-deskove-hry-a-pocitacove-hry-dobyvaji-svet\/\">\u010cesk\u00e9 zna\u010dky: \u010desk\u00e9 deskov\u00e9 hry a po\u010d\u00edta\u010dov\u00e9 hry dob\u00fdvaj\u00ed sv\u011bt<\/a>\n                                                        <\/div>\n\t\t\t\t\t\t\t\t\t\t\t\t\t\n\t\t\t\t\t\t\t\t\t\t\t\t\t                                                        <div class=\"grid-post-box-meta pcsl-meta\">\n\t\t\t\t\t\t\t\t\t\t\t\t\t\t\t\t\t\t\t\t\t\t\t\t\t\t\t\t\t\t                                                                <span class=\"sl-date\"><time class=\"entry-date published\" datetime=\"2026-04-25T23:00:00+02:00\">avril 25, 2026<\/time><\/span>\n\t\t\t\t\t\t\t\t\t\t\t\t\t\t\t\t\t\t\t\t\t\t\t\t\t\t\t\t\t\t\t\t\t\t\t\t\t\t\t\t\t\t\t\t\t\t\t\t\t\t\t\t\t\t\t\t\t\t\t\t\t\t\t\t\t\t\t\t\t\t\t\t\t\t\t\t\t\t\t\t\t\t\t\t\t\t\t\t\t\t                                                        <\/div>\n\t\t\t\t\t\t\t\t\t\t\t\t\t\n\t\t\t\t\t\t\t\t\t\t\t\t\t\t\t\t\t\t\t\t\t\t\t\t\t\t\n                                                <\/div>\n\n\t\t\t\t\t\t\t\t\t\t\t\t                                            <\/div>\n                                        <\/div>\n                                    <\/div>\n                                \t\t\t\t\t\t\t\t\t\t\t\t\t\t\t\t\t                                    <div class=\"pcsl-item\">\n                                        <div class=\"pcsl-itemin\">\n                                            <div class=\"pcsl-iteminer\">\n\t\t\t\t\t\t\t\t\t\t\t\t\n\t\t\t\t\t\t\t\t\t\t\t\t                                                    <div class=\"pcsl-thumb\">\n\t\t\t\t\t\t\t\t\t\t\t\t\t\t\t\t\t\t\t\t\t\t\t\t\t\t\t\t                                                            <a  data-bgset=\"https:\/\/gnews.cz\/wp-content\/uploads\/2026\/04\/raptor04-263x175.webp\" href=\"https:\/\/gnews.cz\/fr\/rozhovory\/cesti-vlastenci-se-sjednotili-zeman-rajchl-a-dalsi-v-bourlive-debate-nadace-zelezne-opony-ostre-kritizovali-planovany-brnensky-sjezd-sudetonemeckeho-landsmansaftu-jako-hrozbu-pro-suverenitu-ceske-re\/\"\n                                                               title=\"\u010ce\u0161t\u00ed vlastenci se sjednotili: Zeman, Rajchl a dal\u0161\u00ed v bou\u0159liv\u00e9 debat\u011b Nadace \u017delezn\u00e9 opony ost\u0159e kritizovali pl\u00e1novan\u00fd brn\u011bnsk\u00fd sjezd Sudeton\u011bmeck\u00e9ho landsman\u0161aftu jako hrozbu pro suverenitu \u010cesk\u00e9 republiky\"\n                                                               class=\"penci-lazy penci-image-holder\">\n\t                                                                                                                        <\/a>\n\n                                                    <\/div>\n\t\t\t\t\t\t\t\t\t\t\t\t                                                <div class=\"pcsl-content\">\n\t\t\t\t\t\t\t\t\t\t\t\t\t\n\t\t\t\t\t\t\t\t\t\t\t\t\t                                                        <div class=\"pcsl-title\">\n                                                            <a href=\"https:\/\/gnews.cz\/fr\/rozhovory\/cesti-vlastenci-se-sjednotili-zeman-rajchl-a-dalsi-v-bourlive-debate-nadace-zelezne-opony-ostre-kritizovali-planovany-brnensky-sjezd-sudetonemeckeho-landsmansaftu-jako-hrozbu-pro-suverenitu-ceske-re\/\">\u010ce\u0161t\u00ed vlastenci se sjednotili: Zeman, Rajchl a dal\u0161\u00ed v bou\u0159liv\u00e9 debat\u011b Nadace \u017delezn\u00e9 opony ost\u0159e kritizovali pl\u00e1novan\u00fd brn\u011bnsk\u00fd sjezd Sudeton\u011bmeck\u00e9ho landsman\u0161aftu jako hrozbu pro suverenitu \u010cesk\u00e9 republiky<\/a>\n                                                        <\/div>\n\t\t\t\t\t\t\t\t\t\t\t\t\t\n\t\t\t\t\t\t\t\t\t\t\t\t\t                                                        <div class=\"grid-post-box-meta pcsl-meta\">\n\t\t\t\t\t\t\t\t\t\t\t\t\t\t\t\t\t\t\t\t\t\t\t\t\t\t\t\t\t\t                                                                <span class=\"sl-date\"><time class=\"entry-date published\" datetime=\"2026-04-29T16:40:00+02:00\">avril 29, 2026<\/time><\/span>\n\t\t\t\t\t\t\t\t\t\t\t\t\t\t\t\t\t\t\t\t\t\t\t\t\t\t\t\t\t\t\t\t\t\t\t\t\t\t\t\t\t\t\t\t\t\t\t\t\t\t\t\t\t\t\t\t\t\t\t\t\t\t\t\t\t\t\t\t\t\t\t\t\t\t\t\t\t\t\t\t\t\t\t\t\t\t\t\t\t\t                                                        <\/div>\n\t\t\t\t\t\t\t\t\t\t\t\t\t\n\t\t\t\t\t\t\t\t\t\t\t\t\t\t\t\t\t\t\t\t\t\t\t\t\t\t\n                                                <\/div>\n\n\t\t\t\t\t\t\t\t\t\t\t\t                                            <\/div>\n                                        <\/div>\n                                    <\/div>\n                                \t\t\t\t\t\t\t\t\t\t\t\t\t\t\t\t\t                                    <div class=\"pcsl-item\">\n                                        <div class=\"pcsl-itemin\">\n                                            <div class=\"pcsl-iteminer\">\n\t\t\t\t\t\t\t\t\t\t\t\t\n\t\t\t\t\t\t\t\t\t\t\t\t                                                    <div class=\"pcsl-thumb\">\n\t\t\t\t\t\t\t\t\t\t\t\t\t\t\t\t\t\t\t\t\t\t\t\t\t\t\t\t                                                            <a  data-bgset=\"https:\/\/gnews.cz\/wp-content\/uploads\/2026\/04\/insideAI4-263x175.webp\" href=\"https:\/\/gnews.cz\/fr\/rozhovory\/umela-inteligence-si-koupi-robota-a-rozpouta-chaos-varovani-ze-studie-agents-of-chaos-se-naplnuji-v-sokujicizive-ukazce\/\"\n                                                               title=\"Um\u011bl\u00e1 inteligence si koup\u00ed robota a rozpout\u00e1 chaos: Varov\u00e1n\u00ed ze studie \u201eAgents of Chaos\u201c se napl\u0148uj\u00ed v \u0161okuj\u00edc\u00ed \u017eiv\u00e9 uk\u00e1zce\"\n                                                               class=\"penci-lazy penci-image-holder\">\n\t                                                                                                                        <\/a>\n\n                                                    <\/div>\n\t\t\t\t\t\t\t\t\t\t\t\t                                                <div class=\"pcsl-content\">\n\t\t\t\t\t\t\t\t\t\t\t\t\t\n\t\t\t\t\t\t\t\t\t\t\t\t\t                                                        <div class=\"pcsl-title\">\n                                                            <a href=\"https:\/\/gnews.cz\/fr\/rozhovory\/umela-inteligence-si-koupi-robota-a-rozpouta-chaos-varovani-ze-studie-agents-of-chaos-se-naplnuji-v-sokujicizive-ukazce\/\">Um\u011bl\u00e1 inteligence si koup\u00ed robota a rozpout\u00e1 chaos: Varov\u00e1n\u00ed ze studie \u201eAgents of Chaos\u201c se napl\u0148uj\u00ed v \u0161okuj\u00edc\u00ed \u017eiv\u00e9 uk\u00e1zce<\/a>\n                                                        <\/div>\n\t\t\t\t\t\t\t\t\t\t\t\t\t\n\t\t\t\t\t\t\t\t\t\t\t\t\t                                                        <div class=\"grid-post-box-meta pcsl-meta\">\n\t\t\t\t\t\t\t\t\t\t\t\t\t\t\t\t\t\t\t\t\t\t\t\t\t\t\t\t\t\t                                                                <span class=\"sl-date\"><time class=\"entry-date published\" datetime=\"2026-04-28T14:00:00+02:00\">avril 28, 2026<\/time><\/span>\n\t\t\t\t\t\t\t\t\t\t\t\t\t\t\t\t\t\t\t\t\t\t\t\t\t\t\t\t\t\t\t\t\t\t\t\t\t\t\t\t\t\t\t\t\t\t\t\t\t\t\t\t\t\t\t\t\t\t\t\t\t\t\t\t\t\t\t\t\t\t\t\t\t\t\t\t\t\t\t\t\t\t\t\t\t\t\t\t\t\t                                                        <\/div>\n\t\t\t\t\t\t\t\t\t\t\t\t\t\n\t\t\t\t\t\t\t\t\t\t\t\t\t\t\t\t\t\t\t\t\t\t\t\t\t\t\n                                                <\/div>\n\n\t\t\t\t\t\t\t\t\t\t\t\t                                            <\/div>\n                                        <\/div>\n                                    <\/div>\n                                \t\t\t\t\t\t\t\t\t\t\t\t\t\t\t\t\t                                    <div class=\"pcsl-item\">\n                                        <div class=\"pcsl-itemin\">\n                                            <div class=\"pcsl-iteminer\">\n\t\t\t\t\t\t\t\t\t\t\t\t\n\t\t\t\t\t\t\t\t\t\t\t\t                                                    <div class=\"pcsl-thumb\">\n\t\t\t\t\t\t\t\t\t\t\t\t\t\t\t\t\t\t\t\t\t\t\t\t\t\t\t\t                                                            <a  data-bgset=\"https:\/\/gnews.cz\/wp-content\/uploads\/2026\/04\/holecpetr-263x175.webp\" href=\"https:\/\/gnews.cz\/fr\/rozhovory\/cesky-prezident-petr-pavel-oznacen-za-kolaboranta-vasnivy-projev-odhaluje-snahy-o-vytvoreni-superstatu-eu-zaujatost-medii-a-paraziticke-byrokraty-petr-holec-zive\/\"\n                                                               title=\"\u010cesk\u00fd prezident Petr Pavel ozna\u010den za \u201ekolaboranta\u201c: V\u00e1\u0161niv\u00fd projev odhaluje snahy o vytvo\u0159en\u00ed superst\u00e1tu EU, zaujatost m\u00e9di\u00ed a \u201eparazitick\u00e9\u201c byrokraty (Petr Holec \u017eiv\u011b #271)\"\n                                                               class=\"penci-lazy penci-image-holder\">\n\t                                                                                                                        <\/a>\n\n                                                    <\/div>\n\t\t\t\t\t\t\t\t\t\t\t\t                                                <div class=\"pcsl-content\">\n\t\t\t\t\t\t\t\t\t\t\t\t\t\n\t\t\t\t\t\t\t\t\t\t\t\t\t                                                        <div class=\"pcsl-title\">\n                                                            <a href=\"https:\/\/gnews.cz\/fr\/rozhovory\/cesky-prezident-petr-pavel-oznacen-za-kolaboranta-vasnivy-projev-odhaluje-snahy-o-vytvoreni-superstatu-eu-zaujatost-medii-a-paraziticke-byrokraty-petr-holec-zive\/\">\u010cesk\u00fd prezident Petr Pavel ozna\u010den za \u201ekolaboranta\u201c: V\u00e1\u0161niv\u00fd projev odhaluje snahy o vytvo\u0159en\u00ed superst\u00e1tu EU, zaujatost m\u00e9di\u00ed a \u201eparazitick\u00e9\u201c byrokraty (Petr Holec \u017eiv\u011b #271)<\/a>\n                                                        <\/div>\n\t\t\t\t\t\t\t\t\t\t\t\t\t\n\t\t\t\t\t\t\t\t\t\t\t\t\t                                                        <div class=\"grid-post-box-meta pcsl-meta\">\n\t\t\t\t\t\t\t\t\t\t\t\t\t\t\t\t\t\t\t\t\t\t\t\t\t\t\t\t\t\t                                                                <span class=\"sl-date\"><time class=\"entry-date published\" datetime=\"2026-04-30T07:39:01+02:00\">avril 30, 2026<\/time><\/span>\n\t\t\t\t\t\t\t\t\t\t\t\t\t\t\t\t\t\t\t\t\t\t\t\t\t\t\t\t\t\t\t\t\t\t\t\t\t\t\t\t\t\t\t\t\t\t\t\t\t\t\t\t\t\t\t\t\t\t\t\t\t\t\t\t\t\t\t\t\t\t\t\t\t\t\t\t\t\t\t\t\t\t\t\t\t\t\t\t\t\t                                                        <\/div>\n\t\t\t\t\t\t\t\t\t\t\t\t\t\n\t\t\t\t\t\t\t\t\t\t\t\t\t\t\t\t\t\t\t\t\t\t\t\t\t\t\n                                                <\/div>\n\n\t\t\t\t\t\t\t\t\t\t\t\t                                            <\/div>\n                                        <\/div>\n                                    <\/div>\n                                \t\t\t\t\t\t\t\t\t\t\t\t\t\t\t\t                        <\/div>\n\n\t\t\t\t\t\t\n                    <\/div>\n\t\t\t\t\t            <\/div>\n        <\/div>\n\t\t\t\t\t\t<\/div>\n\t\t\t\t<\/div>\n\t\t\t\t<div class=\"elementor-element elementor-element-03ae90b elementor-widget elementor-widget-shortcode\" data-id=\"03ae90b\" data-element_type=\"widget\" data-e-type=\"widget\" data-widget_type=\"shortcode.default\">\n\t\t\t\t<div class=\"elementor-widget-container\">\n\t\t\t\t\t\t\t<div class=\"elementor-shortcode\"><div id=\"metaslider-id-14987\" style=\"width: 100%;\" class=\"ml-slider-3-108-0 metaslider metaslider-flex metaslider-14987 ml-slider ms-theme-default nav-hidden\" role=\"region\" aria-label=\"New Slideshow\" data-height=\"896\" data-width=\"1000\">\n    <div id=\"metaslider_container_14987\">\n        <div id=\"metaslider_14987\">\n            <ul class='slides'>\n                <li style=\"display: block; width: 100%;\" class=\"slide-34118 ms-image \" aria-roledescription=\"slide\" data-date=\"2025-10-02 15:02:44\" data-filename=\"roz-39a3bf.webp\" data-slide-type=\"image\"><a href=\"https:\/\/www.gnews.cz\/cs_cz\/tema\/miroslav-sevcik-levna-energie-a-svoboda-slova-jsou-klicem-k-budoucnosti-ceska\/\" target=\"_self\" aria-label=\"Voir les d\u00e9tails de la diapositive\" class=\"metaslider_image_link\"><img fetchpriority=\"high\" decoding=\"async\" src=\"https:\/\/gnews.cz\/wp-content\/uploads\/2025\/10\/roz-39a3bf.webp\" height=\"896\" width=\"1000\" alt=\"\" class=\"slider-14987 slide-34118 msDefaultImage\" title=\"roz-39a3bf\" \/><\/a><\/li>\n                <li style=\"display: none; width: 100%;\" class=\"slide-14989 ms-image \" aria-roledescription=\"slide\" data-date=\"2024-10-21 14:05:40\" data-filename=\"ingoldpay-607f70.webp\" data-slide-type=\"image\"><a href=\"https:\/\/www.gnews.cz\/cs_cz\/tema\/zlata-digitalni-revoluce-robert-vlasek-predstavuje-budoucnost-investovani-do-zlata\/\" target=\"_self\" aria-label=\"Voir les d\u00e9tails de la diapositive\" class=\"metaslider_image_link\"><img decoding=\"async\" src=\"https:\/\/gnews.cz\/wp-content\/uploads\/2024\/10\/ingoldpay-607f70.webp\" height=\"896\" width=\"1000\" alt=\"Firegold ve spolupr\u00e1ci s IBIS InGold vytv\u00e1\u0159\u00ed InGoldPay, platebn\u00ed syst\u00e9m kryt\u00fd zlat\u00fdmi slitky \u0161v\u00fdcarsk\u00e9 PAMP, kter\u00fd obnovuje zlat\u00fd standard v platebn\u00edm styku.\" class=\"slider-14987 slide-14989 msDefaultImage\" title=\"ingoldpay-607f70\" \/><\/a><\/li>\n                <li style=\"display: none; width: 100%;\" class=\"slide-14988 ms-image \" aria-roledescription=\"slide\" data-date=\"2024-10-21 14:05:40\" data-filename=\"divadlo-ungelt-ae0720.webp\" data-slide-type=\"image\"><a href=\"https:\/\/www.gnews.cz\/cs_cz\/kultura\/divadlo-ungelt-oblibena-letni-scena-se-hvezdnym-obsazenim-skorapka\/\" target=\"_self\" aria-label=\"Voir les d\u00e9tails de la diapositive\" class=\"metaslider_image_link\"><img decoding=\"async\" src=\"https:\/\/gnews.cz\/wp-content\/uploads\/2024\/10\/divadlo-ungelt-ae0720.webp\" height=\"896\" width=\"1000\" alt=\"Divadlo Ungelt je komorn\u00ed pra\u017esk\u00e9 divadlo zam\u011b\u0159en\u00e9 na kvalitn\u00ed \u010dinohru s d\u016frazem na hereck\u00e9 v\u00fdkony, nach\u00e1zej\u00edc\u00ed se v historick\u00e9m centru Prahy.\" class=\"slider-14987 slide-14988 msDefaultImage\" title=\"divadlo-ungelt-ae0720\" \/><\/a><\/li>\n            <\/ul>\n        <\/div>\n        \n    <\/div>\n<\/div><\/div>\n\t\t\t\t\t\t<\/div>\n\t\t\t\t<\/div>\n\t\t\t\t\t<\/div>\n\t\t<\/div>\n\t\t\t\t\t<\/div>\n\t\t<\/section>\n\t\t<div class=\"elementor-element elementor-element-1207396 e-flex e-con-boxed e-con e-parent\" data-id=\"1207396\" data-element_type=\"container\" data-e-type=\"container\">\n\t\t\t\t\t<div class=\"e-con-inner\">\n\t\t<div class=\"elementor-element elementor-element-cbabaf1 e-con-full e-flex e-con e-child\" data-id=\"cbabaf1\" data-element_type=\"container\" data-e-type=\"container\">\n\t\t\t\t<div class=\"elementor-element elementor-element-c07d801 elementor-widget elementor-widget-penci-block-heading\" data-id=\"c07d801\" data-element_type=\"widget\" data-e-type=\"widget\" data-widget_type=\"penci-block-heading.default\">\n\t\t\t\t<div class=\"elementor-widget-container\">\n\t\t\t\t\t\t\t<div class=\"penciel-bheading penci-border-arrow penci-homepage-title penci-home-latest-posts style-4 pcalign-center pciconp-right pcicon-right block-title-icon-left\">\n\t\t\t<h3 class=\"inner-arrow\">\n\t\t\t\t<span>\n\t\t\t\t<a href=\"https:\/\/www.gnews.cz\/cs_cz\/prectete-si\/zakulisi-temneho-giganta-palantir-jak-se-zrodil-digitalni-velky-bratr-a-proc-nas-ma-vsechny-v-hrsti\/\"><i class=\"fas fa-star\"><\/i>Palantir \u2013 jak se zrodil digit\u00e1ln\u00ed Velk\u00fd bratr a pro\u010d n\u00e1s m\u00e1 v\u0161echny v hrsti<\/a>\t\t\t\t<\/span>\n\t\t\t<\/h3>\n\t\t\t<nav data-more=\"\" class=\"pcnav-lgroup\"><ul class=\"pcflx\"><li><a >2. d\u00edl<\/a><\/li><\/ul><\/nav>\t\t<\/div>\n\t\t\t\t\t\t<\/div>\n\t\t\t\t<\/div>\n\t\t\t\t<div class=\"elementor-element elementor-element-eb4f77e elementor-widget elementor-widget-video\" data-id=\"eb4f77e\" data-element_type=\"widget\" data-e-type=\"widget\" data-settings=\"{&quot;video_type&quot;:&quot;hosted&quot;,&quot;controls&quot;:&quot;yes&quot;}\" data-widget_type=\"video.default\">\n\t\t\t\t<div class=\"elementor-widget-container\">\n\t\t\t\t\t\t\t<div class=\"e-hosted-video elementor-wrapper elementor-open-inline\">\n\t\t\t\t\t<video class=\"elementor-video\" src=\"https:\/\/www.gnews.cz\/wp-content\/uploads\/2025\/09\/Palantir-\u2013-jak-se-zrodil-digitalni-Velky-bratr-a-proc-nas-ma-vsechny-v-hrsti.mp4\" controls=\"\" preload=\"metadata\" controlsList=\"nodownload\"><\/video>\n\t\t\t\t<\/div>\n\t\t\t\t\t\t<\/div>\n\t\t\t\t<\/div>\n\t\t\t\t<\/div>\n\t\t<div class=\"elementor-element elementor-element-1872978 e-con-full e-flex e-con e-child\" data-id=\"1872978\" data-element_type=\"container\" data-e-type=\"container\">\n\t\t\t\t<div class=\"elementor-element elementor-element-6822ba7 elementor-widget elementor-widget-penci-block-heading\" data-id=\"6822ba7\" data-element_type=\"widget\" data-e-type=\"widget\" data-widget_type=\"penci-block-heading.default\">\n\t\t\t\t<div class=\"elementor-widget-container\">\n\t\t\t\t\t\t\t<div class=\"penciel-bheading penci-border-arrow penci-homepage-title penci-home-latest-posts style-4 pcalign-center pciconp-right pcicon-right block-title-icon-left\">\n\t\t\t<h3 class=\"inner-arrow\">\n\t\t\t\t<span>\n\t\t\t\t<a href=\"https:\/\/www.gnews.cz\/cs_cz\/kultura\/nefrit-ve-staroveke-cine-druhy-dil-posvatny-kamen-jako-zrcadlo-civilizace\/\"><i class=\"fas fa-star\"><\/i>Nefrit ve starov\u011bk\u00e9 \u010c\u00edn\u011b \u2013 Posv\u00e1tn\u00fd k\u00e1men a d\u011bdictv\u00ed civilizace | Trailer dvoud\u00edln\u00e9ho dokumentu<\/a>\t\t\t\t<\/span>\n\t\t\t<\/h3>\n\t\t\t<nav data-more=\"\" class=\"pcnav-lgroup\"><ul class=\"pcflx\"><li><a >2. d\u00edl<\/a><\/li><\/ul><\/nav>\t\t<\/div>\n\t\t\t\t\t\t<\/div>\n\t\t\t\t<\/div>\n\t\t\t\t<div class=\"elementor-element elementor-element-94e449d elementor-widget elementor-widget-video\" data-id=\"94e449d\" data-element_type=\"widget\" data-e-type=\"widget\" data-settings=\"{&quot;video_type&quot;:&quot;hosted&quot;,&quot;controls&quot;:&quot;yes&quot;}\" data-widget_type=\"video.default\">\n\t\t\t\t<div class=\"elementor-widget-container\">\n\t\t\t\t\t\t\t<div class=\"e-hosted-video elementor-wrapper elementor-open-inline\">\n\t\t\t\t\t<video class=\"elementor-video\" src=\"https:\/\/www.gnews.cz\/wp-content\/uploads\/2025\/06\/ancient-jade-trailer-titulky.mp4\" controls=\"\" preload=\"metadata\" controlsList=\"nodownload\"><\/video>\n\t\t\t\t<\/div>\n\t\t\t\t\t\t<\/div>\n\t\t\t\t<\/div>\n\t\t\t\t<\/div>\n\t\t\t\t\t<\/div>\n\t\t\t\t<\/div>\n\t\t<div class=\"elementor-element elementor-element-6d7bbc0 e-con-full e-flex e-con e-parent\" data-id=\"6d7bbc0\" data-element_type=\"container\" data-e-type=\"container\">\n\t\t\t\t<div class=\"elementor-element elementor-element-c187d75 elementor-widget elementor-widget-penci-block-heading\" data-id=\"c187d75\" data-element_type=\"widget\" data-e-type=\"widget\" data-widget_type=\"penci-block-heading.default\">\n\t\t\t\t<div class=\"elementor-widget-container\">\n\t\t\t\t\t\t\t<div class=\"penciel-bheading penci-border-arrow penci-homepage-title penci-home-latest-posts style-6 pcalign-left pciconp-right pcicon-right block-title-icon-left\">\n\t\t\t<h3 class=\"inner-arrow\">\n\t\t\t\t<span>\n\t\t\t\t<a href=\"https:\/\/www.gnews.cz\/category\/neprehlednete\">Nep\u0159ehl\u00e9dn\u011bte<\/a>\t\t\t\t<\/span>\n\t\t\t<\/h3>\n\t\t\t\t\t<\/div>\n\t\t\t\t\t\t<\/div>\n\t\t\t\t<\/div>\n\t\t\t\t<div class=\"elementor-element elementor-element-f29e8f4 elementor-widget elementor-widget-penci-big-grid\" data-id=\"f29e8f4\" data-element_type=\"widget\" data-e-type=\"widget\" data-settings=\"{&quot;_animation&quot;:&quot;none&quot;}\" data-widget_type=\"penci-big-grid.default\">\n\t\t\t\t<div class=\"elementor-widget-container\">\n\t\t\t\t\t        <div class=\"penci-clearfix penci-biggrid-wrapper penci-grid-col-4 penci-grid-tcol-3 penci-grid-mcol-2 penci-bgrid-based-post penci-bgrid-style-1 pcbg-ficonpo-top-right pcbg-reiconpo-top-left penci-bgrid-content-on pencibg-imageh-zoom-in pencibg-texth-none pencibg-textani-fade pcbg-titles-visible pcbg-mask-title notextop\">\n\t\t\t            <div class=\"penci-clearfix penci-biggrid penci-bgstyle-1 penci-bgel\">\n                <div class=\"penci-biggrid-inner default\">\n\t\t\t\t\t<div class=\"penci-clearfix penci-biggrid-data penci-dflex\"><div class=\"penci-bgitem\">\n    <div class=\"penci-bgitin\">\n        <div class=\"penci-bgmain\">\n            <div class=\"pcbg-thumb\">\n\t\t\t\t\t\t\t\t                <div class=\"pcbg-thumbin\">\n                    <a class=\"pcbg-bgoverlay\"\n                       href=\"https:\/\/gnews.cz\/fr\/tema\/tiche-ozveny-svetla\/\" title=\"Tich\u00e9 ozv\u011bny sv\u011btla\"><\/a>\n\n                        <div  data-bgset=\"https:\/\/gnews.cz\/wp-content\/uploads\/2026\/05\/IMG_20260502_164219-585x407.webp\" data_bg_hidpi=\"https:\/\/gnews.cz\/wp-content\/uploads\/2026\/05\/IMG_20260502_164219-585x407.webp\" class=\"penci-lazy penci-image-holder\">\n                                                    <\/div>\n\n                <\/div>\n            <\/div>\n            <div class=\"pcbg-content\">\n                <div class=\"pcbg-content-flex\">\n                    <a class=\"pcbg-bgoverlay active-overlay\"\n                       href=\"https:\/\/gnews.cz\/fr\/tema\/tiche-ozveny-svetla\/\" title=\"Tich\u00e9 ozv\u011bny sv\u011btla\"><\/a>\n                    <div class=\"pcbg-content-inner bgcontent-block\">\n                        <a href=\"https:\/\/gnews.cz\/fr\/tema\/tiche-ozveny-svetla\/\" title=\"Tich\u00e9 ozv\u011bny sv\u011btla\"\n                           class=\"pcbg-bgoverlaytext item-hover\"><\/a>\n\n\t\t\t\t\t\t\n\t\t\t\t\t\t                            <div class=\"pcbg-heading item-hover\">\n                                <h3 class=\"pcbg-title\">\n                                    <a href=\"https:\/\/gnews.cz\/fr\/tema\/tiche-ozveny-svetla\/\">\n\t\t\t\t\t\t\t\t\t\tTich\u00e9 ozv\u011bny sv\u011btla                                    <\/a>\n                                <\/h3>\n                            <\/div>\n\t\t\t\t\t\t\n\t\t\t\t\t\t\n\t\t\t\t\t\t                    <\/div>\n                <\/div>\n            <\/div>\n        <\/div>\n    <\/div>\n<\/div>\n<div class=\"penci-bgitem\">\n    <div class=\"penci-bgitin\">\n        <div class=\"penci-bgmain\">\n            <div class=\"pcbg-thumb\">\n\t\t\t\t\t\t\t\t                <div class=\"pcbg-thumbin\">\n                    <a class=\"pcbg-bgoverlay\"\n                       href=\"https:\/\/gnews.cz\/fr\/neprehlednete\/kulinarske-dialogy-pres-hory-a-reky-kdyz-se-ceska-kuchyne-setka-s-tou-cinskou-aneb-knedlo-vepro-a-zelo\/\" title=\"Kulin\u00e1\u0159sk\u00e9 dialogy p\u0159es hory a \u0159eky: Kdy\u017e se \u010cesk\u00e1 kuchyn\u011b setk\u00e1 s tou \u010d\u00ednskou aneb knedlo, vep\u0159o a zelo\"><\/a>\n\n                        <div  data-bgset=\"https:\/\/gnews.cz\/wp-content\/uploads\/2026\/05\/Screenshot_20260502_194651-585x389.webp\" data_bg_hidpi=\"https:\/\/gnews.cz\/wp-content\/uploads\/2026\/05\/Screenshot_20260502_194651-585x389.webp\" class=\"penci-lazy penci-image-holder\">\n                                                    <\/div>\n\n                <\/div>\n            <\/div>\n            <div class=\"pcbg-content\">\n                <div class=\"pcbg-content-flex\">\n                    <a class=\"pcbg-bgoverlay active-overlay\"\n                       href=\"https:\/\/gnews.cz\/fr\/neprehlednete\/kulinarske-dialogy-pres-hory-a-reky-kdyz-se-ceska-kuchyne-setka-s-tou-cinskou-aneb-knedlo-vepro-a-zelo\/\" title=\"Kulin\u00e1\u0159sk\u00e9 dialogy p\u0159es hory a \u0159eky: Kdy\u017e se \u010cesk\u00e1 kuchyn\u011b setk\u00e1 s tou \u010d\u00ednskou aneb knedlo, vep\u0159o a zelo\"><\/a>\n                    <div class=\"pcbg-content-inner bgcontent-block\">\n                        <a href=\"https:\/\/gnews.cz\/fr\/neprehlednete\/kulinarske-dialogy-pres-hory-a-reky-kdyz-se-ceska-kuchyne-setka-s-tou-cinskou-aneb-knedlo-vepro-a-zelo\/\" title=\"Kulin\u00e1\u0159sk\u00e9 dialogy p\u0159es hory a \u0159eky: Kdy\u017e se \u010cesk\u00e1 kuchyn\u011b setk\u00e1 s tou \u010d\u00ednskou aneb knedlo, vep\u0159o a zelo\"\n                           class=\"pcbg-bgoverlaytext item-hover\"><\/a>\n\n\t\t\t\t\t\t\n\t\t\t\t\t\t                            <div class=\"pcbg-heading item-hover\">\n                                <h3 class=\"pcbg-title\">\n                                    <a href=\"https:\/\/gnews.cz\/fr\/neprehlednete\/kulinarske-dialogy-pres-hory-a-reky-kdyz-se-ceska-kuchyne-setka-s-tou-cinskou-aneb-knedlo-vepro-a-zelo\/\">\n\t\t\t\t\t\t\t\t\t\tKulin\u00e1\u0159sk\u00e9 dialogy p\u0159es hory a \u0159eky: Kdy\u017e se \u010cesk\u00e1 kuchyn\u011b setk\u00e1 s tou \u010d\u00ednskou aneb knedlo, vep\u0159o a zelo                                    <\/a>\n                                <\/h3>\n                            <\/div>\n\t\t\t\t\t\t\n\t\t\t\t\t\t\n\t\t\t\t\t\t                    <\/div>\n                <\/div>\n            <\/div>\n        <\/div>\n    <\/div>\n<\/div>\n<div class=\"penci-bgitem\">\n    <div class=\"penci-bgitin\">\n        <div class=\"penci-bgmain\">\n            <div class=\"pcbg-thumb\">\n\t\t\t\t\t\t\t\t                <div class=\"pcbg-thumbin\">\n                    <a class=\"pcbg-bgoverlay\"\n                       href=\"https:\/\/gnews.cz\/fr\/tema\/k-utoku-na-galavereci-mlcel-zelenskyj-trumpa-odepsal-uz-se-mu-neboji-postavit\/\" title=\"K \u00fatoku na galave\u0159e\u010di ml\u010del. Zelenskyj Trumpa odepsal, u\u017e se mu neboj\u00ed postavit\"><\/a>\n\n                        <div  data-bgset=\"https:\/\/gnews.cz\/wp-content\/uploads\/2026\/05\/P20251228DT-1058-2-585x390.webp\" data_bg_hidpi=\"https:\/\/gnews.cz\/wp-content\/uploads\/2026\/05\/P20251228DT-1058-2-585x390.webp\" class=\"penci-lazy penci-image-holder\">\n                                                    <\/div>\n\n                <\/div>\n            <\/div>\n            <div class=\"pcbg-content\">\n                <div class=\"pcbg-content-flex\">\n                    <a class=\"pcbg-bgoverlay active-overlay\"\n                       href=\"https:\/\/gnews.cz\/fr\/tema\/k-utoku-na-galavereci-mlcel-zelenskyj-trumpa-odepsal-uz-se-mu-neboji-postavit\/\" title=\"K \u00fatoku na galave\u0159e\u010di ml\u010del. Zelenskyj Trumpa odepsal, u\u017e se mu neboj\u00ed postavit\"><\/a>\n                    <div class=\"pcbg-content-inner bgcontent-block\">\n                        <a href=\"https:\/\/gnews.cz\/fr\/tema\/k-utoku-na-galavereci-mlcel-zelenskyj-trumpa-odepsal-uz-se-mu-neboji-postavit\/\" title=\"K \u00fatoku na galave\u0159e\u010di ml\u010del. Zelenskyj Trumpa odepsal, u\u017e se mu neboj\u00ed postavit\"\n                           class=\"pcbg-bgoverlaytext item-hover\"><\/a>\n\n\t\t\t\t\t\t\n\t\t\t\t\t\t                            <div class=\"pcbg-heading item-hover\">\n                                <h3 class=\"pcbg-title\">\n                                    <a href=\"https:\/\/gnews.cz\/fr\/tema\/k-utoku-na-galavereci-mlcel-zelenskyj-trumpa-odepsal-uz-se-mu-neboji-postavit\/\">\n\t\t\t\t\t\t\t\t\t\tK \u00fatoku na galave\u0159e\u010di ml\u010del. Zelenskyj Trumpa odepsal, u\u017e se mu neboj\u00ed postavit                                    <\/a>\n                                <\/h3>\n                            <\/div>\n\t\t\t\t\t\t\n\t\t\t\t\t\t\n\t\t\t\t\t\t                    <\/div>\n                <\/div>\n            <\/div>\n        <\/div>\n    <\/div>\n<\/div>\n<div class=\"penci-bgitem\">\n    <div class=\"penci-bgitin\">\n        <div class=\"penci-bgmain\">\n            <div class=\"pcbg-thumb\">\n\t\t\t\t\t\t\t\t                <div class=\"pcbg-thumbin\">\n                    <a class=\"pcbg-bgoverlay\"\n                       href=\"https:\/\/gnews.cz\/fr\/tema\/jazyk-v-ere-digitalni-rychlosti-evoluce-nebo-upadek\/\" title=\"Jazyk v \u00e9\u0159e digit\u00e1ln\u00ed rychlosti: Evoluce, nebo \u00fapadek?\"><\/a>\n\n                        <div  data-bgset=\"https:\/\/gnews.cz\/wp-content\/uploads\/2026\/05\/Screenshot_20260501_202243-585x325.webp\" data_bg_hidpi=\"https:\/\/gnews.cz\/wp-content\/uploads\/2026\/05\/Screenshot_20260501_202243-585x325.webp\" class=\"penci-lazy penci-image-holder\">\n                                                    <\/div>\n\n                <\/div>\n            <\/div>\n            <div class=\"pcbg-content\">\n                <div class=\"pcbg-content-flex\">\n                    <a class=\"pcbg-bgoverlay active-overlay\"\n                       href=\"https:\/\/gnews.cz\/fr\/tema\/jazyk-v-ere-digitalni-rychlosti-evoluce-nebo-upadek\/\" title=\"Jazyk v \u00e9\u0159e digit\u00e1ln\u00ed rychlosti: Evoluce, nebo \u00fapadek?\"><\/a>\n                    <div class=\"pcbg-content-inner bgcontent-block\">\n                        <a href=\"https:\/\/gnews.cz\/fr\/tema\/jazyk-v-ere-digitalni-rychlosti-evoluce-nebo-upadek\/\" title=\"Jazyk v \u00e9\u0159e digit\u00e1ln\u00ed rychlosti: Evoluce, nebo \u00fapadek?\"\n                           class=\"pcbg-bgoverlaytext item-hover\"><\/a>\n\n\t\t\t\t\t\t\n\t\t\t\t\t\t                            <div class=\"pcbg-heading item-hover\">\n                                <h3 class=\"pcbg-title\">\n                                    <a href=\"https:\/\/gnews.cz\/fr\/tema\/jazyk-v-ere-digitalni-rychlosti-evoluce-nebo-upadek\/\">\n\t\t\t\t\t\t\t\t\t\tJazyk v \u00e9\u0159e digit\u00e1ln\u00ed rychlosti: Evoluce, nebo \u00fapadek?                                    <\/a>\n                                <\/h3>\n                            <\/div>\n\t\t\t\t\t\t\n\t\t\t\t\t\t\n\t\t\t\t\t\t                    <\/div>\n                <\/div>\n            <\/div>\n        <\/div>\n    <\/div>\n<\/div>\n<\/div>                <\/div>\n\t\t\t\t            <\/div>\n        <\/div>\n\t\t\t\t\t\t<\/div>\n\t\t\t\t<\/div>\n\t\t\t\t<\/div>\n\t\t\t\t<section class=\"penci-section penci-disSticky penci-structure-10 elementor-section elementor-top-section elementor-element elementor-element-9363912 elementor-section-boxed elementor-section-height-default elementor-section-height-default\" data-id=\"9363912\" data-element_type=\"section\" data-e-type=\"section\">\n\t\t\t\t\t\t<div class=\"elementor-container elementor-column-gap-no\">\n\t\t\t\t\t<div class=\"penci-ercol-100 penci-ercol-order-1 penci-sticky-ct  penci-dmcheck penci-elbg-activate  elementor-column elementor-col-100 elementor-top-column elementor-element elementor-element-b8228c1\" data-id=\"b8228c1\" data-element_type=\"column\" data-e-type=\"column\" data-settings=\"{&quot;background_background&quot;:&quot;classic&quot;}\">\n\t\t\t<div class=\"elementor-widget-wrap elementor-element-populated\">\n\t\t\t\t<div class=\"elementor-element elementor-element-24f6d4c e-con-full e-grid e-con e-parent\" data-id=\"24f6d4c\" data-element_type=\"container\" data-e-type=\"container\">\n\t\t<div class=\"elementor-element elementor-element-0dcc2c8 e-con-full e-flex e-con e-child\" data-id=\"0dcc2c8\" data-element_type=\"container\" data-e-type=\"container\">\n\t\t\t\t<div class=\"elementor-element elementor-element-39700e2 elementor-widget elementor-widget-penci-block-heading\" data-id=\"39700e2\" data-element_type=\"widget\" data-e-type=\"widget\" data-widget_type=\"penci-block-heading.default\">\n\t\t\t\t<div class=\"elementor-widget-container\">\n\t\t\t\t\t\t\t<div class=\"penciel-bheading penci-border-arrow penci-homepage-title penci-home-latest-posts style-6 pcalign-left pciconp-right pcicon-right block-title-icon-left\">\n\t\t\t<h3 class=\"inner-arrow\">\n\t\t\t\t<span>\n\t\t\t\t<a href=\"https:\/\/www.gnews.cz\/category\/ekonomika\">Ekonomika<\/a>\t\t\t\t<\/span>\n\t\t\t<\/h3>\n\t\t\t\t\t<\/div>\n\t\t\t\t\t\t<\/div>\n\t\t\t\t<\/div>\n\t\t\t\t<div class=\"elementor-element elementor-element-ab65f33 elementor-widget elementor-widget-penci-big-grid\" data-id=\"ab65f33\" data-element_type=\"widget\" data-e-type=\"widget\" data-widget_type=\"penci-big-grid.default\">\n\t\t\t\t<div class=\"elementor-widget-container\">\n\t\t\t\t\t        <div class=\"penci-clearfix penci-biggrid-wrapper penci-grid-col-1 penci-grid-mcol-1 penci-bgrid-based-post penci-bgrid-style-1 pcbg-ficonpo-top-right pcbg-reiconpo-top-left penci-bgrid-content-below pencibg-imageh-zoom-in pencibg-texth-none pencibg-textani-movetop textop\">\n\t\t\t            <div class=\"penci-clearfix penci-biggrid penci-bgstyle-1 penci-bgel\">\n                <div class=\"penci-biggrid-inner default\">\n\t\t\t\t\t<div class=\"penci-clearfix penci-biggrid-data penci-dflex\"><div class=\"penci-bgitem\">\n    <div class=\"penci-bgitin\">\n        <div class=\"penci-bgmain\">\n            <div class=\"pcbg-thumb\">\n\t\t\t\t\t\t\t\t                <div class=\"pcbg-thumbin\">\n                    <a class=\"pcbg-bgoverlay\"\n                       href=\"https:\/\/gnews.cz\/fr\/rozhovory\/chatgpt-roboti-se-vymkli-kontrole-sokujici-experiment-se-strelbou-odhaluje-rizika-potencionalni-smrtelne-zrady-umele-inteligence\/\" title=\"ChatGPT robot se vymkl kontrole: \u0160okuj\u00edc\u00ed experiment se st\u0159elbou odhaluje rizika potencion\u00e1ln\u00ed smrteln\u00e9 zrady um\u011bl\u00e9 inteligence\"><\/a>\n\n                        <div  data-bgset=\"https:\/\/gnews.cz\/wp-content\/uploads\/2026\/05\/insideAI13-585x284.webp\" data_bg_hidpi=\"https:\/\/gnews.cz\/wp-content\/uploads\/2026\/05\/insideAI13-585x284.webp\" class=\"penci-lazy penci-image-holder\">\n                                                    <\/div>\n\n                <\/div>\n            <\/div>\n            <div class=\"pcbg-content\">\n                <div class=\"pcbg-content-flex\">\n                    <a class=\"pcbg-bgoverlay\"\n                       href=\"https:\/\/gnews.cz\/fr\/rozhovory\/chatgpt-roboti-se-vymkli-kontrole-sokujici-experiment-se-strelbou-odhaluje-rizika-potencionalni-smrtelne-zrady-umele-inteligence\/\" title=\"ChatGPT robot se vymkl kontrole: \u0160okuj\u00edc\u00ed experiment se st\u0159elbou odhaluje rizika potencion\u00e1ln\u00ed smrteln\u00e9 zrady um\u011bl\u00e9 inteligence\"><\/a>\n                    <div class=\"pcbg-content-inner bgcontent-block\">\n                        <a href=\"https:\/\/gnews.cz\/fr\/rozhovory\/chatgpt-roboti-se-vymkli-kontrole-sokujici-experiment-se-strelbou-odhaluje-rizika-potencionalni-smrtelne-zrady-umele-inteligence\/\" title=\"ChatGPT robot se vymkl kontrole: \u0160okuj\u00edc\u00ed experiment se st\u0159elbou odhaluje rizika potencion\u00e1ln\u00ed smrteln\u00e9 zrady um\u011bl\u00e9 inteligence\"\n                           class=\"pcbg-bgoverlaytext item-hover\"><\/a>\n\n\t\t\t\t\t\t                            <div class=\"pcbg-above item-hover\">\n\t\t\t\t\t\t\t<span class=\"cat pcbg-sub-title\">\n\t\t\t\t\t\t\t\t<a style=\"\" class=\"penci-cat-name penci-cat-7144\" href=\"https:\/\/gnews.cz\/fr\/category\/ekonomika\/ai-ekonomika\/\"  rel=\"category tag\"><span style=\"\">AI<\/span><\/a><a style=\"\" class=\"penci-cat-name penci-cat-4\" href=\"https:\/\/gnews.cz\/fr\/category\/ekonomika\/\"  rel=\"category tag\"><span style=\"\">Ekonomika<\/span><\/a><a style=\"\" class=\"penci-cat-name penci-cat-3711\" href=\"https:\/\/gnews.cz\/fr\/category\/english\/\"  rel=\"category tag\"><span style=\"\">English<\/span><\/a><a style=\"\" class=\"penci-cat-name penci-cat-3\" href=\"https:\/\/gnews.cz\/fr\/category\/neprehlednete\/\"  rel=\"category tag\"><span style=\"\">Nep\u0159ehl\u00e9dn\u011bte<\/span><\/a><a style=\"\" class=\"penci-cat-name penci-cat-658\" href=\"https:\/\/gnews.cz\/fr\/category\/prectete-si\/\"  rel=\"category tag\"><span style=\"\">P\u0159e\u010dt\u011bte si tak\u00e9<\/span><\/a><a style=\"\" class=\"penci-cat-name penci-cat-2\" href=\"https:\/\/gnews.cz\/fr\/category\/rozhovory\/\"  rel=\"category tag\"><span style=\"\">Rozhovory<\/span><\/a>\t\t\t\t\t\t\t<\/span>\n                            <\/div>\n\t\t\t\t\t\t\n\t\t\t\t\t\t                            <div class=\"pcbg-heading item-hover\">\n                                <h3 class=\"pcbg-title\">\n                                    <a href=\"https:\/\/gnews.cz\/fr\/rozhovory\/chatgpt-roboti-se-vymkli-kontrole-sokujici-experiment-se-strelbou-odhaluje-rizika-potencionalni-smrtelne-zrady-umele-inteligence\/\">\n\t\t\t\t\t\t\t\t\t\tChatGPT robot se vymkl kontrole: \u0160okuj\u00edc\u00ed experiment se st\u0159elbou odhaluje rizika potencion\u00e1ln\u00ed smrteln\u00e9 zrady um\u011bl\u00e9 inteligence                                    <\/a>\n                                <\/h3>\n                            <\/div>\n\t\t\t\t\t\t\n\t\t\t\t\t\t                            <div class=\"grid-post-box-meta pcbg-meta item-hover\">\n                                <div class=\"pcbg-meta-desc\">\n\t\t\t\t\t\t\t\t\t\t\t\t\t\t\t\t\t\t                                        <span class=\"bg-date\"><time class=\"entry-date published\" datetime=\"2026-05-01T10:00:00+02:00\">mai 1, 2026<\/time><\/span>\n\t\t\t\t\t\t\t\t\t\t\t\t\t\t\t\t\t\t\t\t\t\t\t\t\t\t\t\t\t\t\t\t\t\t\t\t\t\t\t\t\t\t\t\t\t\t\t\t\t\t\t\t\t\t                                <\/div>\n\t\t\t\t\t\t\t\t                            <\/div>\n\t\t\t\t\t\t\n\t\t\t\t\t\t                    <\/div>\n                <\/div>\n            <\/div>\n        <\/div>\n    <\/div>\n<\/div>\n<\/div>                <\/div>\n\t\t\t\t            <\/div>\n        <\/div>\n\t\t\t\t\t\t<\/div>\n\t\t\t\t<\/div>\n\t\t\t\t<div class=\"elementor-element elementor-element-c022eca elementor-widget elementor-widget-penci-small-list\" data-id=\"c022eca\" data-element_type=\"widget\" data-e-type=\"widget\" data-widget_type=\"penci-small-list.default\">\n\t\t\t\t<div class=\"elementor-widget-container\">\n\t\t\t\t\t<script>if( typeof(penciBlock) === \"undefined\" ) {function penciBlock() { this.atts_json = ''; this.content = ''; }}var penciBlocksArray = penciBlocksArray || [];var PENCILOCALCACHE = PENCILOCALCACHE || {};var pcblock_9375 = new penciBlock();pcblock_9375.blockID=\"pcblock_9375\";pcblock_9375.atts_json = '{\"type\":\"grid\",\"dformat\":\"\",\"date_pos\":\"left\",\"column\":\"1\",\"tab_column\":\"1\",\"mb_column\":\"1\",\"imgpos\":\"left\",\"thumb_size\":\"\",\"mthumb_size\":\"\",\"post_meta\":[\"title\",\"date\"],\"primary_cat\":\"\",\"title_length\":\"\",\"excerpt_pos\":\"below\",\"rmstyle\":\"filled\",\"excerpt_length\":15,\"nocrop\":\"\",\"hide_cat_mobile\":\"\",\"hide_meta_mobile\":\"\",\"hide_excerpt_mobile\":\"\",\"hide_rm_mobile\":\"\",\"imgtop_mobile\":\"\",\"ver_border\":\"\",\"hide_thumb\":\"yes\",\"show_reviewpie\":\"\",\"show_formaticon\":\"\",\"disable_lazy\":\"\",\"show_excerpt\":\"\",\"show_readmore\":\"\",\"query\":{\"orderby\":\"date\",\"order\":\"desc\",\"ignore_sticky_posts\":1,\"post_status\":\"publish\",\"post__not_in\":[],\"post_type\":\"post\",\"posts_per_page\":9,\"tax_query\":[{\"taxonomy\":\"category\",\"field\":\"term_id\",\"terms\":[\"4\"]}],\"offset\":1},\"category_ids\":\"\",\"taxonomy\":\"\"}';penciBlocksArray.push(pcblock_9375);<\/script>        <div class=\"penci-wrapper-smalllist\">\n\t\t\t\t\t\t            <div class=\"penci-smalllist-wrapper\">\n\t\t\t\t                    <div class=\"penci-smalllist pcsl-wrapper pwsl-id-default\">\n                        <div class=\"pcsl-inner penci-clearfix pcsl-grid pcsl-imgpos-left pcsl-col-1 pcsl-tabcol-1 pcsl-mobcol-1\">\n\t\t\t\t\t\t\t\t\t\t\t\t\t\t\t\t\t\t\t\t\t\t\t\t                                    <div class=\"pcsl-item pcsl-nothumb\">\n                                        <div class=\"pcsl-itemin\">\n                                            <div class=\"pcsl-iteminer\">\n\t\t\t\t\t\t\t\t\t\t\t\t\n\t\t\t\t\t\t\t\t\t\t\t\t                                                <div class=\"pcsl-content\">\n\t\t\t\t\t\t\t\t\t\t\t\t\t\n\t\t\t\t\t\t\t\t\t\t\t\t\t                                                        <div class=\"pcsl-title\">\n                                                            <a href=\"https:\/\/gnews.cz\/fr\/neprehlednete\/odstranovani-prekazek-pro-zeny-v-agropodnikani-pohledy-tuniska-a-jihoafricke-republiky\/\">Odstra\u0148ov\u00e1n\u00ed p\u0159ek\u00e1\u017eek pro \u017eeny v agropodnik\u00e1n\u00ed \u2013 pohledy Tuniska a Jihoafrick\u00e9 republiky<\/a>\n                                                        <\/div>\n\t\t\t\t\t\t\t\t\t\t\t\t\t\n\t\t\t\t\t\t\t\t\t\t\t\t\t                                                        <div class=\"grid-post-box-meta pcsl-meta\">\n\t\t\t\t\t\t\t\t\t\t\t\t\t\t\t\t\t\t\t\t\t\t\t\t\t\t\t\t\t\t                                                                <span class=\"sl-date\"><time class=\"entry-date published\" datetime=\"2026-04-30T21:00:00+02:00\">avril 30, 2026<\/time><\/span>\n\t\t\t\t\t\t\t\t\t\t\t\t\t\t\t\t\t\t\t\t\t\t\t\t\t\t\t\t\t\t\t\t\t\t\t\t\t\t\t\t\t\t\t\t\t\t\t\t\t\t\t\t\t\t\t\t\t\t\t\t\t\t\t\t\t\t\t\t\t\t\t\t\t\t\t\t\t\t\t\t\t\t\t\t\t\t\t\t\t\t                                                        <\/div>\n\t\t\t\t\t\t\t\t\t\t\t\t\t\n\t\t\t\t\t\t\t\t\t\t\t\t\t\t\t\t\t\t\t\t\t\t\t\t\t\t\n                                                <\/div>\n\n\t\t\t\t\t\t\t\t\t\t\t\t                                            <\/div>\n                                        <\/div>\n                                    <\/div>\n                                \t\t\t\t\t\t\t\t\t\t\t\t\t\t\t\t\t                                    <div class=\"pcsl-item pcsl-nothumb\">\n                                        <div class=\"pcsl-itemin\">\n                                            <div class=\"pcsl-iteminer\">\n\t\t\t\t\t\t\t\t\t\t\t\t\n\t\t\t\t\t\t\t\t\t\t\t\t                                                <div class=\"pcsl-content\">\n\t\t\t\t\t\t\t\t\t\t\t\t\t\n\t\t\t\t\t\t\t\t\t\t\t\t\t                                                        <div class=\"pcsl-title\">\n                                                            <a href=\"https:\/\/gnews.cz\/fr\/tema\/odchod-saudu-z-opec-naznacuje-posun-k-fragmentovanejsimu-globalnimu-energetickemu-radu\/\">Odchod Sa\u00fad\u016f z OPEC nazna\u010duje posun k fragmentovan\u011bj\u0161\u00edmu glob\u00e1ln\u00edmu energetick\u00e9mu \u0159\u00e1du<\/a>\n                                                        <\/div>\n\t\t\t\t\t\t\t\t\t\t\t\t\t\n\t\t\t\t\t\t\t\t\t\t\t\t\t                                                        <div class=\"grid-post-box-meta pcsl-meta\">\n\t\t\t\t\t\t\t\t\t\t\t\t\t\t\t\t\t\t\t\t\t\t\t\t\t\t\t\t\t\t                                                                <span class=\"sl-date\"><time class=\"entry-date published\" datetime=\"2026-04-30T14:00:00+02:00\">avril 30, 2026<\/time><\/span>\n\t\t\t\t\t\t\t\t\t\t\t\t\t\t\t\t\t\t\t\t\t\t\t\t\t\t\t\t\t\t\t\t\t\t\t\t\t\t\t\t\t\t\t\t\t\t\t\t\t\t\t\t\t\t\t\t\t\t\t\t\t\t\t\t\t\t\t\t\t\t\t\t\t\t\t\t\t\t\t\t\t\t\t\t\t\t\t\t\t\t                                                        <\/div>\n\t\t\t\t\t\t\t\t\t\t\t\t\t\n\t\t\t\t\t\t\t\t\t\t\t\t\t\t\t\t\t\t\t\t\t\t\t\t\t\t\n                                                <\/div>\n\n\t\t\t\t\t\t\t\t\t\t\t\t                                            <\/div>\n                                        <\/div>\n                                    <\/div>\n                                \t\t\t\t\t\t\t\t\t\t\t\t\t\t\t\t\t                                    <div class=\"pcsl-item pcsl-nothumb\">\n                                        <div class=\"pcsl-itemin\">\n                                            <div class=\"pcsl-iteminer\">\n\t\t\t\t\t\t\t\t\t\t\t\t\n\t\t\t\t\t\t\t\t\t\t\t\t                                                <div class=\"pcsl-content\">\n\t\t\t\t\t\t\t\t\t\t\t\t\t\n\t\t\t\t\t\t\t\t\t\t\t\t\t                                                        <div class=\"pcsl-title\">\n                                                            <a href=\"https:\/\/gnews.cz\/fr\/neprehlednete\/premier-babis-jednal-v-kazachstanu-o-dodavkach-ropy-a-prohloubeni-ekonomickych-vztahu\/\">Premi\u00e9r Babi\u0161 jednal v Kazachst\u00e1nu o dod\u00e1vk\u00e1ch ropy a prohlouben\u00ed ekonomick\u00fdch vztah\u016f<\/a>\n                                                        <\/div>\n\t\t\t\t\t\t\t\t\t\t\t\t\t\n\t\t\t\t\t\t\t\t\t\t\t\t\t                                                        <div class=\"grid-post-box-meta pcsl-meta\">\n\t\t\t\t\t\t\t\t\t\t\t\t\t\t\t\t\t\t\t\t\t\t\t\t\t\t\t\t\t\t                                                                <span class=\"sl-date\"><time class=\"entry-date published\" datetime=\"2026-04-30T12:00:00+02:00\">avril 30, 2026<\/time><\/span>\n\t\t\t\t\t\t\t\t\t\t\t\t\t\t\t\t\t\t\t\t\t\t\t\t\t\t\t\t\t\t\t\t\t\t\t\t\t\t\t\t\t\t\t\t\t\t\t\t\t\t\t\t\t\t\t\t\t\t\t\t\t\t\t\t\t\t\t\t\t\t\t\t\t\t\t\t\t\t\t\t\t\t\t\t\t\t\t\t\t\t                                                        <\/div>\n\t\t\t\t\t\t\t\t\t\t\t\t\t\n\t\t\t\t\t\t\t\t\t\t\t\t\t\t\t\t\t\t\t\t\t\t\t\t\t\t\n                                                <\/div>\n\n\t\t\t\t\t\t\t\t\t\t\t\t                                            <\/div>\n                                        <\/div>\n                                    <\/div>\n                                \t\t\t\t\t\t\t\t\t\t\t\t\t\t\t\t\t                                    <div class=\"pcsl-item pcsl-nothumb\">\n                                        <div class=\"pcsl-itemin\">\n                                            <div class=\"pcsl-iteminer\">\n\t\t\t\t\t\t\t\t\t\t\t\t\n\t\t\t\t\t\t\t\t\t\t\t\t                                                <div class=\"pcsl-content\">\n\t\t\t\t\t\t\t\t\t\t\t\t\t\n\t\t\t\t\t\t\t\t\t\t\t\t\t                                                        <div class=\"pcsl-title\">\n                                                            <a href=\"https:\/\/gnews.cz\/fr\/tema\/denni-shrnuti-ekonomiky-v-cr-volkswagen-a-skoda-auto-gz-media-net4gas-triangle-pernod-ricard-a-brown-forman-chiesi-group-a-kalvista-30-dubna-2026\/\">Denn\u00ed shrnut\u00ed ekonomiky v \u010cR: Volkswagen a \u0160koda Auto, GZ Media, Net4Gas, Triangle, Pernod Ricard a Brown-Forman, Chiesi Group a KalVista (30. dubna 2026)<\/a>\n                                                        <\/div>\n\t\t\t\t\t\t\t\t\t\t\t\t\t\n\t\t\t\t\t\t\t\t\t\t\t\t\t                                                        <div class=\"grid-post-box-meta pcsl-meta\">\n\t\t\t\t\t\t\t\t\t\t\t\t\t\t\t\t\t\t\t\t\t\t\t\t\t\t\t\t\t\t                                                                <span class=\"sl-date\"><time class=\"entry-date published\" datetime=\"2026-04-30T09:00:00+02:00\">avril 30, 2026<\/time><\/span>\n\t\t\t\t\t\t\t\t\t\t\t\t\t\t\t\t\t\t\t\t\t\t\t\t\t\t\t\t\t\t\t\t\t\t\t\t\t\t\t\t\t\t\t\t\t\t\t\t\t\t\t\t\t\t\t\t\t\t\t\t\t\t\t\t\t\t\t\t\t\t\t\t\t\t\t\t\t\t\t\t\t\t\t\t\t\t\t\t\t\t                                                        <\/div>\n\t\t\t\t\t\t\t\t\t\t\t\t\t\n\t\t\t\t\t\t\t\t\t\t\t\t\t\t\t\t\t\t\t\t\t\t\t\t\t\t\n                                                <\/div>\n\n\t\t\t\t\t\t\t\t\t\t\t\t                                            <\/div>\n                                        <\/div>\n                                    <\/div>\n                                \t\t\t\t\t\t\t\t\t\t\t\t\t\t\t\t\t                                    <div class=\"pcsl-item pcsl-nothumb\">\n                                        <div class=\"pcsl-itemin\">\n                                            <div class=\"pcsl-iteminer\">\n\t\t\t\t\t\t\t\t\t\t\t\t\n\t\t\t\t\t\t\t\t\t\t\t\t                                                <div class=\"pcsl-content\">\n\t\t\t\t\t\t\t\t\t\t\t\t\t\n\t\t\t\t\t\t\t\t\t\t\t\t\t                                                        <div class=\"pcsl-title\">\n                                                            <a href=\"https:\/\/gnews.cz\/fr\/ekonomika\/xi-jinping-zduraznil-posileni-zakladniho-vyzkumu-pro-technologickou-sobestacnost-ciny\/\">Xi Jinping zd\u016fraznil pos\u00edlen\u00ed z\u00e1kladn\u00edho v\u00fdzkumu pro technologickou sob\u011bsta\u010dnost \u010c\u00edny<\/a>\n                                                        <\/div>\n\t\t\t\t\t\t\t\t\t\t\t\t\t\n\t\t\t\t\t\t\t\t\t\t\t\t\t                                                        <div class=\"grid-post-box-meta pcsl-meta\">\n\t\t\t\t\t\t\t\t\t\t\t\t\t\t\t\t\t\t\t\t\t\t\t\t\t\t\t\t\t\t                                                                <span class=\"sl-date\"><time class=\"entry-date published\" datetime=\"2026-04-30T07:44:00+02:00\">avril 30, 2026<\/time><\/span>\n\t\t\t\t\t\t\t\t\t\t\t\t\t\t\t\t\t\t\t\t\t\t\t\t\t\t\t\t\t\t\t\t\t\t\t\t\t\t\t\t\t\t\t\t\t\t\t\t\t\t\t\t\t\t\t\t\t\t\t\t\t\t\t\t\t\t\t\t\t\t\t\t\t\t\t\t\t\t\t\t\t\t\t\t\t\t\t\t\t\t                                                        <\/div>\n\t\t\t\t\t\t\t\t\t\t\t\t\t\n\t\t\t\t\t\t\t\t\t\t\t\t\t\t\t\t\t\t\t\t\t\t\t\t\t\t\n                                                <\/div>\n\n\t\t\t\t\t\t\t\t\t\t\t\t                                            <\/div>\n                                        <\/div>\n                                    <\/div>\n                                \t\t\t\t\t\t\t\t\t\t\t\t\t\t\t\t\t                                    <div class=\"pcsl-item pcsl-nothumb\">\n                                        <div class=\"pcsl-itemin\">\n                                            <div class=\"pcsl-iteminer\">\n\t\t\t\t\t\t\t\t\t\t\t\t\n\t\t\t\t\t\t\t\t\t\t\t\t                                                <div class=\"pcsl-content\">\n\t\t\t\t\t\t\t\t\t\t\t\t\t\n\t\t\t\t\t\t\t\t\t\t\t\t\t                                                        <div class=\"pcsl-title\">\n                                                            <a href=\"https:\/\/gnews.cz\/fr\/ekonomika\/prokop-evropa-se-ke-strategicke-autonomii-muze-priblizit-jen-spolupraci-s-cinou\/\">Prokop: Evropa se ke strategick\u00e9 autonomii m\u016f\u017ee p\u0159ibl\u00ed\u017eit jen spoluprac\u00ed s \u010c\u00ednou<\/a>\n                                                        <\/div>\n\t\t\t\t\t\t\t\t\t\t\t\t\t\n\t\t\t\t\t\t\t\t\t\t\t\t\t                                                        <div class=\"grid-post-box-meta pcsl-meta\">\n\t\t\t\t\t\t\t\t\t\t\t\t\t\t\t\t\t\t\t\t\t\t\t\t\t\t\t\t\t\t                                                                <span class=\"sl-date\"><time class=\"entry-date published\" datetime=\"2026-04-29T19:52:38+02:00\">avril 29, 2026<\/time><\/span>\n\t\t\t\t\t\t\t\t\t\t\t\t\t\t\t\t\t\t\t\t\t\t\t\t\t\t\t\t\t\t\t\t\t\t\t\t\t\t\t\t\t\t\t\t\t\t\t\t\t\t\t\t\t\t\t\t\t\t\t\t\t\t\t\t\t\t\t\t\t\t\t\t\t\t\t\t\t\t\t\t\t\t\t\t\t\t\t\t\t\t                                                        <\/div>\n\t\t\t\t\t\t\t\t\t\t\t\t\t\n\t\t\t\t\t\t\t\t\t\t\t\t\t\t\t\t\t\t\t\t\t\t\t\t\t\t\n                                                <\/div>\n\n\t\t\t\t\t\t\t\t\t\t\t\t                                            <\/div>\n                                        <\/div>\n                                    <\/div>\n                                \t\t\t\t\t\t\t\t\t\t\t\t\t\t\t\t\t                                    <div class=\"pcsl-item pcsl-nothumb\">\n                                        <div class=\"pcsl-itemin\">\n                                            <div class=\"pcsl-iteminer\">\n\t\t\t\t\t\t\t\t\t\t\t\t\n\t\t\t\t\t\t\t\t\t\t\t\t                                                <div class=\"pcsl-content\">\n\t\t\t\t\t\t\t\t\t\t\t\t\t\n\t\t\t\t\t\t\t\t\t\t\t\t\t                                                        <div class=\"pcsl-title\">\n                                                            <a href=\"https:\/\/gnews.cz\/fr\/tema\/od-tankeru-k-nadrzim-napeti-v-hormuzskem-prulivu-uz-dva-mesice-otrasa-globalnimi-energetickymi-trhy\/\">Od tanker\u016f k n\u00e1dr\u017e\u00edm &#8211; nap\u011bt\u00ed v Hormuzsk\u00e9m pr\u016flivu u\u017e dva m\u011bs\u00edce ot\u0159\u00e1s\u00e1 glob\u00e1ln\u00edmi energetick\u00fdmi trhy<\/a>\n                                                        <\/div>\n\t\t\t\t\t\t\t\t\t\t\t\t\t\n\t\t\t\t\t\t\t\t\t\t\t\t\t                                                        <div class=\"grid-post-box-meta pcsl-meta\">\n\t\t\t\t\t\t\t\t\t\t\t\t\t\t\t\t\t\t\t\t\t\t\t\t\t\t\t\t\t\t                                                                <span class=\"sl-date\"><time class=\"entry-date published\" datetime=\"2026-04-29T17:30:00+02:00\">avril 29, 2026<\/time><\/span>\n\t\t\t\t\t\t\t\t\t\t\t\t\t\t\t\t\t\t\t\t\t\t\t\t\t\t\t\t\t\t\t\t\t\t\t\t\t\t\t\t\t\t\t\t\t\t\t\t\t\t\t\t\t\t\t\t\t\t\t\t\t\t\t\t\t\t\t\t\t\t\t\t\t\t\t\t\t\t\t\t\t\t\t\t\t\t\t\t\t\t                                                        <\/div>\n\t\t\t\t\t\t\t\t\t\t\t\t\t\n\t\t\t\t\t\t\t\t\t\t\t\t\t\t\t\t\t\t\t\t\t\t\t\t\t\t\n                                                <\/div>\n\n\t\t\t\t\t\t\t\t\t\t\t\t                                            <\/div>\n                                        <\/div>\n                                    <\/div>\n                                \t\t\t\t\t\t\t\t\t\t\t\t\t\t\t\t\t                                    <div class=\"pcsl-item pcsl-nothumb\">\n                                        <div class=\"pcsl-itemin\">\n                                            <div class=\"pcsl-iteminer\">\n\t\t\t\t\t\t\t\t\t\t\t\t\n\t\t\t\t\t\t\t\t\t\t\t\t                                                <div class=\"pcsl-content\">\n\t\t\t\t\t\t\t\t\t\t\t\t\t\n\t\t\t\t\t\t\t\t\t\t\t\t\t                                                        <div class=\"pcsl-title\">\n                                                            <a href=\"https:\/\/gnews.cz\/fr\/neprehlednete\/tydenni-shrnuti-cinske-ekonomiky-a-technologii-deepseek-v4-bezi-na-huawei-baterie-catl-s-nabijenim-za-6-minut-cinsky-farmaceuticky-sektor-predstihuje-usa\/\">T\u00fddenn\u00ed shrnut\u00ed \u010d\u00ednsk\u00e9 ekonomiky a technologi\u00ed: DeepSeek V4 b\u011b\u017e\u00ed na Huawei, Baterie CATL s nab\u00edjen\u00edm za 6 minut, \u010c\u00ednsk\u00fd farmaceutick\u00fd sektor p\u0159edstihuje USA<\/a>\n                                                        <\/div>\n\t\t\t\t\t\t\t\t\t\t\t\t\t\n\t\t\t\t\t\t\t\t\t\t\t\t\t                                                        <div class=\"grid-post-box-meta pcsl-meta\">\n\t\t\t\t\t\t\t\t\t\t\t\t\t\t\t\t\t\t\t\t\t\t\t\t\t\t\t\t\t\t                                                                <span class=\"sl-date\"><time class=\"entry-date published\" datetime=\"2026-04-29T12:00:00+02:00\">avril 29, 2026<\/time><\/span>\n\t\t\t\t\t\t\t\t\t\t\t\t\t\t\t\t\t\t\t\t\t\t\t\t\t\t\t\t\t\t\t\t\t\t\t\t\t\t\t\t\t\t\t\t\t\t\t\t\t\t\t\t\t\t\t\t\t\t\t\t\t\t\t\t\t\t\t\t\t\t\t\t\t\t\t\t\t\t\t\t\t\t\t\t\t\t\t\t\t\t                                                        <\/div>\n\t\t\t\t\t\t\t\t\t\t\t\t\t\n\t\t\t\t\t\t\t\t\t\t\t\t\t\t\t\t\t\t\t\t\t\t\t\t\t\t\n                                                <\/div>\n\n\t\t\t\t\t\t\t\t\t\t\t\t                                            <\/div>\n                                        <\/div>\n                                    <\/div>\n                                \t\t\t\t\t\t\t\t\t\t\t\t\t\t\t\t\t                                    <div class=\"pcsl-item pcsl-nothumb\">\n                                        <div class=\"pcsl-itemin\">\n                                            <div class=\"pcsl-iteminer\">\n\t\t\t\t\t\t\t\t\t\t\t\t\n\t\t\t\t\t\t\t\t\t\t\t\t                                                <div class=\"pcsl-content\">\n\t\t\t\t\t\t\t\t\t\t\t\t\t\n\t\t\t\t\t\t\t\t\t\t\t\t\t                                                        <div class=\"pcsl-title\">\n                                                            <a href=\"https:\/\/gnews.cz\/fr\/neprehlednete\/denni-shrnuti-ekonomiky-v-cr-burza-investice-select-medical-kone-a-tk-elevator-meta-a-manus-svetova-banka-goldman-sachs-a-normalizace-exportu-29-dubna-2026\/\">Denn\u00ed shrnut\u00ed ekonomiky v \u010cR: Burza, investice, Select Medical, Kone a TK Elevator, Meta a Manus, Sv\u011btov\u00e1 banka, Goldman Sachs a normalizace exportu (29. dubna 2026)<\/a>\n                                                        <\/div>\n\t\t\t\t\t\t\t\t\t\t\t\t\t\n\t\t\t\t\t\t\t\t\t\t\t\t\t                                                        <div class=\"grid-post-box-meta pcsl-meta\">\n\t\t\t\t\t\t\t\t\t\t\t\t\t\t\t\t\t\t\t\t\t\t\t\t\t\t\t\t\t\t                                                                <span class=\"sl-date\"><time class=\"entry-date published\" datetime=\"2026-04-29T09:00:00+02:00\">avril 29, 2026<\/time><\/span>\n\t\t\t\t\t\t\t\t\t\t\t\t\t\t\t\t\t\t\t\t\t\t\t\t\t\t\t\t\t\t\t\t\t\t\t\t\t\t\t\t\t\t\t\t\t\t\t\t\t\t\t\t\t\t\t\t\t\t\t\t\t\t\t\t\t\t\t\t\t\t\t\t\t\t\t\t\t\t\t\t\t\t\t\t\t\t\t\t\t\t                                                        <\/div>\n\t\t\t\t\t\t\t\t\t\t\t\t\t\n\t\t\t\t\t\t\t\t\t\t\t\t\t\t\t\t\t\t\t\t\t\t\t\t\t\t\n                                                <\/div>\n\n\t\t\t\t\t\t\t\t\t\t\t\t                                            <\/div>\n                                        <\/div>\n                                    <\/div>\n                                \t\t\t\t\t\t\t\t\t\t\t\t\t\t\t\t                        <\/div>\n\n\t\t\t\t\t\t\n                    <\/div>\n\t\t\t\t\t            <\/div>\n        <\/div>\n\t\t\t\t\t\t<\/div>\n\t\t\t\t<\/div>\n\t\t\t\t<\/div>\n\t\t<div class=\"elementor-element elementor-element-044ca6d e-con-full e-flex e-con e-child\" data-id=\"044ca6d\" data-element_type=\"container\" data-e-type=\"container\">\n\t\t\t\t<div class=\"elementor-element elementor-element-26eafbc elementor-widget elementor-widget-penci-block-heading\" data-id=\"26eafbc\" data-element_type=\"widget\" data-e-type=\"widget\" data-widget_type=\"penci-block-heading.default\">\n\t\t\t\t<div class=\"elementor-widget-container\">\n\t\t\t\t\t\t\t<div class=\"penciel-bheading penci-border-arrow penci-homepage-title penci-home-latest-posts style-6 pcalign-left pciconp-right pcicon-right block-title-icon-left\">\n\t\t\t<h3 class=\"inner-arrow\">\n\t\t\t\t<span>\n\t\t\t\t<a href=\"https:\/\/www.gnews.cz\/category\/politika\">Politika<\/a>\t\t\t\t<\/span>\n\t\t\t<\/h3>\n\t\t\t\t\t<\/div>\n\t\t\t\t\t\t<\/div>\n\t\t\t\t<\/div>\n\t\t\t\t<div class=\"elementor-element elementor-element-21e39c0 elementor-widget elementor-widget-penci-big-grid\" data-id=\"21e39c0\" data-element_type=\"widget\" data-e-type=\"widget\" data-widget_type=\"penci-big-grid.default\">\n\t\t\t\t<div class=\"elementor-widget-container\">\n\t\t\t\t\t        <div class=\"penci-clearfix penci-biggrid-wrapper penci-grid-col-1 penci-grid-mcol-1 penci-bgrid-based-post penci-bgrid-style-1 pcbg-ficonpo-top-right pcbg-reiconpo-top-left penci-bgrid-content-below pencibg-imageh-zoom-in pencibg-texth-none pencibg-textani-movetop textop\">\n\t\t\t            <div class=\"penci-clearfix penci-biggrid penci-bgstyle-1 penci-bgel\">\n                <div class=\"penci-biggrid-inner default\">\n\t\t\t\t\t<div class=\"penci-clearfix penci-biggrid-data penci-dflex\"><div class=\"penci-bgitem\">\n    <div class=\"penci-bgitin\">\n        <div class=\"penci-bgmain\">\n            <div class=\"pcbg-thumb\">\n\t\t\t\t\t\t\t\t                <div class=\"pcbg-thumbin\">\n                    <a class=\"pcbg-bgoverlay\"\n                       href=\"https:\/\/gnews.cz\/fr\/tema\/vlivni-republikani-varuji-pred-stazenim-americkych-vojaku-z-nemecka-obavaji-se-oslabeni-nato\/\" title=\"Vlivn\u00ed republik\u00e1ni varuj\u00ed p\u0159ed sta\u017een\u00edm americk\u00fdch voj\u00e1k\u016f z N\u011bmecka, ob\u00e1vaj\u00ed se oslaben\u00ed NATO\"><\/a>\n\n                        <div  data-bgset=\"https:\/\/gnews.cz\/wp-content\/uploads\/2026\/05\/Screenshot_20260503_075001-585x379.webp\" data_bg_hidpi=\"https:\/\/gnews.cz\/wp-content\/uploads\/2026\/05\/Screenshot_20260503_075001-585x379.webp\" class=\"penci-lazy penci-image-holder\">\n                                                    <\/div>\n\n                <\/div>\n            <\/div>\n            <div class=\"pcbg-content\">\n                <div class=\"pcbg-content-flex\">\n                    <a class=\"pcbg-bgoverlay\"\n                       href=\"https:\/\/gnews.cz\/fr\/tema\/vlivni-republikani-varuji-pred-stazenim-americkych-vojaku-z-nemecka-obavaji-se-oslabeni-nato\/\" title=\"Vlivn\u00ed republik\u00e1ni varuj\u00ed p\u0159ed sta\u017een\u00edm americk\u00fdch voj\u00e1k\u016f z N\u011bmecka, ob\u00e1vaj\u00ed se oslaben\u00ed NATO\"><\/a>\n                    <div class=\"pcbg-content-inner bgcontent-block\">\n                        <a href=\"https:\/\/gnews.cz\/fr\/tema\/vlivni-republikani-varuji-pred-stazenim-americkych-vojaku-z-nemecka-obavaji-se-oslabeni-nato\/\" title=\"Vlivn\u00ed republik\u00e1ni varuj\u00ed p\u0159ed sta\u017een\u00edm americk\u00fdch voj\u00e1k\u016f z N\u011bmecka, ob\u00e1vaj\u00ed se oslaben\u00ed NATO\"\n                           class=\"pcbg-bgoverlaytext item-hover\"><\/a>\n\n\t\t\t\t\t\t                            <div class=\"pcbg-above item-hover\">\n\t\t\t\t\t\t\t<span class=\"cat pcbg-sub-title\">\n\t\t\t\t\t\t\t\t<a style=\"\" class=\"penci-cat-name penci-cat-7\" href=\"https:\/\/gnews.cz\/fr\/category\/politika\/\"  rel=\"category tag\"><span style=\"\">Politika<\/span><\/a><a style=\"\" class=\"penci-cat-name penci-cat-658\" href=\"https:\/\/gnews.cz\/fr\/category\/prectete-si\/\"  rel=\"category tag\"><span style=\"\">P\u0159e\u010dt\u011bte si tak\u00e9<\/span><\/a><a style=\"\" class=\"penci-cat-name penci-cat-1\" href=\"https:\/\/gnews.cz\/fr\/category\/tema\/\"  rel=\"category tag\"><span style=\"\">T\u00e9ma<\/span><\/a><a style=\"\" class=\"penci-cat-name penci-cat-580\" href=\"https:\/\/gnews.cz\/fr\/category\/vyber-sefredaktora\/\"  rel=\"category tag\"><span style=\"\">V\u00fdb\u011br \u0161\u00e9fredaktora<\/span><\/a><a style=\"\" class=\"penci-cat-name penci-cat-2973\" href=\"https:\/\/gnews.cz\/fr\/category\/zahranicni\/\"  rel=\"category tag\"><span style=\"\">Zahrani\u010dn\u00ed<\/span><\/a>\t\t\t\t\t\t\t<\/span>\n                            <\/div>\n\t\t\t\t\t\t\n\t\t\t\t\t\t                            <div class=\"pcbg-heading item-hover\">\n                                <h3 class=\"pcbg-title\">\n                                    <a href=\"https:\/\/gnews.cz\/fr\/tema\/vlivni-republikani-varuji-pred-stazenim-americkych-vojaku-z-nemecka-obavaji-se-oslabeni-nato\/\">\n\t\t\t\t\t\t\t\t\t\tVlivn\u00ed republik\u00e1ni varuj\u00ed p\u0159ed sta\u017een\u00edm americk\u00fdch voj\u00e1k\u016f z N\u011bmecka, ob\u00e1vaj\u00ed se oslaben\u00ed NATO                                    <\/a>\n                                <\/h3>\n                            <\/div>\n\t\t\t\t\t\t\n\t\t\t\t\t\t                            <div class=\"grid-post-box-meta pcbg-meta item-hover\">\n                                <div class=\"pcbg-meta-desc\">\n\t\t\t\t\t\t\t\t\t\t\t\t\t\t\t\t\t\t                                        <span class=\"bg-date\"><time class=\"entry-date published\" datetime=\"2026-05-03T09:30:00+02:00\">mai 3, 2026<\/time><\/span>\n\t\t\t\t\t\t\t\t\t\t\t\t\t\t\t\t\t\t\t\t\t\t\t\t\t\t\t\t\t\t\t\t\t\t\t\t\t\t\t\t\t\t\t\t\t\t\t\t\t\t\t\t\t\t                                <\/div>\n\t\t\t\t\t\t\t\t                            <\/div>\n\t\t\t\t\t\t\n\t\t\t\t\t\t                    <\/div>\n                <\/div>\n            <\/div>\n        <\/div>\n    <\/div>\n<\/div>\n<\/div>                <\/div>\n\t\t\t\t            <\/div>\n        <\/div>\n\t\t\t\t\t\t<\/div>\n\t\t\t\t<\/div>\n\t\t\t\t<div class=\"elementor-element elementor-element-eee207d elementor-widget elementor-widget-penci-small-list\" data-id=\"eee207d\" data-element_type=\"widget\" data-e-type=\"widget\" data-widget_type=\"penci-small-list.default\">\n\t\t\t\t<div class=\"elementor-widget-container\">\n\t\t\t\t\t<script>if( typeof(penciBlock) === \"undefined\" ) {function penciBlock() { this.atts_json = ''; this.content = ''; }}var penciBlocksArray = penciBlocksArray || [];var PENCILOCALCACHE = PENCILOCALCACHE || {};var pcblock_8064 = new penciBlock();pcblock_8064.blockID=\"pcblock_8064\";pcblock_8064.atts_json = '{\"type\":\"grid\",\"dformat\":\"\",\"date_pos\":\"left\",\"column\":\"1\",\"tab_column\":\"1\",\"mb_column\":\"1\",\"imgpos\":\"left\",\"thumb_size\":\"\",\"mthumb_size\":\"\",\"post_meta\":[\"title\",\"date\"],\"primary_cat\":\"\",\"title_length\":\"\",\"excerpt_pos\":\"below\",\"rmstyle\":\"filled\",\"excerpt_length\":15,\"nocrop\":\"\",\"hide_cat_mobile\":\"\",\"hide_meta_mobile\":\"\",\"hide_excerpt_mobile\":\"\",\"hide_rm_mobile\":\"\",\"imgtop_mobile\":\"\",\"ver_border\":\"\",\"hide_thumb\":\"yes\",\"show_reviewpie\":\"\",\"show_formaticon\":\"\",\"disable_lazy\":\"\",\"show_excerpt\":\"\",\"show_readmore\":\"\",\"query\":{\"orderby\":\"date\",\"order\":\"desc\",\"ignore_sticky_posts\":1,\"post_status\":\"publish\",\"post__not_in\":[],\"post_type\":\"post\",\"posts_per_page\":9,\"tax_query\":[{\"taxonomy\":\"category\",\"field\":\"term_id\",\"terms\":[\"7\"]}],\"offset\":1},\"category_ids\":\"\",\"taxonomy\":\"\"}';penciBlocksArray.push(pcblock_8064);<\/script>        <div class=\"penci-wrapper-smalllist\">\n\t\t\t\t\t\t            <div class=\"penci-smalllist-wrapper\">\n\t\t\t\t                    <div class=\"penci-smalllist pcsl-wrapper pwsl-id-default\">\n                        <div class=\"pcsl-inner penci-clearfix pcsl-grid pcsl-imgpos-left pcsl-col-1 pcsl-tabcol-1 pcsl-mobcol-1\">\n\t\t\t\t\t\t\t\t\t\t\t\t\t\t\t\t\t\t\t\t\t\t\t\t                                    <div class=\"pcsl-item pcsl-nothumb\">\n                                        <div class=\"pcsl-itemin\">\n                                            <div class=\"pcsl-iteminer\">\n\t\t\t\t\t\t\t\t\t\t\t\t\n\t\t\t\t\t\t\t\t\t\t\t\t                                                <div class=\"pcsl-content\">\n\t\t\t\t\t\t\t\t\t\t\t\t\t\n\t\t\t\t\t\t\t\t\t\t\t\t\t                                                        <div class=\"pcsl-title\">\n                                                            <a href=\"https:\/\/gnews.cz\/fr\/tema\/nulove-clo-znamena-urychlovac-spoluprace-mezi-cinou-a-afrikou\/\">\u201eNulov\u00e9 clo\u201c znamen\u00e1 \u201eurychlova\u010d\u201c spolupr\u00e1ce mezi \u010c\u00ednou a Afrikou<\/a>\n                                                        <\/div>\n\t\t\t\t\t\t\t\t\t\t\t\t\t\n\t\t\t\t\t\t\t\t\t\t\t\t\t                                                        <div class=\"grid-post-box-meta pcsl-meta\">\n\t\t\t\t\t\t\t\t\t\t\t\t\t\t\t\t\t\t\t\t\t\t\t\t\t\t\t\t\t\t                                                                <span class=\"sl-date\"><time class=\"entry-date published\" datetime=\"2026-05-03T04:00:00+02:00\">mai 3, 2026<\/time><\/span>\n\t\t\t\t\t\t\t\t\t\t\t\t\t\t\t\t\t\t\t\t\t\t\t\t\t\t\t\t\t\t\t\t\t\t\t\t\t\t\t\t\t\t\t\t\t\t\t\t\t\t\t\t\t\t\t\t\t\t\t\t\t\t\t\t\t\t\t\t\t\t\t\t\t\t\t\t\t\t\t\t\t\t\t\t\t\t\t\t\t\t                                                        <\/div>\n\t\t\t\t\t\t\t\t\t\t\t\t\t\n\t\t\t\t\t\t\t\t\t\t\t\t\t\t\t\t\t\t\t\t\t\t\t\t\t\t\n                                                <\/div>\n\n\t\t\t\t\t\t\t\t\t\t\t\t                                            <\/div>\n                                        <\/div>\n                                    <\/div>\n                                \t\t\t\t\t\t\t\t\t\t\t\t\t\t\t\t\t                                    <div class=\"pcsl-item pcsl-nothumb\">\n                                        <div class=\"pcsl-itemin\">\n                                            <div class=\"pcsl-iteminer\">\n\t\t\t\t\t\t\t\t\t\t\t\t\n\t\t\t\t\t\t\t\t\t\t\t\t                                                <div class=\"pcsl-content\">\n\t\t\t\t\t\t\t\t\t\t\t\t\t\n\t\t\t\t\t\t\t\t\t\t\t\t\t                                                        <div class=\"pcsl-title\">\n                                                            <a href=\"https:\/\/gnews.cz\/fr\/tema\/iranska-mise-v-osn-kritizuje-usa-za-vice-nez-pet-desetileti-porusovani-smlouvy-o-nesireni-jadernych-zbrani\/\">\u00cdr\u00e1nsk\u00e1 mise v OSN kritizuje USA za v\u00edce ne\u017e p\u011bt desetilet\u00ed poru\u0161ov\u00e1n\u00ed Smlouvy o ne\u0161\u00ed\u0159en\u00ed jadern\u00fdch zbran\u00ed<\/a>\n                                                        <\/div>\n\t\t\t\t\t\t\t\t\t\t\t\t\t\n\t\t\t\t\t\t\t\t\t\t\t\t\t                                                        <div class=\"grid-post-box-meta pcsl-meta\">\n\t\t\t\t\t\t\t\t\t\t\t\t\t\t\t\t\t\t\t\t\t\t\t\t\t\t\t\t\t\t                                                                <span class=\"sl-date\"><time class=\"entry-date published\" datetime=\"2026-05-03T01:30:00+02:00\">mai 3, 2026<\/time><\/span>\n\t\t\t\t\t\t\t\t\t\t\t\t\t\t\t\t\t\t\t\t\t\t\t\t\t\t\t\t\t\t\t\t\t\t\t\t\t\t\t\t\t\t\t\t\t\t\t\t\t\t\t\t\t\t\t\t\t\t\t\t\t\t\t\t\t\t\t\t\t\t\t\t\t\t\t\t\t\t\t\t\t\t\t\t\t\t\t\t\t\t                                                        <\/div>\n\t\t\t\t\t\t\t\t\t\t\t\t\t\n\t\t\t\t\t\t\t\t\t\t\t\t\t\t\t\t\t\t\t\t\t\t\t\t\t\t\n                                                <\/div>\n\n\t\t\t\t\t\t\t\t\t\t\t\t                                            <\/div>\n                                        <\/div>\n                                    <\/div>\n                                \t\t\t\t\t\t\t\t\t\t\t\t\t\t\t\t\t                                    <div class=\"pcsl-item pcsl-nothumb\">\n                                        <div class=\"pcsl-itemin\">\n                                            <div class=\"pcsl-iteminer\">\n\t\t\t\t\t\t\t\t\t\t\t\t\n\t\t\t\t\t\t\t\t\t\t\t\t                                                <div class=\"pcsl-content\">\n\t\t\t\t\t\t\t\t\t\t\t\t\t\n\t\t\t\t\t\t\t\t\t\t\t\t\t                                                        <div class=\"pcsl-title\">\n                                                            <a href=\"https:\/\/gnews.cz\/fr\/tema\/k-utoku-na-galavereci-mlcel-zelenskyj-trumpa-odepsal-uz-se-mu-neboji-postavit\/\">K \u00fatoku na galave\u0159e\u010di ml\u010del. Zelenskyj Trumpa odepsal, u\u017e se mu neboj\u00ed postavit<\/a>\n                                                        <\/div>\n\t\t\t\t\t\t\t\t\t\t\t\t\t\n\t\t\t\t\t\t\t\t\t\t\t\t\t                                                        <div class=\"grid-post-box-meta pcsl-meta\">\n\t\t\t\t\t\t\t\t\t\t\t\t\t\t\t\t\t\t\t\t\t\t\t\t\t\t\t\t\t\t                                                                <span class=\"sl-date\"><time class=\"entry-date published\" datetime=\"2026-05-02T18:30:00+02:00\">mai 2, 2026<\/time><\/span>\n\t\t\t\t\t\t\t\t\t\t\t\t\t\t\t\t\t\t\t\t\t\t\t\t\t\t\t\t\t\t\t\t\t\t\t\t\t\t\t\t\t\t\t\t\t\t\t\t\t\t\t\t\t\t\t\t\t\t\t\t\t\t\t\t\t\t\t\t\t\t\t\t\t\t\t\t\t\t\t\t\t\t\t\t\t\t\t\t\t\t                                                        <\/div>\n\t\t\t\t\t\t\t\t\t\t\t\t\t\n\t\t\t\t\t\t\t\t\t\t\t\t\t\t\t\t\t\t\t\t\t\t\t\t\t\t\n                                                <\/div>\n\n\t\t\t\t\t\t\t\t\t\t\t\t                                            <\/div>\n                                        <\/div>\n                                    <\/div>\n                                \t\t\t\t\t\t\t\t\t\t\t\t\t\t\t\t\t                                    <div class=\"pcsl-item pcsl-nothumb\">\n                                        <div class=\"pcsl-itemin\">\n                                            <div class=\"pcsl-iteminer\">\n\t\t\t\t\t\t\t\t\t\t\t\t\n\t\t\t\t\t\t\t\t\t\t\t\t                                                <div class=\"pcsl-content\">\n\t\t\t\t\t\t\t\t\t\t\t\t\t\n\t\t\t\t\t\t\t\t\t\t\t\t\t                                                        <div class=\"pcsl-title\">\n                                                            <a href=\"https:\/\/gnews.cz\/fr\/tema\/ukrajina-zaporozska-oblast-zustala-bez-elektriny-vedeni-dlr-pochybuje-o-mozne-zmene-moci-na-ukrajine\/\">Ukrajina: Z\u00e1poro\u017esk\u00e1 oblast z\u016fstala bez elekt\u0159iny. Veden\u00ed DLR pochybuje o mo\u017en\u00e9 zm\u011bn\u011b moci na Ukrajin\u011b<\/a>\n                                                        <\/div>\n\t\t\t\t\t\t\t\t\t\t\t\t\t\n\t\t\t\t\t\t\t\t\t\t\t\t\t                                                        <div class=\"grid-post-box-meta pcsl-meta\">\n\t\t\t\t\t\t\t\t\t\t\t\t\t\t\t\t\t\t\t\t\t\t\t\t\t\t\t\t\t\t                                                                <span class=\"sl-date\"><time class=\"entry-date published\" datetime=\"2026-05-02T15:30:00+02:00\">mai 2, 2026<\/time><\/span>\n\t\t\t\t\t\t\t\t\t\t\t\t\t\t\t\t\t\t\t\t\t\t\t\t\t\t\t\t\t\t\t\t\t\t\t\t\t\t\t\t\t\t\t\t\t\t\t\t\t\t\t\t\t\t\t\t\t\t\t\t\t\t\t\t\t\t\t\t\t\t\t\t\t\t\t\t\t\t\t\t\t\t\t\t\t\t\t\t\t\t                                                        <\/div>\n\t\t\t\t\t\t\t\t\t\t\t\t\t\n\t\t\t\t\t\t\t\t\t\t\t\t\t\t\t\t\t\t\t\t\t\t\t\t\t\t\n                                                <\/div>\n\n\t\t\t\t\t\t\t\t\t\t\t\t                                            <\/div>\n                                        <\/div>\n                                    <\/div>\n                                \t\t\t\t\t\t\t\t\t\t\t\t\t\t\t\t\t                                    <div class=\"pcsl-item pcsl-nothumb\">\n                                        <div class=\"pcsl-itemin\">\n                                            <div class=\"pcsl-iteminer\">\n\t\t\t\t\t\t\t\t\t\t\t\t\n\t\t\t\t\t\t\t\t\t\t\t\t                                                <div class=\"pcsl-content\">\n\t\t\t\t\t\t\t\t\t\t\t\t\t\n\t\t\t\t\t\t\t\t\t\t\t\t\t                                                        <div class=\"pcsl-title\">\n                                                            <a href=\"https:\/\/gnews.cz\/fr\/tema\/ochrana-migrantu-a-omezovani-prav-domorodych-obyvatel-co-se-stane-kdyz-britske-urady-kontroluji-internetove-platformy\/\">Ochrana migrant\u016f a omezov\u00e1n\u00ed pr\u00e1v domorod\u00fdch obyvatel. Co se stane, kdy\u017e britsk\u00e9 \u00fa\u0159ady kontroluj\u00ed internetov\u00e9 platformy?<\/a>\n                                                        <\/div>\n\t\t\t\t\t\t\t\t\t\t\t\t\t\n\t\t\t\t\t\t\t\t\t\t\t\t\t                                                        <div class=\"grid-post-box-meta pcsl-meta\">\n\t\t\t\t\t\t\t\t\t\t\t\t\t\t\t\t\t\t\t\t\t\t\t\t\t\t\t\t\t\t                                                                <span class=\"sl-date\"><time class=\"entry-date published\" datetime=\"2026-05-02T09:00:00+02:00\">mai 2, 2026<\/time><\/span>\n\t\t\t\t\t\t\t\t\t\t\t\t\t\t\t\t\t\t\t\t\t\t\t\t\t\t\t\t\t\t\t\t\t\t\t\t\t\t\t\t\t\t\t\t\t\t\t\t\t\t\t\t\t\t\t\t\t\t\t\t\t\t\t\t\t\t\t\t\t\t\t\t\t\t\t\t\t\t\t\t\t\t\t\t\t\t\t\t\t\t                                                        <\/div>\n\t\t\t\t\t\t\t\t\t\t\t\t\t\n\t\t\t\t\t\t\t\t\t\t\t\t\t\t\t\t\t\t\t\t\t\t\t\t\t\t\n                                                <\/div>\n\n\t\t\t\t\t\t\t\t\t\t\t\t                                            <\/div>\n                                        <\/div>\n                                    <\/div>\n                                \t\t\t\t\t\t\t\t\t\t\t\t\t\t\t\t\t                                    <div class=\"pcsl-item pcsl-nothumb\">\n                                        <div class=\"pcsl-itemin\">\n                                            <div class=\"pcsl-iteminer\">\n\t\t\t\t\t\t\t\t\t\t\t\t\n\t\t\t\t\t\t\t\t\t\t\t\t                                                <div class=\"pcsl-content\">\n\t\t\t\t\t\t\t\t\t\t\t\t\t\n\t\t\t\t\t\t\t\t\t\t\t\t\t                                                        <div class=\"pcsl-title\">\n                                                            <a href=\"https:\/\/gnews.cz\/fr\/tema\/v-malajsii-se-konalo-forum-ctenaru-k-anglicke-verzi-pateho-svazku-xi-jinping-sprava-ciny\/\">V\u00a0Malajsii\u00a0se konalo\u00a0F\u00f3rum \u010dten\u00e1\u0159\u016f k anglick\u00e9 verzi p\u00e1t\u00e9ho svazku \u201eXi Jinping: Spr\u00e1va \u010c\u00edny\u201c<\/a>\n                                                        <\/div>\n\t\t\t\t\t\t\t\t\t\t\t\t\t\n\t\t\t\t\t\t\t\t\t\t\t\t\t                                                        <div class=\"grid-post-box-meta pcsl-meta\">\n\t\t\t\t\t\t\t\t\t\t\t\t\t\t\t\t\t\t\t\t\t\t\t\t\t\t\t\t\t\t                                                                <span class=\"sl-date\"><time class=\"entry-date published\" datetime=\"2026-05-02T01:00:00+02:00\">mai 2, 2026<\/time><\/span>\n\t\t\t\t\t\t\t\t\t\t\t\t\t\t\t\t\t\t\t\t\t\t\t\t\t\t\t\t\t\t\t\t\t\t\t\t\t\t\t\t\t\t\t\t\t\t\t\t\t\t\t\t\t\t\t\t\t\t\t\t\t\t\t\t\t\t\t\t\t\t\t\t\t\t\t\t\t\t\t\t\t\t\t\t\t\t\t\t\t\t                                                        <\/div>\n\t\t\t\t\t\t\t\t\t\t\t\t\t\n\t\t\t\t\t\t\t\t\t\t\t\t\t\t\t\t\t\t\t\t\t\t\t\t\t\t\n                                                <\/div>\n\n\t\t\t\t\t\t\t\t\t\t\t\t                                            <\/div>\n                                        <\/div>\n                                    <\/div>\n                                \t\t\t\t\t\t\t\t\t\t\t\t\t\t\t\t\t                                    <div class=\"pcsl-item pcsl-nothumb\">\n                                        <div class=\"pcsl-itemin\">\n                                            <div class=\"pcsl-iteminer\">\n\t\t\t\t\t\t\t\t\t\t\t\t\n\t\t\t\t\t\t\t\t\t\t\t\t                                                <div class=\"pcsl-content\">\n\t\t\t\t\t\t\t\t\t\t\t\t\t\n\t\t\t\t\t\t\t\t\t\t\t\t\t                                                        <div class=\"pcsl-title\">\n                                                            <a href=\"https:\/\/gnews.cz\/fr\/tema\/zadna-pomoc-pro-kyjev-v-americkem-vojenskem-rozpoctu-na-rok-2027-pentagon\/\">\u017d\u00e1dn\u00e1 pomoc pro Kyjev v americk\u00e9m vojensk\u00e9m rozpo\u010dtu na rok 2027 \u2013 Pentagon<\/a>\n                                                        <\/div>\n\t\t\t\t\t\t\t\t\t\t\t\t\t\n\t\t\t\t\t\t\t\t\t\t\t\t\t                                                        <div class=\"grid-post-box-meta pcsl-meta\">\n\t\t\t\t\t\t\t\t\t\t\t\t\t\t\t\t\t\t\t\t\t\t\t\t\t\t\t\t\t\t                                                                <span class=\"sl-date\"><time class=\"entry-date published\" datetime=\"2026-05-01T15:30:00+02:00\">mai 1, 2026<\/time><\/span>\n\t\t\t\t\t\t\t\t\t\t\t\t\t\t\t\t\t\t\t\t\t\t\t\t\t\t\t\t\t\t\t\t\t\t\t\t\t\t\t\t\t\t\t\t\t\t\t\t\t\t\t\t\t\t\t\t\t\t\t\t\t\t\t\t\t\t\t\t\t\t\t\t\t\t\t\t\t\t\t\t\t\t\t\t\t\t\t\t\t\t                                                        <\/div>\n\t\t\t\t\t\t\t\t\t\t\t\t\t\n\t\t\t\t\t\t\t\t\t\t\t\t\t\t\t\t\t\t\t\t\t\t\t\t\t\t\n                                                <\/div>\n\n\t\t\t\t\t\t\t\t\t\t\t\t                                            <\/div>\n                                        <\/div>\n                                    <\/div>\n                                \t\t\t\t\t\t\t\t\t\t\t\t\t\t\t\t\t                                    <div class=\"pcsl-item pcsl-nothumb\">\n                                        <div class=\"pcsl-itemin\">\n                                            <div class=\"pcsl-iteminer\">\n\t\t\t\t\t\t\t\t\t\t\t\t\n\t\t\t\t\t\t\t\t\t\t\t\t                                                <div class=\"pcsl-content\">\n\t\t\t\t\t\t\t\t\t\t\t\t\t\n\t\t\t\t\t\t\t\t\t\t\t\t\t                                                        <div class=\"pcsl-title\">\n                                                            <a href=\"https:\/\/gnews.cz\/fr\/tema\/trump-rika-ze-iran-umira-touhou-po-dohode-pochybuje-o-nutnosti-dalsich-leteckych-uderu\/\">Trump \u0159\u00edk\u00e1, \u017ee \u00cdr\u00e1n \u201eum\u00edr\u00e1 touhou po dohod\u011b\u201c, pochybuje o nutnosti dal\u0161\u00edch leteck\u00fdch \u00fader\u016f<\/a>\n                                                        <\/div>\n\t\t\t\t\t\t\t\t\t\t\t\t\t\n\t\t\t\t\t\t\t\t\t\t\t\t\t                                                        <div class=\"grid-post-box-meta pcsl-meta\">\n\t\t\t\t\t\t\t\t\t\t\t\t\t\t\t\t\t\t\t\t\t\t\t\t\t\t\t\t\t\t                                                                <span class=\"sl-date\"><time class=\"entry-date published\" datetime=\"2026-05-01T11:00:00+02:00\">mai 1, 2026<\/time><\/span>\n\t\t\t\t\t\t\t\t\t\t\t\t\t\t\t\t\t\t\t\t\t\t\t\t\t\t\t\t\t\t\t\t\t\t\t\t\t\t\t\t\t\t\t\t\t\t\t\t\t\t\t\t\t\t\t\t\t\t\t\t\t\t\t\t\t\t\t\t\t\t\t\t\t\t\t\t\t\t\t\t\t\t\t\t\t\t\t\t\t\t                                                        <\/div>\n\t\t\t\t\t\t\t\t\t\t\t\t\t\n\t\t\t\t\t\t\t\t\t\t\t\t\t\t\t\t\t\t\t\t\t\t\t\t\t\t\n                                                <\/div>\n\n\t\t\t\t\t\t\t\t\t\t\t\t                                            <\/div>\n                                        <\/div>\n                                    <\/div>\n                                \t\t\t\t\t\t\t\t\t\t\t\t\t\t\t\t\t                                    <div class=\"pcsl-item pcsl-nothumb\">\n                                        <div class=\"pcsl-itemin\">\n                                            <div class=\"pcsl-iteminer\">\n\t\t\t\t\t\t\t\t\t\t\t\t\n\t\t\t\t\t\t\t\t\t\t\t\t                                                <div class=\"pcsl-content\">\n\t\t\t\t\t\t\t\t\t\t\t\t\t\n\t\t\t\t\t\t\t\t\t\t\t\t\t                                                        <div class=\"pcsl-title\">\n                                                            <a href=\"https:\/\/gnews.cz\/fr\/neprehlednete\/wang-yi-jednal-v-pekingu-s-ministry-zahranici-belgie-a-laosu-o-posileni-spoluprace\/\">Wang Yi jednal v Pekingu s ministry zahrani\u010d\u00ed Belgie a Laosu o pos\u00edlen\u00ed spolupr\u00e1ce<\/a>\n                                                        <\/div>\n\t\t\t\t\t\t\t\t\t\t\t\t\t\n\t\t\t\t\t\t\t\t\t\t\t\t\t                                                        <div class=\"grid-post-box-meta pcsl-meta\">\n\t\t\t\t\t\t\t\t\t\t\t\t\t\t\t\t\t\t\t\t\t\t\t\t\t\t\t\t\t\t                                                                <span class=\"sl-date\"><time class=\"entry-date published\" datetime=\"2026-05-01T04:00:00+02:00\">mai 1, 2026<\/time><\/span>\n\t\t\t\t\t\t\t\t\t\t\t\t\t\t\t\t\t\t\t\t\t\t\t\t\t\t\t\t\t\t\t\t\t\t\t\t\t\t\t\t\t\t\t\t\t\t\t\t\t\t\t\t\t\t\t\t\t\t\t\t\t\t\t\t\t\t\t\t\t\t\t\t\t\t\t\t\t\t\t\t\t\t\t\t\t\t\t\t\t\t                                                        <\/div>\n\t\t\t\t\t\t\t\t\t\t\t\t\t\n\t\t\t\t\t\t\t\t\t\t\t\t\t\t\t\t\t\t\t\t\t\t\t\t\t\t\n                                                <\/div>\n\n\t\t\t\t\t\t\t\t\t\t\t\t                                            <\/div>\n                                        <\/div>\n                                    <\/div>\n                                \t\t\t\t\t\t\t\t\t\t\t\t\t\t\t\t                        <\/div>\n\n\t\t\t\t\t\t\n                    <\/div>\n\t\t\t\t\t            <\/div>\n        <\/div>\n\t\t\t\t\t\t<\/div>\n\t\t\t\t<\/div>\n\t\t\t\t<\/div>\n\t\t<div class=\"elementor-element elementor-element-ab8094c e-con-full e-flex e-con e-child\" data-id=\"ab8094c\" data-element_type=\"container\" data-e-type=\"container\">\n\t\t\t\t<div class=\"elementor-element elementor-element-7919087 elementor-widget elementor-widget-penci-block-heading\" data-id=\"7919087\" data-element_type=\"widget\" data-e-type=\"widget\" data-widget_type=\"penci-block-heading.default\">\n\t\t\t\t<div class=\"elementor-widget-container\">\n\t\t\t\t\t\t\t<div class=\"penciel-bheading penci-border-arrow penci-homepage-title penci-home-latest-posts style-6 pcalign-left pciconp-right pcicon-right block-title-icon-left\">\n\t\t\t<h3 class=\"inner-arrow\">\n\t\t\t\t<span>\n\t\t\t\t<a href=\"https:\/\/www.gnews.cz\/category\/kultura\">Kultura<\/a>\t\t\t\t<\/span>\n\t\t\t<\/h3>\n\t\t\t\t\t<\/div>\n\t\t\t\t\t\t<\/div>\n\t\t\t\t<\/div>\n\t\t\t\t<div class=\"elementor-element elementor-element-62d17d6 elementor-widget elementor-widget-penci-big-grid\" data-id=\"62d17d6\" data-element_type=\"widget\" data-e-type=\"widget\" data-widget_type=\"penci-big-grid.default\">\n\t\t\t\t<div class=\"elementor-widget-container\">\n\t\t\t\t\t        <div class=\"penci-clearfix penci-biggrid-wrapper penci-grid-col-1 penci-grid-mcol-1 penci-bgrid-based-post penci-bgrid-style-1 pcbg-ficonpo-top-right pcbg-reiconpo-top-left penci-bgrid-content-below pencibg-imageh-zoom-in pencibg-texth-none pencibg-textani-movetop textop\">\n\t\t\t            <div class=\"penci-clearfix penci-biggrid penci-bgstyle-1 penci-bgel\">\n                <div class=\"penci-biggrid-inner default\">\n\t\t\t\t\t<div class=\"penci-clearfix penci-biggrid-data penci-dflex\"><div class=\"penci-bgitem\">\n    <div class=\"penci-bgitin\">\n        <div class=\"penci-bgmain\">\n            <div class=\"pcbg-thumb\">\n\t\t\t\t\t\t\t\t                <div class=\"pcbg-thumbin\">\n                    <a class=\"pcbg-bgoverlay\"\n                       href=\"https:\/\/gnews.cz\/fr\/tema\/tiche-ozveny-svetla\/\" title=\"Tich\u00e9 ozv\u011bny sv\u011btla\"><\/a>\n\n                        <div  data-bgset=\"https:\/\/gnews.cz\/wp-content\/uploads\/2026\/05\/IMG_20260502_164219-585x407.webp\" data_bg_hidpi=\"https:\/\/gnews.cz\/wp-content\/uploads\/2026\/05\/IMG_20260502_164219-585x407.webp\" class=\"penci-lazy penci-image-holder\">\n                                                    <\/div>\n\n                <\/div>\n            <\/div>\n            <div class=\"pcbg-content\">\n                <div class=\"pcbg-content-flex\">\n                    <a class=\"pcbg-bgoverlay\"\n                       href=\"https:\/\/gnews.cz\/fr\/tema\/tiche-ozveny-svetla\/\" title=\"Tich\u00e9 ozv\u011bny sv\u011btla\"><\/a>\n                    <div class=\"pcbg-content-inner bgcontent-block\">\n                        <a href=\"https:\/\/gnews.cz\/fr\/tema\/tiche-ozveny-svetla\/\" title=\"Tich\u00e9 ozv\u011bny sv\u011btla\"\n                           class=\"pcbg-bgoverlaytext item-hover\"><\/a>\n\n\t\t\t\t\t\t                            <div class=\"pcbg-above item-hover\">\n\t\t\t\t\t\t\t<span class=\"cat pcbg-sub-title\">\n\t\t\t\t\t\t\t\t<a style=\"\" class=\"penci-cat-name penci-cat-2968\" href=\"https:\/\/gnews.cz\/fr\/category\/domaci\/\"  rel=\"category tag\"><span style=\"\">Dom\u00e1c\u00ed<\/span><\/a><a style=\"\" class=\"penci-cat-name penci-cat-6\" href=\"https:\/\/gnews.cz\/fr\/category\/kultura\/\"  rel=\"category tag\"><span style=\"\">Kultura<\/span><\/a><a style=\"\" class=\"penci-cat-name penci-cat-3\" href=\"https:\/\/gnews.cz\/fr\/category\/neprehlednete\/\"  rel=\"category tag\"><span style=\"\">Nep\u0159ehl\u00e9dn\u011bte<\/span><\/a><a style=\"\" class=\"penci-cat-name penci-cat-658\" href=\"https:\/\/gnews.cz\/fr\/category\/prectete-si\/\"  rel=\"category tag\"><span style=\"\">P\u0159e\u010dt\u011bte si tak\u00e9<\/span><\/a><a style=\"\" class=\"penci-cat-name penci-cat-1\" href=\"https:\/\/gnews.cz\/fr\/category\/tema\/\"  rel=\"category tag\"><span style=\"\">T\u00e9ma<\/span><\/a><a style=\"\" class=\"penci-cat-name penci-cat-3104\" href=\"https:\/\/gnews.cz\/fr\/category\/kultura\/veda\/\"  rel=\"category tag\"><span style=\"\">v\u011bda<\/span><\/a><a style=\"\" class=\"penci-cat-name penci-cat-8\" href=\"https:\/\/gnews.cz\/fr\/category\/kultura\/zabava\/\"  rel=\"category tag\"><span style=\"\">Z\u00e1bava<\/span><\/a><a style=\"\" class=\"penci-cat-name penci-cat-5\" href=\"https:\/\/gnews.cz\/fr\/category\/kultura\/zdravy-styl\/\"  rel=\"category tag\"><span style=\"\">Zdrav\u00fd styl<\/span><\/a>\t\t\t\t\t\t\t<\/span>\n                            <\/div>\n\t\t\t\t\t\t\n\t\t\t\t\t\t                            <div class=\"pcbg-heading item-hover\">\n                                <h3 class=\"pcbg-title\">\n                                    <a href=\"https:\/\/gnews.cz\/fr\/tema\/tiche-ozveny-svetla\/\">\n\t\t\t\t\t\t\t\t\t\tTich\u00e9 ozv\u011bny sv\u011btla                                    <\/a>\n                                <\/h3>\n                            <\/div>\n\t\t\t\t\t\t\n\t\t\t\t\t\t                            <div class=\"grid-post-box-meta pcbg-meta item-hover\">\n                                <div class=\"pcbg-meta-desc\">\n\t\t\t\t\t\t\t\t\t\t\t\t\t\t\t\t\t\t                                        <span class=\"bg-date\"><time class=\"entry-date published\" datetime=\"2026-05-03T12:30:00+02:00\">mai 3, 2026<\/time><\/span>\n\t\t\t\t\t\t\t\t\t\t\t\t\t\t\t\t\t\t\t\t\t\t\t\t\t\t\t\t\t\t\t\t\t\t\t\t\t\t\t\t\t\t\t\t\t\t\t\t\t\t\t\t\t\t                                <\/div>\n\t\t\t\t\t\t\t\t                            <\/div>\n\t\t\t\t\t\t\n\t\t\t\t\t\t                    <\/div>\n                <\/div>\n            <\/div>\n        <\/div>\n    <\/div>\n<\/div>\n<\/div>                <\/div>\n\t\t\t\t            <\/div>\n        <\/div>\n\t\t\t\t\t\t<\/div>\n\t\t\t\t<\/div>\n\t\t\t\t<div class=\"elementor-element elementor-element-9f5e5f0 elementor-widget elementor-widget-penci-small-list\" data-id=\"9f5e5f0\" data-element_type=\"widget\" data-e-type=\"widget\" data-widget_type=\"penci-small-list.default\">\n\t\t\t\t<div class=\"elementor-widget-container\">\n\t\t\t\t\t<script>if( typeof(penciBlock) === \"undefined\" ) {function penciBlock() { this.atts_json = ''; this.content = ''; }}var penciBlocksArray = penciBlocksArray || [];var PENCILOCALCACHE = PENCILOCALCACHE || {};var pcblock_9825 = new penciBlock();pcblock_9825.blockID=\"pcblock_9825\";pcblock_9825.atts_json = '{\"type\":\"grid\",\"dformat\":\"\",\"date_pos\":\"left\",\"column\":\"1\",\"tab_column\":\"1\",\"mb_column\":\"1\",\"imgpos\":\"left\",\"thumb_size\":\"\",\"mthumb_size\":\"\",\"post_meta\":[\"title\",\"date\"],\"primary_cat\":\"\",\"title_length\":\"\",\"excerpt_pos\":\"below\",\"rmstyle\":\"filled\",\"excerpt_length\":15,\"nocrop\":\"\",\"hide_cat_mobile\":\"\",\"hide_meta_mobile\":\"\",\"hide_excerpt_mobile\":\"\",\"hide_rm_mobile\":\"\",\"imgtop_mobile\":\"\",\"ver_border\":\"\",\"hide_thumb\":\"yes\",\"show_reviewpie\":\"\",\"show_formaticon\":\"\",\"disable_lazy\":\"\",\"show_excerpt\":\"\",\"show_readmore\":\"\",\"query\":{\"orderby\":\"date\",\"order\":\"desc\",\"ignore_sticky_posts\":1,\"post_status\":\"publish\",\"post__not_in\":[],\"post_type\":\"post\",\"posts_per_page\":9,\"tax_query\":[{\"taxonomy\":\"category\",\"field\":\"term_id\",\"terms\":[\"6\"]}],\"offset\":1},\"category_ids\":\"\",\"taxonomy\":\"\"}';penciBlocksArray.push(pcblock_9825);<\/script>        <div class=\"penci-wrapper-smalllist\">\n\t\t\t\t\t\t            <div class=\"penci-smalllist-wrapper\">\n\t\t\t\t                    <div class=\"penci-smalllist pcsl-wrapper pwsl-id-default\">\n                        <div class=\"pcsl-inner penci-clearfix pcsl-grid pcsl-imgpos-left pcsl-col-1 pcsl-tabcol-1 pcsl-mobcol-1\">\n\t\t\t\t\t\t\t\t\t\t\t\t\t\t\t\t\t\t\t\t\t\t\t\t                                    <div class=\"pcsl-item pcsl-nothumb\">\n                                        <div class=\"pcsl-itemin\">\n                                            <div class=\"pcsl-iteminer\">\n\t\t\t\t\t\t\t\t\t\t\t\t\n\t\t\t\t\t\t\t\t\t\t\t\t                                                <div class=\"pcsl-content\">\n\t\t\t\t\t\t\t\t\t\t\t\t\t\n\t\t\t\t\t\t\t\t\t\t\t\t\t                                                        <div class=\"pcsl-title\">\n                                                            <a href=\"https:\/\/gnews.cz\/fr\/neprehlednete\/kulinarske-dialogy-pres-hory-a-reky-kdyz-se-ceska-kuchyne-setka-s-tou-cinskou-aneb-knedlo-vepro-a-zelo\/\">Kulin\u00e1\u0159sk\u00e9 dialogy p\u0159es hory a \u0159eky: Kdy\u017e se \u010cesk\u00e1 kuchyn\u011b setk\u00e1 s tou \u010d\u00ednskou aneb knedlo, vep\u0159o a zelo<\/a>\n                                                        <\/div>\n\t\t\t\t\t\t\t\t\t\t\t\t\t\n\t\t\t\t\t\t\t\t\t\t\t\t\t                                                        <div class=\"grid-post-box-meta pcsl-meta\">\n\t\t\t\t\t\t\t\t\t\t\t\t\t\t\t\t\t\t\t\t\t\t\t\t\t\t\t\t\t\t                                                                <span class=\"sl-date\"><time class=\"entry-date published\" datetime=\"2026-05-02T21:30:00+02:00\">mai 2, 2026<\/time><\/span>\n\t\t\t\t\t\t\t\t\t\t\t\t\t\t\t\t\t\t\t\t\t\t\t\t\t\t\t\t\t\t\t\t\t\t\t\t\t\t\t\t\t\t\t\t\t\t\t\t\t\t\t\t\t\t\t\t\t\t\t\t\t\t\t\t\t\t\t\t\t\t\t\t\t\t\t\t\t\t\t\t\t\t\t\t\t\t\t\t\t\t                                                        <\/div>\n\t\t\t\t\t\t\t\t\t\t\t\t\t\n\t\t\t\t\t\t\t\t\t\t\t\t\t\t\t\t\t\t\t\t\t\t\t\t\t\t\n                                                <\/div>\n\n\t\t\t\t\t\t\t\t\t\t\t\t                                            <\/div>\n                                        <\/div>\n                                    <\/div>\n                                \t\t\t\t\t\t\t\t\t\t\t\t\t\t\t\t\t                                    <div class=\"pcsl-item pcsl-nothumb\">\n                                        <div class=\"pcsl-itemin\">\n                                            <div class=\"pcsl-iteminer\">\n\t\t\t\t\t\t\t\t\t\t\t\t\n\t\t\t\t\t\t\t\t\t\t\t\t                                                <div class=\"pcsl-content\">\n\t\t\t\t\t\t\t\t\t\t\t\t\t\n\t\t\t\t\t\t\t\t\t\t\t\t\t                                                        <div class=\"pcsl-title\">\n                                                            <a href=\"https:\/\/gnews.cz\/fr\/tema\/jazyk-v-ere-digitalni-rychlosti-evoluce-nebo-upadek\/\">Jazyk v \u00e9\u0159e digit\u00e1ln\u00ed rychlosti: Evoluce, nebo \u00fapadek?<\/a>\n                                                        <\/div>\n\t\t\t\t\t\t\t\t\t\t\t\t\t\n\t\t\t\t\t\t\t\t\t\t\t\t\t                                                        <div class=\"grid-post-box-meta pcsl-meta\">\n\t\t\t\t\t\t\t\t\t\t\t\t\t\t\t\t\t\t\t\t\t\t\t\t\t\t\t\t\t\t                                                                <span class=\"sl-date\"><time class=\"entry-date published\" datetime=\"2026-05-02T12:00:00+02:00\">mai 2, 2026<\/time><\/span>\n\t\t\t\t\t\t\t\t\t\t\t\t\t\t\t\t\t\t\t\t\t\t\t\t\t\t\t\t\t\t\t\t\t\t\t\t\t\t\t\t\t\t\t\t\t\t\t\t\t\t\t\t\t\t\t\t\t\t\t\t\t\t\t\t\t\t\t\t\t\t\t\t\t\t\t\t\t\t\t\t\t\t\t\t\t\t\t\t\t\t                                                        <\/div>\n\t\t\t\t\t\t\t\t\t\t\t\t\t\n\t\t\t\t\t\t\t\t\t\t\t\t\t\t\t\t\t\t\t\t\t\t\t\t\t\t\n                                                <\/div>\n\n\t\t\t\t\t\t\t\t\t\t\t\t                                            <\/div>\n                                        <\/div>\n                                    <\/div>\n                                \t\t\t\t\t\t\t\t\t\t\t\t\t\t\t\t\t                                    <div class=\"pcsl-item pcsl-nothumb\">\n                                        <div class=\"pcsl-itemin\">\n                                            <div class=\"pcsl-iteminer\">\n\t\t\t\t\t\t\t\t\t\t\t\t\n\t\t\t\t\t\t\t\t\t\t\t\t                                                <div class=\"pcsl-content\">\n\t\t\t\t\t\t\t\t\t\t\t\t\t\n\t\t\t\t\t\t\t\t\t\t\t\t\t                                                        <div class=\"pcsl-title\">\n                                                            <a href=\"https:\/\/gnews.cz\/fr\/rozhovory\/proc-jsem-nikdy-neposlala-svou-dceru-do-skoly-odvazna-revoluce-v-rodicovstvi-od-odbornice-pro-stastne-a-spokojene-deti-zdenka-sip-stankova\/\">Pro\u010d jsem nikdy neposlala svou dceru do \u0161koly: Odv\u00e1\u017en\u00e1 revoluce v rodi\u010dovstv\u00ed od odbornice pro \u0161\u0165astn\u00e9 a spokojen\u00e9 d\u011bti \u2013 Zde\u0148ka \u0160\u00edp Sta\u0148kov\u00e1<\/a>\n                                                        <\/div>\n\t\t\t\t\t\t\t\t\t\t\t\t\t\n\t\t\t\t\t\t\t\t\t\t\t\t\t                                                        <div class=\"grid-post-box-meta pcsl-meta\">\n\t\t\t\t\t\t\t\t\t\t\t\t\t\t\t\t\t\t\t\t\t\t\t\t\t\t\t\t\t\t                                                                <span class=\"sl-date\"><time class=\"entry-date published\" datetime=\"2026-05-02T06:00:00+02:00\">mai 2, 2026<\/time><\/span>\n\t\t\t\t\t\t\t\t\t\t\t\t\t\t\t\t\t\t\t\t\t\t\t\t\t\t\t\t\t\t\t\t\t\t\t\t\t\t\t\t\t\t\t\t\t\t\t\t\t\t\t\t\t\t\t\t\t\t\t\t\t\t\t\t\t\t\t\t\t\t\t\t\t\t\t\t\t\t\t\t\t\t\t\t\t\t\t\t\t\t                                                        <\/div>\n\t\t\t\t\t\t\t\t\t\t\t\t\t\n\t\t\t\t\t\t\t\t\t\t\t\t\t\t\t\t\t\t\t\t\t\t\t\t\t\t\n                                                <\/div>\n\n\t\t\t\t\t\t\t\t\t\t\t\t                                            <\/div>\n                                        <\/div>\n                                    <\/div>\n                                \t\t\t\t\t\t\t\t\t\t\t\t\t\t\t\t\t                                    <div class=\"pcsl-item pcsl-nothumb\">\n                                        <div class=\"pcsl-itemin\">\n                                            <div class=\"pcsl-iteminer\">\n\t\t\t\t\t\t\t\t\t\t\t\t\n\t\t\t\t\t\t\t\t\t\t\t\t                                                <div class=\"pcsl-content\">\n\t\t\t\t\t\t\t\t\t\t\t\t\t\n\t\t\t\t\t\t\t\t\t\t\t\t\t                                                        <div class=\"pcsl-title\">\n                                                            <a href=\"https:\/\/gnews.cz\/fr\/tema\/proc-mluvime-o-smrti-vzdy-na-jare\/\">Pro\u010d mluv\u00edme o smrti v\u017edy na ja\u0159e?<\/a>\n                                                        <\/div>\n\t\t\t\t\t\t\t\t\t\t\t\t\t\n\t\t\t\t\t\t\t\t\t\t\t\t\t                                                        <div class=\"grid-post-box-meta pcsl-meta\">\n\t\t\t\t\t\t\t\t\t\t\t\t\t\t\t\t\t\t\t\t\t\t\t\t\t\t\t\t\t\t                                                                <span class=\"sl-date\"><time class=\"entry-date published\" datetime=\"2026-05-01T18:30:00+02:00\">mai 1, 2026<\/time><\/span>\n\t\t\t\t\t\t\t\t\t\t\t\t\t\t\t\t\t\t\t\t\t\t\t\t\t\t\t\t\t\t\t\t\t\t\t\t\t\t\t\t\t\t\t\t\t\t\t\t\t\t\t\t\t\t\t\t\t\t\t\t\t\t\t\t\t\t\t\t\t\t\t\t\t\t\t\t\t\t\t\t\t\t\t\t\t\t\t\t\t\t                                                        <\/div>\n\t\t\t\t\t\t\t\t\t\t\t\t\t\n\t\t\t\t\t\t\t\t\t\t\t\t\t\t\t\t\t\t\t\t\t\t\t\t\t\t\n                                                <\/div>\n\n\t\t\t\t\t\t\t\t\t\t\t\t                                            <\/div>\n                                        <\/div>\n                                    <\/div>\n                                \t\t\t\t\t\t\t\t\t\t\t\t\t\t\t\t\t                                    <div class=\"pcsl-item pcsl-nothumb\">\n                                        <div class=\"pcsl-itemin\">\n                                            <div class=\"pcsl-iteminer\">\n\t\t\t\t\t\t\t\t\t\t\t\t\n\t\t\t\t\t\t\t\t\t\t\t\t                                                <div class=\"pcsl-content\">\n\t\t\t\t\t\t\t\t\t\t\t\t\t\n\t\t\t\t\t\t\t\t\t\t\t\t\t                                                        <div class=\"pcsl-title\">\n                                                            <a href=\"https:\/\/gnews.cz\/fr\/tema\/vojna-neni-kojna-aneb-mala-sonda-do-velkeho-nametu\/\">Vojna nen\u00ed kojn\u00e1 aneb Mal\u00e1 sonda do velk\u00e9ho n\u00e1m\u011btu (\u010desk\u00fd humor)<\/a>\n                                                        <\/div>\n\t\t\t\t\t\t\t\t\t\t\t\t\t\n\t\t\t\t\t\t\t\t\t\t\t\t\t                                                        <div class=\"grid-post-box-meta pcsl-meta\">\n\t\t\t\t\t\t\t\t\t\t\t\t\t\t\t\t\t\t\t\t\t\t\t\t\t\t\t\t\t\t                                                                <span class=\"sl-date\"><time class=\"entry-date published\" datetime=\"2026-05-01T13:00:00+02:00\">mai 1, 2026<\/time><\/span>\n\t\t\t\t\t\t\t\t\t\t\t\t\t\t\t\t\t\t\t\t\t\t\t\t\t\t\t\t\t\t\t\t\t\t\t\t\t\t\t\t\t\t\t\t\t\t\t\t\t\t\t\t\t\t\t\t\t\t\t\t\t\t\t\t\t\t\t\t\t\t\t\t\t\t\t\t\t\t\t\t\t\t\t\t\t\t\t\t\t\t                                                        <\/div>\n\t\t\t\t\t\t\t\t\t\t\t\t\t\n\t\t\t\t\t\t\t\t\t\t\t\t\t\t\t\t\t\t\t\t\t\t\t\t\t\t\n                                                <\/div>\n\n\t\t\t\t\t\t\t\t\t\t\t\t                                            <\/div>\n                                        <\/div>\n                                    <\/div>\n                                \t\t\t\t\t\t\t\t\t\t\t\t\t\t\t\t\t                                    <div class=\"pcsl-item pcsl-nothumb\">\n                                        <div class=\"pcsl-itemin\">\n                                            <div class=\"pcsl-iteminer\">\n\t\t\t\t\t\t\t\t\t\t\t\t\n\t\t\t\t\t\t\t\t\t\t\t\t                                                <div class=\"pcsl-content\">\n\t\t\t\t\t\t\t\t\t\t\t\t\t\n\t\t\t\t\t\t\t\t\t\t\t\t\t                                                        <div class=\"pcsl-title\">\n                                                            <a href=\"https:\/\/gnews.cz\/fr\/neprehlednete\/odstranovani-prekazek-pro-zeny-v-agropodnikani-pohledy-tuniska-a-jihoafricke-republiky\/\">Odstra\u0148ov\u00e1n\u00ed p\u0159ek\u00e1\u017eek pro \u017eeny v agropodnik\u00e1n\u00ed \u2013 pohledy Tuniska a Jihoafrick\u00e9 republiky<\/a>\n                                                        <\/div>\n\t\t\t\t\t\t\t\t\t\t\t\t\t\n\t\t\t\t\t\t\t\t\t\t\t\t\t                                                        <div class=\"grid-post-box-meta pcsl-meta\">\n\t\t\t\t\t\t\t\t\t\t\t\t\t\t\t\t\t\t\t\t\t\t\t\t\t\t\t\t\t\t                                                                <span class=\"sl-date\"><time class=\"entry-date published\" datetime=\"2026-04-30T21:00:00+02:00\">avril 30, 2026<\/time><\/span>\n\t\t\t\t\t\t\t\t\t\t\t\t\t\t\t\t\t\t\t\t\t\t\t\t\t\t\t\t\t\t\t\t\t\t\t\t\t\t\t\t\t\t\t\t\t\t\t\t\t\t\t\t\t\t\t\t\t\t\t\t\t\t\t\t\t\t\t\t\t\t\t\t\t\t\t\t\t\t\t\t\t\t\t\t\t\t\t\t\t\t                                                        <\/div>\n\t\t\t\t\t\t\t\t\t\t\t\t\t\n\t\t\t\t\t\t\t\t\t\t\t\t\t\t\t\t\t\t\t\t\t\t\t\t\t\t\n                                                <\/div>\n\n\t\t\t\t\t\t\t\t\t\t\t\t                                            <\/div>\n                                        <\/div>\n                                    <\/div>\n                                \t\t\t\t\t\t\t\t\t\t\t\t\t\t\t\t\t                                    <div class=\"pcsl-item pcsl-nothumb\">\n                                        <div class=\"pcsl-itemin\">\n                                            <div class=\"pcsl-iteminer\">\n\t\t\t\t\t\t\t\t\t\t\t\t\n\t\t\t\t\t\t\t\t\t\t\t\t                                                <div class=\"pcsl-content\">\n\t\t\t\t\t\t\t\t\t\t\t\t\t\n\t\t\t\t\t\t\t\t\t\t\t\t\t                                                        <div class=\"pcsl-title\">\n                                                            <a href=\"https:\/\/gnews.cz\/fr\/ekonomika\/xi-jinping-zduraznil-posileni-zakladniho-vyzkumu-pro-technologickou-sobestacnost-ciny\/\">Xi Jinping zd\u016fraznil pos\u00edlen\u00ed z\u00e1kladn\u00edho v\u00fdzkumu pro technologickou sob\u011bsta\u010dnost \u010c\u00edny<\/a>\n                                                        <\/div>\n\t\t\t\t\t\t\t\t\t\t\t\t\t\n\t\t\t\t\t\t\t\t\t\t\t\t\t                                                        <div class=\"grid-post-box-meta pcsl-meta\">\n\t\t\t\t\t\t\t\t\t\t\t\t\t\t\t\t\t\t\t\t\t\t\t\t\t\t\t\t\t\t                                                                <span class=\"sl-date\"><time class=\"entry-date published\" datetime=\"2026-04-30T07:44:00+02:00\">avril 30, 2026<\/time><\/span>\n\t\t\t\t\t\t\t\t\t\t\t\t\t\t\t\t\t\t\t\t\t\t\t\t\t\t\t\t\t\t\t\t\t\t\t\t\t\t\t\t\t\t\t\t\t\t\t\t\t\t\t\t\t\t\t\t\t\t\t\t\t\t\t\t\t\t\t\t\t\t\t\t\t\t\t\t\t\t\t\t\t\t\t\t\t\t\t\t\t\t                                                        <\/div>\n\t\t\t\t\t\t\t\t\t\t\t\t\t\n\t\t\t\t\t\t\t\t\t\t\t\t\t\t\t\t\t\t\t\t\t\t\t\t\t\t\n                                                <\/div>\n\n\t\t\t\t\t\t\t\t\t\t\t\t                                            <\/div>\n                                        <\/div>\n                                    <\/div>\n                                \t\t\t\t\t\t\t\t\t\t\t\t\t\t\t\t\t                                    <div class=\"pcsl-item pcsl-nothumb\">\n                                        <div class=\"pcsl-itemin\">\n                                            <div class=\"pcsl-iteminer\">\n\t\t\t\t\t\t\t\t\t\t\t\t\n\t\t\t\t\t\t\t\t\t\t\t\t                                                <div class=\"pcsl-content\">\n\t\t\t\t\t\t\t\t\t\t\t\t\t\n\t\t\t\t\t\t\t\t\t\t\t\t\t                                                        <div class=\"pcsl-title\">\n                                                            <a href=\"https:\/\/gnews.cz\/fr\/neprehlednete\/v-jakarte-byl-predstaven-paty-dil-knihy-xi-jinping-the-governance-of-china\/\">V Jakart\u011b byl p\u0159edstaven p\u00e1t\u00fd d\u00edl knihy \u201eXi Jinping: The Governance of China\u201c<\/a>\n                                                        <\/div>\n\t\t\t\t\t\t\t\t\t\t\t\t\t\n\t\t\t\t\t\t\t\t\t\t\t\t\t                                                        <div class=\"grid-post-box-meta pcsl-meta\">\n\t\t\t\t\t\t\t\t\t\t\t\t\t\t\t\t\t\t\t\t\t\t\t\t\t\t\t\t\t\t                                                                <span class=\"sl-date\"><time class=\"entry-date published\" datetime=\"2026-04-28T21:53:55+02:00\">avril 28, 2026<\/time><\/span>\n\t\t\t\t\t\t\t\t\t\t\t\t\t\t\t\t\t\t\t\t\t\t\t\t\t\t\t\t\t\t\t\t\t\t\t\t\t\t\t\t\t\t\t\t\t\t\t\t\t\t\t\t\t\t\t\t\t\t\t\t\t\t\t\t\t\t\t\t\t\t\t\t\t\t\t\t\t\t\t\t\t\t\t\t\t\t\t\t\t\t                                                        <\/div>\n\t\t\t\t\t\t\t\t\t\t\t\t\t\n\t\t\t\t\t\t\t\t\t\t\t\t\t\t\t\t\t\t\t\t\t\t\t\t\t\t\n                                                <\/div>\n\n\t\t\t\t\t\t\t\t\t\t\t\t                                            <\/div>\n                                        <\/div>\n                                    <\/div>\n                                \t\t\t\t\t\t\t\t\t\t\t\t\t\t\t\t\t                                    <div class=\"pcsl-item pcsl-nothumb\">\n                                        <div class=\"pcsl-itemin\">\n                                            <div class=\"pcsl-iteminer\">\n\t\t\t\t\t\t\t\t\t\t\t\t\n\t\t\t\t\t\t\t\t\t\t\t\t                                                <div class=\"pcsl-content\">\n\t\t\t\t\t\t\t\t\t\t\t\t\t\n\t\t\t\t\t\t\t\t\t\t\t\t\t                                                        <div class=\"pcsl-title\">\n                                                            <a href=\"https:\/\/gnews.cz\/fr\/neprehlednete\/park-podel-reky-o-svatku-qingming\/\">Park Pod\u00e9l \u0159eky o sv\u00e1tku Qingming<\/a>\n                                                        <\/div>\n\t\t\t\t\t\t\t\t\t\t\t\t\t\n\t\t\t\t\t\t\t\t\t\t\t\t\t                                                        <div class=\"grid-post-box-meta pcsl-meta\">\n\t\t\t\t\t\t\t\t\t\t\t\t\t\t\t\t\t\t\t\t\t\t\t\t\t\t\t\t\t\t                                                                <span class=\"sl-date\"><time class=\"entry-date published\" datetime=\"2026-04-27T20:40:53+02:00\">avril 27, 2026<\/time><\/span>\n\t\t\t\t\t\t\t\t\t\t\t\t\t\t\t\t\t\t\t\t\t\t\t\t\t\t\t\t\t\t\t\t\t\t\t\t\t\t\t\t\t\t\t\t\t\t\t\t\t\t\t\t\t\t\t\t\t\t\t\t\t\t\t\t\t\t\t\t\t\t\t\t\t\t\t\t\t\t\t\t\t\t\t\t\t\t\t\t\t\t                                                        <\/div>\n\t\t\t\t\t\t\t\t\t\t\t\t\t\n\t\t\t\t\t\t\t\t\t\t\t\t\t\t\t\t\t\t\t\t\t\t\t\t\t\t\n                                                <\/div>\n\n\t\t\t\t\t\t\t\t\t\t\t\t                                            <\/div>\n                                        <\/div>\n                                    <\/div>\n                                \t\t\t\t\t\t\t\t\t\t\t\t\t\t\t\t                        <\/div>\n\n\t\t\t\t\t\t\n                    <\/div>\n\t\t\t\t\t            <\/div>\n        <\/div>\n\t\t\t\t\t\t<\/div>\n\t\t\t\t<\/div>\n\t\t\t\t<\/div>\n\t\t\t\t<\/div>\n\t\t<div class=\"elementor-element elementor-element-e9181cd e-con-full e-grid e-con e-parent\" data-id=\"e9181cd\" data-element_type=\"container\" data-e-type=\"container\">\n\t\t<div class=\"elementor-element elementor-element-34b0a94 e-con-full e-flex e-con e-child\" data-id=\"34b0a94\" data-element_type=\"container\" data-e-type=\"container\">\n\t\t\t\t<div class=\"elementor-element elementor-element-a62fd6f elementor-widget elementor-widget-penci-block-heading\" data-id=\"a62fd6f\" data-element_type=\"widget\" data-e-type=\"widget\" data-widget_type=\"penci-block-heading.default\">\n\t\t\t\t<div class=\"elementor-widget-container\">\n\t\t\t\t\t\t\t<div class=\"penciel-bheading penci-border-arrow penci-homepage-title penci-home-latest-posts style-6 pcalign-left pciconp-right pcicon-right block-title-icon-left\">\n\t\t\t<h3 class=\"inner-arrow\">\n\t\t\t\t<span>\n\t\t\t\t<a href=\"https:\/\/gnews.cz\/cs_cz\/tag\/cr\/\">\u010cR<\/a>\t\t\t\t<\/span>\n\t\t\t<\/h3>\n\t\t\t\t\t<\/div>\n\t\t\t\t\t\t<\/div>\n\t\t\t\t<\/div>\n\t\t\t\t<div class=\"elementor-element elementor-element-75b0cdc elementor-widget elementor-widget-penci-big-grid\" data-id=\"75b0cdc\" data-element_type=\"widget\" data-e-type=\"widget\" data-widget_type=\"penci-big-grid.default\">\n\t\t\t\t<div class=\"elementor-widget-container\">\n\t\t\t\t\t        <div class=\"penci-clearfix penci-biggrid-wrapper penci-grid-col-1 penci-grid-mcol-1 penci-bgrid-based-post penci-bgrid-style-1 pcbg-ficonpo-top-right pcbg-reiconpo-top-left penci-bgrid-content-below pencibg-imageh-zoom-in pencibg-texth-none pencibg-textani-movetop textop\">\n\t\t\t            <div class=\"penci-clearfix penci-biggrid penci-bgstyle-1 penci-bgel\">\n                <div class=\"penci-biggrid-inner default\">\n\t\t\t\t\t<div class=\"penci-clearfix penci-biggrid-data penci-dflex\"><div class=\"penci-bgitem\">\n    <div class=\"penci-bgitin\">\n        <div class=\"penci-bgmain\">\n            <div class=\"pcbg-thumb\">\n\t\t\t\t\t\t\t\t                <div class=\"pcbg-thumbin\">\n                    <a class=\"pcbg-bgoverlay\"\n                       href=\"https:\/\/gnews.cz\/fr\/tema\/tiche-ozveny-svetla\/\" title=\"Tich\u00e9 ozv\u011bny sv\u011btla\"><\/a>\n\n                        <div  data-bgset=\"https:\/\/gnews.cz\/wp-content\/uploads\/2026\/05\/IMG_20260502_164219-585x407.webp\" data_bg_hidpi=\"https:\/\/gnews.cz\/wp-content\/uploads\/2026\/05\/IMG_20260502_164219-585x407.webp\" class=\"penci-lazy penci-image-holder\">\n                                                    <\/div>\n\n                <\/div>\n            <\/div>\n            <div class=\"pcbg-content\">\n                <div class=\"pcbg-content-flex\">\n                    <a class=\"pcbg-bgoverlay\"\n                       href=\"https:\/\/gnews.cz\/fr\/tema\/tiche-ozveny-svetla\/\" title=\"Tich\u00e9 ozv\u011bny sv\u011btla\"><\/a>\n                    <div class=\"pcbg-content-inner bgcontent-block\">\n                        <a href=\"https:\/\/gnews.cz\/fr\/tema\/tiche-ozveny-svetla\/\" title=\"Tich\u00e9 ozv\u011bny sv\u011btla\"\n                           class=\"pcbg-bgoverlaytext item-hover\"><\/a>\n\n\t\t\t\t\t\t\n\t\t\t\t\t\t                            <div class=\"pcbg-heading item-hover\">\n                                <h3 class=\"pcbg-title\">\n                                    <a href=\"https:\/\/gnews.cz\/fr\/tema\/tiche-ozveny-svetla\/\">\n\t\t\t\t\t\t\t\t\t\tTich\u00e9 ozv\u011bny sv\u011btla                                    <\/a>\n                                <\/h3>\n                            <\/div>\n\t\t\t\t\t\t\n\t\t\t\t\t\t                            <div class=\"grid-post-box-meta pcbg-meta item-hover\">\n                                <div class=\"pcbg-meta-desc\">\n\t\t\t\t\t\t\t\t\t\t\t\t\t\t\t\t\t\t                                        <span class=\"bg-date\"><time class=\"entry-date published\" datetime=\"2026-05-03T12:30:00+02:00\">mai 3, 2026<\/time><\/span>\n\t\t\t\t\t\t\t\t\t\t\t\t\t\t\t\t\t\t\t\t\t\t\t\t\t\t\t\t\t\t\t\t\t\t\t\t\t\t\t\t\t\t\t\t\t\t\t\t\t\t\t\t\t\t                                <\/div>\n\t\t\t\t\t\t\t\t                            <\/div>\n\t\t\t\t\t\t\n\t\t\t\t\t\t                    <\/div>\n                <\/div>\n            <\/div>\n        <\/div>\n    <\/div>\n<\/div>\n<\/div>                <\/div>\n\t\t\t\t            <\/div>\n        <\/div>\n\t\t\t\t\t\t<\/div>\n\t\t\t\t<\/div>\n\t\t\t\t<div class=\"elementor-element elementor-element-5a50e71 elementor-widget elementor-widget-penci-small-list\" data-id=\"5a50e71\" data-element_type=\"widget\" data-e-type=\"widget\" data-widget_type=\"penci-small-list.default\">\n\t\t\t\t<div class=\"elementor-widget-container\">\n\t\t\t\t\t<script>if( typeof(penciBlock) === \"undefined\" ) {function penciBlock() { this.atts_json = ''; this.content = ''; }}var penciBlocksArray = penciBlocksArray || [];var PENCILOCALCACHE = PENCILOCALCACHE || {};var pcblock_8191 = new penciBlock();pcblock_8191.blockID=\"pcblock_8191\";pcblock_8191.atts_json = '{\"type\":\"grid\",\"dformat\":\"\",\"date_pos\":\"left\",\"column\":\"1\",\"tab_column\":\"1\",\"mb_column\":\"1\",\"imgpos\":\"left\",\"thumb_size\":\"\",\"mthumb_size\":\"\",\"post_meta\":[\"title\",\"date\"],\"primary_cat\":\"\",\"title_length\":\"\",\"excerpt_pos\":\"below\",\"rmstyle\":\"filled\",\"excerpt_length\":15,\"nocrop\":\"\",\"hide_cat_mobile\":\"\",\"hide_meta_mobile\":\"\",\"hide_excerpt_mobile\":\"\",\"hide_rm_mobile\":\"\",\"imgtop_mobile\":\"\",\"ver_border\":\"\",\"hide_thumb\":\"yes\",\"show_reviewpie\":\"\",\"show_formaticon\":\"\",\"disable_lazy\":\"\",\"show_excerpt\":\"\",\"show_readmore\":\"\",\"query\":{\"orderby\":\"date\",\"order\":\"desc\",\"ignore_sticky_posts\":1,\"post_status\":\"publish\",\"post__not_in\":[],\"post_type\":\"post\",\"posts_per_page\":4,\"tax_query\":[{\"taxonomy\":\"category\",\"field\":\"term_id\",\"terms\":[\"2968\"]},{\"taxonomy\":\"category\",\"field\":\"term_id\",\"terms\":[\"4\",\"2973\"],\"operator\":\"NOT IN\"}],\"offset\":1},\"category_ids\":\"\",\"taxonomy\":\"\"}';penciBlocksArray.push(pcblock_8191);<\/script>        <div class=\"penci-wrapper-smalllist\">\n\t\t\t\t\t\t            <div class=\"penci-smalllist-wrapper\">\n\t\t\t\t                    <div class=\"penci-smalllist pcsl-wrapper pwsl-id-default\">\n                        <div class=\"pcsl-inner penci-clearfix pcsl-grid pcsl-imgpos-left pcsl-col-1 pcsl-tabcol-1 pcsl-mobcol-1\">\n\t\t\t\t\t\t\t\t\t\t\t\t\t\t\t\t\t\t\t\t\t\t\t\t                                    <div class=\"pcsl-item pcsl-nothumb\">\n                                        <div class=\"pcsl-itemin\">\n                                            <div class=\"pcsl-iteminer\">\n\t\t\t\t\t\t\t\t\t\t\t\t\n\t\t\t\t\t\t\t\t\t\t\t\t                                                <div class=\"pcsl-content\">\n\t\t\t\t\t\t\t\t\t\t\t\t\t\n\t\t\t\t\t\t\t\t\t\t\t\t\t                                                        <div class=\"pcsl-title\">\n                                                            <a href=\"https:\/\/gnews.cz\/fr\/rozhovory\/proc-jsem-nikdy-neposlala-svou-dceru-do-skoly-odvazna-revoluce-v-rodicovstvi-od-odbornice-pro-stastne-a-spokojene-deti-zdenka-sip-stankova\/\">Pro\u010d jsem nikdy neposlala svou dceru do \u0161koly: Odv\u00e1\u017en\u00e1 revoluce v rodi\u010dovstv\u00ed od odbornice pro \u0161\u0165astn\u00e9 a spokojen\u00e9 d\u011bti \u2013 Zde\u0148ka \u0160\u00edp Sta\u0148kov\u00e1<\/a>\n                                                        <\/div>\n\t\t\t\t\t\t\t\t\t\t\t\t\t\n\t\t\t\t\t\t\t\t\t\t\t\t\t                                                        <div class=\"grid-post-box-meta pcsl-meta\">\n\t\t\t\t\t\t\t\t\t\t\t\t\t\t\t\t\t\t\t\t\t\t\t\t\t\t\t\t\t\t                                                                <span class=\"sl-date\"><time class=\"entry-date published\" datetime=\"2026-05-02T06:00:00+02:00\">mai 2, 2026<\/time><\/span>\n\t\t\t\t\t\t\t\t\t\t\t\t\t\t\t\t\t\t\t\t\t\t\t\t\t\t\t\t\t\t\t\t\t\t\t\t\t\t\t\t\t\t\t\t\t\t\t\t\t\t\t\t\t\t\t\t\t\t\t\t\t\t\t\t\t\t\t\t\t\t\t\t\t\t\t\t\t\t\t\t\t\t\t\t\t\t\t\t\t\t                                                        <\/div>\n\t\t\t\t\t\t\t\t\t\t\t\t\t\n\t\t\t\t\t\t\t\t\t\t\t\t\t\t\t\t\t\t\t\t\t\t\t\t\t\t\n                                                <\/div>\n\n\t\t\t\t\t\t\t\t\t\t\t\t                                            <\/div>\n                                        <\/div>\n                                    <\/div>\n                                \t\t\t\t\t\t\t\t\t\t\t\t\t\t\t\t\t                                    <div class=\"pcsl-item pcsl-nothumb\">\n                                        <div class=\"pcsl-itemin\">\n                                            <div class=\"pcsl-iteminer\">\n\t\t\t\t\t\t\t\t\t\t\t\t\n\t\t\t\t\t\t\t\t\t\t\t\t                                                <div class=\"pcsl-content\">\n\t\t\t\t\t\t\t\t\t\t\t\t\t\n\t\t\t\t\t\t\t\t\t\t\t\t\t                                                        <div class=\"pcsl-title\">\n                                                            <a href=\"https:\/\/gnews.cz\/fr\/tema\/vojna-neni-kojna-aneb-mala-sonda-do-velkeho-nametu\/\">Vojna nen\u00ed kojn\u00e1 aneb Mal\u00e1 sonda do velk\u00e9ho n\u00e1m\u011btu (\u010desk\u00fd humor)<\/a>\n                                                        <\/div>\n\t\t\t\t\t\t\t\t\t\t\t\t\t\n\t\t\t\t\t\t\t\t\t\t\t\t\t                                                        <div class=\"grid-post-box-meta pcsl-meta\">\n\t\t\t\t\t\t\t\t\t\t\t\t\t\t\t\t\t\t\t\t\t\t\t\t\t\t\t\t\t\t                                                                <span class=\"sl-date\"><time class=\"entry-date published\" datetime=\"2026-05-01T13:00:00+02:00\">mai 1, 2026<\/time><\/span>\n\t\t\t\t\t\t\t\t\t\t\t\t\t\t\t\t\t\t\t\t\t\t\t\t\t\t\t\t\t\t\t\t\t\t\t\t\t\t\t\t\t\t\t\t\t\t\t\t\t\t\t\t\t\t\t\t\t\t\t\t\t\t\t\t\t\t\t\t\t\t\t\t\t\t\t\t\t\t\t\t\t\t\t\t\t\t\t\t\t\t                                                        <\/div>\n\t\t\t\t\t\t\t\t\t\t\t\t\t\n\t\t\t\t\t\t\t\t\t\t\t\t\t\t\t\t\t\t\t\t\t\t\t\t\t\t\n                                                <\/div>\n\n\t\t\t\t\t\t\t\t\t\t\t\t                                            <\/div>\n                                        <\/div>\n                                    <\/div>\n                                \t\t\t\t\t\t\t\t\t\t\t\t\t\t\t\t\t                                    <div class=\"pcsl-item pcsl-nothumb\">\n                                        <div class=\"pcsl-itemin\">\n                                            <div class=\"pcsl-iteminer\">\n\t\t\t\t\t\t\t\t\t\t\t\t\n\t\t\t\t\t\t\t\t\t\t\t\t                                                <div class=\"pcsl-content\">\n\t\t\t\t\t\t\t\t\t\t\t\t\t\n\t\t\t\t\t\t\t\t\t\t\t\t\t                                                        <div class=\"pcsl-title\">\n                                                            <a href=\"https:\/\/gnews.cz\/fr\/rozhovory\/cesky-prezident-petr-pavel-oznacen-za-kolaboranta-vasnivy-projev-odhaluje-snahy-o-vytvoreni-superstatu-eu-zaujatost-medii-a-paraziticke-byrokraty-petr-holec-zive\/\">\u010cesk\u00fd prezident Petr Pavel ozna\u010den za \u201ekolaboranta\u201c: V\u00e1\u0161niv\u00fd projev odhaluje snahy o vytvo\u0159en\u00ed superst\u00e1tu EU, zaujatost m\u00e9di\u00ed a \u201eparazitick\u00e9\u201c byrokraty (Petr Holec \u017eiv\u011b #271)<\/a>\n                                                        <\/div>\n\t\t\t\t\t\t\t\t\t\t\t\t\t\n\t\t\t\t\t\t\t\t\t\t\t\t\t                                                        <div class=\"grid-post-box-meta pcsl-meta\">\n\t\t\t\t\t\t\t\t\t\t\t\t\t\t\t\t\t\t\t\t\t\t\t\t\t\t\t\t\t\t                                                                <span class=\"sl-date\"><time class=\"entry-date published\" datetime=\"2026-04-30T07:39:01+02:00\">avril 30, 2026<\/time><\/span>\n\t\t\t\t\t\t\t\t\t\t\t\t\t\t\t\t\t\t\t\t\t\t\t\t\t\t\t\t\t\t\t\t\t\t\t\t\t\t\t\t\t\t\t\t\t\t\t\t\t\t\t\t\t\t\t\t\t\t\t\t\t\t\t\t\t\t\t\t\t\t\t\t\t\t\t\t\t\t\t\t\t\t\t\t\t\t\t\t\t\t                                                        <\/div>\n\t\t\t\t\t\t\t\t\t\t\t\t\t\n\t\t\t\t\t\t\t\t\t\t\t\t\t\t\t\t\t\t\t\t\t\t\t\t\t\t\n                                                <\/div>\n\n\t\t\t\t\t\t\t\t\t\t\t\t                                            <\/div>\n                                        <\/div>\n                                    <\/div>\n                                \t\t\t\t\t\t\t\t\t\t\t\t\t\t\t\t\t                                    <div class=\"pcsl-item pcsl-nothumb\">\n                                        <div class=\"pcsl-itemin\">\n                                            <div class=\"pcsl-iteminer\">\n\t\t\t\t\t\t\t\t\t\t\t\t\n\t\t\t\t\t\t\t\t\t\t\t\t                                                <div class=\"pcsl-content\">\n\t\t\t\t\t\t\t\t\t\t\t\t\t\n\t\t\t\t\t\t\t\t\t\t\t\t\t                                                        <div class=\"pcsl-title\">\n                                                            <a href=\"https:\/\/gnews.cz\/fr\/neprehlednete\/kdo-nahradi-generala-rehku-pavel-jednal-se-zunou-ve-hre-jsou-ctyri-jmena\/\">Kdo nahrad\u00ed gener\u00e1la \u0158ehku? Pavel jednal se Z\u016fnou, ve h\u0159e jsou \u010dty\u0159i jm\u00e9na<\/a>\n                                                        <\/div>\n\t\t\t\t\t\t\t\t\t\t\t\t\t\n\t\t\t\t\t\t\t\t\t\t\t\t\t                                                        <div class=\"grid-post-box-meta pcsl-meta\">\n\t\t\t\t\t\t\t\t\t\t\t\t\t\t\t\t\t\t\t\t\t\t\t\t\t\t\t\t\t\t                                                                <span class=\"sl-date\"><time class=\"entry-date published\" datetime=\"2026-04-29T21:00:00+02:00\">avril 29, 2026<\/time><\/span>\n\t\t\t\t\t\t\t\t\t\t\t\t\t\t\t\t\t\t\t\t\t\t\t\t\t\t\t\t\t\t\t\t\t\t\t\t\t\t\t\t\t\t\t\t\t\t\t\t\t\t\t\t\t\t\t\t\t\t\t\t\t\t\t\t\t\t\t\t\t\t\t\t\t\t\t\t\t\t\t\t\t\t\t\t\t\t\t\t\t\t                                                        <\/div>\n\t\t\t\t\t\t\t\t\t\t\t\t\t\n\t\t\t\t\t\t\t\t\t\t\t\t\t\t\t\t\t\t\t\t\t\t\t\t\t\t\n                                                <\/div>\n\n\t\t\t\t\t\t\t\t\t\t\t\t                                            <\/div>\n                                        <\/div>\n                                    <\/div>\n                                \t\t\t\t\t\t\t\t\t\t\t\t\t\t\t\t                        <\/div>\n\n\t\t\t\t\t\t\n                    <\/div>\n\t\t\t\t\t            <\/div>\n        <\/div>\n\t\t\t\t\t\t<\/div>\n\t\t\t\t<\/div>\n\t\t\t\t<\/div>\n\t\t<div class=\"elementor-element elementor-element-df4bc1e e-con-full e-flex e-con e-child\" data-id=\"df4bc1e\" data-element_type=\"container\" data-e-type=\"container\">\n\t\t\t\t<div class=\"elementor-element elementor-element-3b59e77 elementor-widget elementor-widget-penci-block-heading\" data-id=\"3b59e77\" data-element_type=\"widget\" data-e-type=\"widget\" data-widget_type=\"penci-block-heading.default\">\n\t\t\t\t<div class=\"elementor-widget-container\">\n\t\t\t\t\t\t\t<div class=\"penciel-bheading penci-border-arrow penci-homepage-title penci-home-latest-posts style-6 pcalign-left pciconp-right pcicon-right block-title-icon-left\">\n\t\t\t<h3 class=\"inner-arrow\">\n\t\t\t\t<span>\n\t\t\t\t<a href=\"https:\/\/gnews.cz\/cs_cz\/tag\/evropa\/\">Evropa<\/a>\t\t\t\t<\/span>\n\t\t\t<\/h3>\n\t\t\t\t\t<\/div>\n\t\t\t\t\t\t<\/div>\n\t\t\t\t<\/div>\n\t\t\t\t<div class=\"elementor-element elementor-element-6c0c711 elementor-widget elementor-widget-penci-big-grid\" data-id=\"6c0c711\" data-element_type=\"widget\" data-e-type=\"widget\" data-widget_type=\"penci-big-grid.default\">\n\t\t\t\t<div class=\"elementor-widget-container\">\n\t\t\t\t\t        <div class=\"penci-clearfix penci-biggrid-wrapper penci-grid-col-1 penci-grid-mcol-1 penci-bgrid-based-post penci-bgrid-style-1 pcbg-ficonpo-top-right pcbg-reiconpo-top-left penci-bgrid-content-below pencibg-imageh-zoom-in pencibg-texth-none pencibg-textani-movetop textop\">\n\t\t\t            <div class=\"penci-clearfix penci-biggrid penci-bgstyle-1 penci-bgel\">\n                <div class=\"penci-biggrid-inner default\">\n\t\t\t\t\t<div class=\"penci-clearfix penci-biggrid-data penci-dflex\"><div class=\"penci-bgitem\">\n    <div class=\"penci-bgitin\">\n        <div class=\"penci-bgmain\">\n            <div class=\"pcbg-thumb\">\n\t\t\t\t\t\t\t\t                <div class=\"pcbg-thumbin\">\n                    <a class=\"pcbg-bgoverlay\"\n                       href=\"https:\/\/gnews.cz\/fr\/tema\/podnestri-oznacuje-pokusy-moldavska-o-vytlaceni-ruskych-vojsk-za-destruktivni\/\" title=\"Podn\u011bst\u0159\u00ed ozna\u010duje pokusy Moldavska o vytla\u010den\u00ed rusk\u00fdch vojsk za destruktivn\u00ed\"><\/a>\n\n                        <div  data-bgset=\"https:\/\/gnews.cz\/wp-content\/uploads\/2026\/04\/Screenshot_20260418_010156-585x399.webp\" data_bg_hidpi=\"https:\/\/gnews.cz\/wp-content\/uploads\/2026\/04\/Screenshot_20260418_010156-585x399.webp\" class=\"penci-lazy penci-image-holder\">\n                                                    <\/div>\n\n                <\/div>\n            <\/div>\n            <div class=\"pcbg-content\">\n                <div class=\"pcbg-content-flex\">\n                    <a class=\"pcbg-bgoverlay\"\n                       href=\"https:\/\/gnews.cz\/fr\/tema\/podnestri-oznacuje-pokusy-moldavska-o-vytlaceni-ruskych-vojsk-za-destruktivni\/\" title=\"Podn\u011bst\u0159\u00ed ozna\u010duje pokusy Moldavska o vytla\u010den\u00ed rusk\u00fdch vojsk za destruktivn\u00ed\"><\/a>\n                    <div class=\"pcbg-content-inner bgcontent-block\">\n                        <a href=\"https:\/\/gnews.cz\/fr\/tema\/podnestri-oznacuje-pokusy-moldavska-o-vytlaceni-ruskych-vojsk-za-destruktivni\/\" title=\"Podn\u011bst\u0159\u00ed ozna\u010duje pokusy Moldavska o vytla\u010den\u00ed rusk\u00fdch vojsk za destruktivn\u00ed\"\n                           class=\"pcbg-bgoverlaytext item-hover\"><\/a>\n\n\t\t\t\t\t\t\n\t\t\t\t\t\t                            <div class=\"pcbg-heading item-hover\">\n                                <h3 class=\"pcbg-title\">\n                                    <a href=\"https:\/\/gnews.cz\/fr\/tema\/podnestri-oznacuje-pokusy-moldavska-o-vytlaceni-ruskych-vojsk-za-destruktivni\/\">\n\t\t\t\t\t\t\t\t\t\tPodn\u011bst\u0159\u00ed ozna\u010duje pokusy Moldavska o vytla\u010den\u00ed rusk\u00fdch vojsk za destruktivn\u00ed                                    <\/a>\n                                <\/h3>\n                            <\/div>\n\t\t\t\t\t\t\n\t\t\t\t\t\t                            <div class=\"grid-post-box-meta pcbg-meta item-hover\">\n                                <div class=\"pcbg-meta-desc\">\n\t\t\t\t\t\t\t\t\t\t\t\t\t\t\t\t\t\t                                        <span class=\"bg-date\"><time class=\"entry-date published\" datetime=\"2026-04-18T09:30:00+02:00\">avril 18, 2026<\/time><\/span>\n\t\t\t\t\t\t\t\t\t\t\t\t\t\t\t\t\t\t\t\t\t\t\t\t\t\t\t\t\t\t\t\t\t\t\t\t\t\t\t\t\t\t\t\t\t\t\t\t\t\t\t\t\t\t                                <\/div>\n\t\t\t\t\t\t\t\t                            <\/div>\n\t\t\t\t\t\t\n\t\t\t\t\t\t                    <\/div>\n                <\/div>\n            <\/div>\n        <\/div>\n    <\/div>\n<\/div>\n<\/div>                <\/div>\n\t\t\t\t            <\/div>\n        <\/div>\n\t\t\t\t\t\t<\/div>\n\t\t\t\t<\/div>\n\t\t\t\t<div class=\"elementor-element elementor-element-5b6c221 elementor-widget elementor-widget-penci-small-list\" data-id=\"5b6c221\" data-element_type=\"widget\" data-e-type=\"widget\" data-widget_type=\"penci-small-list.default\">\n\t\t\t\t<div class=\"elementor-widget-container\">\n\t\t\t\t\t<script>if( typeof(penciBlock) === \"undefined\" ) {function penciBlock() { this.atts_json = ''; this.content = ''; }}var penciBlocksArray = penciBlocksArray || [];var PENCILOCALCACHE = PENCILOCALCACHE || {};var pcblock_4316 = new penciBlock();pcblock_4316.blockID=\"pcblock_4316\";pcblock_4316.atts_json = '{\"type\":\"grid\",\"dformat\":\"\",\"date_pos\":\"left\",\"column\":\"1\",\"tab_column\":\"1\",\"mb_column\":\"1\",\"imgpos\":\"left\",\"thumb_size\":\"\",\"mthumb_size\":\"\",\"post_meta\":[\"title\",\"date\"],\"primary_cat\":\"\",\"title_length\":\"\",\"excerpt_pos\":\"below\",\"rmstyle\":\"filled\",\"excerpt_length\":15,\"nocrop\":\"\",\"hide_cat_mobile\":\"\",\"hide_meta_mobile\":\"\",\"hide_excerpt_mobile\":\"\",\"hide_rm_mobile\":\"\",\"imgtop_mobile\":\"\",\"ver_border\":\"\",\"hide_thumb\":\"yes\",\"show_reviewpie\":\"\",\"show_formaticon\":\"\",\"disable_lazy\":\"\",\"show_excerpt\":\"\",\"show_readmore\":\"\",\"query\":{\"orderby\":\"date\",\"order\":\"desc\",\"ignore_sticky_posts\":1,\"post_status\":\"publish\",\"post__not_in\":[],\"post_type\":\"post\",\"posts_per_page\":4,\"tax_query\":[{\"taxonomy\":\"post_tag\",\"field\":\"term_id\",\"terms\":[\"78\"]},{\"taxonomy\":\"category\",\"field\":\"term_id\",\"terms\":[\"4\",\"1376\",\"2968\"],\"operator\":\"NOT IN\"},{\"taxonomy\":\"post_tag\",\"field\":\"term_id\",\"terms\":[\"38\",\"26\",\"22\"],\"operator\":\"NOT IN\"}],\"offset\":1},\"category_ids\":\"\",\"taxonomy\":\"\"}';penciBlocksArray.push(pcblock_4316);<\/script>        <div class=\"penci-wrapper-smalllist\">\n\t\t\t\t\t\t            <div class=\"penci-smalllist-wrapper\">\n\t\t\t\t                    <div class=\"penci-smalllist pcsl-wrapper pwsl-id-default\">\n                        <div class=\"pcsl-inner penci-clearfix pcsl-grid pcsl-imgpos-left pcsl-col-1 pcsl-tabcol-1 pcsl-mobcol-1\">\n\t\t\t\t\t\t\t\t\t\t\t\t\t\t\t\t\t\t\t\t\t\t\t\t                                    <div class=\"pcsl-item pcsl-nothumb\">\n                                        <div class=\"pcsl-itemin\">\n                                            <div class=\"pcsl-iteminer\">\n\t\t\t\t\t\t\t\t\t\t\t\t\n\t\t\t\t\t\t\t\t\t\t\t\t                                                <div class=\"pcsl-content\">\n\t\t\t\t\t\t\t\t\t\t\t\t\t\n\t\t\t\t\t\t\t\t\t\t\t\t\t                                                        <div class=\"pcsl-title\">\n                                                            <a href=\"https:\/\/gnews.cz\/fr\/tema\/podnestri-oznacuje-pokusy-moldavska-o-vytlaceni-ruskych-vojsk-za-destruktivni\/\">Podn\u011bst\u0159\u00ed ozna\u010duje pokusy Moldavska o vytla\u010den\u00ed rusk\u00fdch vojsk za destruktivn\u00ed<\/a>\n                                                        <\/div>\n\t\t\t\t\t\t\t\t\t\t\t\t\t\n\t\t\t\t\t\t\t\t\t\t\t\t\t                                                        <div class=\"grid-post-box-meta pcsl-meta\">\n\t\t\t\t\t\t\t\t\t\t\t\t\t\t\t\t\t\t\t\t\t\t\t\t\t\t\t\t\t\t                                                                <span class=\"sl-date\"><time class=\"entry-date published\" datetime=\"2026-04-18T09:30:00+02:00\">avril 18, 2026<\/time><\/span>\n\t\t\t\t\t\t\t\t\t\t\t\t\t\t\t\t\t\t\t\t\t\t\t\t\t\t\t\t\t\t\t\t\t\t\t\t\t\t\t\t\t\t\t\t\t\t\t\t\t\t\t\t\t\t\t\t\t\t\t\t\t\t\t\t\t\t\t\t\t\t\t\t\t\t\t\t\t\t\t\t\t\t\t\t\t\t\t\t\t\t                                                        <\/div>\n\t\t\t\t\t\t\t\t\t\t\t\t\t\n\t\t\t\t\t\t\t\t\t\t\t\t\t\t\t\t\t\t\t\t\t\t\t\t\t\t\n                                                <\/div>\n\n\t\t\t\t\t\t\t\t\t\t\t\t                                            <\/div>\n                                        <\/div>\n                                    <\/div>\n                                \t\t\t\t\t\t\t\t\t\t\t\t\t\t\t\t\t                                    <div class=\"pcsl-item pcsl-nothumb\">\n                                        <div class=\"pcsl-itemin\">\n                                            <div class=\"pcsl-iteminer\">\n\t\t\t\t\t\t\t\t\t\t\t\t\n\t\t\t\t\t\t\t\t\t\t\t\t                                                <div class=\"pcsl-content\">\n\t\t\t\t\t\t\t\t\t\t\t\t\t\n\t\t\t\t\t\t\t\t\t\t\t\t\t                                                        <div class=\"pcsl-title\">\n                                                            <a href=\"https:\/\/gnews.cz\/fr\/tema\/opozicni-madaska-strana-tisza-miri-k-ustavni-vetsine-orbanova-fidesz-vyrazne-zaostava\/\">Opozi\u010dn\u00ed ma\u010farsk\u00e1 strana Tisza m\u00ed\u0159\u00ed k \u00fastavn\u00ed v\u011bt\u0161in\u011b, Orb\u00e1nova Fidesz v\u00fdrazn\u011b zaost\u00e1v\u00e1<\/a>\n                                                        <\/div>\n\t\t\t\t\t\t\t\t\t\t\t\t\t\n\t\t\t\t\t\t\t\t\t\t\t\t\t                                                        <div class=\"grid-post-box-meta pcsl-meta\">\n\t\t\t\t\t\t\t\t\t\t\t\t\t\t\t\t\t\t\t\t\t\t\t\t\t\t\t\t\t\t                                                                <span class=\"sl-date\"><time class=\"entry-date published\" datetime=\"2026-04-12T22:18:28+02:00\">avril 12, 2026<\/time><\/span>\n\t\t\t\t\t\t\t\t\t\t\t\t\t\t\t\t\t\t\t\t\t\t\t\t\t\t\t\t\t\t\t\t\t\t\t\t\t\t\t\t\t\t\t\t\t\t\t\t\t\t\t\t\t\t\t\t\t\t\t\t\t\t\t\t\t\t\t\t\t\t\t\t\t\t\t\t\t\t\t\t\t\t\t\t\t\t\t\t\t\t                                                        <\/div>\n\t\t\t\t\t\t\t\t\t\t\t\t\t\n\t\t\t\t\t\t\t\t\t\t\t\t\t\t\t\t\t\t\t\t\t\t\t\t\t\t\n                                                <\/div>\n\n\t\t\t\t\t\t\t\t\t\t\t\t                                            <\/div>\n                                        <\/div>\n                                    <\/div>\n                                \t\t\t\t\t\t\t\t\t\t\t\t\t\t\t\t\t                                    <div class=\"pcsl-item pcsl-nothumb\">\n                                        <div class=\"pcsl-itemin\">\n                                            <div class=\"pcsl-iteminer\">\n\t\t\t\t\t\t\t\t\t\t\t\t\n\t\t\t\t\t\t\t\t\t\t\t\t                                                <div class=\"pcsl-content\">\n\t\t\t\t\t\t\t\t\t\t\t\t\t\n\t\t\t\t\t\t\t\t\t\t\t\t\t                                                        <div class=\"pcsl-title\">\n                                                            <a href=\"https:\/\/gnews.cz\/fr\/tema\/otazka-otevsena-viktorem-orbanem-jaka-je-skutecna-suverenita-clenskych-statu-vuci-centralizovanimu-diktatu-a-strukturam-eu\/\">Ot\u00e1zka otev\u0159en\u00e1 Viktorem Orb\u00e1nem: Jak\u00e1 je skute\u010dn\u00e1 suverenita \u010dlensk\u00fdch st\u00e1t\u016f v\u016f\u010di centralizovan\u00e9mu dikt\u00e1tu a struktur\u00e1m EU?<\/a>\n                                                        <\/div>\n\t\t\t\t\t\t\t\t\t\t\t\t\t\n\t\t\t\t\t\t\t\t\t\t\t\t\t                                                        <div class=\"grid-post-box-meta pcsl-meta\">\n\t\t\t\t\t\t\t\t\t\t\t\t\t\t\t\t\t\t\t\t\t\t\t\t\t\t\t\t\t\t                                                                <span class=\"sl-date\"><time class=\"entry-date published\" datetime=\"2026-04-09T21:00:00+02:00\">avril 9, 2026<\/time><\/span>\n\t\t\t\t\t\t\t\t\t\t\t\t\t\t\t\t\t\t\t\t\t\t\t\t\t\t\t\t\t\t\t\t\t\t\t\t\t\t\t\t\t\t\t\t\t\t\t\t\t\t\t\t\t\t\t\t\t\t\t\t\t\t\t\t\t\t\t\t\t\t\t\t\t\t\t\t\t\t\t\t\t\t\t\t\t\t\t\t\t\t                                                        <\/div>\n\t\t\t\t\t\t\t\t\t\t\t\t\t\n\t\t\t\t\t\t\t\t\t\t\t\t\t\t\t\t\t\t\t\t\t\t\t\t\t\t\n                                                <\/div>\n\n\t\t\t\t\t\t\t\t\t\t\t\t                                            <\/div>\n                                        <\/div>\n                                    <\/div>\n                                \t\t\t\t\t\t\t\t\t\t\t\t\t\t\t\t\t                                    <div class=\"pcsl-item pcsl-nothumb\">\n                                        <div class=\"pcsl-itemin\">\n                                            <div class=\"pcsl-iteminer\">\n\t\t\t\t\t\t\t\t\t\t\t\t\n\t\t\t\t\t\t\t\t\t\t\t\t                                                <div class=\"pcsl-content\">\n\t\t\t\t\t\t\t\t\t\t\t\t\t\n\t\t\t\t\t\t\t\t\t\t\t\t\t                                                        <div class=\"pcsl-title\">\n                                                            <a href=\"https:\/\/gnews.cz\/fr\/tema\/viktor-orban-zakotvil-do-ustavy-zakaz-prodeje-zemedelske-pudy-cizincum-a-vyrazne-podporil-zemedelskou-sobestacnost-madarska\/\">Viktor Orb\u00e1n zakotvil do \u00fastavy z\u00e1kaz prodeje zem\u011bd\u011blsk\u00e9 p\u016fdy cizinc\u016fm a v\u00fdrazn\u011b podpo\u0159il zem\u011bd\u011blskou sob\u011bsta\u010dnost Ma\u010farska<\/a>\n                                                        <\/div>\n\t\t\t\t\t\t\t\t\t\t\t\t\t\n\t\t\t\t\t\t\t\t\t\t\t\t\t                                                        <div class=\"grid-post-box-meta pcsl-meta\">\n\t\t\t\t\t\t\t\t\t\t\t\t\t\t\t\t\t\t\t\t\t\t\t\t\t\t\t\t\t\t                                                                <span class=\"sl-date\"><time class=\"entry-date published\" datetime=\"2026-04-08T12:00:00+02:00\">avril 8, 2026<\/time><\/span>\n\t\t\t\t\t\t\t\t\t\t\t\t\t\t\t\t\t\t\t\t\t\t\t\t\t\t\t\t\t\t\t\t\t\t\t\t\t\t\t\t\t\t\t\t\t\t\t\t\t\t\t\t\t\t\t\t\t\t\t\t\t\t\t\t\t\t\t\t\t\t\t\t\t\t\t\t\t\t\t\t\t\t\t\t\t\t\t\t\t\t                                                        <\/div>\n\t\t\t\t\t\t\t\t\t\t\t\t\t\n\t\t\t\t\t\t\t\t\t\t\t\t\t\t\t\t\t\t\t\t\t\t\t\t\t\t\n                                                <\/div>\n\n\t\t\t\t\t\t\t\t\t\t\t\t                                            <\/div>\n                                        <\/div>\n                                    <\/div>\n                                \t\t\t\t\t\t\t\t\t\t\t\t\t\t\t\t                        <\/div>\n\n\t\t\t\t\t\t\n                    <\/div>\n\t\t\t\t\t            <\/div>\n        <\/div>\n\t\t\t\t\t\t<\/div>\n\t\t\t\t<\/div>\n\t\t\t\t<\/div>\n\t\t<div class=\"elementor-element elementor-element-b0389d0 e-con-full e-flex e-con e-child\" data-id=\"b0389d0\" data-element_type=\"container\" data-e-type=\"container\">\n\t\t\t\t<div class=\"elementor-element elementor-element-545f777 elementor-widget elementor-widget-penci-block-heading\" data-id=\"545f777\" data-element_type=\"widget\" data-e-type=\"widget\" data-widget_type=\"penci-block-heading.default\">\n\t\t\t\t<div class=\"elementor-widget-container\">\n\t\t\t\t\t\t\t<div class=\"penciel-bheading penci-border-arrow penci-homepage-title penci-home-latest-posts style-6 pcalign-left pciconp-right pcicon-right block-title-icon-left\">\n\t\t\t<h3 class=\"inner-arrow\">\n\t\t\t\t<span>\n\t\t\t\t<a href=\"https:\/\/gnews.cz\/cs_cz\/tag\/usa\/\">USA<\/a>\t\t\t\t<\/span>\n\t\t\t<\/h3>\n\t\t\t\t\t<\/div>\n\t\t\t\t\t\t<\/div>\n\t\t\t\t<\/div>\n\t\t\t\t<div class=\"elementor-element elementor-element-50430b6 elementor-widget__width-initial elementor-widget elementor-widget-penci-big-grid\" data-id=\"50430b6\" data-element_type=\"widget\" data-e-type=\"widget\" data-widget_type=\"penci-big-grid.default\">\n\t\t\t\t<div class=\"elementor-widget-container\">\n\t\t\t\t\t        <div class=\"penci-clearfix penci-biggrid-wrapper penci-grid-col-1 penci-grid-mcol-1 penci-bgrid-based-post penci-bgrid-style-1 pcbg-ficonpo-top-right pcbg-reiconpo-top-left penci-bgrid-content-below pencibg-imageh-zoom-in pencibg-texth-none pencibg-textani-movetop textop\">\n\t\t\t            <div class=\"penci-clearfix penci-biggrid penci-bgstyle-1 penci-bgel\">\n                <div class=\"penci-biggrid-inner default\">\n\t\t\t\t\t<div class=\"penci-clearfix penci-biggrid-data penci-dflex\"><div class=\"penci-bgitem\">\n    <div class=\"penci-bgitin\">\n        <div class=\"penci-bgmain\">\n            <div class=\"pcbg-thumb\">\n\t\t\t\t\t\t\t\t                <div class=\"pcbg-thumbin\">\n                    <a class=\"pcbg-bgoverlay\"\n                       href=\"https:\/\/gnews.cz\/fr\/neprehlednete\/kral-a-prezident-charles-miri-do-kongresu-jako-most-nad-rozbourenymi-vodami-atlanticke-aliance\/\" title=\"Kr\u00e1l a prezident: Charles m\u00ed\u0159\u00ed do Kongresu jako most nad rozbou\u0159en\u00fdmi vodami atlantick\u00e9 aliance\"><\/a>\n\n                        <div  data-bgset=\"https:\/\/gnews.cz\/wp-content\/uploads\/2026\/04\/trump-charles-585x337.webp\" data_bg_hidpi=\"https:\/\/gnews.cz\/wp-content\/uploads\/2026\/04\/trump-charles-585x337.webp\" class=\"penci-lazy penci-image-holder\">\n                                                    <\/div>\n\n                <\/div>\n            <\/div>\n            <div class=\"pcbg-content\">\n                <div class=\"pcbg-content-flex\">\n                    <a class=\"pcbg-bgoverlay\"\n                       href=\"https:\/\/gnews.cz\/fr\/neprehlednete\/kral-a-prezident-charles-miri-do-kongresu-jako-most-nad-rozbourenymi-vodami-atlanticke-aliance\/\" title=\"Kr\u00e1l a prezident: Charles m\u00ed\u0159\u00ed do Kongresu jako most nad rozbou\u0159en\u00fdmi vodami atlantick\u00e9 aliance\"><\/a>\n                    <div class=\"pcbg-content-inner bgcontent-block\">\n                        <a href=\"https:\/\/gnews.cz\/fr\/neprehlednete\/kral-a-prezident-charles-miri-do-kongresu-jako-most-nad-rozbourenymi-vodami-atlanticke-aliance\/\" title=\"Kr\u00e1l a prezident: Charles m\u00ed\u0159\u00ed do Kongresu jako most nad rozbou\u0159en\u00fdmi vodami atlantick\u00e9 aliance\"\n                           class=\"pcbg-bgoverlaytext item-hover\"><\/a>\n\n\t\t\t\t\t\t\n\t\t\t\t\t\t                            <div class=\"pcbg-heading item-hover\">\n                                <h3 class=\"pcbg-title\">\n                                    <a href=\"https:\/\/gnews.cz\/fr\/neprehlednete\/kral-a-prezident-charles-miri-do-kongresu-jako-most-nad-rozbourenymi-vodami-atlanticke-aliance\/\">\n\t\t\t\t\t\t\t\t\t\tKr\u00e1l a prezident: Charles m\u00ed\u0159\u00ed do Kongresu jako most nad rozbou\u0159en\u00fdmi vodami atlantick\u00e9 aliance                                    <\/a>\n                                <\/h3>\n                            <\/div>\n\t\t\t\t\t\t\n\t\t\t\t\t\t                            <div class=\"grid-post-box-meta pcbg-meta item-hover\">\n                                <div class=\"pcbg-meta-desc\">\n\t\t\t\t\t\t\t\t\t\t\t\t\t\t\t\t\t\t                                        <span class=\"bg-date\"><time class=\"entry-date published\" datetime=\"2026-04-28T20:30:00+02:00\">avril 28, 2026<\/time><\/span>\n\t\t\t\t\t\t\t\t\t\t\t\t\t\t\t\t\t\t\t\t\t\t\t\t\t\t\t\t\t\t\t\t\t\t\t\t\t\t\t\t\t\t\t\t\t\t\t\t\t\t\t\t\t\t                                <\/div>\n\t\t\t\t\t\t\t\t                            <\/div>\n\t\t\t\t\t\t\n\t\t\t\t\t\t                    <\/div>\n                <\/div>\n            <\/div>\n        <\/div>\n    <\/div>\n<\/div>\n<\/div>                <\/div>\n\t\t\t\t            <\/div>\n        <\/div>\n\t\t\t\t\t\t<\/div>\n\t\t\t\t<\/div>\n\t\t\t\t<div class=\"elementor-element elementor-element-f3b63dc elementor-widget elementor-widget-penci-small-list\" data-id=\"f3b63dc\" data-element_type=\"widget\" data-e-type=\"widget\" data-widget_type=\"penci-small-list.default\">\n\t\t\t\t<div class=\"elementor-widget-container\">\n\t\t\t\t\t<script>if( typeof(penciBlock) === \"undefined\" ) {function penciBlock() { this.atts_json = ''; this.content = ''; }}var penciBlocksArray = penciBlocksArray || [];var PENCILOCALCACHE = PENCILOCALCACHE || {};var pcblock_5762 = new penciBlock();pcblock_5762.blockID=\"pcblock_5762\";pcblock_5762.atts_json = '{\"type\":\"grid\",\"dformat\":\"\",\"date_pos\":\"left\",\"column\":\"1\",\"tab_column\":\"1\",\"mb_column\":\"1\",\"imgpos\":\"left\",\"thumb_size\":\"\",\"mthumb_size\":\"\",\"post_meta\":[\"title\",\"date\"],\"primary_cat\":\"\",\"title_length\":\"\",\"excerpt_pos\":\"below\",\"rmstyle\":\"filled\",\"excerpt_length\":15,\"nocrop\":\"\",\"hide_cat_mobile\":\"\",\"hide_meta_mobile\":\"\",\"hide_excerpt_mobile\":\"\",\"hide_rm_mobile\":\"\",\"imgtop_mobile\":\"\",\"ver_border\":\"\",\"hide_thumb\":\"yes\",\"show_reviewpie\":\"\",\"show_formaticon\":\"\",\"disable_lazy\":\"\",\"show_excerpt\":\"\",\"show_readmore\":\"\",\"query\":{\"orderby\":\"date\",\"order\":\"desc\",\"ignore_sticky_posts\":1,\"post_status\":\"publish\",\"post__not_in\":[],\"post_type\":\"post\",\"posts_per_page\":4,\"tax_query\":[{\"taxonomy\":\"post_tag\",\"field\":\"term_id\",\"terms\":[\"38\"]},{\"taxonomy\":\"category\",\"field\":\"term_id\",\"terms\":[\"1376\",\"2968\"],\"operator\":\"NOT IN\"},{\"taxonomy\":\"post_tag\",\"field\":\"term_id\",\"terms\":[\"78\",\"26\",\"22\"],\"operator\":\"NOT IN\"}],\"offset\":1},\"category_ids\":\"\",\"taxonomy\":\"\"}';penciBlocksArray.push(pcblock_5762);<\/script>        <div class=\"penci-wrapper-smalllist\">\n\t\t\t\t\t\t            <div class=\"penci-smalllist-wrapper\">\n\t\t\t\t                    <div class=\"penci-smalllist pcsl-wrapper pwsl-id-default\">\n                        <div class=\"pcsl-inner penci-clearfix pcsl-grid pcsl-imgpos-left pcsl-col-1 pcsl-tabcol-1 pcsl-mobcol-1\">\n\t\t\t\t\t\t\t\t\t\t\t\t\t\t\t\t\t\t\t\t\t\t\t\t                                    <div class=\"pcsl-item pcsl-nothumb\">\n                                        <div class=\"pcsl-itemin\">\n                                            <div class=\"pcsl-iteminer\">\n\t\t\t\t\t\t\t\t\t\t\t\t\n\t\t\t\t\t\t\t\t\t\t\t\t                                                <div class=\"pcsl-content\">\n\t\t\t\t\t\t\t\t\t\t\t\t\t\n\t\t\t\t\t\t\t\t\t\t\t\t\t                                                        <div class=\"pcsl-title\">\n                                                            <a href=\"https:\/\/gnews.cz\/fr\/tema\/k-utoku-na-galavereci-mlcel-zelenskyj-trumpa-odepsal-uz-se-mu-neboji-postavit\/\">K \u00fatoku na galave\u0159e\u010di ml\u010del. Zelenskyj Trumpa odepsal, u\u017e se mu neboj\u00ed postavit<\/a>\n                                                        <\/div>\n\t\t\t\t\t\t\t\t\t\t\t\t\t\n\t\t\t\t\t\t\t\t\t\t\t\t\t                                                        <div class=\"grid-post-box-meta pcsl-meta\">\n\t\t\t\t\t\t\t\t\t\t\t\t\t\t\t\t\t\t\t\t\t\t\t\t\t\t\t\t\t\t                                                                <span class=\"sl-date\"><time class=\"entry-date published\" datetime=\"2026-05-02T18:30:00+02:00\">mai 2, 2026<\/time><\/span>\n\t\t\t\t\t\t\t\t\t\t\t\t\t\t\t\t\t\t\t\t\t\t\t\t\t\t\t\t\t\t\t\t\t\t\t\t\t\t\t\t\t\t\t\t\t\t\t\t\t\t\t\t\t\t\t\t\t\t\t\t\t\t\t\t\t\t\t\t\t\t\t\t\t\t\t\t\t\t\t\t\t\t\t\t\t\t\t\t\t\t                                                        <\/div>\n\t\t\t\t\t\t\t\t\t\t\t\t\t\n\t\t\t\t\t\t\t\t\t\t\t\t\t\t\t\t\t\t\t\t\t\t\t\t\t\t\n                                                <\/div>\n\n\t\t\t\t\t\t\t\t\t\t\t\t                                            <\/div>\n                                        <\/div>\n                                    <\/div>\n                                \t\t\t\t\t\t\t\t\t\t\t\t\t\t\t\t\t                                    <div class=\"pcsl-item pcsl-nothumb\">\n                                        <div class=\"pcsl-itemin\">\n                                            <div class=\"pcsl-iteminer\">\n\t\t\t\t\t\t\t\t\t\t\t\t\n\t\t\t\t\t\t\t\t\t\t\t\t                                                <div class=\"pcsl-content\">\n\t\t\t\t\t\t\t\t\t\t\t\t\t\n\t\t\t\t\t\t\t\t\t\t\t\t\t                                                        <div class=\"pcsl-title\">\n                                                            <a href=\"https:\/\/gnews.cz\/fr\/tema\/zadna-pomoc-pro-kyjev-v-americkem-vojenskem-rozpoctu-na-rok-2027-pentagon\/\">\u017d\u00e1dn\u00e1 pomoc pro Kyjev v americk\u00e9m vojensk\u00e9m rozpo\u010dtu na rok 2027 \u2013 Pentagon<\/a>\n                                                        <\/div>\n\t\t\t\t\t\t\t\t\t\t\t\t\t\n\t\t\t\t\t\t\t\t\t\t\t\t\t                                                        <div class=\"grid-post-box-meta pcsl-meta\">\n\t\t\t\t\t\t\t\t\t\t\t\t\t\t\t\t\t\t\t\t\t\t\t\t\t\t\t\t\t\t                                                                <span class=\"sl-date\"><time class=\"entry-date published\" datetime=\"2026-05-01T15:30:00+02:00\">mai 1, 2026<\/time><\/span>\n\t\t\t\t\t\t\t\t\t\t\t\t\t\t\t\t\t\t\t\t\t\t\t\t\t\t\t\t\t\t\t\t\t\t\t\t\t\t\t\t\t\t\t\t\t\t\t\t\t\t\t\t\t\t\t\t\t\t\t\t\t\t\t\t\t\t\t\t\t\t\t\t\t\t\t\t\t\t\t\t\t\t\t\t\t\t\t\t\t\t                                                        <\/div>\n\t\t\t\t\t\t\t\t\t\t\t\t\t\n\t\t\t\t\t\t\t\t\t\t\t\t\t\t\t\t\t\t\t\t\t\t\t\t\t\t\n                                                <\/div>\n\n\t\t\t\t\t\t\t\t\t\t\t\t                                            <\/div>\n                                        <\/div>\n                                    <\/div>\n                                \t\t\t\t\t\t\t\t\t\t\t\t\t\t\t\t\t                                    <div class=\"pcsl-item pcsl-nothumb\">\n                                        <div class=\"pcsl-itemin\">\n                                            <div class=\"pcsl-iteminer\">\n\t\t\t\t\t\t\t\t\t\t\t\t\n\t\t\t\t\t\t\t\t\t\t\t\t                                                <div class=\"pcsl-content\">\n\t\t\t\t\t\t\t\t\t\t\t\t\t\n\t\t\t\t\t\t\t\t\t\t\t\t\t                                                        <div class=\"pcsl-title\">\n                                                            <a href=\"https:\/\/gnews.cz\/fr\/tema\/trump-rika-ze-iran-umira-touhou-po-dohode-pochybuje-o-nutnosti-dalsich-leteckych-uderu\/\">Trump \u0159\u00edk\u00e1, \u017ee \u00cdr\u00e1n \u201eum\u00edr\u00e1 touhou po dohod\u011b\u201c, pochybuje o nutnosti dal\u0161\u00edch leteck\u00fdch \u00fader\u016f<\/a>\n                                                        <\/div>\n\t\t\t\t\t\t\t\t\t\t\t\t\t\n\t\t\t\t\t\t\t\t\t\t\t\t\t                                                        <div class=\"grid-post-box-meta pcsl-meta\">\n\t\t\t\t\t\t\t\t\t\t\t\t\t\t\t\t\t\t\t\t\t\t\t\t\t\t\t\t\t\t                                                                <span class=\"sl-date\"><time class=\"entry-date published\" datetime=\"2026-05-01T11:00:00+02:00\">mai 1, 2026<\/time><\/span>\n\t\t\t\t\t\t\t\t\t\t\t\t\t\t\t\t\t\t\t\t\t\t\t\t\t\t\t\t\t\t\t\t\t\t\t\t\t\t\t\t\t\t\t\t\t\t\t\t\t\t\t\t\t\t\t\t\t\t\t\t\t\t\t\t\t\t\t\t\t\t\t\t\t\t\t\t\t\t\t\t\t\t\t\t\t\t\t\t\t\t                                                        <\/div>\n\t\t\t\t\t\t\t\t\t\t\t\t\t\n\t\t\t\t\t\t\t\t\t\t\t\t\t\t\t\t\t\t\t\t\t\t\t\t\t\t\n                                                <\/div>\n\n\t\t\t\t\t\t\t\t\t\t\t\t                                            <\/div>\n                                        <\/div>\n                                    <\/div>\n                                \t\t\t\t\t\t\t\t\t\t\t\t\t\t\t\t\t                                    <div class=\"pcsl-item pcsl-nothumb\">\n                                        <div class=\"pcsl-itemin\">\n                                            <div class=\"pcsl-iteminer\">\n\t\t\t\t\t\t\t\t\t\t\t\t\n\t\t\t\t\t\t\t\t\t\t\t\t                                                <div class=\"pcsl-content\">\n\t\t\t\t\t\t\t\t\t\t\t\t\t\n\t\t\t\t\t\t\t\t\t\t\t\t\t                                                        <div class=\"pcsl-title\">\n                                                            <a href=\"https:\/\/gnews.cz\/fr\/rozhovory\/odhaleni-techniky-cia-alenka-v-risi-divu-jak-socialni-site-ovladaji-vas-mozek-pomoci-zakazanych-technik-cia-pro-ovladani-mysli\/\">Odhalen\u00ed techniky CIA \u201eAlenka v \u0159\u00ed\u0161i div\u016f\u201c: Jak soci\u00e1ln\u00ed s\u00edt\u011b ovl\u00e1daj\u00ed v\u00e1\u0161 mozek pomoc\u00ed zak\u00e1zan\u00fdch technik CIA pro ovl\u00e1d\u00e1n\u00ed mysli<\/a>\n                                                        <\/div>\n\t\t\t\t\t\t\t\t\t\t\t\t\t\n\t\t\t\t\t\t\t\t\t\t\t\t\t                                                        <div class=\"grid-post-box-meta pcsl-meta\">\n\t\t\t\t\t\t\t\t\t\t\t\t\t\t\t\t\t\t\t\t\t\t\t\t\t\t\t\t\t\t                                                                <span class=\"sl-date\"><time class=\"entry-date published\" datetime=\"2026-04-29T06:00:00+02:00\">avril 29, 2026<\/time><\/span>\n\t\t\t\t\t\t\t\t\t\t\t\t\t\t\t\t\t\t\t\t\t\t\t\t\t\t\t\t\t\t\t\t\t\t\t\t\t\t\t\t\t\t\t\t\t\t\t\t\t\t\t\t\t\t\t\t\t\t\t\t\t\t\t\t\t\t\t\t\t\t\t\t\t\t\t\t\t\t\t\t\t\t\t\t\t\t\t\t\t\t                                                        <\/div>\n\t\t\t\t\t\t\t\t\t\t\t\t\t\n\t\t\t\t\t\t\t\t\t\t\t\t\t\t\t\t\t\t\t\t\t\t\t\t\t\t\n                                                <\/div>\n\n\t\t\t\t\t\t\t\t\t\t\t\t                                            <\/div>\n                                        <\/div>\n                                    <\/div>\n                                \t\t\t\t\t\t\t\t\t\t\t\t\t\t\t\t                        <\/div>\n\n\t\t\t\t\t\t\n                    <\/div>\n\t\t\t\t\t            <\/div>\n        <\/div>\n\t\t\t\t\t\t<\/div>\n\t\t\t\t<\/div>\n\t\t\t\t<\/div>\n\t\t<div class=\"elementor-element elementor-element-f04c3bf e-con-full e-flex e-con e-child\" data-id=\"f04c3bf\" data-element_type=\"container\" data-e-type=\"container\">\n\t\t\t\t<div class=\"elementor-element elementor-element-05f3947 elementor-widget elementor-widget-penci-block-heading\" data-id=\"05f3947\" data-element_type=\"widget\" data-e-type=\"widget\" data-widget_type=\"penci-block-heading.default\">\n\t\t\t\t<div class=\"elementor-widget-container\">\n\t\t\t\t\t\t\t<div class=\"penciel-bheading penci-border-arrow penci-homepage-title penci-home-latest-posts style-6 pcalign-left pciconp-right pcicon-right block-title-icon-left\">\n\t\t\t<h3 class=\"inner-arrow\">\n\t\t\t\t<span>\n\t\t\t\t<a href=\"https:\/\/gnews.cz\/cs_cz\/tag\/rusko\/\">Rusko<\/a>\t\t\t\t<\/span>\n\t\t\t<\/h3>\n\t\t\t\t\t<\/div>\n\t\t\t\t\t\t<\/div>\n\t\t\t\t<\/div>\n\t\t\t\t<div class=\"elementor-element elementor-element-21cddfa elementor-widget__width-initial elementor-widget elementor-widget-penci-big-grid\" data-id=\"21cddfa\" data-element_type=\"widget\" data-e-type=\"widget\" data-widget_type=\"penci-big-grid.default\">\n\t\t\t\t<div class=\"elementor-widget-container\">\n\t\t\t\t\t        <div class=\"penci-clearfix penci-biggrid-wrapper penci-grid-col-1 penci-grid-mcol-1 penci-bgrid-based-post penci-bgrid-style-1 pcbg-ficonpo-top-right pcbg-reiconpo-top-left penci-bgrid-content-below pencibg-imageh-zoom-in pencibg-texth-none pencibg-textani-movetop textop\">\n\t\t\t            <div class=\"penci-clearfix penci-biggrid penci-bgstyle-1 penci-bgel\">\n                <div class=\"penci-biggrid-inner default\">\n\t\t\t\t\t<div class=\"penci-clearfix penci-biggrid-data penci-dflex\"><div class=\"penci-bgitem\">\n    <div class=\"penci-bgitin\">\n        <div class=\"penci-bgmain\">\n            <div class=\"pcbg-thumb\">\n\t\t\t\t\t\t\t\t                <div class=\"pcbg-thumbin\">\n                    <a class=\"pcbg-bgoverlay\"\n                       href=\"https:\/\/gnews.cz\/fr\/tema\/ozbrojeny-utok-na-instituce-v-mnohych-mestech-v-republice-mali\/\" title=\"Ozbrojen\u00fd \u00fatok na instituce v mnoh\u00fdch m\u011bstech v republice Mali\"><\/a>\n\n                        <div  data-bgset=\"https:\/\/gnews.cz\/wp-content\/uploads\/2026\/04\/Screenshot_20260428_080155-585x380.webp\" data_bg_hidpi=\"https:\/\/gnews.cz\/wp-content\/uploads\/2026\/04\/Screenshot_20260428_080155-585x380.webp\" class=\"penci-lazy penci-image-holder\">\n                                                    <\/div>\n\n                <\/div>\n            <\/div>\n            <div class=\"pcbg-content\">\n                <div class=\"pcbg-content-flex\">\n                    <a class=\"pcbg-bgoverlay\"\n                       href=\"https:\/\/gnews.cz\/fr\/tema\/ozbrojeny-utok-na-instituce-v-mnohych-mestech-v-republice-mali\/\" title=\"Ozbrojen\u00fd \u00fatok na instituce v mnoh\u00fdch m\u011bstech v republice Mali\"><\/a>\n                    <div class=\"pcbg-content-inner bgcontent-block\">\n                        <a href=\"https:\/\/gnews.cz\/fr\/tema\/ozbrojeny-utok-na-instituce-v-mnohych-mestech-v-republice-mali\/\" title=\"Ozbrojen\u00fd \u00fatok na instituce v mnoh\u00fdch m\u011bstech v republice Mali\"\n                           class=\"pcbg-bgoverlaytext item-hover\"><\/a>\n\n\t\t\t\t\t\t\n\t\t\t\t\t\t                            <div class=\"pcbg-heading item-hover\">\n                                <h3 class=\"pcbg-title\">\n                                    <a href=\"https:\/\/gnews.cz\/fr\/tema\/ozbrojeny-utok-na-instituce-v-mnohych-mestech-v-republice-mali\/\">\n\t\t\t\t\t\t\t\t\t\tOzbrojen\u00fd \u00fatok na instituce v mnoh\u00fdch m\u011bstech v republice Mali                                    <\/a>\n                                <\/h3>\n                            <\/div>\n\t\t\t\t\t\t\n\t\t\t\t\t\t                            <div class=\"grid-post-box-meta pcbg-meta item-hover\">\n                                <div class=\"pcbg-meta-desc\">\n\t\t\t\t\t\t\t\t\t\t\t\t\t\t\t\t\t\t                                        <span class=\"bg-date\"><time class=\"entry-date published\" datetime=\"2026-04-28T07:07:29+02:00\">avril 28, 2026<\/time><\/span>\n\t\t\t\t\t\t\t\t\t\t\t\t\t\t\t\t\t\t\t\t\t\t\t\t\t\t\t\t\t\t\t\t\t\t\t\t\t\t\t\t\t\t\t\t\t\t\t\t\t\t\t\t\t\t                                <\/div>\n\t\t\t\t\t\t\t\t                            <\/div>\n\t\t\t\t\t\t\n\t\t\t\t\t\t                    <\/div>\n                <\/div>\n            <\/div>\n        <\/div>\n    <\/div>\n<\/div>\n<\/div>                <\/div>\n\t\t\t\t            <\/div>\n        <\/div>\n\t\t\t\t\t\t<\/div>\n\t\t\t\t<\/div>\n\t\t\t\t<div class=\"elementor-element elementor-element-8aa9075 elementor-widget elementor-widget-penci-small-list\" data-id=\"8aa9075\" data-element_type=\"widget\" data-e-type=\"widget\" data-widget_type=\"penci-small-list.default\">\n\t\t\t\t<div class=\"elementor-widget-container\">\n\t\t\t\t\t<script>if( typeof(penciBlock) === \"undefined\" ) {function penciBlock() { this.atts_json = ''; this.content = ''; }}var penciBlocksArray = penciBlocksArray || [];var PENCILOCALCACHE = PENCILOCALCACHE || {};var pcblock_5585 = new penciBlock();pcblock_5585.blockID=\"pcblock_5585\";pcblock_5585.atts_json = '{\"type\":\"grid\",\"dformat\":\"\",\"date_pos\":\"left\",\"column\":\"1\",\"tab_column\":\"1\",\"mb_column\":\"1\",\"imgpos\":\"left\",\"thumb_size\":\"\",\"mthumb_size\":\"\",\"post_meta\":[\"title\",\"date\"],\"primary_cat\":\"\",\"title_length\":\"\",\"excerpt_pos\":\"below\",\"rmstyle\":\"filled\",\"excerpt_length\":15,\"nocrop\":\"\",\"hide_cat_mobile\":\"\",\"hide_meta_mobile\":\"\",\"hide_excerpt_mobile\":\"\",\"hide_rm_mobile\":\"\",\"imgtop_mobile\":\"\",\"ver_border\":\"\",\"hide_thumb\":\"yes\",\"show_reviewpie\":\"\",\"show_formaticon\":\"\",\"disable_lazy\":\"\",\"show_excerpt\":\"\",\"show_readmore\":\"\",\"query\":{\"orderby\":\"date\",\"order\":\"desc\",\"ignore_sticky_posts\":1,\"post_status\":\"publish\",\"post__not_in\":[],\"post_type\":\"post\",\"posts_per_page\":4,\"tax_query\":[{\"taxonomy\":\"post_tag\",\"field\":\"term_id\",\"terms\":[\"26\"]},{\"taxonomy\":\"category\",\"field\":\"term_id\",\"terms\":[\"1376\",\"2968\"],\"operator\":\"NOT IN\"},{\"taxonomy\":\"post_tag\",\"field\":\"term_id\",\"terms\":[\"78\",\"38\",\"22\"],\"operator\":\"NOT IN\"}],\"offset\":1},\"category_ids\":\"\",\"taxonomy\":\"\"}';penciBlocksArray.push(pcblock_5585);<\/script>        <div class=\"penci-wrapper-smalllist\">\n\t\t\t\t\t\t            <div class=\"penci-smalllist-wrapper\">\n\t\t\t\t                    <div class=\"penci-smalllist pcsl-wrapper pwsl-id-default\">\n                        <div class=\"pcsl-inner penci-clearfix pcsl-grid pcsl-imgpos-left pcsl-col-1 pcsl-tabcol-1 pcsl-mobcol-1\">\n\t\t\t\t\t\t\t\t\t\t\t\t\t\t\t\t\t\t\t\t\t\t\t\t                                    <div class=\"pcsl-item pcsl-nothumb\">\n                                        <div class=\"pcsl-itemin\">\n                                            <div class=\"pcsl-iteminer\">\n\t\t\t\t\t\t\t\t\t\t\t\t\n\t\t\t\t\t\t\t\t\t\t\t\t                                                <div class=\"pcsl-content\">\n\t\t\t\t\t\t\t\t\t\t\t\t\t\n\t\t\t\t\t\t\t\t\t\t\t\t\t                                                        <div class=\"pcsl-title\">\n                                                            <a href=\"https:\/\/gnews.cz\/fr\/tema\/ozbrojeny-utok-na-instituce-v-mnohych-mestech-v-republice-mali\/\">Ozbrojen\u00fd \u00fatok na instituce v mnoh\u00fdch m\u011bstech v republice Mali<\/a>\n                                                        <\/div>\n\t\t\t\t\t\t\t\t\t\t\t\t\t\n\t\t\t\t\t\t\t\t\t\t\t\t\t                                                        <div class=\"grid-post-box-meta pcsl-meta\">\n\t\t\t\t\t\t\t\t\t\t\t\t\t\t\t\t\t\t\t\t\t\t\t\t\t\t\t\t\t\t                                                                <span class=\"sl-date\"><time class=\"entry-date published\" datetime=\"2026-04-28T07:07:29+02:00\">avril 28, 2026<\/time><\/span>\n\t\t\t\t\t\t\t\t\t\t\t\t\t\t\t\t\t\t\t\t\t\t\t\t\t\t\t\t\t\t\t\t\t\t\t\t\t\t\t\t\t\t\t\t\t\t\t\t\t\t\t\t\t\t\t\t\t\t\t\t\t\t\t\t\t\t\t\t\t\t\t\t\t\t\t\t\t\t\t\t\t\t\t\t\t\t\t\t\t\t                                                        <\/div>\n\t\t\t\t\t\t\t\t\t\t\t\t\t\n\t\t\t\t\t\t\t\t\t\t\t\t\t\t\t\t\t\t\t\t\t\t\t\t\t\t\n                                                <\/div>\n\n\t\t\t\t\t\t\t\t\t\t\t\t                                            <\/div>\n                                        <\/div>\n                                    <\/div>\n                                \t\t\t\t\t\t\t\t\t\t\t\t\t\t\t\t\t                                    <div class=\"pcsl-item pcsl-nothumb\">\n                                        <div class=\"pcsl-itemin\">\n                                            <div class=\"pcsl-iteminer\">\n\t\t\t\t\t\t\t\t\t\t\t\t\n\t\t\t\t\t\t\t\t\t\t\t\t                                                <div class=\"pcsl-content\">\n\t\t\t\t\t\t\t\t\t\t\t\t\t\n\t\t\t\t\t\t\t\t\t\t\t\t\t                                                        <div class=\"pcsl-title\">\n                                                            <a href=\"https:\/\/gnews.cz\/fr\/tema\/donska-oblast-si-pripomnela-obeti-genocidy-sovetskeho-lidu-z-rukou-nacistu\/\">Donsk\u00e1 oblast si p\u0159ipomn\u011bla ob\u011bti genocidy sov\u011btsk\u00e9ho lidu z rukou nacist\u016f<\/a>\n                                                        <\/div>\n\t\t\t\t\t\t\t\t\t\t\t\t\t\n\t\t\t\t\t\t\t\t\t\t\t\t\t                                                        <div class=\"grid-post-box-meta pcsl-meta\">\n\t\t\t\t\t\t\t\t\t\t\t\t\t\t\t\t\t\t\t\t\t\t\t\t\t\t\t\t\t\t                                                                <span class=\"sl-date\"><time class=\"entry-date published\" datetime=\"2026-04-17T21:30:00+02:00\">avril 17, 2026<\/time><\/span>\n\t\t\t\t\t\t\t\t\t\t\t\t\t\t\t\t\t\t\t\t\t\t\t\t\t\t\t\t\t\t\t\t\t\t\t\t\t\t\t\t\t\t\t\t\t\t\t\t\t\t\t\t\t\t\t\t\t\t\t\t\t\t\t\t\t\t\t\t\t\t\t\t\t\t\t\t\t\t\t\t\t\t\t\t\t\t\t\t\t\t                                                        <\/div>\n\t\t\t\t\t\t\t\t\t\t\t\t\t\n\t\t\t\t\t\t\t\t\t\t\t\t\t\t\t\t\t\t\t\t\t\t\t\t\t\t\n                                                <\/div>\n\n\t\t\t\t\t\t\t\t\t\t\t\t                                            <\/div>\n                                        <\/div>\n                                    <\/div>\n                                \t\t\t\t\t\t\t\t\t\t\t\t\t\t\t\t\t                                    <div class=\"pcsl-item pcsl-nothumb\">\n                                        <div class=\"pcsl-itemin\">\n                                            <div class=\"pcsl-iteminer\">\n\t\t\t\t\t\t\t\t\t\t\t\t\n\t\t\t\t\t\t\t\t\t\t\t\t                                                <div class=\"pcsl-content\">\n\t\t\t\t\t\t\t\t\t\t\t\t\t\n\t\t\t\t\t\t\t\t\t\t\t\t\t                                                        <div class=\"pcsl-title\">\n                                                            <a href=\"https:\/\/gnews.cz\/fr\/neprehlednete\/xi-jinping-vyzyva-k-uzsi-strategicke-koordinaci-s-ruskem-duraz-na-jednotu-globalniho-jihu\/\">Xi Jinping vyz\u00fdv\u00e1 k u\u017e\u0161\u00ed strategick\u00e9 koordinaci s Ruskem, d\u016fraz na jednotu Glob\u00e1ln\u00edho Jihu<\/a>\n                                                        <\/div>\n\t\t\t\t\t\t\t\t\t\t\t\t\t\n\t\t\t\t\t\t\t\t\t\t\t\t\t                                                        <div class=\"grid-post-box-meta pcsl-meta\">\n\t\t\t\t\t\t\t\t\t\t\t\t\t\t\t\t\t\t\t\t\t\t\t\t\t\t\t\t\t\t                                                                <span class=\"sl-date\"><time class=\"entry-date published\" datetime=\"2026-04-15T20:16:44+02:00\">avril 15, 2026<\/time><\/span>\n\t\t\t\t\t\t\t\t\t\t\t\t\t\t\t\t\t\t\t\t\t\t\t\t\t\t\t\t\t\t\t\t\t\t\t\t\t\t\t\t\t\t\t\t\t\t\t\t\t\t\t\t\t\t\t\t\t\t\t\t\t\t\t\t\t\t\t\t\t\t\t\t\t\t\t\t\t\t\t\t\t\t\t\t\t\t\t\t\t\t                                                        <\/div>\n\t\t\t\t\t\t\t\t\t\t\t\t\t\n\t\t\t\t\t\t\t\t\t\t\t\t\t\t\t\t\t\t\t\t\t\t\t\t\t\t\n                                                <\/div>\n\n\t\t\t\t\t\t\t\t\t\t\t\t                                            <\/div>\n                                        <\/div>\n                                    <\/div>\n                                \t\t\t\t\t\t\t\t\t\t\t\t\t\t\t\t\t                                    <div class=\"pcsl-item pcsl-nothumb\">\n                                        <div class=\"pcsl-itemin\">\n                                            <div class=\"pcsl-iteminer\">\n\t\t\t\t\t\t\t\t\t\t\t\t\n\t\t\t\t\t\t\t\t\t\t\t\t                                                <div class=\"pcsl-content\">\n\t\t\t\t\t\t\t\t\t\t\t\t\t\n\t\t\t\t\t\t\t\t\t\t\t\t\t                                                        <div class=\"pcsl-title\">\n                                                            <a href=\"https:\/\/gnews.cz\/fr\/tema\/porazka-orbana-muze-otevrit-miliardy-pro-ukrajinu-a-posunout-ji-bliz-k-eu\/\">Por\u00e1\u017eka Orb\u00e1na m\u016f\u017ee otev\u0159\u00edt miliardy pro Ukrajinu a posunout ji bl\u00ed\u017e k EU<\/a>\n                                                        <\/div>\n\t\t\t\t\t\t\t\t\t\t\t\t\t\n\t\t\t\t\t\t\t\t\t\t\t\t\t                                                        <div class=\"grid-post-box-meta pcsl-meta\">\n\t\t\t\t\t\t\t\t\t\t\t\t\t\t\t\t\t\t\t\t\t\t\t\t\t\t\t\t\t\t                                                                <span class=\"sl-date\"><time class=\"entry-date published\" datetime=\"2026-04-15T18:00:00+02:00\">avril 15, 2026<\/time><\/span>\n\t\t\t\t\t\t\t\t\t\t\t\t\t\t\t\t\t\t\t\t\t\t\t\t\t\t\t\t\t\t\t\t\t\t\t\t\t\t\t\t\t\t\t\t\t\t\t\t\t\t\t\t\t\t\t\t\t\t\t\t\t\t\t\t\t\t\t\t\t\t\t\t\t\t\t\t\t\t\t\t\t\t\t\t\t\t\t\t\t\t                                                        <\/div>\n\t\t\t\t\t\t\t\t\t\t\t\t\t\n\t\t\t\t\t\t\t\t\t\t\t\t\t\t\t\t\t\t\t\t\t\t\t\t\t\t\n                                                <\/div>\n\n\t\t\t\t\t\t\t\t\t\t\t\t                                            <\/div>\n                                        <\/div>\n                                    <\/div>\n                                \t\t\t\t\t\t\t\t\t\t\t\t\t\t\t\t                        <\/div>\n\n\t\t\t\t\t\t\n                    <\/div>\n\t\t\t\t\t            <\/div>\n        <\/div>\n\t\t\t\t\t\t<\/div>\n\t\t\t\t<\/div>\n\t\t\t\t<\/div>\n\t\t<div class=\"elementor-element elementor-element-0d3de56 e-con-full e-flex e-con e-child\" data-id=\"0d3de56\" data-element_type=\"container\" data-e-type=\"container\">\n\t\t\t\t<div class=\"elementor-element elementor-element-3e03989 elementor-widget elementor-widget-penci-block-heading\" data-id=\"3e03989\" data-element_type=\"widget\" data-e-type=\"widget\" data-widget_type=\"penci-block-heading.default\">\n\t\t\t\t<div class=\"elementor-widget-container\">\n\t\t\t\t\t\t\t<div class=\"penciel-bheading penci-border-arrow penci-homepage-title penci-home-latest-posts style-6 pcalign-left pciconp-right pcicon-right block-title-icon-left\">\n\t\t\t<h3 class=\"inner-arrow\">\n\t\t\t\t<span>\n\t\t\t\t<a href=\"https:\/\/gnews.cz\/cs_cz\/tag\/cina\/\">\u010c\u00edna<\/a>\t\t\t\t<\/span>\n\t\t\t<\/h3>\n\t\t\t\t\t<\/div>\n\t\t\t\t\t\t<\/div>\n\t\t\t\t<\/div>\n\t\t\t\t<div class=\"elementor-element elementor-element-437e8ce elementor-widget__width-initial elementor-widget elementor-widget-penci-big-grid\" data-id=\"437e8ce\" data-element_type=\"widget\" data-e-type=\"widget\" data-widget_type=\"penci-big-grid.default\">\n\t\t\t\t<div class=\"elementor-widget-container\">\n\t\t\t\t\t        <div class=\"penci-clearfix penci-biggrid-wrapper penci-grid-col-1 penci-grid-mcol-1 penci-bgrid-based-post penci-bgrid-style-1 pcbg-ficonpo-top-right pcbg-reiconpo-top-left penci-bgrid-content-below pencibg-imageh-zoom-in pencibg-texth-none pencibg-textani-movetop textop\">\n\t\t\t            <div class=\"penci-clearfix penci-biggrid penci-bgstyle-1 penci-bgel\">\n                <div class=\"penci-biggrid-inner default\">\n\t\t\t\t\t<div class=\"penci-clearfix penci-biggrid-data penci-dflex\"><div class=\"penci-bgitem\">\n    <div class=\"penci-bgitin\">\n        <div class=\"penci-bgmain\">\n            <div class=\"pcbg-thumb\">\n\t\t\t\t\t\t\t\t                <div class=\"pcbg-thumbin\">\n                    <a class=\"pcbg-bgoverlay\"\n                       href=\"https:\/\/gnews.cz\/fr\/politika\/ministr-obrany-ciny-vyzyva-k-posileni-spoluprace-pro-udrzeni-miru-v-ramci-sos\/\" title=\"Ministr obrany \u010c\u00edny vyz\u00fdv\u00e1 k pos\u00edlen\u00ed spolupr\u00e1ce pro udr\u017een\u00ed m\u00edru v r\u00e1mci \u0160OS\"><\/a>\n\n                        <div  data-bgset=\"https:\/\/gnews.cz\/wp-content\/uploads\/2026\/04\/1777450946944_244-585x390.webp\" data_bg_hidpi=\"https:\/\/gnews.cz\/wp-content\/uploads\/2026\/04\/1777450946944_244-585x390.webp\" class=\"penci-lazy penci-image-holder\">\n                                                    <\/div>\n\n                <\/div>\n            <\/div>\n            <div class=\"pcbg-content\">\n                <div class=\"pcbg-content-flex\">\n                    <a class=\"pcbg-bgoverlay\"\n                       href=\"https:\/\/gnews.cz\/fr\/politika\/ministr-obrany-ciny-vyzyva-k-posileni-spoluprace-pro-udrzeni-miru-v-ramci-sos\/\" title=\"Ministr obrany \u010c\u00edny vyz\u00fdv\u00e1 k pos\u00edlen\u00ed spolupr\u00e1ce pro udr\u017een\u00ed m\u00edru v r\u00e1mci \u0160OS\"><\/a>\n                    <div class=\"pcbg-content-inner bgcontent-block\">\n                        <a href=\"https:\/\/gnews.cz\/fr\/politika\/ministr-obrany-ciny-vyzyva-k-posileni-spoluprace-pro-udrzeni-miru-v-ramci-sos\/\" title=\"Ministr obrany \u010c\u00edny vyz\u00fdv\u00e1 k pos\u00edlen\u00ed spolupr\u00e1ce pro udr\u017een\u00ed m\u00edru v r\u00e1mci \u0160OS\"\n                           class=\"pcbg-bgoverlaytext item-hover\"><\/a>\n\n\t\t\t\t\t\t\n\t\t\t\t\t\t                            <div class=\"pcbg-heading item-hover\">\n                                <h3 class=\"pcbg-title\">\n                                    <a href=\"https:\/\/gnews.cz\/fr\/politika\/ministr-obrany-ciny-vyzyva-k-posileni-spoluprace-pro-udrzeni-miru-v-ramci-sos\/\">\n\t\t\t\t\t\t\t\t\t\tMinistr obrany \u010c\u00edny vyz\u00fdv\u00e1 k pos\u00edlen\u00ed spolupr\u00e1ce pro udr\u017een\u00ed m\u00edru v r\u00e1mci \u0160OS                                    <\/a>\n                                <\/h3>\n                            <\/div>\n\t\t\t\t\t\t\n\t\t\t\t\t\t                            <div class=\"grid-post-box-meta pcbg-meta item-hover\">\n                                <div class=\"pcbg-meta-desc\">\n\t\t\t\t\t\t\t\t\t\t\t\t\t\t\t\t\t\t                                        <span class=\"bg-date\"><time class=\"entry-date published\" datetime=\"2026-04-30T04:00:00+02:00\">avril 30, 2026<\/time><\/span>\n\t\t\t\t\t\t\t\t\t\t\t\t\t\t\t\t\t\t\t\t\t\t\t\t\t\t\t\t\t\t\t\t\t\t\t\t\t\t\t\t\t\t\t\t\t\t\t\t\t\t\t\t\t\t                                <\/div>\n\t\t\t\t\t\t\t\t                            <\/div>\n\t\t\t\t\t\t\n\t\t\t\t\t\t                    <\/div>\n                <\/div>\n            <\/div>\n        <\/div>\n    <\/div>\n<\/div>\n<\/div>                <\/div>\n\t\t\t\t            <\/div>\n        <\/div>\n\t\t\t\t\t\t<\/div>\n\t\t\t\t<\/div>\n\t\t\t\t<div class=\"elementor-element elementor-element-53ffc45 elementor-widget elementor-widget-penci-small-list\" data-id=\"53ffc45\" data-element_type=\"widget\" data-e-type=\"widget\" data-widget_type=\"penci-small-list.default\">\n\t\t\t\t<div class=\"elementor-widget-container\">\n\t\t\t\t\t<script>if( typeof(penciBlock) === \"undefined\" ) {function penciBlock() { this.atts_json = ''; this.content = ''; }}var penciBlocksArray = penciBlocksArray || [];var PENCILOCALCACHE = PENCILOCALCACHE || {};var pcblock_4357 = new penciBlock();pcblock_4357.blockID=\"pcblock_4357\";pcblock_4357.atts_json = '{\"type\":\"grid\",\"dformat\":\"\",\"date_pos\":\"left\",\"column\":\"1\",\"tab_column\":\"1\",\"mb_column\":\"1\",\"imgpos\":\"left\",\"thumb_size\":\"\",\"mthumb_size\":\"\",\"post_meta\":[\"title\",\"date\"],\"primary_cat\":\"\",\"title_length\":\"\",\"excerpt_pos\":\"below\",\"rmstyle\":\"filled\",\"excerpt_length\":15,\"nocrop\":\"\",\"hide_cat_mobile\":\"\",\"hide_meta_mobile\":\"\",\"hide_excerpt_mobile\":\"\",\"hide_rm_mobile\":\"\",\"imgtop_mobile\":\"\",\"ver_border\":\"\",\"hide_thumb\":\"yes\",\"show_reviewpie\":\"\",\"show_formaticon\":\"\",\"disable_lazy\":\"\",\"show_excerpt\":\"\",\"show_readmore\":\"\",\"query\":{\"orderby\":\"date\",\"order\":\"desc\",\"ignore_sticky_posts\":1,\"post_status\":\"publish\",\"post__not_in\":[],\"post_type\":\"post\",\"posts_per_page\":4,\"tax_query\":[{\"taxonomy\":\"post_tag\",\"field\":\"term_id\",\"terms\":[\"22\"]},{\"taxonomy\":\"category\",\"field\":\"term_id\",\"terms\":[\"1376\",\"2968\"],\"operator\":\"NOT IN\"},{\"taxonomy\":\"post_tag\",\"field\":\"term_id\",\"terms\":[\"38\",\"78\",\"26\"],\"operator\":\"NOT IN\"}],\"offset\":1},\"category_ids\":\"\",\"taxonomy\":\"\"}';penciBlocksArray.push(pcblock_4357);<\/script>        <div class=\"penci-wrapper-smalllist\">\n\t\t\t\t\t\t            <div class=\"penci-smalllist-wrapper\">\n\t\t\t\t                    <div class=\"penci-smalllist pcsl-wrapper pwsl-id-default\">\n                        <div class=\"pcsl-inner penci-clearfix pcsl-grid pcsl-imgpos-left pcsl-col-1 pcsl-tabcol-1 pcsl-mobcol-1\">\n\t\t\t\t\t\t\t\t\t\t\t\t\t\t\t\t\t\t\t\t\t\t\t\t                                    <div class=\"pcsl-item pcsl-nothumb\">\n                                        <div class=\"pcsl-itemin\">\n                                            <div class=\"pcsl-iteminer\">\n\t\t\t\t\t\t\t\t\t\t\t\t\n\t\t\t\t\t\t\t\t\t\t\t\t                                                <div class=\"pcsl-content\">\n\t\t\t\t\t\t\t\t\t\t\t\t\t\n\t\t\t\t\t\t\t\t\t\t\t\t\t                                                        <div class=\"pcsl-title\">\n                                                            <a href=\"https:\/\/gnews.cz\/fr\/neprehlednete\/kulinarske-dialogy-pres-hory-a-reky-kdyz-se-ceska-kuchyne-setka-s-tou-cinskou-aneb-knedlo-vepro-a-zelo\/\">Kulin\u00e1\u0159sk\u00e9 dialogy p\u0159es hory a \u0159eky: Kdy\u017e se \u010cesk\u00e1 kuchyn\u011b setk\u00e1 s tou \u010d\u00ednskou aneb knedlo, vep\u0159o a zelo<\/a>\n                                                        <\/div>\n\t\t\t\t\t\t\t\t\t\t\t\t\t\n\t\t\t\t\t\t\t\t\t\t\t\t\t                                                        <div class=\"grid-post-box-meta pcsl-meta\">\n\t\t\t\t\t\t\t\t\t\t\t\t\t\t\t\t\t\t\t\t\t\t\t\t\t\t\t\t\t\t                                                                <span class=\"sl-date\"><time class=\"entry-date published\" datetime=\"2026-05-02T21:30:00+02:00\">mai 2, 2026<\/time><\/span>\n\t\t\t\t\t\t\t\t\t\t\t\t\t\t\t\t\t\t\t\t\t\t\t\t\t\t\t\t\t\t\t\t\t\t\t\t\t\t\t\t\t\t\t\t\t\t\t\t\t\t\t\t\t\t\t\t\t\t\t\t\t\t\t\t\t\t\t\t\t\t\t\t\t\t\t\t\t\t\t\t\t\t\t\t\t\t\t\t\t\t                                                        <\/div>\n\t\t\t\t\t\t\t\t\t\t\t\t\t\n\t\t\t\t\t\t\t\t\t\t\t\t\t\t\t\t\t\t\t\t\t\t\t\t\t\t\n                                                <\/div>\n\n\t\t\t\t\t\t\t\t\t\t\t\t                                            <\/div>\n                                        <\/div>\n                                    <\/div>\n                                \t\t\t\t\t\t\t\t\t\t\t\t\t\t\t\t\t                                    <div class=\"pcsl-item pcsl-nothumb\">\n                                        <div class=\"pcsl-itemin\">\n                                            <div class=\"pcsl-iteminer\">\n\t\t\t\t\t\t\t\t\t\t\t\t\n\t\t\t\t\t\t\t\t\t\t\t\t                                                <div class=\"pcsl-content\">\n\t\t\t\t\t\t\t\t\t\t\t\t\t\n\t\t\t\t\t\t\t\t\t\t\t\t\t                                                        <div class=\"pcsl-title\">\n                                                            <a href=\"https:\/\/gnews.cz\/fr\/tema\/jazyk-v-ere-digitalni-rychlosti-evoluce-nebo-upadek\/\">Jazyk v \u00e9\u0159e digit\u00e1ln\u00ed rychlosti: Evoluce, nebo \u00fapadek?<\/a>\n                                                        <\/div>\n\t\t\t\t\t\t\t\t\t\t\t\t\t\n\t\t\t\t\t\t\t\t\t\t\t\t\t                                                        <div class=\"grid-post-box-meta pcsl-meta\">\n\t\t\t\t\t\t\t\t\t\t\t\t\t\t\t\t\t\t\t\t\t\t\t\t\t\t\t\t\t\t                                                                <span class=\"sl-date\"><time class=\"entry-date published\" datetime=\"2026-05-02T12:00:00+02:00\">mai 2, 2026<\/time><\/span>\n\t\t\t\t\t\t\t\t\t\t\t\t\t\t\t\t\t\t\t\t\t\t\t\t\t\t\t\t\t\t\t\t\t\t\t\t\t\t\t\t\t\t\t\t\t\t\t\t\t\t\t\t\t\t\t\t\t\t\t\t\t\t\t\t\t\t\t\t\t\t\t\t\t\t\t\t\t\t\t\t\t\t\t\t\t\t\t\t\t\t                                                        <\/div>\n\t\t\t\t\t\t\t\t\t\t\t\t\t\n\t\t\t\t\t\t\t\t\t\t\t\t\t\t\t\t\t\t\t\t\t\t\t\t\t\t\n                                                <\/div>\n\n\t\t\t\t\t\t\t\t\t\t\t\t                                            <\/div>\n                                        <\/div>\n                                    <\/div>\n                                \t\t\t\t\t\t\t\t\t\t\t\t\t\t\t\t\t                                    <div class=\"pcsl-item pcsl-nothumb\">\n                                        <div class=\"pcsl-itemin\">\n                                            <div class=\"pcsl-iteminer\">\n\t\t\t\t\t\t\t\t\t\t\t\t\n\t\t\t\t\t\t\t\t\t\t\t\t                                                <div class=\"pcsl-content\">\n\t\t\t\t\t\t\t\t\t\t\t\t\t\n\t\t\t\t\t\t\t\t\t\t\t\t\t                                                        <div class=\"pcsl-title\">\n                                                            <a href=\"https:\/\/gnews.cz\/fr\/tema\/v-malajsii-se-konalo-forum-ctenaru-k-anglicke-verzi-pateho-svazku-xi-jinping-sprava-ciny\/\">V\u00a0Malajsii\u00a0se konalo\u00a0F\u00f3rum \u010dten\u00e1\u0159\u016f k anglick\u00e9 verzi p\u00e1t\u00e9ho svazku \u201eXi Jinping: Spr\u00e1va \u010c\u00edny\u201c<\/a>\n                                                        <\/div>\n\t\t\t\t\t\t\t\t\t\t\t\t\t\n\t\t\t\t\t\t\t\t\t\t\t\t\t                                                        <div class=\"grid-post-box-meta pcsl-meta\">\n\t\t\t\t\t\t\t\t\t\t\t\t\t\t\t\t\t\t\t\t\t\t\t\t\t\t\t\t\t\t                                                                <span class=\"sl-date\"><time class=\"entry-date published\" datetime=\"2026-05-02T01:00:00+02:00\">mai 2, 2026<\/time><\/span>\n\t\t\t\t\t\t\t\t\t\t\t\t\t\t\t\t\t\t\t\t\t\t\t\t\t\t\t\t\t\t\t\t\t\t\t\t\t\t\t\t\t\t\t\t\t\t\t\t\t\t\t\t\t\t\t\t\t\t\t\t\t\t\t\t\t\t\t\t\t\t\t\t\t\t\t\t\t\t\t\t\t\t\t\t\t\t\t\t\t\t                                                        <\/div>\n\t\t\t\t\t\t\t\t\t\t\t\t\t\n\t\t\t\t\t\t\t\t\t\t\t\t\t\t\t\t\t\t\t\t\t\t\t\t\t\t\n                                                <\/div>\n\n\t\t\t\t\t\t\t\t\t\t\t\t                                            <\/div>\n                                        <\/div>\n                                    <\/div>\n                                \t\t\t\t\t\t\t\t\t\t\t\t\t\t\t\t\t                                    <div class=\"pcsl-item pcsl-nothumb\">\n                                        <div class=\"pcsl-itemin\">\n                                            <div class=\"pcsl-iteminer\">\n\t\t\t\t\t\t\t\t\t\t\t\t\n\t\t\t\t\t\t\t\t\t\t\t\t                                                <div class=\"pcsl-content\">\n\t\t\t\t\t\t\t\t\t\t\t\t\t\n\t\t\t\t\t\t\t\t\t\t\t\t\t                                                        <div class=\"pcsl-title\">\n                                                            <a href=\"https:\/\/gnews.cz\/fr\/neprehlednete\/wang-yi-jednal-v-pekingu-s-ministry-zahranici-belgie-a-laosu-o-posileni-spoluprace\/\">Wang Yi jednal v Pekingu s ministry zahrani\u010d\u00ed Belgie a Laosu o pos\u00edlen\u00ed spolupr\u00e1ce<\/a>\n                                                        <\/div>\n\t\t\t\t\t\t\t\t\t\t\t\t\t\n\t\t\t\t\t\t\t\t\t\t\t\t\t                                                        <div class=\"grid-post-box-meta pcsl-meta\">\n\t\t\t\t\t\t\t\t\t\t\t\t\t\t\t\t\t\t\t\t\t\t\t\t\t\t\t\t\t\t                                                                <span class=\"sl-date\"><time class=\"entry-date published\" datetime=\"2026-05-01T04:00:00+02:00\">mai 1, 2026<\/time><\/span>\n\t\t\t\t\t\t\t\t\t\t\t\t\t\t\t\t\t\t\t\t\t\t\t\t\t\t\t\t\t\t\t\t\t\t\t\t\t\t\t\t\t\t\t\t\t\t\t\t\t\t\t\t\t\t\t\t\t\t\t\t\t\t\t\t\t\t\t\t\t\t\t\t\t\t\t\t\t\t\t\t\t\t\t\t\t\t\t\t\t\t                                                        <\/div>\n\t\t\t\t\t\t\t\t\t\t\t\t\t\n\t\t\t\t\t\t\t\t\t\t\t\t\t\t\t\t\t\t\t\t\t\t\t\t\t\t\n                                                <\/div>\n\n\t\t\t\t\t\t\t\t\t\t\t\t                                            <\/div>\n                                        <\/div>\n                                    <\/div>\n                                \t\t\t\t\t\t\t\t\t\t\t\t\t\t\t\t                        <\/div>\n\n\t\t\t\t\t\t\n                    <\/div>\n\t\t\t\t\t            <\/div>\n        <\/div>\n\t\t\t\t\t\t<\/div>\n\t\t\t\t<\/div>\n\t\t\t\t<\/div>\n\t\t\t\t<\/div>\n\t\t\t\t\t<\/div>\n\t\t<\/div>\n\t\t\t\t\t<\/div>\n\t\t<\/section>\n\t\t\t\t<div class=\"elementor-element elementor-element-c59b77f e-con e-atomic-element e-flexbox-base e-c59b77f-8b169f0\" data-id=\"c59b77f\" data-element_type=\"e-flexbox\" data-e-type=\"e-flexbox\" data-interaction-id=\"c59b77f\" data-e-type=\"e-flexbox\" data-id=\"c59b77f\">\n\t\t\t\t\t\t\t\n\t\t\t\t<a\n\t\t\thref=\"https:\/\/gnews.cz\/en\/about-us\/\" target=\"_blank\"\n\t\t\tclass=\"e-image-link-base\"\n\t\t\tdata-interaction-id=\"7a9fd54\"\n\t\t>\n\t\t<img class=\"e-image-base e-7a9fd54-a526abe\" \n\t\t\t\t\tdata-interaction-id=\"7a9fd54\" \n\t\t \n\t\t data-e-type=\"widget\" data-id=\"7a9fd54\" \n\t\t\t\t\t\t\t\t\tid=\"43262\"\n\t\t\t\t\t\t\t\t\t\t\t\tsrc=\"https:\/\/gnews.cz\/wp-content\/uploads\/2026\/04\/GNEWS-1-Doubao2.webp\"\n\t\t\t\t\t\t\t\t\t\t\t\twidth=\"1280\"\n\t\t\t\t\t\t\t\t\t\t\t\theight=\"719\"\n\t\t\t\t\t\t\t\t\t\t\t\tsrcset=\"https:\/\/gnews.cz\/wp-content\/uploads\/2026\/04\/GNEWS-1-Doubao2.webp 1280w, https:\/\/gnews.cz\/wp-content\/uploads\/2026\/04\/GNEWS-1-Doubao2-300x169.webp 300w, https:\/\/gnews.cz\/wp-content\/uploads\/2026\/04\/GNEWS-1-Doubao2-1024x575.webp 1024w, https:\/\/gnews.cz\/wp-content\/uploads\/2026\/04\/GNEWS-1-Doubao2-768x431.webp 768w, https:\/\/gnews.cz\/wp-content\/uploads\/2026\/04\/GNEWS-1-Doubao2-18x10.webp 18w, https:\/\/gnews.cz\/wp-content\/uploads\/2026\/04\/GNEWS-1-Doubao2-1170x657.webp 1170w, https:\/\/gnews.cz\/wp-content\/uploads\/2026\/04\/GNEWS-1-Doubao2-585x329.webp 585w\"\n\t\t\t\t\t\t\t\t\t\t\t\talt=\"\"\n\t\t\t\t\t\t\/>\n\t\t\t<\/a>\n\t\t\t\t\t<\/div>\n\t\t\t\t<\/div>\n\t\t","protected":false},"excerpt":{"rendered":"<p>Actualit\u00e9s Les Etats-Unis confirment \u00e0 leurs alli\u00e9s leur intention de poursuivre l'all\u00e8gement des sanctions sur le p\u00e9trole russe 1er avril 2026 Analyse : Conflit Russie-Ukraine - Industrie de la d\u00e9fense,...<\/p>","protected":false},"author":1,"featured_media":2846,"parent":0,"menu_order":0,"comment_status":"closed","ping_status":"closed","template":"page-fullwidth.php","meta":{"_acf_changed":false,"_lmt_disableupdate":"","_lmt_disable":"","footnotes":""},"class_list":["post-1489","page","type-page","status-publish","has-post-thumbnail","hentry"],"acf":[],"aioseo_notices":[],"_links":{"self":[{"href":"https:\/\/gnews.cz\/fr\/wp-json\/wp\/v2\/pages\/1489","targetHints":{"allow":["GET"]}}],"collection":[{"href":"https:\/\/gnews.cz\/fr\/wp-json\/wp\/v2\/pages"}],"about":[{"href":"https:\/\/gnews.cz\/fr\/wp-json\/wp\/v2\/types\/page"}],"author":[{"embeddable":true,"href":"https:\/\/gnews.cz\/fr\/wp-json\/wp\/v2\/users\/1"}],"replies":[{"embeddable":true,"href":"https:\/\/gnews.cz\/fr\/wp-json\/wp\/v2\/comments?post=1489"}],"version-history":[{"count":5,"href":"https:\/\/gnews.cz\/fr\/wp-json\/wp\/v2\/pages\/1489\/revisions"}],"predecessor-version":[{"id":43326,"href":"https:\/\/gnews.cz\/fr\/wp-json\/wp\/v2\/pages\/1489\/revisions\/43326"}],"wp:featuredmedia":[{"embeddable":true,"href":"https:\/\/gnews.cz\/fr\/wp-json\/wp\/v2\/media\/2846"}],"wp:attachment":[{"href":"https:\/\/gnews.cz\/fr\/wp-json\/wp\/v2\/media?parent=1489"}],"curies":[{"name":"wp","href":"https:\/\/api.w.org\/{rel}","templated":true}]}}