{"id":1489,"date":"2021-11-02T08:16:09","date_gmt":"2021-11-02T08:16:09","guid":{"rendered":"https:\/\/soledaddemo.pencidesign.net\/soledad-modern-news-magazine\/?page_id=8"},"modified":"2026-04-01T16:48:12","modified_gmt":"2026-04-01T14:48:12","slug":"soledad_home","status":"publish","type":"page","link":"https:\/\/gnews.cz\/it\/","title":{"rendered":"Soledad_Home"},"content":{"rendered":"\t\t<div data-elementor-type=\"wp-page\" data-elementor-id=\"1489\" class=\"elementor elementor-1489\" data-elementor-post-type=\"page\">\n\t\t\t\t\t\t<section class=\"penci-section penci-enSticky penci-repons-elsection penci-con_sb2_sb1 penci-structure-31 elementor-section elementor-top-section elementor-element elementor-element-35af948 elementor-section-boxed elementor-section-height-default elementor-section-height-default\" data-id=\"35af948\" data-element_type=\"section\" data-e-type=\"section\">\n\t\t\t\t\t\t<div class=\"elementor-container elementor-column-gap-extended\">\n\t\t\t\t\t<div class=\"penci-ercol-25 penci-ercol-order-1 penci-sticky-sb penci-sidebarSC   elementor-column elementor-col-25 elementor-top-column elementor-element elementor-element-41bc9bf\" data-id=\"41bc9bf\" data-element_type=\"column\" data-e-type=\"column\">\n\t\t\t<div class=\"elementor-widget-wrap elementor-element-populated\">\n\t\t\t\t\t\t<div class=\"elementor-element elementor-element-946ad52 elementor-widget elementor-widget-penci-small-list\" data-id=\"946ad52\" data-element_type=\"widget\" data-e-type=\"widget\" data-widget_type=\"penci-small-list.default\">\n\t\t\t\t<div class=\"elementor-widget-container\">\n\t\t\t\t\t<script>if( typeof(penciBlock) === \"undefined\" ) {function penciBlock() { this.atts_json = ''; this.content = ''; }}var penciBlocksArray = penciBlocksArray || [];var PENCILOCALCACHE = PENCILOCALCACHE || {};var pcblock_1904 = new penciBlock();pcblock_1904.blockID=\"pcblock_1904\";pcblock_1904.atts_json = '{\"type\":\"grid\",\"dformat\":\"\",\"date_pos\":\"left\",\"column\":\"1\",\"tab_column\":\"1\",\"mb_column\":\"1\",\"imgpos\":\"left\",\"thumb_size\":\"\",\"mthumb_size\":\"\",\"post_meta\":[\"title\",\"date\"],\"primary_cat\":\"\",\"title_length\":\"\",\"excerpt_pos\":\"below\",\"rmstyle\":\"filled\",\"excerpt_length\":15,\"nocrop\":\"\",\"hide_cat_mobile\":\"\",\"hide_meta_mobile\":\"\",\"hide_excerpt_mobile\":\"\",\"hide_rm_mobile\":\"\",\"imgtop_mobile\":\"\",\"ver_border\":\"\",\"hide_thumb\":\"\",\"show_reviewpie\":\"\",\"show_formaticon\":\"\",\"disable_lazy\":\"\",\"show_excerpt\":\"\",\"show_readmore\":\"\",\"query\":{\"orderby\":\"date\",\"order\":\"desc\",\"ignore_sticky_posts\":1,\"post_status\":\"publish\",\"post__not_in\":[],\"post_type\":\"post\",\"posts_per_page\":10,\"tax_query\":[{\"taxonomy\":\"category\",\"field\":\"term_id\",\"terms\":[\"2\",\"3\",\"4\",\"6\",\"7\",\"2968\",\"2973\"]}]},\"category_ids\":\"\",\"taxonomy\":\"\"}';penciBlocksArray.push(pcblock_1904);<\/script>        <div class=\"penci-wrapper-smalllist\">\n\t\t\t    <div class=\"penci-border-arrow penci-homepage-title penci-home-latest-posts style-6 pcalign-left pciconp-right pcicon-right block-title-icon-left\">\n        <h3 class=\"inner-arrow\">\n        <span>\n                    <span>Aktuality<\/a>                <\/span>\n        <\/h3>\n\t\t        <\/div>\n\t\t\t\t\t            <div class=\"penci-smalllist-wrapper\">\n\t\t\t\t                    <div class=\"penci-smalllist pcsl-wrapper pwsl-id-default\">\n                        <div class=\"pcsl-inner penci-clearfix pcsl-grid pcsl-imgpos-left pcsl-col-1 pcsl-tabcol-1 pcsl-mobcol-1\">\n\t\t\t\t\t\t\t\t\t\t\t\t\t\t\t\t\t\t\t\t\t\t\t\t                                    <div class=\"pcsl-item\">\n                                        <div class=\"pcsl-itemin\">\n                                            <div class=\"pcsl-iteminer\">\n\t\t\t\t\t\t\t\t\t\t\t\t\n\t\t\t\t\t\t\t\t\t\t\t\t                                                    <div class=\"pcsl-thumb\">\n\t\t\t\t\t\t\t\t\t\t\t\t\t\t\t\t\t\t\t\t\t\t\t\t\t\t\t\t                                                            <a  data-bgset=\"https:\/\/gnews.cz\/wp-content\/uploads\/2026\/04\/4eb52dec24fa4e44910c35e42b6c59a2-e1777219742858-263x175.webp\" href=\"https:\/\/gnews.cz\/it\/neprehlednete\/kenan-sawe-prepsal-dejiny-jako-prvni-clovek-zabehl-maraton-pod-dve-hodiny-v-zavode\/\"\n                                                               title=\"Ke\u0148an Sawe p\u0159epsal d\u011bjiny, jako prvn\u00ed \u010dlov\u011bk zab\u011bhl maraton pod dv\u011b hodiny v z\u00e1vod\u011b\"\n                                                               class=\"penci-lazy penci-image-holder\">\n\t                                                                                                                        <\/a>\n\n                                                    <\/div>\n\t\t\t\t\t\t\t\t\t\t\t\t                                                <div class=\"pcsl-content\">\n\t\t\t\t\t\t\t\t\t\t\t\t\t\n\t\t\t\t\t\t\t\t\t\t\t\t\t                                                        <div class=\"pcsl-title\">\n                                                            <a href=\"https:\/\/gnews.cz\/it\/neprehlednete\/kenan-sawe-prepsal-dejiny-jako-prvni-clovek-zabehl-maraton-pod-dve-hodiny-v-zavode\/\">Ke\u0148an Sawe p\u0159epsal d\u011bjiny, jako prvn\u00ed \u010dlov\u011bk zab\u011bhl maraton pod dv\u011b hodiny v z\u00e1vod\u011b<\/a>\n                                                        <\/div>\n\t\t\t\t\t\t\t\t\t\t\t\t\t\n\t\t\t\t\t\t\t\t\t\t\t\t\t                                                        <div class=\"grid-post-box-meta pcsl-meta\">\n\t\t\t\t\t\t\t\t\t\t\t\t\t\t\t\t\t\t\t\t\t\t\t\t\t\t\t\t\t\t                                                                <span class=\"sl-date\"><time class=\"entry-date published\" datetime=\"2026-04-26T21:00:00+02:00\">Aprile 26, 2026<\/time><\/span>\n\t\t\t\t\t\t\t\t\t\t\t\t\t\t\t\t\t\t\t\t\t\t\t\t\t\t\t\t\t\t\t\t\t\t\t\t\t\t\t\t\t\t\t\t\t\t\t\t\t\t\t\t\t\t\t\t\t\t\t\t\t\t\t\t\t\t\t\t\t\t\t\t\t\t\t\t\t\t\t\t\t\t\t\t\t\t\t\t\t\t                                                        <\/div>\n\t\t\t\t\t\t\t\t\t\t\t\t\t\n\t\t\t\t\t\t\t\t\t\t\t\t\t\t\t\t\t\t\t\t\t\t\t\t\t\t\n                                                <\/div>\n\n\t\t\t\t\t\t\t\t\t\t\t\t                                            <\/div>\n                                        <\/div>\n                                    <\/div>\n                                \t\t\t\t\t\t\t\t\t\t\t\t\t\t\t\t\t                                    <div class=\"pcsl-item\">\n                                        <div class=\"pcsl-itemin\">\n                                            <div class=\"pcsl-iteminer\">\n\t\t\t\t\t\t\t\t\t\t\t\t\n\t\t\t\t\t\t\t\t\t\t\t\t                                                    <div class=\"pcsl-thumb\">\n\t\t\t\t\t\t\t\t\t\t\t\t\t\t\t\t\t\t\t\t\t\t\t\t\t\t\t\t                                                            <a  data-bgset=\"https:\/\/gnews.cz\/wp-content\/uploads\/2026\/03\/foto175231_mid-263x175.webp\" href=\"https:\/\/gnews.cz\/it\/neprehlednete\/cesko-znovu-nesplni-zavazek-nato-vydaje-na-obranu-zustavaji-pod-dvema-procenty-hdp\/\"\n                                                               title=\"\u010cesko znovu nespln\u00ed z\u00e1vazek NATO. V\u00fddaje na obranu z\u016fst\u00e1vaj\u00ed pod dv\u011bma procenty HDP\"\n                                                               class=\"penci-lazy penci-image-holder\">\n\t                                                                                                                        <\/a>\n\n                                                    <\/div>\n\t\t\t\t\t\t\t\t\t\t\t\t                                                <div class=\"pcsl-content\">\n\t\t\t\t\t\t\t\t\t\t\t\t\t\n\t\t\t\t\t\t\t\t\t\t\t\t\t                                                        <div class=\"pcsl-title\">\n                                                            <a href=\"https:\/\/gnews.cz\/it\/neprehlednete\/cesko-znovu-nesplni-zavazek-nato-vydaje-na-obranu-zustavaji-pod-dvema-procenty-hdp\/\">\u010cesko znovu nespln\u00ed z\u00e1vazek NATO. V\u00fddaje na obranu z\u016fst\u00e1vaj\u00ed pod dv\u011bma procenty HDP<\/a>\n                                                        <\/div>\n\t\t\t\t\t\t\t\t\t\t\t\t\t\n\t\t\t\t\t\t\t\t\t\t\t\t\t                                                        <div class=\"grid-post-box-meta pcsl-meta\">\n\t\t\t\t\t\t\t\t\t\t\t\t\t\t\t\t\t\t\t\t\t\t\t\t\t\t\t\t\t\t                                                                <span class=\"sl-date\"><time class=\"entry-date published\" datetime=\"2026-04-26T16:00:00+02:00\">Aprile 26, 2026<\/time><\/span>\n\t\t\t\t\t\t\t\t\t\t\t\t\t\t\t\t\t\t\t\t\t\t\t\t\t\t\t\t\t\t\t\t\t\t\t\t\t\t\t\t\t\t\t\t\t\t\t\t\t\t\t\t\t\t\t\t\t\t\t\t\t\t\t\t\t\t\t\t\t\t\t\t\t\t\t\t\t\t\t\t\t\t\t\t\t\t\t\t\t\t                                                        <\/div>\n\t\t\t\t\t\t\t\t\t\t\t\t\t\n\t\t\t\t\t\t\t\t\t\t\t\t\t\t\t\t\t\t\t\t\t\t\t\t\t\t\n                                                <\/div>\n\n\t\t\t\t\t\t\t\t\t\t\t\t                                            <\/div>\n                                        <\/div>\n                                    <\/div>\n                                \t\t\t\t\t\t\t\t\t\t\t\t\t\t\t\t\t                                    <div class=\"pcsl-item\">\n                                        <div class=\"pcsl-itemin\">\n                                            <div class=\"pcsl-iteminer\">\n\t\t\t\t\t\t\t\t\t\t\t\t\n\t\t\t\t\t\t\t\t\t\t\t\t                                                    <div class=\"pcsl-thumb\">\n\t\t\t\t\t\t\t\t\t\t\t\t\t\t\t\t\t\t\t\t\t\t\t\t\t\t\t\t                                                            <a  data-bgset=\"https:\/\/gnews.cz\/wp-content\/uploads\/2026\/03\/DIOCHI-hluchavka-263x175.webp\" href=\"https:\/\/gnews.cz\/it\/kultura\/zdravy-styl\/herbar-hluchavka-bila\/\"\n                                                               title=\"Herb\u00e1\u0159: Hluchavka b\u00edl\u00e1 \u2013 \u201ehluch\u00e1\u201c kop\u0159iva, kter\u00e1 nep\u00e1l\u00ed, je zn\u00e1m\u00e1 jako \u017eensk\u00e1 bylinka\u00a0\"\n                                                               class=\"penci-lazy penci-image-holder\">\n\t                                                                                                                        <\/a>\n\n                                                    <\/div>\n\t\t\t\t\t\t\t\t\t\t\t\t                                                <div class=\"pcsl-content\">\n\t\t\t\t\t\t\t\t\t\t\t\t\t\n\t\t\t\t\t\t\t\t\t\t\t\t\t                                                        <div class=\"pcsl-title\">\n                                                            <a href=\"https:\/\/gnews.cz\/it\/kultura\/zdravy-styl\/herbar-hluchavka-bila\/\">Herb\u00e1\u0159: Hluchavka b\u00edl\u00e1 \u2013 \u201ehluch\u00e1\u201c kop\u0159iva, kter\u00e1 nep\u00e1l\u00ed, je zn\u00e1m\u00e1 jako \u017eensk\u00e1 bylinka\u00a0<\/a>\n                                                        <\/div>\n\t\t\t\t\t\t\t\t\t\t\t\t\t\n\t\t\t\t\t\t\t\t\t\t\t\t\t                                                        <div class=\"grid-post-box-meta pcsl-meta\">\n\t\t\t\t\t\t\t\t\t\t\t\t\t\t\t\t\t\t\t\t\t\t\t\t\t\t\t\t\t\t                                                                <span class=\"sl-date\"><time class=\"entry-date published\" datetime=\"2026-04-26T13:00:00+02:00\">Aprile 26, 2026<\/time><\/span>\n\t\t\t\t\t\t\t\t\t\t\t\t\t\t\t\t\t\t\t\t\t\t\t\t\t\t\t\t\t\t\t\t\t\t\t\t\t\t\t\t\t\t\t\t\t\t\t\t\t\t\t\t\t\t\t\t\t\t\t\t\t\t\t\t\t\t\t\t\t\t\t\t\t\t\t\t\t\t\t\t\t\t\t\t\t\t\t\t\t\t                                                        <\/div>\n\t\t\t\t\t\t\t\t\t\t\t\t\t\n\t\t\t\t\t\t\t\t\t\t\t\t\t\t\t\t\t\t\t\t\t\t\t\t\t\t\n                                                <\/div>\n\n\t\t\t\t\t\t\t\t\t\t\t\t                                            <\/div>\n                                        <\/div>\n                                    <\/div>\n                                \t\t\t\t\t\t\t\t\t\t\t\t\t\t\t\t\t                                    <div class=\"pcsl-item\">\n                                        <div class=\"pcsl-itemin\">\n                                            <div class=\"pcsl-iteminer\">\n\t\t\t\t\t\t\t\t\t\t\t\t\n\t\t\t\t\t\t\t\t\t\t\t\t                                                    <div class=\"pcsl-thumb\">\n\t\t\t\t\t\t\t\t\t\t\t\t\t\t\t\t\t\t\t\t\t\t\t\t\t\t\t\t                                                            <a  data-bgset=\"https:\/\/gnews.cz\/wp-content\/uploads\/2025\/10\/P20250929JB-0525-263x175.webp\" href=\"https:\/\/gnews.cz\/it\/neprehlednete\/strelba-na-veceri-novinaru-trump-evakuovan-ze-salu-agent-secret-service-zachranen-neprustrelnou-vestou\/\"\n                                                               title=\"St\u0159elba na ve\u010de\u0159i novin\u00e1\u0159\u016f: Trump evakuov\u00e1n ze s\u00e1lu, agent Secret Service zachr\u00e1n\u011bn nepr\u016fst\u0159elnou vestou\"\n                                                               class=\"penci-lazy penci-image-holder\">\n\t                                                                                                                        <\/a>\n\n                                                    <\/div>\n\t\t\t\t\t\t\t\t\t\t\t\t                                                <div class=\"pcsl-content\">\n\t\t\t\t\t\t\t\t\t\t\t\t\t\n\t\t\t\t\t\t\t\t\t\t\t\t\t                                                        <div class=\"pcsl-title\">\n                                                            <a href=\"https:\/\/gnews.cz\/it\/neprehlednete\/strelba-na-veceri-novinaru-trump-evakuovan-ze-salu-agent-secret-service-zachranen-neprustrelnou-vestou\/\">St\u0159elba na ve\u010de\u0159i novin\u00e1\u0159\u016f: Trump evakuov\u00e1n ze s\u00e1lu, agent Secret Service zachr\u00e1n\u011bn nepr\u016fst\u0159elnou vestou<\/a>\n                                                        <\/div>\n\t\t\t\t\t\t\t\t\t\t\t\t\t\n\t\t\t\t\t\t\t\t\t\t\t\t\t                                                        <div class=\"grid-post-box-meta pcsl-meta\">\n\t\t\t\t\t\t\t\t\t\t\t\t\t\t\t\t\t\t\t\t\t\t\t\t\t\t\t\t\t\t                                                                <span class=\"sl-date\"><time class=\"entry-date published\" datetime=\"2026-04-26T09:30:00+02:00\">Aprile 26, 2026<\/time><\/span>\n\t\t\t\t\t\t\t\t\t\t\t\t\t\t\t\t\t\t\t\t\t\t\t\t\t\t\t\t\t\t\t\t\t\t\t\t\t\t\t\t\t\t\t\t\t\t\t\t\t\t\t\t\t\t\t\t\t\t\t\t\t\t\t\t\t\t\t\t\t\t\t\t\t\t\t\t\t\t\t\t\t\t\t\t\t\t\t\t\t\t                                                        <\/div>\n\t\t\t\t\t\t\t\t\t\t\t\t\t\n\t\t\t\t\t\t\t\t\t\t\t\t\t\t\t\t\t\t\t\t\t\t\t\t\t\t\n                                                <\/div>\n\n\t\t\t\t\t\t\t\t\t\t\t\t                                            <\/div>\n                                        <\/div>\n                                    <\/div>\n                                \t\t\t\t\t\t\t\t\t\t\t\t\t\t\t\t\t                                    <div class=\"pcsl-item\">\n                                        <div class=\"pcsl-itemin\">\n                                            <div class=\"pcsl-iteminer\">\n\t\t\t\t\t\t\t\t\t\t\t\t\n\t\t\t\t\t\t\t\t\t\t\t\t                                                    <div class=\"pcsl-thumb\">\n\t\t\t\t\t\t\t\t\t\t\t\t\t\t\t\t\t\t\t\t\t\t\t\t\t\t\t\t                                                            <a  data-bgset=\"https:\/\/gnews.cz\/wp-content\/uploads\/2026\/04\/1777120403028_910-263x175.webp\" href=\"https:\/\/gnews.cz\/it\/neprehlednete\/cina-ostre-reaguje-na-nove-sankce-eu-brani-sve-firmy-a-varuje-pred-dopady-na-vztahy\/\"\n                                                               title=\"\u010c\u00edna ost\u0159e reaguje na nov\u00e9 sankce EU: br\u00e1n\u00ed sv\u00e9 firmy a varuje p\u0159ed dopady na vztahy\"\n                                                               class=\"penci-lazy penci-image-holder\">\n\t                                                                                                                        <\/a>\n\n                                                    <\/div>\n\t\t\t\t\t\t\t\t\t\t\t\t                                                <div class=\"pcsl-content\">\n\t\t\t\t\t\t\t\t\t\t\t\t\t\n\t\t\t\t\t\t\t\t\t\t\t\t\t                                                        <div class=\"pcsl-title\">\n                                                            <a href=\"https:\/\/gnews.cz\/it\/neprehlednete\/cina-ostre-reaguje-na-nove-sankce-eu-brani-sve-firmy-a-varuje-pred-dopady-na-vztahy\/\">\u010c\u00edna ost\u0159e reaguje na nov\u00e9 sankce EU: br\u00e1n\u00ed sv\u00e9 firmy a varuje p\u0159ed dopady na vztahy<\/a>\n                                                        <\/div>\n\t\t\t\t\t\t\t\t\t\t\t\t\t\n\t\t\t\t\t\t\t\t\t\t\t\t\t                                                        <div class=\"grid-post-box-meta pcsl-meta\">\n\t\t\t\t\t\t\t\t\t\t\t\t\t\t\t\t\t\t\t\t\t\t\t\t\t\t\t\t\t\t                                                                <span class=\"sl-date\"><time class=\"entry-date published\" datetime=\"2026-04-26T04:00:00+02:00\">Aprile 26, 2026<\/time><\/span>\n\t\t\t\t\t\t\t\t\t\t\t\t\t\t\t\t\t\t\t\t\t\t\t\t\t\t\t\t\t\t\t\t\t\t\t\t\t\t\t\t\t\t\t\t\t\t\t\t\t\t\t\t\t\t\t\t\t\t\t\t\t\t\t\t\t\t\t\t\t\t\t\t\t\t\t\t\t\t\t\t\t\t\t\t\t\t\t\t\t\t                                                        <\/div>\n\t\t\t\t\t\t\t\t\t\t\t\t\t\n\t\t\t\t\t\t\t\t\t\t\t\t\t\t\t\t\t\t\t\t\t\t\t\t\t\t\n                                                <\/div>\n\n\t\t\t\t\t\t\t\t\t\t\t\t                                            <\/div>\n                                        <\/div>\n                                    <\/div>\n                                \t\t\t\t\t\t\t\t\t\t\t\t\t\t\t\t\t                                    <div class=\"pcsl-item\">\n                                        <div class=\"pcsl-itemin\">\n                                            <div class=\"pcsl-iteminer\">\n\t\t\t\t\t\t\t\t\t\t\t\t\n\t\t\t\t\t\t\t\t\t\t\t\t                                                    <div class=\"pcsl-thumb\">\n\t\t\t\t\t\t\t\t\t\t\t\t\t\t\t\t\t\t\t\t\t\t\t\t\t\t\t\t                                                            <a  data-bgset=\"https:\/\/gnews.cz\/wp-content\/uploads\/2026\/04\/Screenshot_20260425_164530-263x175.webp\" href=\"https:\/\/gnews.cz\/it\/tema\/ceske-znacky-ceske-deskove-hry-a-pocitacove-hry-dobyvaji-svet\/\"\n                                                               title=\"\u010cesk\u00e9 zna\u010dky: \u010desk\u00e9 deskov\u00e9 hry a po\u010d\u00edta\u010dov\u00e9 hry dob\u00fdvaj\u00ed sv\u011bt\"\n                                                               class=\"penci-lazy penci-image-holder\">\n\t                                                                                                                        <\/a>\n\n                                                    <\/div>\n\t\t\t\t\t\t\t\t\t\t\t\t                                                <div class=\"pcsl-content\">\n\t\t\t\t\t\t\t\t\t\t\t\t\t\n\t\t\t\t\t\t\t\t\t\t\t\t\t                                                        <div class=\"pcsl-title\">\n                                                            <a href=\"https:\/\/gnews.cz\/it\/tema\/ceske-znacky-ceske-deskove-hry-a-pocitacove-hry-dobyvaji-svet\/\">\u010cesk\u00e9 zna\u010dky: \u010desk\u00e9 deskov\u00e9 hry a po\u010d\u00edta\u010dov\u00e9 hry dob\u00fdvaj\u00ed sv\u011bt<\/a>\n                                                        <\/div>\n\t\t\t\t\t\t\t\t\t\t\t\t\t\n\t\t\t\t\t\t\t\t\t\t\t\t\t                                                        <div class=\"grid-post-box-meta pcsl-meta\">\n\t\t\t\t\t\t\t\t\t\t\t\t\t\t\t\t\t\t\t\t\t\t\t\t\t\t\t\t\t\t                                                                <span class=\"sl-date\"><time class=\"entry-date published\" datetime=\"2026-04-25T23:00:00+02:00\">Aprile 25, 2026<\/time><\/span>\n\t\t\t\t\t\t\t\t\t\t\t\t\t\t\t\t\t\t\t\t\t\t\t\t\t\t\t\t\t\t\t\t\t\t\t\t\t\t\t\t\t\t\t\t\t\t\t\t\t\t\t\t\t\t\t\t\t\t\t\t\t\t\t\t\t\t\t\t\t\t\t\t\t\t\t\t\t\t\t\t\t\t\t\t\t\t\t\t\t\t                                                        <\/div>\n\t\t\t\t\t\t\t\t\t\t\t\t\t\n\t\t\t\t\t\t\t\t\t\t\t\t\t\t\t\t\t\t\t\t\t\t\t\t\t\t\n                                                <\/div>\n\n\t\t\t\t\t\t\t\t\t\t\t\t                                            <\/div>\n                                        <\/div>\n                                    <\/div>\n                                \t\t\t\t\t\t\t\t\t\t\t\t\t\t\t\t\t                                    <div class=\"pcsl-item\">\n                                        <div class=\"pcsl-itemin\">\n                                            <div class=\"pcsl-iteminer\">\n\t\t\t\t\t\t\t\t\t\t\t\t\n\t\t\t\t\t\t\t\t\t\t\t\t                                                    <div class=\"pcsl-thumb\">\n\t\t\t\t\t\t\t\t\t\t\t\t\t\t\t\t\t\t\t\t\t\t\t\t\t\t\t\t                                                            <a  data-bgset=\"https:\/\/gnews.cz\/wp-content\/uploads\/2026\/04\/hgf-263x175.webp\" href=\"https:\/\/gnews.cz\/it\/neprehlednete\/humanoidni-roboti-miri-do-tovaren-a-zacinaji-nahrazovat-lidskou-praci\/\"\n                                                               title=\"Humanoidn\u00ed roboti m\u00ed\u0159\u00ed do tov\u00e1ren a za\u010d\u00ednaj\u00ed nahrazovat lidskou pr\u00e1ci\"\n                                                               class=\"penci-lazy penci-image-holder\">\n\t                                                                                                                        <\/a>\n\n                                                    <\/div>\n\t\t\t\t\t\t\t\t\t\t\t\t                                                <div class=\"pcsl-content\">\n\t\t\t\t\t\t\t\t\t\t\t\t\t\n\t\t\t\t\t\t\t\t\t\t\t\t\t                                                        <div class=\"pcsl-title\">\n                                                            <a href=\"https:\/\/gnews.cz\/it\/neprehlednete\/humanoidni-roboti-miri-do-tovaren-a-zacinaji-nahrazovat-lidskou-praci\/\">Humanoidn\u00ed roboti m\u00ed\u0159\u00ed do tov\u00e1ren a za\u010d\u00ednaj\u00ed nahrazovat lidskou pr\u00e1ci<\/a>\n                                                        <\/div>\n\t\t\t\t\t\t\t\t\t\t\t\t\t\n\t\t\t\t\t\t\t\t\t\t\t\t\t                                                        <div class=\"grid-post-box-meta pcsl-meta\">\n\t\t\t\t\t\t\t\t\t\t\t\t\t\t\t\t\t\t\t\t\t\t\t\t\t\t\t\t\t\t                                                                <span class=\"sl-date\"><time class=\"entry-date published\" datetime=\"2026-04-25T20:00:00+02:00\">Aprile 25, 2026<\/time><\/span>\n\t\t\t\t\t\t\t\t\t\t\t\t\t\t\t\t\t\t\t\t\t\t\t\t\t\t\t\t\t\t\t\t\t\t\t\t\t\t\t\t\t\t\t\t\t\t\t\t\t\t\t\t\t\t\t\t\t\t\t\t\t\t\t\t\t\t\t\t\t\t\t\t\t\t\t\t\t\t\t\t\t\t\t\t\t\t\t\t\t\t                                                        <\/div>\n\t\t\t\t\t\t\t\t\t\t\t\t\t\n\t\t\t\t\t\t\t\t\t\t\t\t\t\t\t\t\t\t\t\t\t\t\t\t\t\t\n                                                <\/div>\n\n\t\t\t\t\t\t\t\t\t\t\t\t                                            <\/div>\n                                        <\/div>\n                                    <\/div>\n                                \t\t\t\t\t\t\t\t\t\t\t\t\t\t\t\t\t                                    <div class=\"pcsl-item\">\n                                        <div class=\"pcsl-itemin\">\n                                            <div class=\"pcsl-iteminer\">\n\t\t\t\t\t\t\t\t\t\t\t\t\n\t\t\t\t\t\t\t\t\t\t\t\t                                                    <div class=\"pcsl-thumb\">\n\t\t\t\t\t\t\t\t\t\t\t\t\t\t\t\t\t\t\t\t\t\t\t\t\t\t\t\t                                                            <a  data-bgset=\"https:\/\/gnews.cz\/wp-content\/uploads\/2026\/04\/Screenshot_20260425_163615-263x175.webp\" href=\"https:\/\/gnews.cz\/it\/tema\/odbory-budou-chtit-snizeni-veku-odchodu-do-duchodu-a-zkraceni-pracovniho-tydne\/\"\n                                                               title=\"Odbory budou cht\u00edt sn\u00ed\u017een\u00ed v\u011bku odchodu do d\u016fchodu a zkr\u00e1cen\u00ed pracovn\u00edho t\u00fddne\"\n                                                               class=\"penci-lazy penci-image-holder\">\n\t                                                                                                                        <\/a>\n\n                                                    <\/div>\n\t\t\t\t\t\t\t\t\t\t\t\t                                                <div class=\"pcsl-content\">\n\t\t\t\t\t\t\t\t\t\t\t\t\t\n\t\t\t\t\t\t\t\t\t\t\t\t\t                                                        <div class=\"pcsl-title\">\n                                                            <a href=\"https:\/\/gnews.cz\/it\/tema\/odbory-budou-chtit-snizeni-veku-odchodu-do-duchodu-a-zkraceni-pracovniho-tydne\/\">Odbory budou cht\u00edt sn\u00ed\u017een\u00ed v\u011bku odchodu do d\u016fchodu a zkr\u00e1cen\u00ed pracovn\u00edho t\u00fddne<\/a>\n                                                        <\/div>\n\t\t\t\t\t\t\t\t\t\t\t\t\t\n\t\t\t\t\t\t\t\t\t\t\t\t\t                                                        <div class=\"grid-post-box-meta pcsl-meta\">\n\t\t\t\t\t\t\t\t\t\t\t\t\t\t\t\t\t\t\t\t\t\t\t\t\t\t\t\t\t\t                                                                <span class=\"sl-date\"><time class=\"entry-date published\" datetime=\"2026-04-25T16:00:00+02:00\">Aprile 25, 2026<\/time><\/span>\n\t\t\t\t\t\t\t\t\t\t\t\t\t\t\t\t\t\t\t\t\t\t\t\t\t\t\t\t\t\t\t\t\t\t\t\t\t\t\t\t\t\t\t\t\t\t\t\t\t\t\t\t\t\t\t\t\t\t\t\t\t\t\t\t\t\t\t\t\t\t\t\t\t\t\t\t\t\t\t\t\t\t\t\t\t\t\t\t\t\t                                                        <\/div>\n\t\t\t\t\t\t\t\t\t\t\t\t\t\n\t\t\t\t\t\t\t\t\t\t\t\t\t\t\t\t\t\t\t\t\t\t\t\t\t\t\n                                                <\/div>\n\n\t\t\t\t\t\t\t\t\t\t\t\t                                            <\/div>\n                                        <\/div>\n                                    <\/div>\n                                \t\t\t\t\t\t\t\t\t\t\t\t\t\t\t\t\t                                    <div class=\"pcsl-item\">\n                                        <div class=\"pcsl-itemin\">\n                                            <div class=\"pcsl-iteminer\">\n\t\t\t\t\t\t\t\t\t\t\t\t\n\t\t\t\t\t\t\t\t\t\t\t\t                                                    <div class=\"pcsl-thumb\">\n\t\t\t\t\t\t\t\t\t\t\t\t\t\t\t\t\t\t\t\t\t\t\t\t\t\t\t\t                                                            <a  data-bgset=\"https:\/\/gnews.cz\/wp-content\/uploads\/2026\/04\/Screenshot_20260425_131038-263x175.webp\" href=\"https:\/\/gnews.cz\/it\/tema\/herbar-mata-peprna\/\"\n                                                               title=\"Herb\u00e1\u0159: M\u00e1ta peprn\u00e1 \u2013 pom\u016f\u017ee p\u0159i poruch\u00e1ch tr\u00e1ven\u00ed  i ko\u017en\u00edch probl\u00e9mech\"\n                                                               class=\"penci-lazy penci-image-holder\">\n\t                                                                                                                        <\/a>\n\n                                                    <\/div>\n\t\t\t\t\t\t\t\t\t\t\t\t                                                <div class=\"pcsl-content\">\n\t\t\t\t\t\t\t\t\t\t\t\t\t\n\t\t\t\t\t\t\t\t\t\t\t\t\t                                                        <div class=\"pcsl-title\">\n                                                            <a href=\"https:\/\/gnews.cz\/it\/tema\/herbar-mata-peprna\/\">Herb\u00e1\u0159: M\u00e1ta peprn\u00e1 \u2013 pom\u016f\u017ee p\u0159i poruch\u00e1ch tr\u00e1ven\u00ed  i ko\u017en\u00edch probl\u00e9mech<\/a>\n                                                        <\/div>\n\t\t\t\t\t\t\t\t\t\t\t\t\t\n\t\t\t\t\t\t\t\t\t\t\t\t\t                                                        <div class=\"grid-post-box-meta pcsl-meta\">\n\t\t\t\t\t\t\t\t\t\t\t\t\t\t\t\t\t\t\t\t\t\t\t\t\t\t\t\t\t\t                                                                <span class=\"sl-date\"><time class=\"entry-date published\" datetime=\"2026-04-25T13:00:00+02:00\">Aprile 25, 2026<\/time><\/span>\n\t\t\t\t\t\t\t\t\t\t\t\t\t\t\t\t\t\t\t\t\t\t\t\t\t\t\t\t\t\t\t\t\t\t\t\t\t\t\t\t\t\t\t\t\t\t\t\t\t\t\t\t\t\t\t\t\t\t\t\t\t\t\t\t\t\t\t\t\t\t\t\t\t\t\t\t\t\t\t\t\t\t\t\t\t\t\t\t\t\t                                                        <\/div>\n\t\t\t\t\t\t\t\t\t\t\t\t\t\n\t\t\t\t\t\t\t\t\t\t\t\t\t\t\t\t\t\t\t\t\t\t\t\t\t\t\n                                                <\/div>\n\n\t\t\t\t\t\t\t\t\t\t\t\t                                            <\/div>\n                                        <\/div>\n                                    <\/div>\n                                \t\t\t\t\t\t\t\t\t\t\t\t\t\t\t\t\t                                    <div class=\"pcsl-item\">\n                                        <div class=\"pcsl-itemin\">\n                                            <div class=\"pcsl-iteminer\">\n\t\t\t\t\t\t\t\t\t\t\t\t\n\t\t\t\t\t\t\t\t\t\t\t\t                                                    <div class=\"pcsl-thumb\">\n\t\t\t\t\t\t\t\t\t\t\t\t\t\t\t\t\t\t\t\t\t\t\t\t\t\t\t\t                                                            <a  data-bgset=\"https:\/\/gnews.cz\/wp-content\/uploads\/2026\/04\/Screenshot_20260425_125638-263x175.webp\" href=\"https:\/\/gnews.cz\/it\/neprehlednete\/babis-z-kypru-eu-chce-cesku-sebrat-miliardy-dohoda-o-rozpoctu-bude-tvrdy-boj\/\"\n                                                               title=\"Babi\u0161 z Kypru: EU chce \u010cesku sebrat miliardy, dohoda o rozpo\u010dtu bude tvrd\u00fd boj\"\n                                                               class=\"penci-lazy penci-image-holder\">\n\t                                                                                                                        <\/a>\n\n                                                    <\/div>\n\t\t\t\t\t\t\t\t\t\t\t\t                                                <div class=\"pcsl-content\">\n\t\t\t\t\t\t\t\t\t\t\t\t\t\n\t\t\t\t\t\t\t\t\t\t\t\t\t                                                        <div class=\"pcsl-title\">\n                                                            <a href=\"https:\/\/gnews.cz\/it\/neprehlednete\/babis-z-kypru-eu-chce-cesku-sebrat-miliardy-dohoda-o-rozpoctu-bude-tvrdy-boj\/\">Babi\u0161 z Kypru: EU chce \u010cesku sebrat miliardy, dohoda o rozpo\u010dtu bude tvrd\u00fd boj<\/a>\n                                                        <\/div>\n\t\t\t\t\t\t\t\t\t\t\t\t\t\n\t\t\t\t\t\t\t\t\t\t\t\t\t                                                        <div class=\"grid-post-box-meta pcsl-meta\">\n\t\t\t\t\t\t\t\t\t\t\t\t\t\t\t\t\t\t\t\t\t\t\t\t\t\t\t\t\t\t                                                                <span class=\"sl-date\"><time class=\"entry-date published\" datetime=\"2026-04-25T10:00:00+02:00\">Aprile 25, 2026<\/time><\/span>\n\t\t\t\t\t\t\t\t\t\t\t\t\t\t\t\t\t\t\t\t\t\t\t\t\t\t\t\t\t\t\t\t\t\t\t\t\t\t\t\t\t\t\t\t\t\t\t\t\t\t\t\t\t\t\t\t\t\t\t\t\t\t\t\t\t\t\t\t\t\t\t\t\t\t\t\t\t\t\t\t\t\t\t\t\t\t\t\t\t\t                                                        <\/div>\n\t\t\t\t\t\t\t\t\t\t\t\t\t\n\t\t\t\t\t\t\t\t\t\t\t\t\t\t\t\t\t\t\t\t\t\t\t\t\t\t\n                                                <\/div>\n\n\t\t\t\t\t\t\t\t\t\t\t\t                                            <\/div>\n                                        <\/div>\n                                    <\/div>\n                                \t\t\t\t\t\t\t\t\t\t\t\t\t\t\t\t                        <\/div>\n\n\t\t\t\t\t\t\n                    <\/div>\n\t\t\t\t\t            <\/div>\n        <\/div>\n\t\t\t\t\t\t<\/div>\n\t\t\t\t<\/div>\n\t\t\t\t\t<\/div>\n\t\t<\/div>\n\t\t\t\t<div class=\"penci-ercol-50 penci-ercol-order-2 penci-sticky-ct  penci-dmcheck penci-elbg-activate  elementor-column elementor-col-50 elementor-top-column elementor-element elementor-element-29b88e4\" data-id=\"29b88e4\" data-element_type=\"column\" data-e-type=\"column\" data-settings=\"{&quot;background_background&quot;:&quot;classic&quot;}\">\n\t\t\t<div class=\"elementor-widget-wrap elementor-element-populated\">\n\t\t\t\t\t\t<div class=\"elementor-element elementor-element-2229611 elementor-widget elementor-widget-penci-featured-sliders\" data-id=\"2229611\" data-element_type=\"widget\" data-e-type=\"widget\" data-widget_type=\"penci-featured-sliders.default\">\n\t\t\t\t<div class=\"elementor-widget-container\">\n\t\t\t\t\t<div class=\"penci-block-el featured-area featured-style-1\"><div class=\"penci-owl-featured-area elsl-style-1 swiper penci-owl-carousel pcfg-slide-2229611 elsl-style-1\" data-dots=\"true\" data-nav=\"true\" data-ceffect=\"swing\" data-seffect=\"creative\" data-style=\"style-1\" data-auto=\"true\" data-autotime=\"4000\" data-speed=\"600\" data-loop=\"true\"><div class=\"penci-owl-nav\"><div class=\"owl-prev\"><i class=\"penciicon-left-chevron\"><\/i><\/div><div class=\"owl-next\"><i class=\"penciicon-right-chevron\"><\/i><\/div><\/div><div class=\"swiper-wrapper\"><div class=\"item swiper-slide swiper-mark-item\">\n\t\t    <div class=\"penci-swiper-mask penci-image-holder penci-lazy\"\n         data-bgset=\"https:\/\/gnews.cz\/wp-content\/uploads\/2026\/04\/4eb52dec24fa4e44910c35e42b6c59a2-e1777219742858.webp\" data_bg_hidpi=\"https:\/\/gnews.cz\/wp-content\/uploads\/2026\/04\/4eb52dec24fa4e44910c35e42b6c59a2-e1777219742858-585x349.webp\"\n         data-href=\"https:\/\/gnews.cz\/it\/neprehlednete\/kenan-sawe-prepsal-dejiny-jako-prvni-clovek-zabehl-maraton-pod-dve-hodiny-v-zavode\/\" title=\"Ke\u0148an Sawe p\u0159epsal d\u011bjiny, jako prvn\u00ed \u010dlov\u011bk zab\u011bhl maraton pod dv\u011b hodiny v z\u00e1vod\u011b\">\n\t\t\t\t\t                <div class=\"penci-featured-content\">\n                    <div class=\"feat-text\">\n                        <div class=\"featured-slider-overlay\"><\/div>\n\t\t\t\t\t\t                        <h3><a title=\"Ke\u0148an Sawe p\u0159epsal d\u011bjiny, jako prvn\u00ed \u010dlov\u011bk zab\u011bhl maraton pod dv\u011b hodiny v z\u00e1vod\u011b\"\n                               href=\"https:\/\/gnews.cz\/it\/neprehlednete\/kenan-sawe-prepsal-dejiny-jako-prvni-clovek-zabehl-maraton-pod-dve-hodiny-v-zavode\/\">Ke\u0148an Sawe p\u0159epsal d\u011bjiny, jako prvn\u00ed \u010dlov\u011bk zab\u011bhl maraton pod dv\u011b hodiny...<\/a>\n                        <\/h3>\n\t\t\t\t\t\t                            <div class=\"feat-meta\">\n\t\t\t\t\t\t\t\t\t\t\t\t\t\t\t\t                                    <span class=\"feat-time\"><time class=\"entry-date published\" datetime=\"2026-04-26T21:00:00+02:00\">Aprile 26, 2026<\/time><\/span>\n\t\t\t\t\t\t\t\t\t\t\t\t\t\t\t\t\t\t\t\t\t\t\t\t\t\t\t\t\t\t\t\t\t\t\t\t\t\t\t\t                            <\/div>\n\t\t\t\t\t\t                    <\/div>\n                <\/div>\n\t\t\t        <\/div>\n    <\/div>\n\t\t<div class=\"item swiper-slide swiper-mark-item\">\n\t\t    <div class=\"penci-swiper-mask penci-image-holder penci-lazy\"\n         data-bgset=\"https:\/\/gnews.cz\/wp-content\/uploads\/2026\/03\/foto175231_mid.webp\" data_bg_hidpi=\"https:\/\/gnews.cz\/wp-content\/uploads\/2026\/03\/foto175231_mid.webp\"\n         data-href=\"https:\/\/gnews.cz\/it\/neprehlednete\/cesko-znovu-nesplni-zavazek-nato-vydaje-na-obranu-zustavaji-pod-dvema-procenty-hdp\/\" title=\"\u010cesko znovu nespln\u00ed z\u00e1vazek NATO. V\u00fddaje na obranu z\u016fst\u00e1vaj\u00ed pod dv\u011bma procenty HDP\">\n\t\t\t\t\t                <div class=\"penci-featured-content\">\n                    <div class=\"feat-text\">\n                        <div class=\"featured-slider-overlay\"><\/div>\n\t\t\t\t\t\t                        <h3><a title=\"\u010cesko znovu nespln\u00ed z\u00e1vazek NATO. V\u00fddaje na obranu z\u016fst\u00e1vaj\u00ed pod dv\u011bma procenty HDP\"\n                               href=\"https:\/\/gnews.cz\/it\/neprehlednete\/cesko-znovu-nesplni-zavazek-nato-vydaje-na-obranu-zustavaji-pod-dvema-procenty-hdp\/\">\u010cesko znovu nespln\u00ed z\u00e1vazek NATO. V\u00fddaje na obranu z\u016fst\u00e1vaj\u00ed pod dv\u011bma procenty...<\/a>\n                        <\/h3>\n\t\t\t\t\t\t                            <div class=\"feat-meta\">\n\t\t\t\t\t\t\t\t\t\t\t\t\t\t\t\t                                    <span class=\"feat-time\"><time class=\"entry-date published\" datetime=\"2026-04-26T16:00:00+02:00\">Aprile 26, 2026<\/time><\/span>\n\t\t\t\t\t\t\t\t\t\t\t\t\t\t\t\t\t\t\t\t\t\t\t\t\t\t\t\t\t\t\t\t\t\t\t\t\t\t\t\t                            <\/div>\n\t\t\t\t\t\t                    <\/div>\n                <\/div>\n\t\t\t        <\/div>\n    <\/div>\n\t\t<div class=\"item swiper-slide swiper-mark-item\">\n\t\t    <div class=\"penci-swiper-mask penci-image-holder penci-lazy\"\n         data-bgset=\"https:\/\/gnews.cz\/wp-content\/uploads\/2026\/03\/DIOCHI-hluchavka-900x663.webp\" data_bg_hidpi=\"https:\/\/gnews.cz\/wp-content\/uploads\/2026\/03\/DIOCHI-hluchavka-585x585.webp\"\n         data-href=\"https:\/\/gnews.cz\/it\/kultura\/zdravy-styl\/herbar-hluchavka-bila\/\" title=\"Herb\u00e1\u0159: Hluchavka b\u00edl\u00e1 \u2013 \u201ehluch\u00e1\u201c kop\u0159iva, kter\u00e1 nep\u00e1l\u00ed, je zn\u00e1m\u00e1 jako \u017eensk\u00e1 bylinka\u00a0\">\n\t\t\t\t\t                <div class=\"penci-featured-content\">\n                    <div class=\"feat-text\">\n                        <div class=\"featured-slider-overlay\"><\/div>\n\t\t\t\t\t\t                        <h3><a title=\"Herb\u00e1\u0159: Hluchavka b\u00edl\u00e1 \u2013 \u201ehluch\u00e1\u201c kop\u0159iva, kter\u00e1 nep\u00e1l\u00ed, je zn\u00e1m\u00e1 jako \u017eensk\u00e1 bylinka\u00a0\"\n                               href=\"https:\/\/gnews.cz\/it\/kultura\/zdravy-styl\/herbar-hluchavka-bila\/\">Herb\u00e1\u0159: Hluchavka b\u00edl\u00e1 \u2013 \u201ehluch\u00e1\u201c kop\u0159iva, kter\u00e1 nep\u00e1l\u00ed, je zn\u00e1m\u00e1 jako \u017eensk\u00e1...<\/a>\n                        <\/h3>\n\t\t\t\t\t\t                            <div class=\"feat-meta\">\n\t\t\t\t\t\t\t\t\t\t\t\t\t\t\t\t                                    <span class=\"feat-time\"><time class=\"entry-date published\" datetime=\"2026-04-26T13:00:00+02:00\">Aprile 26, 2026<\/time><\/span>\n\t\t\t\t\t\t\t\t\t\t\t\t\t\t\t\t\t\t\t\t\t\t\t\t\t\t\t\t\t\t\t\t\t\t\t\t\t\t\t\t                            <\/div>\n\t\t\t\t\t\t                    <\/div>\n                <\/div>\n\t\t\t        <\/div>\n    <\/div>\n\t\t<div class=\"item swiper-slide swiper-mark-item\">\n\t\t    <div class=\"penci-swiper-mask penci-image-holder penci-lazy\"\n         data-bgset=\"https:\/\/gnews.cz\/wp-content\/uploads\/2025\/10\/P20250929JB-0525-1170x663.webp\" data_bg_hidpi=\"https:\/\/gnews.cz\/wp-content\/uploads\/2025\/10\/P20250929JB-0525-585x390.webp\"\n         data-href=\"https:\/\/gnews.cz\/it\/neprehlednete\/strelba-na-veceri-novinaru-trump-evakuovan-ze-salu-agent-secret-service-zachranen-neprustrelnou-vestou\/\" title=\"St\u0159elba na ve\u010de\u0159i novin\u00e1\u0159\u016f: Trump evakuov\u00e1n ze s\u00e1lu, agent Secret Service zachr\u00e1n\u011bn nepr\u016fst\u0159elnou vestou\">\n\t\t\t\t\t                <div class=\"penci-featured-content\">\n                    <div class=\"feat-text\">\n                        <div class=\"featured-slider-overlay\"><\/div>\n\t\t\t\t\t\t                        <h3><a title=\"St\u0159elba na ve\u010de\u0159i novin\u00e1\u0159\u016f: Trump evakuov\u00e1n ze s\u00e1lu, agent Secret Service zachr\u00e1n\u011bn nepr\u016fst\u0159elnou vestou\"\n                               href=\"https:\/\/gnews.cz\/it\/neprehlednete\/strelba-na-veceri-novinaru-trump-evakuovan-ze-salu-agent-secret-service-zachranen-neprustrelnou-vestou\/\">St\u0159elba na ve\u010de\u0159i novin\u00e1\u0159\u016f: Trump evakuov\u00e1n ze s\u00e1lu, agent Secret Service zachr\u00e1n\u011bn...<\/a>\n                        <\/h3>\n\t\t\t\t\t\t                            <div class=\"feat-meta\">\n\t\t\t\t\t\t\t\t\t\t\t\t\t\t\t\t                                    <span class=\"feat-time\"><time class=\"entry-date published\" datetime=\"2026-04-26T09:30:00+02:00\">Aprile 26, 2026<\/time><\/span>\n\t\t\t\t\t\t\t\t\t\t\t\t\t\t\t\t\t\t\t\t\t\t\t\t\t\t\t\t\t\t\t\t\t\t\t\t\t\t\t\t                            <\/div>\n\t\t\t\t\t\t                    <\/div>\n                <\/div>\n\t\t\t        <\/div>\n    <\/div>\n\t\t<div class=\"item swiper-slide swiper-mark-item\">\n\t\t    <div class=\"penci-swiper-mask penci-image-holder penci-lazy\"\n         data-bgset=\"https:\/\/gnews.cz\/wp-content\/uploads\/2026\/04\/Screenshot_20260425_164530-1170x663.webp\" data_bg_hidpi=\"https:\/\/gnews.cz\/wp-content\/uploads\/2026\/04\/Screenshot_20260425_164530-585x371.webp\"\n         data-href=\"https:\/\/gnews.cz\/it\/tema\/ceske-znacky-ceske-deskove-hry-a-pocitacove-hry-dobyvaji-svet\/\" title=\"\u010cesk\u00e9 zna\u010dky: \u010desk\u00e9 deskov\u00e9 hry a po\u010d\u00edta\u010dov\u00e9 hry dob\u00fdvaj\u00ed sv\u011bt\">\n\t\t\t\t\t                <div class=\"penci-featured-content\">\n                    <div class=\"feat-text\">\n                        <div class=\"featured-slider-overlay\"><\/div>\n\t\t\t\t\t\t                        <h3><a title=\"\u010cesk\u00e9 zna\u010dky: \u010desk\u00e9 deskov\u00e9 hry a po\u010d\u00edta\u010dov\u00e9 hry dob\u00fdvaj\u00ed sv\u011bt\"\n                               href=\"https:\/\/gnews.cz\/it\/tema\/ceske-znacky-ceske-deskove-hry-a-pocitacove-hry-dobyvaji-svet\/\">\u010cesk\u00e9 zna\u010dky: \u010desk\u00e9 deskov\u00e9 hry a po\u010d\u00edta\u010dov\u00e9 hry dob\u00fdvaj\u00ed sv\u011bt<\/a>\n                        <\/h3>\n\t\t\t\t\t\t                            <div class=\"feat-meta\">\n\t\t\t\t\t\t\t\t\t\t\t\t\t\t\t\t                                    <span class=\"feat-time\"><time class=\"entry-date published\" datetime=\"2026-04-25T23:00:00+02:00\">Aprile 25, 2026<\/time><\/span>\n\t\t\t\t\t\t\t\t\t\t\t\t\t\t\t\t\t\t\t\t\t\t\t\t\t\t\t\t\t\t\t\t\t\t\t\t\t\t\t\t                            <\/div>\n\t\t\t\t\t\t                    <\/div>\n                <\/div>\n\t\t\t        <\/div>\n    <\/div>\n\t\t<div class=\"item swiper-slide swiper-mark-item\">\n\t\t    <div class=\"penci-swiper-mask penci-image-holder penci-lazy\"\n         data-bgset=\"https:\/\/gnews.cz\/wp-content\/uploads\/2026\/04\/hgf.webp\" data_bg_hidpi=\"https:\/\/gnews.cz\/wp-content\/uploads\/2026\/04\/hgf-585x330.webp\"\n         data-href=\"https:\/\/gnews.cz\/it\/neprehlednete\/humanoidni-roboti-miri-do-tovaren-a-zacinaji-nahrazovat-lidskou-praci\/\" title=\"Humanoidn\u00ed roboti m\u00ed\u0159\u00ed do tov\u00e1ren a za\u010d\u00ednaj\u00ed nahrazovat lidskou pr\u00e1ci\">\n\t\t\t\t\t                <div class=\"penci-featured-content\">\n                    <div class=\"feat-text\">\n                        <div class=\"featured-slider-overlay\"><\/div>\n\t\t\t\t\t\t                        <h3><a title=\"Humanoidn\u00ed roboti m\u00ed\u0159\u00ed do tov\u00e1ren a za\u010d\u00ednaj\u00ed nahrazovat lidskou pr\u00e1ci\"\n                               href=\"https:\/\/gnews.cz\/it\/neprehlednete\/humanoidni-roboti-miri-do-tovaren-a-zacinaji-nahrazovat-lidskou-praci\/\">Humanoidn\u00ed roboti m\u00ed\u0159\u00ed do tov\u00e1ren a za\u010d\u00ednaj\u00ed nahrazovat lidskou pr\u00e1ci<\/a>\n                        <\/h3>\n\t\t\t\t\t\t                            <div class=\"feat-meta\">\n\t\t\t\t\t\t\t\t\t\t\t\t\t\t\t\t                                    <span class=\"feat-time\"><time class=\"entry-date published\" datetime=\"2026-04-25T20:00:00+02:00\">Aprile 25, 2026<\/time><\/span>\n\t\t\t\t\t\t\t\t\t\t\t\t\t\t\t\t\t\t\t\t\t\t\t\t\t\t\t\t\t\t\t\t\t\t\t\t\t\t\t\t                            <\/div>\n\t\t\t\t\t\t                    <\/div>\n                <\/div>\n\t\t\t        <\/div>\n    <\/div>\n\t\t<div class=\"item swiper-slide swiper-mark-item\">\n\t\t    <div class=\"penci-swiper-mask penci-image-holder penci-lazy\"\n         data-bgset=\"https:\/\/gnews.cz\/wp-content\/uploads\/2026\/04\/Screenshot_20260425_163615-1170x663.webp\" data_bg_hidpi=\"https:\/\/gnews.cz\/wp-content\/uploads\/2026\/04\/Screenshot_20260425_163615-585x414.webp\"\n         data-href=\"https:\/\/gnews.cz\/it\/tema\/odbory-budou-chtit-snizeni-veku-odchodu-do-duchodu-a-zkraceni-pracovniho-tydne\/\" title=\"Odbory budou cht\u00edt sn\u00ed\u017een\u00ed v\u011bku odchodu do d\u016fchodu a zkr\u00e1cen\u00ed pracovn\u00edho t\u00fddne\">\n\t\t\t\t\t                <div class=\"penci-featured-content\">\n                    <div class=\"feat-text\">\n                        <div class=\"featured-slider-overlay\"><\/div>\n\t\t\t\t\t\t                        <h3><a title=\"Odbory budou cht\u00edt sn\u00ed\u017een\u00ed v\u011bku odchodu do d\u016fchodu a zkr\u00e1cen\u00ed pracovn\u00edho t\u00fddne\"\n                               href=\"https:\/\/gnews.cz\/it\/tema\/odbory-budou-chtit-snizeni-veku-odchodu-do-duchodu-a-zkraceni-pracovniho-tydne\/\">Odbory budou cht\u00edt sn\u00ed\u017een\u00ed v\u011bku odchodu do d\u016fchodu a zkr\u00e1cen\u00ed pracovn\u00edho t\u00fddne<\/a>\n                        <\/h3>\n\t\t\t\t\t\t                            <div class=\"feat-meta\">\n\t\t\t\t\t\t\t\t\t\t\t\t\t\t\t\t                                    <span class=\"feat-time\"><time class=\"entry-date published\" datetime=\"2026-04-25T16:00:00+02:00\">Aprile 25, 2026<\/time><\/span>\n\t\t\t\t\t\t\t\t\t\t\t\t\t\t\t\t\t\t\t\t\t\t\t\t\t\t\t\t\t\t\t\t\t\t\t\t\t\t\t\t                            <\/div>\n\t\t\t\t\t\t                    <\/div>\n                <\/div>\n\t\t\t        <\/div>\n    <\/div>\n\t\t<div class=\"item swiper-slide swiper-mark-item\">\n\t\t    <div class=\"penci-swiper-mask penci-image-holder penci-lazy\"\n         data-bgset=\"https:\/\/gnews.cz\/wp-content\/uploads\/2026\/04\/Screenshot_20260425_131038-1170x663.webp\" data_bg_hidpi=\"https:\/\/gnews.cz\/wp-content\/uploads\/2026\/04\/Screenshot_20260425_131038-585x377.webp\"\n         data-href=\"https:\/\/gnews.cz\/it\/tema\/herbar-mata-peprna\/\" title=\"Herb\u00e1\u0159: M\u00e1ta peprn\u00e1 \u2013 pom\u016f\u017ee p\u0159i poruch\u00e1ch tr\u00e1ven\u00ed  i ko\u017en\u00edch probl\u00e9mech\">\n\t\t\t\t\t                <div class=\"penci-featured-content\">\n                    <div class=\"feat-text\">\n                        <div class=\"featured-slider-overlay\"><\/div>\n\t\t\t\t\t\t                        <h3><a title=\"Herb\u00e1\u0159: M\u00e1ta peprn\u00e1 \u2013 pom\u016f\u017ee p\u0159i poruch\u00e1ch tr\u00e1ven\u00ed  i ko\u017en\u00edch probl\u00e9mech\"\n                               href=\"https:\/\/gnews.cz\/it\/tema\/herbar-mata-peprna\/\">Herb\u00e1\u0159: M\u00e1ta peprn\u00e1 \u2013 pom\u016f\u017ee p\u0159i poruch\u00e1ch tr\u00e1ven\u00ed i ko\u017en\u00edch probl\u00e9mech<\/a>\n                        <\/h3>\n\t\t\t\t\t\t                            <div class=\"feat-meta\">\n\t\t\t\t\t\t\t\t\t\t\t\t\t\t\t\t                                    <span class=\"feat-time\"><time class=\"entry-date published\" datetime=\"2026-04-25T13:00:00+02:00\">Aprile 25, 2026<\/time><\/span>\n\t\t\t\t\t\t\t\t\t\t\t\t\t\t\t\t\t\t\t\t\t\t\t\t\t\t\t\t\t\t\t\t\t\t\t\t\t\t\t\t                            <\/div>\n\t\t\t\t\t\t                    <\/div>\n                <\/div>\n\t\t\t        <\/div>\n    <\/div>\n\t\t<\/div><\/div><\/div>\t\t\t\t<\/div>\n\t\t\t\t<\/div>\n\t\t\t\t<div class=\"elementor-element elementor-element-1b2cacc elementor-widget elementor-widget-penci-big-grid\" data-id=\"1b2cacc\" data-element_type=\"widget\" data-e-type=\"widget\" data-widget_type=\"penci-big-grid.default\">\n\t\t\t\t<div class=\"elementor-widget-container\">\n\t\t\t\t\t        <div class=\"penci-clearfix penci-biggrid-wrapper penci-grid-col-2 penci-grid-mcol-1 penci-bgrid-based-post penci-bgrid-style-1 pcbg-ficonpo-top-right pcbg-reiconpo-top-left penci-bgrid-content-below pencibg-imageh-zoom-in pencibg-texth-none pencibg-textani-movetop textop\">\n\t\t\t            <div class=\"penci-clearfix penci-biggrid penci-bgstyle-1 penci-bgel\">\n                <div class=\"penci-biggrid-inner default\">\n\t\t\t\t\t<div class=\"penci-clearfix penci-biggrid-data penci-dflex\"><div class=\"penci-bgitem\">\n    <div class=\"penci-bgitin\">\n        <div class=\"penci-bgmain\">\n            <div class=\"pcbg-thumb\">\n\t\t\t\t\t\t\t\t                <div class=\"pcbg-thumbin\">\n                    <a class=\"pcbg-bgoverlay\"\n                       href=\"https:\/\/gnews.cz\/it\/tema\/krize-v-pas-a-rostouci-napeti-co-se-deje-v-moldavske-politice\/\" title=\"Krize v PAS a rostouc\u00ed nap\u011bt\u00ed: co se d\u011bje v moldavsk\u00e9 politice\"><\/a>\n\n                        <div  data-bgset=\"https:\/\/gnews.cz\/wp-content\/uploads\/2026\/04\/Screenshot_20260423_222428-585x368.webp\" data_bg_hidpi=\"https:\/\/gnews.cz\/wp-content\/uploads\/2026\/04\/Screenshot_20260423_222428-585x368.webp\" class=\"penci-lazy penci-image-holder\">\n                                                    <\/div>\n\n                <\/div>\n            <\/div>\n            <div class=\"pcbg-content\">\n                <div class=\"pcbg-content-flex\">\n                    <a class=\"pcbg-bgoverlay\"\n                       href=\"https:\/\/gnews.cz\/it\/tema\/krize-v-pas-a-rostouci-napeti-co-se-deje-v-moldavske-politice\/\" title=\"Krize v PAS a rostouc\u00ed nap\u011bt\u00ed: co se d\u011bje v moldavsk\u00e9 politice\"><\/a>\n                    <div class=\"pcbg-content-inner bgcontent-block\">\n                        <a href=\"https:\/\/gnews.cz\/it\/tema\/krize-v-pas-a-rostouci-napeti-co-se-deje-v-moldavske-politice\/\" title=\"Krize v PAS a rostouc\u00ed nap\u011bt\u00ed: co se d\u011bje v moldavsk\u00e9 politice\"\n                           class=\"pcbg-bgoverlaytext item-hover\"><\/a>\n\n\t\t\t\t\t\t\n\t\t\t\t\t\t                            <div class=\"pcbg-heading item-hover\">\n                                <h3 class=\"pcbg-title\">\n                                    <a href=\"https:\/\/gnews.cz\/it\/tema\/krize-v-pas-a-rostouci-napeti-co-se-deje-v-moldavske-politice\/\">\n\t\t\t\t\t\t\t\t\t\tKrize v PAS a rostouc\u00ed nap\u011bt\u00ed: co se d\u011bje v moldavsk\u00e9 politice                                    <\/a>\n                                <\/h3>\n                            <\/div>\n\t\t\t\t\t\t\n\t\t\t\t\t\t                            <div class=\"grid-post-box-meta pcbg-meta item-hover\">\n                                <div class=\"pcbg-meta-desc\">\n\t\t\t\t\t\t\t\t\t\t\t\t\t\t\t\t\t\t                                        <span class=\"bg-date\"><time class=\"entry-date published\" datetime=\"2026-04-23T21:30:00+02:00\">Aprile 23, 2026<\/time><\/span>\n\t\t\t\t\t\t\t\t\t\t\t\t\t\t\t\t\t\t\t\t\t\t\t\t\t\t\t\t\t\t\t\t\t\t\t\t\t\t\t\t\t\t\t\t\t\t\t\t\t\t\t\t\t\t                                <\/div>\n\t\t\t\t\t\t\t\t                            <\/div>\n\t\t\t\t\t\t\n\t\t\t\t\t\t                    <\/div>\n                <\/div>\n            <\/div>\n        <\/div>\n    <\/div>\n<\/div>\n<div class=\"penci-bgitem\">\n    <div class=\"penci-bgitin\">\n        <div class=\"penci-bgmain\">\n            <div class=\"pcbg-thumb\">\n\t\t\t\t\t\t\t\t                <div class=\"pcbg-thumbin\">\n                    <a class=\"pcbg-bgoverlay\"\n                       href=\"https:\/\/gnews.cz\/it\/tema\/ropa-dorazila-na-slovensko-co-je-znamo-o-obnoveni-provozu-druzby\/\" title=\"Ropa dorazila na Slovensko: co je zn\u00e1mo o obnoven\u00ed provozu Dru\u017eby\"><\/a>\n\n                        <div  data-bgset=\"https:\/\/gnews.cz\/wp-content\/uploads\/2026\/04\/Screenshot_20260423_171200-585x383.webp\" data_bg_hidpi=\"https:\/\/gnews.cz\/wp-content\/uploads\/2026\/04\/Screenshot_20260423_171200-585x383.webp\" class=\"penci-lazy penci-image-holder\">\n                                                    <\/div>\n\n                <\/div>\n            <\/div>\n            <div class=\"pcbg-content\">\n                <div class=\"pcbg-content-flex\">\n                    <a class=\"pcbg-bgoverlay\"\n                       href=\"https:\/\/gnews.cz\/it\/tema\/ropa-dorazila-na-slovensko-co-je-znamo-o-obnoveni-provozu-druzby\/\" title=\"Ropa dorazila na Slovensko: co je zn\u00e1mo o obnoven\u00ed provozu Dru\u017eby\"><\/a>\n                    <div class=\"pcbg-content-inner bgcontent-block\">\n                        <a href=\"https:\/\/gnews.cz\/it\/tema\/ropa-dorazila-na-slovensko-co-je-znamo-o-obnoveni-provozu-druzby\/\" title=\"Ropa dorazila na Slovensko: co je zn\u00e1mo o obnoven\u00ed provozu Dru\u017eby\"\n                           class=\"pcbg-bgoverlaytext item-hover\"><\/a>\n\n\t\t\t\t\t\t\n\t\t\t\t\t\t                            <div class=\"pcbg-heading item-hover\">\n                                <h3 class=\"pcbg-title\">\n                                    <a href=\"https:\/\/gnews.cz\/it\/tema\/ropa-dorazila-na-slovensko-co-je-znamo-o-obnoveni-provozu-druzby\/\">\n\t\t\t\t\t\t\t\t\t\tRopa dorazila na Slovensko: co je zn\u00e1mo o obnoven\u00ed provozu Dru\u017eby                                    <\/a>\n                                <\/h3>\n                            <\/div>\n\t\t\t\t\t\t\n\t\t\t\t\t\t                            <div class=\"grid-post-box-meta pcbg-meta item-hover\">\n                                <div class=\"pcbg-meta-desc\">\n\t\t\t\t\t\t\t\t\t\t\t\t\t\t\t\t\t\t                                        <span class=\"bg-date\"><time class=\"entry-date published\" datetime=\"2026-04-23T18:30:00+02:00\">Aprile 23, 2026<\/time><\/span>\n\t\t\t\t\t\t\t\t\t\t\t\t\t\t\t\t\t\t\t\t\t\t\t\t\t\t\t\t\t\t\t\t\t\t\t\t\t\t\t\t\t\t\t\t\t\t\t\t\t\t\t\t\t\t                                <\/div>\n\t\t\t\t\t\t\t\t                            <\/div>\n\t\t\t\t\t\t\n\t\t\t\t\t\t                    <\/div>\n                <\/div>\n            <\/div>\n        <\/div>\n    <\/div>\n<\/div>\n<div class=\"penci-bgitem\">\n    <div class=\"penci-bgitin\">\n        <div class=\"penci-bgmain\">\n            <div class=\"pcbg-thumb\">\n\t\t\t\t\t\t\t\t                <div class=\"pcbg-thumbin\">\n                    <a class=\"pcbg-bgoverlay\"\n                       href=\"https:\/\/gnews.cz\/it\/tema\/exorcista-p-chad-ripperger-odhaluje-demonicke-sily-stojici-za-politikou-zavislosti-na-pornografii-a-posedlosti-sokujici-odhaleni-z-18-let-duchovniho-boje\/\" title=\"Exorcista P. Chad Ripperger odhaluje d\u00e9monick\u00e9 s\u00edly stoj\u00edc\u00ed za politikou, z\u00e1vislost\u00ed na pornografii a posedlost\u00ed: \u0160okuj\u00edc\u00ed odhalen\u00ed z 18 let duchovn\u00edho boje\"><\/a>\n\n                        <div  data-bgset=\"https:\/\/gnews.cz\/wp-content\/uploads\/2026\/04\/exorcista2-585x328.webp\" data_bg_hidpi=\"https:\/\/gnews.cz\/wp-content\/uploads\/2026\/04\/exorcista2-585x328.webp\" class=\"penci-lazy penci-image-holder\">\n                                                    <\/div>\n\n                <\/div>\n            <\/div>\n            <div class=\"pcbg-content\">\n                <div class=\"pcbg-content-flex\">\n                    <a class=\"pcbg-bgoverlay\"\n                       href=\"https:\/\/gnews.cz\/it\/tema\/exorcista-p-chad-ripperger-odhaluje-demonicke-sily-stojici-za-politikou-zavislosti-na-pornografii-a-posedlosti-sokujici-odhaleni-z-18-let-duchovniho-boje\/\" title=\"Exorcista P. Chad Ripperger odhaluje d\u00e9monick\u00e9 s\u00edly stoj\u00edc\u00ed za politikou, z\u00e1vislost\u00ed na pornografii a posedlost\u00ed: \u0160okuj\u00edc\u00ed odhalen\u00ed z 18 let duchovn\u00edho boje\"><\/a>\n                    <div class=\"pcbg-content-inner bgcontent-block\">\n                        <a href=\"https:\/\/gnews.cz\/it\/tema\/exorcista-p-chad-ripperger-odhaluje-demonicke-sily-stojici-za-politikou-zavislosti-na-pornografii-a-posedlosti-sokujici-odhaleni-z-18-let-duchovniho-boje\/\" title=\"Exorcista P. Chad Ripperger odhaluje d\u00e9monick\u00e9 s\u00edly stoj\u00edc\u00ed za politikou, z\u00e1vislost\u00ed na pornografii a posedlost\u00ed: \u0160okuj\u00edc\u00ed odhalen\u00ed z 18 let duchovn\u00edho boje\"\n                           class=\"pcbg-bgoverlaytext item-hover\"><\/a>\n\n\t\t\t\t\t\t\n\t\t\t\t\t\t                            <div class=\"pcbg-heading item-hover\">\n                                <h3 class=\"pcbg-title\">\n                                    <a href=\"https:\/\/gnews.cz\/it\/tema\/exorcista-p-chad-ripperger-odhaluje-demonicke-sily-stojici-za-politikou-zavislosti-na-pornografii-a-posedlosti-sokujici-odhaleni-z-18-let-duchovniho-boje\/\">\n\t\t\t\t\t\t\t\t\t\tExorcista P. Chad Ripperger odhaluje d\u00e9monick\u00e9 s\u00edly stoj\u00edc\u00ed za politikou, z\u00e1vislost\u00ed na pornografii a posedlost\u00ed: \u0160okuj\u00edc\u00ed odhalen\u00ed z 18 let duchovn\u00edho boje                                    <\/a>\n                                <\/h3>\n                            <\/div>\n\t\t\t\t\t\t\n\t\t\t\t\t\t                            <div class=\"grid-post-box-meta pcbg-meta item-hover\">\n                                <div class=\"pcbg-meta-desc\">\n\t\t\t\t\t\t\t\t\t\t\t\t\t\t\t\t\t\t                                        <span class=\"bg-date\"><time class=\"entry-date published\" datetime=\"2026-04-23T15:40:00+02:00\">Aprile 23, 2026<\/time><\/span>\n\t\t\t\t\t\t\t\t\t\t\t\t\t\t\t\t\t\t\t\t\t\t\t\t\t\t\t\t\t\t\t\t\t\t\t\t\t\t\t\t\t\t\t\t\t\t\t\t\t\t\t\t\t\t                                <\/div>\n\t\t\t\t\t\t\t\t                            <\/div>\n\t\t\t\t\t\t\n\t\t\t\t\t\t                    <\/div>\n                <\/div>\n            <\/div>\n        <\/div>\n    <\/div>\n<\/div>\n<div class=\"penci-bgitem\">\n    <div class=\"penci-bgitin\">\n        <div class=\"penci-bgmain\">\n            <div class=\"pcbg-thumb\">\n\t\t\t\t\t\t\t\t                <div class=\"pcbg-thumbin\">\n                    <a class=\"pcbg-bgoverlay\"\n                       href=\"https:\/\/gnews.cz\/it\/neprehlednete\/ropa-opet-proudi-do-slovenska-trimesicni-vypadek-ropovodu-druzba-skoncil\/\" title=\"Ropa op\u011bt proud\u00ed na Slovensko. T\u0159\u00edm\u011bs\u00ed\u010dn\u00ed v\u00fdpadek ropovodu Dru\u017eba skon\u010dil\"><\/a>\n\n                        <div  data-bgset=\"https:\/\/gnews.cz\/wp-content\/uploads\/2026\/04\/Wp_nefteprovod_druzhba-585x363.webp\" data_bg_hidpi=\"https:\/\/gnews.cz\/wp-content\/uploads\/2026\/04\/Wp_nefteprovod_druzhba-585x363.webp\" class=\"penci-lazy penci-image-holder\">\n                                                    <\/div>\n\n                <\/div>\n            <\/div>\n            <div class=\"pcbg-content\">\n                <div class=\"pcbg-content-flex\">\n                    <a class=\"pcbg-bgoverlay\"\n                       href=\"https:\/\/gnews.cz\/it\/neprehlednete\/ropa-opet-proudi-do-slovenska-trimesicni-vypadek-ropovodu-druzba-skoncil\/\" title=\"Ropa op\u011bt proud\u00ed na Slovensko. T\u0159\u00edm\u011bs\u00ed\u010dn\u00ed v\u00fdpadek ropovodu Dru\u017eba skon\u010dil\"><\/a>\n                    <div class=\"pcbg-content-inner bgcontent-block\">\n                        <a href=\"https:\/\/gnews.cz\/it\/neprehlednete\/ropa-opet-proudi-do-slovenska-trimesicni-vypadek-ropovodu-druzba-skoncil\/\" title=\"Ropa op\u011bt proud\u00ed na Slovensko. T\u0159\u00edm\u011bs\u00ed\u010dn\u00ed v\u00fdpadek ropovodu Dru\u017eba skon\u010dil\"\n                           class=\"pcbg-bgoverlaytext item-hover\"><\/a>\n\n\t\t\t\t\t\t\n\t\t\t\t\t\t                            <div class=\"pcbg-heading item-hover\">\n                                <h3 class=\"pcbg-title\">\n                                    <a href=\"https:\/\/gnews.cz\/it\/neprehlednete\/ropa-opet-proudi-do-slovenska-trimesicni-vypadek-ropovodu-druzba-skoncil\/\">\n\t\t\t\t\t\t\t\t\t\tRopa op\u011bt proud\u00ed na Slovensko. T\u0159\u00edm\u011bs\u00ed\u010dn\u00ed v\u00fdpadek ropovodu Dru\u017eba skon\u010dil                                    <\/a>\n                                <\/h3>\n                            <\/div>\n\t\t\t\t\t\t\n\t\t\t\t\t\t                            <div class=\"grid-post-box-meta pcbg-meta item-hover\">\n                                <div class=\"pcbg-meta-desc\">\n\t\t\t\t\t\t\t\t\t\t\t\t\t\t\t\t\t\t                                        <span class=\"bg-date\"><time class=\"entry-date published\" datetime=\"2026-04-23T12:00:00+02:00\">Aprile 23, 2026<\/time><\/span>\n\t\t\t\t\t\t\t\t\t\t\t\t\t\t\t\t\t\t\t\t\t\t\t\t\t\t\t\t\t\t\t\t\t\t\t\t\t\t\t\t\t\t\t\t\t\t\t\t\t\t\t\t\t\t                                <\/div>\n\t\t\t\t\t\t\t\t                            <\/div>\n\t\t\t\t\t\t\n\t\t\t\t\t\t                    <\/div>\n                <\/div>\n            <\/div>\n        <\/div>\n    <\/div>\n<\/div>\n<div class=\"penci-bgitem\">\n    <div class=\"penci-bgitin\">\n        <div class=\"penci-bgmain\">\n            <div class=\"pcbg-thumb\">\n\t\t\t\t\t\t\t\t                <div class=\"pcbg-thumbin\">\n                    <a class=\"pcbg-bgoverlay\"\n                       href=\"https:\/\/gnews.cz\/it\/tema\/denni-shrnuti-ekonomiky-v-cr-dividendy-cez-blue-owl-capital-a-sila-realty-trust-qxo-topbuild-beacon-roofing-supply-kodiak-building-partners-a-nemecka-ekonomika-23-dubna-2026\/\" title=\"Denn\u00ed shrnut\u00ed ekonomiky v \u010cR: Dividendy \u010cEZ, Blue Owl Capital a Sila Realty Trust, QXO, TopBuild, Beacon Roofing Supply, Kodiak Building Partners a n\u011bmeck\u00e1 ekonomika (23. dubna 2026)\"><\/a>\n\n                        <div  data-bgset=\"https:\/\/gnews.cz\/wp-content\/uploads\/2026\/04\/cez-585x390.webp\" data_bg_hidpi=\"https:\/\/gnews.cz\/wp-content\/uploads\/2026\/04\/cez-585x390.webp\" class=\"penci-lazy penci-image-holder\">\n                                                    <\/div>\n\n                <\/div>\n            <\/div>\n            <div class=\"pcbg-content\">\n                <div class=\"pcbg-content-flex\">\n                    <a class=\"pcbg-bgoverlay\"\n                       href=\"https:\/\/gnews.cz\/it\/tema\/denni-shrnuti-ekonomiky-v-cr-dividendy-cez-blue-owl-capital-a-sila-realty-trust-qxo-topbuild-beacon-roofing-supply-kodiak-building-partners-a-nemecka-ekonomika-23-dubna-2026\/\" title=\"Denn\u00ed shrnut\u00ed ekonomiky v \u010cR: Dividendy \u010cEZ, Blue Owl Capital a Sila Realty Trust, QXO, TopBuild, Beacon Roofing Supply, Kodiak Building Partners a n\u011bmeck\u00e1 ekonomika (23. dubna 2026)\"><\/a>\n                    <div class=\"pcbg-content-inner bgcontent-block\">\n                        <a href=\"https:\/\/gnews.cz\/it\/tema\/denni-shrnuti-ekonomiky-v-cr-dividendy-cez-blue-owl-capital-a-sila-realty-trust-qxo-topbuild-beacon-roofing-supply-kodiak-building-partners-a-nemecka-ekonomika-23-dubna-2026\/\" title=\"Denn\u00ed shrnut\u00ed ekonomiky v \u010cR: Dividendy \u010cEZ, Blue Owl Capital a Sila Realty Trust, QXO, TopBuild, Beacon Roofing Supply, Kodiak Building Partners a n\u011bmeck\u00e1 ekonomika (23. dubna 2026)\"\n                           class=\"pcbg-bgoverlaytext item-hover\"><\/a>\n\n\t\t\t\t\t\t\n\t\t\t\t\t\t                            <div class=\"pcbg-heading item-hover\">\n                                <h3 class=\"pcbg-title\">\n                                    <a href=\"https:\/\/gnews.cz\/it\/tema\/denni-shrnuti-ekonomiky-v-cr-dividendy-cez-blue-owl-capital-a-sila-realty-trust-qxo-topbuild-beacon-roofing-supply-kodiak-building-partners-a-nemecka-ekonomika-23-dubna-2026\/\">\n\t\t\t\t\t\t\t\t\t\tDenn\u00ed shrnut\u00ed ekonomiky v \u010cR: Dividendy \u010cEZ, Blue Owl Capital a Sila Realty Trust, QXO, TopBuild, Beacon Roofing Supply, Kodiak Building Partners a n\u011bmeck\u00e1 ekonomika (23. dubna 2026)                                    <\/a>\n                                <\/h3>\n                            <\/div>\n\t\t\t\t\t\t\n\t\t\t\t\t\t                            <div class=\"grid-post-box-meta pcbg-meta item-hover\">\n                                <div class=\"pcbg-meta-desc\">\n\t\t\t\t\t\t\t\t\t\t\t\t\t\t\t\t\t\t                                        <span class=\"bg-date\"><time class=\"entry-date published\" datetime=\"2026-04-23T09:00:00+02:00\">Aprile 23, 2026<\/time><\/span>\n\t\t\t\t\t\t\t\t\t\t\t\t\t\t\t\t\t\t\t\t\t\t\t\t\t\t\t\t\t\t\t\t\t\t\t\t\t\t\t\t\t\t\t\t\t\t\t\t\t\t\t\t\t\t                                <\/div>\n\t\t\t\t\t\t\t\t                            <\/div>\n\t\t\t\t\t\t\n\t\t\t\t\t\t                    <\/div>\n                <\/div>\n            <\/div>\n        <\/div>\n    <\/div>\n<\/div>\n<div class=\"penci-bgitem\">\n    <div class=\"penci-bgitin\">\n        <div class=\"penci-bgmain\">\n            <div class=\"pcbg-thumb\">\n\t\t\t\t\t\t\t\t                <div class=\"pcbg-thumbin\">\n                    <a class=\"pcbg-bgoverlay\"\n                       href=\"https:\/\/gnews.cz\/it\/tema\/petr-holec-vystrcilova-cesta-na-tchaj-wan-v-hospodarske-tride-chaos-kolem-stavky-na-ct-a-babisova-revoluce-v-medialni-reforme-petr-holec-zive-270\/\" title=\"Petr Holec: Vystr\u010dilova cesta na Tchaj-wan v \u201eekonomick\u00e9 t\u0159\u00edd\u011b\u201c, chaos kolem st\u00e1vky na \u010cT a Babi\u0161ova revoluce v medi\u00e1ln\u00ed reform\u011b (Petr Holec \u017eiv\u011b #270)\"><\/a>\n\n                        <div  data-bgset=\"https:\/\/gnews.cz\/wp-content\/uploads\/2026\/04\/holecpetr-585x328.webp\" data_bg_hidpi=\"https:\/\/gnews.cz\/wp-content\/uploads\/2026\/04\/holecpetr-585x328.webp\" class=\"penci-lazy penci-image-holder\">\n                                                    <\/div>\n\n                <\/div>\n            <\/div>\n            <div class=\"pcbg-content\">\n                <div class=\"pcbg-content-flex\">\n                    <a class=\"pcbg-bgoverlay\"\n                       href=\"https:\/\/gnews.cz\/it\/tema\/petr-holec-vystrcilova-cesta-na-tchaj-wan-v-hospodarske-tride-chaos-kolem-stavky-na-ct-a-babisova-revoluce-v-medialni-reforme-petr-holec-zive-270\/\" title=\"Petr Holec: Vystr\u010dilova cesta na Tchaj-wan v \u201eekonomick\u00e9 t\u0159\u00edd\u011b\u201c, chaos kolem st\u00e1vky na \u010cT a Babi\u0161ova revoluce v medi\u00e1ln\u00ed reform\u011b (Petr Holec \u017eiv\u011b #270)\"><\/a>\n                    <div class=\"pcbg-content-inner bgcontent-block\">\n                        <a href=\"https:\/\/gnews.cz\/it\/tema\/petr-holec-vystrcilova-cesta-na-tchaj-wan-v-hospodarske-tride-chaos-kolem-stavky-na-ct-a-babisova-revoluce-v-medialni-reforme-petr-holec-zive-270\/\" title=\"Petr Holec: Vystr\u010dilova cesta na Tchaj-wan v \u201eekonomick\u00e9 t\u0159\u00edd\u011b\u201c, chaos kolem st\u00e1vky na \u010cT a Babi\u0161ova revoluce v medi\u00e1ln\u00ed reform\u011b (Petr Holec \u017eiv\u011b #270)\"\n                           class=\"pcbg-bgoverlaytext item-hover\"><\/a>\n\n\t\t\t\t\t\t\n\t\t\t\t\t\t                            <div class=\"pcbg-heading item-hover\">\n                                <h3 class=\"pcbg-title\">\n                                    <a href=\"https:\/\/gnews.cz\/it\/tema\/petr-holec-vystrcilova-cesta-na-tchaj-wan-v-hospodarske-tride-chaos-kolem-stavky-na-ct-a-babisova-revoluce-v-medialni-reforme-petr-holec-zive-270\/\">\n\t\t\t\t\t\t\t\t\t\tPetr Holec: Vystr\u010dilova cesta na Tchaj-wan v \u201eekonomick\u00e9 t\u0159\u00edd\u011b\u201c, chaos kolem st\u00e1vky na \u010cT a Babi\u0161ova revoluce v medi\u00e1ln\u00ed reform\u011b (Petr Holec \u017eiv\u011b #270)                                    <\/a>\n                                <\/h3>\n                            <\/div>\n\t\t\t\t\t\t\n\t\t\t\t\t\t                            <div class=\"grid-post-box-meta pcbg-meta item-hover\">\n                                <div class=\"pcbg-meta-desc\">\n\t\t\t\t\t\t\t\t\t\t\t\t\t\t\t\t\t\t                                        <span class=\"bg-date\"><time class=\"entry-date published\" datetime=\"2026-04-23T06:00:00+02:00\">Aprile 23, 2026<\/time><\/span>\n\t\t\t\t\t\t\t\t\t\t\t\t\t\t\t\t\t\t\t\t\t\t\t\t\t\t\t\t\t\t\t\t\t\t\t\t\t\t\t\t\t\t\t\t\t\t\t\t\t\t\t\t\t\t                                <\/div>\n\t\t\t\t\t\t\t\t                            <\/div>\n\t\t\t\t\t\t\n\t\t\t\t\t\t                    <\/div>\n                <\/div>\n            <\/div>\n        <\/div>\n    <\/div>\n<\/div>\n<div class=\"penci-bgitem\">\n    <div class=\"penci-bgitin\">\n        <div class=\"penci-bgmain\">\n            <div class=\"pcbg-thumb\">\n\t\t\t\t\t\t\t\t                <div class=\"pcbg-thumbin\">\n                    <a class=\"pcbg-bgoverlay\"\n                       href=\"https:\/\/gnews.cz\/it\/tema\/za-kazdym-cislem-je-rodina-temer-8-000-migrantu-zahynulo-nebo-zmizelo-v-roce-2025\/\" title=\"Za ka\u017ed\u00fdm \u010d\u00edslem je rodina. T\u00e9m\u011b\u0159 8000 migrant\u016f zahynulo nebo zmizelo v roce 2025\"><\/a>\n\n                        <div  data-bgset=\"https:\/\/gnews.cz\/wp-content\/uploads\/2026\/04\/PUB2023-047-L-WMR2024-Ch2-EN_0-e1776881874138-585x440.webp\" data_bg_hidpi=\"https:\/\/gnews.cz\/wp-content\/uploads\/2026\/04\/PUB2023-047-L-WMR2024-Ch2-EN_0-e1776881874138-585x440.webp\" class=\"penci-lazy penci-image-holder\">\n                                                    <\/div>\n\n                <\/div>\n            <\/div>\n            <div class=\"pcbg-content\">\n                <div class=\"pcbg-content-flex\">\n                    <a class=\"pcbg-bgoverlay\"\n                       href=\"https:\/\/gnews.cz\/it\/tema\/za-kazdym-cislem-je-rodina-temer-8-000-migrantu-zahynulo-nebo-zmizelo-v-roce-2025\/\" title=\"Za ka\u017ed\u00fdm \u010d\u00edslem je rodina. T\u00e9m\u011b\u0159 8000 migrant\u016f zahynulo nebo zmizelo v roce 2025\"><\/a>\n                    <div class=\"pcbg-content-inner bgcontent-block\">\n                        <a href=\"https:\/\/gnews.cz\/it\/tema\/za-kazdym-cislem-je-rodina-temer-8-000-migrantu-zahynulo-nebo-zmizelo-v-roce-2025\/\" title=\"Za ka\u017ed\u00fdm \u010d\u00edslem je rodina. T\u00e9m\u011b\u0159 8000 migrant\u016f zahynulo nebo zmizelo v roce 2025\"\n                           class=\"pcbg-bgoverlaytext item-hover\"><\/a>\n\n\t\t\t\t\t\t\n\t\t\t\t\t\t                            <div class=\"pcbg-heading item-hover\">\n                                <h3 class=\"pcbg-title\">\n                                    <a href=\"https:\/\/gnews.cz\/it\/tema\/za-kazdym-cislem-je-rodina-temer-8-000-migrantu-zahynulo-nebo-zmizelo-v-roce-2025\/\">\n\t\t\t\t\t\t\t\t\t\tZa ka\u017ed\u00fdm \u010d\u00edslem je rodina. T\u00e9m\u011b\u0159 8000 migrant\u016f zahynulo nebo zmizelo v roce 2025                                    <\/a>\n                                <\/h3>\n                            <\/div>\n\t\t\t\t\t\t\n\t\t\t\t\t\t                            <div class=\"grid-post-box-meta pcbg-meta item-hover\">\n                                <div class=\"pcbg-meta-desc\">\n\t\t\t\t\t\t\t\t\t\t\t\t\t\t\t\t\t\t                                        <span class=\"bg-date\"><time class=\"entry-date published\" datetime=\"2026-04-23T01:00:00+02:00\">Aprile 23, 2026<\/time><\/span>\n\t\t\t\t\t\t\t\t\t\t\t\t\t\t\t\t\t\t\t\t\t\t\t\t\t\t\t\t\t\t\t\t\t\t\t\t\t\t\t\t\t\t\t\t\t\t\t\t\t\t\t\t\t\t                                <\/div>\n\t\t\t\t\t\t\t\t                            <\/div>\n\t\t\t\t\t\t\n\t\t\t\t\t\t                    <\/div>\n                <\/div>\n            <\/div>\n        <\/div>\n    <\/div>\n<\/div>\n<div class=\"penci-bgitem\">\n    <div class=\"penci-bgitin\">\n        <div class=\"penci-bgmain\">\n            <div class=\"pcbg-thumb\">\n\t\t\t\t\t\t\t\t                <div class=\"pcbg-thumbin\">\n                    <a class=\"pcbg-bgoverlay\"\n                       href=\"https:\/\/gnews.cz\/it\/tema\/velky-svatek-poezie-v-podani-evy-hrube-jako-basnirky-herecky-reziserky-moderatorky-rozhlasove-publicistiky-a-malirky\/\" title=\"Velk\u00fd sv\u00e1tek poezie v pod\u00e1n\u00ed Evy Hrub\u00e9 jako b\u00e1sn\u00ed\u0159ky, here\u010dky, re\u017eis\u00e9rky, moder\u00e1torky rozhlasov\u00e9 publicistiky a mal\u00ed\u0159ky&#8230;\"><\/a>\n\n                        <div  data-bgset=\"https:\/\/gnews.cz\/wp-content\/uploads\/2026\/04\/FB_IMG_1739616296080-585x390.webp\" data_bg_hidpi=\"https:\/\/gnews.cz\/wp-content\/uploads\/2026\/04\/FB_IMG_1739616296080-585x390.webp\" class=\"penci-lazy penci-image-holder\">\n                                                    <\/div>\n\n                <\/div>\n            <\/div>\n            <div class=\"pcbg-content\">\n                <div class=\"pcbg-content-flex\">\n                    <a class=\"pcbg-bgoverlay\"\n                       href=\"https:\/\/gnews.cz\/it\/tema\/velky-svatek-poezie-v-podani-evy-hrube-jako-basnirky-herecky-reziserky-moderatorky-rozhlasove-publicistiky-a-malirky\/\" title=\"Velk\u00fd sv\u00e1tek poezie v pod\u00e1n\u00ed Evy Hrub\u00e9 jako b\u00e1sn\u00ed\u0159ky, here\u010dky, re\u017eis\u00e9rky, moder\u00e1torky rozhlasov\u00e9 publicistiky a mal\u00ed\u0159ky&#8230;\"><\/a>\n                    <div class=\"pcbg-content-inner bgcontent-block\">\n                        <a href=\"https:\/\/gnews.cz\/it\/tema\/velky-svatek-poezie-v-podani-evy-hrube-jako-basnirky-herecky-reziserky-moderatorky-rozhlasove-publicistiky-a-malirky\/\" title=\"Velk\u00fd sv\u00e1tek poezie v pod\u00e1n\u00ed Evy Hrub\u00e9 jako b\u00e1sn\u00ed\u0159ky, here\u010dky, re\u017eis\u00e9rky, moder\u00e1torky rozhlasov\u00e9 publicistiky a mal\u00ed\u0159ky&#8230;\"\n                           class=\"pcbg-bgoverlaytext item-hover\"><\/a>\n\n\t\t\t\t\t\t\n\t\t\t\t\t\t                            <div class=\"pcbg-heading item-hover\">\n                                <h3 class=\"pcbg-title\">\n                                    <a href=\"https:\/\/gnews.cz\/it\/tema\/velky-svatek-poezie-v-podani-evy-hrube-jako-basnirky-herecky-reziserky-moderatorky-rozhlasove-publicistiky-a-malirky\/\">\n\t\t\t\t\t\t\t\t\t\tVelk\u00fd sv\u00e1tek poezie v pod\u00e1n\u00ed Evy Hrub\u00e9 jako b\u00e1sn\u00ed\u0159ky, here\u010dky, re\u017eis\u00e9rky, moder\u00e1torky rozhlasov\u00e9 publicistiky a mal\u00ed\u0159ky&#8230;                                    <\/a>\n                                <\/h3>\n                            <\/div>\n\t\t\t\t\t\t\n\t\t\t\t\t\t                            <div class=\"grid-post-box-meta pcbg-meta item-hover\">\n                                <div class=\"pcbg-meta-desc\">\n\t\t\t\t\t\t\t\t\t\t\t\t\t\t\t\t\t\t                                        <span class=\"bg-date\"><time class=\"entry-date published\" datetime=\"2026-04-22T21:00:00+02:00\">Aprile 22, 2026<\/time><\/span>\n\t\t\t\t\t\t\t\t\t\t\t\t\t\t\t\t\t\t\t\t\t\t\t\t\t\t\t\t\t\t\t\t\t\t\t\t\t\t\t\t\t\t\t\t\t\t\t\t\t\t\t\t\t\t                                <\/div>\n\t\t\t\t\t\t\t\t                            <\/div>\n\t\t\t\t\t\t\n\t\t\t\t\t\t                    <\/div>\n                <\/div>\n            <\/div>\n        <\/div>\n    <\/div>\n<\/div>\n<\/div>                <\/div>\n\t\t\t\t            <\/div>\n        <\/div>\n\t\t\t\t\t\t<\/div>\n\t\t\t\t<\/div>\n\t\t\t\t\t<\/div>\n\t\t<\/div>\n\t\t\t\t<div class=\"penci-ercol-25 penci-ercol-order-3 penci-sticky-sb penci-sidebarSC   elementor-column elementor-col-25 elementor-top-column elementor-element elementor-element-836b521\" data-id=\"836b521\" data-element_type=\"column\" data-e-type=\"column\">\n\t\t\t<div class=\"elementor-widget-wrap elementor-element-populated\">\n\t\t\t\t\t\t<div class=\"elementor-element elementor-element-9648255 elementor-widget elementor-widget-penci-small-list\" data-id=\"9648255\" data-element_type=\"widget\" data-e-type=\"widget\" data-widget_type=\"penci-small-list.default\">\n\t\t\t\t<div class=\"elementor-widget-container\">\n\t\t\t\t\t<script>if( typeof(penciBlock) === \"undefined\" ) {function penciBlock() { this.atts_json = ''; this.content = ''; }}var penciBlocksArray = penciBlocksArray || [];var PENCILOCALCACHE = PENCILOCALCACHE || {};var pcblock_5611 = new penciBlock();pcblock_5611.blockID=\"pcblock_5611\";pcblock_5611.atts_json = '{\"type\":\"grid\",\"dformat\":\"\",\"date_pos\":\"left\",\"column\":\"1\",\"tab_column\":\"1\",\"mb_column\":\"1\",\"imgpos\":\"left\",\"thumb_size\":\"\",\"mthumb_size\":\"\",\"post_meta\":[\"title\",\"date\"],\"primary_cat\":\"\",\"title_length\":\"\",\"excerpt_pos\":\"below\",\"rmstyle\":\"filled\",\"excerpt_length\":15,\"nocrop\":\"\",\"hide_cat_mobile\":\"\",\"hide_meta_mobile\":\"\",\"hide_excerpt_mobile\":\"\",\"hide_rm_mobile\":\"\",\"imgtop_mobile\":\"\",\"ver_border\":\"\",\"hide_thumb\":\"\",\"show_reviewpie\":\"\",\"show_formaticon\":\"\",\"disable_lazy\":\"\",\"show_excerpt\":\"\",\"show_readmore\":\"\",\"query\":{\"orderby\":\"meta_value_num\",\"order\":\"desc\",\"ignore_sticky_posts\":1,\"post_status\":\"publish\",\"post__not_in\":[],\"meta_key\":\"penci_post_week_views_count\",\"post_type\":\"post\",\"posts_per_page\":9,\"tax_query\":[{\"taxonomy\":\"post_tag\",\"field\":\"term_id\",\"terms\":[\"5689\"]}]},\"category_ids\":\"\",\"taxonomy\":\"\"}';penciBlocksArray.push(pcblock_5611);<\/script>        <div class=\"penci-wrapper-smalllist\">\n\t\t\t    <div class=\"penci-border-arrow penci-homepage-title penci-home-latest-posts style-6 pcalign-left pciconp-right pcicon-right block-title-icon-left\">\n        <h3 class=\"inner-arrow\">\n        <span>\n                    <span><i class=\"fas fa-star\"><\/i>TOP \u010dl\u00e1nky<\/a>                <\/span>\n        <\/h3>\n\t\t        <\/div>\n\t\t\t\t\t            <div class=\"penci-smalllist-wrapper\">\n\t\t\t\t                    <div class=\"penci-smalllist pcsl-wrapper pwsl-id-default\">\n                        <div class=\"pcsl-inner penci-clearfix pcsl-grid pcsl-imgpos-left pcsl-col-1 pcsl-tabcol-1 pcsl-mobcol-1\">\n\t\t\t\t\t\t\t\t\t\t\t\t\t\t\t\t\t\t\t\t\t\t\t\t                                    <div class=\"pcsl-item\">\n                                        <div class=\"pcsl-itemin\">\n                                            <div class=\"pcsl-iteminer\">\n\t\t\t\t\t\t\t\t\t\t\t\t\n\t\t\t\t\t\t\t\t\t\t\t\t                                                    <div class=\"pcsl-thumb\">\n\t\t\t\t\t\t\t\t\t\t\t\t\t\t\t\t\t\t\t\t\t\t\t\t\t\t\t\t                                                            <a  data-bgset=\"https:\/\/gnews.cz\/wp-content\/uploads\/2025\/12\/shrnut-roku-2025-s-general-news-rok-dynamick-ch-prom-n-nap-t-i-nov-ch-sm-r-c24c47-145x96.webp\" href=\"https:\/\/gnews.cz\/it\/tema\/silvestrovska-pulnoc-2025-s-general-news-rok-dynamickych-promen-napeti-i-novych-smeru\/\"\n                                                               title=\"Shrnut\u00ed roku 2025 s General News: Rok dynamick\u00fdch prom\u011bn, nap\u011bt\u00ed i nov\u00fdch sm\u011br\u016f\"\n                                                               class=\"penci-lazy penci-image-holder\">\n\t                                                                                                                        <\/a>\n\n                                                    <\/div>\n\t\t\t\t\t\t\t\t\t\t\t\t                                                <div class=\"pcsl-content\">\n\t\t\t\t\t\t\t\t\t\t\t\t\t\n\t\t\t\t\t\t\t\t\t\t\t\t\t                                                        <div class=\"pcsl-title\">\n                                                            <a href=\"https:\/\/gnews.cz\/it\/tema\/silvestrovska-pulnoc-2025-s-general-news-rok-dynamickych-promen-napeti-i-novych-smeru\/\">Shrnut\u00ed roku 2025 s General News: Rok dynamick\u00fdch prom\u011bn, nap\u011bt\u00ed i nov\u00fdch sm\u011br\u016f<\/a>\n                                                        <\/div>\n\t\t\t\t\t\t\t\t\t\t\t\t\t\n\t\t\t\t\t\t\t\t\t\t\t\t\t                                                        <div class=\"grid-post-box-meta pcsl-meta\">\n\t\t\t\t\t\t\t\t\t\t\t\t\t\t\t\t\t\t\t\t\t\t\t\t\t\t\t\t\t\t                                                                <span class=\"sl-date\"><time class=\"entry-date published\" datetime=\"2025-12-31T23:59:00+01:00\">Dicembre 31, 2025<\/time><\/span>\n\t\t\t\t\t\t\t\t\t\t\t\t\t\t\t\t\t\t\t\t\t\t\t\t\t\t\t\t\t\t\t\t\t\t\t\t\t\t\t\t\t\t\t\t\t\t\t\t\t\t\t\t\t\t\t\t\t\t\t\t\t\t\t\t\t\t\t\t\t\t\t\t\t\t\t\t\t\t\t\t\t\t\t\t\t\t\t\t\t\t                                                        <\/div>\n\t\t\t\t\t\t\t\t\t\t\t\t\t\n\t\t\t\t\t\t\t\t\t\t\t\t\t\t\t\t\t\t\t\t\t\t\t\t\t\t\n                                                <\/div>\n\n\t\t\t\t\t\t\t\t\t\t\t\t                                            <\/div>\n                                        <\/div>\n                                    <\/div>\n                                \t\t\t\t\t\t\t\t\t\t\t\t\t\t\t\t\t                                    <div class=\"pcsl-item\">\n                                        <div class=\"pcsl-itemin\">\n                                            <div class=\"pcsl-iteminer\">\n\t\t\t\t\t\t\t\t\t\t\t\t\n\t\t\t\t\t\t\t\t\t\t\t\t                                                    <div class=\"pcsl-thumb\">\n\t\t\t\t\t\t\t\t\t\t\t\t\t\t\t\t\t\t\t\t\t\t\t\t\t\t\t\t                                                            <a  data-bgset=\"https:\/\/gnews.cz\/wp-content\/uploads\/2026\/03\/Screenshot_20260313_154434-263x175.webp\" href=\"https:\/\/gnews.cz\/it\/tema\/slovanska-epopej-alfonse-muchy-obraz-devatenacty-zruseni-nevolnictvi-na-rusi-svobodna-prace-osnova-narodu\/\"\n                                                               title=\"Slovansk\u00e1 epopej Alfonse Muchy &#8211; obraz devaten\u00e1ct\u00fd: Zru\u0161en\u00ed nevolnictv\u00ed na Rusi, Svobodn\u00e1 pr\u00e1ce \u2013 osnova n\u00e1rod\u016f\"\n                                                               class=\"penci-lazy penci-image-holder\">\n\t                                                                                                                        <\/a>\n\n                                                    <\/div>\n\t\t\t\t\t\t\t\t\t\t\t\t                                                <div class=\"pcsl-content\">\n\t\t\t\t\t\t\t\t\t\t\t\t\t\n\t\t\t\t\t\t\t\t\t\t\t\t\t                                                        <div class=\"pcsl-title\">\n                                                            <a href=\"https:\/\/gnews.cz\/it\/tema\/slovanska-epopej-alfonse-muchy-obraz-devatenacty-zruseni-nevolnictvi-na-rusi-svobodna-prace-osnova-narodu\/\">Slovansk\u00e1 epopej Alfonse Muchy &#8211; obraz devaten\u00e1ct\u00fd: Zru\u0161en\u00ed nevolnictv\u00ed na Rusi, Svobodn\u00e1 pr\u00e1ce \u2013 osnova n\u00e1rod\u016f<\/a>\n                                                        <\/div>\n\t\t\t\t\t\t\t\t\t\t\t\t\t\n\t\t\t\t\t\t\t\t\t\t\t\t\t                                                        <div class=\"grid-post-box-meta pcsl-meta\">\n\t\t\t\t\t\t\t\t\t\t\t\t\t\t\t\t\t\t\t\t\t\t\t\t\t\t\t\t\t\t                                                                <span class=\"sl-date\"><time class=\"entry-date published\" datetime=\"2026-03-21T15:30:00+01:00\">Marzo 21, 2026<\/time><\/span>\n\t\t\t\t\t\t\t\t\t\t\t\t\t\t\t\t\t\t\t\t\t\t\t\t\t\t\t\t\t\t\t\t\t\t\t\t\t\t\t\t\t\t\t\t\t\t\t\t\t\t\t\t\t\t\t\t\t\t\t\t\t\t\t\t\t\t\t\t\t\t\t\t\t\t\t\t\t\t\t\t\t\t\t\t\t\t\t\t\t\t                                                        <\/div>\n\t\t\t\t\t\t\t\t\t\t\t\t\t\n\t\t\t\t\t\t\t\t\t\t\t\t\t\t\t\t\t\t\t\t\t\t\t\t\t\t\n                                                <\/div>\n\n\t\t\t\t\t\t\t\t\t\t\t\t                                            <\/div>\n                                        <\/div>\n                                    <\/div>\n                                \t\t\t\t\t\t\t\t\t\t\t\t\t\t\t\t\t                                    <div class=\"pcsl-item\">\n                                        <div class=\"pcsl-itemin\">\n                                            <div class=\"pcsl-iteminer\">\n\t\t\t\t\t\t\t\t\t\t\t\t\n\t\t\t\t\t\t\t\t\t\t\t\t                                                    <div class=\"pcsl-thumb\">\n\t\t\t\t\t\t\t\t\t\t\t\t\t\t\t\t\t\t\t\t\t\t\t\t\t\t\t\t                                                            <a  data-bgset=\"https:\/\/gnews.cz\/wp-content\/uploads\/2025\/12\/slovansk-epopej-alfonse-muchy-obraz-est-t-p-n-du-an-srbsk-a-jeho-korunovace-slov-d63a68-145x96.webp\" href=\"https:\/\/gnews.cz\/it\/neprehlednete\/slovanska-epopej-alfonse-muchy-stepan-dusan-srbsky-a-jeho-korunovace-slovanske-zakonodarstvi\/\"\n                                                               title=\"Slovansk\u00e1 epopej Alfonse Muchy &#8211; obraz \u0161est\u00fd: \u0160t\u011bp\u00e1n Du\u0161an Srbsk\u00fd a jeho korunovace &#8211; Slovansk\u00e9 z\u00e1konod\u00e1rstv\u00ed\"\n                                                               class=\"penci-lazy penci-image-holder\">\n\t                                                                                                                        <\/a>\n\n                                                    <\/div>\n\t\t\t\t\t\t\t\t\t\t\t\t                                                <div class=\"pcsl-content\">\n\t\t\t\t\t\t\t\t\t\t\t\t\t\n\t\t\t\t\t\t\t\t\t\t\t\t\t                                                        <div class=\"pcsl-title\">\n                                                            <a href=\"https:\/\/gnews.cz\/it\/neprehlednete\/slovanska-epopej-alfonse-muchy-stepan-dusan-srbsky-a-jeho-korunovace-slovanske-zakonodarstvi\/\">Slovansk\u00e1 epopej Alfonse Muchy &#8211; obraz \u0161est\u00fd: \u0160t\u011bp\u00e1n Du\u0161an Srbsk\u00fd a jeho korunovace &#8211; Slovansk\u00e9 z\u00e1konod\u00e1rstv\u00ed<\/a>\n                                                        <\/div>\n\t\t\t\t\t\t\t\t\t\t\t\t\t\n\t\t\t\t\t\t\t\t\t\t\t\t\t                                                        <div class=\"grid-post-box-meta pcsl-meta\">\n\t\t\t\t\t\t\t\t\t\t\t\t\t\t\t\t\t\t\t\t\t\t\t\t\t\t\t\t\t\t                                                                <span class=\"sl-date\"><time class=\"entry-date published\" datetime=\"2025-12-14T14:17:30+01:00\">Dicembre 14, 2025<\/time><\/span>\n\t\t\t\t\t\t\t\t\t\t\t\t\t\t\t\t\t\t\t\t\t\t\t\t\t\t\t\t\t\t\t\t\t\t\t\t\t\t\t\t\t\t\t\t\t\t\t\t\t\t\t\t\t\t\t\t\t\t\t\t\t\t\t\t\t\t\t\t\t\t\t\t\t\t\t\t\t\t\t\t\t\t\t\t\t\t\t\t\t\t                                                        <\/div>\n\t\t\t\t\t\t\t\t\t\t\t\t\t\n\t\t\t\t\t\t\t\t\t\t\t\t\t\t\t\t\t\t\t\t\t\t\t\t\t\t\n                                                <\/div>\n\n\t\t\t\t\t\t\t\t\t\t\t\t                                            <\/div>\n                                        <\/div>\n                                    <\/div>\n                                \t\t\t\t\t\t\t\t\t\t\t\t\t\t\t\t\t                                    <div class=\"pcsl-item\">\n                                        <div class=\"pcsl-itemin\">\n                                            <div class=\"pcsl-iteminer\">\n\t\t\t\t\t\t\t\t\t\t\t\t\n\t\t\t\t\t\t\t\t\t\t\t\t                                                    <div class=\"pcsl-thumb\">\n\t\t\t\t\t\t\t\t\t\t\t\t\t\t\t\t\t\t\t\t\t\t\t\t\t\t\t\t                                                            <a  data-bgset=\"https:\/\/gnews.cz\/wp-content\/uploads\/2026\/04\/holecpetr-263x175.webp\" href=\"https:\/\/gnews.cz\/it\/neprehlednete\/andrej-babis-rozdrtil-lhare-z-ceskych-medii-petr-holec-se-ostre-vymezil-proti-fialove-nutellovemu-trapasu-ponizeni-petra-pavla-a-populisticka-pomsta-petr-holec-zive-267-1-4-20\/\"\n                                                               title=\"Andrej Babi\u0161 rozdrtil lh\u00e1\u0159e z \u010desk\u00fdch m\u00e9di\u00ed: Petr Holec se ost\u0159e vymezil proti Fialov\u011b \u201enutellov\u00e9mu\u201c trapasu, pon\u00ed\u017een\u00ed Petra Pavla a populistick\u00e1 pomsta (Petr Holec \u017eiv\u011b #267)\"\n                                                               class=\"penci-lazy penci-image-holder\">\n\t                                                                                                                        <\/a>\n\n                                                    <\/div>\n\t\t\t\t\t\t\t\t\t\t\t\t                                                <div class=\"pcsl-content\">\n\t\t\t\t\t\t\t\t\t\t\t\t\t\n\t\t\t\t\t\t\t\t\t\t\t\t\t                                                        <div class=\"pcsl-title\">\n                                                            <a href=\"https:\/\/gnews.cz\/it\/neprehlednete\/andrej-babis-rozdrtil-lhare-z-ceskych-medii-petr-holec-se-ostre-vymezil-proti-fialove-nutellovemu-trapasu-ponizeni-petra-pavla-a-populisticka-pomsta-petr-holec-zive-267-1-4-20\/\">Andrej Babi\u0161 rozdrtil lh\u00e1\u0159e z \u010desk\u00fdch m\u00e9di\u00ed: Petr Holec se ost\u0159e vymezil proti Fialov\u011b \u201enutellov\u00e9mu\u201c trapasu, pon\u00ed\u017een\u00ed Petra Pavla a populistick\u00e1 pomsta (Petr Holec \u017eiv\u011b #267)<\/a>\n                                                        <\/div>\n\t\t\t\t\t\t\t\t\t\t\t\t\t\n\t\t\t\t\t\t\t\t\t\t\t\t\t                                                        <div class=\"grid-post-box-meta pcsl-meta\">\n\t\t\t\t\t\t\t\t\t\t\t\t\t\t\t\t\t\t\t\t\t\t\t\t\t\t\t\t\t\t                                                                <span class=\"sl-date\"><time class=\"entry-date published\" datetime=\"2026-04-02T07:00:00+02:00\">Aprile 2, 2026<\/time><\/span>\n\t\t\t\t\t\t\t\t\t\t\t\t\t\t\t\t\t\t\t\t\t\t\t\t\t\t\t\t\t\t\t\t\t\t\t\t\t\t\t\t\t\t\t\t\t\t\t\t\t\t\t\t\t\t\t\t\t\t\t\t\t\t\t\t\t\t\t\t\t\t\t\t\t\t\t\t\t\t\t\t\t\t\t\t\t\t\t\t\t\t                                                        <\/div>\n\t\t\t\t\t\t\t\t\t\t\t\t\t\n\t\t\t\t\t\t\t\t\t\t\t\t\t\t\t\t\t\t\t\t\t\t\t\t\t\t\n                                                <\/div>\n\n\t\t\t\t\t\t\t\t\t\t\t\t                                            <\/div>\n                                        <\/div>\n                                    <\/div>\n                                \t\t\t\t\t\t\t\t\t\t\t\t\t\t\t\t\t                                    <div class=\"pcsl-item\">\n                                        <div class=\"pcsl-itemin\">\n                                            <div class=\"pcsl-iteminer\">\n\t\t\t\t\t\t\t\t\t\t\t\t\n\t\t\t\t\t\t\t\t\t\t\t\t                                                    <div class=\"pcsl-thumb\">\n\t\t\t\t\t\t\t\t\t\t\t\t\t\t\t\t\t\t\t\t\t\t\t\t\t\t\t\t                                                            <a  data-bgset=\"https:\/\/gnews.cz\/wp-content\/uploads\/2026\/03\/XTALK-Schneider-2-\u5c4f\u5e55\u622a\u56fe-2026-03-30-123332-263x175.webp\" href=\"https:\/\/gnews.cz\/it\/tema\/odhaleni-ruskeho-mytu-o-invazi-byvaly-pracovnik-bis-jan-schneider-popisuje-zastrasovaci-taktiky-korupci-na-ukrajine-a-uniky-informaci-z-bis\/\"\n                                                               title=\"Odhalen\u00ed rusk\u00e9ho \u201em\u00fdtu o invazi\u201c: B\u00fdval\u00fd pracovn\u00edk BIS Jan Schneider popisuje zastra\u0161ovac\u00ed taktiky, korupci na Ukrajin\u011b a \u00faniky informac\u00ed z BIS\"\n                                                               class=\"penci-lazy penci-image-holder\">\n\t                                                                                                                        <\/a>\n\n                                                    <\/div>\n\t\t\t\t\t\t\t\t\t\t\t\t                                                <div class=\"pcsl-content\">\n\t\t\t\t\t\t\t\t\t\t\t\t\t\n\t\t\t\t\t\t\t\t\t\t\t\t\t                                                        <div class=\"pcsl-title\">\n                                                            <a href=\"https:\/\/gnews.cz\/it\/tema\/odhaleni-ruskeho-mytu-o-invazi-byvaly-pracovnik-bis-jan-schneider-popisuje-zastrasovaci-taktiky-korupci-na-ukrajine-a-uniky-informaci-z-bis\/\">Odhalen\u00ed rusk\u00e9ho \u201em\u00fdtu o invazi\u201c: B\u00fdval\u00fd pracovn\u00edk BIS Jan Schneider popisuje zastra\u0161ovac\u00ed taktiky, korupci na Ukrajin\u011b a \u00faniky informac\u00ed z BIS<\/a>\n                                                        <\/div>\n\t\t\t\t\t\t\t\t\t\t\t\t\t\n\t\t\t\t\t\t\t\t\t\t\t\t\t                                                        <div class=\"grid-post-box-meta pcsl-meta\">\n\t\t\t\t\t\t\t\t\t\t\t\t\t\t\t\t\t\t\t\t\t\t\t\t\t\t\t\t\t\t                                                                <span class=\"sl-date\"><time class=\"entry-date published\" datetime=\"2026-03-30T06:55:11+02:00\">Marzo 30, 2026<\/time><\/span>\n\t\t\t\t\t\t\t\t\t\t\t\t\t\t\t\t\t\t\t\t\t\t\t\t\t\t\t\t\t\t\t\t\t\t\t\t\t\t\t\t\t\t\t\t\t\t\t\t\t\t\t\t\t\t\t\t\t\t\t\t\t\t\t\t\t\t\t\t\t\t\t\t\t\t\t\t\t\t\t\t\t\t\t\t\t\t\t\t\t\t                                                        <\/div>\n\t\t\t\t\t\t\t\t\t\t\t\t\t\n\t\t\t\t\t\t\t\t\t\t\t\t\t\t\t\t\t\t\t\t\t\t\t\t\t\t\n                                                <\/div>\n\n\t\t\t\t\t\t\t\t\t\t\t\t                                            <\/div>\n                                        <\/div>\n                                    <\/div>\n                                \t\t\t\t\t\t\t\t\t\t\t\t\t\t\t\t\t                                    <div class=\"pcsl-item\">\n                                        <div class=\"pcsl-itemin\">\n                                            <div class=\"pcsl-iteminer\">\n\t\t\t\t\t\t\t\t\t\t\t\t\n\t\t\t\t\t\t\t\t\t\t\t\t                                                    <div class=\"pcsl-thumb\">\n\t\t\t\t\t\t\t\t\t\t\t\t\t\t\t\t\t\t\t\t\t\t\t\t\t\t\t\t                                                            <a  data-bgset=\"https:\/\/gnews.cz\/wp-content\/uploads\/2025\/07\/denn-shrnut-ekonomiky-v-r-erste-group-bank-agrofert-excalibur-army-ikea-a-amazon-50af2a-145x96.webp\" href=\"https:\/\/gnews.cz\/it\/neprehlednete\/denni-shrnuti-ekonomiky-v-cr-colt-cz-a-excalibur-international-microsoft-volkswagen-amazon-ropa-wti-a-primeri-s-iranem-8-dubna-2026\/\"\n                                                               title=\"Denn\u00ed shrnut\u00ed ekonomiky v \u010cR: Colt CZ a Excalibur International, Microsoft, Volkswagen, Amazon, ropa WTI a p\u0159\u00edm\u011b\u0159\u00ed s \u00cdr\u00e1nem (8. dubna 2026)\"\n                                                               class=\"penci-lazy penci-image-holder\">\n\t                                                                                                                        <\/a>\n\n                                                    <\/div>\n\t\t\t\t\t\t\t\t\t\t\t\t                                                <div class=\"pcsl-content\">\n\t\t\t\t\t\t\t\t\t\t\t\t\t\n\t\t\t\t\t\t\t\t\t\t\t\t\t                                                        <div class=\"pcsl-title\">\n                                                            <a href=\"https:\/\/gnews.cz\/it\/neprehlednete\/denni-shrnuti-ekonomiky-v-cr-colt-cz-a-excalibur-international-microsoft-volkswagen-amazon-ropa-wti-a-primeri-s-iranem-8-dubna-2026\/\">Denn\u00ed shrnut\u00ed ekonomiky v \u010cR: Colt CZ a Excalibur International, Microsoft, Volkswagen, Amazon, ropa WTI a p\u0159\u00edm\u011b\u0159\u00ed s \u00cdr\u00e1nem (8. dubna 2026)<\/a>\n                                                        <\/div>\n\t\t\t\t\t\t\t\t\t\t\t\t\t\n\t\t\t\t\t\t\t\t\t\t\t\t\t                                                        <div class=\"grid-post-box-meta pcsl-meta\">\n\t\t\t\t\t\t\t\t\t\t\t\t\t\t\t\t\t\t\t\t\t\t\t\t\t\t\t\t\t\t                                                                <span class=\"sl-date\"><time class=\"entry-date published\" datetime=\"2026-04-08T09:00:00+02:00\">Aprile 8, 2026<\/time><\/span>\n\t\t\t\t\t\t\t\t\t\t\t\t\t\t\t\t\t\t\t\t\t\t\t\t\t\t\t\t\t\t\t\t\t\t\t\t\t\t\t\t\t\t\t\t\t\t\t\t\t\t\t\t\t\t\t\t\t\t\t\t\t\t\t\t\t\t\t\t\t\t\t\t\t\t\t\t\t\t\t\t\t\t\t\t\t\t\t\t\t\t                                                        <\/div>\n\t\t\t\t\t\t\t\t\t\t\t\t\t\n\t\t\t\t\t\t\t\t\t\t\t\t\t\t\t\t\t\t\t\t\t\t\t\t\t\t\n                                                <\/div>\n\n\t\t\t\t\t\t\t\t\t\t\t\t                                            <\/div>\n                                        <\/div>\n                                    <\/div>\n                                \t\t\t\t\t\t\t\t\t\t\t\t\t\t\t\t\t                                    <div class=\"pcsl-item\">\n                                        <div class=\"pcsl-itemin\">\n                                            <div class=\"pcsl-iteminer\">\n\t\t\t\t\t\t\t\t\t\t\t\t\n\t\t\t\t\t\t\t\t\t\t\t\t                                                    <div class=\"pcsl-thumb\">\n\t\t\t\t\t\t\t\t\t\t\t\t\t\t\t\t\t\t\t\t\t\t\t\t\t\t\t\t                                                            <a  data-bgset=\"https:\/\/gnews.cz\/wp-content\/uploads\/2026\/04\/holecpetr-263x175.webp\" href=\"https:\/\/gnews.cz\/it\/rozhovory\/ceska-politicka-scena-v-plnem-proudu-prezident-pavel-si-stezuje-rozpoctovi-paraziti-dostali-ranu-a-petr-holec-ve-svem-viralnim-videu-odhalil-zaujatost-ceske-televize-petr-holec-zive-268\/\"\n                                                               title=\"\u010cesk\u00e1 politick\u00e1 sc\u00e9na v pln\u00e9m proudu: prezident Pavel si st\u011b\u017euje, rozpo\u010dtov\u00ed paraziti dostali r\u00e1nu a Petr Holec ve sv\u00e9m vir\u00e1ln\u00edm videu odhalil zaujatost \u010cesk\u00e9 televize (Petr Holec \u017eiv\u011b #268)\"\n                                                               class=\"penci-lazy penci-image-holder\">\n\t                                                                                                                        <\/a>\n\n                                                    <\/div>\n\t\t\t\t\t\t\t\t\t\t\t\t                                                <div class=\"pcsl-content\">\n\t\t\t\t\t\t\t\t\t\t\t\t\t\n\t\t\t\t\t\t\t\t\t\t\t\t\t                                                        <div class=\"pcsl-title\">\n                                                            <a href=\"https:\/\/gnews.cz\/it\/rozhovory\/ceska-politicka-scena-v-plnem-proudu-prezident-pavel-si-stezuje-rozpoctovi-paraziti-dostali-ranu-a-petr-holec-ve-svem-viralnim-videu-odhalil-zaujatost-ceske-televize-petr-holec-zive-268\/\">\u010cesk\u00e1 politick\u00e1 sc\u00e9na v pln\u00e9m proudu: prezident Pavel si st\u011b\u017euje, rozpo\u010dtov\u00ed paraziti dostali r\u00e1nu a Petr Holec ve sv\u00e9m vir\u00e1ln\u00edm videu odhalil zaujatost \u010cesk\u00e9 televize (Petr Holec \u017eiv\u011b #268)<\/a>\n                                                        <\/div>\n\t\t\t\t\t\t\t\t\t\t\t\t\t\n\t\t\t\t\t\t\t\t\t\t\t\t\t                                                        <div class=\"grid-post-box-meta pcsl-meta\">\n\t\t\t\t\t\t\t\t\t\t\t\t\t\t\t\t\t\t\t\t\t\t\t\t\t\t\t\t\t\t                                                                <span class=\"sl-date\"><time class=\"entry-date published\" datetime=\"2026-04-09T16:00:00+02:00\">Aprile 9, 2026<\/time><\/span>\n\t\t\t\t\t\t\t\t\t\t\t\t\t\t\t\t\t\t\t\t\t\t\t\t\t\t\t\t\t\t\t\t\t\t\t\t\t\t\t\t\t\t\t\t\t\t\t\t\t\t\t\t\t\t\t\t\t\t\t\t\t\t\t\t\t\t\t\t\t\t\t\t\t\t\t\t\t\t\t\t\t\t\t\t\t\t\t\t\t\t                                                        <\/div>\n\t\t\t\t\t\t\t\t\t\t\t\t\t\n\t\t\t\t\t\t\t\t\t\t\t\t\t\t\t\t\t\t\t\t\t\t\t\t\t\t\n                                                <\/div>\n\n\t\t\t\t\t\t\t\t\t\t\t\t                                            <\/div>\n                                        <\/div>\n                                    <\/div>\n                                \t\t\t\t\t\t\t\t\t\t\t\t\t\t\t\t\t                                    <div class=\"pcsl-item\">\n                                        <div class=\"pcsl-itemin\">\n                                            <div class=\"pcsl-iteminer\">\n\t\t\t\t\t\t\t\t\t\t\t\t\n\t\t\t\t\t\t\t\t\t\t\t\t                                                    <div class=\"pcsl-thumb\">\n\t\t\t\t\t\t\t\t\t\t\t\t\t\t\t\t\t\t\t\t\t\t\t\t\t\t\t\t                                                            <a  data-bgset=\"https:\/\/gnews.cz\/wp-content\/uploads\/2025\/12\/slovansk-epopej-alfonse-muchy-obraz-osm-ji-z-pod-brad-kr-l-oboj-ho-lidu-1bbe51-145x96.webp\" href=\"https:\/\/gnews.cz\/it\/tema\/slovanska-epopej-alfonse-muchy-obraz-osmy-jiri-z-podebrad-kral-obojiho-lidu\/\"\n                                                               title=\"Slovansk\u00e1 epopej Alfonse Muchy &#8211; obraz osm\u00fd: Ji\u0159\u00ed z Pod\u011bbrad &#8211; kr\u00e1l oboj\u00edho lidu\"\n                                                               class=\"penci-lazy penci-image-holder\">\n\t                                                                                                                        <\/a>\n\n                                                    <\/div>\n\t\t\t\t\t\t\t\t\t\t\t\t                                                <div class=\"pcsl-content\">\n\t\t\t\t\t\t\t\t\t\t\t\t\t\n\t\t\t\t\t\t\t\t\t\t\t\t\t                                                        <div class=\"pcsl-title\">\n                                                            <a href=\"https:\/\/gnews.cz\/it\/tema\/slovanska-epopej-alfonse-muchy-obraz-osmy-jiri-z-podebrad-kral-obojiho-lidu\/\">Slovansk\u00e1 epopej Alfonse Muchy &#8211; obraz osm\u00fd: Ji\u0159\u00ed z Pod\u011bbrad &#8211; kr\u00e1l oboj\u00edho lidu<\/a>\n                                                        <\/div>\n\t\t\t\t\t\t\t\t\t\t\t\t\t\n\t\t\t\t\t\t\t\t\t\t\t\t\t                                                        <div class=\"grid-post-box-meta pcsl-meta\">\n\t\t\t\t\t\t\t\t\t\t\t\t\t\t\t\t\t\t\t\t\t\t\t\t\t\t\t\t\t\t                                                                <span class=\"sl-date\"><time class=\"entry-date published\" datetime=\"2025-12-28T09:00:00+01:00\">Dicembre 28, 2025<\/time><\/span>\n\t\t\t\t\t\t\t\t\t\t\t\t\t\t\t\t\t\t\t\t\t\t\t\t\t\t\t\t\t\t\t\t\t\t\t\t\t\t\t\t\t\t\t\t\t\t\t\t\t\t\t\t\t\t\t\t\t\t\t\t\t\t\t\t\t\t\t\t\t\t\t\t\t\t\t\t\t\t\t\t\t\t\t\t\t\t\t\t\t\t                                                        <\/div>\n\t\t\t\t\t\t\t\t\t\t\t\t\t\n\t\t\t\t\t\t\t\t\t\t\t\t\t\t\t\t\t\t\t\t\t\t\t\t\t\t\n                                                <\/div>\n\n\t\t\t\t\t\t\t\t\t\t\t\t                                            <\/div>\n                                        <\/div>\n                                    <\/div>\n                                \t\t\t\t\t\t\t\t\t\t\t\t\t\t\t\t\t                                    <div class=\"pcsl-item\">\n                                        <div class=\"pcsl-itemin\">\n                                            <div class=\"pcsl-iteminer\">\n\t\t\t\t\t\t\t\t\t\t\t\t\n\t\t\t\t\t\t\t\t\t\t\t\t                                                    <div class=\"pcsl-thumb\">\n\t\t\t\t\t\t\t\t\t\t\t\t\t\t\t\t\t\t\t\t\t\t\t\t\t\t\t\t                                                            <a  data-bgset=\"https:\/\/gnews.cz\/wp-content\/uploads\/2026\/04\/vallalom-hogy-ilyen-felfordult-vilagban-is-megorizzuk-magyarorszagot-a-biztonsag-es-a-nyugalom-szigetenek-1-263x175.webp\" href=\"https:\/\/gnews.cz\/it\/tema\/viktor-orban-zakotvil-do-ustavy-zakaz-prodeje-zemedelske-pudy-cizincum-a-vyrazne-podporil-zemedelskou-sobestacnost-madarska\/\"\n                                                               title=\"Viktor Orb\u00e1n zakotvil do \u00fastavy z\u00e1kaz prodeje zem\u011bd\u011blsk\u00e9 p\u016fdy cizinc\u016fm a v\u00fdrazn\u011b podpo\u0159il zem\u011bd\u011blskou sob\u011bsta\u010dnost Ma\u010farska\"\n                                                               class=\"penci-lazy penci-image-holder\">\n\t                                                                                                                        <\/a>\n\n                                                    <\/div>\n\t\t\t\t\t\t\t\t\t\t\t\t                                                <div class=\"pcsl-content\">\n\t\t\t\t\t\t\t\t\t\t\t\t\t\n\t\t\t\t\t\t\t\t\t\t\t\t\t                                                        <div class=\"pcsl-title\">\n                                                            <a href=\"https:\/\/gnews.cz\/it\/tema\/viktor-orban-zakotvil-do-ustavy-zakaz-prodeje-zemedelske-pudy-cizincum-a-vyrazne-podporil-zemedelskou-sobestacnost-madarska\/\">Viktor Orb\u00e1n zakotvil do \u00fastavy z\u00e1kaz prodeje zem\u011bd\u011blsk\u00e9 p\u016fdy cizinc\u016fm a v\u00fdrazn\u011b podpo\u0159il zem\u011bd\u011blskou sob\u011bsta\u010dnost Ma\u010farska<\/a>\n                                                        <\/div>\n\t\t\t\t\t\t\t\t\t\t\t\t\t\n\t\t\t\t\t\t\t\t\t\t\t\t\t                                                        <div class=\"grid-post-box-meta pcsl-meta\">\n\t\t\t\t\t\t\t\t\t\t\t\t\t\t\t\t\t\t\t\t\t\t\t\t\t\t\t\t\t\t                                                                <span class=\"sl-date\"><time class=\"entry-date published\" datetime=\"2026-04-08T12:00:00+02:00\">Aprile 8, 2026<\/time><\/span>\n\t\t\t\t\t\t\t\t\t\t\t\t\t\t\t\t\t\t\t\t\t\t\t\t\t\t\t\t\t\t\t\t\t\t\t\t\t\t\t\t\t\t\t\t\t\t\t\t\t\t\t\t\t\t\t\t\t\t\t\t\t\t\t\t\t\t\t\t\t\t\t\t\t\t\t\t\t\t\t\t\t\t\t\t\t\t\t\t\t\t                                                        <\/div>\n\t\t\t\t\t\t\t\t\t\t\t\t\t\n\t\t\t\t\t\t\t\t\t\t\t\t\t\t\t\t\t\t\t\t\t\t\t\t\t\t\n                                                <\/div>\n\n\t\t\t\t\t\t\t\t\t\t\t\t                                            <\/div>\n                                        <\/div>\n                                    <\/div>\n                                \t\t\t\t\t\t\t\t\t\t\t\t\t\t\t\t                        <\/div>\n\n\t\t\t\t\t\t\n                    <\/div>\n\t\t\t\t\t            <\/div>\n        <\/div>\n\t\t\t\t\t\t<\/div>\n\t\t\t\t<\/div>\n\t\t\t\t<div class=\"elementor-element elementor-element-03ae90b elementor-widget elementor-widget-shortcode\" data-id=\"03ae90b\" data-element_type=\"widget\" data-e-type=\"widget\" data-widget_type=\"shortcode.default\">\n\t\t\t\t<div class=\"elementor-widget-container\">\n\t\t\t\t\t\t\t<div class=\"elementor-shortcode\"><div id=\"metaslider-id-14987\" style=\"width: 100%;\" class=\"ml-slider-3-108-0 metaslider metaslider-flex metaslider-14987 ml-slider ms-theme-default nav-hidden\" role=\"region\" aria-label=\"New Slideshow\" data-height=\"896\" data-width=\"1000\">\n    <div id=\"metaslider_container_14987\">\n        <div id=\"metaslider_14987\">\n            <ul class='slides'>\n                <li style=\"display: block; width: 100%;\" class=\"slide-34118 ms-image \" aria-roledescription=\"slide\" data-date=\"2025-10-02 15:02:44\" data-filename=\"roz-39a3bf.webp\" data-slide-type=\"image\"><a href=\"https:\/\/www.gnews.cz\/cs_cz\/tema\/miroslav-sevcik-levna-energie-a-svoboda-slova-jsou-klicem-k-budoucnosti-ceska\/\" target=\"_self\" aria-label=\"Visualizza i dettagli della diapositiva\" class=\"metaslider_image_link\"><img fetchpriority=\"high\" decoding=\"async\" src=\"https:\/\/gnews.cz\/wp-content\/uploads\/2025\/10\/roz-39a3bf.webp\" height=\"896\" width=\"1000\" alt=\"\" class=\"slider-14987 slide-34118 msDefaultImage\" title=\"roz-39a3bf\" \/><\/a><\/li>\n                <li style=\"display: none; width: 100%;\" class=\"slide-14989 ms-image \" aria-roledescription=\"slide\" data-date=\"2024-10-21 14:05:40\" data-filename=\"ingoldpay-607f70.webp\" data-slide-type=\"image\"><a href=\"https:\/\/www.gnews.cz\/cs_cz\/tema\/zlata-digitalni-revoluce-robert-vlasek-predstavuje-budoucnost-investovani-do-zlata\/\" target=\"_self\" aria-label=\"Visualizza i dettagli della diapositiva\" class=\"metaslider_image_link\"><img decoding=\"async\" src=\"https:\/\/gnews.cz\/wp-content\/uploads\/2024\/10\/ingoldpay-607f70.webp\" height=\"896\" width=\"1000\" alt=\"Firegold ve spolupr\u00e1ci s IBIS InGold vytv\u00e1\u0159\u00ed InGoldPay, platebn\u00ed syst\u00e9m kryt\u00fd zlat\u00fdmi slitky \u0161v\u00fdcarsk\u00e9 PAMP, kter\u00fd obnovuje zlat\u00fd standard v platebn\u00edm styku.\" class=\"slider-14987 slide-14989 msDefaultImage\" title=\"ingoldpay-607f70\" \/><\/a><\/li>\n                <li style=\"display: none; width: 100%;\" class=\"slide-14988 ms-image \" aria-roledescription=\"slide\" data-date=\"2024-10-21 14:05:40\" data-filename=\"divadlo-ungelt-ae0720.webp\" data-slide-type=\"image\"><a href=\"https:\/\/www.gnews.cz\/cs_cz\/kultura\/divadlo-ungelt-oblibena-letni-scena-se-hvezdnym-obsazenim-skorapka\/\" target=\"_self\" aria-label=\"Visualizza i dettagli della diapositiva\" class=\"metaslider_image_link\"><img decoding=\"async\" src=\"https:\/\/gnews.cz\/wp-content\/uploads\/2024\/10\/divadlo-ungelt-ae0720.webp\" height=\"896\" width=\"1000\" alt=\"Divadlo Ungelt je komorn\u00ed pra\u017esk\u00e9 divadlo zam\u011b\u0159en\u00e9 na kvalitn\u00ed \u010dinohru s d\u016frazem na hereck\u00e9 v\u00fdkony, nach\u00e1zej\u00edc\u00ed se v historick\u00e9m centru Prahy.\" class=\"slider-14987 slide-14988 msDefaultImage\" title=\"divadlo-ungelt-ae0720\" \/><\/a><\/li>\n            <\/ul>\n        <\/div>\n        \n    <\/div>\n<\/div><\/div>\n\t\t\t\t\t\t<\/div>\n\t\t\t\t<\/div>\n\t\t\t\t\t<\/div>\n\t\t<\/div>\n\t\t\t\t\t<\/div>\n\t\t<\/section>\n\t\t<div class=\"elementor-element elementor-element-1207396 e-flex e-con-boxed e-con e-parent\" data-id=\"1207396\" data-element_type=\"container\" data-e-type=\"container\">\n\t\t\t\t\t<div class=\"e-con-inner\">\n\t\t<div class=\"elementor-element elementor-element-cbabaf1 e-con-full e-flex e-con e-child\" data-id=\"cbabaf1\" data-element_type=\"container\" data-e-type=\"container\">\n\t\t\t\t<div class=\"elementor-element elementor-element-c07d801 elementor-widget elementor-widget-penci-block-heading\" data-id=\"c07d801\" data-element_type=\"widget\" data-e-type=\"widget\" data-widget_type=\"penci-block-heading.default\">\n\t\t\t\t<div class=\"elementor-widget-container\">\n\t\t\t\t\t\t\t<div class=\"penciel-bheading penci-border-arrow penci-homepage-title penci-home-latest-posts style-4 pcalign-center pciconp-right pcicon-right block-title-icon-left\">\n\t\t\t<h3 class=\"inner-arrow\">\n\t\t\t\t<span>\n\t\t\t\t<a href=\"https:\/\/www.gnews.cz\/cs_cz\/prectete-si\/zakulisi-temneho-giganta-palantir-jak-se-zrodil-digitalni-velky-bratr-a-proc-nas-ma-vsechny-v-hrsti\/\"><i class=\"fas fa-star\"><\/i>Palantir \u2013 jak se zrodil digit\u00e1ln\u00ed Velk\u00fd bratr a pro\u010d n\u00e1s m\u00e1 v\u0161echny v hrsti<\/a>\t\t\t\t<\/span>\n\t\t\t<\/h3>\n\t\t\t<nav data-more=\"\" class=\"pcnav-lgroup\"><ul class=\"pcflx\"><li><a >2. d\u00edl<\/a><\/li><\/ul><\/nav>\t\t<\/div>\n\t\t\t\t\t\t<\/div>\n\t\t\t\t<\/div>\n\t\t\t\t<div class=\"elementor-element elementor-element-eb4f77e elementor-widget elementor-widget-video\" data-id=\"eb4f77e\" data-element_type=\"widget\" data-e-type=\"widget\" data-settings=\"{&quot;video_type&quot;:&quot;hosted&quot;,&quot;controls&quot;:&quot;yes&quot;}\" data-widget_type=\"video.default\">\n\t\t\t\t<div class=\"elementor-widget-container\">\n\t\t\t\t\t\t\t<div class=\"e-hosted-video elementor-wrapper elementor-open-inline\">\n\t\t\t\t\t<video class=\"elementor-video\" src=\"https:\/\/www.gnews.cz\/wp-content\/uploads\/2025\/09\/Palantir-\u2013-jak-se-zrodil-digitalni-Velky-bratr-a-proc-nas-ma-vsechny-v-hrsti.mp4\" controls=\"\" preload=\"metadata\" controlsList=\"nodownload\"><\/video>\n\t\t\t\t<\/div>\n\t\t\t\t\t\t<\/div>\n\t\t\t\t<\/div>\n\t\t\t\t<\/div>\n\t\t<div class=\"elementor-element elementor-element-1872978 e-con-full e-flex e-con e-child\" data-id=\"1872978\" data-element_type=\"container\" data-e-type=\"container\">\n\t\t\t\t<div class=\"elementor-element elementor-element-6822ba7 elementor-widget elementor-widget-penci-block-heading\" data-id=\"6822ba7\" data-element_type=\"widget\" data-e-type=\"widget\" data-widget_type=\"penci-block-heading.default\">\n\t\t\t\t<div class=\"elementor-widget-container\">\n\t\t\t\t\t\t\t<div class=\"penciel-bheading penci-border-arrow penci-homepage-title penci-home-latest-posts style-4 pcalign-center pciconp-right pcicon-right block-title-icon-left\">\n\t\t\t<h3 class=\"inner-arrow\">\n\t\t\t\t<span>\n\t\t\t\t<a href=\"https:\/\/www.gnews.cz\/cs_cz\/kultura\/nefrit-ve-staroveke-cine-druhy-dil-posvatny-kamen-jako-zrcadlo-civilizace\/\"><i class=\"fas fa-star\"><\/i>Nefrit ve starov\u011bk\u00e9 \u010c\u00edn\u011b \u2013 Posv\u00e1tn\u00fd k\u00e1men a d\u011bdictv\u00ed civilizace | Trailer dvoud\u00edln\u00e9ho dokumentu<\/a>\t\t\t\t<\/span>\n\t\t\t<\/h3>\n\t\t\t<nav data-more=\"\" class=\"pcnav-lgroup\"><ul class=\"pcflx\"><li><a >2. d\u00edl<\/a><\/li><\/ul><\/nav>\t\t<\/div>\n\t\t\t\t\t\t<\/div>\n\t\t\t\t<\/div>\n\t\t\t\t<div class=\"elementor-element elementor-element-94e449d elementor-widget elementor-widget-video\" data-id=\"94e449d\" data-element_type=\"widget\" data-e-type=\"widget\" data-settings=\"{&quot;video_type&quot;:&quot;hosted&quot;,&quot;controls&quot;:&quot;yes&quot;}\" data-widget_type=\"video.default\">\n\t\t\t\t<div class=\"elementor-widget-container\">\n\t\t\t\t\t\t\t<div class=\"e-hosted-video elementor-wrapper elementor-open-inline\">\n\t\t\t\t\t<video class=\"elementor-video\" src=\"https:\/\/www.gnews.cz\/wp-content\/uploads\/2025\/06\/ancient-jade-trailer-titulky.mp4\" controls=\"\" preload=\"metadata\" controlsList=\"nodownload\"><\/video>\n\t\t\t\t<\/div>\n\t\t\t\t\t\t<\/div>\n\t\t\t\t<\/div>\n\t\t\t\t<\/div>\n\t\t\t\t\t<\/div>\n\t\t\t\t<\/div>\n\t\t<div class=\"elementor-element elementor-element-6d7bbc0 e-con-full e-flex e-con e-parent\" data-id=\"6d7bbc0\" data-element_type=\"container\" data-e-type=\"container\">\n\t\t\t\t<div class=\"elementor-element elementor-element-c187d75 elementor-widget elementor-widget-penci-block-heading\" data-id=\"c187d75\" data-element_type=\"widget\" data-e-type=\"widget\" data-widget_type=\"penci-block-heading.default\">\n\t\t\t\t<div class=\"elementor-widget-container\">\n\t\t\t\t\t\t\t<div class=\"penciel-bheading penci-border-arrow penci-homepage-title penci-home-latest-posts style-6 pcalign-left pciconp-right pcicon-right block-title-icon-left\">\n\t\t\t<h3 class=\"inner-arrow\">\n\t\t\t\t<span>\n\t\t\t\t<a href=\"https:\/\/www.gnews.cz\/category\/neprehlednete\">Nep\u0159ehl\u00e9dn\u011bte<\/a>\t\t\t\t<\/span>\n\t\t\t<\/h3>\n\t\t\t\t\t<\/div>\n\t\t\t\t\t\t<\/div>\n\t\t\t\t<\/div>\n\t\t\t\t<div class=\"elementor-element elementor-element-f29e8f4 elementor-widget elementor-widget-penci-big-grid\" data-id=\"f29e8f4\" data-element_type=\"widget\" data-e-type=\"widget\" data-settings=\"{&quot;_animation&quot;:&quot;none&quot;}\" data-widget_type=\"penci-big-grid.default\">\n\t\t\t\t<div class=\"elementor-widget-container\">\n\t\t\t\t\t        <div class=\"penci-clearfix penci-biggrid-wrapper penci-grid-col-4 penci-grid-tcol-3 penci-grid-mcol-2 penci-bgrid-based-post penci-bgrid-style-1 pcbg-ficonpo-top-right pcbg-reiconpo-top-left penci-bgrid-content-on pencibg-imageh-zoom-in pencibg-texth-none pencibg-textani-fade pcbg-titles-visible pcbg-mask-title notextop\">\n\t\t\t            <div class=\"penci-clearfix penci-biggrid penci-bgstyle-1 penci-bgel\">\n                <div class=\"penci-biggrid-inner default\">\n\t\t\t\t\t<div class=\"penci-clearfix penci-biggrid-data penci-dflex\"><div class=\"penci-bgitem\">\n    <div class=\"penci-bgitin\">\n        <div class=\"penci-bgmain\">\n            <div class=\"pcbg-thumb\">\n\t\t\t\t\t\t\t\t                <div class=\"pcbg-thumbin\">\n                    <a class=\"pcbg-bgoverlay\"\n                       href=\"https:\/\/gnews.cz\/it\/neprehlednete\/kenan-sawe-prepsal-dejiny-jako-prvni-clovek-zabehl-maraton-pod-dve-hodiny-v-zavode\/\" title=\"Ke\u0148an Sawe p\u0159epsal d\u011bjiny, jako prvn\u00ed \u010dlov\u011bk zab\u011bhl maraton pod dv\u011b hodiny v z\u00e1vod\u011b\"><\/a>\n\n                        <div  data-bgset=\"https:\/\/gnews.cz\/wp-content\/uploads\/2026\/04\/4eb52dec24fa4e44910c35e42b6c59a2-e1777219742858-585x349.webp\" data_bg_hidpi=\"https:\/\/gnews.cz\/wp-content\/uploads\/2026\/04\/4eb52dec24fa4e44910c35e42b6c59a2-e1777219742858-585x349.webp\" class=\"penci-lazy penci-image-holder\">\n                                                    <\/div>\n\n                <\/div>\n            <\/div>\n            <div class=\"pcbg-content\">\n                <div class=\"pcbg-content-flex\">\n                    <a class=\"pcbg-bgoverlay active-overlay\"\n                       href=\"https:\/\/gnews.cz\/it\/neprehlednete\/kenan-sawe-prepsal-dejiny-jako-prvni-clovek-zabehl-maraton-pod-dve-hodiny-v-zavode\/\" title=\"Ke\u0148an Sawe p\u0159epsal d\u011bjiny, jako prvn\u00ed \u010dlov\u011bk zab\u011bhl maraton pod dv\u011b hodiny v z\u00e1vod\u011b\"><\/a>\n                    <div class=\"pcbg-content-inner bgcontent-block\">\n                        <a href=\"https:\/\/gnews.cz\/it\/neprehlednete\/kenan-sawe-prepsal-dejiny-jako-prvni-clovek-zabehl-maraton-pod-dve-hodiny-v-zavode\/\" title=\"Ke\u0148an Sawe p\u0159epsal d\u011bjiny, jako prvn\u00ed \u010dlov\u011bk zab\u011bhl maraton pod dv\u011b hodiny v z\u00e1vod\u011b\"\n                           class=\"pcbg-bgoverlaytext item-hover\"><\/a>\n\n\t\t\t\t\t\t\n\t\t\t\t\t\t                            <div class=\"pcbg-heading item-hover\">\n                                <h3 class=\"pcbg-title\">\n                                    <a href=\"https:\/\/gnews.cz\/it\/neprehlednete\/kenan-sawe-prepsal-dejiny-jako-prvni-clovek-zabehl-maraton-pod-dve-hodiny-v-zavode\/\">\n\t\t\t\t\t\t\t\t\t\tKe\u0148an Sawe p\u0159epsal d\u011bjiny, jako prvn\u00ed \u010dlov\u011bk zab\u011bhl maraton pod dv\u011b hodiny v z\u00e1vod\u011b                                    <\/a>\n                                <\/h3>\n                            <\/div>\n\t\t\t\t\t\t\n\t\t\t\t\t\t\n\t\t\t\t\t\t                    <\/div>\n                <\/div>\n            <\/div>\n        <\/div>\n    <\/div>\n<\/div>\n<div class=\"penci-bgitem\">\n    <div class=\"penci-bgitin\">\n        <div class=\"penci-bgmain\">\n            <div class=\"pcbg-thumb\">\n\t\t\t\t\t\t\t\t                <div class=\"pcbg-thumbin\">\n                    <a class=\"pcbg-bgoverlay\"\n                       href=\"https:\/\/gnews.cz\/it\/neprehlednete\/strelba-na-veceri-novinaru-trump-evakuovan-ze-salu-agent-secret-service-zachranen-neprustrelnou-vestou\/\" title=\"St\u0159elba na ve\u010de\u0159i novin\u00e1\u0159\u016f: Trump evakuov\u00e1n ze s\u00e1lu, agent Secret Service zachr\u00e1n\u011bn nepr\u016fst\u0159elnou vestou\"><\/a>\n\n                        <div  data-bgset=\"https:\/\/gnews.cz\/wp-content\/uploads\/2025\/10\/P20250929JB-0525-585x390.webp\" data_bg_hidpi=\"https:\/\/gnews.cz\/wp-content\/uploads\/2025\/10\/P20250929JB-0525-585x390.webp\" class=\"penci-lazy penci-image-holder\">\n                                                    <\/div>\n\n                <\/div>\n            <\/div>\n            <div class=\"pcbg-content\">\n                <div class=\"pcbg-content-flex\">\n                    <a class=\"pcbg-bgoverlay active-overlay\"\n                       href=\"https:\/\/gnews.cz\/it\/neprehlednete\/strelba-na-veceri-novinaru-trump-evakuovan-ze-salu-agent-secret-service-zachranen-neprustrelnou-vestou\/\" title=\"St\u0159elba na ve\u010de\u0159i novin\u00e1\u0159\u016f: Trump evakuov\u00e1n ze s\u00e1lu, agent Secret Service zachr\u00e1n\u011bn nepr\u016fst\u0159elnou vestou\"><\/a>\n                    <div class=\"pcbg-content-inner bgcontent-block\">\n                        <a href=\"https:\/\/gnews.cz\/it\/neprehlednete\/strelba-na-veceri-novinaru-trump-evakuovan-ze-salu-agent-secret-service-zachranen-neprustrelnou-vestou\/\" title=\"St\u0159elba na ve\u010de\u0159i novin\u00e1\u0159\u016f: Trump evakuov\u00e1n ze s\u00e1lu, agent Secret Service zachr\u00e1n\u011bn nepr\u016fst\u0159elnou vestou\"\n                           class=\"pcbg-bgoverlaytext item-hover\"><\/a>\n\n\t\t\t\t\t\t\n\t\t\t\t\t\t                            <div class=\"pcbg-heading item-hover\">\n                                <h3 class=\"pcbg-title\">\n                                    <a href=\"https:\/\/gnews.cz\/it\/neprehlednete\/strelba-na-veceri-novinaru-trump-evakuovan-ze-salu-agent-secret-service-zachranen-neprustrelnou-vestou\/\">\n\t\t\t\t\t\t\t\t\t\tSt\u0159elba na ve\u010de\u0159i novin\u00e1\u0159\u016f: Trump evakuov\u00e1n ze s\u00e1lu, agent Secret Service zachr\u00e1n\u011bn nepr\u016fst\u0159elnou vestou                                    <\/a>\n                                <\/h3>\n                            <\/div>\n\t\t\t\t\t\t\n\t\t\t\t\t\t\n\t\t\t\t\t\t                    <\/div>\n                <\/div>\n            <\/div>\n        <\/div>\n    <\/div>\n<\/div>\n<div class=\"penci-bgitem\">\n    <div class=\"penci-bgitin\">\n        <div class=\"penci-bgmain\">\n            <div class=\"pcbg-thumb\">\n\t\t\t\t\t\t\t\t                <div class=\"pcbg-thumbin\">\n                    <a class=\"pcbg-bgoverlay\"\n                       href=\"https:\/\/gnews.cz\/it\/neprehlednete\/cina-ostre-reaguje-na-nove-sankce-eu-brani-sve-firmy-a-varuje-pred-dopady-na-vztahy\/\" title=\"\u010c\u00edna ost\u0159e reaguje na nov\u00e9 sankce EU: br\u00e1n\u00ed sv\u00e9 firmy a varuje p\u0159ed dopady na vztahy\"><\/a>\n\n                        <div  data-bgset=\"https:\/\/gnews.cz\/wp-content\/uploads\/2026\/04\/1777120403028_910-585x329.webp\" data_bg_hidpi=\"https:\/\/gnews.cz\/wp-content\/uploads\/2026\/04\/1777120403028_910-585x329.webp\" class=\"penci-lazy penci-image-holder\">\n                                                    <\/div>\n\n                <\/div>\n            <\/div>\n            <div class=\"pcbg-content\">\n                <div class=\"pcbg-content-flex\">\n                    <a class=\"pcbg-bgoverlay active-overlay\"\n                       href=\"https:\/\/gnews.cz\/it\/neprehlednete\/cina-ostre-reaguje-na-nove-sankce-eu-brani-sve-firmy-a-varuje-pred-dopady-na-vztahy\/\" title=\"\u010c\u00edna ost\u0159e reaguje na nov\u00e9 sankce EU: br\u00e1n\u00ed sv\u00e9 firmy a varuje p\u0159ed dopady na vztahy\"><\/a>\n                    <div class=\"pcbg-content-inner bgcontent-block\">\n                        <a href=\"https:\/\/gnews.cz\/it\/neprehlednete\/cina-ostre-reaguje-na-nove-sankce-eu-brani-sve-firmy-a-varuje-pred-dopady-na-vztahy\/\" title=\"\u010c\u00edna ost\u0159e reaguje na nov\u00e9 sankce EU: br\u00e1n\u00ed sv\u00e9 firmy a varuje p\u0159ed dopady na vztahy\"\n                           class=\"pcbg-bgoverlaytext item-hover\"><\/a>\n\n\t\t\t\t\t\t\n\t\t\t\t\t\t                            <div class=\"pcbg-heading item-hover\">\n                                <h3 class=\"pcbg-title\">\n                                    <a href=\"https:\/\/gnews.cz\/it\/neprehlednete\/cina-ostre-reaguje-na-nove-sankce-eu-brani-sve-firmy-a-varuje-pred-dopady-na-vztahy\/\">\n\t\t\t\t\t\t\t\t\t\t\u010c\u00edna ost\u0159e reaguje na nov\u00e9 sankce EU: br\u00e1n\u00ed sv\u00e9 firmy a varuje p\u0159ed dopady na vztahy                                    <\/a>\n                                <\/h3>\n                            <\/div>\n\t\t\t\t\t\t\n\t\t\t\t\t\t\n\t\t\t\t\t\t                    <\/div>\n                <\/div>\n            <\/div>\n        <\/div>\n    <\/div>\n<\/div>\n<div class=\"penci-bgitem\">\n    <div class=\"penci-bgitin\">\n        <div class=\"penci-bgmain\">\n            <div class=\"pcbg-thumb\">\n\t\t\t\t\t\t\t\t                <div class=\"pcbg-thumbin\">\n                    <a class=\"pcbg-bgoverlay\"\n                       href=\"https:\/\/gnews.cz\/it\/tema\/herbar-mata-peprna\/\" title=\"Herb\u00e1\u0159: M\u00e1ta peprn\u00e1 \u2013 pom\u016f\u017ee p\u0159i poruch\u00e1ch tr\u00e1ven\u00ed  i ko\u017en\u00edch probl\u00e9mech\"><\/a>\n\n                        <div  data-bgset=\"https:\/\/gnews.cz\/wp-content\/uploads\/2026\/04\/Screenshot_20260425_131038-585x377.webp\" data_bg_hidpi=\"https:\/\/gnews.cz\/wp-content\/uploads\/2026\/04\/Screenshot_20260425_131038-585x377.webp\" class=\"penci-lazy penci-image-holder\">\n                                                    <\/div>\n\n                <\/div>\n            <\/div>\n            <div class=\"pcbg-content\">\n                <div class=\"pcbg-content-flex\">\n                    <a class=\"pcbg-bgoverlay active-overlay\"\n                       href=\"https:\/\/gnews.cz\/it\/tema\/herbar-mata-peprna\/\" title=\"Herb\u00e1\u0159: M\u00e1ta peprn\u00e1 \u2013 pom\u016f\u017ee p\u0159i poruch\u00e1ch tr\u00e1ven\u00ed  i ko\u017en\u00edch probl\u00e9mech\"><\/a>\n                    <div class=\"pcbg-content-inner bgcontent-block\">\n                        <a href=\"https:\/\/gnews.cz\/it\/tema\/herbar-mata-peprna\/\" title=\"Herb\u00e1\u0159: M\u00e1ta peprn\u00e1 \u2013 pom\u016f\u017ee p\u0159i poruch\u00e1ch tr\u00e1ven\u00ed  i ko\u017en\u00edch probl\u00e9mech\"\n                           class=\"pcbg-bgoverlaytext item-hover\"><\/a>\n\n\t\t\t\t\t\t\n\t\t\t\t\t\t                            <div class=\"pcbg-heading item-hover\">\n                                <h3 class=\"pcbg-title\">\n                                    <a href=\"https:\/\/gnews.cz\/it\/tema\/herbar-mata-peprna\/\">\n\t\t\t\t\t\t\t\t\t\tHerb\u00e1\u0159: M\u00e1ta peprn\u00e1 \u2013 pom\u016f\u017ee p\u0159i poruch\u00e1ch tr\u00e1ven\u00ed  i ko\u017en\u00edch probl\u00e9mech                                    <\/a>\n                                <\/h3>\n                            <\/div>\n\t\t\t\t\t\t\n\t\t\t\t\t\t\n\t\t\t\t\t\t                    <\/div>\n                <\/div>\n            <\/div>\n        <\/div>\n    <\/div>\n<\/div>\n<\/div>                <\/div>\n\t\t\t\t            <\/div>\n        <\/div>\n\t\t\t\t\t\t<\/div>\n\t\t\t\t<\/div>\n\t\t\t\t<\/div>\n\t\t\t\t<section class=\"penci-section penci-disSticky penci-structure-10 elementor-section elementor-top-section elementor-element elementor-element-9363912 elementor-section-boxed elementor-section-height-default elementor-section-height-default\" data-id=\"9363912\" data-element_type=\"section\" data-e-type=\"section\">\n\t\t\t\t\t\t<div class=\"elementor-container elementor-column-gap-no\">\n\t\t\t\t\t<div class=\"penci-ercol-100 penci-ercol-order-1 penci-sticky-ct  penci-dmcheck penci-elbg-activate  elementor-column elementor-col-100 elementor-top-column elementor-element elementor-element-b8228c1\" data-id=\"b8228c1\" data-element_type=\"column\" data-e-type=\"column\" data-settings=\"{&quot;background_background&quot;:&quot;classic&quot;}\">\n\t\t\t<div class=\"elementor-widget-wrap elementor-element-populated\">\n\t\t\t\t<div class=\"elementor-element elementor-element-24f6d4c e-con-full e-grid e-con e-parent\" data-id=\"24f6d4c\" data-element_type=\"container\" data-e-type=\"container\">\n\t\t<div class=\"elementor-element elementor-element-0dcc2c8 e-con-full e-flex e-con e-child\" data-id=\"0dcc2c8\" data-element_type=\"container\" data-e-type=\"container\">\n\t\t\t\t<div class=\"elementor-element elementor-element-39700e2 elementor-widget elementor-widget-penci-block-heading\" data-id=\"39700e2\" data-element_type=\"widget\" data-e-type=\"widget\" data-widget_type=\"penci-block-heading.default\">\n\t\t\t\t<div class=\"elementor-widget-container\">\n\t\t\t\t\t\t\t<div class=\"penciel-bheading penci-border-arrow penci-homepage-title penci-home-latest-posts style-6 pcalign-left pciconp-right pcicon-right block-title-icon-left\">\n\t\t\t<h3 class=\"inner-arrow\">\n\t\t\t\t<span>\n\t\t\t\t<a href=\"https:\/\/www.gnews.cz\/category\/ekonomika\">Ekonomika<\/a>\t\t\t\t<\/span>\n\t\t\t<\/h3>\n\t\t\t\t\t<\/div>\n\t\t\t\t\t\t<\/div>\n\t\t\t\t<\/div>\n\t\t\t\t<div class=\"elementor-element elementor-element-ab65f33 elementor-widget elementor-widget-penci-big-grid\" data-id=\"ab65f33\" data-element_type=\"widget\" data-e-type=\"widget\" data-widget_type=\"penci-big-grid.default\">\n\t\t\t\t<div class=\"elementor-widget-container\">\n\t\t\t\t\t        <div class=\"penci-clearfix penci-biggrid-wrapper penci-grid-col-1 penci-grid-mcol-1 penci-bgrid-based-post penci-bgrid-style-1 pcbg-ficonpo-top-right pcbg-reiconpo-top-left penci-bgrid-content-below pencibg-imageh-zoom-in pencibg-texth-none pencibg-textani-movetop textop\">\n\t\t\t            <div class=\"penci-clearfix penci-biggrid penci-bgstyle-1 penci-bgel\">\n                <div class=\"penci-biggrid-inner default\">\n\t\t\t\t\t<div class=\"penci-clearfix penci-biggrid-data penci-dflex\"><div class=\"penci-bgitem\">\n    <div class=\"penci-bgitin\">\n        <div class=\"penci-bgmain\">\n            <div class=\"pcbg-thumb\">\n\t\t\t\t\t\t\t\t                <div class=\"pcbg-thumbin\">\n                    <a class=\"pcbg-bgoverlay\"\n                       href=\"https:\/\/gnews.cz\/it\/neprehlednete\/cesko-znovu-nesplni-zavazek-nato-vydaje-na-obranu-zustavaji-pod-dvema-procenty-hdp\/\" title=\"\u010cesko znovu nespln\u00ed z\u00e1vazek NATO. V\u00fddaje na obranu z\u016fst\u00e1vaj\u00ed pod dv\u011bma procenty HDP\"><\/a>\n\n                        <div  data-bgset=\"https:\/\/gnews.cz\/wp-content\/uploads\/2026\/03\/foto175231_mid.webp\" data_bg_hidpi=\"https:\/\/gnews.cz\/wp-content\/uploads\/2026\/03\/foto175231_mid.webp\" class=\"penci-lazy penci-image-holder\">\n                                                    <\/div>\n\n                <\/div>\n            <\/div>\n            <div class=\"pcbg-content\">\n                <div class=\"pcbg-content-flex\">\n                    <a class=\"pcbg-bgoverlay\"\n                       href=\"https:\/\/gnews.cz\/it\/neprehlednete\/cesko-znovu-nesplni-zavazek-nato-vydaje-na-obranu-zustavaji-pod-dvema-procenty-hdp\/\" title=\"\u010cesko znovu nespln\u00ed z\u00e1vazek NATO. V\u00fddaje na obranu z\u016fst\u00e1vaj\u00ed pod dv\u011bma procenty HDP\"><\/a>\n                    <div class=\"pcbg-content-inner bgcontent-block\">\n                        <a href=\"https:\/\/gnews.cz\/it\/neprehlednete\/cesko-znovu-nesplni-zavazek-nato-vydaje-na-obranu-zustavaji-pod-dvema-procenty-hdp\/\" title=\"\u010cesko znovu nespln\u00ed z\u00e1vazek NATO. V\u00fddaje na obranu z\u016fst\u00e1vaj\u00ed pod dv\u011bma procenty HDP\"\n                           class=\"pcbg-bgoverlaytext item-hover\"><\/a>\n\n\t\t\t\t\t\t                            <div class=\"pcbg-above item-hover\">\n\t\t\t\t\t\t\t<span class=\"cat pcbg-sub-title\">\n\t\t\t\t\t\t\t\t<a style=\"\" class=\"penci-cat-name penci-cat-2968\" href=\"https:\/\/gnews.cz\/it\/category\/domaci\/\"  rel=\"category tag\"><span style=\"\">Dom\u00e1c\u00ed<\/span><\/a><a style=\"\" class=\"penci-cat-name penci-cat-4\" href=\"https:\/\/gnews.cz\/it\/category\/ekonomika\/\"  rel=\"category tag\"><span style=\"\">Ekonomika<\/span><\/a><a style=\"\" class=\"penci-cat-name penci-cat-3\" href=\"https:\/\/gnews.cz\/it\/category\/neprehlednete\/\"  rel=\"category tag\"><span style=\"\">Nep\u0159ehl\u00e9dn\u011bte<\/span><\/a>\t\t\t\t\t\t\t<\/span>\n                            <\/div>\n\t\t\t\t\t\t\n\t\t\t\t\t\t                            <div class=\"pcbg-heading item-hover\">\n                                <h3 class=\"pcbg-title\">\n                                    <a href=\"https:\/\/gnews.cz\/it\/neprehlednete\/cesko-znovu-nesplni-zavazek-nato-vydaje-na-obranu-zustavaji-pod-dvema-procenty-hdp\/\">\n\t\t\t\t\t\t\t\t\t\t\u010cesko znovu nespln\u00ed z\u00e1vazek NATO. V\u00fddaje na obranu z\u016fst\u00e1vaj\u00ed pod dv\u011bma procenty HDP                                    <\/a>\n                                <\/h3>\n                            <\/div>\n\t\t\t\t\t\t\n\t\t\t\t\t\t                            <div class=\"grid-post-box-meta pcbg-meta item-hover\">\n                                <div class=\"pcbg-meta-desc\">\n\t\t\t\t\t\t\t\t\t\t\t\t\t\t\t\t\t\t                                        <span class=\"bg-date\"><time class=\"entry-date published\" datetime=\"2026-04-26T16:00:00+02:00\">Aprile 26, 2026<\/time><\/span>\n\t\t\t\t\t\t\t\t\t\t\t\t\t\t\t\t\t\t\t\t\t\t\t\t\t\t\t\t\t\t\t\t\t\t\t\t\t\t\t\t\t\t\t\t\t\t\t\t\t\t\t\t\t\t                                <\/div>\n\t\t\t\t\t\t\t\t                            <\/div>\n\t\t\t\t\t\t\n\t\t\t\t\t\t                    <\/div>\n                <\/div>\n            <\/div>\n        <\/div>\n    <\/div>\n<\/div>\n<\/div>                <\/div>\n\t\t\t\t            <\/div>\n        <\/div>\n\t\t\t\t\t\t<\/div>\n\t\t\t\t<\/div>\n\t\t\t\t<div class=\"elementor-element elementor-element-c022eca elementor-widget elementor-widget-penci-small-list\" data-id=\"c022eca\" data-element_type=\"widget\" data-e-type=\"widget\" data-widget_type=\"penci-small-list.default\">\n\t\t\t\t<div class=\"elementor-widget-container\">\n\t\t\t\t\t<script>if( typeof(penciBlock) === \"undefined\" ) {function penciBlock() { this.atts_json = ''; this.content = ''; }}var penciBlocksArray = penciBlocksArray || [];var PENCILOCALCACHE = PENCILOCALCACHE || {};var pcblock_9291 = new penciBlock();pcblock_9291.blockID=\"pcblock_9291\";pcblock_9291.atts_json = '{\"type\":\"grid\",\"dformat\":\"\",\"date_pos\":\"left\",\"column\":\"1\",\"tab_column\":\"1\",\"mb_column\":\"1\",\"imgpos\":\"left\",\"thumb_size\":\"\",\"mthumb_size\":\"\",\"post_meta\":[\"title\",\"date\"],\"primary_cat\":\"\",\"title_length\":\"\",\"excerpt_pos\":\"below\",\"rmstyle\":\"filled\",\"excerpt_length\":15,\"nocrop\":\"\",\"hide_cat_mobile\":\"\",\"hide_meta_mobile\":\"\",\"hide_excerpt_mobile\":\"\",\"hide_rm_mobile\":\"\",\"imgtop_mobile\":\"\",\"ver_border\":\"\",\"hide_thumb\":\"yes\",\"show_reviewpie\":\"\",\"show_formaticon\":\"\",\"disable_lazy\":\"\",\"show_excerpt\":\"\",\"show_readmore\":\"\",\"query\":{\"orderby\":\"date\",\"order\":\"desc\",\"ignore_sticky_posts\":1,\"post_status\":\"publish\",\"post__not_in\":[],\"post_type\":\"post\",\"posts_per_page\":9,\"tax_query\":[{\"taxonomy\":\"category\",\"field\":\"term_id\",\"terms\":[\"4\"]}],\"offset\":1},\"category_ids\":\"\",\"taxonomy\":\"\"}';penciBlocksArray.push(pcblock_9291);<\/script>        <div class=\"penci-wrapper-smalllist\">\n\t\t\t\t\t\t            <div class=\"penci-smalllist-wrapper\">\n\t\t\t\t                    <div class=\"penci-smalllist pcsl-wrapper pwsl-id-default\">\n                        <div class=\"pcsl-inner penci-clearfix pcsl-grid pcsl-imgpos-left pcsl-col-1 pcsl-tabcol-1 pcsl-mobcol-1\">\n\t\t\t\t\t\t\t\t\t\t\t\t\t\t\t\t\t\t\t\t\t\t\t\t                                    <div class=\"pcsl-item pcsl-nothumb\">\n                                        <div class=\"pcsl-itemin\">\n                                            <div class=\"pcsl-iteminer\">\n\t\t\t\t\t\t\t\t\t\t\t\t\n\t\t\t\t\t\t\t\t\t\t\t\t                                                <div class=\"pcsl-content\">\n\t\t\t\t\t\t\t\t\t\t\t\t\t\n\t\t\t\t\t\t\t\t\t\t\t\t\t                                                        <div class=\"pcsl-title\">\n                                                            <a href=\"https:\/\/gnews.cz\/it\/neprehlednete\/humanoidni-roboti-miri-do-tovaren-a-zacinaji-nahrazovat-lidskou-praci\/\">Humanoidn\u00ed roboti m\u00ed\u0159\u00ed do tov\u00e1ren a za\u010d\u00ednaj\u00ed nahrazovat lidskou pr\u00e1ci<\/a>\n                                                        <\/div>\n\t\t\t\t\t\t\t\t\t\t\t\t\t\n\t\t\t\t\t\t\t\t\t\t\t\t\t                                                        <div class=\"grid-post-box-meta pcsl-meta\">\n\t\t\t\t\t\t\t\t\t\t\t\t\t\t\t\t\t\t\t\t\t\t\t\t\t\t\t\t\t\t                                                                <span class=\"sl-date\"><time class=\"entry-date published\" datetime=\"2026-04-25T20:00:00+02:00\">Aprile 25, 2026<\/time><\/span>\n\t\t\t\t\t\t\t\t\t\t\t\t\t\t\t\t\t\t\t\t\t\t\t\t\t\t\t\t\t\t\t\t\t\t\t\t\t\t\t\t\t\t\t\t\t\t\t\t\t\t\t\t\t\t\t\t\t\t\t\t\t\t\t\t\t\t\t\t\t\t\t\t\t\t\t\t\t\t\t\t\t\t\t\t\t\t\t\t\t\t                                                        <\/div>\n\t\t\t\t\t\t\t\t\t\t\t\t\t\n\t\t\t\t\t\t\t\t\t\t\t\t\t\t\t\t\t\t\t\t\t\t\t\t\t\t\n                                                <\/div>\n\n\t\t\t\t\t\t\t\t\t\t\t\t                                            <\/div>\n                                        <\/div>\n                                    <\/div>\n                                \t\t\t\t\t\t\t\t\t\t\t\t\t\t\t\t\t                                    <div class=\"pcsl-item pcsl-nothumb\">\n                                        <div class=\"pcsl-itemin\">\n                                            <div class=\"pcsl-iteminer\">\n\t\t\t\t\t\t\t\t\t\t\t\t\n\t\t\t\t\t\t\t\t\t\t\t\t                                                <div class=\"pcsl-content\">\n\t\t\t\t\t\t\t\t\t\t\t\t\t\n\t\t\t\t\t\t\t\t\t\t\t\t\t                                                        <div class=\"pcsl-title\">\n                                                            <a href=\"https:\/\/gnews.cz\/it\/neprehlednete\/cina-a-kambodza-se-shodly-na-sesti-bodech-spoluprace\/\">\u010c\u00edna a Kambod\u017ea se shodly na \u0161esti bodech spolupr\u00e1ce<\/a>\n                                                        <\/div>\n\t\t\t\t\t\t\t\t\t\t\t\t\t\n\t\t\t\t\t\t\t\t\t\t\t\t\t                                                        <div class=\"grid-post-box-meta pcsl-meta\">\n\t\t\t\t\t\t\t\t\t\t\t\t\t\t\t\t\t\t\t\t\t\t\t\t\t\t\t\t\t\t                                                                <span class=\"sl-date\"><time class=\"entry-date published\" datetime=\"2026-04-25T04:00:00+02:00\">Aprile 25, 2026<\/time><\/span>\n\t\t\t\t\t\t\t\t\t\t\t\t\t\t\t\t\t\t\t\t\t\t\t\t\t\t\t\t\t\t\t\t\t\t\t\t\t\t\t\t\t\t\t\t\t\t\t\t\t\t\t\t\t\t\t\t\t\t\t\t\t\t\t\t\t\t\t\t\t\t\t\t\t\t\t\t\t\t\t\t\t\t\t\t\t\t\t\t\t\t                                                        <\/div>\n\t\t\t\t\t\t\t\t\t\t\t\t\t\n\t\t\t\t\t\t\t\t\t\t\t\t\t\t\t\t\t\t\t\t\t\t\t\t\t\t\n                                                <\/div>\n\n\t\t\t\t\t\t\t\t\t\t\t\t                                            <\/div>\n                                        <\/div>\n                                    <\/div>\n                                \t\t\t\t\t\t\t\t\t\t\t\t\t\t\t\t\t                                    <div class=\"pcsl-item pcsl-nothumb\">\n                                        <div class=\"pcsl-itemin\">\n                                            <div class=\"pcsl-iteminer\">\n\t\t\t\t\t\t\t\t\t\t\t\t\n\t\t\t\t\t\t\t\t\t\t\t\t                                                <div class=\"pcsl-content\">\n\t\t\t\t\t\t\t\t\t\t\t\t\t\n\t\t\t\t\t\t\t\t\t\t\t\t\t                                                        <div class=\"pcsl-title\">\n                                                            <a href=\"https:\/\/gnews.cz\/it\/tema\/jak-ai-meni-vyvoj-softwaru-co-zrychluje-vyrazne-a-kde-zatim-selhava\/\">Jak AI m\u011bn\u00ed v\u00fdvoj softwaru: co zrychluje v\u00fdrazn\u011b a kde zat\u00edm selh\u00e1v\u00e1<\/a>\n                                                        <\/div>\n\t\t\t\t\t\t\t\t\t\t\t\t\t\n\t\t\t\t\t\t\t\t\t\t\t\t\t                                                        <div class=\"grid-post-box-meta pcsl-meta\">\n\t\t\t\t\t\t\t\t\t\t\t\t\t\t\t\t\t\t\t\t\t\t\t\t\t\t\t\t\t\t                                                                <span class=\"sl-date\"><time class=\"entry-date published\" datetime=\"2026-04-24T15:00:00+02:00\">Aprile 24, 2026<\/time><\/span>\n\t\t\t\t\t\t\t\t\t\t\t\t\t\t\t\t\t\t\t\t\t\t\t\t\t\t\t\t\t\t\t\t\t\t\t\t\t\t\t\t\t\t\t\t\t\t\t\t\t\t\t\t\t\t\t\t\t\t\t\t\t\t\t\t\t\t\t\t\t\t\t\t\t\t\t\t\t\t\t\t\t\t\t\t\t\t\t\t\t\t                                                        <\/div>\n\t\t\t\t\t\t\t\t\t\t\t\t\t\n\t\t\t\t\t\t\t\t\t\t\t\t\t\t\t\t\t\t\t\t\t\t\t\t\t\t\n                                                <\/div>\n\n\t\t\t\t\t\t\t\t\t\t\t\t                                            <\/div>\n                                        <\/div>\n                                    <\/div>\n                                \t\t\t\t\t\t\t\t\t\t\t\t\t\t\t\t\t                                    <div class=\"pcsl-item pcsl-nothumb\">\n                                        <div class=\"pcsl-itemin\">\n                                            <div class=\"pcsl-iteminer\">\n\t\t\t\t\t\t\t\t\t\t\t\t\n\t\t\t\t\t\t\t\t\t\t\t\t                                                <div class=\"pcsl-content\">\n\t\t\t\t\t\t\t\t\t\t\t\t\t\n\t\t\t\t\t\t\t\t\t\t\t\t\t                                                        <div class=\"pcsl-title\">\n                                                            <a href=\"https:\/\/gnews.cz\/it\/neprehlednete\/denni-shrnuti-ekonomiky-v-cr-moneta-money-bank-cez-a-rolls-royce-smr-paramount-skydance-a-netflix-inpost-nokia-a-tesla-24-dubna-2026\/\">Denn\u00ed shrnut\u00ed ekonomiky v \u010cR: Moneta Money Bank, \u010cEZ a  Rolls-Royce SMR, Paramount Skydance a Netflix, InPost, Nokia a Tesla (24. dubna 2026)<\/a>\n                                                        <\/div>\n\t\t\t\t\t\t\t\t\t\t\t\t\t\n\t\t\t\t\t\t\t\t\t\t\t\t\t                                                        <div class=\"grid-post-box-meta pcsl-meta\">\n\t\t\t\t\t\t\t\t\t\t\t\t\t\t\t\t\t\t\t\t\t\t\t\t\t\t\t\t\t\t                                                                <span class=\"sl-date\"><time class=\"entry-date published\" datetime=\"2026-04-24T09:00:00+02:00\">Aprile 24, 2026<\/time><\/span>\n\t\t\t\t\t\t\t\t\t\t\t\t\t\t\t\t\t\t\t\t\t\t\t\t\t\t\t\t\t\t\t\t\t\t\t\t\t\t\t\t\t\t\t\t\t\t\t\t\t\t\t\t\t\t\t\t\t\t\t\t\t\t\t\t\t\t\t\t\t\t\t\t\t\t\t\t\t\t\t\t\t\t\t\t\t\t\t\t\t\t                                                        <\/div>\n\t\t\t\t\t\t\t\t\t\t\t\t\t\n\t\t\t\t\t\t\t\t\t\t\t\t\t\t\t\t\t\t\t\t\t\t\t\t\t\t\n                                                <\/div>\n\n\t\t\t\t\t\t\t\t\t\t\t\t                                            <\/div>\n                                        <\/div>\n                                    <\/div>\n                                \t\t\t\t\t\t\t\t\t\t\t\t\t\t\t\t\t                                    <div class=\"pcsl-item pcsl-nothumb\">\n                                        <div class=\"pcsl-itemin\">\n                                            <div class=\"pcsl-iteminer\">\n\t\t\t\t\t\t\t\t\t\t\t\t\n\t\t\t\t\t\t\t\t\t\t\t\t                                                <div class=\"pcsl-content\">\n\t\t\t\t\t\t\t\t\t\t\t\t\t\n\t\t\t\t\t\t\t\t\t\t\t\t\t                                                        <div class=\"pcsl-title\">\n                                                            <a href=\"https:\/\/gnews.cz\/it\/tema\/ropa-dorazila-na-slovensko-co-je-znamo-o-obnoveni-provozu-druzby\/\">Ropa dorazila na Slovensko: co je zn\u00e1mo o obnoven\u00ed provozu Dru\u017eby<\/a>\n                                                        <\/div>\n\t\t\t\t\t\t\t\t\t\t\t\t\t\n\t\t\t\t\t\t\t\t\t\t\t\t\t                                                        <div class=\"grid-post-box-meta pcsl-meta\">\n\t\t\t\t\t\t\t\t\t\t\t\t\t\t\t\t\t\t\t\t\t\t\t\t\t\t\t\t\t\t                                                                <span class=\"sl-date\"><time class=\"entry-date published\" datetime=\"2026-04-23T18:30:00+02:00\">Aprile 23, 2026<\/time><\/span>\n\t\t\t\t\t\t\t\t\t\t\t\t\t\t\t\t\t\t\t\t\t\t\t\t\t\t\t\t\t\t\t\t\t\t\t\t\t\t\t\t\t\t\t\t\t\t\t\t\t\t\t\t\t\t\t\t\t\t\t\t\t\t\t\t\t\t\t\t\t\t\t\t\t\t\t\t\t\t\t\t\t\t\t\t\t\t\t\t\t\t                                                        <\/div>\n\t\t\t\t\t\t\t\t\t\t\t\t\t\n\t\t\t\t\t\t\t\t\t\t\t\t\t\t\t\t\t\t\t\t\t\t\t\t\t\t\n                                                <\/div>\n\n\t\t\t\t\t\t\t\t\t\t\t\t                                            <\/div>\n                                        <\/div>\n                                    <\/div>\n                                \t\t\t\t\t\t\t\t\t\t\t\t\t\t\t\t\t                                    <div class=\"pcsl-item pcsl-nothumb\">\n                                        <div class=\"pcsl-itemin\">\n                                            <div class=\"pcsl-iteminer\">\n\t\t\t\t\t\t\t\t\t\t\t\t\n\t\t\t\t\t\t\t\t\t\t\t\t                                                <div class=\"pcsl-content\">\n\t\t\t\t\t\t\t\t\t\t\t\t\t\n\t\t\t\t\t\t\t\t\t\t\t\t\t                                                        <div class=\"pcsl-title\">\n                                                            <a href=\"https:\/\/gnews.cz\/it\/tema\/denni-shrnuti-ekonomiky-v-cr-dividendy-cez-blue-owl-capital-a-sila-realty-trust-qxo-topbuild-beacon-roofing-supply-kodiak-building-partners-a-nemecka-ekonomika-23-dubna-2026\/\">Denn\u00ed shrnut\u00ed ekonomiky v \u010cR: Dividendy \u010cEZ, Blue Owl Capital a Sila Realty Trust, QXO, TopBuild, Beacon Roofing Supply, Kodiak Building Partners a n\u011bmeck\u00e1 ekonomika (23. dubna 2026)<\/a>\n                                                        <\/div>\n\t\t\t\t\t\t\t\t\t\t\t\t\t\n\t\t\t\t\t\t\t\t\t\t\t\t\t                                                        <div class=\"grid-post-box-meta pcsl-meta\">\n\t\t\t\t\t\t\t\t\t\t\t\t\t\t\t\t\t\t\t\t\t\t\t\t\t\t\t\t\t\t                                                                <span class=\"sl-date\"><time class=\"entry-date published\" datetime=\"2026-04-23T09:00:00+02:00\">Aprile 23, 2026<\/time><\/span>\n\t\t\t\t\t\t\t\t\t\t\t\t\t\t\t\t\t\t\t\t\t\t\t\t\t\t\t\t\t\t\t\t\t\t\t\t\t\t\t\t\t\t\t\t\t\t\t\t\t\t\t\t\t\t\t\t\t\t\t\t\t\t\t\t\t\t\t\t\t\t\t\t\t\t\t\t\t\t\t\t\t\t\t\t\t\t\t\t\t\t                                                        <\/div>\n\t\t\t\t\t\t\t\t\t\t\t\t\t\n\t\t\t\t\t\t\t\t\t\t\t\t\t\t\t\t\t\t\t\t\t\t\t\t\t\t\n                                                <\/div>\n\n\t\t\t\t\t\t\t\t\t\t\t\t                                            <\/div>\n                                        <\/div>\n                                    <\/div>\n                                \t\t\t\t\t\t\t\t\t\t\t\t\t\t\t\t\t                                    <div class=\"pcsl-item pcsl-nothumb\">\n                                        <div class=\"pcsl-itemin\">\n                                            <div class=\"pcsl-iteminer\">\n\t\t\t\t\t\t\t\t\t\t\t\t\n\t\t\t\t\t\t\t\t\t\t\t\t                                                <div class=\"pcsl-content\">\n\t\t\t\t\t\t\t\t\t\t\t\t\t\n\t\t\t\t\t\t\t\t\t\t\t\t\t                                                        <div class=\"pcsl-title\">\n                                                            <a href=\"https:\/\/gnews.cz\/it\/neprehlednete\/evropska-komise-chce-chranit-domacnosti-pred-drahou-energii-a-urychlit-prechod-na-ciste-zdroje\/\">Evropsk\u00e1 komise chce chr\u00e1nit dom\u00e1cnosti p\u0159ed drahou energi\u00ed a urychlit p\u0159echod na \u010dist\u00e9 zdroje<\/a>\n                                                        <\/div>\n\t\t\t\t\t\t\t\t\t\t\t\t\t\n\t\t\t\t\t\t\t\t\t\t\t\t\t                                                        <div class=\"grid-post-box-meta pcsl-meta\">\n\t\t\t\t\t\t\t\t\t\t\t\t\t\t\t\t\t\t\t\t\t\t\t\t\t\t\t\t\t\t                                                                <span class=\"sl-date\"><time class=\"entry-date published\" datetime=\"2026-04-22T15:00:00+02:00\">Aprile 22, 2026<\/time><\/span>\n\t\t\t\t\t\t\t\t\t\t\t\t\t\t\t\t\t\t\t\t\t\t\t\t\t\t\t\t\t\t\t\t\t\t\t\t\t\t\t\t\t\t\t\t\t\t\t\t\t\t\t\t\t\t\t\t\t\t\t\t\t\t\t\t\t\t\t\t\t\t\t\t\t\t\t\t\t\t\t\t\t\t\t\t\t\t\t\t\t\t                                                        <\/div>\n\t\t\t\t\t\t\t\t\t\t\t\t\t\n\t\t\t\t\t\t\t\t\t\t\t\t\t\t\t\t\t\t\t\t\t\t\t\t\t\t\n                                                <\/div>\n\n\t\t\t\t\t\t\t\t\t\t\t\t                                            <\/div>\n                                        <\/div>\n                                    <\/div>\n                                \t\t\t\t\t\t\t\t\t\t\t\t\t\t\t\t\t                                    <div class=\"pcsl-item pcsl-nothumb\">\n                                        <div class=\"pcsl-itemin\">\n                                            <div class=\"pcsl-iteminer\">\n\t\t\t\t\t\t\t\t\t\t\t\t\n\t\t\t\t\t\t\t\t\t\t\t\t                                                <div class=\"pcsl-content\">\n\t\t\t\t\t\t\t\t\t\t\t\t\t\n\t\t\t\t\t\t\t\t\t\t\t\t\t                                                        <div class=\"pcsl-title\">\n                                                            <a href=\"https:\/\/gnews.cz\/it\/tema\/tydenni-shrnuti-cinske-ekonomiky-a-technologii-roboti-vyhrali-maraton-nemocnice-s-ai-rostou-kering-sazi-na-icicle\/\">T\u00fddenn\u00ed shrnut\u00ed \u010d\u00ednsk\u00e9 ekonomiky a technologi\u00ed: Roboti vyhr\u00e1li maraton, Nemocnice s AI rostou, Kering s\u00e1z\u00ed na Icicle<\/a>\n                                                        <\/div>\n\t\t\t\t\t\t\t\t\t\t\t\t\t\n\t\t\t\t\t\t\t\t\t\t\t\t\t                                                        <div class=\"grid-post-box-meta pcsl-meta\">\n\t\t\t\t\t\t\t\t\t\t\t\t\t\t\t\t\t\t\t\t\t\t\t\t\t\t\t\t\t\t                                                                <span class=\"sl-date\"><time class=\"entry-date published\" datetime=\"2026-04-22T12:00:00+02:00\">Aprile 22, 2026<\/time><\/span>\n\t\t\t\t\t\t\t\t\t\t\t\t\t\t\t\t\t\t\t\t\t\t\t\t\t\t\t\t\t\t\t\t\t\t\t\t\t\t\t\t\t\t\t\t\t\t\t\t\t\t\t\t\t\t\t\t\t\t\t\t\t\t\t\t\t\t\t\t\t\t\t\t\t\t\t\t\t\t\t\t\t\t\t\t\t\t\t\t\t\t                                                        <\/div>\n\t\t\t\t\t\t\t\t\t\t\t\t\t\n\t\t\t\t\t\t\t\t\t\t\t\t\t\t\t\t\t\t\t\t\t\t\t\t\t\t\n                                                <\/div>\n\n\t\t\t\t\t\t\t\t\t\t\t\t                                            <\/div>\n                                        <\/div>\n                                    <\/div>\n                                \t\t\t\t\t\t\t\t\t\t\t\t\t\t\t\t\t                                    <div class=\"pcsl-item pcsl-nothumb\">\n                                        <div class=\"pcsl-itemin\">\n                                            <div class=\"pcsl-iteminer\">\n\t\t\t\t\t\t\t\t\t\t\t\t\n\t\t\t\t\t\t\t\t\t\t\t\t                                                <div class=\"pcsl-content\">\n\t\t\t\t\t\t\t\t\t\t\t\t\t\n\t\t\t\t\t\t\t\t\t\t\t\t\t                                                        <div class=\"pcsl-title\">\n                                                            <a href=\"https:\/\/gnews.cz\/it\/tema\/denni-shrnuti-ekonomiky-v-cr-ceny-ropy-a-burza-markiza-volkswagen-amazon-globalstar-ms-invest-donald-trump-a-iran-22-dubna-2026\/\">Denn\u00ed shrnut\u00ed ekonomiky v \u010cR: Ceny ropy a burza, Mark\u00edza,  Volkswagen, Amazon, Globalstar, MS-INVEST, Donald Trump a \u00cdr\u00e1n (22. dubna 2026)<\/a>\n                                                        <\/div>\n\t\t\t\t\t\t\t\t\t\t\t\t\t\n\t\t\t\t\t\t\t\t\t\t\t\t\t                                                        <div class=\"grid-post-box-meta pcsl-meta\">\n\t\t\t\t\t\t\t\t\t\t\t\t\t\t\t\t\t\t\t\t\t\t\t\t\t\t\t\t\t\t                                                                <span class=\"sl-date\"><time class=\"entry-date published\" datetime=\"2026-04-22T09:00:00+02:00\">Aprile 22, 2026<\/time><\/span>\n\t\t\t\t\t\t\t\t\t\t\t\t\t\t\t\t\t\t\t\t\t\t\t\t\t\t\t\t\t\t\t\t\t\t\t\t\t\t\t\t\t\t\t\t\t\t\t\t\t\t\t\t\t\t\t\t\t\t\t\t\t\t\t\t\t\t\t\t\t\t\t\t\t\t\t\t\t\t\t\t\t\t\t\t\t\t\t\t\t\t                                                        <\/div>\n\t\t\t\t\t\t\t\t\t\t\t\t\t\n\t\t\t\t\t\t\t\t\t\t\t\t\t\t\t\t\t\t\t\t\t\t\t\t\t\t\n                                                <\/div>\n\n\t\t\t\t\t\t\t\t\t\t\t\t                                            <\/div>\n                                        <\/div>\n                                    <\/div>\n                                \t\t\t\t\t\t\t\t\t\t\t\t\t\t\t\t                        <\/div>\n\n\t\t\t\t\t\t\n                    <\/div>\n\t\t\t\t\t            <\/div>\n        <\/div>\n\t\t\t\t\t\t<\/div>\n\t\t\t\t<\/div>\n\t\t\t\t<\/div>\n\t\t<div class=\"elementor-element elementor-element-044ca6d e-con-full e-flex e-con e-child\" data-id=\"044ca6d\" data-element_type=\"container\" data-e-type=\"container\">\n\t\t\t\t<div class=\"elementor-element elementor-element-26eafbc elementor-widget elementor-widget-penci-block-heading\" data-id=\"26eafbc\" data-element_type=\"widget\" data-e-type=\"widget\" data-widget_type=\"penci-block-heading.default\">\n\t\t\t\t<div class=\"elementor-widget-container\">\n\t\t\t\t\t\t\t<div class=\"penciel-bheading penci-border-arrow penci-homepage-title penci-home-latest-posts style-6 pcalign-left pciconp-right pcicon-right block-title-icon-left\">\n\t\t\t<h3 class=\"inner-arrow\">\n\t\t\t\t<span>\n\t\t\t\t<a href=\"https:\/\/www.gnews.cz\/category\/politika\">Politika<\/a>\t\t\t\t<\/span>\n\t\t\t<\/h3>\n\t\t\t\t\t<\/div>\n\t\t\t\t\t\t<\/div>\n\t\t\t\t<\/div>\n\t\t\t\t<div class=\"elementor-element elementor-element-21e39c0 elementor-widget elementor-widget-penci-big-grid\" data-id=\"21e39c0\" data-element_type=\"widget\" data-e-type=\"widget\" data-widget_type=\"penci-big-grid.default\">\n\t\t\t\t<div class=\"elementor-widget-container\">\n\t\t\t\t\t        <div class=\"penci-clearfix penci-biggrid-wrapper penci-grid-col-1 penci-grid-mcol-1 penci-bgrid-based-post penci-bgrid-style-1 pcbg-ficonpo-top-right pcbg-reiconpo-top-left penci-bgrid-content-below pencibg-imageh-zoom-in pencibg-texth-none pencibg-textani-movetop textop\">\n\t\t\t            <div class=\"penci-clearfix penci-biggrid penci-bgstyle-1 penci-bgel\">\n                <div class=\"penci-biggrid-inner default\">\n\t\t\t\t\t<div class=\"penci-clearfix penci-biggrid-data penci-dflex\"><div class=\"penci-bgitem\">\n    <div class=\"penci-bgitin\">\n        <div class=\"penci-bgmain\">\n            <div class=\"pcbg-thumb\">\n\t\t\t\t\t\t\t\t                <div class=\"pcbg-thumbin\">\n                    <a class=\"pcbg-bgoverlay\"\n                       href=\"https:\/\/gnews.cz\/it\/neprehlednete\/strelba-na-veceri-novinaru-trump-evakuovan-ze-salu-agent-secret-service-zachranen-neprustrelnou-vestou\/\" title=\"St\u0159elba na ve\u010de\u0159i novin\u00e1\u0159\u016f: Trump evakuov\u00e1n ze s\u00e1lu, agent Secret Service zachr\u00e1n\u011bn nepr\u016fst\u0159elnou vestou\"><\/a>\n\n                        <div  data-bgset=\"https:\/\/gnews.cz\/wp-content\/uploads\/2025\/10\/P20250929JB-0525-585x390.webp\" data_bg_hidpi=\"https:\/\/gnews.cz\/wp-content\/uploads\/2025\/10\/P20250929JB-0525-585x390.webp\" class=\"penci-lazy penci-image-holder\">\n                                                    <\/div>\n\n                <\/div>\n            <\/div>\n            <div class=\"pcbg-content\">\n                <div class=\"pcbg-content-flex\">\n                    <a class=\"pcbg-bgoverlay\"\n                       href=\"https:\/\/gnews.cz\/it\/neprehlednete\/strelba-na-veceri-novinaru-trump-evakuovan-ze-salu-agent-secret-service-zachranen-neprustrelnou-vestou\/\" title=\"St\u0159elba na ve\u010de\u0159i novin\u00e1\u0159\u016f: Trump evakuov\u00e1n ze s\u00e1lu, agent Secret Service zachr\u00e1n\u011bn nepr\u016fst\u0159elnou vestou\"><\/a>\n                    <div class=\"pcbg-content-inner bgcontent-block\">\n                        <a href=\"https:\/\/gnews.cz\/it\/neprehlednete\/strelba-na-veceri-novinaru-trump-evakuovan-ze-salu-agent-secret-service-zachranen-neprustrelnou-vestou\/\" title=\"St\u0159elba na ve\u010de\u0159i novin\u00e1\u0159\u016f: Trump evakuov\u00e1n ze s\u00e1lu, agent Secret Service zachr\u00e1n\u011bn nepr\u016fst\u0159elnou vestou\"\n                           class=\"pcbg-bgoverlaytext item-hover\"><\/a>\n\n\t\t\t\t\t\t                            <div class=\"pcbg-above item-hover\">\n\t\t\t\t\t\t\t<span class=\"cat pcbg-sub-title\">\n\t\t\t\t\t\t\t\t<a style=\"\" class=\"penci-cat-name penci-cat-3\" href=\"https:\/\/gnews.cz\/it\/category\/neprehlednete\/\"  rel=\"category tag\"><span style=\"\">Nep\u0159ehl\u00e9dn\u011bte<\/span><\/a><a style=\"\" class=\"penci-cat-name penci-cat-7\" href=\"https:\/\/gnews.cz\/it\/category\/politika\/\"  rel=\"category tag\"><span style=\"\">Politika<\/span><\/a><a style=\"\" class=\"penci-cat-name penci-cat-2973\" href=\"https:\/\/gnews.cz\/it\/category\/zahranicni\/\"  rel=\"category tag\"><span style=\"\">Zahrani\u010dn\u00ed<\/span><\/a>\t\t\t\t\t\t\t<\/span>\n                            <\/div>\n\t\t\t\t\t\t\n\t\t\t\t\t\t                            <div class=\"pcbg-heading item-hover\">\n                                <h3 class=\"pcbg-title\">\n                                    <a href=\"https:\/\/gnews.cz\/it\/neprehlednete\/strelba-na-veceri-novinaru-trump-evakuovan-ze-salu-agent-secret-service-zachranen-neprustrelnou-vestou\/\">\n\t\t\t\t\t\t\t\t\t\tSt\u0159elba na ve\u010de\u0159i novin\u00e1\u0159\u016f: Trump evakuov\u00e1n ze s\u00e1lu, agent Secret Service zachr\u00e1n\u011bn nepr\u016fst\u0159elnou vestou                                    <\/a>\n                                <\/h3>\n                            <\/div>\n\t\t\t\t\t\t\n\t\t\t\t\t\t                            <div class=\"grid-post-box-meta pcbg-meta item-hover\">\n                                <div class=\"pcbg-meta-desc\">\n\t\t\t\t\t\t\t\t\t\t\t\t\t\t\t\t\t\t                                        <span class=\"bg-date\"><time class=\"entry-date published\" datetime=\"2026-04-26T09:30:00+02:00\">Aprile 26, 2026<\/time><\/span>\n\t\t\t\t\t\t\t\t\t\t\t\t\t\t\t\t\t\t\t\t\t\t\t\t\t\t\t\t\t\t\t\t\t\t\t\t\t\t\t\t\t\t\t\t\t\t\t\t\t\t\t\t\t\t                                <\/div>\n\t\t\t\t\t\t\t\t                            <\/div>\n\t\t\t\t\t\t\n\t\t\t\t\t\t                    <\/div>\n                <\/div>\n            <\/div>\n        <\/div>\n    <\/div>\n<\/div>\n<\/div>                <\/div>\n\t\t\t\t            <\/div>\n        <\/div>\n\t\t\t\t\t\t<\/div>\n\t\t\t\t<\/div>\n\t\t\t\t<div class=\"elementor-element elementor-element-eee207d elementor-widget elementor-widget-penci-small-list\" data-id=\"eee207d\" data-element_type=\"widget\" data-e-type=\"widget\" data-widget_type=\"penci-small-list.default\">\n\t\t\t\t<div class=\"elementor-widget-container\">\n\t\t\t\t\t<script>if( typeof(penciBlock) === \"undefined\" ) {function penciBlock() { this.atts_json = ''; this.content = ''; }}var penciBlocksArray = penciBlocksArray || [];var PENCILOCALCACHE = PENCILOCALCACHE || {};var pcblock_8284 = new penciBlock();pcblock_8284.blockID=\"pcblock_8284\";pcblock_8284.atts_json = '{\"type\":\"grid\",\"dformat\":\"\",\"date_pos\":\"left\",\"column\":\"1\",\"tab_column\":\"1\",\"mb_column\":\"1\",\"imgpos\":\"left\",\"thumb_size\":\"\",\"mthumb_size\":\"\",\"post_meta\":[\"title\",\"date\"],\"primary_cat\":\"\",\"title_length\":\"\",\"excerpt_pos\":\"below\",\"rmstyle\":\"filled\",\"excerpt_length\":15,\"nocrop\":\"\",\"hide_cat_mobile\":\"\",\"hide_meta_mobile\":\"\",\"hide_excerpt_mobile\":\"\",\"hide_rm_mobile\":\"\",\"imgtop_mobile\":\"\",\"ver_border\":\"\",\"hide_thumb\":\"yes\",\"show_reviewpie\":\"\",\"show_formaticon\":\"\",\"disable_lazy\":\"\",\"show_excerpt\":\"\",\"show_readmore\":\"\",\"query\":{\"orderby\":\"date\",\"order\":\"desc\",\"ignore_sticky_posts\":1,\"post_status\":\"publish\",\"post__not_in\":[],\"post_type\":\"post\",\"posts_per_page\":9,\"tax_query\":[{\"taxonomy\":\"category\",\"field\":\"term_id\",\"terms\":[\"7\"]}],\"offset\":1},\"category_ids\":\"\",\"taxonomy\":\"\"}';penciBlocksArray.push(pcblock_8284);<\/script>        <div class=\"penci-wrapper-smalllist\">\n\t\t\t\t\t\t            <div class=\"penci-smalllist-wrapper\">\n\t\t\t\t                    <div class=\"penci-smalllist pcsl-wrapper pwsl-id-default\">\n                        <div class=\"pcsl-inner penci-clearfix pcsl-grid pcsl-imgpos-left pcsl-col-1 pcsl-tabcol-1 pcsl-mobcol-1\">\n\t\t\t\t\t\t\t\t\t\t\t\t\t\t\t\t\t\t\t\t\t\t\t\t                                    <div class=\"pcsl-item pcsl-nothumb\">\n                                        <div class=\"pcsl-itemin\">\n                                            <div class=\"pcsl-iteminer\">\n\t\t\t\t\t\t\t\t\t\t\t\t\n\t\t\t\t\t\t\t\t\t\t\t\t                                                <div class=\"pcsl-content\">\n\t\t\t\t\t\t\t\t\t\t\t\t\t\n\t\t\t\t\t\t\t\t\t\t\t\t\t                                                        <div class=\"pcsl-title\">\n                                                            <a href=\"https:\/\/gnews.cz\/it\/neprehlednete\/cina-ostre-reaguje-na-nove-sankce-eu-brani-sve-firmy-a-varuje-pred-dopady-na-vztahy\/\">\u010c\u00edna ost\u0159e reaguje na nov\u00e9 sankce EU: br\u00e1n\u00ed sv\u00e9 firmy a varuje p\u0159ed dopady na vztahy<\/a>\n                                                        <\/div>\n\t\t\t\t\t\t\t\t\t\t\t\t\t\n\t\t\t\t\t\t\t\t\t\t\t\t\t                                                        <div class=\"grid-post-box-meta pcsl-meta\">\n\t\t\t\t\t\t\t\t\t\t\t\t\t\t\t\t\t\t\t\t\t\t\t\t\t\t\t\t\t\t                                                                <span class=\"sl-date\"><time class=\"entry-date published\" datetime=\"2026-04-26T04:00:00+02:00\">Aprile 26, 2026<\/time><\/span>\n\t\t\t\t\t\t\t\t\t\t\t\t\t\t\t\t\t\t\t\t\t\t\t\t\t\t\t\t\t\t\t\t\t\t\t\t\t\t\t\t\t\t\t\t\t\t\t\t\t\t\t\t\t\t\t\t\t\t\t\t\t\t\t\t\t\t\t\t\t\t\t\t\t\t\t\t\t\t\t\t\t\t\t\t\t\t\t\t\t\t                                                        <\/div>\n\t\t\t\t\t\t\t\t\t\t\t\t\t\n\t\t\t\t\t\t\t\t\t\t\t\t\t\t\t\t\t\t\t\t\t\t\t\t\t\t\n                                                <\/div>\n\n\t\t\t\t\t\t\t\t\t\t\t\t                                            <\/div>\n                                        <\/div>\n                                    <\/div>\n                                \t\t\t\t\t\t\t\t\t\t\t\t\t\t\t\t\t                                    <div class=\"pcsl-item pcsl-nothumb\">\n                                        <div class=\"pcsl-itemin\">\n                                            <div class=\"pcsl-iteminer\">\n\t\t\t\t\t\t\t\t\t\t\t\t\n\t\t\t\t\t\t\t\t\t\t\t\t                                                <div class=\"pcsl-content\">\n\t\t\t\t\t\t\t\t\t\t\t\t\t\n\t\t\t\t\t\t\t\t\t\t\t\t\t                                                        <div class=\"pcsl-title\">\n                                                            <a href=\"https:\/\/gnews.cz\/it\/tema\/ceske-znacky-ceske-deskove-hry-a-pocitacove-hry-dobyvaji-svet\/\">\u010cesk\u00e9 zna\u010dky: \u010desk\u00e9 deskov\u00e9 hry a po\u010d\u00edta\u010dov\u00e9 hry dob\u00fdvaj\u00ed sv\u011bt<\/a>\n                                                        <\/div>\n\t\t\t\t\t\t\t\t\t\t\t\t\t\n\t\t\t\t\t\t\t\t\t\t\t\t\t                                                        <div class=\"grid-post-box-meta pcsl-meta\">\n\t\t\t\t\t\t\t\t\t\t\t\t\t\t\t\t\t\t\t\t\t\t\t\t\t\t\t\t\t\t                                                                <span class=\"sl-date\"><time class=\"entry-date published\" datetime=\"2026-04-25T23:00:00+02:00\">Aprile 25, 2026<\/time><\/span>\n\t\t\t\t\t\t\t\t\t\t\t\t\t\t\t\t\t\t\t\t\t\t\t\t\t\t\t\t\t\t\t\t\t\t\t\t\t\t\t\t\t\t\t\t\t\t\t\t\t\t\t\t\t\t\t\t\t\t\t\t\t\t\t\t\t\t\t\t\t\t\t\t\t\t\t\t\t\t\t\t\t\t\t\t\t\t\t\t\t\t                                                        <\/div>\n\t\t\t\t\t\t\t\t\t\t\t\t\t\n\t\t\t\t\t\t\t\t\t\t\t\t\t\t\t\t\t\t\t\t\t\t\t\t\t\t\n                                                <\/div>\n\n\t\t\t\t\t\t\t\t\t\t\t\t                                            <\/div>\n                                        <\/div>\n                                    <\/div>\n                                \t\t\t\t\t\t\t\t\t\t\t\t\t\t\t\t\t                                    <div class=\"pcsl-item pcsl-nothumb\">\n                                        <div class=\"pcsl-itemin\">\n                                            <div class=\"pcsl-iteminer\">\n\t\t\t\t\t\t\t\t\t\t\t\t\n\t\t\t\t\t\t\t\t\t\t\t\t                                                <div class=\"pcsl-content\">\n\t\t\t\t\t\t\t\t\t\t\t\t\t\n\t\t\t\t\t\t\t\t\t\t\t\t\t                                                        <div class=\"pcsl-title\">\n                                                            <a href=\"https:\/\/gnews.cz\/it\/tema\/odbory-budou-chtit-snizeni-veku-odchodu-do-duchodu-a-zkraceni-pracovniho-tydne\/\">Odbory budou cht\u00edt sn\u00ed\u017een\u00ed v\u011bku odchodu do d\u016fchodu a zkr\u00e1cen\u00ed pracovn\u00edho t\u00fddne<\/a>\n                                                        <\/div>\n\t\t\t\t\t\t\t\t\t\t\t\t\t\n\t\t\t\t\t\t\t\t\t\t\t\t\t                                                        <div class=\"grid-post-box-meta pcsl-meta\">\n\t\t\t\t\t\t\t\t\t\t\t\t\t\t\t\t\t\t\t\t\t\t\t\t\t\t\t\t\t\t                                                                <span class=\"sl-date\"><time class=\"entry-date published\" datetime=\"2026-04-25T16:00:00+02:00\">Aprile 25, 2026<\/time><\/span>\n\t\t\t\t\t\t\t\t\t\t\t\t\t\t\t\t\t\t\t\t\t\t\t\t\t\t\t\t\t\t\t\t\t\t\t\t\t\t\t\t\t\t\t\t\t\t\t\t\t\t\t\t\t\t\t\t\t\t\t\t\t\t\t\t\t\t\t\t\t\t\t\t\t\t\t\t\t\t\t\t\t\t\t\t\t\t\t\t\t\t                                                        <\/div>\n\t\t\t\t\t\t\t\t\t\t\t\t\t\n\t\t\t\t\t\t\t\t\t\t\t\t\t\t\t\t\t\t\t\t\t\t\t\t\t\t\n                                                <\/div>\n\n\t\t\t\t\t\t\t\t\t\t\t\t                                            <\/div>\n                                        <\/div>\n                                    <\/div>\n                                \t\t\t\t\t\t\t\t\t\t\t\t\t\t\t\t\t                                    <div class=\"pcsl-item pcsl-nothumb\">\n                                        <div class=\"pcsl-itemin\">\n                                            <div class=\"pcsl-iteminer\">\n\t\t\t\t\t\t\t\t\t\t\t\t\n\t\t\t\t\t\t\t\t\t\t\t\t                                                <div class=\"pcsl-content\">\n\t\t\t\t\t\t\t\t\t\t\t\t\t\n\t\t\t\t\t\t\t\t\t\t\t\t\t                                                        <div class=\"pcsl-title\">\n                                                            <a href=\"https:\/\/gnews.cz\/it\/neprehlednete\/babis-z-kypru-eu-chce-cesku-sebrat-miliardy-dohoda-o-rozpoctu-bude-tvrdy-boj\/\">Babi\u0161 z Kypru: EU chce \u010cesku sebrat miliardy, dohoda o rozpo\u010dtu bude tvrd\u00fd boj<\/a>\n                                                        <\/div>\n\t\t\t\t\t\t\t\t\t\t\t\t\t\n\t\t\t\t\t\t\t\t\t\t\t\t\t                                                        <div class=\"grid-post-box-meta pcsl-meta\">\n\t\t\t\t\t\t\t\t\t\t\t\t\t\t\t\t\t\t\t\t\t\t\t\t\t\t\t\t\t\t                                                                <span class=\"sl-date\"><time class=\"entry-date published\" datetime=\"2026-04-25T10:00:00+02:00\">Aprile 25, 2026<\/time><\/span>\n\t\t\t\t\t\t\t\t\t\t\t\t\t\t\t\t\t\t\t\t\t\t\t\t\t\t\t\t\t\t\t\t\t\t\t\t\t\t\t\t\t\t\t\t\t\t\t\t\t\t\t\t\t\t\t\t\t\t\t\t\t\t\t\t\t\t\t\t\t\t\t\t\t\t\t\t\t\t\t\t\t\t\t\t\t\t\t\t\t\t                                                        <\/div>\n\t\t\t\t\t\t\t\t\t\t\t\t\t\n\t\t\t\t\t\t\t\t\t\t\t\t\t\t\t\t\t\t\t\t\t\t\t\t\t\t\n                                                <\/div>\n\n\t\t\t\t\t\t\t\t\t\t\t\t                                            <\/div>\n                                        <\/div>\n                                    <\/div>\n                                \t\t\t\t\t\t\t\t\t\t\t\t\t\t\t\t\t                                    <div class=\"pcsl-item pcsl-nothumb\">\n                                        <div class=\"pcsl-itemin\">\n                                            <div class=\"pcsl-iteminer\">\n\t\t\t\t\t\t\t\t\t\t\t\t\n\t\t\t\t\t\t\t\t\t\t\t\t                                                <div class=\"pcsl-content\">\n\t\t\t\t\t\t\t\t\t\t\t\t\t\n\t\t\t\t\t\t\t\t\t\t\t\t\t                                                        <div class=\"pcsl-title\">\n                                                            <a href=\"https:\/\/gnews.cz\/it\/tema\/potomek-felixe-edmundovice-dzerzinskeho-povazuje-pojmenovani-akademie-fsb-po-svem-dedeckovi-za-vyznamne\/\">Potomek Felixe Edmundovi\u010de Dzer\u017einsk\u00e9ho pova\u017euje za v\u00fdznamn\u00e9, \u017ee Akademie FSB ponese jm\u00e9no jeho slavn\u00e9ho p\u0159edka<\/a>\n                                                        <\/div>\n\t\t\t\t\t\t\t\t\t\t\t\t\t\n\t\t\t\t\t\t\t\t\t\t\t\t\t                                                        <div class=\"grid-post-box-meta pcsl-meta\">\n\t\t\t\t\t\t\t\t\t\t\t\t\t\t\t\t\t\t\t\t\t\t\t\t\t\t\t\t\t\t                                                                <span class=\"sl-date\"><time class=\"entry-date published\" datetime=\"2026-04-24T21:00:00+02:00\">Aprile 24, 2026<\/time><\/span>\n\t\t\t\t\t\t\t\t\t\t\t\t\t\t\t\t\t\t\t\t\t\t\t\t\t\t\t\t\t\t\t\t\t\t\t\t\t\t\t\t\t\t\t\t\t\t\t\t\t\t\t\t\t\t\t\t\t\t\t\t\t\t\t\t\t\t\t\t\t\t\t\t\t\t\t\t\t\t\t\t\t\t\t\t\t\t\t\t\t\t                                                        <\/div>\n\t\t\t\t\t\t\t\t\t\t\t\t\t\n\t\t\t\t\t\t\t\t\t\t\t\t\t\t\t\t\t\t\t\t\t\t\t\t\t\t\n                                                <\/div>\n\n\t\t\t\t\t\t\t\t\t\t\t\t                                            <\/div>\n                                        <\/div>\n                                    <\/div>\n                                \t\t\t\t\t\t\t\t\t\t\t\t\t\t\t\t\t                                    <div class=\"pcsl-item pcsl-nothumb\">\n                                        <div class=\"pcsl-itemin\">\n                                            <div class=\"pcsl-iteminer\">\n\t\t\t\t\t\t\t\t\t\t\t\t\n\t\t\t\t\t\t\t\t\t\t\t\t                                                <div class=\"pcsl-content\">\n\t\t\t\t\t\t\t\t\t\t\t\t\t\n\t\t\t\t\t\t\t\t\t\t\t\t\t                                                        <div class=\"pcsl-title\">\n                                                            <a href=\"https:\/\/gnews.cz\/it\/neprehlednete\/vojtech-filip-zpravy-ned-o-cine-jsou-politicka-pomluva-usa-by-si-mely-zamest-pred-vlastnim-prahem\/\">Vojt\u011bch Filip: Zpr\u00e1vy NED o \u010c\u00edn\u011b jsou politick\u00e1 pomluva, USA by si m\u011bly zam\u00e9st p\u0159ed vlastn\u00edm prahem<\/a>\n                                                        <\/div>\n\t\t\t\t\t\t\t\t\t\t\t\t\t\n\t\t\t\t\t\t\t\t\t\t\t\t\t                                                        <div class=\"grid-post-box-meta pcsl-meta\">\n\t\t\t\t\t\t\t\t\t\t\t\t\t\t\t\t\t\t\t\t\t\t\t\t\t\t\t\t\t\t                                                                <span class=\"sl-date\"><time class=\"entry-date published\" datetime=\"2026-04-24T19:21:02+02:00\">Aprile 24, 2026<\/time><\/span>\n\t\t\t\t\t\t\t\t\t\t\t\t\t\t\t\t\t\t\t\t\t\t\t\t\t\t\t\t\t\t\t\t\t\t\t\t\t\t\t\t\t\t\t\t\t\t\t\t\t\t\t\t\t\t\t\t\t\t\t\t\t\t\t\t\t\t\t\t\t\t\t\t\t\t\t\t\t\t\t\t\t\t\t\t\t\t\t\t\t\t                                                        <\/div>\n\t\t\t\t\t\t\t\t\t\t\t\t\t\n\t\t\t\t\t\t\t\t\t\t\t\t\t\t\t\t\t\t\t\t\t\t\t\t\t\t\n                                                <\/div>\n\n\t\t\t\t\t\t\t\t\t\t\t\t                                            <\/div>\n                                        <\/div>\n                                    <\/div>\n                                \t\t\t\t\t\t\t\t\t\t\t\t\t\t\t\t\t                                    <div class=\"pcsl-item pcsl-nothumb\">\n                                        <div class=\"pcsl-itemin\">\n                                            <div class=\"pcsl-iteminer\">\n\t\t\t\t\t\t\t\t\t\t\t\t\n\t\t\t\t\t\t\t\t\t\t\t\t                                                <div class=\"pcsl-content\">\n\t\t\t\t\t\t\t\t\t\t\t\t\t\n\t\t\t\t\t\t\t\t\t\t\t\t\t                                                        <div class=\"pcsl-title\">\n                                                            <a href=\"https:\/\/gnews.cz\/it\/tema\/kazassky-prezident-vyzval-ke-spravedlivemu-pristupu-v-oblasti-klimaticke-spoluprace\/\">Kaza\u0161sk\u00fd prezident vyzval ke spravedliv\u00e9mu p\u0159\u00edstupu v oblasti klimatick\u00e9 spolupr\u00e1ce<\/a>\n                                                        <\/div>\n\t\t\t\t\t\t\t\t\t\t\t\t\t\n\t\t\t\t\t\t\t\t\t\t\t\t\t                                                        <div class=\"grid-post-box-meta pcsl-meta\">\n\t\t\t\t\t\t\t\t\t\t\t\t\t\t\t\t\t\t\t\t\t\t\t\t\t\t\t\t\t\t                                                                <span class=\"sl-date\"><time class=\"entry-date published\" datetime=\"2026-04-24T18:00:00+02:00\">Aprile 24, 2026<\/time><\/span>\n\t\t\t\t\t\t\t\t\t\t\t\t\t\t\t\t\t\t\t\t\t\t\t\t\t\t\t\t\t\t\t\t\t\t\t\t\t\t\t\t\t\t\t\t\t\t\t\t\t\t\t\t\t\t\t\t\t\t\t\t\t\t\t\t\t\t\t\t\t\t\t\t\t\t\t\t\t\t\t\t\t\t\t\t\t\t\t\t\t\t                                                        <\/div>\n\t\t\t\t\t\t\t\t\t\t\t\t\t\n\t\t\t\t\t\t\t\t\t\t\t\t\t\t\t\t\t\t\t\t\t\t\t\t\t\t\n                                                <\/div>\n\n\t\t\t\t\t\t\t\t\t\t\t\t                                            <\/div>\n                                        <\/div>\n                                    <\/div>\n                                \t\t\t\t\t\t\t\t\t\t\t\t\t\t\t\t\t                                    <div class=\"pcsl-item pcsl-nothumb\">\n                                        <div class=\"pcsl-itemin\">\n                                            <div class=\"pcsl-iteminer\">\n\t\t\t\t\t\t\t\t\t\t\t\t\n\t\t\t\t\t\t\t\t\t\t\t\t                                                <div class=\"pcsl-content\">\n\t\t\t\t\t\t\t\t\t\t\t\t\t\n\t\t\t\t\t\t\t\t\t\t\t\t\t                                                        <div class=\"pcsl-title\">\n                                                            <a href=\"https:\/\/gnews.cz\/it\/neprehlednete\/dvere-do-unie-se-pooteviraji-eu-muze-za-nekolik-tydnu-zahajit-pristupova-jednani-s-ukrajinou\/\">Dve\u0159e do Unie se pootev\u00edraj\u00ed, EU m\u016f\u017ee za n\u011bkolik t\u00fddn\u016f zah\u00e1jit p\u0159\u00edstupov\u00e1 jedn\u00e1n\u00ed s Ukrajinou<\/a>\n                                                        <\/div>\n\t\t\t\t\t\t\t\t\t\t\t\t\t\n\t\t\t\t\t\t\t\t\t\t\t\t\t                                                        <div class=\"grid-post-box-meta pcsl-meta\">\n\t\t\t\t\t\t\t\t\t\t\t\t\t\t\t\t\t\t\t\t\t\t\t\t\t\t\t\t\t\t                                                                <span class=\"sl-date\"><time class=\"entry-date published\" datetime=\"2026-04-24T12:00:00+02:00\">Aprile 24, 2026<\/time><\/span>\n\t\t\t\t\t\t\t\t\t\t\t\t\t\t\t\t\t\t\t\t\t\t\t\t\t\t\t\t\t\t\t\t\t\t\t\t\t\t\t\t\t\t\t\t\t\t\t\t\t\t\t\t\t\t\t\t\t\t\t\t\t\t\t\t\t\t\t\t\t\t\t\t\t\t\t\t\t\t\t\t\t\t\t\t\t\t\t\t\t\t                                                        <\/div>\n\t\t\t\t\t\t\t\t\t\t\t\t\t\n\t\t\t\t\t\t\t\t\t\t\t\t\t\t\t\t\t\t\t\t\t\t\t\t\t\t\n                                                <\/div>\n\n\t\t\t\t\t\t\t\t\t\t\t\t                                            <\/div>\n                                        <\/div>\n                                    <\/div>\n                                \t\t\t\t\t\t\t\t\t\t\t\t\t\t\t\t\t                                    <div class=\"pcsl-item pcsl-nothumb\">\n                                        <div class=\"pcsl-itemin\">\n                                            <div class=\"pcsl-iteminer\">\n\t\t\t\t\t\t\t\t\t\t\t\t\n\t\t\t\t\t\t\t\t\t\t\t\t                                                <div class=\"pcsl-content\">\n\t\t\t\t\t\t\t\t\t\t\t\t\t\n\t\t\t\t\t\t\t\t\t\t\t\t\t                                                        <div class=\"pcsl-title\">\n                                                            <a href=\"https:\/\/gnews.cz\/it\/tema\/prezident-xi-jinping-nedavno-zduraznil-je-treba-dobre-vyuzivat-zkusenosti-rozvoje-z-yiwu-a-najit-cestu-k-vysoce-kvalitnimu-rozvoji-odpovidajicimu-mistnim-podminkam\/\">Prezident Xi Jinping ned\u00e1vno zd\u016fraznil: Je t\u0159eba dob\u0159e vyu\u017e\u00edvat \u201ezku\u0161enosti rozvoje z Yiwu\u201c a naj\u00edt cestu k vysoce kvalitn\u00edmu rozvoji odpov\u00eddaj\u00edc\u00edmu m\u00edstn\u00edm podm\u00ednk\u00e1m<\/a>\n                                                        <\/div>\n\t\t\t\t\t\t\t\t\t\t\t\t\t\n\t\t\t\t\t\t\t\t\t\t\t\t\t                                                        <div class=\"grid-post-box-meta pcsl-meta\">\n\t\t\t\t\t\t\t\t\t\t\t\t\t\t\t\t\t\t\t\t\t\t\t\t\t\t\t\t\t\t                                                                <span class=\"sl-date\"><time class=\"entry-date published\" datetime=\"2026-04-24T04:00:00+02:00\">Aprile 24, 2026<\/time><\/span>\n\t\t\t\t\t\t\t\t\t\t\t\t\t\t\t\t\t\t\t\t\t\t\t\t\t\t\t\t\t\t\t\t\t\t\t\t\t\t\t\t\t\t\t\t\t\t\t\t\t\t\t\t\t\t\t\t\t\t\t\t\t\t\t\t\t\t\t\t\t\t\t\t\t\t\t\t\t\t\t\t\t\t\t\t\t\t\t\t\t\t                                                        <\/div>\n\t\t\t\t\t\t\t\t\t\t\t\t\t\n\t\t\t\t\t\t\t\t\t\t\t\t\t\t\t\t\t\t\t\t\t\t\t\t\t\t\n                                                <\/div>\n\n\t\t\t\t\t\t\t\t\t\t\t\t                                            <\/div>\n                                        <\/div>\n                                    <\/div>\n                                \t\t\t\t\t\t\t\t\t\t\t\t\t\t\t\t                        <\/div>\n\n\t\t\t\t\t\t\n                    <\/div>\n\t\t\t\t\t            <\/div>\n        <\/div>\n\t\t\t\t\t\t<\/div>\n\t\t\t\t<\/div>\n\t\t\t\t<\/div>\n\t\t<div class=\"elementor-element elementor-element-ab8094c e-con-full e-flex e-con e-child\" data-id=\"ab8094c\" data-element_type=\"container\" data-e-type=\"container\">\n\t\t\t\t<div class=\"elementor-element elementor-element-7919087 elementor-widget elementor-widget-penci-block-heading\" data-id=\"7919087\" data-element_type=\"widget\" data-e-type=\"widget\" data-widget_type=\"penci-block-heading.default\">\n\t\t\t\t<div class=\"elementor-widget-container\">\n\t\t\t\t\t\t\t<div class=\"penciel-bheading penci-border-arrow penci-homepage-title penci-home-latest-posts style-6 pcalign-left pciconp-right pcicon-right block-title-icon-left\">\n\t\t\t<h3 class=\"inner-arrow\">\n\t\t\t\t<span>\n\t\t\t\t<a href=\"https:\/\/www.gnews.cz\/category\/kultura\">Kultura<\/a>\t\t\t\t<\/span>\n\t\t\t<\/h3>\n\t\t\t\t\t<\/div>\n\t\t\t\t\t\t<\/div>\n\t\t\t\t<\/div>\n\t\t\t\t<div class=\"elementor-element elementor-element-62d17d6 elementor-widget elementor-widget-penci-big-grid\" data-id=\"62d17d6\" data-element_type=\"widget\" data-e-type=\"widget\" data-widget_type=\"penci-big-grid.default\">\n\t\t\t\t<div class=\"elementor-widget-container\">\n\t\t\t\t\t        <div class=\"penci-clearfix penci-biggrid-wrapper penci-grid-col-1 penci-grid-mcol-1 penci-bgrid-based-post penci-bgrid-style-1 pcbg-ficonpo-top-right pcbg-reiconpo-top-left penci-bgrid-content-below pencibg-imageh-zoom-in pencibg-texth-none pencibg-textani-movetop textop\">\n\t\t\t            <div class=\"penci-clearfix penci-biggrid penci-bgstyle-1 penci-bgel\">\n                <div class=\"penci-biggrid-inner default\">\n\t\t\t\t\t<div class=\"penci-clearfix penci-biggrid-data penci-dflex\"><div class=\"penci-bgitem\">\n    <div class=\"penci-bgitin\">\n        <div class=\"penci-bgmain\">\n            <div class=\"pcbg-thumb\">\n\t\t\t\t\t\t\t\t                <div class=\"pcbg-thumbin\">\n                    <a class=\"pcbg-bgoverlay\"\n                       href=\"https:\/\/gnews.cz\/it\/neprehlednete\/kenan-sawe-prepsal-dejiny-jako-prvni-clovek-zabehl-maraton-pod-dve-hodiny-v-zavode\/\" title=\"Ke\u0148an Sawe p\u0159epsal d\u011bjiny, jako prvn\u00ed \u010dlov\u011bk zab\u011bhl maraton pod dv\u011b hodiny v z\u00e1vod\u011b\"><\/a>\n\n                        <div  data-bgset=\"https:\/\/gnews.cz\/wp-content\/uploads\/2026\/04\/4eb52dec24fa4e44910c35e42b6c59a2-e1777219742858-585x349.webp\" data_bg_hidpi=\"https:\/\/gnews.cz\/wp-content\/uploads\/2026\/04\/4eb52dec24fa4e44910c35e42b6c59a2-e1777219742858-585x349.webp\" class=\"penci-lazy penci-image-holder\">\n                                                    <\/div>\n\n                <\/div>\n            <\/div>\n            <div class=\"pcbg-content\">\n                <div class=\"pcbg-content-flex\">\n                    <a class=\"pcbg-bgoverlay\"\n                       href=\"https:\/\/gnews.cz\/it\/neprehlednete\/kenan-sawe-prepsal-dejiny-jako-prvni-clovek-zabehl-maraton-pod-dve-hodiny-v-zavode\/\" title=\"Ke\u0148an Sawe p\u0159epsal d\u011bjiny, jako prvn\u00ed \u010dlov\u011bk zab\u011bhl maraton pod dv\u011b hodiny v z\u00e1vod\u011b\"><\/a>\n                    <div class=\"pcbg-content-inner bgcontent-block\">\n                        <a href=\"https:\/\/gnews.cz\/it\/neprehlednete\/kenan-sawe-prepsal-dejiny-jako-prvni-clovek-zabehl-maraton-pod-dve-hodiny-v-zavode\/\" title=\"Ke\u0148an Sawe p\u0159epsal d\u011bjiny, jako prvn\u00ed \u010dlov\u011bk zab\u011bhl maraton pod dv\u011b hodiny v z\u00e1vod\u011b\"\n                           class=\"pcbg-bgoverlaytext item-hover\"><\/a>\n\n\t\t\t\t\t\t                            <div class=\"pcbg-above item-hover\">\n\t\t\t\t\t\t\t<span class=\"cat pcbg-sub-title\">\n\t\t\t\t\t\t\t\t<a style=\"\" class=\"penci-cat-name penci-cat-6\" href=\"https:\/\/gnews.cz\/it\/category\/kultura\/\"  rel=\"category tag\"><span style=\"\">Kultura<\/span><\/a><a style=\"\" class=\"penci-cat-name penci-cat-3\" href=\"https:\/\/gnews.cz\/it\/category\/neprehlednete\/\"  rel=\"category tag\"><span style=\"\">Nep\u0159ehl\u00e9dn\u011bte<\/span><\/a><a style=\"\" class=\"penci-cat-name penci-cat-1248\" href=\"https:\/\/gnews.cz\/it\/category\/kultura\/sport\/\"  rel=\"category tag\"><span style=\"\">sport<\/span><\/a><a style=\"\" class=\"penci-cat-name penci-cat-2973\" href=\"https:\/\/gnews.cz\/it\/category\/zahranicni\/\"  rel=\"category tag\"><span style=\"\">Zahrani\u010dn\u00ed<\/span><\/a>\t\t\t\t\t\t\t<\/span>\n                            <\/div>\n\t\t\t\t\t\t\n\t\t\t\t\t\t                            <div class=\"pcbg-heading item-hover\">\n                                <h3 class=\"pcbg-title\">\n                                    <a href=\"https:\/\/gnews.cz\/it\/neprehlednete\/kenan-sawe-prepsal-dejiny-jako-prvni-clovek-zabehl-maraton-pod-dve-hodiny-v-zavode\/\">\n\t\t\t\t\t\t\t\t\t\tKe\u0148an Sawe p\u0159epsal d\u011bjiny, jako prvn\u00ed \u010dlov\u011bk zab\u011bhl maraton pod dv\u011b hodiny v z\u00e1vod\u011b                                    <\/a>\n                                <\/h3>\n                            <\/div>\n\t\t\t\t\t\t\n\t\t\t\t\t\t                            <div class=\"grid-post-box-meta pcbg-meta item-hover\">\n                                <div class=\"pcbg-meta-desc\">\n\t\t\t\t\t\t\t\t\t\t\t\t\t\t\t\t\t\t                                        <span class=\"bg-date\"><time class=\"entry-date published\" datetime=\"2026-04-26T21:00:00+02:00\">Aprile 26, 2026<\/time><\/span>\n\t\t\t\t\t\t\t\t\t\t\t\t\t\t\t\t\t\t\t\t\t\t\t\t\t\t\t\t\t\t\t\t\t\t\t\t\t\t\t\t\t\t\t\t\t\t\t\t\t\t\t\t\t\t                                <\/div>\n\t\t\t\t\t\t\t\t                            <\/div>\n\t\t\t\t\t\t\n\t\t\t\t\t\t                    <\/div>\n                <\/div>\n            <\/div>\n        <\/div>\n    <\/div>\n<\/div>\n<\/div>                <\/div>\n\t\t\t\t            <\/div>\n        <\/div>\n\t\t\t\t\t\t<\/div>\n\t\t\t\t<\/div>\n\t\t\t\t<div class=\"elementor-element elementor-element-9f5e5f0 elementor-widget elementor-widget-penci-small-list\" data-id=\"9f5e5f0\" data-element_type=\"widget\" data-e-type=\"widget\" data-widget_type=\"penci-small-list.default\">\n\t\t\t\t<div class=\"elementor-widget-container\">\n\t\t\t\t\t<script>if( typeof(penciBlock) === \"undefined\" ) {function penciBlock() { this.atts_json = ''; this.content = ''; }}var penciBlocksArray = penciBlocksArray || [];var PENCILOCALCACHE = PENCILOCALCACHE || {};var pcblock_4223 = new penciBlock();pcblock_4223.blockID=\"pcblock_4223\";pcblock_4223.atts_json = '{\"type\":\"grid\",\"dformat\":\"\",\"date_pos\":\"left\",\"column\":\"1\",\"tab_column\":\"1\",\"mb_column\":\"1\",\"imgpos\":\"left\",\"thumb_size\":\"\",\"mthumb_size\":\"\",\"post_meta\":[\"title\",\"date\"],\"primary_cat\":\"\",\"title_length\":\"\",\"excerpt_pos\":\"below\",\"rmstyle\":\"filled\",\"excerpt_length\":15,\"nocrop\":\"\",\"hide_cat_mobile\":\"\",\"hide_meta_mobile\":\"\",\"hide_excerpt_mobile\":\"\",\"hide_rm_mobile\":\"\",\"imgtop_mobile\":\"\",\"ver_border\":\"\",\"hide_thumb\":\"yes\",\"show_reviewpie\":\"\",\"show_formaticon\":\"\",\"disable_lazy\":\"\",\"show_excerpt\":\"\",\"show_readmore\":\"\",\"query\":{\"orderby\":\"date\",\"order\":\"desc\",\"ignore_sticky_posts\":1,\"post_status\":\"publish\",\"post__not_in\":[],\"post_type\":\"post\",\"posts_per_page\":9,\"tax_query\":[{\"taxonomy\":\"category\",\"field\":\"term_id\",\"terms\":[\"6\"]}],\"offset\":1},\"category_ids\":\"\",\"taxonomy\":\"\"}';penciBlocksArray.push(pcblock_4223);<\/script>        <div class=\"penci-wrapper-smalllist\">\n\t\t\t\t\t\t            <div class=\"penci-smalllist-wrapper\">\n\t\t\t\t                    <div class=\"penci-smalllist pcsl-wrapper pwsl-id-default\">\n                        <div class=\"pcsl-inner penci-clearfix pcsl-grid pcsl-imgpos-left pcsl-col-1 pcsl-tabcol-1 pcsl-mobcol-1\">\n\t\t\t\t\t\t\t\t\t\t\t\t\t\t\t\t\t\t\t\t\t\t\t\t                                    <div class=\"pcsl-item pcsl-nothumb\">\n                                        <div class=\"pcsl-itemin\">\n                                            <div class=\"pcsl-iteminer\">\n\t\t\t\t\t\t\t\t\t\t\t\t\n\t\t\t\t\t\t\t\t\t\t\t\t                                                <div class=\"pcsl-content\">\n\t\t\t\t\t\t\t\t\t\t\t\t\t\n\t\t\t\t\t\t\t\t\t\t\t\t\t                                                        <div class=\"pcsl-title\">\n                                                            <a href=\"https:\/\/gnews.cz\/it\/kultura\/zdravy-styl\/herbar-hluchavka-bila\/\">Herb\u00e1\u0159: Hluchavka b\u00edl\u00e1 \u2013 \u201ehluch\u00e1\u201c kop\u0159iva, kter\u00e1 nep\u00e1l\u00ed, je zn\u00e1m\u00e1 jako \u017eensk\u00e1 bylinka\u00a0<\/a>\n                                                        <\/div>\n\t\t\t\t\t\t\t\t\t\t\t\t\t\n\t\t\t\t\t\t\t\t\t\t\t\t\t                                                        <div class=\"grid-post-box-meta pcsl-meta\">\n\t\t\t\t\t\t\t\t\t\t\t\t\t\t\t\t\t\t\t\t\t\t\t\t\t\t\t\t\t\t                                                                <span class=\"sl-date\"><time class=\"entry-date published\" datetime=\"2026-04-26T13:00:00+02:00\">Aprile 26, 2026<\/time><\/span>\n\t\t\t\t\t\t\t\t\t\t\t\t\t\t\t\t\t\t\t\t\t\t\t\t\t\t\t\t\t\t\t\t\t\t\t\t\t\t\t\t\t\t\t\t\t\t\t\t\t\t\t\t\t\t\t\t\t\t\t\t\t\t\t\t\t\t\t\t\t\t\t\t\t\t\t\t\t\t\t\t\t\t\t\t\t\t\t\t\t\t                                                        <\/div>\n\t\t\t\t\t\t\t\t\t\t\t\t\t\n\t\t\t\t\t\t\t\t\t\t\t\t\t\t\t\t\t\t\t\t\t\t\t\t\t\t\n                                                <\/div>\n\n\t\t\t\t\t\t\t\t\t\t\t\t                                            <\/div>\n                                        <\/div>\n                                    <\/div>\n                                \t\t\t\t\t\t\t\t\t\t\t\t\t\t\t\t\t                                    <div class=\"pcsl-item pcsl-nothumb\">\n                                        <div class=\"pcsl-itemin\">\n                                            <div class=\"pcsl-iteminer\">\n\t\t\t\t\t\t\t\t\t\t\t\t\n\t\t\t\t\t\t\t\t\t\t\t\t                                                <div class=\"pcsl-content\">\n\t\t\t\t\t\t\t\t\t\t\t\t\t\n\t\t\t\t\t\t\t\t\t\t\t\t\t                                                        <div class=\"pcsl-title\">\n                                                            <a href=\"https:\/\/gnews.cz\/it\/tema\/herbar-mata-peprna\/\">Herb\u00e1\u0159: M\u00e1ta peprn\u00e1 \u2013 pom\u016f\u017ee p\u0159i poruch\u00e1ch tr\u00e1ven\u00ed  i ko\u017en\u00edch probl\u00e9mech<\/a>\n                                                        <\/div>\n\t\t\t\t\t\t\t\t\t\t\t\t\t\n\t\t\t\t\t\t\t\t\t\t\t\t\t                                                        <div class=\"grid-post-box-meta pcsl-meta\">\n\t\t\t\t\t\t\t\t\t\t\t\t\t\t\t\t\t\t\t\t\t\t\t\t\t\t\t\t\t\t                                                                <span class=\"sl-date\"><time class=\"entry-date published\" datetime=\"2026-04-25T13:00:00+02:00\">Aprile 25, 2026<\/time><\/span>\n\t\t\t\t\t\t\t\t\t\t\t\t\t\t\t\t\t\t\t\t\t\t\t\t\t\t\t\t\t\t\t\t\t\t\t\t\t\t\t\t\t\t\t\t\t\t\t\t\t\t\t\t\t\t\t\t\t\t\t\t\t\t\t\t\t\t\t\t\t\t\t\t\t\t\t\t\t\t\t\t\t\t\t\t\t\t\t\t\t\t                                                        <\/div>\n\t\t\t\t\t\t\t\t\t\t\t\t\t\n\t\t\t\t\t\t\t\t\t\t\t\t\t\t\t\t\t\t\t\t\t\t\t\t\t\t\n                                                <\/div>\n\n\t\t\t\t\t\t\t\t\t\t\t\t                                            <\/div>\n                                        <\/div>\n                                    <\/div>\n                                \t\t\t\t\t\t\t\t\t\t\t\t\t\t\t\t\t                                    <div class=\"pcsl-item pcsl-nothumb\">\n                                        <div class=\"pcsl-itemin\">\n                                            <div class=\"pcsl-iteminer\">\n\t\t\t\t\t\t\t\t\t\t\t\t\n\t\t\t\t\t\t\t\t\t\t\t\t                                                <div class=\"pcsl-content\">\n\t\t\t\t\t\t\t\t\t\t\t\t\t\n\t\t\t\t\t\t\t\t\t\t\t\t\t                                                        <div class=\"pcsl-title\">\n                                                            <a href=\"https:\/\/gnews.cz\/it\/tema\/ve-svete-nezname-zajimavosti-o-cinskych-jmenech\/\">Ve sv\u011bt\u011b nezn\u00e1m\u00e9 zaj\u00edmavosti o \u010d\u00ednsk\u00fdch jm\u00e9nech<\/a>\n                                                        <\/div>\n\t\t\t\t\t\t\t\t\t\t\t\t\t\n\t\t\t\t\t\t\t\t\t\t\t\t\t                                                        <div class=\"grid-post-box-meta pcsl-meta\">\n\t\t\t\t\t\t\t\t\t\t\t\t\t\t\t\t\t\t\t\t\t\t\t\t\t\t\t\t\t\t                                                                <span class=\"sl-date\"><time class=\"entry-date published\" datetime=\"2026-04-25T01:00:00+02:00\">Aprile 25, 2026<\/time><\/span>\n\t\t\t\t\t\t\t\t\t\t\t\t\t\t\t\t\t\t\t\t\t\t\t\t\t\t\t\t\t\t\t\t\t\t\t\t\t\t\t\t\t\t\t\t\t\t\t\t\t\t\t\t\t\t\t\t\t\t\t\t\t\t\t\t\t\t\t\t\t\t\t\t\t\t\t\t\t\t\t\t\t\t\t\t\t\t\t\t\t\t                                                        <\/div>\n\t\t\t\t\t\t\t\t\t\t\t\t\t\n\t\t\t\t\t\t\t\t\t\t\t\t\t\t\t\t\t\t\t\t\t\t\t\t\t\t\n                                                <\/div>\n\n\t\t\t\t\t\t\t\t\t\t\t\t                                            <\/div>\n                                        <\/div>\n                                    <\/div>\n                                \t\t\t\t\t\t\t\t\t\t\t\t\t\t\t\t\t                                    <div class=\"pcsl-item pcsl-nothumb\">\n                                        <div class=\"pcsl-itemin\">\n                                            <div class=\"pcsl-iteminer\">\n\t\t\t\t\t\t\t\t\t\t\t\t\n\t\t\t\t\t\t\t\t\t\t\t\t                                                <div class=\"pcsl-content\">\n\t\t\t\t\t\t\t\t\t\t\t\t\t\n\t\t\t\t\t\t\t\t\t\t\t\t\t                                                        <div class=\"pcsl-title\">\n                                                            <a href=\"https:\/\/gnews.cz\/it\/tema\/duch-prahy-v-sanghaji-architektonicka-legenda-ceske-ctvrti-v-qingpu-2\/\">Duch Prahy v \u0160anghaji: Architektonick\u00e1 legenda \u201e\u010cesk\u00e9 \u010dtvrti\u201c v\u00a0Qingpu<\/a>\n                                                        <\/div>\n\t\t\t\t\t\t\t\t\t\t\t\t\t\n\t\t\t\t\t\t\t\t\t\t\t\t\t                                                        <div class=\"grid-post-box-meta pcsl-meta\">\n\t\t\t\t\t\t\t\t\t\t\t\t\t\t\t\t\t\t\t\t\t\t\t\t\t\t\t\t\t\t                                                                <span class=\"sl-date\"><time class=\"entry-date published\" datetime=\"2026-04-24T01:00:00+02:00\">Aprile 24, 2026<\/time><\/span>\n\t\t\t\t\t\t\t\t\t\t\t\t\t\t\t\t\t\t\t\t\t\t\t\t\t\t\t\t\t\t\t\t\t\t\t\t\t\t\t\t\t\t\t\t\t\t\t\t\t\t\t\t\t\t\t\t\t\t\t\t\t\t\t\t\t\t\t\t\t\t\t\t\t\t\t\t\t\t\t\t\t\t\t\t\t\t\t\t\t\t                                                        <\/div>\n\t\t\t\t\t\t\t\t\t\t\t\t\t\n\t\t\t\t\t\t\t\t\t\t\t\t\t\t\t\t\t\t\t\t\t\t\t\t\t\t\n                                                <\/div>\n\n\t\t\t\t\t\t\t\t\t\t\t\t                                            <\/div>\n                                        <\/div>\n                                    <\/div>\n                                \t\t\t\t\t\t\t\t\t\t\t\t\t\t\t\t\t                                    <div class=\"pcsl-item pcsl-nothumb\">\n                                        <div class=\"pcsl-itemin\">\n                                            <div class=\"pcsl-iteminer\">\n\t\t\t\t\t\t\t\t\t\t\t\t\n\t\t\t\t\t\t\t\t\t\t\t\t                                                <div class=\"pcsl-content\">\n\t\t\t\t\t\t\t\t\t\t\t\t\t\n\t\t\t\t\t\t\t\t\t\t\t\t\t                                                        <div class=\"pcsl-title\">\n                                                            <a href=\"https:\/\/gnews.cz\/it\/tema\/exorcista-p-chad-ripperger-odhaluje-demonicke-sily-stojici-za-politikou-zavislosti-na-pornografii-a-posedlosti-sokujici-odhaleni-z-18-let-duchovniho-boje\/\">Exorcista P. Chad Ripperger odhaluje d\u00e9monick\u00e9 s\u00edly stoj\u00edc\u00ed za politikou, z\u00e1vislost\u00ed na pornografii a posedlost\u00ed: \u0160okuj\u00edc\u00ed odhalen\u00ed z 18 let duchovn\u00edho boje<\/a>\n                                                        <\/div>\n\t\t\t\t\t\t\t\t\t\t\t\t\t\n\t\t\t\t\t\t\t\t\t\t\t\t\t                                                        <div class=\"grid-post-box-meta pcsl-meta\">\n\t\t\t\t\t\t\t\t\t\t\t\t\t\t\t\t\t\t\t\t\t\t\t\t\t\t\t\t\t\t                                                                <span class=\"sl-date\"><time class=\"entry-date published\" datetime=\"2026-04-23T15:40:00+02:00\">Aprile 23, 2026<\/time><\/span>\n\t\t\t\t\t\t\t\t\t\t\t\t\t\t\t\t\t\t\t\t\t\t\t\t\t\t\t\t\t\t\t\t\t\t\t\t\t\t\t\t\t\t\t\t\t\t\t\t\t\t\t\t\t\t\t\t\t\t\t\t\t\t\t\t\t\t\t\t\t\t\t\t\t\t\t\t\t\t\t\t\t\t\t\t\t\t\t\t\t\t                                                        <\/div>\n\t\t\t\t\t\t\t\t\t\t\t\t\t\n\t\t\t\t\t\t\t\t\t\t\t\t\t\t\t\t\t\t\t\t\t\t\t\t\t\t\n                                                <\/div>\n\n\t\t\t\t\t\t\t\t\t\t\t\t                                            <\/div>\n                                        <\/div>\n                                    <\/div>\n                                \t\t\t\t\t\t\t\t\t\t\t\t\t\t\t\t\t                                    <div class=\"pcsl-item pcsl-nothumb\">\n                                        <div class=\"pcsl-itemin\">\n                                            <div class=\"pcsl-iteminer\">\n\t\t\t\t\t\t\t\t\t\t\t\t\n\t\t\t\t\t\t\t\t\t\t\t\t                                                <div class=\"pcsl-content\">\n\t\t\t\t\t\t\t\t\t\t\t\t\t\n\t\t\t\t\t\t\t\t\t\t\t\t\t                                                        <div class=\"pcsl-title\">\n                                                            <a href=\"https:\/\/gnews.cz\/it\/tema\/velky-svatek-poezie-v-podani-evy-hrube-jako-basnirky-herecky-reziserky-moderatorky-rozhlasove-publicistiky-a-malirky\/\">Velk\u00fd sv\u00e1tek poezie v pod\u00e1n\u00ed Evy Hrub\u00e9 jako b\u00e1sn\u00ed\u0159ky, here\u010dky, re\u017eis\u00e9rky, moder\u00e1torky rozhlasov\u00e9 publicistiky a mal\u00ed\u0159ky&#8230;<\/a>\n                                                        <\/div>\n\t\t\t\t\t\t\t\t\t\t\t\t\t\n\t\t\t\t\t\t\t\t\t\t\t\t\t                                                        <div class=\"grid-post-box-meta pcsl-meta\">\n\t\t\t\t\t\t\t\t\t\t\t\t\t\t\t\t\t\t\t\t\t\t\t\t\t\t\t\t\t\t                                                                <span class=\"sl-date\"><time class=\"entry-date published\" datetime=\"2026-04-22T21:00:00+02:00\">Aprile 22, 2026<\/time><\/span>\n\t\t\t\t\t\t\t\t\t\t\t\t\t\t\t\t\t\t\t\t\t\t\t\t\t\t\t\t\t\t\t\t\t\t\t\t\t\t\t\t\t\t\t\t\t\t\t\t\t\t\t\t\t\t\t\t\t\t\t\t\t\t\t\t\t\t\t\t\t\t\t\t\t\t\t\t\t\t\t\t\t\t\t\t\t\t\t\t\t\t                                                        <\/div>\n\t\t\t\t\t\t\t\t\t\t\t\t\t\n\t\t\t\t\t\t\t\t\t\t\t\t\t\t\t\t\t\t\t\t\t\t\t\t\t\t\n                                                <\/div>\n\n\t\t\t\t\t\t\t\t\t\t\t\t                                            <\/div>\n                                        <\/div>\n                                    <\/div>\n                                \t\t\t\t\t\t\t\t\t\t\t\t\t\t\t\t\t                                    <div class=\"pcsl-item pcsl-nothumb\">\n                                        <div class=\"pcsl-itemin\">\n                                            <div class=\"pcsl-iteminer\">\n\t\t\t\t\t\t\t\t\t\t\t\t\n\t\t\t\t\t\t\t\t\t\t\t\t                                                <div class=\"pcsl-content\">\n\t\t\t\t\t\t\t\t\t\t\t\t\t\n\t\t\t\t\t\t\t\t\t\t\t\t\t                                                        <div class=\"pcsl-title\">\n                                                            <a href=\"https:\/\/gnews.cz\/it\/tema\/historie-ve-smolenske-oblasti-byla-odhalena-pametni-deska-hrdinovi-sovetskeho-svazu-petru-filimonovovi\/\">Historie: Ve Smolensk\u00e9 oblasti byla odhalena pam\u011btn\u00ed deska hrdinovi Sov\u011btsk\u00e9ho svazu Petru Filimonovovi<\/a>\n                                                        <\/div>\n\t\t\t\t\t\t\t\t\t\t\t\t\t\n\t\t\t\t\t\t\t\t\t\t\t\t\t                                                        <div class=\"grid-post-box-meta pcsl-meta\">\n\t\t\t\t\t\t\t\t\t\t\t\t\t\t\t\t\t\t\t\t\t\t\t\t\t\t\t\t\t\t                                                                <span class=\"sl-date\"><time class=\"entry-date published\" datetime=\"2026-04-21T15:00:00+02:00\">Aprile 21, 2026<\/time><\/span>\n\t\t\t\t\t\t\t\t\t\t\t\t\t\t\t\t\t\t\t\t\t\t\t\t\t\t\t\t\t\t\t\t\t\t\t\t\t\t\t\t\t\t\t\t\t\t\t\t\t\t\t\t\t\t\t\t\t\t\t\t\t\t\t\t\t\t\t\t\t\t\t\t\t\t\t\t\t\t\t\t\t\t\t\t\t\t\t\t\t\t                                                        <\/div>\n\t\t\t\t\t\t\t\t\t\t\t\t\t\n\t\t\t\t\t\t\t\t\t\t\t\t\t\t\t\t\t\t\t\t\t\t\t\t\t\t\n                                                <\/div>\n\n\t\t\t\t\t\t\t\t\t\t\t\t                                            <\/div>\n                                        <\/div>\n                                    <\/div>\n                                \t\t\t\t\t\t\t\t\t\t\t\t\t\t\t\t\t                                    <div class=\"pcsl-item pcsl-nothumb\">\n                                        <div class=\"pcsl-itemin\">\n                                            <div class=\"pcsl-iteminer\">\n\t\t\t\t\t\t\t\t\t\t\t\t\n\t\t\t\t\t\t\t\t\t\t\t\t                                                <div class=\"pcsl-content\">\n\t\t\t\t\t\t\t\t\t\t\t\t\t\n\t\t\t\t\t\t\t\t\t\t\t\t\t                                                        <div class=\"pcsl-title\">\n                                                            <a href=\"https:\/\/gnews.cz\/it\/tema\/svetobeznik-vytvarne-fotografie-jiri-george-ksandr\/\">Sv\u011btob\u011b\u017en\u00edk v\u00fdtvarn\u00e9 fotografie Ji\u0159\u00ed George Ksandr<\/a>\n                                                        <\/div>\n\t\t\t\t\t\t\t\t\t\t\t\t\t\n\t\t\t\t\t\t\t\t\t\t\t\t\t                                                        <div class=\"grid-post-box-meta pcsl-meta\">\n\t\t\t\t\t\t\t\t\t\t\t\t\t\t\t\t\t\t\t\t\t\t\t\t\t\t\t\t\t\t                                                                <span class=\"sl-date\"><time class=\"entry-date published\" datetime=\"2026-04-20T01:00:00+02:00\">Aprile 20, 2026<\/time><\/span>\n\t\t\t\t\t\t\t\t\t\t\t\t\t\t\t\t\t\t\t\t\t\t\t\t\t\t\t\t\t\t\t\t\t\t\t\t\t\t\t\t\t\t\t\t\t\t\t\t\t\t\t\t\t\t\t\t\t\t\t\t\t\t\t\t\t\t\t\t\t\t\t\t\t\t\t\t\t\t\t\t\t\t\t\t\t\t\t\t\t\t                                                        <\/div>\n\t\t\t\t\t\t\t\t\t\t\t\t\t\n\t\t\t\t\t\t\t\t\t\t\t\t\t\t\t\t\t\t\t\t\t\t\t\t\t\t\n                                                <\/div>\n\n\t\t\t\t\t\t\t\t\t\t\t\t                                            <\/div>\n                                        <\/div>\n                                    <\/div>\n                                \t\t\t\t\t\t\t\t\t\t\t\t\t\t\t\t\t                                    <div class=\"pcsl-item pcsl-nothumb\">\n                                        <div class=\"pcsl-itemin\">\n                                            <div class=\"pcsl-iteminer\">\n\t\t\t\t\t\t\t\t\t\t\t\t\n\t\t\t\t\t\t\t\t\t\t\t\t                                                <div class=\"pcsl-content\">\n\t\t\t\t\t\t\t\t\t\t\t\t\t\n\t\t\t\t\t\t\t\t\t\t\t\t\t                                                        <div class=\"pcsl-title\">\n                                                            <a href=\"https:\/\/gnews.cz\/it\/tema\/hvezdy-ticho-jaro-tri-drobne-promeny-cinske-ekologie\/\">Hv\u011bzdy, ticho, jaro: T\u0159i drobn\u00e9 prom\u011bny \u010d\u00ednsk\u00e9 ekologie<\/a>\n                                                        <\/div>\n\t\t\t\t\t\t\t\t\t\t\t\t\t\n\t\t\t\t\t\t\t\t\t\t\t\t\t                                                        <div class=\"grid-post-box-meta pcsl-meta\">\n\t\t\t\t\t\t\t\t\t\t\t\t\t\t\t\t\t\t\t\t\t\t\t\t\t\t\t\t\t\t                                                                <span class=\"sl-date\"><time class=\"entry-date published\" datetime=\"2026-04-19T23:00:00+02:00\">Aprile 19, 2026<\/time><\/span>\n\t\t\t\t\t\t\t\t\t\t\t\t\t\t\t\t\t\t\t\t\t\t\t\t\t\t\t\t\t\t\t\t\t\t\t\t\t\t\t\t\t\t\t\t\t\t\t\t\t\t\t\t\t\t\t\t\t\t\t\t\t\t\t\t\t\t\t\t\t\t\t\t\t\t\t\t\t\t\t\t\t\t\t\t\t\t\t\t\t\t                                                        <\/div>\n\t\t\t\t\t\t\t\t\t\t\t\t\t\n\t\t\t\t\t\t\t\t\t\t\t\t\t\t\t\t\t\t\t\t\t\t\t\t\t\t\n                                                <\/div>\n\n\t\t\t\t\t\t\t\t\t\t\t\t                                            <\/div>\n                                        <\/div>\n                                    <\/div>\n                                \t\t\t\t\t\t\t\t\t\t\t\t\t\t\t\t                        <\/div>\n\n\t\t\t\t\t\t\n                    <\/div>\n\t\t\t\t\t            <\/div>\n        <\/div>\n\t\t\t\t\t\t<\/div>\n\t\t\t\t<\/div>\n\t\t\t\t<\/div>\n\t\t\t\t<\/div>\n\t\t<div class=\"elementor-element elementor-element-e9181cd e-con-full e-grid e-con e-parent\" data-id=\"e9181cd\" data-element_type=\"container\" data-e-type=\"container\">\n\t\t<div class=\"elementor-element elementor-element-34b0a94 e-con-full e-flex e-con e-child\" data-id=\"34b0a94\" data-element_type=\"container\" data-e-type=\"container\">\n\t\t\t\t<div class=\"elementor-element elementor-element-a62fd6f elementor-widget elementor-widget-penci-block-heading\" data-id=\"a62fd6f\" data-element_type=\"widget\" data-e-type=\"widget\" data-widget_type=\"penci-block-heading.default\">\n\t\t\t\t<div class=\"elementor-widget-container\">\n\t\t\t\t\t\t\t<div class=\"penciel-bheading penci-border-arrow penci-homepage-title penci-home-latest-posts style-6 pcalign-left pciconp-right pcicon-right block-title-icon-left\">\n\t\t\t<h3 class=\"inner-arrow\">\n\t\t\t\t<span>\n\t\t\t\t<a href=\"https:\/\/gnews.cz\/cs_cz\/tag\/cr\/\">\u010cR<\/a>\t\t\t\t<\/span>\n\t\t\t<\/h3>\n\t\t\t\t\t<\/div>\n\t\t\t\t\t\t<\/div>\n\t\t\t\t<\/div>\n\t\t\t\t<div class=\"elementor-element elementor-element-75b0cdc elementor-widget elementor-widget-penci-big-grid\" data-id=\"75b0cdc\" data-element_type=\"widget\" data-e-type=\"widget\" data-widget_type=\"penci-big-grid.default\">\n\t\t\t\t<div class=\"elementor-widget-container\">\n\t\t\t\t\t        <div class=\"penci-clearfix penci-biggrid-wrapper penci-grid-col-1 penci-grid-mcol-1 penci-bgrid-based-post penci-bgrid-style-1 pcbg-ficonpo-top-right pcbg-reiconpo-top-left penci-bgrid-content-below pencibg-imageh-zoom-in pencibg-texth-none pencibg-textani-movetop textop\">\n\t\t\t            <div class=\"penci-clearfix penci-biggrid penci-bgstyle-1 penci-bgel\">\n                <div class=\"penci-biggrid-inner default\">\n\t\t\t\t\t<div class=\"penci-clearfix penci-biggrid-data penci-dflex\"><div class=\"penci-bgitem\">\n    <div class=\"penci-bgitin\">\n        <div class=\"penci-bgmain\">\n            <div class=\"pcbg-thumb\">\n\t\t\t\t\t\t\t\t                <div class=\"pcbg-thumbin\">\n                    <a class=\"pcbg-bgoverlay\"\n                       href=\"https:\/\/gnews.cz\/it\/tema\/odbory-budou-chtit-snizeni-veku-odchodu-do-duchodu-a-zkraceni-pracovniho-tydne\/\" title=\"Odbory budou cht\u00edt sn\u00ed\u017een\u00ed v\u011bku odchodu do d\u016fchodu a zkr\u00e1cen\u00ed pracovn\u00edho t\u00fddne\"><\/a>\n\n                        <div  data-bgset=\"https:\/\/gnews.cz\/wp-content\/uploads\/2026\/04\/Screenshot_20260425_163615-585x414.webp\" data_bg_hidpi=\"https:\/\/gnews.cz\/wp-content\/uploads\/2026\/04\/Screenshot_20260425_163615-585x414.webp\" class=\"penci-lazy penci-image-holder\">\n                                                    <\/div>\n\n                <\/div>\n            <\/div>\n            <div class=\"pcbg-content\">\n                <div class=\"pcbg-content-flex\">\n                    <a class=\"pcbg-bgoverlay\"\n                       href=\"https:\/\/gnews.cz\/it\/tema\/odbory-budou-chtit-snizeni-veku-odchodu-do-duchodu-a-zkraceni-pracovniho-tydne\/\" title=\"Odbory budou cht\u00edt sn\u00ed\u017een\u00ed v\u011bku odchodu do d\u016fchodu a zkr\u00e1cen\u00ed pracovn\u00edho t\u00fddne\"><\/a>\n                    <div class=\"pcbg-content-inner bgcontent-block\">\n                        <a href=\"https:\/\/gnews.cz\/it\/tema\/odbory-budou-chtit-snizeni-veku-odchodu-do-duchodu-a-zkraceni-pracovniho-tydne\/\" title=\"Odbory budou cht\u00edt sn\u00ed\u017een\u00ed v\u011bku odchodu do d\u016fchodu a zkr\u00e1cen\u00ed pracovn\u00edho t\u00fddne\"\n                           class=\"pcbg-bgoverlaytext item-hover\"><\/a>\n\n\t\t\t\t\t\t\n\t\t\t\t\t\t                            <div class=\"pcbg-heading item-hover\">\n                                <h3 class=\"pcbg-title\">\n                                    <a href=\"https:\/\/gnews.cz\/it\/tema\/odbory-budou-chtit-snizeni-veku-odchodu-do-duchodu-a-zkraceni-pracovniho-tydne\/\">\n\t\t\t\t\t\t\t\t\t\tOdbory budou cht\u00edt sn\u00ed\u017een\u00ed v\u011bku odchodu do d\u016fchodu a zkr\u00e1cen\u00ed pracovn\u00edho t\u00fddne                                    <\/a>\n                                <\/h3>\n                            <\/div>\n\t\t\t\t\t\t\n\t\t\t\t\t\t                            <div class=\"grid-post-box-meta pcbg-meta item-hover\">\n                                <div class=\"pcbg-meta-desc\">\n\t\t\t\t\t\t\t\t\t\t\t\t\t\t\t\t\t\t                                        <span class=\"bg-date\"><time class=\"entry-date published\" datetime=\"2026-04-25T16:00:00+02:00\">Aprile 25, 2026<\/time><\/span>\n\t\t\t\t\t\t\t\t\t\t\t\t\t\t\t\t\t\t\t\t\t\t\t\t\t\t\t\t\t\t\t\t\t\t\t\t\t\t\t\t\t\t\t\t\t\t\t\t\t\t\t\t\t\t                                <\/div>\n\t\t\t\t\t\t\t\t                            <\/div>\n\t\t\t\t\t\t\n\t\t\t\t\t\t                    <\/div>\n                <\/div>\n            <\/div>\n        <\/div>\n    <\/div>\n<\/div>\n<\/div>                <\/div>\n\t\t\t\t            <\/div>\n        <\/div>\n\t\t\t\t\t\t<\/div>\n\t\t\t\t<\/div>\n\t\t\t\t<div class=\"elementor-element elementor-element-5a50e71 elementor-widget elementor-widget-penci-small-list\" data-id=\"5a50e71\" data-element_type=\"widget\" data-e-type=\"widget\" data-widget_type=\"penci-small-list.default\">\n\t\t\t\t<div class=\"elementor-widget-container\">\n\t\t\t\t\t<script>if( typeof(penciBlock) === \"undefined\" ) {function penciBlock() { this.atts_json = ''; this.content = ''; }}var penciBlocksArray = penciBlocksArray || [];var PENCILOCALCACHE = PENCILOCALCACHE || {};var pcblock_9577 = new penciBlock();pcblock_9577.blockID=\"pcblock_9577\";pcblock_9577.atts_json = '{\"type\":\"grid\",\"dformat\":\"\",\"date_pos\":\"left\",\"column\":\"1\",\"tab_column\":\"1\",\"mb_column\":\"1\",\"imgpos\":\"left\",\"thumb_size\":\"\",\"mthumb_size\":\"\",\"post_meta\":[\"title\",\"date\"],\"primary_cat\":\"\",\"title_length\":\"\",\"excerpt_pos\":\"below\",\"rmstyle\":\"filled\",\"excerpt_length\":15,\"nocrop\":\"\",\"hide_cat_mobile\":\"\",\"hide_meta_mobile\":\"\",\"hide_excerpt_mobile\":\"\",\"hide_rm_mobile\":\"\",\"imgtop_mobile\":\"\",\"ver_border\":\"\",\"hide_thumb\":\"yes\",\"show_reviewpie\":\"\",\"show_formaticon\":\"\",\"disable_lazy\":\"\",\"show_excerpt\":\"\",\"show_readmore\":\"\",\"query\":{\"orderby\":\"date\",\"order\":\"desc\",\"ignore_sticky_posts\":1,\"post_status\":\"publish\",\"post__not_in\":[],\"post_type\":\"post\",\"posts_per_page\":4,\"tax_query\":[{\"taxonomy\":\"category\",\"field\":\"term_id\",\"terms\":[\"2968\"]},{\"taxonomy\":\"category\",\"field\":\"term_id\",\"terms\":[\"4\",\"2973\"],\"operator\":\"NOT IN\"}],\"offset\":1},\"category_ids\":\"\",\"taxonomy\":\"\"}';penciBlocksArray.push(pcblock_9577);<\/script>        <div class=\"penci-wrapper-smalllist\">\n\t\t\t\t\t\t            <div class=\"penci-smalllist-wrapper\">\n\t\t\t\t                    <div class=\"penci-smalllist pcsl-wrapper pwsl-id-default\">\n                        <div class=\"pcsl-inner penci-clearfix pcsl-grid pcsl-imgpos-left pcsl-col-1 pcsl-tabcol-1 pcsl-mobcol-1\">\n\t\t\t\t\t\t\t\t\t\t\t\t\t\t\t\t\t\t\t\t\t\t\t\t                                    <div class=\"pcsl-item pcsl-nothumb\">\n                                        <div class=\"pcsl-itemin\">\n                                            <div class=\"pcsl-iteminer\">\n\t\t\t\t\t\t\t\t\t\t\t\t\n\t\t\t\t\t\t\t\t\t\t\t\t                                                <div class=\"pcsl-content\">\n\t\t\t\t\t\t\t\t\t\t\t\t\t\n\t\t\t\t\t\t\t\t\t\t\t\t\t                                                        <div class=\"pcsl-title\">\n                                                            <a href=\"https:\/\/gnews.cz\/it\/tema\/herbar-mata-peprna\/\">Herb\u00e1\u0159: M\u00e1ta peprn\u00e1 \u2013 pom\u016f\u017ee p\u0159i poruch\u00e1ch tr\u00e1ven\u00ed  i ko\u017en\u00edch probl\u00e9mech<\/a>\n                                                        <\/div>\n\t\t\t\t\t\t\t\t\t\t\t\t\t\n\t\t\t\t\t\t\t\t\t\t\t\t\t                                                        <div class=\"grid-post-box-meta pcsl-meta\">\n\t\t\t\t\t\t\t\t\t\t\t\t\t\t\t\t\t\t\t\t\t\t\t\t\t\t\t\t\t\t                                                                <span class=\"sl-date\"><time class=\"entry-date published\" datetime=\"2026-04-25T13:00:00+02:00\">Aprile 25, 2026<\/time><\/span>\n\t\t\t\t\t\t\t\t\t\t\t\t\t\t\t\t\t\t\t\t\t\t\t\t\t\t\t\t\t\t\t\t\t\t\t\t\t\t\t\t\t\t\t\t\t\t\t\t\t\t\t\t\t\t\t\t\t\t\t\t\t\t\t\t\t\t\t\t\t\t\t\t\t\t\t\t\t\t\t\t\t\t\t\t\t\t\t\t\t\t                                                        <\/div>\n\t\t\t\t\t\t\t\t\t\t\t\t\t\n\t\t\t\t\t\t\t\t\t\t\t\t\t\t\t\t\t\t\t\t\t\t\t\t\t\t\n                                                <\/div>\n\n\t\t\t\t\t\t\t\t\t\t\t\t                                            <\/div>\n                                        <\/div>\n                                    <\/div>\n                                \t\t\t\t\t\t\t\t\t\t\t\t\t\t\t\t\t                                    <div class=\"pcsl-item pcsl-nothumb\">\n                                        <div class=\"pcsl-itemin\">\n                                            <div class=\"pcsl-iteminer\">\n\t\t\t\t\t\t\t\t\t\t\t\t\n\t\t\t\t\t\t\t\t\t\t\t\t                                                <div class=\"pcsl-content\">\n\t\t\t\t\t\t\t\t\t\t\t\t\t\n\t\t\t\t\t\t\t\t\t\t\t\t\t                                                        <div class=\"pcsl-title\">\n                                                            <a href=\"https:\/\/gnews.cz\/it\/tema\/velky-svatek-poezie-v-podani-evy-hrube-jako-basnirky-herecky-reziserky-moderatorky-rozhlasove-publicistiky-a-malirky\/\">Velk\u00fd sv\u00e1tek poezie v pod\u00e1n\u00ed Evy Hrub\u00e9 jako b\u00e1sn\u00ed\u0159ky, here\u010dky, re\u017eis\u00e9rky, moder\u00e1torky rozhlasov\u00e9 publicistiky a mal\u00ed\u0159ky&#8230;<\/a>\n                                                        <\/div>\n\t\t\t\t\t\t\t\t\t\t\t\t\t\n\t\t\t\t\t\t\t\t\t\t\t\t\t                                                        <div class=\"grid-post-box-meta pcsl-meta\">\n\t\t\t\t\t\t\t\t\t\t\t\t\t\t\t\t\t\t\t\t\t\t\t\t\t\t\t\t\t\t                                                                <span class=\"sl-date\"><time class=\"entry-date published\" datetime=\"2026-04-22T21:00:00+02:00\">Aprile 22, 2026<\/time><\/span>\n\t\t\t\t\t\t\t\t\t\t\t\t\t\t\t\t\t\t\t\t\t\t\t\t\t\t\t\t\t\t\t\t\t\t\t\t\t\t\t\t\t\t\t\t\t\t\t\t\t\t\t\t\t\t\t\t\t\t\t\t\t\t\t\t\t\t\t\t\t\t\t\t\t\t\t\t\t\t\t\t\t\t\t\t\t\t\t\t\t\t                                                        <\/div>\n\t\t\t\t\t\t\t\t\t\t\t\t\t\n\t\t\t\t\t\t\t\t\t\t\t\t\t\t\t\t\t\t\t\t\t\t\t\t\t\t\n                                                <\/div>\n\n\t\t\t\t\t\t\t\t\t\t\t\t                                            <\/div>\n                                        <\/div>\n                                    <\/div>\n                                \t\t\t\t\t\t\t\t\t\t\t\t\t\t\t\t\t                                    <div class=\"pcsl-item pcsl-nothumb\">\n                                        <div class=\"pcsl-itemin\">\n                                            <div class=\"pcsl-iteminer\">\n\t\t\t\t\t\t\t\t\t\t\t\t\n\t\t\t\t\t\t\t\t\t\t\t\t                                                <div class=\"pcsl-content\">\n\t\t\t\t\t\t\t\t\t\t\t\t\t\n\t\t\t\t\t\t\t\t\t\t\t\t\t                                                        <div class=\"pcsl-title\">\n                                                            <a href=\"https:\/\/gnews.cz\/it\/neprehlednete\/prezident-petr-pavel-predal-cenu-arnosta-lustiga-oceneni-ziskal-ondrej-vetchy-za-obcanskou-odvahu\/\">Prezident Petr Pavel p\u0159edal Cenu Arno\u0161ta Lustiga. Ocen\u011bn\u00ed z\u00edskal Ond\u0159ej Vetch\u00fd za ob\u010danskou odvahu<\/a>\n                                                        <\/div>\n\t\t\t\t\t\t\t\t\t\t\t\t\t\n\t\t\t\t\t\t\t\t\t\t\t\t\t                                                        <div class=\"grid-post-box-meta pcsl-meta\">\n\t\t\t\t\t\t\t\t\t\t\t\t\t\t\t\t\t\t\t\t\t\t\t\t\t\t\t\t\t\t                                                                <span class=\"sl-date\"><time class=\"entry-date published\" datetime=\"2026-04-21T21:00:00+02:00\">Aprile 21, 2026<\/time><\/span>\n\t\t\t\t\t\t\t\t\t\t\t\t\t\t\t\t\t\t\t\t\t\t\t\t\t\t\t\t\t\t\t\t\t\t\t\t\t\t\t\t\t\t\t\t\t\t\t\t\t\t\t\t\t\t\t\t\t\t\t\t\t\t\t\t\t\t\t\t\t\t\t\t\t\t\t\t\t\t\t\t\t\t\t\t\t\t\t\t\t\t                                                        <\/div>\n\t\t\t\t\t\t\t\t\t\t\t\t\t\n\t\t\t\t\t\t\t\t\t\t\t\t\t\t\t\t\t\t\t\t\t\t\t\t\t\t\n                                                <\/div>\n\n\t\t\t\t\t\t\t\t\t\t\t\t                                            <\/div>\n                                        <\/div>\n                                    <\/div>\n                                \t\t\t\t\t\t\t\t\t\t\t\t\t\t\t\t\t                                    <div class=\"pcsl-item pcsl-nothumb\">\n                                        <div class=\"pcsl-itemin\">\n                                            <div class=\"pcsl-iteminer\">\n\t\t\t\t\t\t\t\t\t\t\t\t\n\t\t\t\t\t\t\t\t\t\t\t\t                                                <div class=\"pcsl-content\">\n\t\t\t\t\t\t\t\t\t\t\t\t\t\n\t\t\t\t\t\t\t\t\t\t\t\t\t                                                        <div class=\"pcsl-title\">\n                                                            <a href=\"https:\/\/gnews.cz\/it\/tema\/vlada-andreje-babise-rozhodla-o-presunu-agendy-odboru-prumyslove-spoluprace-z-ministerstva-obrany-na-ministerstvo-prumyslu-a-obchodu\/\">Vl\u00e1da Andreje Babi\u0161e rozhodla o p\u0159esunu agendy odboru pr\u016fmyslov\u00e9 spolupr\u00e1ce z Ministerstva obrany na Ministerstvo pr\u016fmyslu a obchodu<\/a>\n                                                        <\/div>\n\t\t\t\t\t\t\t\t\t\t\t\t\t\n\t\t\t\t\t\t\t\t\t\t\t\t\t                                                        <div class=\"grid-post-box-meta pcsl-meta\">\n\t\t\t\t\t\t\t\t\t\t\t\t\t\t\t\t\t\t\t\t\t\t\t\t\t\t\t\t\t\t                                                                <span class=\"sl-date\"><time class=\"entry-date published\" datetime=\"2026-04-20T21:00:00+02:00\">Aprile 20, 2026<\/time><\/span>\n\t\t\t\t\t\t\t\t\t\t\t\t\t\t\t\t\t\t\t\t\t\t\t\t\t\t\t\t\t\t\t\t\t\t\t\t\t\t\t\t\t\t\t\t\t\t\t\t\t\t\t\t\t\t\t\t\t\t\t\t\t\t\t\t\t\t\t\t\t\t\t\t\t\t\t\t\t\t\t\t\t\t\t\t\t\t\t\t\t\t                                                        <\/div>\n\t\t\t\t\t\t\t\t\t\t\t\t\t\n\t\t\t\t\t\t\t\t\t\t\t\t\t\t\t\t\t\t\t\t\t\t\t\t\t\t\n                                                <\/div>\n\n\t\t\t\t\t\t\t\t\t\t\t\t                                            <\/div>\n                                        <\/div>\n                                    <\/div>\n                                \t\t\t\t\t\t\t\t\t\t\t\t\t\t\t\t                        <\/div>\n\n\t\t\t\t\t\t\n                    <\/div>\n\t\t\t\t\t            <\/div>\n        <\/div>\n\t\t\t\t\t\t<\/div>\n\t\t\t\t<\/div>\n\t\t\t\t<\/div>\n\t\t<div class=\"elementor-element elementor-element-df4bc1e e-con-full e-flex e-con e-child\" data-id=\"df4bc1e\" data-element_type=\"container\" data-e-type=\"container\">\n\t\t\t\t<div class=\"elementor-element elementor-element-3b59e77 elementor-widget elementor-widget-penci-block-heading\" data-id=\"3b59e77\" data-element_type=\"widget\" data-e-type=\"widget\" data-widget_type=\"penci-block-heading.default\">\n\t\t\t\t<div class=\"elementor-widget-container\">\n\t\t\t\t\t\t\t<div class=\"penciel-bheading penci-border-arrow penci-homepage-title penci-home-latest-posts style-6 pcalign-left pciconp-right pcicon-right block-title-icon-left\">\n\t\t\t<h3 class=\"inner-arrow\">\n\t\t\t\t<span>\n\t\t\t\t<a href=\"https:\/\/gnews.cz\/cs_cz\/tag\/evropa\/\">Evropa<\/a>\t\t\t\t<\/span>\n\t\t\t<\/h3>\n\t\t\t\t\t<\/div>\n\t\t\t\t\t\t<\/div>\n\t\t\t\t<\/div>\n\t\t\t\t<div class=\"elementor-element elementor-element-6c0c711 elementor-widget elementor-widget-penci-big-grid\" data-id=\"6c0c711\" data-element_type=\"widget\" data-e-type=\"widget\" data-widget_type=\"penci-big-grid.default\">\n\t\t\t\t<div class=\"elementor-widget-container\">\n\t\t\t\t\t        <div class=\"penci-clearfix penci-biggrid-wrapper penci-grid-col-1 penci-grid-mcol-1 penci-bgrid-based-post penci-bgrid-style-1 pcbg-ficonpo-top-right pcbg-reiconpo-top-left penci-bgrid-content-below pencibg-imageh-zoom-in pencibg-texth-none pencibg-textani-movetop textop\">\n\t\t\t            <div class=\"penci-clearfix penci-biggrid penci-bgstyle-1 penci-bgel\">\n                <div class=\"penci-biggrid-inner default\">\n\t\t\t\t\t<div class=\"penci-clearfix penci-biggrid-data penci-dflex\"><div class=\"penci-bgitem\">\n    <div class=\"penci-bgitin\">\n        <div class=\"penci-bgmain\">\n            <div class=\"pcbg-thumb\">\n\t\t\t\t\t\t\t\t                <div class=\"pcbg-thumbin\">\n                    <a class=\"pcbg-bgoverlay\"\n                       href=\"https:\/\/gnews.cz\/it\/tema\/podnestri-oznacuje-pokusy-moldavska-o-vytlaceni-ruskych-vojsk-za-destruktivni\/\" title=\"Podn\u011bst\u0159\u00ed ozna\u010duje pokusy Moldavska o vytla\u010den\u00ed rusk\u00fdch vojsk za destruktivn\u00ed\"><\/a>\n\n                        <div  data-bgset=\"https:\/\/gnews.cz\/wp-content\/uploads\/2026\/04\/Screenshot_20260418_010156-585x399.webp\" data_bg_hidpi=\"https:\/\/gnews.cz\/wp-content\/uploads\/2026\/04\/Screenshot_20260418_010156-585x399.webp\" class=\"penci-lazy penci-image-holder\">\n                                                    <\/div>\n\n                <\/div>\n            <\/div>\n            <div class=\"pcbg-content\">\n                <div class=\"pcbg-content-flex\">\n                    <a class=\"pcbg-bgoverlay\"\n                       href=\"https:\/\/gnews.cz\/it\/tema\/podnestri-oznacuje-pokusy-moldavska-o-vytlaceni-ruskych-vojsk-za-destruktivni\/\" title=\"Podn\u011bst\u0159\u00ed ozna\u010duje pokusy Moldavska o vytla\u010den\u00ed rusk\u00fdch vojsk za destruktivn\u00ed\"><\/a>\n                    <div class=\"pcbg-content-inner bgcontent-block\">\n                        <a href=\"https:\/\/gnews.cz\/it\/tema\/podnestri-oznacuje-pokusy-moldavska-o-vytlaceni-ruskych-vojsk-za-destruktivni\/\" title=\"Podn\u011bst\u0159\u00ed ozna\u010duje pokusy Moldavska o vytla\u010den\u00ed rusk\u00fdch vojsk za destruktivn\u00ed\"\n                           class=\"pcbg-bgoverlaytext item-hover\"><\/a>\n\n\t\t\t\t\t\t\n\t\t\t\t\t\t                            <div class=\"pcbg-heading item-hover\">\n                                <h3 class=\"pcbg-title\">\n                                    <a href=\"https:\/\/gnews.cz\/it\/tema\/podnestri-oznacuje-pokusy-moldavska-o-vytlaceni-ruskych-vojsk-za-destruktivni\/\">\n\t\t\t\t\t\t\t\t\t\tPodn\u011bst\u0159\u00ed ozna\u010duje pokusy Moldavska o vytla\u010den\u00ed rusk\u00fdch vojsk za destruktivn\u00ed                                    <\/a>\n                                <\/h3>\n                            <\/div>\n\t\t\t\t\t\t\n\t\t\t\t\t\t                            <div class=\"grid-post-box-meta pcbg-meta item-hover\">\n                                <div class=\"pcbg-meta-desc\">\n\t\t\t\t\t\t\t\t\t\t\t\t\t\t\t\t\t\t                                        <span class=\"bg-date\"><time class=\"entry-date published\" datetime=\"2026-04-18T09:30:00+02:00\">Aprile 18, 2026<\/time><\/span>\n\t\t\t\t\t\t\t\t\t\t\t\t\t\t\t\t\t\t\t\t\t\t\t\t\t\t\t\t\t\t\t\t\t\t\t\t\t\t\t\t\t\t\t\t\t\t\t\t\t\t\t\t\t\t                                <\/div>\n\t\t\t\t\t\t\t\t                            <\/div>\n\t\t\t\t\t\t\n\t\t\t\t\t\t                    <\/div>\n                <\/div>\n            <\/div>\n        <\/div>\n    <\/div>\n<\/div>\n<\/div>                <\/div>\n\t\t\t\t            <\/div>\n        <\/div>\n\t\t\t\t\t\t<\/div>\n\t\t\t\t<\/div>\n\t\t\t\t<div class=\"elementor-element elementor-element-5b6c221 elementor-widget elementor-widget-penci-small-list\" data-id=\"5b6c221\" data-element_type=\"widget\" data-e-type=\"widget\" data-widget_type=\"penci-small-list.default\">\n\t\t\t\t<div class=\"elementor-widget-container\">\n\t\t\t\t\t<script>if( typeof(penciBlock) === \"undefined\" ) {function penciBlock() { this.atts_json = ''; this.content = ''; }}var penciBlocksArray = penciBlocksArray || [];var PENCILOCALCACHE = PENCILOCALCACHE || {};var pcblock_4037 = new penciBlock();pcblock_4037.blockID=\"pcblock_4037\";pcblock_4037.atts_json = '{\"type\":\"grid\",\"dformat\":\"\",\"date_pos\":\"left\",\"column\":\"1\",\"tab_column\":\"1\",\"mb_column\":\"1\",\"imgpos\":\"left\",\"thumb_size\":\"\",\"mthumb_size\":\"\",\"post_meta\":[\"title\",\"date\"],\"primary_cat\":\"\",\"title_length\":\"\",\"excerpt_pos\":\"below\",\"rmstyle\":\"filled\",\"excerpt_length\":15,\"nocrop\":\"\",\"hide_cat_mobile\":\"\",\"hide_meta_mobile\":\"\",\"hide_excerpt_mobile\":\"\",\"hide_rm_mobile\":\"\",\"imgtop_mobile\":\"\",\"ver_border\":\"\",\"hide_thumb\":\"yes\",\"show_reviewpie\":\"\",\"show_formaticon\":\"\",\"disable_lazy\":\"\",\"show_excerpt\":\"\",\"show_readmore\":\"\",\"query\":{\"orderby\":\"date\",\"order\":\"desc\",\"ignore_sticky_posts\":1,\"post_status\":\"publish\",\"post__not_in\":[],\"post_type\":\"post\",\"posts_per_page\":4,\"tax_query\":[{\"taxonomy\":\"post_tag\",\"field\":\"term_id\",\"terms\":[\"78\"]},{\"taxonomy\":\"category\",\"field\":\"term_id\",\"terms\":[\"4\",\"1376\",\"2968\"],\"operator\":\"NOT IN\"},{\"taxonomy\":\"post_tag\",\"field\":\"term_id\",\"terms\":[\"38\",\"26\",\"22\"],\"operator\":\"NOT IN\"}],\"offset\":1},\"category_ids\":\"\",\"taxonomy\":\"\"}';penciBlocksArray.push(pcblock_4037);<\/script>        <div class=\"penci-wrapper-smalllist\">\n\t\t\t\t\t\t            <div class=\"penci-smalllist-wrapper\">\n\t\t\t\t                    <div class=\"penci-smalllist pcsl-wrapper pwsl-id-default\">\n                        <div class=\"pcsl-inner penci-clearfix pcsl-grid pcsl-imgpos-left pcsl-col-1 pcsl-tabcol-1 pcsl-mobcol-1\">\n\t\t\t\t\t\t\t\t\t\t\t\t\t\t\t\t\t\t\t\t\t\t\t\t                                    <div class=\"pcsl-item pcsl-nothumb\">\n                                        <div class=\"pcsl-itemin\">\n                                            <div class=\"pcsl-iteminer\">\n\t\t\t\t\t\t\t\t\t\t\t\t\n\t\t\t\t\t\t\t\t\t\t\t\t                                                <div class=\"pcsl-content\">\n\t\t\t\t\t\t\t\t\t\t\t\t\t\n\t\t\t\t\t\t\t\t\t\t\t\t\t                                                        <div class=\"pcsl-title\">\n                                                            <a href=\"https:\/\/gnews.cz\/it\/tema\/opozicni-madaska-strana-tisza-miri-k-ustavni-vetsine-orbanova-fidesz-vyrazne-zaostava\/\">Opozi\u010dn\u00ed ma\u010farsk\u00e1 strana Tisza m\u00ed\u0159\u00ed k \u00fastavn\u00ed v\u011bt\u0161in\u011b, Orb\u00e1nova Fidesz v\u00fdrazn\u011b zaost\u00e1v\u00e1<\/a>\n                                                        <\/div>\n\t\t\t\t\t\t\t\t\t\t\t\t\t\n\t\t\t\t\t\t\t\t\t\t\t\t\t                                                        <div class=\"grid-post-box-meta pcsl-meta\">\n\t\t\t\t\t\t\t\t\t\t\t\t\t\t\t\t\t\t\t\t\t\t\t\t\t\t\t\t\t\t                                                                <span class=\"sl-date\"><time class=\"entry-date published\" datetime=\"2026-04-12T22:18:28+02:00\">Aprile 12, 2026<\/time><\/span>\n\t\t\t\t\t\t\t\t\t\t\t\t\t\t\t\t\t\t\t\t\t\t\t\t\t\t\t\t\t\t\t\t\t\t\t\t\t\t\t\t\t\t\t\t\t\t\t\t\t\t\t\t\t\t\t\t\t\t\t\t\t\t\t\t\t\t\t\t\t\t\t\t\t\t\t\t\t\t\t\t\t\t\t\t\t\t\t\t\t\t                                                        <\/div>\n\t\t\t\t\t\t\t\t\t\t\t\t\t\n\t\t\t\t\t\t\t\t\t\t\t\t\t\t\t\t\t\t\t\t\t\t\t\t\t\t\n                                                <\/div>\n\n\t\t\t\t\t\t\t\t\t\t\t\t                                            <\/div>\n                                        <\/div>\n                                    <\/div>\n                                \t\t\t\t\t\t\t\t\t\t\t\t\t\t\t\t\t                                    <div class=\"pcsl-item pcsl-nothumb\">\n                                        <div class=\"pcsl-itemin\">\n                                            <div class=\"pcsl-iteminer\">\n\t\t\t\t\t\t\t\t\t\t\t\t\n\t\t\t\t\t\t\t\t\t\t\t\t                                                <div class=\"pcsl-content\">\n\t\t\t\t\t\t\t\t\t\t\t\t\t\n\t\t\t\t\t\t\t\t\t\t\t\t\t                                                        <div class=\"pcsl-title\">\n                                                            <a href=\"https:\/\/gnews.cz\/it\/tema\/otazka-otevsena-viktorem-orbanem-jaka-je-skutecna-suverenita-clenskych-statu-vuci-centralizovanimu-diktatu-a-strukturam-eu\/\">Ot\u00e1zka otev\u0159en\u00e1 Viktorem Orb\u00e1nem: Jak\u00e1 je skute\u010dn\u00e1 suverenita \u010dlensk\u00fdch st\u00e1t\u016f v\u016f\u010di centralizovan\u00e9mu dikt\u00e1tu a struktur\u00e1m EU?<\/a>\n                                                        <\/div>\n\t\t\t\t\t\t\t\t\t\t\t\t\t\n\t\t\t\t\t\t\t\t\t\t\t\t\t                                                        <div class=\"grid-post-box-meta pcsl-meta\">\n\t\t\t\t\t\t\t\t\t\t\t\t\t\t\t\t\t\t\t\t\t\t\t\t\t\t\t\t\t\t                                                                <span class=\"sl-date\"><time class=\"entry-date published\" datetime=\"2026-04-09T21:00:00+02:00\">Aprile 9, 2026<\/time><\/span>\n\t\t\t\t\t\t\t\t\t\t\t\t\t\t\t\t\t\t\t\t\t\t\t\t\t\t\t\t\t\t\t\t\t\t\t\t\t\t\t\t\t\t\t\t\t\t\t\t\t\t\t\t\t\t\t\t\t\t\t\t\t\t\t\t\t\t\t\t\t\t\t\t\t\t\t\t\t\t\t\t\t\t\t\t\t\t\t\t\t\t                                                        <\/div>\n\t\t\t\t\t\t\t\t\t\t\t\t\t\n\t\t\t\t\t\t\t\t\t\t\t\t\t\t\t\t\t\t\t\t\t\t\t\t\t\t\n                                                <\/div>\n\n\t\t\t\t\t\t\t\t\t\t\t\t                                            <\/div>\n                                        <\/div>\n                                    <\/div>\n                                \t\t\t\t\t\t\t\t\t\t\t\t\t\t\t\t\t                                    <div class=\"pcsl-item pcsl-nothumb\">\n                                        <div class=\"pcsl-itemin\">\n                                            <div class=\"pcsl-iteminer\">\n\t\t\t\t\t\t\t\t\t\t\t\t\n\t\t\t\t\t\t\t\t\t\t\t\t                                                <div class=\"pcsl-content\">\n\t\t\t\t\t\t\t\t\t\t\t\t\t\n\t\t\t\t\t\t\t\t\t\t\t\t\t                                                        <div class=\"pcsl-title\">\n                                                            <a href=\"https:\/\/gnews.cz\/it\/tema\/viktor-orban-zakotvil-do-ustavy-zakaz-prodeje-zemedelske-pudy-cizincum-a-vyrazne-podporil-zemedelskou-sobestacnost-madarska\/\">Viktor Orb\u00e1n zakotvil do \u00fastavy z\u00e1kaz prodeje zem\u011bd\u011blsk\u00e9 p\u016fdy cizinc\u016fm a v\u00fdrazn\u011b podpo\u0159il zem\u011bd\u011blskou sob\u011bsta\u010dnost Ma\u010farska<\/a>\n                                                        <\/div>\n\t\t\t\t\t\t\t\t\t\t\t\t\t\n\t\t\t\t\t\t\t\t\t\t\t\t\t                                                        <div class=\"grid-post-box-meta pcsl-meta\">\n\t\t\t\t\t\t\t\t\t\t\t\t\t\t\t\t\t\t\t\t\t\t\t\t\t\t\t\t\t\t                                                                <span class=\"sl-date\"><time class=\"entry-date published\" datetime=\"2026-04-08T12:00:00+02:00\">Aprile 8, 2026<\/time><\/span>\n\t\t\t\t\t\t\t\t\t\t\t\t\t\t\t\t\t\t\t\t\t\t\t\t\t\t\t\t\t\t\t\t\t\t\t\t\t\t\t\t\t\t\t\t\t\t\t\t\t\t\t\t\t\t\t\t\t\t\t\t\t\t\t\t\t\t\t\t\t\t\t\t\t\t\t\t\t\t\t\t\t\t\t\t\t\t\t\t\t\t                                                        <\/div>\n\t\t\t\t\t\t\t\t\t\t\t\t\t\n\t\t\t\t\t\t\t\t\t\t\t\t\t\t\t\t\t\t\t\t\t\t\t\t\t\t\n                                                <\/div>\n\n\t\t\t\t\t\t\t\t\t\t\t\t                                            <\/div>\n                                        <\/div>\n                                    <\/div>\n                                \t\t\t\t\t\t\t\t\t\t\t\t\t\t\t\t\t                                    <div class=\"pcsl-item pcsl-nothumb\">\n                                        <div class=\"pcsl-itemin\">\n                                            <div class=\"pcsl-iteminer\">\n\t\t\t\t\t\t\t\t\t\t\t\t\n\t\t\t\t\t\t\t\t\t\t\t\t                                                <div class=\"pcsl-content\">\n\t\t\t\t\t\t\t\t\t\t\t\t\t\n\t\t\t\t\t\t\t\t\t\t\t\t\t                                                        <div class=\"pcsl-title\">\n                                                            <a href=\"https:\/\/gnews.cz\/it\/tema\/nemecka-armada-si-zacina-hlidat-muze-delsi-pobyt-v-cizine-bude-jen-na-povoleni\/\">N\u011bmeck\u00e1 arm\u00e1da si za\u010d\u00edn\u00e1 hl\u00eddat mu\u017ee. Del\u0161\u00ed pobyt v cizin\u011b bude jen na povolen\u00ed<\/a>\n                                                        <\/div>\n\t\t\t\t\t\t\t\t\t\t\t\t\t\n\t\t\t\t\t\t\t\t\t\t\t\t\t                                                        <div class=\"grid-post-box-meta pcsl-meta\">\n\t\t\t\t\t\t\t\t\t\t\t\t\t\t\t\t\t\t\t\t\t\t\t\t\t\t\t\t\t\t                                                                <span class=\"sl-date\"><time class=\"entry-date published\" datetime=\"2026-04-06T15:00:00+02:00\">Aprile 6, 2026<\/time><\/span>\n\t\t\t\t\t\t\t\t\t\t\t\t\t\t\t\t\t\t\t\t\t\t\t\t\t\t\t\t\t\t\t\t\t\t\t\t\t\t\t\t\t\t\t\t\t\t\t\t\t\t\t\t\t\t\t\t\t\t\t\t\t\t\t\t\t\t\t\t\t\t\t\t\t\t\t\t\t\t\t\t\t\t\t\t\t\t\t\t\t\t                                                        <\/div>\n\t\t\t\t\t\t\t\t\t\t\t\t\t\n\t\t\t\t\t\t\t\t\t\t\t\t\t\t\t\t\t\t\t\t\t\t\t\t\t\t\n                                                <\/div>\n\n\t\t\t\t\t\t\t\t\t\t\t\t                                            <\/div>\n                                        <\/div>\n                                    <\/div>\n                                \t\t\t\t\t\t\t\t\t\t\t\t\t\t\t\t                        <\/div>\n\n\t\t\t\t\t\t\n                    <\/div>\n\t\t\t\t\t            <\/div>\n        <\/div>\n\t\t\t\t\t\t<\/div>\n\t\t\t\t<\/div>\n\t\t\t\t<\/div>\n\t\t<div class=\"elementor-element elementor-element-b0389d0 e-con-full e-flex e-con e-child\" data-id=\"b0389d0\" data-element_type=\"container\" data-e-type=\"container\">\n\t\t\t\t<div class=\"elementor-element elementor-element-545f777 elementor-widget elementor-widget-penci-block-heading\" data-id=\"545f777\" data-element_type=\"widget\" data-e-type=\"widget\" data-widget_type=\"penci-block-heading.default\">\n\t\t\t\t<div class=\"elementor-widget-container\">\n\t\t\t\t\t\t\t<div class=\"penciel-bheading penci-border-arrow penci-homepage-title penci-home-latest-posts style-6 pcalign-left pciconp-right pcicon-right block-title-icon-left\">\n\t\t\t<h3 class=\"inner-arrow\">\n\t\t\t\t<span>\n\t\t\t\t<a href=\"https:\/\/gnews.cz\/cs_cz\/tag\/usa\/\">USA<\/a>\t\t\t\t<\/span>\n\t\t\t<\/h3>\n\t\t\t\t\t<\/div>\n\t\t\t\t\t\t<\/div>\n\t\t\t\t<\/div>\n\t\t\t\t<div class=\"elementor-element elementor-element-50430b6 elementor-widget__width-initial elementor-widget elementor-widget-penci-big-grid\" data-id=\"50430b6\" data-element_type=\"widget\" data-e-type=\"widget\" data-widget_type=\"penci-big-grid.default\">\n\t\t\t\t<div class=\"elementor-widget-container\">\n\t\t\t\t\t        <div class=\"penci-clearfix penci-biggrid-wrapper penci-grid-col-1 penci-grid-mcol-1 penci-bgrid-based-post penci-bgrid-style-1 pcbg-ficonpo-top-right pcbg-reiconpo-top-left penci-bgrid-content-below pencibg-imageh-zoom-in pencibg-texth-none pencibg-textani-movetop textop\">\n\t\t\t            <div class=\"penci-clearfix penci-biggrid penci-bgstyle-1 penci-bgel\">\n                <div class=\"penci-biggrid-inner default\">\n\t\t\t\t\t<div class=\"penci-clearfix penci-biggrid-data penci-dflex\"><div class=\"penci-bgitem\">\n    <div class=\"penci-bgitin\">\n        <div class=\"penci-bgmain\">\n            <div class=\"pcbg-thumb\">\n\t\t\t\t\t\t\t\t                <div class=\"pcbg-thumbin\">\n                    <a class=\"pcbg-bgoverlay\"\n                       href=\"https:\/\/gnews.cz\/it\/neprehlednete\/iran-zpochybnuje-umysly-usa-kvuli-rozporum-mezi-slovy-a-ciny\/\" title=\"\u00cdr\u00e1n zpochyb\u0148uje \u00famysly USA kv\u016fli rozpor\u016fm mezi slovy a \u010diny\"><\/a>\n\n                        <div  data-bgset=\"https:\/\/gnews.cz\/wp-content\/uploads\/2026\/04\/1776677144670_77-585x372.webp\" data_bg_hidpi=\"https:\/\/gnews.cz\/wp-content\/uploads\/2026\/04\/1776677144670_77-585x372.webp\" class=\"penci-lazy penci-image-holder\">\n                                                    <\/div>\n\n                <\/div>\n            <\/div>\n            <div class=\"pcbg-content\">\n                <div class=\"pcbg-content-flex\">\n                    <a class=\"pcbg-bgoverlay\"\n                       href=\"https:\/\/gnews.cz\/it\/neprehlednete\/iran-zpochybnuje-umysly-usa-kvuli-rozporum-mezi-slovy-a-ciny\/\" title=\"\u00cdr\u00e1n zpochyb\u0148uje \u00famysly USA kv\u016fli rozpor\u016fm mezi slovy a \u010diny\"><\/a>\n                    <div class=\"pcbg-content-inner bgcontent-block\">\n                        <a href=\"https:\/\/gnews.cz\/it\/neprehlednete\/iran-zpochybnuje-umysly-usa-kvuli-rozporum-mezi-slovy-a-ciny\/\" title=\"\u00cdr\u00e1n zpochyb\u0148uje \u00famysly USA kv\u016fli rozpor\u016fm mezi slovy a \u010diny\"\n                           class=\"pcbg-bgoverlaytext item-hover\"><\/a>\n\n\t\t\t\t\t\t\n\t\t\t\t\t\t                            <div class=\"pcbg-heading item-hover\">\n                                <h3 class=\"pcbg-title\">\n                                    <a href=\"https:\/\/gnews.cz\/it\/neprehlednete\/iran-zpochybnuje-umysly-usa-kvuli-rozporum-mezi-slovy-a-ciny\/\">\n\t\t\t\t\t\t\t\t\t\t\u00cdr\u00e1n zpochyb\u0148uje \u00famysly USA kv\u016fli rozpor\u016fm mezi slovy a \u010diny                                    <\/a>\n                                <\/h3>\n                            <\/div>\n\t\t\t\t\t\t\n\t\t\t\t\t\t                            <div class=\"grid-post-box-meta pcbg-meta item-hover\">\n                                <div class=\"pcbg-meta-desc\">\n\t\t\t\t\t\t\t\t\t\t\t\t\t\t\t\t\t\t                                        <span class=\"bg-date\"><time class=\"entry-date published\" datetime=\"2026-04-21T04:00:00+02:00\">Aprile 21, 2026<\/time><\/span>\n\t\t\t\t\t\t\t\t\t\t\t\t\t\t\t\t\t\t\t\t\t\t\t\t\t\t\t\t\t\t\t\t\t\t\t\t\t\t\t\t\t\t\t\t\t\t\t\t\t\t\t\t\t\t                                <\/div>\n\t\t\t\t\t\t\t\t                            <\/div>\n\t\t\t\t\t\t\n\t\t\t\t\t\t                    <\/div>\n                <\/div>\n            <\/div>\n        <\/div>\n    <\/div>\n<\/div>\n<\/div>                <\/div>\n\t\t\t\t            <\/div>\n        <\/div>\n\t\t\t\t\t\t<\/div>\n\t\t\t\t<\/div>\n\t\t\t\t<div class=\"elementor-element elementor-element-f3b63dc elementor-widget elementor-widget-penci-small-list\" data-id=\"f3b63dc\" data-element_type=\"widget\" data-e-type=\"widget\" data-widget_type=\"penci-small-list.default\">\n\t\t\t\t<div class=\"elementor-widget-container\">\n\t\t\t\t\t<script>if( typeof(penciBlock) === \"undefined\" ) {function penciBlock() { this.atts_json = ''; this.content = ''; }}var penciBlocksArray = penciBlocksArray || [];var PENCILOCALCACHE = PENCILOCALCACHE || {};var pcblock_7329 = new penciBlock();pcblock_7329.blockID=\"pcblock_7329\";pcblock_7329.atts_json = '{\"type\":\"grid\",\"dformat\":\"\",\"date_pos\":\"left\",\"column\":\"1\",\"tab_column\":\"1\",\"mb_column\":\"1\",\"imgpos\":\"left\",\"thumb_size\":\"\",\"mthumb_size\":\"\",\"post_meta\":[\"title\",\"date\"],\"primary_cat\":\"\",\"title_length\":\"\",\"excerpt_pos\":\"below\",\"rmstyle\":\"filled\",\"excerpt_length\":15,\"nocrop\":\"\",\"hide_cat_mobile\":\"\",\"hide_meta_mobile\":\"\",\"hide_excerpt_mobile\":\"\",\"hide_rm_mobile\":\"\",\"imgtop_mobile\":\"\",\"ver_border\":\"\",\"hide_thumb\":\"yes\",\"show_reviewpie\":\"\",\"show_formaticon\":\"\",\"disable_lazy\":\"\",\"show_excerpt\":\"\",\"show_readmore\":\"\",\"query\":{\"orderby\":\"date\",\"order\":\"desc\",\"ignore_sticky_posts\":1,\"post_status\":\"publish\",\"post__not_in\":[],\"post_type\":\"post\",\"posts_per_page\":4,\"tax_query\":[{\"taxonomy\":\"post_tag\",\"field\":\"term_id\",\"terms\":[\"38\"]},{\"taxonomy\":\"category\",\"field\":\"term_id\",\"terms\":[\"1376\",\"2968\"],\"operator\":\"NOT IN\"},{\"taxonomy\":\"post_tag\",\"field\":\"term_id\",\"terms\":[\"78\",\"26\",\"22\"],\"operator\":\"NOT IN\"}],\"offset\":1},\"category_ids\":\"\",\"taxonomy\":\"\"}';penciBlocksArray.push(pcblock_7329);<\/script>        <div class=\"penci-wrapper-smalllist\">\n\t\t\t\t\t\t            <div class=\"penci-smalllist-wrapper\">\n\t\t\t\t                    <div class=\"penci-smalllist pcsl-wrapper pwsl-id-default\">\n                        <div class=\"pcsl-inner penci-clearfix pcsl-grid pcsl-imgpos-left pcsl-col-1 pcsl-tabcol-1 pcsl-mobcol-1\">\n\t\t\t\t\t\t\t\t\t\t\t\t\t\t\t\t\t\t\t\t\t\t\t\t                                    <div class=\"pcsl-item pcsl-nothumb\">\n                                        <div class=\"pcsl-itemin\">\n                                            <div class=\"pcsl-iteminer\">\n\t\t\t\t\t\t\t\t\t\t\t\t\n\t\t\t\t\t\t\t\t\t\t\t\t                                                <div class=\"pcsl-content\">\n\t\t\t\t\t\t\t\t\t\t\t\t\t\n\t\t\t\t\t\t\t\t\t\t\t\t\t                                                        <div class=\"pcsl-title\">\n                                                            <a href=\"https:\/\/gnews.cz\/it\/tema\/exorcista-p-chad-ripperger-odhaluje-demonicke-sily-stojici-za-politikou-zavislosti-na-pornografii-a-posedlosti-sokujici-odhaleni-z-18-let-duchovniho-boje\/\">Exorcista P. Chad Ripperger odhaluje d\u00e9monick\u00e9 s\u00edly stoj\u00edc\u00ed za politikou, z\u00e1vislost\u00ed na pornografii a posedlost\u00ed: \u0160okuj\u00edc\u00ed odhalen\u00ed z 18 let duchovn\u00edho boje<\/a>\n                                                        <\/div>\n\t\t\t\t\t\t\t\t\t\t\t\t\t\n\t\t\t\t\t\t\t\t\t\t\t\t\t                                                        <div class=\"grid-post-box-meta pcsl-meta\">\n\t\t\t\t\t\t\t\t\t\t\t\t\t\t\t\t\t\t\t\t\t\t\t\t\t\t\t\t\t\t                                                                <span class=\"sl-date\"><time class=\"entry-date published\" datetime=\"2026-04-23T15:40:00+02:00\">Aprile 23, 2026<\/time><\/span>\n\t\t\t\t\t\t\t\t\t\t\t\t\t\t\t\t\t\t\t\t\t\t\t\t\t\t\t\t\t\t\t\t\t\t\t\t\t\t\t\t\t\t\t\t\t\t\t\t\t\t\t\t\t\t\t\t\t\t\t\t\t\t\t\t\t\t\t\t\t\t\t\t\t\t\t\t\t\t\t\t\t\t\t\t\t\t\t\t\t\t                                                        <\/div>\n\t\t\t\t\t\t\t\t\t\t\t\t\t\n\t\t\t\t\t\t\t\t\t\t\t\t\t\t\t\t\t\t\t\t\t\t\t\t\t\t\n                                                <\/div>\n\n\t\t\t\t\t\t\t\t\t\t\t\t                                            <\/div>\n                                        <\/div>\n                                    <\/div>\n                                \t\t\t\t\t\t\t\t\t\t\t\t\t\t\t\t\t                                    <div class=\"pcsl-item pcsl-nothumb\">\n                                        <div class=\"pcsl-itemin\">\n                                            <div class=\"pcsl-iteminer\">\n\t\t\t\t\t\t\t\t\t\t\t\t\n\t\t\t\t\t\t\t\t\t\t\t\t                                                <div class=\"pcsl-content\">\n\t\t\t\t\t\t\t\t\t\t\t\t\t\n\t\t\t\t\t\t\t\t\t\t\t\t\t                                                        <div class=\"pcsl-title\">\n                                                            <a href=\"https:\/\/gnews.cz\/it\/neprehlednete\/iran-zpochybnuje-umysly-usa-kvuli-rozporum-mezi-slovy-a-ciny\/\">\u00cdr\u00e1n zpochyb\u0148uje \u00famysly USA kv\u016fli rozpor\u016fm mezi slovy a \u010diny<\/a>\n                                                        <\/div>\n\t\t\t\t\t\t\t\t\t\t\t\t\t\n\t\t\t\t\t\t\t\t\t\t\t\t\t                                                        <div class=\"grid-post-box-meta pcsl-meta\">\n\t\t\t\t\t\t\t\t\t\t\t\t\t\t\t\t\t\t\t\t\t\t\t\t\t\t\t\t\t\t                                                                <span class=\"sl-date\"><time class=\"entry-date published\" datetime=\"2026-04-21T04:00:00+02:00\">Aprile 21, 2026<\/time><\/span>\n\t\t\t\t\t\t\t\t\t\t\t\t\t\t\t\t\t\t\t\t\t\t\t\t\t\t\t\t\t\t\t\t\t\t\t\t\t\t\t\t\t\t\t\t\t\t\t\t\t\t\t\t\t\t\t\t\t\t\t\t\t\t\t\t\t\t\t\t\t\t\t\t\t\t\t\t\t\t\t\t\t\t\t\t\t\t\t\t\t\t                                                        <\/div>\n\t\t\t\t\t\t\t\t\t\t\t\t\t\n\t\t\t\t\t\t\t\t\t\t\t\t\t\t\t\t\t\t\t\t\t\t\t\t\t\t\n                                                <\/div>\n\n\t\t\t\t\t\t\t\t\t\t\t\t                                            <\/div>\n                                        <\/div>\n                                    <\/div>\n                                \t\t\t\t\t\t\t\t\t\t\t\t\t\t\t\t\t                                    <div class=\"pcsl-item pcsl-nothumb\">\n                                        <div class=\"pcsl-itemin\">\n                                            <div class=\"pcsl-iteminer\">\n\t\t\t\t\t\t\t\t\t\t\t\t\n\t\t\t\t\t\t\t\t\t\t\t\t                                                <div class=\"pcsl-content\">\n\t\t\t\t\t\t\t\t\t\t\t\t\t\n\t\t\t\t\t\t\t\t\t\t\t\t\t                                                        <div class=\"pcsl-title\">\n                                                            <a href=\"https:\/\/gnews.cz\/it\/tema\/nejmene-osm-deti-zemrelo-pri-strelbe-v-americke-louisiane-tv\/\">Nejm\u00e9n\u011b osm d\u011bt\u00ed zem\u0159elo p\u0159i st\u0159elb\u011b v americk\u00e9 Louisian\u011b \u2014 TV<\/a>\n                                                        <\/div>\n\t\t\t\t\t\t\t\t\t\t\t\t\t\n\t\t\t\t\t\t\t\t\t\t\t\t\t                                                        <div class=\"grid-post-box-meta pcsl-meta\">\n\t\t\t\t\t\t\t\t\t\t\t\t\t\t\t\t\t\t\t\t\t\t\t\t\t\t\t\t\t\t                                                                <span class=\"sl-date\"><time class=\"entry-date published\" datetime=\"2026-04-19T16:00:00+02:00\">Aprile 19, 2026<\/time><\/span>\n\t\t\t\t\t\t\t\t\t\t\t\t\t\t\t\t\t\t\t\t\t\t\t\t\t\t\t\t\t\t\t\t\t\t\t\t\t\t\t\t\t\t\t\t\t\t\t\t\t\t\t\t\t\t\t\t\t\t\t\t\t\t\t\t\t\t\t\t\t\t\t\t\t\t\t\t\t\t\t\t\t\t\t\t\t\t\t\t\t\t                                                        <\/div>\n\t\t\t\t\t\t\t\t\t\t\t\t\t\n\t\t\t\t\t\t\t\t\t\t\t\t\t\t\t\t\t\t\t\t\t\t\t\t\t\t\n                                                <\/div>\n\n\t\t\t\t\t\t\t\t\t\t\t\t                                            <\/div>\n                                        <\/div>\n                                    <\/div>\n                                \t\t\t\t\t\t\t\t\t\t\t\t\t\t\t\t\t                                    <div class=\"pcsl-item pcsl-nothumb\">\n                                        <div class=\"pcsl-itemin\">\n                                            <div class=\"pcsl-iteminer\">\n\t\t\t\t\t\t\t\t\t\t\t\t\n\t\t\t\t\t\t\t\t\t\t\t\t                                                <div class=\"pcsl-content\">\n\t\t\t\t\t\t\t\t\t\t\t\t\t\n\t\t\t\t\t\t\t\t\t\t\t\t\t                                                        <div class=\"pcsl-title\">\n                                                            <a href=\"https:\/\/gnews.cz\/it\/tema\/americky-prezident-donalt-trump-nevylucuje-obnoveni-uderu-na-iran-pokud-jednani-selzou\/\">Americk\u00fd prezident Donald Trump nevylu\u010duje obnoven\u00ed \u00fader\u016f na \u00cdr\u00e1n, pokud jedn\u00e1n\u00ed sel\u017eou<\/a>\n                                                        <\/div>\n\t\t\t\t\t\t\t\t\t\t\t\t\t\n\t\t\t\t\t\t\t\t\t\t\t\t\t                                                        <div class=\"grid-post-box-meta pcsl-meta\">\n\t\t\t\t\t\t\t\t\t\t\t\t\t\t\t\t\t\t\t\t\t\t\t\t\t\t\t\t\t\t                                                                <span class=\"sl-date\"><time class=\"entry-date published\" datetime=\"2026-04-18T13:00:00+02:00\">Aprile 18, 2026<\/time><\/span>\n\t\t\t\t\t\t\t\t\t\t\t\t\t\t\t\t\t\t\t\t\t\t\t\t\t\t\t\t\t\t\t\t\t\t\t\t\t\t\t\t\t\t\t\t\t\t\t\t\t\t\t\t\t\t\t\t\t\t\t\t\t\t\t\t\t\t\t\t\t\t\t\t\t\t\t\t\t\t\t\t\t\t\t\t\t\t\t\t\t\t                                                        <\/div>\n\t\t\t\t\t\t\t\t\t\t\t\t\t\n\t\t\t\t\t\t\t\t\t\t\t\t\t\t\t\t\t\t\t\t\t\t\t\t\t\t\n                                                <\/div>\n\n\t\t\t\t\t\t\t\t\t\t\t\t                                            <\/div>\n                                        <\/div>\n                                    <\/div>\n                                \t\t\t\t\t\t\t\t\t\t\t\t\t\t\t\t                        <\/div>\n\n\t\t\t\t\t\t\n                    <\/div>\n\t\t\t\t\t            <\/div>\n        <\/div>\n\t\t\t\t\t\t<\/div>\n\t\t\t\t<\/div>\n\t\t\t\t<\/div>\n\t\t<div class=\"elementor-element elementor-element-f04c3bf e-con-full e-flex e-con e-child\" data-id=\"f04c3bf\" data-element_type=\"container\" data-e-type=\"container\">\n\t\t\t\t<div class=\"elementor-element elementor-element-05f3947 elementor-widget elementor-widget-penci-block-heading\" data-id=\"05f3947\" data-element_type=\"widget\" data-e-type=\"widget\" data-widget_type=\"penci-block-heading.default\">\n\t\t\t\t<div class=\"elementor-widget-container\">\n\t\t\t\t\t\t\t<div class=\"penciel-bheading penci-border-arrow penci-homepage-title penci-home-latest-posts style-6 pcalign-left pciconp-right pcicon-right block-title-icon-left\">\n\t\t\t<h3 class=\"inner-arrow\">\n\t\t\t\t<span>\n\t\t\t\t<a href=\"https:\/\/gnews.cz\/cs_cz\/tag\/rusko\/\">Rusko<\/a>\t\t\t\t<\/span>\n\t\t\t<\/h3>\n\t\t\t\t\t<\/div>\n\t\t\t\t\t\t<\/div>\n\t\t\t\t<\/div>\n\t\t\t\t<div class=\"elementor-element elementor-element-21cddfa elementor-widget__width-initial elementor-widget elementor-widget-penci-big-grid\" data-id=\"21cddfa\" data-element_type=\"widget\" data-e-type=\"widget\" data-widget_type=\"penci-big-grid.default\">\n\t\t\t\t<div class=\"elementor-widget-container\">\n\t\t\t\t\t        <div class=\"penci-clearfix penci-biggrid-wrapper penci-grid-col-1 penci-grid-mcol-1 penci-bgrid-based-post penci-bgrid-style-1 pcbg-ficonpo-top-right pcbg-reiconpo-top-left penci-bgrid-content-below pencibg-imageh-zoom-in pencibg-texth-none pencibg-textani-movetop textop\">\n\t\t\t            <div class=\"penci-clearfix penci-biggrid penci-bgstyle-1 penci-bgel\">\n                <div class=\"penci-biggrid-inner default\">\n\t\t\t\t\t<div class=\"penci-clearfix penci-biggrid-data penci-dflex\"><div class=\"penci-bgitem\">\n    <div class=\"penci-bgitin\">\n        <div class=\"penci-bgmain\">\n            <div class=\"pcbg-thumb\">\n\t\t\t\t\t\t\t\t                <div class=\"pcbg-thumbin\">\n                    <a class=\"pcbg-bgoverlay\"\n                       href=\"https:\/\/gnews.cz\/it\/tema\/donska-oblast-si-pripomnela-obeti-genocidy-sovetskeho-lidu-z-rukou-nacistu\/\" title=\"Donsk\u00e1 oblast si p\u0159ipomn\u011bla ob\u011bti genocidy sov\u011btsk\u00e9ho lidu z rukou nacist\u016f\"><\/a>\n\n                        <div  data-bgset=\"https:\/\/gnews.cz\/wp-content\/uploads\/2026\/04\/imageresize_20260417_200640-585x363.webp\" data_bg_hidpi=\"https:\/\/gnews.cz\/wp-content\/uploads\/2026\/04\/imageresize_20260417_200640-585x363.webp\" class=\"penci-lazy penci-image-holder\">\n                                                    <\/div>\n\n                <\/div>\n            <\/div>\n            <div class=\"pcbg-content\">\n                <div class=\"pcbg-content-flex\">\n                    <a class=\"pcbg-bgoverlay\"\n                       href=\"https:\/\/gnews.cz\/it\/tema\/donska-oblast-si-pripomnela-obeti-genocidy-sovetskeho-lidu-z-rukou-nacistu\/\" title=\"Donsk\u00e1 oblast si p\u0159ipomn\u011bla ob\u011bti genocidy sov\u011btsk\u00e9ho lidu z rukou nacist\u016f\"><\/a>\n                    <div class=\"pcbg-content-inner bgcontent-block\">\n                        <a href=\"https:\/\/gnews.cz\/it\/tema\/donska-oblast-si-pripomnela-obeti-genocidy-sovetskeho-lidu-z-rukou-nacistu\/\" title=\"Donsk\u00e1 oblast si p\u0159ipomn\u011bla ob\u011bti genocidy sov\u011btsk\u00e9ho lidu z rukou nacist\u016f\"\n                           class=\"pcbg-bgoverlaytext item-hover\"><\/a>\n\n\t\t\t\t\t\t\n\t\t\t\t\t\t                            <div class=\"pcbg-heading item-hover\">\n                                <h3 class=\"pcbg-title\">\n                                    <a href=\"https:\/\/gnews.cz\/it\/tema\/donska-oblast-si-pripomnela-obeti-genocidy-sovetskeho-lidu-z-rukou-nacistu\/\">\n\t\t\t\t\t\t\t\t\t\tDonsk\u00e1 oblast si p\u0159ipomn\u011bla ob\u011bti genocidy sov\u011btsk\u00e9ho lidu z rukou nacist\u016f                                    <\/a>\n                                <\/h3>\n                            <\/div>\n\t\t\t\t\t\t\n\t\t\t\t\t\t                            <div class=\"grid-post-box-meta pcbg-meta item-hover\">\n                                <div class=\"pcbg-meta-desc\">\n\t\t\t\t\t\t\t\t\t\t\t\t\t\t\t\t\t\t                                        <span class=\"bg-date\"><time class=\"entry-date published\" datetime=\"2026-04-17T21:30:00+02:00\">Aprile 17, 2026<\/time><\/span>\n\t\t\t\t\t\t\t\t\t\t\t\t\t\t\t\t\t\t\t\t\t\t\t\t\t\t\t\t\t\t\t\t\t\t\t\t\t\t\t\t\t\t\t\t\t\t\t\t\t\t\t\t\t\t                                <\/div>\n\t\t\t\t\t\t\t\t                            <\/div>\n\t\t\t\t\t\t\n\t\t\t\t\t\t                    <\/div>\n                <\/div>\n            <\/div>\n        <\/div>\n    <\/div>\n<\/div>\n<\/div>                <\/div>\n\t\t\t\t            <\/div>\n        <\/div>\n\t\t\t\t\t\t<\/div>\n\t\t\t\t<\/div>\n\t\t\t\t<div class=\"elementor-element elementor-element-8aa9075 elementor-widget elementor-widget-penci-small-list\" data-id=\"8aa9075\" data-element_type=\"widget\" data-e-type=\"widget\" data-widget_type=\"penci-small-list.default\">\n\t\t\t\t<div class=\"elementor-widget-container\">\n\t\t\t\t\t<script>if( typeof(penciBlock) === \"undefined\" ) {function penciBlock() { this.atts_json = ''; this.content = ''; }}var penciBlocksArray = penciBlocksArray || [];var PENCILOCALCACHE = PENCILOCALCACHE || {};var pcblock_9066 = new penciBlock();pcblock_9066.blockID=\"pcblock_9066\";pcblock_9066.atts_json = '{\"type\":\"grid\",\"dformat\":\"\",\"date_pos\":\"left\",\"column\":\"1\",\"tab_column\":\"1\",\"mb_column\":\"1\",\"imgpos\":\"left\",\"thumb_size\":\"\",\"mthumb_size\":\"\",\"post_meta\":[\"title\",\"date\"],\"primary_cat\":\"\",\"title_length\":\"\",\"excerpt_pos\":\"below\",\"rmstyle\":\"filled\",\"excerpt_length\":15,\"nocrop\":\"\",\"hide_cat_mobile\":\"\",\"hide_meta_mobile\":\"\",\"hide_excerpt_mobile\":\"\",\"hide_rm_mobile\":\"\",\"imgtop_mobile\":\"\",\"ver_border\":\"\",\"hide_thumb\":\"yes\",\"show_reviewpie\":\"\",\"show_formaticon\":\"\",\"disable_lazy\":\"\",\"show_excerpt\":\"\",\"show_readmore\":\"\",\"query\":{\"orderby\":\"date\",\"order\":\"desc\",\"ignore_sticky_posts\":1,\"post_status\":\"publish\",\"post__not_in\":[],\"post_type\":\"post\",\"posts_per_page\":4,\"tax_query\":[{\"taxonomy\":\"post_tag\",\"field\":\"term_id\",\"terms\":[\"26\"]},{\"taxonomy\":\"category\",\"field\":\"term_id\",\"terms\":[\"1376\",\"2968\"],\"operator\":\"NOT IN\"},{\"taxonomy\":\"post_tag\",\"field\":\"term_id\",\"terms\":[\"78\",\"38\",\"22\"],\"operator\":\"NOT IN\"}],\"offset\":1},\"category_ids\":\"\",\"taxonomy\":\"\"}';penciBlocksArray.push(pcblock_9066);<\/script>        <div class=\"penci-wrapper-smalllist\">\n\t\t\t\t\t\t            <div class=\"penci-smalllist-wrapper\">\n\t\t\t\t                    <div class=\"penci-smalllist pcsl-wrapper pwsl-id-default\">\n                        <div class=\"pcsl-inner penci-clearfix pcsl-grid pcsl-imgpos-left pcsl-col-1 pcsl-tabcol-1 pcsl-mobcol-1\">\n\t\t\t\t\t\t\t\t\t\t\t\t\t\t\t\t\t\t\t\t\t\t\t\t                                    <div class=\"pcsl-item pcsl-nothumb\">\n                                        <div class=\"pcsl-itemin\">\n                                            <div class=\"pcsl-iteminer\">\n\t\t\t\t\t\t\t\t\t\t\t\t\n\t\t\t\t\t\t\t\t\t\t\t\t                                                <div class=\"pcsl-content\">\n\t\t\t\t\t\t\t\t\t\t\t\t\t\n\t\t\t\t\t\t\t\t\t\t\t\t\t                                                        <div class=\"pcsl-title\">\n                                                            <a href=\"https:\/\/gnews.cz\/it\/neprehlednete\/xi-jinping-vyzyva-k-uzsi-strategicke-koordinaci-s-ruskem-duraz-na-jednotu-globalniho-jihu\/\">Xi Jinping vyz\u00fdv\u00e1 k u\u017e\u0161\u00ed strategick\u00e9 koordinaci s Ruskem, d\u016fraz na jednotu Glob\u00e1ln\u00edho Jihu<\/a>\n                                                        <\/div>\n\t\t\t\t\t\t\t\t\t\t\t\t\t\n\t\t\t\t\t\t\t\t\t\t\t\t\t                                                        <div class=\"grid-post-box-meta pcsl-meta\">\n\t\t\t\t\t\t\t\t\t\t\t\t\t\t\t\t\t\t\t\t\t\t\t\t\t\t\t\t\t\t                                                                <span class=\"sl-date\"><time class=\"entry-date published\" datetime=\"2026-04-15T20:16:44+02:00\">Aprile 15, 2026<\/time><\/span>\n\t\t\t\t\t\t\t\t\t\t\t\t\t\t\t\t\t\t\t\t\t\t\t\t\t\t\t\t\t\t\t\t\t\t\t\t\t\t\t\t\t\t\t\t\t\t\t\t\t\t\t\t\t\t\t\t\t\t\t\t\t\t\t\t\t\t\t\t\t\t\t\t\t\t\t\t\t\t\t\t\t\t\t\t\t\t\t\t\t\t                                                        <\/div>\n\t\t\t\t\t\t\t\t\t\t\t\t\t\n\t\t\t\t\t\t\t\t\t\t\t\t\t\t\t\t\t\t\t\t\t\t\t\t\t\t\n                                                <\/div>\n\n\t\t\t\t\t\t\t\t\t\t\t\t                                            <\/div>\n                                        <\/div>\n                                    <\/div>\n                                \t\t\t\t\t\t\t\t\t\t\t\t\t\t\t\t\t                                    <div class=\"pcsl-item pcsl-nothumb\">\n                                        <div class=\"pcsl-itemin\">\n                                            <div class=\"pcsl-iteminer\">\n\t\t\t\t\t\t\t\t\t\t\t\t\n\t\t\t\t\t\t\t\t\t\t\t\t                                                <div class=\"pcsl-content\">\n\t\t\t\t\t\t\t\t\t\t\t\t\t\n\t\t\t\t\t\t\t\t\t\t\t\t\t                                                        <div class=\"pcsl-title\">\n                                                            <a href=\"https:\/\/gnews.cz\/it\/tema\/porazka-orbana-muze-otevrit-miliardy-pro-ukrajinu-a-posunout-ji-bliz-k-eu\/\">Por\u00e1\u017eka Orb\u00e1na m\u016f\u017ee otev\u0159\u00edt miliardy pro Ukrajinu a posunout ji bl\u00ed\u017e k EU<\/a>\n                                                        <\/div>\n\t\t\t\t\t\t\t\t\t\t\t\t\t\n\t\t\t\t\t\t\t\t\t\t\t\t\t                                                        <div class=\"grid-post-box-meta pcsl-meta\">\n\t\t\t\t\t\t\t\t\t\t\t\t\t\t\t\t\t\t\t\t\t\t\t\t\t\t\t\t\t\t                                                                <span class=\"sl-date\"><time class=\"entry-date published\" datetime=\"2026-04-15T18:00:00+02:00\">Aprile 15, 2026<\/time><\/span>\n\t\t\t\t\t\t\t\t\t\t\t\t\t\t\t\t\t\t\t\t\t\t\t\t\t\t\t\t\t\t\t\t\t\t\t\t\t\t\t\t\t\t\t\t\t\t\t\t\t\t\t\t\t\t\t\t\t\t\t\t\t\t\t\t\t\t\t\t\t\t\t\t\t\t\t\t\t\t\t\t\t\t\t\t\t\t\t\t\t\t                                                        <\/div>\n\t\t\t\t\t\t\t\t\t\t\t\t\t\n\t\t\t\t\t\t\t\t\t\t\t\t\t\t\t\t\t\t\t\t\t\t\t\t\t\t\n                                                <\/div>\n\n\t\t\t\t\t\t\t\t\t\t\t\t                                            <\/div>\n                                        <\/div>\n                                    <\/div>\n                                \t\t\t\t\t\t\t\t\t\t\t\t\t\t\t\t\t                                    <div class=\"pcsl-item pcsl-nothumb\">\n                                        <div class=\"pcsl-itemin\">\n                                            <div class=\"pcsl-iteminer\">\n\t\t\t\t\t\t\t\t\t\t\t\t\n\t\t\t\t\t\t\t\t\t\t\t\t                                                <div class=\"pcsl-content\">\n\t\t\t\t\t\t\t\t\t\t\t\t\t\n\t\t\t\t\t\t\t\t\t\t\t\t\t                                                        <div class=\"pcsl-title\">\n                                                            <a href=\"https:\/\/gnews.cz\/it\/tema\/zelensky-slibuje-opravu-ropovodu-druzba-ocekava-konec-madarskeho-veta-k-miliardove-pujcce-eu\/\">Zelensk\u00fd slibuje opravu ropovodu Dru\u017eba, o\u010dek\u00e1v\u00e1 konec ma\u010farsk\u00e9ho veta k miliardov\u00e9 p\u016fj\u010dce EU<\/a>\n                                                        <\/div>\n\t\t\t\t\t\t\t\t\t\t\t\t\t\n\t\t\t\t\t\t\t\t\t\t\t\t\t                                                        <div class=\"grid-post-box-meta pcsl-meta\">\n\t\t\t\t\t\t\t\t\t\t\t\t\t\t\t\t\t\t\t\t\t\t\t\t\t\t\t\t\t\t                                                                <span class=\"sl-date\"><time class=\"entry-date published\" datetime=\"2026-04-14T21:00:00+02:00\">Aprile 14, 2026<\/time><\/span>\n\t\t\t\t\t\t\t\t\t\t\t\t\t\t\t\t\t\t\t\t\t\t\t\t\t\t\t\t\t\t\t\t\t\t\t\t\t\t\t\t\t\t\t\t\t\t\t\t\t\t\t\t\t\t\t\t\t\t\t\t\t\t\t\t\t\t\t\t\t\t\t\t\t\t\t\t\t\t\t\t\t\t\t\t\t\t\t\t\t\t                                                        <\/div>\n\t\t\t\t\t\t\t\t\t\t\t\t\t\n\t\t\t\t\t\t\t\t\t\t\t\t\t\t\t\t\t\t\t\t\t\t\t\t\t\t\n                                                <\/div>\n\n\t\t\t\t\t\t\t\t\t\t\t\t                                            <\/div>\n                                        <\/div>\n                                    <\/div>\n                                \t\t\t\t\t\t\t\t\t\t\t\t\t\t\t\t\t                                    <div class=\"pcsl-item pcsl-nothumb\">\n                                        <div class=\"pcsl-itemin\">\n                                            <div class=\"pcsl-iteminer\">\n\t\t\t\t\t\t\t\t\t\t\t\t\n\t\t\t\t\t\t\t\t\t\t\t\t                                                <div class=\"pcsl-content\">\n\t\t\t\t\t\t\t\t\t\t\t\t\t\n\t\t\t\t\t\t\t\t\t\t\t\t\t                                                        <div class=\"pcsl-title\">\n                                                            <a href=\"https:\/\/gnews.cz\/it\/neprehlednete\/pripravenost-na-pragmatickou-spolupraci-s-ruskem-vyroky-petera-magyara\/\">P\u0159ipravenost na pragmatickou spolupr\u00e1ci s Ruskem: v\u00fdroky P\u00e9tera Magyara<\/a>\n                                                        <\/div>\n\t\t\t\t\t\t\t\t\t\t\t\t\t\n\t\t\t\t\t\t\t\t\t\t\t\t\t                                                        <div class=\"grid-post-box-meta pcsl-meta\">\n\t\t\t\t\t\t\t\t\t\t\t\t\t\t\t\t\t\t\t\t\t\t\t\t\t\t\t\t\t\t                                                                <span class=\"sl-date\"><time class=\"entry-date published\" datetime=\"2026-04-14T12:00:00+02:00\">Aprile 14, 2026<\/time><\/span>\n\t\t\t\t\t\t\t\t\t\t\t\t\t\t\t\t\t\t\t\t\t\t\t\t\t\t\t\t\t\t\t\t\t\t\t\t\t\t\t\t\t\t\t\t\t\t\t\t\t\t\t\t\t\t\t\t\t\t\t\t\t\t\t\t\t\t\t\t\t\t\t\t\t\t\t\t\t\t\t\t\t\t\t\t\t\t\t\t\t\t                                                        <\/div>\n\t\t\t\t\t\t\t\t\t\t\t\t\t\n\t\t\t\t\t\t\t\t\t\t\t\t\t\t\t\t\t\t\t\t\t\t\t\t\t\t\n                                                <\/div>\n\n\t\t\t\t\t\t\t\t\t\t\t\t                                            <\/div>\n                                        <\/div>\n                                    <\/div>\n                                \t\t\t\t\t\t\t\t\t\t\t\t\t\t\t\t                        <\/div>\n\n\t\t\t\t\t\t\n                    <\/div>\n\t\t\t\t\t            <\/div>\n        <\/div>\n\t\t\t\t\t\t<\/div>\n\t\t\t\t<\/div>\n\t\t\t\t<\/div>\n\t\t<div class=\"elementor-element elementor-element-0d3de56 e-con-full e-flex e-con e-child\" data-id=\"0d3de56\" data-element_type=\"container\" data-e-type=\"container\">\n\t\t\t\t<div class=\"elementor-element elementor-element-3e03989 elementor-widget elementor-widget-penci-block-heading\" data-id=\"3e03989\" data-element_type=\"widget\" data-e-type=\"widget\" data-widget_type=\"penci-block-heading.default\">\n\t\t\t\t<div class=\"elementor-widget-container\">\n\t\t\t\t\t\t\t<div class=\"penciel-bheading penci-border-arrow penci-homepage-title penci-home-latest-posts style-6 pcalign-left pciconp-right pcicon-right block-title-icon-left\">\n\t\t\t<h3 class=\"inner-arrow\">\n\t\t\t\t<span>\n\t\t\t\t<a href=\"https:\/\/gnews.cz\/cs_cz\/tag\/cina\/\">\u010c\u00edna<\/a>\t\t\t\t<\/span>\n\t\t\t<\/h3>\n\t\t\t\t\t<\/div>\n\t\t\t\t\t\t<\/div>\n\t\t\t\t<\/div>\n\t\t\t\t<div class=\"elementor-element elementor-element-437e8ce elementor-widget__width-initial elementor-widget elementor-widget-penci-big-grid\" data-id=\"437e8ce\" data-element_type=\"widget\" data-e-type=\"widget\" data-widget_type=\"penci-big-grid.default\">\n\t\t\t\t<div class=\"elementor-widget-container\">\n\t\t\t\t\t        <div class=\"penci-clearfix penci-biggrid-wrapper penci-grid-col-1 penci-grid-mcol-1 penci-bgrid-based-post penci-bgrid-style-1 pcbg-ficonpo-top-right pcbg-reiconpo-top-left penci-bgrid-content-below pencibg-imageh-zoom-in pencibg-texth-none pencibg-textani-movetop textop\">\n\t\t\t            <div class=\"penci-clearfix penci-biggrid penci-bgstyle-1 penci-bgel\">\n                <div class=\"penci-biggrid-inner default\">\n\t\t\t\t\t<div class=\"penci-clearfix penci-biggrid-data penci-dflex\"><div class=\"penci-bgitem\">\n    <div class=\"penci-bgitin\">\n        <div class=\"penci-bgmain\">\n            <div class=\"pcbg-thumb\">\n\t\t\t\t\t\t\t\t                <div class=\"pcbg-thumbin\">\n                    <a class=\"pcbg-bgoverlay\"\n                       href=\"https:\/\/gnews.cz\/it\/neprehlednete\/konflikt-usa-a-iranu-muze-podle-nemeckych-medii-spustit-energetickou-studenou-valku\/\" title=\"Konflikt USA a \u00cdr\u00e1nu m\u016f\u017ee podle n\u011bmeck\u00fdch m\u00e9di\u00ed spustit \u201eenergetickou studenou v\u00e1lku\u201c\"><\/a>\n\n                        <div  data-bgset=\"https:\/\/gnews.cz\/wp-content\/uploads\/2026\/04\/1776739449665_541-585x390.webp\" data_bg_hidpi=\"https:\/\/gnews.cz\/wp-content\/uploads\/2026\/04\/1776739449665_541-585x390.webp\" class=\"penci-lazy penci-image-holder\">\n                                                    <\/div>\n\n                <\/div>\n            <\/div>\n            <div class=\"pcbg-content\">\n                <div class=\"pcbg-content-flex\">\n                    <a class=\"pcbg-bgoverlay\"\n                       href=\"https:\/\/gnews.cz\/it\/neprehlednete\/konflikt-usa-a-iranu-muze-podle-nemeckych-medii-spustit-energetickou-studenou-valku\/\" title=\"Konflikt USA a \u00cdr\u00e1nu m\u016f\u017ee podle n\u011bmeck\u00fdch m\u00e9di\u00ed spustit \u201eenergetickou studenou v\u00e1lku\u201c\"><\/a>\n                    <div class=\"pcbg-content-inner bgcontent-block\">\n                        <a href=\"https:\/\/gnews.cz\/it\/neprehlednete\/konflikt-usa-a-iranu-muze-podle-nemeckych-medii-spustit-energetickou-studenou-valku\/\" title=\"Konflikt USA a \u00cdr\u00e1nu m\u016f\u017ee podle n\u011bmeck\u00fdch m\u00e9di\u00ed spustit \u201eenergetickou studenou v\u00e1lku\u201c\"\n                           class=\"pcbg-bgoverlaytext item-hover\"><\/a>\n\n\t\t\t\t\t\t\n\t\t\t\t\t\t                            <div class=\"pcbg-heading item-hover\">\n                                <h3 class=\"pcbg-title\">\n                                    <a href=\"https:\/\/gnews.cz\/it\/neprehlednete\/konflikt-usa-a-iranu-muze-podle-nemeckych-medii-spustit-energetickou-studenou-valku\/\">\n\t\t\t\t\t\t\t\t\t\tKonflikt USA a \u00cdr\u00e1nu m\u016f\u017ee podle n\u011bmeck\u00fdch m\u00e9di\u00ed spustit \u201eenergetickou studenou v\u00e1lku\u201c                                    <\/a>\n                                <\/h3>\n                            <\/div>\n\t\t\t\t\t\t\n\t\t\t\t\t\t                            <div class=\"grid-post-box-meta pcbg-meta item-hover\">\n                                <div class=\"pcbg-meta-desc\">\n\t\t\t\t\t\t\t\t\t\t\t\t\t\t\t\t\t\t                                        <span class=\"bg-date\"><time class=\"entry-date published\" datetime=\"2026-04-21T19:41:23+02:00\">Aprile 21, 2026<\/time><\/span>\n\t\t\t\t\t\t\t\t\t\t\t\t\t\t\t\t\t\t\t\t\t\t\t\t\t\t\t\t\t\t\t\t\t\t\t\t\t\t\t\t\t\t\t\t\t\t\t\t\t\t\t\t\t\t                                <\/div>\n\t\t\t\t\t\t\t\t                            <\/div>\n\t\t\t\t\t\t\n\t\t\t\t\t\t                    <\/div>\n                <\/div>\n            <\/div>\n        <\/div>\n    <\/div>\n<\/div>\n<\/div>                <\/div>\n\t\t\t\t            <\/div>\n        <\/div>\n\t\t\t\t\t\t<\/div>\n\t\t\t\t<\/div>\n\t\t\t\t<div class=\"elementor-element elementor-element-53ffc45 elementor-widget elementor-widget-penci-small-list\" data-id=\"53ffc45\" data-element_type=\"widget\" data-e-type=\"widget\" data-widget_type=\"penci-small-list.default\">\n\t\t\t\t<div class=\"elementor-widget-container\">\n\t\t\t\t\t<script>if( typeof(penciBlock) === \"undefined\" ) {function penciBlock() { this.atts_json = ''; this.content = ''; }}var penciBlocksArray = penciBlocksArray || [];var PENCILOCALCACHE = PENCILOCALCACHE || {};var pcblock_3966 = new penciBlock();pcblock_3966.blockID=\"pcblock_3966\";pcblock_3966.atts_json = '{\"type\":\"grid\",\"dformat\":\"\",\"date_pos\":\"left\",\"column\":\"1\",\"tab_column\":\"1\",\"mb_column\":\"1\",\"imgpos\":\"left\",\"thumb_size\":\"\",\"mthumb_size\":\"\",\"post_meta\":[\"title\",\"date\"],\"primary_cat\":\"\",\"title_length\":\"\",\"excerpt_pos\":\"below\",\"rmstyle\":\"filled\",\"excerpt_length\":15,\"nocrop\":\"\",\"hide_cat_mobile\":\"\",\"hide_meta_mobile\":\"\",\"hide_excerpt_mobile\":\"\",\"hide_rm_mobile\":\"\",\"imgtop_mobile\":\"\",\"ver_border\":\"\",\"hide_thumb\":\"yes\",\"show_reviewpie\":\"\",\"show_formaticon\":\"\",\"disable_lazy\":\"\",\"show_excerpt\":\"\",\"show_readmore\":\"\",\"query\":{\"orderby\":\"date\",\"order\":\"desc\",\"ignore_sticky_posts\":1,\"post_status\":\"publish\",\"post__not_in\":[],\"post_type\":\"post\",\"posts_per_page\":4,\"tax_query\":[{\"taxonomy\":\"post_tag\",\"field\":\"term_id\",\"terms\":[\"22\"]},{\"taxonomy\":\"category\",\"field\":\"term_id\",\"terms\":[\"1376\",\"2968\"],\"operator\":\"NOT IN\"},{\"taxonomy\":\"post_tag\",\"field\":\"term_id\",\"terms\":[\"38\",\"78\",\"26\"],\"operator\":\"NOT IN\"}],\"offset\":1},\"category_ids\":\"\",\"taxonomy\":\"\"}';penciBlocksArray.push(pcblock_3966);<\/script>        <div class=\"penci-wrapper-smalllist\">\n\t\t\t\t\t\t            <div class=\"penci-smalllist-wrapper\">\n\t\t\t\t                    <div class=\"penci-smalllist pcsl-wrapper pwsl-id-default\">\n                        <div class=\"pcsl-inner penci-clearfix pcsl-grid pcsl-imgpos-left pcsl-col-1 pcsl-tabcol-1 pcsl-mobcol-1\">\n\t\t\t\t\t\t\t\t\t\t\t\t\t\t\t\t\t\t\t\t\t\t\t\t                                    <div class=\"pcsl-item pcsl-nothumb\">\n                                        <div class=\"pcsl-itemin\">\n                                            <div class=\"pcsl-iteminer\">\n\t\t\t\t\t\t\t\t\t\t\t\t\n\t\t\t\t\t\t\t\t\t\t\t\t                                                <div class=\"pcsl-content\">\n\t\t\t\t\t\t\t\t\t\t\t\t\t\n\t\t\t\t\t\t\t\t\t\t\t\t\t                                                        <div class=\"pcsl-title\">\n                                                            <a href=\"https:\/\/gnews.cz\/it\/tema\/ve-svete-nezname-zajimavosti-o-cinskych-jmenech\/\">Ve sv\u011bt\u011b nezn\u00e1m\u00e9 zaj\u00edmavosti o \u010d\u00ednsk\u00fdch jm\u00e9nech<\/a>\n                                                        <\/div>\n\t\t\t\t\t\t\t\t\t\t\t\t\t\n\t\t\t\t\t\t\t\t\t\t\t\t\t                                                        <div class=\"grid-post-box-meta pcsl-meta\">\n\t\t\t\t\t\t\t\t\t\t\t\t\t\t\t\t\t\t\t\t\t\t\t\t\t\t\t\t\t\t                                                                <span class=\"sl-date\"><time class=\"entry-date published\" datetime=\"2026-04-25T01:00:00+02:00\">Aprile 25, 2026<\/time><\/span>\n\t\t\t\t\t\t\t\t\t\t\t\t\t\t\t\t\t\t\t\t\t\t\t\t\t\t\t\t\t\t\t\t\t\t\t\t\t\t\t\t\t\t\t\t\t\t\t\t\t\t\t\t\t\t\t\t\t\t\t\t\t\t\t\t\t\t\t\t\t\t\t\t\t\t\t\t\t\t\t\t\t\t\t\t\t\t\t\t\t\t                                                        <\/div>\n\t\t\t\t\t\t\t\t\t\t\t\t\t\n\t\t\t\t\t\t\t\t\t\t\t\t\t\t\t\t\t\t\t\t\t\t\t\t\t\t\n                                                <\/div>\n\n\t\t\t\t\t\t\t\t\t\t\t\t                                            <\/div>\n                                        <\/div>\n                                    <\/div>\n                                \t\t\t\t\t\t\t\t\t\t\t\t\t\t\t\t\t                                    <div class=\"pcsl-item pcsl-nothumb\">\n                                        <div class=\"pcsl-itemin\">\n                                            <div class=\"pcsl-iteminer\">\n\t\t\t\t\t\t\t\t\t\t\t\t\n\t\t\t\t\t\t\t\t\t\t\t\t                                                <div class=\"pcsl-content\">\n\t\t\t\t\t\t\t\t\t\t\t\t\t\n\t\t\t\t\t\t\t\t\t\t\t\t\t                                                        <div class=\"pcsl-title\">\n                                                            <a href=\"https:\/\/gnews.cz\/it\/tema\/prezident-xi-jinping-nedavno-zduraznil-je-treba-dobre-vyuzivat-zkusenosti-rozvoje-z-yiwu-a-najit-cestu-k-vysoce-kvalitnimu-rozvoji-odpovidajicimu-mistnim-podminkam\/\">Prezident Xi Jinping ned\u00e1vno zd\u016fraznil: Je t\u0159eba dob\u0159e vyu\u017e\u00edvat \u201ezku\u0161enosti rozvoje z Yiwu\u201c a naj\u00edt cestu k vysoce kvalitn\u00edmu rozvoji odpov\u00eddaj\u00edc\u00edmu m\u00edstn\u00edm podm\u00ednk\u00e1m<\/a>\n                                                        <\/div>\n\t\t\t\t\t\t\t\t\t\t\t\t\t\n\t\t\t\t\t\t\t\t\t\t\t\t\t                                                        <div class=\"grid-post-box-meta pcsl-meta\">\n\t\t\t\t\t\t\t\t\t\t\t\t\t\t\t\t\t\t\t\t\t\t\t\t\t\t\t\t\t\t                                                                <span class=\"sl-date\"><time class=\"entry-date published\" datetime=\"2026-04-24T04:00:00+02:00\">Aprile 24, 2026<\/time><\/span>\n\t\t\t\t\t\t\t\t\t\t\t\t\t\t\t\t\t\t\t\t\t\t\t\t\t\t\t\t\t\t\t\t\t\t\t\t\t\t\t\t\t\t\t\t\t\t\t\t\t\t\t\t\t\t\t\t\t\t\t\t\t\t\t\t\t\t\t\t\t\t\t\t\t\t\t\t\t\t\t\t\t\t\t\t\t\t\t\t\t\t                                                        <\/div>\n\t\t\t\t\t\t\t\t\t\t\t\t\t\n\t\t\t\t\t\t\t\t\t\t\t\t\t\t\t\t\t\t\t\t\t\t\t\t\t\t\n                                                <\/div>\n\n\t\t\t\t\t\t\t\t\t\t\t\t                                            <\/div>\n                                        <\/div>\n                                    <\/div>\n                                \t\t\t\t\t\t\t\t\t\t\t\t\t\t\t\t\t                                    <div class=\"pcsl-item pcsl-nothumb\">\n                                        <div class=\"pcsl-itemin\">\n                                            <div class=\"pcsl-iteminer\">\n\t\t\t\t\t\t\t\t\t\t\t\t\n\t\t\t\t\t\t\t\t\t\t\t\t                                                <div class=\"pcsl-content\">\n\t\t\t\t\t\t\t\t\t\t\t\t\t\n\t\t\t\t\t\t\t\t\t\t\t\t\t                                                        <div class=\"pcsl-title\">\n                                                            <a href=\"https:\/\/gnews.cz\/it\/tema\/duch-prahy-v-sanghaji-architektonicka-legenda-ceske-ctvrti-v-qingpu-2\/\">Duch Prahy v \u0160anghaji: Architektonick\u00e1 legenda \u201e\u010cesk\u00e9 \u010dtvrti\u201c v\u00a0Qingpu<\/a>\n                                                        <\/div>\n\t\t\t\t\t\t\t\t\t\t\t\t\t\n\t\t\t\t\t\t\t\t\t\t\t\t\t                                                        <div class=\"grid-post-box-meta pcsl-meta\">\n\t\t\t\t\t\t\t\t\t\t\t\t\t\t\t\t\t\t\t\t\t\t\t\t\t\t\t\t\t\t                                                                <span class=\"sl-date\"><time class=\"entry-date published\" datetime=\"2026-04-24T01:00:00+02:00\">Aprile 24, 2026<\/time><\/span>\n\t\t\t\t\t\t\t\t\t\t\t\t\t\t\t\t\t\t\t\t\t\t\t\t\t\t\t\t\t\t\t\t\t\t\t\t\t\t\t\t\t\t\t\t\t\t\t\t\t\t\t\t\t\t\t\t\t\t\t\t\t\t\t\t\t\t\t\t\t\t\t\t\t\t\t\t\t\t\t\t\t\t\t\t\t\t\t\t\t\t                                                        <\/div>\n\t\t\t\t\t\t\t\t\t\t\t\t\t\n\t\t\t\t\t\t\t\t\t\t\t\t\t\t\t\t\t\t\t\t\t\t\t\t\t\t\n                                                <\/div>\n\n\t\t\t\t\t\t\t\t\t\t\t\t                                            <\/div>\n                                        <\/div>\n                                    <\/div>\n                                \t\t\t\t\t\t\t\t\t\t\t\t\t\t\t\t\t                                    <div class=\"pcsl-item pcsl-nothumb\">\n                                        <div class=\"pcsl-itemin\">\n                                            <div class=\"pcsl-iteminer\">\n\t\t\t\t\t\t\t\t\t\t\t\t\n\t\t\t\t\t\t\t\t\t\t\t\t                                                <div class=\"pcsl-content\">\n\t\t\t\t\t\t\t\t\t\t\t\t\t\n\t\t\t\t\t\t\t\t\t\t\t\t\t                                                        <div class=\"pcsl-title\">\n                                                            <a href=\"https:\/\/gnews.cz\/it\/tema\/tydenni-shrnuti-cinske-ekonomiky-a-technologii-roboti-vyhrali-maraton-nemocnice-s-ai-rostou-kering-sazi-na-icicle\/\">T\u00fddenn\u00ed shrnut\u00ed \u010d\u00ednsk\u00e9 ekonomiky a technologi\u00ed: Roboti vyhr\u00e1li maraton, Nemocnice s AI rostou, Kering s\u00e1z\u00ed na Icicle<\/a>\n                                                        <\/div>\n\t\t\t\t\t\t\t\t\t\t\t\t\t\n\t\t\t\t\t\t\t\t\t\t\t\t\t                                                        <div class=\"grid-post-box-meta pcsl-meta\">\n\t\t\t\t\t\t\t\t\t\t\t\t\t\t\t\t\t\t\t\t\t\t\t\t\t\t\t\t\t\t                                                                <span class=\"sl-date\"><time class=\"entry-date published\" datetime=\"2026-04-22T12:00:00+02:00\">Aprile 22, 2026<\/time><\/span>\n\t\t\t\t\t\t\t\t\t\t\t\t\t\t\t\t\t\t\t\t\t\t\t\t\t\t\t\t\t\t\t\t\t\t\t\t\t\t\t\t\t\t\t\t\t\t\t\t\t\t\t\t\t\t\t\t\t\t\t\t\t\t\t\t\t\t\t\t\t\t\t\t\t\t\t\t\t\t\t\t\t\t\t\t\t\t\t\t\t\t                                                        <\/div>\n\t\t\t\t\t\t\t\t\t\t\t\t\t\n\t\t\t\t\t\t\t\t\t\t\t\t\t\t\t\t\t\t\t\t\t\t\t\t\t\t\n                                                <\/div>\n\n\t\t\t\t\t\t\t\t\t\t\t\t                                            <\/div>\n                                        <\/div>\n                                    <\/div>\n                                \t\t\t\t\t\t\t\t\t\t\t\t\t\t\t\t                        <\/div>\n\n\t\t\t\t\t\t\n                    <\/div>\n\t\t\t\t\t            <\/div>\n        <\/div>\n\t\t\t\t\t\t<\/div>\n\t\t\t\t<\/div>\n\t\t\t\t<\/div>\n\t\t\t\t<\/div>\n\t\t\t\t\t<\/div>\n\t\t<\/div>\n\t\t\t\t\t<\/div>\n\t\t<\/section>\n\t\t\t\t<div class=\"elementor-element elementor-element-c59b77f e-con e-atomic-element e-flexbox-base e-c59b77f-8b169f0\" data-id=\"c59b77f\" data-element_type=\"e-flexbox\" data-e-type=\"e-flexbox\" data-interaction-id=\"c59b77f\" data-e-type=\"e-flexbox\" data-id=\"c59b77f\">\n\t\t\t\t\t\t\t\n\t\t\t<a\n\t\t\thref=\"https:\/\/gnews.cz\/en\/about-us\/\" target=\"_blank\"\n\t\t\tclass=\"e-image-link-base\"\n\t\t\tdata-interaction-id=\"7a9fd54\"\n\t\t>\n\t\t<img class=\"e-image-base e-7a9fd54-a526abe\" \n\t\t\t\t\tdata-interaction-id=\"7a9fd54\" \n\t\t \n\t\t data-e-type=\"widget\" data-id=\"7a9fd54\" \n\t\t\t\t\t\t\t\t\tid=\"43262\"\n\t\t\t\t\t\t\t\t\t\t\t\tsrc=\"https:\/\/gnews.cz\/wp-content\/uploads\/2026\/04\/GNEWS-1-Doubao2.webp\"\n\t\t\t\t\t\t\t\t\t\t\t\twidth=\"1280\"\n\t\t\t\t\t\t\t\t\t\t\t\theight=\"719\"\n\t\t\t\t\t\t\t\t\t\t\t\tsrcset=\"https:\/\/gnews.cz\/wp-content\/uploads\/2026\/04\/GNEWS-1-Doubao2.webp 1280w, https:\/\/gnews.cz\/wp-content\/uploads\/2026\/04\/GNEWS-1-Doubao2-300x169.webp 300w, https:\/\/gnews.cz\/wp-content\/uploads\/2026\/04\/GNEWS-1-Doubao2-1024x575.webp 1024w, https:\/\/gnews.cz\/wp-content\/uploads\/2026\/04\/GNEWS-1-Doubao2-768x431.webp 768w, https:\/\/gnews.cz\/wp-content\/uploads\/2026\/04\/GNEWS-1-Doubao2-18x10.webp 18w, https:\/\/gnews.cz\/wp-content\/uploads\/2026\/04\/GNEWS-1-Doubao2-1170x657.webp 1170w, https:\/\/gnews.cz\/wp-content\/uploads\/2026\/04\/GNEWS-1-Doubao2-585x329.webp 585w\"\n\t\t\t\t\t\t\t\t\t\t\t\talt=\"\"\n\t\t\t\t\t\t\/>\n\t\t\t\t\t<\/div>\n\t\t\t\t<\/div>\n\t\t","protected":false},"excerpt":{"rendered":"<p>News Gli Stati Uniti confermano agli alleati l'intenzione di continuare ad alleggerire le sanzioni sul petrolio russo 1 aprile 2026 Analisi: conflitto Russia-Ucraina - Industria della difesa,...<\/p>","protected":false},"author":1,"featured_media":2846,"parent":0,"menu_order":0,"comment_status":"closed","ping_status":"closed","template":"page-fullwidth.php","meta":{"_acf_changed":false,"_lmt_disableupdate":"","_lmt_disable":"","footnotes":""},"class_list":["post-1489","page","type-page","status-publish","has-post-thumbnail","hentry"],"acf":[],"aioseo_notices":[],"_links":{"self":[{"href":"https:\/\/gnews.cz\/it\/wp-json\/wp\/v2\/pages\/1489","targetHints":{"allow":["GET"]}}],"collection":[{"href":"https:\/\/gnews.cz\/it\/wp-json\/wp\/v2\/pages"}],"about":[{"href":"https:\/\/gnews.cz\/it\/wp-json\/wp\/v2\/types\/page"}],"author":[{"embeddable":true,"href":"https:\/\/gnews.cz\/it\/wp-json\/wp\/v2\/users\/1"}],"replies":[{"embeddable":true,"href":"https:\/\/gnews.cz\/it\/wp-json\/wp\/v2\/comments?post=1489"}],"version-history":[{"count":5,"href":"https:\/\/gnews.cz\/it\/wp-json\/wp\/v2\/pages\/1489\/revisions"}],"predecessor-version":[{"id":43326,"href":"https:\/\/gnews.cz\/it\/wp-json\/wp\/v2\/pages\/1489\/revisions\/43326"}],"wp:featuredmedia":[{"embeddable":true,"href":"https:\/\/gnews.cz\/it\/wp-json\/wp\/v2\/media\/2846"}],"wp:attachment":[{"href":"https:\/\/gnews.cz\/it\/wp-json\/wp\/v2\/media?parent=1489"}],"curies":[{"name":"wp","href":"https:\/\/api.w.org\/{rel}","templated":true}]}}