{"id":1489,"date":"2021-11-02T08:16:09","date_gmt":"2021-11-02T08:16:09","guid":{"rendered":"https:\/\/soledaddemo.pencidesign.net\/soledad-modern-news-magazine\/?page_id=8"},"modified":"2026-04-01T16:48:12","modified_gmt":"2026-04-01T14:48:12","slug":"soledad_home","status":"publish","type":"page","link":"https:\/\/gnews.cz\/zh\/","title":{"rendered":"\u7d22\u83b1\u8fbe_\u9996\u9875"},"content":{"rendered":"\t\t<div data-elementor-type=\"wp-page\" data-elementor-id=\"1489\" class=\"elementor elementor-1489\" data-elementor-post-type=\"page\">\n\t\t\t\t\t\t<section class=\"penci-section penci-enSticky penci-repons-elsection penci-con_sb2_sb1 penci-structure-31 elementor-section elementor-top-section elementor-element elementor-element-35af948 elementor-section-boxed elementor-section-height-default elementor-section-height-default\" data-id=\"35af948\" data-element_type=\"section\" data-e-type=\"section\">\n\t\t\t\t\t\t<div class=\"elementor-container elementor-column-gap-extended\">\n\t\t\t\t\t<div class=\"penci-ercol-25 penci-ercol-order-1 penci-sticky-sb penci-sidebarSC   elementor-column elementor-col-25 elementor-top-column elementor-element elementor-element-41bc9bf\" data-id=\"41bc9bf\" data-element_type=\"column\" data-e-type=\"column\">\n\t\t\t<div class=\"elementor-widget-wrap elementor-element-populated\">\n\t\t\t\t\t\t<div class=\"elementor-element elementor-element-946ad52 elementor-widget elementor-widget-penci-small-list\" data-id=\"946ad52\" data-element_type=\"widget\" data-e-type=\"widget\" data-widget_type=\"penci-small-list.default\">\n\t\t\t\t<div class=\"elementor-widget-container\">\n\t\t\t\t\t<script>if( typeof(penciBlock) === \"undefined\" ) {function penciBlock() { this.atts_json = ''; this.content = ''; }}var penciBlocksArray = penciBlocksArray || [];var PENCILOCALCACHE = PENCILOCALCACHE || {};var pcblock_3628 = new penciBlock();pcblock_3628.blockID=\"pcblock_3628\";pcblock_3628.atts_json = '{\"type\":\"grid\",\"dformat\":\"\",\"date_pos\":\"left\",\"column\":\"1\",\"tab_column\":\"1\",\"mb_column\":\"1\",\"imgpos\":\"left\",\"thumb_size\":\"\",\"mthumb_size\":\"\",\"post_meta\":[\"title\",\"date\"],\"primary_cat\":\"\",\"title_length\":\"\",\"excerpt_pos\":\"below\",\"rmstyle\":\"filled\",\"excerpt_length\":15,\"nocrop\":\"\",\"hide_cat_mobile\":\"\",\"hide_meta_mobile\":\"\",\"hide_excerpt_mobile\":\"\",\"hide_rm_mobile\":\"\",\"imgtop_mobile\":\"\",\"ver_border\":\"\",\"hide_thumb\":\"\",\"show_reviewpie\":\"\",\"show_formaticon\":\"\",\"disable_lazy\":\"\",\"show_excerpt\":\"\",\"show_readmore\":\"\",\"query\":{\"orderby\":\"date\",\"order\":\"desc\",\"ignore_sticky_posts\":1,\"post_status\":\"publish\",\"post__not_in\":[],\"post_type\":\"post\",\"posts_per_page\":10,\"tax_query\":[{\"taxonomy\":\"category\",\"field\":\"term_id\",\"terms\":[\"2\",\"3\",\"4\",\"6\",\"7\",\"2968\",\"2973\"]}]},\"category_ids\":\"\",\"taxonomy\":\"\"}';penciBlocksArray.push(pcblock_3628);<\/script>        <div class=\"penci-wrapper-smalllist\">\n\t\t\t    <div class=\"penci-border-arrow penci-homepage-title penci-home-latest-posts style-6 pcalign-left pciconp-right pcicon-right block-title-icon-left\">\n        <h3 class=\"inner-arrow\">\n        <span>\n                    <span>Aktuality<\/a>                <\/span>\n        <\/h3>\n\t\t        <\/div>\n\t\t\t\t\t            <div class=\"penci-smalllist-wrapper\">\n\t\t\t\t                    <div class=\"penci-smalllist pcsl-wrapper pwsl-id-default\">\n                        <div class=\"pcsl-inner penci-clearfix pcsl-grid pcsl-imgpos-left pcsl-col-1 pcsl-tabcol-1 pcsl-mobcol-1\">\n\t\t\t\t\t\t\t\t\t\t\t\t\t\t\t\t\t\t\t\t\t\t\t\t                                    <div class=\"pcsl-item\">\n                                        <div class=\"pcsl-itemin\">\n                                            <div class=\"pcsl-iteminer\">\n\t\t\t\t\t\t\t\t\t\t\t\t\n\t\t\t\t\t\t\t\t\t\t\t\t                                                    <div class=\"pcsl-thumb\">\n\t\t\t\t\t\t\t\t\t\t\t\t\t\t\t\t\t\t\t\t\t\t\t\t\t\t\t\t                                                            <a  data-bgset=\"https:\/\/gnews.cz\/wp-content\/uploads\/2026\/04\/foto176605_mid-263x175.webp\" href=\"https:\/\/gnews.cz\/zh\/neprehlednete\/premier-babis-jednal-v-kazachstanu-o-dodavkach-ropy-a-prohloubeni-ekonomickych-vztahu\/\"\n                                                               title=\"Premi\u00e9r Babi\u0161 jednal v Kazachst\u00e1nu o dod\u00e1vk\u00e1ch ropy a prohlouben\u00ed ekonomick\u00fdch vztah\u016f\"\n                                                               class=\"penci-lazy penci-image-holder\">\n\t                                                                                                                        <\/a>\n\n                                                    <\/div>\n\t\t\t\t\t\t\t\t\t\t\t\t                                                <div class=\"pcsl-content\">\n\t\t\t\t\t\t\t\t\t\t\t\t\t\n\t\t\t\t\t\t\t\t\t\t\t\t\t                                                        <div class=\"pcsl-title\">\n                                                            <a href=\"https:\/\/gnews.cz\/zh\/neprehlednete\/premier-babis-jednal-v-kazachstanu-o-dodavkach-ropy-a-prohloubeni-ekonomickych-vztahu\/\">Premi\u00e9r Babi\u0161 jednal v Kazachst\u00e1nu o dod\u00e1vk\u00e1ch ropy a prohlouben\u00ed ekonomick\u00fdch vztah\u016f<\/a>\n                                                        <\/div>\n\t\t\t\t\t\t\t\t\t\t\t\t\t\n\t\t\t\t\t\t\t\t\t\t\t\t\t                                                        <div class=\"grid-post-box-meta pcsl-meta\">\n\t\t\t\t\t\t\t\t\t\t\t\t\t\t\t\t\t\t\t\t\t\t\t\t\t\t\t\t\t\t                                                                <span class=\"sl-date\"><time class=\"entry-date published\" datetime=\"2026-04-30T12:00:00+02:00\">2026-04-30<\/time><\/span>\n\t\t\t\t\t\t\t\t\t\t\t\t\t\t\t\t\t\t\t\t\t\t\t\t\t\t\t\t\t\t\t\t\t\t\t\t\t\t\t\t\t\t\t\t\t\t\t\t\t\t\t\t\t\t\t\t\t\t\t\t\t\t\t\t\t\t\t\t\t\t\t\t\t\t\t\t\t\t\t\t\t\t\t\t\t\t\t\t\t\t                                                        <\/div>\n\t\t\t\t\t\t\t\t\t\t\t\t\t\n\t\t\t\t\t\t\t\t\t\t\t\t\t\t\t\t\t\t\t\t\t\t\t\t\t\t\n                                                <\/div>\n\n\t\t\t\t\t\t\t\t\t\t\t\t                                            <\/div>\n                                        <\/div>\n                                    <\/div>\n                                \t\t\t\t\t\t\t\t\t\t\t\t\t\t\t\t\t                                    <div class=\"pcsl-item\">\n                                        <div class=\"pcsl-itemin\">\n                                            <div class=\"pcsl-iteminer\">\n\t\t\t\t\t\t\t\t\t\t\t\t\n\t\t\t\t\t\t\t\t\t\t\t\t                                                    <div class=\"pcsl-thumb\">\n\t\t\t\t\t\t\t\t\t\t\t\t\t\t\t\t\t\t\t\t\t\t\t\t\t\t\t\t                                                            <a  data-bgset=\"https:\/\/gnews.cz\/wp-content\/uploads\/2025\/01\/na-m-z-jem-o-necht-n-n-meck-tov-rny-volkswagenu-tvrd-zdroj-reuters-1b7d0a-145x96.webp\" href=\"https:\/\/gnews.cz\/zh\/tema\/denni-shrnuti-ekonomiky-v-cr-volkswagen-a-skoda-auto-gz-media-net4gas-triangle-pernod-ricard-a-brown-forman-chiesi-group-a-kalvista-30-dubna-2026\/\"\n                                                               title=\"Denn\u00ed shrnut\u00ed ekonomiky v \u010cR: Volkswagen a \u0160koda Auto, GZ Media, Net4Gas, Triangle, Pernod Ricard a Brown-Forman, Chiesi Group a KalVista (30. dubna 2026)\"\n                                                               class=\"penci-lazy penci-image-holder\">\n\t                                                                                                                        <\/a>\n\n                                                    <\/div>\n\t\t\t\t\t\t\t\t\t\t\t\t                                                <div class=\"pcsl-content\">\n\t\t\t\t\t\t\t\t\t\t\t\t\t\n\t\t\t\t\t\t\t\t\t\t\t\t\t                                                        <div class=\"pcsl-title\">\n                                                            <a href=\"https:\/\/gnews.cz\/zh\/tema\/denni-shrnuti-ekonomiky-v-cr-volkswagen-a-skoda-auto-gz-media-net4gas-triangle-pernod-ricard-a-brown-forman-chiesi-group-a-kalvista-30-dubna-2026\/\">Denn\u00ed shrnut\u00ed ekonomiky v \u010cR: Volkswagen a \u0160koda Auto, GZ Media, Net4Gas, Triangle, Pernod Ricard a Brown-Forman, Chiesi Group a KalVista (30. dubna 2026)<\/a>\n                                                        <\/div>\n\t\t\t\t\t\t\t\t\t\t\t\t\t\n\t\t\t\t\t\t\t\t\t\t\t\t\t                                                        <div class=\"grid-post-box-meta pcsl-meta\">\n\t\t\t\t\t\t\t\t\t\t\t\t\t\t\t\t\t\t\t\t\t\t\t\t\t\t\t\t\t\t                                                                <span class=\"sl-date\"><time class=\"entry-date published\" datetime=\"2026-04-30T09:00:00+02:00\">2026-04-30<\/time><\/span>\n\t\t\t\t\t\t\t\t\t\t\t\t\t\t\t\t\t\t\t\t\t\t\t\t\t\t\t\t\t\t\t\t\t\t\t\t\t\t\t\t\t\t\t\t\t\t\t\t\t\t\t\t\t\t\t\t\t\t\t\t\t\t\t\t\t\t\t\t\t\t\t\t\t\t\t\t\t\t\t\t\t\t\t\t\t\t\t\t\t\t                                                        <\/div>\n\t\t\t\t\t\t\t\t\t\t\t\t\t\n\t\t\t\t\t\t\t\t\t\t\t\t\t\t\t\t\t\t\t\t\t\t\t\t\t\t\n                                                <\/div>\n\n\t\t\t\t\t\t\t\t\t\t\t\t                                            <\/div>\n                                        <\/div>\n                                    <\/div>\n                                \t\t\t\t\t\t\t\t\t\t\t\t\t\t\t\t\t                                    <div class=\"pcsl-item\">\n                                        <div class=\"pcsl-itemin\">\n                                            <div class=\"pcsl-iteminer\">\n\t\t\t\t\t\t\t\t\t\t\t\t\n\t\t\t\t\t\t\t\t\t\t\t\t                                                    <div class=\"pcsl-thumb\">\n\t\t\t\t\t\t\t\t\t\t\t\t\t\t\t\t\t\t\t\t\t\t\t\t\t\t\t\t                                                            <a  data-bgset=\"https:\/\/gnews.cz\/wp-content\/uploads\/2026\/04\/holecpetr-263x175.webp\" href=\"https:\/\/gnews.cz\/zh\/rozhovory\/cesky-prezident-petr-pavel-oznacen-za-kolaboranta-vasnivy-projev-odhaluje-snahy-o-vytvoreni-superstatu-eu-zaujatost-medii-a-paraziticke-byrokraty-petr-holec-zive\/\"\n                                                               title=\"\u010cesk\u00fd prezident Petr Pavel ozna\u010den za \u201ekolaboranta\u201c: V\u00e1\u0161niv\u00fd projev odhaluje snahy o vytvo\u0159en\u00ed superst\u00e1tu EU, zaujatost m\u00e9di\u00ed a \u201eparazitick\u00e9\u201c byrokraty (Petr Holec \u017eiv\u011b #271)\"\n                                                               class=\"penci-lazy penci-image-holder\">\n\t                                                                                                                        <\/a>\n\n                                                    <\/div>\n\t\t\t\t\t\t\t\t\t\t\t\t                                                <div class=\"pcsl-content\">\n\t\t\t\t\t\t\t\t\t\t\t\t\t\n\t\t\t\t\t\t\t\t\t\t\t\t\t                                                        <div class=\"pcsl-title\">\n                                                            <a href=\"https:\/\/gnews.cz\/zh\/rozhovory\/cesky-prezident-petr-pavel-oznacen-za-kolaboranta-vasnivy-projev-odhaluje-snahy-o-vytvoreni-superstatu-eu-zaujatost-medii-a-paraziticke-byrokraty-petr-holec-zive\/\">\u010cesk\u00fd prezident Petr Pavel ozna\u010den za \u201ekolaboranta\u201c: V\u00e1\u0161niv\u00fd projev odhaluje snahy o vytvo\u0159en\u00ed superst\u00e1tu EU, zaujatost m\u00e9di\u00ed a \u201eparazitick\u00e9\u201c byrokraty (Petr Holec \u017eiv\u011b #271)<\/a>\n                                                        <\/div>\n\t\t\t\t\t\t\t\t\t\t\t\t\t\n\t\t\t\t\t\t\t\t\t\t\t\t\t                                                        <div class=\"grid-post-box-meta pcsl-meta\">\n\t\t\t\t\t\t\t\t\t\t\t\t\t\t\t\t\t\t\t\t\t\t\t\t\t\t\t\t\t\t                                                                <span class=\"sl-date\"><time class=\"entry-date published\" datetime=\"2026-04-30T07:39:01+02:00\">2026-04-30<\/time><\/span>\n\t\t\t\t\t\t\t\t\t\t\t\t\t\t\t\t\t\t\t\t\t\t\t\t\t\t\t\t\t\t\t\t\t\t\t\t\t\t\t\t\t\t\t\t\t\t\t\t\t\t\t\t\t\t\t\t\t\t\t\t\t\t\t\t\t\t\t\t\t\t\t\t\t\t\t\t\t\t\t\t\t\t\t\t\t\t\t\t\t\t                                                        <\/div>\n\t\t\t\t\t\t\t\t\t\t\t\t\t\n\t\t\t\t\t\t\t\t\t\t\t\t\t\t\t\t\t\t\t\t\t\t\t\t\t\t\n                                                <\/div>\n\n\t\t\t\t\t\t\t\t\t\t\t\t                                            <\/div>\n                                        <\/div>\n                                    <\/div>\n                                \t\t\t\t\t\t\t\t\t\t\t\t\t\t\t\t\t                                    <div class=\"pcsl-item\">\n                                        <div class=\"pcsl-itemin\">\n                                            <div class=\"pcsl-iteminer\">\n\t\t\t\t\t\t\t\t\t\t\t\t\n\t\t\t\t\t\t\t\t\t\t\t\t                                                    <div class=\"pcsl-thumb\">\n\t\t\t\t\t\t\t\t\t\t\t\t\t\t\t\t\t\t\t\t\t\t\t\t\t\t\t\t                                                            <a  data-bgset=\"https:\/\/gnews.cz\/wp-content\/uploads\/2026\/04\/1777450946944_244-263x175.webp\" href=\"https:\/\/gnews.cz\/zh\/politika\/ministr-obrany-ciny-vyzyva-k-posileni-spoluprace-pro-udrzeni-miru-v-ramci-sos\/\"\n                                                               title=\"Ministr obrany \u010c\u00edny vyz\u00fdv\u00e1 k pos\u00edlen\u00ed spolupr\u00e1ce pro udr\u017een\u00ed m\u00edru v r\u00e1mci \u0160OS\"\n                                                               class=\"penci-lazy penci-image-holder\">\n\t                                                                                                                        <\/a>\n\n                                                    <\/div>\n\t\t\t\t\t\t\t\t\t\t\t\t                                                <div class=\"pcsl-content\">\n\t\t\t\t\t\t\t\t\t\t\t\t\t\n\t\t\t\t\t\t\t\t\t\t\t\t\t                                                        <div class=\"pcsl-title\">\n                                                            <a href=\"https:\/\/gnews.cz\/zh\/politika\/ministr-obrany-ciny-vyzyva-k-posileni-spoluprace-pro-udrzeni-miru-v-ramci-sos\/\">Ministr obrany \u010c\u00edny vyz\u00fdv\u00e1 k pos\u00edlen\u00ed spolupr\u00e1ce pro udr\u017een\u00ed m\u00edru v r\u00e1mci \u0160OS<\/a>\n                                                        <\/div>\n\t\t\t\t\t\t\t\t\t\t\t\t\t\n\t\t\t\t\t\t\t\t\t\t\t\t\t                                                        <div class=\"grid-post-box-meta pcsl-meta\">\n\t\t\t\t\t\t\t\t\t\t\t\t\t\t\t\t\t\t\t\t\t\t\t\t\t\t\t\t\t\t                                                                <span class=\"sl-date\"><time class=\"entry-date published\" datetime=\"2026-04-30T04:00:00+02:00\">2026-04-30<\/time><\/span>\n\t\t\t\t\t\t\t\t\t\t\t\t\t\t\t\t\t\t\t\t\t\t\t\t\t\t\t\t\t\t\t\t\t\t\t\t\t\t\t\t\t\t\t\t\t\t\t\t\t\t\t\t\t\t\t\t\t\t\t\t\t\t\t\t\t\t\t\t\t\t\t\t\t\t\t\t\t\t\t\t\t\t\t\t\t\t\t\t\t\t                                                        <\/div>\n\t\t\t\t\t\t\t\t\t\t\t\t\t\n\t\t\t\t\t\t\t\t\t\t\t\t\t\t\t\t\t\t\t\t\t\t\t\t\t\t\n                                                <\/div>\n\n\t\t\t\t\t\t\t\t\t\t\t\t                                            <\/div>\n                                        <\/div>\n                                    <\/div>\n                                \t\t\t\t\t\t\t\t\t\t\t\t\t\t\t\t\t                                    <div class=\"pcsl-item\">\n                                        <div class=\"pcsl-itemin\">\n                                            <div class=\"pcsl-iteminer\">\n\t\t\t\t\t\t\t\t\t\t\t\t\n\t\t\t\t\t\t\t\t\t\t\t\t                                                    <div class=\"pcsl-thumb\">\n\t\t\t\t\t\t\t\t\t\t\t\t\t\t\t\t\t\t\t\t\t\t\t\t\t\t\t\t                                                            <a  data-bgset=\"https:\/\/gnews.cz\/wp-content\/uploads\/2026\/04\/260429181810-238a7985-20260429-193717-263x175.webp\" href=\"https:\/\/gnews.cz\/zh\/neprehlednete\/kdo-nahradi-generala-rehku-pavel-jednal-se-zunou-ve-hre-jsou-ctyri-jmena\/\"\n                                                               title=\"Kdo nahrad\u00ed gener\u00e1la \u0158ehku? Pavel jednal se Z\u016fnou, ve h\u0159e jsou \u010dty\u0159i jm\u00e9na\"\n                                                               class=\"penci-lazy penci-image-holder\">\n\t                                                                                                                        <\/a>\n\n                                                    <\/div>\n\t\t\t\t\t\t\t\t\t\t\t\t                                                <div class=\"pcsl-content\">\n\t\t\t\t\t\t\t\t\t\t\t\t\t\n\t\t\t\t\t\t\t\t\t\t\t\t\t                                                        <div class=\"pcsl-title\">\n                                                            <a href=\"https:\/\/gnews.cz\/zh\/neprehlednete\/kdo-nahradi-generala-rehku-pavel-jednal-se-zunou-ve-hre-jsou-ctyri-jmena\/\">Kdo nahrad\u00ed gener\u00e1la \u0158ehku? Pavel jednal se Z\u016fnou, ve h\u0159e jsou \u010dty\u0159i jm\u00e9na<\/a>\n                                                        <\/div>\n\t\t\t\t\t\t\t\t\t\t\t\t\t\n\t\t\t\t\t\t\t\t\t\t\t\t\t                                                        <div class=\"grid-post-box-meta pcsl-meta\">\n\t\t\t\t\t\t\t\t\t\t\t\t\t\t\t\t\t\t\t\t\t\t\t\t\t\t\t\t\t\t                                                                <span class=\"sl-date\"><time class=\"entry-date published\" datetime=\"2026-04-29T21:00:00+02:00\">2026-04-29<\/time><\/span>\n\t\t\t\t\t\t\t\t\t\t\t\t\t\t\t\t\t\t\t\t\t\t\t\t\t\t\t\t\t\t\t\t\t\t\t\t\t\t\t\t\t\t\t\t\t\t\t\t\t\t\t\t\t\t\t\t\t\t\t\t\t\t\t\t\t\t\t\t\t\t\t\t\t\t\t\t\t\t\t\t\t\t\t\t\t\t\t\t\t\t                                                        <\/div>\n\t\t\t\t\t\t\t\t\t\t\t\t\t\n\t\t\t\t\t\t\t\t\t\t\t\t\t\t\t\t\t\t\t\t\t\t\t\t\t\t\n                                                <\/div>\n\n\t\t\t\t\t\t\t\t\t\t\t\t                                            <\/div>\n                                        <\/div>\n                                    <\/div>\n                                \t\t\t\t\t\t\t\t\t\t\t\t\t\t\t\t\t                                    <div class=\"pcsl-item\">\n                                        <div class=\"pcsl-itemin\">\n                                            <div class=\"pcsl-iteminer\">\n\t\t\t\t\t\t\t\t\t\t\t\t\n\t\t\t\t\t\t\t\t\t\t\t\t                                                    <div class=\"pcsl-thumb\">\n\t\t\t\t\t\t\t\t\t\t\t\t\t\t\t\t\t\t\t\t\t\t\t\t\t\t\t\t                                                            <a  data-bgset=\"https:\/\/gnews.cz\/wp-content\/uploads\/2026\/03\/ropa-263x175.webp\" href=\"https:\/\/gnews.cz\/zh\/tema\/od-tankeru-k-nadrzim-napeti-v-hormuzskem-prulivu-uz-dva-mesice-otrasa-globalnimi-energetickymi-trhy\/\"\n                                                               title=\"Od tanker\u016f k n\u00e1dr\u017e\u00edm &#8211; nap\u011bt\u00ed v Hormuzsk\u00e9m pr\u016flivu u\u017e dva m\u011bs\u00edce ot\u0159\u00e1s\u00e1 glob\u00e1ln\u00edmi energetick\u00fdmi trhy\"\n                                                               class=\"penci-lazy penci-image-holder\">\n\t                                                                                                                        <\/a>\n\n                                                    <\/div>\n\t\t\t\t\t\t\t\t\t\t\t\t                                                <div class=\"pcsl-content\">\n\t\t\t\t\t\t\t\t\t\t\t\t\t\n\t\t\t\t\t\t\t\t\t\t\t\t\t                                                        <div class=\"pcsl-title\">\n                                                            <a href=\"https:\/\/gnews.cz\/zh\/tema\/od-tankeru-k-nadrzim-napeti-v-hormuzskem-prulivu-uz-dva-mesice-otrasa-globalnimi-energetickymi-trhy\/\">Od tanker\u016f k n\u00e1dr\u017e\u00edm &#8211; nap\u011bt\u00ed v Hormuzsk\u00e9m pr\u016flivu u\u017e dva m\u011bs\u00edce ot\u0159\u00e1s\u00e1 glob\u00e1ln\u00edmi energetick\u00fdmi trhy<\/a>\n                                                        <\/div>\n\t\t\t\t\t\t\t\t\t\t\t\t\t\n\t\t\t\t\t\t\t\t\t\t\t\t\t                                                        <div class=\"grid-post-box-meta pcsl-meta\">\n\t\t\t\t\t\t\t\t\t\t\t\t\t\t\t\t\t\t\t\t\t\t\t\t\t\t\t\t\t\t                                                                <span class=\"sl-date\"><time class=\"entry-date published\" datetime=\"2026-04-29T17:30:00+02:00\">2026-04-29<\/time><\/span>\n\t\t\t\t\t\t\t\t\t\t\t\t\t\t\t\t\t\t\t\t\t\t\t\t\t\t\t\t\t\t\t\t\t\t\t\t\t\t\t\t\t\t\t\t\t\t\t\t\t\t\t\t\t\t\t\t\t\t\t\t\t\t\t\t\t\t\t\t\t\t\t\t\t\t\t\t\t\t\t\t\t\t\t\t\t\t\t\t\t\t                                                        <\/div>\n\t\t\t\t\t\t\t\t\t\t\t\t\t\n\t\t\t\t\t\t\t\t\t\t\t\t\t\t\t\t\t\t\t\t\t\t\t\t\t\t\n                                                <\/div>\n\n\t\t\t\t\t\t\t\t\t\t\t\t                                            <\/div>\n                                        <\/div>\n                                    <\/div>\n                                \t\t\t\t\t\t\t\t\t\t\t\t\t\t\t\t\t                                    <div class=\"pcsl-item\">\n                                        <div class=\"pcsl-itemin\">\n                                            <div class=\"pcsl-iteminer\">\n\t\t\t\t\t\t\t\t\t\t\t\t\n\t\t\t\t\t\t\t\t\t\t\t\t                                                    <div class=\"pcsl-thumb\">\n\t\t\t\t\t\t\t\t\t\t\t\t\t\t\t\t\t\t\t\t\t\t\t\t\t\t\t\t                                                            <a  data-bgset=\"https:\/\/gnews.cz\/wp-content\/uploads\/2026\/04\/raptor04-263x175.webp\" href=\"https:\/\/gnews.cz\/zh\/rozhovory\/cesti-vlastenci-se-sjednotili-zeman-rajchl-a-dalsi-v-bourlive-debate-nadace-zelezne-opony-ostre-kritizovali-planovany-brnensky-sjezd-sudetonemeckeho-landsmansaftu-jako-hrozbu-pro-suverenitu-ceske-re\/\"\n                                                               title=\"\u010ce\u0161t\u00ed vlastenci se sjednotili: Zeman, Rajchl a dal\u0161\u00ed v bou\u0159liv\u00e9 debat\u011b Nadace \u017delezn\u00e9 opony ost\u0159e kritizovali pl\u00e1novan\u00fd brn\u011bnsk\u00fd sjezd Sudeton\u011bmeck\u00e9ho landsman\u0161aftu jako hrozbu pro suverenitu \u010cesk\u00e9 republiky\"\n                                                               class=\"penci-lazy penci-image-holder\">\n\t                                                                                                                        <\/a>\n\n                                                    <\/div>\n\t\t\t\t\t\t\t\t\t\t\t\t                                                <div class=\"pcsl-content\">\n\t\t\t\t\t\t\t\t\t\t\t\t\t\n\t\t\t\t\t\t\t\t\t\t\t\t\t                                                        <div class=\"pcsl-title\">\n                                                            <a href=\"https:\/\/gnews.cz\/zh\/rozhovory\/cesti-vlastenci-se-sjednotili-zeman-rajchl-a-dalsi-v-bourlive-debate-nadace-zelezne-opony-ostre-kritizovali-planovany-brnensky-sjezd-sudetonemeckeho-landsmansaftu-jako-hrozbu-pro-suverenitu-ceske-re\/\">\u010ce\u0161t\u00ed vlastenci se sjednotili: Zeman, Rajchl a dal\u0161\u00ed v bou\u0159liv\u00e9 debat\u011b Nadace \u017delezn\u00e9 opony ost\u0159e kritizovali pl\u00e1novan\u00fd brn\u011bnsk\u00fd sjezd Sudeton\u011bmeck\u00e9ho landsman\u0161aftu jako hrozbu pro suverenitu \u010cesk\u00e9 republiky<\/a>\n                                                        <\/div>\n\t\t\t\t\t\t\t\t\t\t\t\t\t\n\t\t\t\t\t\t\t\t\t\t\t\t\t                                                        <div class=\"grid-post-box-meta pcsl-meta\">\n\t\t\t\t\t\t\t\t\t\t\t\t\t\t\t\t\t\t\t\t\t\t\t\t\t\t\t\t\t\t                                                                <span class=\"sl-date\"><time class=\"entry-date published\" datetime=\"2026-04-29T16:40:00+02:00\">2026-04-29<\/time><\/span>\n\t\t\t\t\t\t\t\t\t\t\t\t\t\t\t\t\t\t\t\t\t\t\t\t\t\t\t\t\t\t\t\t\t\t\t\t\t\t\t\t\t\t\t\t\t\t\t\t\t\t\t\t\t\t\t\t\t\t\t\t\t\t\t\t\t\t\t\t\t\t\t\t\t\t\t\t\t\t\t\t\t\t\t\t\t\t\t\t\t\t                                                        <\/div>\n\t\t\t\t\t\t\t\t\t\t\t\t\t\n\t\t\t\t\t\t\t\t\t\t\t\t\t\t\t\t\t\t\t\t\t\t\t\t\t\t\n                                                <\/div>\n\n\t\t\t\t\t\t\t\t\t\t\t\t                                            <\/div>\n                                        <\/div>\n                                    <\/div>\n                                \t\t\t\t\t\t\t\t\t\t\t\t\t\t\t\t\t                                    <div class=\"pcsl-item\">\n                                        <div class=\"pcsl-itemin\">\n                                            <div class=\"pcsl-iteminer\">\n\t\t\t\t\t\t\t\t\t\t\t\t\n\t\t\t\t\t\t\t\t\t\t\t\t                                                    <div class=\"pcsl-thumb\">\n\t\t\t\t\t\t\t\t\t\t\t\t\t\t\t\t\t\t\t\t\t\t\t\t\t\t\t\t                                                            <a  data-bgset=\"https:\/\/gnews.cz\/wp-content\/uploads\/2026\/04\/9e51aa6c-fdff-4bf1-adfa-a151db76e526-263x175.webp\" href=\"https:\/\/gnews.cz\/zh\/neprehlednete\/evropska-komise-obvinila-metu-z-poruseni-pravidel-deti-se-dostavaji-na-facebook-a-instagram-navzdory-zakazu\/\"\n                                                               title=\"Evropsk\u00e1 komise obvinila Metu z poru\u0161en\u00ed pravidel: D\u011bti se dost\u00e1vaj\u00ed na Facebook a Instagram navzdory z\u00e1kazu\"\n                                                               class=\"penci-lazy penci-image-holder\">\n\t                                                                                                                        <\/a>\n\n                                                    <\/div>\n\t\t\t\t\t\t\t\t\t\t\t\t                                                <div class=\"pcsl-content\">\n\t\t\t\t\t\t\t\t\t\t\t\t\t\n\t\t\t\t\t\t\t\t\t\t\t\t\t                                                        <div class=\"pcsl-title\">\n                                                            <a href=\"https:\/\/gnews.cz\/zh\/neprehlednete\/evropska-komise-obvinila-metu-z-poruseni-pravidel-deti-se-dostavaji-na-facebook-a-instagram-navzdory-zakazu\/\">Evropsk\u00e1 komise obvinila Metu z poru\u0161en\u00ed pravidel: D\u011bti se dost\u00e1vaj\u00ed na Facebook a Instagram navzdory z\u00e1kazu<\/a>\n                                                        <\/div>\n\t\t\t\t\t\t\t\t\t\t\t\t\t\n\t\t\t\t\t\t\t\t\t\t\t\t\t                                                        <div class=\"grid-post-box-meta pcsl-meta\">\n\t\t\t\t\t\t\t\t\t\t\t\t\t\t\t\t\t\t\t\t\t\t\t\t\t\t\t\t\t\t                                                                <span class=\"sl-date\"><time class=\"entry-date published\" datetime=\"2026-04-29T14:00:00+02:00\">2026-04-29<\/time><\/span>\n\t\t\t\t\t\t\t\t\t\t\t\t\t\t\t\t\t\t\t\t\t\t\t\t\t\t\t\t\t\t\t\t\t\t\t\t\t\t\t\t\t\t\t\t\t\t\t\t\t\t\t\t\t\t\t\t\t\t\t\t\t\t\t\t\t\t\t\t\t\t\t\t\t\t\t\t\t\t\t\t\t\t\t\t\t\t\t\t\t\t                                                        <\/div>\n\t\t\t\t\t\t\t\t\t\t\t\t\t\n\t\t\t\t\t\t\t\t\t\t\t\t\t\t\t\t\t\t\t\t\t\t\t\t\t\t\n                                                <\/div>\n\n\t\t\t\t\t\t\t\t\t\t\t\t                                            <\/div>\n                                        <\/div>\n                                    <\/div>\n                                \t\t\t\t\t\t\t\t\t\t\t\t\t\t\t\t\t                                    <div class=\"pcsl-item\">\n                                        <div class=\"pcsl-itemin\">\n                                            <div class=\"pcsl-iteminer\">\n\t\t\t\t\t\t\t\t\t\t\t\t\n\t\t\t\t\t\t\t\t\t\t\t\t                                                    <div class=\"pcsl-thumb\">\n\t\t\t\t\t\t\t\t\t\t\t\t\t\t\t\t\t\t\t\t\t\t\t\t\t\t\t\t                                                            <a  data-bgset=\"https:\/\/gnews.cz\/wp-content\/uploads\/2026\/04\/week-110-263x175.avif\" href=\"https:\/\/gnews.cz\/zh\/neprehlednete\/tydenni-shrnuti-cinske-ekonomiky-a-technologii-deepseek-v4-bezi-na-huawei-baterie-catl-s-nabijenim-za-6-minut-cinsky-farmaceuticky-sektor-predstihuje-usa\/\"\n                                                               title=\"T\u00fddenn\u00ed shrnut\u00ed \u010d\u00ednsk\u00e9 ekonomiky a technologi\u00ed: DeepSeek V4 b\u011b\u017e\u00ed na Huawei, Baterie CATL s nab\u00edjen\u00edm za 6 minut, \u010c\u00ednsk\u00fd farmaceutick\u00fd sektor p\u0159edstihuje USA\"\n                                                               class=\"penci-lazy penci-image-holder\">\n\t                                                                                                                        <\/a>\n\n                                                    <\/div>\n\t\t\t\t\t\t\t\t\t\t\t\t                                                <div class=\"pcsl-content\">\n\t\t\t\t\t\t\t\t\t\t\t\t\t\n\t\t\t\t\t\t\t\t\t\t\t\t\t                                                        <div class=\"pcsl-title\">\n                                                            <a href=\"https:\/\/gnews.cz\/zh\/neprehlednete\/tydenni-shrnuti-cinske-ekonomiky-a-technologii-deepseek-v4-bezi-na-huawei-baterie-catl-s-nabijenim-za-6-minut-cinsky-farmaceuticky-sektor-predstihuje-usa\/\">T\u00fddenn\u00ed shrnut\u00ed \u010d\u00ednsk\u00e9 ekonomiky a technologi\u00ed: DeepSeek V4 b\u011b\u017e\u00ed na Huawei, Baterie CATL s nab\u00edjen\u00edm za 6 minut, \u010c\u00ednsk\u00fd farmaceutick\u00fd sektor p\u0159edstihuje USA<\/a>\n                                                        <\/div>\n\t\t\t\t\t\t\t\t\t\t\t\t\t\n\t\t\t\t\t\t\t\t\t\t\t\t\t                                                        <div class=\"grid-post-box-meta pcsl-meta\">\n\t\t\t\t\t\t\t\t\t\t\t\t\t\t\t\t\t\t\t\t\t\t\t\t\t\t\t\t\t\t                                                                <span class=\"sl-date\"><time class=\"entry-date published\" datetime=\"2026-04-29T12:00:00+02:00\">2026-04-29<\/time><\/span>\n\t\t\t\t\t\t\t\t\t\t\t\t\t\t\t\t\t\t\t\t\t\t\t\t\t\t\t\t\t\t\t\t\t\t\t\t\t\t\t\t\t\t\t\t\t\t\t\t\t\t\t\t\t\t\t\t\t\t\t\t\t\t\t\t\t\t\t\t\t\t\t\t\t\t\t\t\t\t\t\t\t\t\t\t\t\t\t\t\t\t                                                        <\/div>\n\t\t\t\t\t\t\t\t\t\t\t\t\t\n\t\t\t\t\t\t\t\t\t\t\t\t\t\t\t\t\t\t\t\t\t\t\t\t\t\t\n                                                <\/div>\n\n\t\t\t\t\t\t\t\t\t\t\t\t                                            <\/div>\n                                        <\/div>\n                                    <\/div>\n                                \t\t\t\t\t\t\t\t\t\t\t\t\t\t\t\t\t                                    <div class=\"pcsl-item\">\n                                        <div class=\"pcsl-itemin\">\n                                            <div class=\"pcsl-iteminer\">\n\t\t\t\t\t\t\t\t\t\t\t\t\n\t\t\t\t\t\t\t\t\t\t\t\t                                                    <div class=\"pcsl-thumb\">\n\t\t\t\t\t\t\t\t\t\t\t\t\t\t\t\t\t\t\t\t\t\t\t\t\t\t\t\t                                                            <a  data-bgset=\"https:\/\/gnews.cz\/wp-content\/uploads\/2026\/04\/tk-elevator-263x175.webp\" href=\"https:\/\/gnews.cz\/zh\/neprehlednete\/denni-shrnuti-ekonomiky-v-cr-burza-investice-select-medical-kone-a-tk-elevator-meta-a-manus-svetova-banka-goldman-sachs-a-normalizace-exportu-29-dubna-2026\/\"\n                                                               title=\"Denn\u00ed shrnut\u00ed ekonomiky v \u010cR: Burza, investice, Select Medical, Kone a TK Elevator, Meta a Manus, Sv\u011btov\u00e1 banka, Goldman Sachs a normalizace exportu (29. dubna 2026)\"\n                                                               class=\"penci-lazy penci-image-holder\">\n\t                                                                                                                        <\/a>\n\n                                                    <\/div>\n\t\t\t\t\t\t\t\t\t\t\t\t                                                <div class=\"pcsl-content\">\n\t\t\t\t\t\t\t\t\t\t\t\t\t\n\t\t\t\t\t\t\t\t\t\t\t\t\t                                                        <div class=\"pcsl-title\">\n                                                            <a href=\"https:\/\/gnews.cz\/zh\/neprehlednete\/denni-shrnuti-ekonomiky-v-cr-burza-investice-select-medical-kone-a-tk-elevator-meta-a-manus-svetova-banka-goldman-sachs-a-normalizace-exportu-29-dubna-2026\/\">Denn\u00ed shrnut\u00ed ekonomiky v \u010cR: Burza, investice, Select Medical, Kone a TK Elevator, Meta a Manus, Sv\u011btov\u00e1 banka, Goldman Sachs a normalizace exportu (29. dubna 2026)<\/a>\n                                                        <\/div>\n\t\t\t\t\t\t\t\t\t\t\t\t\t\n\t\t\t\t\t\t\t\t\t\t\t\t\t                                                        <div class=\"grid-post-box-meta pcsl-meta\">\n\t\t\t\t\t\t\t\t\t\t\t\t\t\t\t\t\t\t\t\t\t\t\t\t\t\t\t\t\t\t                                                                <span class=\"sl-date\"><time class=\"entry-date published\" datetime=\"2026-04-29T09:00:00+02:00\">2026-04-29<\/time><\/span>\n\t\t\t\t\t\t\t\t\t\t\t\t\t\t\t\t\t\t\t\t\t\t\t\t\t\t\t\t\t\t\t\t\t\t\t\t\t\t\t\t\t\t\t\t\t\t\t\t\t\t\t\t\t\t\t\t\t\t\t\t\t\t\t\t\t\t\t\t\t\t\t\t\t\t\t\t\t\t\t\t\t\t\t\t\t\t\t\t\t\t                                                        <\/div>\n\t\t\t\t\t\t\t\t\t\t\t\t\t\n\t\t\t\t\t\t\t\t\t\t\t\t\t\t\t\t\t\t\t\t\t\t\t\t\t\t\n                                                <\/div>\n\n\t\t\t\t\t\t\t\t\t\t\t\t                                            <\/div>\n                                        <\/div>\n                                    <\/div>\n                                \t\t\t\t\t\t\t\t\t\t\t\t\t\t\t\t                        <\/div>\n\n\t\t\t\t\t\t\n                    <\/div>\n\t\t\t\t\t            <\/div>\n        <\/div>\n\t\t\t\t\t\t<\/div>\n\t\t\t\t<\/div>\n\t\t\t\t\t<\/div>\n\t\t<\/div>\n\t\t\t\t<div class=\"penci-ercol-50 penci-ercol-order-2 penci-sticky-ct  penci-dmcheck penci-elbg-activate  elementor-column elementor-col-50 elementor-top-column elementor-element elementor-element-29b88e4\" data-id=\"29b88e4\" data-element_type=\"column\" data-e-type=\"column\" data-settings=\"{&quot;background_background&quot;:&quot;classic&quot;}\">\n\t\t\t<div class=\"elementor-widget-wrap elementor-element-populated\">\n\t\t\t\t\t\t<div class=\"elementor-element elementor-element-2229611 elementor-widget elementor-widget-penci-featured-sliders\" data-id=\"2229611\" data-element_type=\"widget\" data-e-type=\"widget\" data-widget_type=\"penci-featured-sliders.default\">\n\t\t\t\t<div class=\"elementor-widget-container\">\n\t\t\t\t\t<div class=\"penci-block-el featured-area featured-style-1\"><div class=\"penci-owl-featured-area elsl-style-1 swiper penci-owl-carousel pcfg-slide-2229611 elsl-style-1\" data-dots=\"true\" data-nav=\"true\" data-ceffect=\"swing\" data-seffect=\"creative\" data-style=\"style-1\" data-auto=\"true\" data-autotime=\"4000\" data-speed=\"600\" data-loop=\"true\"><div class=\"penci-owl-nav\"><div class=\"owl-prev\"><i class=\"penciicon-left-chevron\"><\/i><\/div><div class=\"owl-next\"><i class=\"penciicon-right-chevron\"><\/i><\/div><\/div><div class=\"swiper-wrapper\"><div class=\"item swiper-slide swiper-mark-item\">\n\t\t    <div class=\"penci-swiper-mask penci-image-holder penci-lazy\"\n         data-bgset=\"https:\/\/gnews.cz\/wp-content\/uploads\/2026\/04\/foto176605_mid.webp\" data_bg_hidpi=\"https:\/\/gnews.cz\/wp-content\/uploads\/2026\/04\/foto176605_mid.webp\"\n         data-href=\"https:\/\/gnews.cz\/zh\/neprehlednete\/premier-babis-jednal-v-kazachstanu-o-dodavkach-ropy-a-prohloubeni-ekonomickych-vztahu\/\" title=\"Premi\u00e9r Babi\u0161 jednal v Kazachst\u00e1nu o dod\u00e1vk\u00e1ch ropy a prohlouben\u00ed ekonomick\u00fdch vztah\u016f\">\n\t\t\t\t\t                <div class=\"penci-featured-content\">\n                    <div class=\"feat-text\">\n                        <div class=\"featured-slider-overlay\"><\/div>\n\t\t\t\t\t\t                        <h3><a title=\"Premi\u00e9r Babi\u0161 jednal v Kazachst\u00e1nu o dod\u00e1vk\u00e1ch ropy a prohlouben\u00ed ekonomick\u00fdch vztah\u016f\"\n                               href=\"https:\/\/gnews.cz\/zh\/neprehlednete\/premier-babis-jednal-v-kazachstanu-o-dodavkach-ropy-a-prohloubeni-ekonomickych-vztahu\/\">Premi\u00e9r Babi\u0161 jednal v Kazachst\u00e1nu o dod\u00e1vk\u00e1ch ropy a prohlouben\u00ed ekonomick\u00fdch vztah\u016f<\/a>\n                        <\/h3>\n\t\t\t\t\t\t                            <div class=\"feat-meta\">\n\t\t\t\t\t\t\t\t\t\t\t\t\t\t\t\t                                    <span class=\"feat-time\"><time class=\"entry-date published\" datetime=\"2026-04-30T12:00:00+02:00\">2026-04-30<\/time><\/span>\n\t\t\t\t\t\t\t\t\t\t\t\t\t\t\t\t\t\t\t\t\t\t\t\t\t\t\t\t\t\t\t\t\t\t\t\t\t\t\t\t                            <\/div>\n\t\t\t\t\t\t                    <\/div>\n                <\/div>\n\t\t\t        <\/div>\n    <\/div>\n\t\t<div class=\"item swiper-slide swiper-mark-item\">\n\t\t    <div class=\"penci-swiper-mask penci-image-holder penci-lazy\"\n         data-bgset=\"https:\/\/gnews.cz\/wp-content\/uploads\/2025\/01\/na-m-z-jem-o-necht-n-n-meck-tov-rny-volkswagenu-tvrd-zdroj-reuters-1b7d0a-585x360.webp\" data_bg_hidpi=\"https:\/\/gnews.cz\/wp-content\/uploads\/2025\/01\/na-m-z-jem-o-necht-n-n-meck-tov-rny-volkswagenu-tvrd-zdroj-reuters-1b7d0a-480x281.webp\"\n         data-href=\"https:\/\/gnews.cz\/zh\/tema\/denni-shrnuti-ekonomiky-v-cr-volkswagen-a-skoda-auto-gz-media-net4gas-triangle-pernod-ricard-a-brown-forman-chiesi-group-a-kalvista-30-dubna-2026\/\" title=\"Denn\u00ed shrnut\u00ed ekonomiky v \u010cR: Volkswagen a \u0160koda Auto, GZ Media, Net4Gas, Triangle, Pernod Ricard a Brown-Forman, Chiesi Group a KalVista (30. dubna 2026)\">\n\t\t\t\t\t                <div class=\"penci-featured-content\">\n                    <div class=\"feat-text\">\n                        <div class=\"featured-slider-overlay\"><\/div>\n\t\t\t\t\t\t                        <h3><a title=\"Denn\u00ed shrnut\u00ed ekonomiky v \u010cR: Volkswagen a \u0160koda Auto, GZ Media, Net4Gas, Triangle, Pernod Ricard a Brown-Forman, Chiesi Group a KalVista (30. dubna 2026)\"\n                               href=\"https:\/\/gnews.cz\/zh\/tema\/denni-shrnuti-ekonomiky-v-cr-volkswagen-a-skoda-auto-gz-media-net4gas-triangle-pernod-ricard-a-brown-forman-chiesi-group-a-kalvista-30-dubna-2026\/\">Denn\u00ed shrnut\u00ed ekonomiky v \u010cR: Volkswagen a \u0160koda Auto, GZ Media, Net4Gas,...<\/a>\n                        <\/h3>\n\t\t\t\t\t\t                            <div class=\"feat-meta\">\n\t\t\t\t\t\t\t\t\t\t\t\t\t\t\t\t                                    <span class=\"feat-time\"><time class=\"entry-date published\" datetime=\"2026-04-30T09:00:00+02:00\">2026-04-30<\/time><\/span>\n\t\t\t\t\t\t\t\t\t\t\t\t\t\t\t\t\t\t\t\t\t\t\t\t\t\t\t\t\t\t\t\t\t\t\t\t\t\t\t\t                            <\/div>\n\t\t\t\t\t\t                    <\/div>\n                <\/div>\n\t\t\t        <\/div>\n    <\/div>\n\t\t<div class=\"item swiper-slide swiper-mark-item\">\n\t\t    <div class=\"penci-swiper-mask penci-image-holder penci-lazy\"\n         data-bgset=\"https:\/\/gnews.cz\/wp-content\/uploads\/2026\/04\/holecpetr.webp\" data_bg_hidpi=\"https:\/\/gnews.cz\/wp-content\/uploads\/2026\/04\/holecpetr-585x328.webp\"\n         data-href=\"https:\/\/gnews.cz\/zh\/rozhovory\/cesky-prezident-petr-pavel-oznacen-za-kolaboranta-vasnivy-projev-odhaluje-snahy-o-vytvoreni-superstatu-eu-zaujatost-medii-a-paraziticke-byrokraty-petr-holec-zive\/\" title=\"\u010cesk\u00fd prezident Petr Pavel ozna\u010den za \u201ekolaboranta\u201c: V\u00e1\u0161niv\u00fd projev odhaluje snahy o vytvo\u0159en\u00ed superst\u00e1tu EU, zaujatost m\u00e9di\u00ed a \u201eparazitick\u00e9\u201c byrokraty (Petr Holec \u017eiv\u011b #271)\">\n\t\t\t\t\t                <div class=\"penci-featured-content\">\n                    <div class=\"feat-text\">\n                        <div class=\"featured-slider-overlay\"><\/div>\n\t\t\t\t\t\t                        <h3><a title=\"\u010cesk\u00fd prezident Petr Pavel ozna\u010den za \u201ekolaboranta\u201c: V\u00e1\u0161niv\u00fd projev odhaluje snahy o vytvo\u0159en\u00ed superst\u00e1tu EU, zaujatost m\u00e9di\u00ed a \u201eparazitick\u00e9\u201c byrokraty (Petr Holec \u017eiv\u011b #271)\"\n                               href=\"https:\/\/gnews.cz\/zh\/rozhovory\/cesky-prezident-petr-pavel-oznacen-za-kolaboranta-vasnivy-projev-odhaluje-snahy-o-vytvoreni-superstatu-eu-zaujatost-medii-a-paraziticke-byrokraty-petr-holec-zive\/\">\u010cesk\u00fd prezident Petr Pavel ozna\u010den za \u201ekolaboranta\u201c: V\u00e1\u0161niv\u00fd projev odhaluje snahy o...<\/a>\n                        <\/h3>\n\t\t\t\t\t\t                            <div class=\"feat-meta\">\n\t\t\t\t\t\t\t\t\t\t\t\t\t\t\t\t                                    <span class=\"feat-time\"><time class=\"entry-date published\" datetime=\"2026-04-30T07:39:01+02:00\">2026-04-30<\/time><\/span>\n\t\t\t\t\t\t\t\t\t\t\t\t\t\t\t\t\t\t\t\t\t\t\t\t\t\t\t\t\t\t\t\t\t\t\t\t\t\t\t\t                            <\/div>\n\t\t\t\t\t\t                    <\/div>\n                <\/div>\n\t\t\t        <\/div>\n    <\/div>\n\t\t<div class=\"item swiper-slide swiper-mark-item\">\n\t\t    <div class=\"penci-swiper-mask penci-image-holder penci-lazy\"\n         data-bgset=\"https:\/\/gnews.cz\/wp-content\/uploads\/2026\/04\/260429181810-238a7985-20260429-193717-1170x663.webp\" data_bg_hidpi=\"https:\/\/gnews.cz\/wp-content\/uploads\/2026\/04\/260429181810-238a7985-20260429-193717-585x390.webp\"\n         data-href=\"https:\/\/gnews.cz\/zh\/neprehlednete\/kdo-nahradi-generala-rehku-pavel-jednal-se-zunou-ve-hre-jsou-ctyri-jmena\/\" title=\"Kdo nahrad\u00ed gener\u00e1la \u0158ehku? Pavel jednal se Z\u016fnou, ve h\u0159e jsou \u010dty\u0159i jm\u00e9na\">\n\t\t\t\t\t                <div class=\"penci-featured-content\">\n                    <div class=\"feat-text\">\n                        <div class=\"featured-slider-overlay\"><\/div>\n\t\t\t\t\t\t                        <h3><a title=\"Kdo nahrad\u00ed gener\u00e1la \u0158ehku? Pavel jednal se Z\u016fnou, ve h\u0159e jsou \u010dty\u0159i jm\u00e9na\"\n                               href=\"https:\/\/gnews.cz\/zh\/neprehlednete\/kdo-nahradi-generala-rehku-pavel-jednal-se-zunou-ve-hre-jsou-ctyri-jmena\/\">Kdo nahrad\u00ed gener\u00e1la \u0158ehku? Pavel jednal se Z\u016fnou, ve h\u0159e jsou \u010dty\u0159i...<\/a>\n                        <\/h3>\n\t\t\t\t\t\t                            <div class=\"feat-meta\">\n\t\t\t\t\t\t\t\t\t\t\t\t\t\t\t\t                                    <span class=\"feat-time\"><time class=\"entry-date published\" datetime=\"2026-04-29T21:00:00+02:00\">2026-04-29<\/time><\/span>\n\t\t\t\t\t\t\t\t\t\t\t\t\t\t\t\t\t\t\t\t\t\t\t\t\t\t\t\t\t\t\t\t\t\t\t\t\t\t\t\t                            <\/div>\n\t\t\t\t\t\t                    <\/div>\n                <\/div>\n\t\t\t        <\/div>\n    <\/div>\n\t\t<div class=\"item swiper-slide swiper-mark-item\">\n\t\t    <div class=\"penci-swiper-mask penci-image-holder penci-lazy\"\n         data-bgset=\"https:\/\/gnews.cz\/wp-content\/uploads\/2026\/03\/ropa-1170x663.webp\" data_bg_hidpi=\"https:\/\/gnews.cz\/wp-content\/uploads\/2026\/03\/ropa-585x390.webp\"\n         data-href=\"https:\/\/gnews.cz\/zh\/tema\/od-tankeru-k-nadrzim-napeti-v-hormuzskem-prulivu-uz-dva-mesice-otrasa-globalnimi-energetickymi-trhy\/\" title=\"Od tanker\u016f k n\u00e1dr\u017e\u00edm &#8211; nap\u011bt\u00ed v Hormuzsk\u00e9m pr\u016flivu u\u017e dva m\u011bs\u00edce ot\u0159\u00e1s\u00e1 glob\u00e1ln\u00edmi energetick\u00fdmi trhy\">\n\t\t\t\t\t                <div class=\"penci-featured-content\">\n                    <div class=\"feat-text\">\n                        <div class=\"featured-slider-overlay\"><\/div>\n\t\t\t\t\t\t                        <h3><a title=\"Od tanker\u016f k n\u00e1dr\u017e\u00edm &#8211; nap\u011bt\u00ed v Hormuzsk\u00e9m pr\u016flivu u\u017e dva m\u011bs\u00edce ot\u0159\u00e1s\u00e1 glob\u00e1ln\u00edmi energetick\u00fdmi trhy\"\n                               href=\"https:\/\/gnews.cz\/zh\/tema\/od-tankeru-k-nadrzim-napeti-v-hormuzskem-prulivu-uz-dva-mesice-otrasa-globalnimi-energetickymi-trhy\/\">Od tanker\u016f k n\u00e1dr\u017e\u00edm &#8211; nap\u011bt\u00ed v Hormuzsk\u00e9m pr\u016flivu u\u017e dva m\u011bs\u00edce...<\/a>\n                        <\/h3>\n\t\t\t\t\t\t                            <div class=\"feat-meta\">\n\t\t\t\t\t\t\t\t\t\t\t\t\t\t\t\t                                    <span class=\"feat-time\"><time class=\"entry-date published\" datetime=\"2026-04-29T17:30:00+02:00\">2026-04-29<\/time><\/span>\n\t\t\t\t\t\t\t\t\t\t\t\t\t\t\t\t\t\t\t\t\t\t\t\t\t\t\t\t\t\t\t\t\t\t\t\t\t\t\t\t                            <\/div>\n\t\t\t\t\t\t                    <\/div>\n                <\/div>\n\t\t\t        <\/div>\n    <\/div>\n\t\t<div class=\"item swiper-slide swiper-mark-item\">\n\t\t    <div class=\"penci-swiper-mask penci-image-holder penci-lazy\"\n         data-bgset=\"https:\/\/gnews.cz\/wp-content\/uploads\/2026\/04\/raptor04-1170x663.webp\" data_bg_hidpi=\"https:\/\/gnews.cz\/wp-content\/uploads\/2026\/04\/raptor04-585x261.webp\"\n         data-href=\"https:\/\/gnews.cz\/zh\/rozhovory\/cesti-vlastenci-se-sjednotili-zeman-rajchl-a-dalsi-v-bourlive-debate-nadace-zelezne-opony-ostre-kritizovali-planovany-brnensky-sjezd-sudetonemeckeho-landsmansaftu-jako-hrozbu-pro-suverenitu-ceske-re\/\" title=\"\u010ce\u0161t\u00ed vlastenci se sjednotili: Zeman, Rajchl a dal\u0161\u00ed v bou\u0159liv\u00e9 debat\u011b Nadace \u017delezn\u00e9 opony ost\u0159e kritizovali pl\u00e1novan\u00fd brn\u011bnsk\u00fd sjezd Sudeton\u011bmeck\u00e9ho landsman\u0161aftu jako hrozbu pro suverenitu \u010cesk\u00e9 republiky\">\n\t\t\t\t\t                <div class=\"penci-featured-content\">\n                    <div class=\"feat-text\">\n                        <div class=\"featured-slider-overlay\"><\/div>\n\t\t\t\t\t\t                        <h3><a title=\"\u010ce\u0161t\u00ed vlastenci se sjednotili: Zeman, Rajchl a dal\u0161\u00ed v bou\u0159liv\u00e9 debat\u011b Nadace \u017delezn\u00e9 opony ost\u0159e kritizovali pl\u00e1novan\u00fd brn\u011bnsk\u00fd sjezd Sudeton\u011bmeck\u00e9ho landsman\u0161aftu jako hrozbu pro suverenitu \u010cesk\u00e9 republiky\"\n                               href=\"https:\/\/gnews.cz\/zh\/rozhovory\/cesti-vlastenci-se-sjednotili-zeman-rajchl-a-dalsi-v-bourlive-debate-nadace-zelezne-opony-ostre-kritizovali-planovany-brnensky-sjezd-sudetonemeckeho-landsmansaftu-jako-hrozbu-pro-suverenitu-ceske-re\/\">\u010ce\u0161t\u00ed vlastenci se sjednotili: Zeman, Rajchl a dal\u0161\u00ed v bou\u0159liv\u00e9 debat\u011b Nadace...<\/a>\n                        <\/h3>\n\t\t\t\t\t\t                            <div class=\"feat-meta\">\n\t\t\t\t\t\t\t\t\t\t\t\t\t\t\t\t                                    <span class=\"feat-time\"><time class=\"entry-date published\" datetime=\"2026-04-29T16:40:00+02:00\">2026-04-29<\/time><\/span>\n\t\t\t\t\t\t\t\t\t\t\t\t\t\t\t\t\t\t\t\t\t\t\t\t\t\t\t\t\t\t\t\t\t\t\t\t\t\t\t\t                            <\/div>\n\t\t\t\t\t\t                    <\/div>\n                <\/div>\n\t\t\t        <\/div>\n    <\/div>\n\t\t<div class=\"item swiper-slide swiper-mark-item\">\n\t\t    <div class=\"penci-swiper-mask penci-image-holder penci-lazy\"\n         data-bgset=\"https:\/\/gnews.cz\/wp-content\/uploads\/2026\/04\/9e51aa6c-fdff-4bf1-adfa-a151db76e526-1170x663.webp\" data_bg_hidpi=\"https:\/\/gnews.cz\/wp-content\/uploads\/2026\/04\/9e51aa6c-fdff-4bf1-adfa-a151db76e526-585x390.webp\"\n         data-href=\"https:\/\/gnews.cz\/zh\/neprehlednete\/evropska-komise-obvinila-metu-z-poruseni-pravidel-deti-se-dostavaji-na-facebook-a-instagram-navzdory-zakazu\/\" title=\"Evropsk\u00e1 komise obvinila Metu z poru\u0161en\u00ed pravidel: D\u011bti se dost\u00e1vaj\u00ed na Facebook a Instagram navzdory z\u00e1kazu\">\n\t\t\t\t\t                <div class=\"penci-featured-content\">\n                    <div class=\"feat-text\">\n                        <div class=\"featured-slider-overlay\"><\/div>\n\t\t\t\t\t\t                        <h3><a title=\"Evropsk\u00e1 komise obvinila Metu z poru\u0161en\u00ed pravidel: D\u011bti se dost\u00e1vaj\u00ed na Facebook a Instagram navzdory z\u00e1kazu\"\n                               href=\"https:\/\/gnews.cz\/zh\/neprehlednete\/evropska-komise-obvinila-metu-z-poruseni-pravidel-deti-se-dostavaji-na-facebook-a-instagram-navzdory-zakazu\/\">Evropsk\u00e1 komise obvinila Metu z poru\u0161en\u00ed pravidel: D\u011bti se dost\u00e1vaj\u00ed na Facebook...<\/a>\n                        <\/h3>\n\t\t\t\t\t\t                            <div class=\"feat-meta\">\n\t\t\t\t\t\t\t\t\t\t\t\t\t\t\t\t                                    <span class=\"feat-time\"><time class=\"entry-date published\" datetime=\"2026-04-29T14:00:00+02:00\">2026-04-29<\/time><\/span>\n\t\t\t\t\t\t\t\t\t\t\t\t\t\t\t\t\t\t\t\t\t\t\t\t\t\t\t\t\t\t\t\t\t\t\t\t\t\t\t\t                            <\/div>\n\t\t\t\t\t\t                    <\/div>\n                <\/div>\n\t\t\t        <\/div>\n    <\/div>\n\t\t<div class=\"item swiper-slide swiper-mark-item\">\n\t\t    <div class=\"penci-swiper-mask penci-image-holder penci-lazy\"\n         data-bgset=\"https:\/\/gnews.cz\/wp-content\/uploads\/2026\/04\/week-110-1170x663.avif\" data_bg_hidpi=\"https:\/\/gnews.cz\/wp-content\/uploads\/2026\/04\/week-110-585x293.avif\"\n         data-href=\"https:\/\/gnews.cz\/zh\/neprehlednete\/tydenni-shrnuti-cinske-ekonomiky-a-technologii-deepseek-v4-bezi-na-huawei-baterie-catl-s-nabijenim-za-6-minut-cinsky-farmaceuticky-sektor-predstihuje-usa\/\" title=\"T\u00fddenn\u00ed shrnut\u00ed \u010d\u00ednsk\u00e9 ekonomiky a technologi\u00ed: DeepSeek V4 b\u011b\u017e\u00ed na Huawei, Baterie CATL s nab\u00edjen\u00edm za 6 minut, \u010c\u00ednsk\u00fd farmaceutick\u00fd sektor p\u0159edstihuje USA\">\n\t\t\t\t\t                <div class=\"penci-featured-content\">\n                    <div class=\"feat-text\">\n                        <div class=\"featured-slider-overlay\"><\/div>\n\t\t\t\t\t\t                        <h3><a title=\"T\u00fddenn\u00ed shrnut\u00ed \u010d\u00ednsk\u00e9 ekonomiky a technologi\u00ed: DeepSeek V4 b\u011b\u017e\u00ed na Huawei, Baterie CATL s nab\u00edjen\u00edm za 6 minut, \u010c\u00ednsk\u00fd farmaceutick\u00fd sektor p\u0159edstihuje USA\"\n                               href=\"https:\/\/gnews.cz\/zh\/neprehlednete\/tydenni-shrnuti-cinske-ekonomiky-a-technologii-deepseek-v4-bezi-na-huawei-baterie-catl-s-nabijenim-za-6-minut-cinsky-farmaceuticky-sektor-predstihuje-usa\/\">T\u00fddenn\u00ed shrnut\u00ed \u010d\u00ednsk\u00e9 ekonomiky a technologi\u00ed: DeepSeek V4 b\u011b\u017e\u00ed na Huawei, Baterie...<\/a>\n                        <\/h3>\n\t\t\t\t\t\t                            <div class=\"feat-meta\">\n\t\t\t\t\t\t\t\t\t\t\t\t\t\t\t\t                                    <span class=\"feat-time\"><time class=\"entry-date published\" datetime=\"2026-04-29T12:00:00+02:00\">2026-04-29<\/time><\/span>\n\t\t\t\t\t\t\t\t\t\t\t\t\t\t\t\t\t\t\t\t\t\t\t\t\t\t\t\t\t\t\t\t\t\t\t\t\t\t\t\t                            <\/div>\n\t\t\t\t\t\t                    <\/div>\n                <\/div>\n\t\t\t        <\/div>\n    <\/div>\n\t\t<\/div><\/div><\/div>\t\t\t\t<\/div>\n\t\t\t\t<\/div>\n\t\t\t\t<div class=\"elementor-element elementor-element-1b2cacc elementor-widget elementor-widget-penci-big-grid\" data-id=\"1b2cacc\" data-element_type=\"widget\" data-e-type=\"widget\" data-widget_type=\"penci-big-grid.default\">\n\t\t\t\t<div class=\"elementor-widget-container\">\n\t\t\t\t\t        <div class=\"penci-clearfix penci-biggrid-wrapper penci-grid-col-2 penci-grid-mcol-1 penci-bgrid-based-post penci-bgrid-style-1 pcbg-ficonpo-top-right pcbg-reiconpo-top-left penci-bgrid-content-below pencibg-imageh-zoom-in pencibg-texth-none pencibg-textani-movetop textop\">\n\t\t\t            <div class=\"penci-clearfix penci-biggrid penci-bgstyle-1 penci-bgel\">\n                <div class=\"penci-biggrid-inner default\">\n\t\t\t\t\t<div class=\"penci-clearfix penci-biggrid-data penci-dflex\"><div class=\"penci-bgitem\">\n    <div class=\"penci-bgitin\">\n        <div class=\"penci-bgmain\">\n            <div class=\"pcbg-thumb\">\n\t\t\t\t\t\t\t\t                <div class=\"pcbg-thumbin\">\n                    <a class=\"pcbg-bgoverlay\"\n                       href=\"https:\/\/gnews.cz\/zh\/neprehlednete\/vlada-cr-prodlouzila-danovou-ulevu-na-naftu-a-upravila-pravidla-pro-vypocet-maximalnich-cen-pohonnych-hmot\/\" title=\"Vl\u00e1da \u010cR prodlou\u017eila da\u0148ovou \u00falevu na naftu a upravila pravidla pro v\u00fdpo\u010det maxim\u00e1ln\u00edch cen pohonn\u00fdch hmot\"><\/a>\n\n                        <div  data-bgset=\"https:\/\/gnews.cz\/wp-content\/uploads\/2026\/04\/SON03647-do-textu-585x316.webp\" data_bg_hidpi=\"https:\/\/gnews.cz\/wp-content\/uploads\/2026\/04\/SON03647-do-textu-585x316.webp\" class=\"penci-lazy penci-image-holder\">\n                                                    <\/div>\n\n                <\/div>\n            <\/div>\n            <div class=\"pcbg-content\">\n                <div class=\"pcbg-content-flex\">\n                    <a class=\"pcbg-bgoverlay\"\n                       href=\"https:\/\/gnews.cz\/zh\/neprehlednete\/vlada-cr-prodlouzila-danovou-ulevu-na-naftu-a-upravila-pravidla-pro-vypocet-maximalnich-cen-pohonnych-hmot\/\" title=\"Vl\u00e1da \u010cR prodlou\u017eila da\u0148ovou \u00falevu na naftu a upravila pravidla pro v\u00fdpo\u010det maxim\u00e1ln\u00edch cen pohonn\u00fdch hmot\"><\/a>\n                    <div class=\"pcbg-content-inner bgcontent-block\">\n                        <a href=\"https:\/\/gnews.cz\/zh\/neprehlednete\/vlada-cr-prodlouzila-danovou-ulevu-na-naftu-a-upravila-pravidla-pro-vypocet-maximalnich-cen-pohonnych-hmot\/\" title=\"Vl\u00e1da \u010cR prodlou\u017eila da\u0148ovou \u00falevu na naftu a upravila pravidla pro v\u00fdpo\u010det maxim\u00e1ln\u00edch cen pohonn\u00fdch hmot\"\n                           class=\"pcbg-bgoverlaytext item-hover\"><\/a>\n\n\t\t\t\t\t\t\n\t\t\t\t\t\t                            <div class=\"pcbg-heading item-hover\">\n                                <h3 class=\"pcbg-title\">\n                                    <a href=\"https:\/\/gnews.cz\/zh\/neprehlednete\/vlada-cr-prodlouzila-danovou-ulevu-na-naftu-a-upravila-pravidla-pro-vypocet-maximalnich-cen-pohonnych-hmot\/\">\n\t\t\t\t\t\t\t\t\t\tVl\u00e1da \u010cR prodlou\u017eila da\u0148ovou \u00falevu na naftu a upravila pravidla pro v\u00fdpo\u010det maxim\u00e1ln\u00edch cen pohonn\u00fdch hmot                                    <\/a>\n                                <\/h3>\n                            <\/div>\n\t\t\t\t\t\t\n\t\t\t\t\t\t                            <div class=\"grid-post-box-meta pcbg-meta item-hover\">\n                                <div class=\"pcbg-meta-desc\">\n\t\t\t\t\t\t\t\t\t\t\t\t\t\t\t\t\t\t                                        <span class=\"bg-date\"><time class=\"entry-date published\" datetime=\"2026-04-27T21:00:00+02:00\">2026-04-27<\/time><\/span>\n\t\t\t\t\t\t\t\t\t\t\t\t\t\t\t\t\t\t\t\t\t\t\t\t\t\t\t\t\t\t\t\t\t\t\t\t\t\t\t\t\t\t\t\t\t\t\t\t\t\t\t\t\t\t                                <\/div>\n\t\t\t\t\t\t\t\t                            <\/div>\n\t\t\t\t\t\t\n\t\t\t\t\t\t                    <\/div>\n                <\/div>\n            <\/div>\n        <\/div>\n    <\/div>\n<\/div>\n<div class=\"penci-bgitem\">\n    <div class=\"penci-bgitin\">\n        <div class=\"penci-bgmain\">\n            <div class=\"pcbg-thumb\">\n\t\t\t\t\t\t\t\t                <div class=\"pcbg-thumbin\">\n                    <a class=\"pcbg-bgoverlay\"\n                       href=\"https:\/\/gnews.cz\/zh\/neprehlednete\/babis-varoval-eu-drahou-energii-uz-nelze-ignorovat-hrozi-odliv-prumyslu\/\" title=\"Babi\u0161 varoval EU: Drahou energii u\u017e nelze ignorovat, hroz\u00ed odliv pr\u016fmyslu\"><\/a>\n\n                        <div  data-bgset=\"https:\/\/gnews.cz\/wp-content\/uploads\/2026\/04\/VRF03459-do-textu-585x316.webp\" data_bg_hidpi=\"https:\/\/gnews.cz\/wp-content\/uploads\/2026\/04\/VRF03459-do-textu-585x316.webp\" class=\"penci-lazy penci-image-holder\">\n                                                    <\/div>\n\n                <\/div>\n            <\/div>\n            <div class=\"pcbg-content\">\n                <div class=\"pcbg-content-flex\">\n                    <a class=\"pcbg-bgoverlay\"\n                       href=\"https:\/\/gnews.cz\/zh\/neprehlednete\/babis-varoval-eu-drahou-energii-uz-nelze-ignorovat-hrozi-odliv-prumyslu\/\" title=\"Babi\u0161 varoval EU: Drahou energii u\u017e nelze ignorovat, hroz\u00ed odliv pr\u016fmyslu\"><\/a>\n                    <div class=\"pcbg-content-inner bgcontent-block\">\n                        <a href=\"https:\/\/gnews.cz\/zh\/neprehlednete\/babis-varoval-eu-drahou-energii-uz-nelze-ignorovat-hrozi-odliv-prumyslu\/\" title=\"Babi\u0161 varoval EU: Drahou energii u\u017e nelze ignorovat, hroz\u00ed odliv pr\u016fmyslu\"\n                           class=\"pcbg-bgoverlaytext item-hover\"><\/a>\n\n\t\t\t\t\t\t\n\t\t\t\t\t\t                            <div class=\"pcbg-heading item-hover\">\n                                <h3 class=\"pcbg-title\">\n                                    <a href=\"https:\/\/gnews.cz\/zh\/neprehlednete\/babis-varoval-eu-drahou-energii-uz-nelze-ignorovat-hrozi-odliv-prumyslu\/\">\n\t\t\t\t\t\t\t\t\t\tBabi\u0161 varoval EU: Drahou energii u\u017e nelze ignorovat, hroz\u00ed odliv pr\u016fmyslu                                    <\/a>\n                                <\/h3>\n                            <\/div>\n\t\t\t\t\t\t\n\t\t\t\t\t\t                            <div class=\"grid-post-box-meta pcbg-meta item-hover\">\n                                <div class=\"pcbg-meta-desc\">\n\t\t\t\t\t\t\t\t\t\t\t\t\t\t\t\t\t\t                                        <span class=\"bg-date\"><time class=\"entry-date published\" datetime=\"2026-04-27T18:00:00+02:00\">2026-04-27<\/time><\/span>\n\t\t\t\t\t\t\t\t\t\t\t\t\t\t\t\t\t\t\t\t\t\t\t\t\t\t\t\t\t\t\t\t\t\t\t\t\t\t\t\t\t\t\t\t\t\t\t\t\t\t\t\t\t\t                                <\/div>\n\t\t\t\t\t\t\t\t                            <\/div>\n\t\t\t\t\t\t\n\t\t\t\t\t\t                    <\/div>\n                <\/div>\n            <\/div>\n        <\/div>\n    <\/div>\n<\/div>\n<div class=\"penci-bgitem\">\n    <div class=\"penci-bgitin\">\n        <div class=\"penci-bgmain\">\n            <div class=\"pcbg-thumb\">\n\t\t\t\t\t\t\t\t                <div class=\"pcbg-thumbin\">\n                    <a class=\"pcbg-bgoverlay\"\n                       href=\"https:\/\/gnews.cz\/zh\/ekonomika\/cinsky-ai-model-glm-5-1-zvladne-pracovat-autonomne-az-osm-hodin-vyzyvatelem-svetove-spicky-se-stava-open-source-gigant\/\" title=\"\u010c\u00ednsk\u00fd AI model GLM-5.1 zvl\u00e1dne pracovat autonomn\u011b a\u017e osm hodin. Vyzyvatelem sv\u011btov\u00e9 \u0161pi\u010dky se st\u00e1v\u00e1 open-source gigant\"><\/a>\n\n                        <div  data-bgset=\"https:\/\/gnews.cz\/wp-content\/uploads\/2026\/01\/lightAI.avif\" data_bg_hidpi=\"https:\/\/gnews.cz\/wp-content\/uploads\/2026\/01\/lightAI.avif\" class=\"penci-lazy penci-image-holder\">\n                                                    <\/div>\n\n                <\/div>\n            <\/div>\n            <div class=\"pcbg-content\">\n                <div class=\"pcbg-content-flex\">\n                    <a class=\"pcbg-bgoverlay\"\n                       href=\"https:\/\/gnews.cz\/zh\/ekonomika\/cinsky-ai-model-glm-5-1-zvladne-pracovat-autonomne-az-osm-hodin-vyzyvatelem-svetove-spicky-se-stava-open-source-gigant\/\" title=\"\u010c\u00ednsk\u00fd AI model GLM-5.1 zvl\u00e1dne pracovat autonomn\u011b a\u017e osm hodin. Vyzyvatelem sv\u011btov\u00e9 \u0161pi\u010dky se st\u00e1v\u00e1 open-source gigant\"><\/a>\n                    <div class=\"pcbg-content-inner bgcontent-block\">\n                        <a href=\"https:\/\/gnews.cz\/zh\/ekonomika\/cinsky-ai-model-glm-5-1-zvladne-pracovat-autonomne-az-osm-hodin-vyzyvatelem-svetove-spicky-se-stava-open-source-gigant\/\" title=\"\u010c\u00ednsk\u00fd AI model GLM-5.1 zvl\u00e1dne pracovat autonomn\u011b a\u017e osm hodin. Vyzyvatelem sv\u011btov\u00e9 \u0161pi\u010dky se st\u00e1v\u00e1 open-source gigant\"\n                           class=\"pcbg-bgoverlaytext item-hover\"><\/a>\n\n\t\t\t\t\t\t\n\t\t\t\t\t\t                            <div class=\"pcbg-heading item-hover\">\n                                <h3 class=\"pcbg-title\">\n                                    <a href=\"https:\/\/gnews.cz\/zh\/ekonomika\/cinsky-ai-model-glm-5-1-zvladne-pracovat-autonomne-az-osm-hodin-vyzyvatelem-svetove-spicky-se-stava-open-source-gigant\/\">\n\t\t\t\t\t\t\t\t\t\t\u010c\u00ednsk\u00fd AI model GLM-5.1 zvl\u00e1dne pracovat autonomn\u011b a\u017e osm hodin. Vyzyvatelem sv\u011btov\u00e9 \u0161pi\u010dky se st\u00e1v\u00e1 open-source gigant                                    <\/a>\n                                <\/h3>\n                            <\/div>\n\t\t\t\t\t\t\n\t\t\t\t\t\t                            <div class=\"grid-post-box-meta pcbg-meta item-hover\">\n                                <div class=\"pcbg-meta-desc\">\n\t\t\t\t\t\t\t\t\t\t\t\t\t\t\t\t\t\t                                        <span class=\"bg-date\"><time class=\"entry-date published\" datetime=\"2026-04-27T15:00:00+02:00\">2026-04-27<\/time><\/span>\n\t\t\t\t\t\t\t\t\t\t\t\t\t\t\t\t\t\t\t\t\t\t\t\t\t\t\t\t\t\t\t\t\t\t\t\t\t\t\t\t\t\t\t\t\t\t\t\t\t\t\t\t\t\t                                <\/div>\n\t\t\t\t\t\t\t\t                            <\/div>\n\t\t\t\t\t\t\n\t\t\t\t\t\t                    <\/div>\n                <\/div>\n            <\/div>\n        <\/div>\n    <\/div>\n<\/div>\n<div class=\"penci-bgitem\">\n    <div class=\"penci-bgitin\">\n        <div class=\"penci-bgmain\">\n            <div class=\"pcbg-thumb\">\n\t\t\t\t\t\t\t\t                <div class=\"pcbg-thumbin\">\n                    <a class=\"pcbg-bgoverlay\"\n                       href=\"https:\/\/gnews.cz\/zh\/tema\/svet-zbroji-globalni-vojenske-vydaje-prekrocily-28-bilionu-dolaru-a-porostou-dal\/\" title=\"Sv\u011bt zbroj\u00ed: Glob\u00e1ln\u00ed vojensk\u00e9 v\u00fddaje p\u0159ekro\u010dily 2,8 bilionu dolar\u016f a porostou d\u00e1l\"><\/a>\n\n                        <div  data-bgset=\"https:\/\/gnews.cz\/wp-content\/uploads\/2026\/04\/pexels-police-1282330-585x390.webp\" data_bg_hidpi=\"https:\/\/gnews.cz\/wp-content\/uploads\/2026\/04\/pexels-police-1282330-585x390.webp\" class=\"penci-lazy penci-image-holder\">\n                                                    <\/div>\n\n                <\/div>\n            <\/div>\n            <div class=\"pcbg-content\">\n                <div class=\"pcbg-content-flex\">\n                    <a class=\"pcbg-bgoverlay\"\n                       href=\"https:\/\/gnews.cz\/zh\/tema\/svet-zbroji-globalni-vojenske-vydaje-prekrocily-28-bilionu-dolaru-a-porostou-dal\/\" title=\"Sv\u011bt zbroj\u00ed: Glob\u00e1ln\u00ed vojensk\u00e9 v\u00fddaje p\u0159ekro\u010dily 2,8 bilionu dolar\u016f a porostou d\u00e1l\"><\/a>\n                    <div class=\"pcbg-content-inner bgcontent-block\">\n                        <a href=\"https:\/\/gnews.cz\/zh\/tema\/svet-zbroji-globalni-vojenske-vydaje-prekrocily-28-bilionu-dolaru-a-porostou-dal\/\" title=\"Sv\u011bt zbroj\u00ed: Glob\u00e1ln\u00ed vojensk\u00e9 v\u00fddaje p\u0159ekro\u010dily 2,8 bilionu dolar\u016f a porostou d\u00e1l\"\n                           class=\"pcbg-bgoverlaytext item-hover\"><\/a>\n\n\t\t\t\t\t\t\n\t\t\t\t\t\t                            <div class=\"pcbg-heading item-hover\">\n                                <h3 class=\"pcbg-title\">\n                                    <a href=\"https:\/\/gnews.cz\/zh\/tema\/svet-zbroji-globalni-vojenske-vydaje-prekrocily-28-bilionu-dolaru-a-porostou-dal\/\">\n\t\t\t\t\t\t\t\t\t\tSv\u011bt zbroj\u00ed: Glob\u00e1ln\u00ed vojensk\u00e9 v\u00fddaje p\u0159ekro\u010dily 2,8 bilionu dolar\u016f a porostou d\u00e1l                                    <\/a>\n                                <\/h3>\n                            <\/div>\n\t\t\t\t\t\t\n\t\t\t\t\t\t                            <div class=\"grid-post-box-meta pcbg-meta item-hover\">\n                                <div class=\"pcbg-meta-desc\">\n\t\t\t\t\t\t\t\t\t\t\t\t\t\t\t\t\t\t                                        <span class=\"bg-date\"><time class=\"entry-date published\" datetime=\"2026-04-27T12:00:00+02:00\">2026-04-27<\/time><\/span>\n\t\t\t\t\t\t\t\t\t\t\t\t\t\t\t\t\t\t\t\t\t\t\t\t\t\t\t\t\t\t\t\t\t\t\t\t\t\t\t\t\t\t\t\t\t\t\t\t\t\t\t\t\t\t                                <\/div>\n\t\t\t\t\t\t\t\t                            <\/div>\n\t\t\t\t\t\t\n\t\t\t\t\t\t                    <\/div>\n                <\/div>\n            <\/div>\n        <\/div>\n    <\/div>\n<\/div>\n<div class=\"penci-bgitem\">\n    <div class=\"penci-bgitin\">\n        <div class=\"penci-bgmain\">\n            <div class=\"pcbg-thumb\">\n\t\t\t\t\t\t\t\t                <div class=\"pcbg-thumbin\">\n                    <a class=\"pcbg-bgoverlay\"\n                       href=\"https:\/\/gnews.cz\/zh\/tema\/denni-shrnuti-ekonomiky-v-cr-ceny-bytu-ibm-confluent-clario-meta-amazon-a-nvidie-ropa-a-moda-27-dubna-2026\/\" title=\"Denn\u00ed shrnut\u00ed ekonomiky v \u010cR: Ceny byt\u016f, IBM, Confluent, Clario, Meta, Amazon a Nvidie, ropa a m\u00f3da (27. dubna 2026)\"><\/a>\n\n                        <div  data-bgset=\"https:\/\/gnews.cz\/wp-content\/uploads\/2026\/04\/jacekabramowicz-nvidia-1201077_1920-585x329.webp\" data_bg_hidpi=\"https:\/\/gnews.cz\/wp-content\/uploads\/2026\/04\/jacekabramowicz-nvidia-1201077_1920-585x329.webp\" class=\"penci-lazy penci-image-holder\">\n                                                    <\/div>\n\n                <\/div>\n            <\/div>\n            <div class=\"pcbg-content\">\n                <div class=\"pcbg-content-flex\">\n                    <a class=\"pcbg-bgoverlay\"\n                       href=\"https:\/\/gnews.cz\/zh\/tema\/denni-shrnuti-ekonomiky-v-cr-ceny-bytu-ibm-confluent-clario-meta-amazon-a-nvidie-ropa-a-moda-27-dubna-2026\/\" title=\"Denn\u00ed shrnut\u00ed ekonomiky v \u010cR: Ceny byt\u016f, IBM, Confluent, Clario, Meta, Amazon a Nvidie, ropa a m\u00f3da (27. dubna 2026)\"><\/a>\n                    <div class=\"pcbg-content-inner bgcontent-block\">\n                        <a href=\"https:\/\/gnews.cz\/zh\/tema\/denni-shrnuti-ekonomiky-v-cr-ceny-bytu-ibm-confluent-clario-meta-amazon-a-nvidie-ropa-a-moda-27-dubna-2026\/\" title=\"Denn\u00ed shrnut\u00ed ekonomiky v \u010cR: Ceny byt\u016f, IBM, Confluent, Clario, Meta, Amazon a Nvidie, ropa a m\u00f3da (27. dubna 2026)\"\n                           class=\"pcbg-bgoverlaytext item-hover\"><\/a>\n\n\t\t\t\t\t\t\n\t\t\t\t\t\t                            <div class=\"pcbg-heading item-hover\">\n                                <h3 class=\"pcbg-title\">\n                                    <a href=\"https:\/\/gnews.cz\/zh\/tema\/denni-shrnuti-ekonomiky-v-cr-ceny-bytu-ibm-confluent-clario-meta-amazon-a-nvidie-ropa-a-moda-27-dubna-2026\/\">\n\t\t\t\t\t\t\t\t\t\tDenn\u00ed shrnut\u00ed ekonomiky v \u010cR: Ceny byt\u016f, IBM, Confluent, Clario, Meta, Amazon a Nvidie, ropa a m\u00f3da (27. dubna 2026)                                    <\/a>\n                                <\/h3>\n                            <\/div>\n\t\t\t\t\t\t\n\t\t\t\t\t\t                            <div class=\"grid-post-box-meta pcbg-meta item-hover\">\n                                <div class=\"pcbg-meta-desc\">\n\t\t\t\t\t\t\t\t\t\t\t\t\t\t\t\t\t\t                                        <span class=\"bg-date\"><time class=\"entry-date published\" datetime=\"2026-04-27T09:00:00+02:00\">2026-04-27<\/time><\/span>\n\t\t\t\t\t\t\t\t\t\t\t\t\t\t\t\t\t\t\t\t\t\t\t\t\t\t\t\t\t\t\t\t\t\t\t\t\t\t\t\t\t\t\t\t\t\t\t\t\t\t\t\t\t\t                                <\/div>\n\t\t\t\t\t\t\t\t                            <\/div>\n\t\t\t\t\t\t\n\t\t\t\t\t\t                    <\/div>\n                <\/div>\n            <\/div>\n        <\/div>\n    <\/div>\n<\/div>\n<div class=\"penci-bgitem\">\n    <div class=\"penci-bgitin\">\n        <div class=\"penci-bgmain\">\n            <div class=\"pcbg-thumb\">\n\t\t\t\t\t\t\t\t                <div class=\"pcbg-thumbin\">\n                    <a class=\"pcbg-bgoverlay\"\n                       href=\"https:\/\/gnews.cz\/zh\/neprehlednete\/kenan-sawe-prepsal-dejiny-jako-prvni-clovek-zabehl-maraton-pod-dve-hodiny-v-zavode\/\" title=\"Ke\u0148an Sawe p\u0159epsal d\u011bjiny, jako prvn\u00ed \u010dlov\u011bk zab\u011bhl maraton pod dv\u011b hodiny v z\u00e1vod\u011b\"><\/a>\n\n                        <div  data-bgset=\"https:\/\/gnews.cz\/wp-content\/uploads\/2026\/04\/4eb52dec24fa4e44910c35e42b6c59a2-e1777219742858-585x349.webp\" data_bg_hidpi=\"https:\/\/gnews.cz\/wp-content\/uploads\/2026\/04\/4eb52dec24fa4e44910c35e42b6c59a2-e1777219742858-585x349.webp\" class=\"penci-lazy penci-image-holder\">\n                                                    <\/div>\n\n                <\/div>\n            <\/div>\n            <div class=\"pcbg-content\">\n                <div class=\"pcbg-content-flex\">\n                    <a class=\"pcbg-bgoverlay\"\n                       href=\"https:\/\/gnews.cz\/zh\/neprehlednete\/kenan-sawe-prepsal-dejiny-jako-prvni-clovek-zabehl-maraton-pod-dve-hodiny-v-zavode\/\" title=\"Ke\u0148an Sawe p\u0159epsal d\u011bjiny, jako prvn\u00ed \u010dlov\u011bk zab\u011bhl maraton pod dv\u011b hodiny v z\u00e1vod\u011b\"><\/a>\n                    <div class=\"pcbg-content-inner bgcontent-block\">\n                        <a href=\"https:\/\/gnews.cz\/zh\/neprehlednete\/kenan-sawe-prepsal-dejiny-jako-prvni-clovek-zabehl-maraton-pod-dve-hodiny-v-zavode\/\" title=\"Ke\u0148an Sawe p\u0159epsal d\u011bjiny, jako prvn\u00ed \u010dlov\u011bk zab\u011bhl maraton pod dv\u011b hodiny v z\u00e1vod\u011b\"\n                           class=\"pcbg-bgoverlaytext item-hover\"><\/a>\n\n\t\t\t\t\t\t\n\t\t\t\t\t\t                            <div class=\"pcbg-heading item-hover\">\n                                <h3 class=\"pcbg-title\">\n                                    <a href=\"https:\/\/gnews.cz\/zh\/neprehlednete\/kenan-sawe-prepsal-dejiny-jako-prvni-clovek-zabehl-maraton-pod-dve-hodiny-v-zavode\/\">\n\t\t\t\t\t\t\t\t\t\tKe\u0148an Sawe p\u0159epsal d\u011bjiny, jako prvn\u00ed \u010dlov\u011bk zab\u011bhl maraton pod dv\u011b hodiny v z\u00e1vod\u011b                                    <\/a>\n                                <\/h3>\n                            <\/div>\n\t\t\t\t\t\t\n\t\t\t\t\t\t                            <div class=\"grid-post-box-meta pcbg-meta item-hover\">\n                                <div class=\"pcbg-meta-desc\">\n\t\t\t\t\t\t\t\t\t\t\t\t\t\t\t\t\t\t                                        <span class=\"bg-date\"><time class=\"entry-date published\" datetime=\"2026-04-26T21:00:00+02:00\">2026-04-26<\/time><\/span>\n\t\t\t\t\t\t\t\t\t\t\t\t\t\t\t\t\t\t\t\t\t\t\t\t\t\t\t\t\t\t\t\t\t\t\t\t\t\t\t\t\t\t\t\t\t\t\t\t\t\t\t\t\t\t                                <\/div>\n\t\t\t\t\t\t\t\t                            <\/div>\n\t\t\t\t\t\t\n\t\t\t\t\t\t                    <\/div>\n                <\/div>\n            <\/div>\n        <\/div>\n    <\/div>\n<\/div>\n<div class=\"penci-bgitem\">\n    <div class=\"penci-bgitin\">\n        <div class=\"penci-bgmain\">\n            <div class=\"pcbg-thumb\">\n\t\t\t\t\t\t\t\t                <div class=\"pcbg-thumbin\">\n                    <a class=\"pcbg-bgoverlay\"\n                       href=\"https:\/\/gnews.cz\/zh\/neprehlednete\/cesko-znovu-nesplni-zavazek-nato-vydaje-na-obranu-zustavaji-pod-dvema-procenty-hdp\/\" title=\"\u010cesko znovu nespln\u00ed z\u00e1vazek NATO. V\u00fddaje na obranu z\u016fst\u00e1vaj\u00ed pod dv\u011bma procenty HDP\"><\/a>\n\n                        <div  data-bgset=\"https:\/\/gnews.cz\/wp-content\/uploads\/2026\/03\/foto175231_mid.webp\" data_bg_hidpi=\"https:\/\/gnews.cz\/wp-content\/uploads\/2026\/03\/foto175231_mid.webp\" class=\"penci-lazy penci-image-holder\">\n                                                    <\/div>\n\n                <\/div>\n            <\/div>\n            <div class=\"pcbg-content\">\n                <div class=\"pcbg-content-flex\">\n                    <a class=\"pcbg-bgoverlay\"\n                       href=\"https:\/\/gnews.cz\/zh\/neprehlednete\/cesko-znovu-nesplni-zavazek-nato-vydaje-na-obranu-zustavaji-pod-dvema-procenty-hdp\/\" title=\"\u010cesko znovu nespln\u00ed z\u00e1vazek NATO. V\u00fddaje na obranu z\u016fst\u00e1vaj\u00ed pod dv\u011bma procenty HDP\"><\/a>\n                    <div class=\"pcbg-content-inner bgcontent-block\">\n                        <a href=\"https:\/\/gnews.cz\/zh\/neprehlednete\/cesko-znovu-nesplni-zavazek-nato-vydaje-na-obranu-zustavaji-pod-dvema-procenty-hdp\/\" title=\"\u010cesko znovu nespln\u00ed z\u00e1vazek NATO. V\u00fddaje na obranu z\u016fst\u00e1vaj\u00ed pod dv\u011bma procenty HDP\"\n                           class=\"pcbg-bgoverlaytext item-hover\"><\/a>\n\n\t\t\t\t\t\t\n\t\t\t\t\t\t                            <div class=\"pcbg-heading item-hover\">\n                                <h3 class=\"pcbg-title\">\n                                    <a href=\"https:\/\/gnews.cz\/zh\/neprehlednete\/cesko-znovu-nesplni-zavazek-nato-vydaje-na-obranu-zustavaji-pod-dvema-procenty-hdp\/\">\n\t\t\t\t\t\t\t\t\t\t\u010cesko znovu nespln\u00ed z\u00e1vazek NATO. V\u00fddaje na obranu z\u016fst\u00e1vaj\u00ed pod dv\u011bma procenty HDP                                    <\/a>\n                                <\/h3>\n                            <\/div>\n\t\t\t\t\t\t\n\t\t\t\t\t\t                            <div class=\"grid-post-box-meta pcbg-meta item-hover\">\n                                <div class=\"pcbg-meta-desc\">\n\t\t\t\t\t\t\t\t\t\t\t\t\t\t\t\t\t\t                                        <span class=\"bg-date\"><time class=\"entry-date published\" datetime=\"2026-04-26T16:00:00+02:00\">2026-04-26<\/time><\/span>\n\t\t\t\t\t\t\t\t\t\t\t\t\t\t\t\t\t\t\t\t\t\t\t\t\t\t\t\t\t\t\t\t\t\t\t\t\t\t\t\t\t\t\t\t\t\t\t\t\t\t\t\t\t\t                                <\/div>\n\t\t\t\t\t\t\t\t                            <\/div>\n\t\t\t\t\t\t\n\t\t\t\t\t\t                    <\/div>\n                <\/div>\n            <\/div>\n        <\/div>\n    <\/div>\n<\/div>\n<div class=\"penci-bgitem\">\n    <div class=\"penci-bgitin\">\n        <div class=\"penci-bgmain\">\n            <div class=\"pcbg-thumb\">\n\t\t\t\t\t\t\t\t                <div class=\"pcbg-thumbin\">\n                    <a class=\"pcbg-bgoverlay\"\n                       href=\"https:\/\/gnews.cz\/zh\/kultura\/zdravy-styl\/herbar-hluchavka-bila\/\" title=\"Herb\u00e1\u0159: Hluchavka b\u00edl\u00e1 \u2013 \u201ehluch\u00e1\u201c kop\u0159iva, kter\u00e1 nep\u00e1l\u00ed, je zn\u00e1m\u00e1 jako \u017eensk\u00e1 bylinka\u00a0\"><\/a>\n\n                        <div  data-bgset=\"https:\/\/gnews.cz\/wp-content\/uploads\/2026\/03\/DIOCHI-hluchavka-585x585.webp\" data_bg_hidpi=\"https:\/\/gnews.cz\/wp-content\/uploads\/2026\/03\/DIOCHI-hluchavka-585x585.webp\" class=\"penci-lazy penci-image-holder\">\n                                                    <\/div>\n\n                <\/div>\n            <\/div>\n            <div class=\"pcbg-content\">\n                <div class=\"pcbg-content-flex\">\n                    <a class=\"pcbg-bgoverlay\"\n                       href=\"https:\/\/gnews.cz\/zh\/kultura\/zdravy-styl\/herbar-hluchavka-bila\/\" title=\"Herb\u00e1\u0159: Hluchavka b\u00edl\u00e1 \u2013 \u201ehluch\u00e1\u201c kop\u0159iva, kter\u00e1 nep\u00e1l\u00ed, je zn\u00e1m\u00e1 jako \u017eensk\u00e1 bylinka\u00a0\"><\/a>\n                    <div class=\"pcbg-content-inner bgcontent-block\">\n                        <a href=\"https:\/\/gnews.cz\/zh\/kultura\/zdravy-styl\/herbar-hluchavka-bila\/\" title=\"Herb\u00e1\u0159: Hluchavka b\u00edl\u00e1 \u2013 \u201ehluch\u00e1\u201c kop\u0159iva, kter\u00e1 nep\u00e1l\u00ed, je zn\u00e1m\u00e1 jako \u017eensk\u00e1 bylinka\u00a0\"\n                           class=\"pcbg-bgoverlaytext item-hover\"><\/a>\n\n\t\t\t\t\t\t\n\t\t\t\t\t\t                            <div class=\"pcbg-heading item-hover\">\n                                <h3 class=\"pcbg-title\">\n                                    <a href=\"https:\/\/gnews.cz\/zh\/kultura\/zdravy-styl\/herbar-hluchavka-bila\/\">\n\t\t\t\t\t\t\t\t\t\tHerb\u00e1\u0159: Hluchavka b\u00edl\u00e1 \u2013 \u201ehluch\u00e1\u201c kop\u0159iva, kter\u00e1 nep\u00e1l\u00ed, je zn\u00e1m\u00e1 jako \u017eensk\u00e1 bylinka\u00a0                                    <\/a>\n                                <\/h3>\n                            <\/div>\n\t\t\t\t\t\t\n\t\t\t\t\t\t                            <div class=\"grid-post-box-meta pcbg-meta item-hover\">\n                                <div class=\"pcbg-meta-desc\">\n\t\t\t\t\t\t\t\t\t\t\t\t\t\t\t\t\t\t                                        <span class=\"bg-date\"><time class=\"entry-date published\" datetime=\"2026-04-26T13:00:00+02:00\">2026-04-26<\/time><\/span>\n\t\t\t\t\t\t\t\t\t\t\t\t\t\t\t\t\t\t\t\t\t\t\t\t\t\t\t\t\t\t\t\t\t\t\t\t\t\t\t\t\t\t\t\t\t\t\t\t\t\t\t\t\t\t                                <\/div>\n\t\t\t\t\t\t\t\t                            <\/div>\n\t\t\t\t\t\t\n\t\t\t\t\t\t                    <\/div>\n                <\/div>\n            <\/div>\n        <\/div>\n    <\/div>\n<\/div>\n<\/div>                <\/div>\n\t\t\t\t            <\/div>\n        <\/div>\n\t\t\t\t\t\t<\/div>\n\t\t\t\t<\/div>\n\t\t\t\t\t<\/div>\n\t\t<\/div>\n\t\t\t\t<div class=\"penci-ercol-25 penci-ercol-order-3 penci-sticky-sb penci-sidebarSC   elementor-column elementor-col-25 elementor-top-column elementor-element elementor-element-836b521\" data-id=\"836b521\" data-element_type=\"column\" data-e-type=\"column\">\n\t\t\t<div class=\"elementor-widget-wrap elementor-element-populated\">\n\t\t\t\t\t\t<div class=\"elementor-element elementor-element-9648255 elementor-widget elementor-widget-penci-small-list\" data-id=\"9648255\" data-element_type=\"widget\" data-e-type=\"widget\" data-widget_type=\"penci-small-list.default\">\n\t\t\t\t<div class=\"elementor-widget-container\">\n\t\t\t\t\t<script>if( typeof(penciBlock) === \"undefined\" ) {function penciBlock() { this.atts_json = ''; this.content = ''; }}var penciBlocksArray = penciBlocksArray || [];var PENCILOCALCACHE = PENCILOCALCACHE || {};var pcblock_278 = new penciBlock();pcblock_278.blockID=\"pcblock_278\";pcblock_278.atts_json = '{\"type\":\"grid\",\"dformat\":\"\",\"date_pos\":\"left\",\"column\":\"1\",\"tab_column\":\"1\",\"mb_column\":\"1\",\"imgpos\":\"left\",\"thumb_size\":\"\",\"mthumb_size\":\"\",\"post_meta\":[\"title\",\"date\"],\"primary_cat\":\"\",\"title_length\":\"\",\"excerpt_pos\":\"below\",\"rmstyle\":\"filled\",\"excerpt_length\":15,\"nocrop\":\"\",\"hide_cat_mobile\":\"\",\"hide_meta_mobile\":\"\",\"hide_excerpt_mobile\":\"\",\"hide_rm_mobile\":\"\",\"imgtop_mobile\":\"\",\"ver_border\":\"\",\"hide_thumb\":\"\",\"show_reviewpie\":\"\",\"show_formaticon\":\"\",\"disable_lazy\":\"\",\"show_excerpt\":\"\",\"show_readmore\":\"\",\"query\":{\"orderby\":\"meta_value_num\",\"order\":\"desc\",\"ignore_sticky_posts\":1,\"post_status\":\"publish\",\"post__not_in\":[],\"meta_key\":\"penci_post_week_views_count\",\"post_type\":\"post\",\"posts_per_page\":9,\"tax_query\":[{\"taxonomy\":\"post_tag\",\"field\":\"term_id\",\"terms\":[\"5689\"]}]},\"category_ids\":\"\",\"taxonomy\":\"\"}';penciBlocksArray.push(pcblock_278);<\/script>        <div class=\"penci-wrapper-smalllist\">\n\t\t\t    <div class=\"penci-border-arrow penci-homepage-title penci-home-latest-posts style-6 pcalign-left pciconp-right pcicon-right block-title-icon-left\">\n        <h3 class=\"inner-arrow\">\n        <span>\n                    <span><i class=\"fas fa-star\"><\/i>TOP \u010dl\u00e1nky<\/a>                <\/span>\n        <\/h3>\n\t\t        <\/div>\n\t\t\t\t\t            <div class=\"penci-smalllist-wrapper\">\n\t\t\t\t                    <div class=\"penci-smalllist pcsl-wrapper pwsl-id-default\">\n                        <div class=\"pcsl-inner penci-clearfix pcsl-grid pcsl-imgpos-left pcsl-col-1 pcsl-tabcol-1 pcsl-mobcol-1\">\n\t\t\t\t\t\t\t\t\t\t\t\t\t\t\t\t\t\t\t\t\t\t\t\t                                    <div class=\"pcsl-item\">\n                                        <div class=\"pcsl-itemin\">\n                                            <div class=\"pcsl-iteminer\">\n\t\t\t\t\t\t\t\t\t\t\t\t\n\t\t\t\t\t\t\t\t\t\t\t\t                                                    <div class=\"pcsl-thumb\">\n\t\t\t\t\t\t\t\t\t\t\t\t\t\t\t\t\t\t\t\t\t\t\t\t\t\t\t\t                                                            <a  data-bgset=\"https:\/\/gnews.cz\/wp-content\/uploads\/2026\/03\/XTALK-Schneider-2-\u5c4f\u5e55\u622a\u56fe-2026-03-30-123332-263x175.webp\" href=\"https:\/\/gnews.cz\/zh\/tema\/odhaleni-ruskeho-mytu-o-invazi-byvaly-pracovnik-bis-jan-schneider-popisuje-zastrasovaci-taktiky-korupci-na-ukrajine-a-uniky-informaci-z-bis\/\"\n                                                               title=\"Odhalen\u00ed rusk\u00e9ho \u201em\u00fdtu o invazi\u201c: B\u00fdval\u00fd pracovn\u00edk BIS Jan Schneider popisuje zastra\u0161ovac\u00ed taktiky, korupci na Ukrajin\u011b a \u00faniky informac\u00ed z BIS\"\n                                                               class=\"penci-lazy penci-image-holder\">\n\t                                                                                                                        <\/a>\n\n                                                    <\/div>\n\t\t\t\t\t\t\t\t\t\t\t\t                                                <div class=\"pcsl-content\">\n\t\t\t\t\t\t\t\t\t\t\t\t\t\n\t\t\t\t\t\t\t\t\t\t\t\t\t                                                        <div class=\"pcsl-title\">\n                                                            <a href=\"https:\/\/gnews.cz\/zh\/tema\/odhaleni-ruskeho-mytu-o-invazi-byvaly-pracovnik-bis-jan-schneider-popisuje-zastrasovaci-taktiky-korupci-na-ukrajine-a-uniky-informaci-z-bis\/\">Odhalen\u00ed rusk\u00e9ho \u201em\u00fdtu o invazi\u201c: B\u00fdval\u00fd pracovn\u00edk BIS Jan Schneider popisuje zastra\u0161ovac\u00ed taktiky, korupci na Ukrajin\u011b a \u00faniky informac\u00ed z BIS<\/a>\n                                                        <\/div>\n\t\t\t\t\t\t\t\t\t\t\t\t\t\n\t\t\t\t\t\t\t\t\t\t\t\t\t                                                        <div class=\"grid-post-box-meta pcsl-meta\">\n\t\t\t\t\t\t\t\t\t\t\t\t\t\t\t\t\t\t\t\t\t\t\t\t\t\t\t\t\t\t                                                                <span class=\"sl-date\"><time class=\"entry-date published\" datetime=\"2026-03-30T06:55:11+02:00\">2026-03-30<\/time><\/span>\n\t\t\t\t\t\t\t\t\t\t\t\t\t\t\t\t\t\t\t\t\t\t\t\t\t\t\t\t\t\t\t\t\t\t\t\t\t\t\t\t\t\t\t\t\t\t\t\t\t\t\t\t\t\t\t\t\t\t\t\t\t\t\t\t\t\t\t\t\t\t\t\t\t\t\t\t\t\t\t\t\t\t\t\t\t\t\t\t\t\t                                                        <\/div>\n\t\t\t\t\t\t\t\t\t\t\t\t\t\n\t\t\t\t\t\t\t\t\t\t\t\t\t\t\t\t\t\t\t\t\t\t\t\t\t\t\n                                                <\/div>\n\n\t\t\t\t\t\t\t\t\t\t\t\t                                            <\/div>\n                                        <\/div>\n                                    <\/div>\n                                \t\t\t\t\t\t\t\t\t\t\t\t\t\t\t\t\t                                    <div class=\"pcsl-item\">\n                                        <div class=\"pcsl-itemin\">\n                                            <div class=\"pcsl-iteminer\">\n\t\t\t\t\t\t\t\t\t\t\t\t\n\t\t\t\t\t\t\t\t\t\t\t\t                                                    <div class=\"pcsl-thumb\">\n\t\t\t\t\t\t\t\t\t\t\t\t\t\t\t\t\t\t\t\t\t\t\t\t\t\t\t\t                                                            <a  data-bgset=\"https:\/\/gnews.cz\/wp-content\/uploads\/2026\/04\/vallalom-hogy-ilyen-felfordult-vilagban-is-megorizzuk-magyarorszagot-a-biztonsag-es-a-nyugalom-szigetenek-1-263x175.webp\" href=\"https:\/\/gnews.cz\/zh\/tema\/viktor-orban-zakotvil-do-ustavy-zakaz-prodeje-zemedelske-pudy-cizincum-a-vyrazne-podporil-zemedelskou-sobestacnost-madarska\/\"\n                                                               title=\"Viktor Orb\u00e1n zakotvil do \u00fastavy z\u00e1kaz prodeje zem\u011bd\u011blsk\u00e9 p\u016fdy cizinc\u016fm a v\u00fdrazn\u011b podpo\u0159il zem\u011bd\u011blskou sob\u011bsta\u010dnost Ma\u010farska\"\n                                                               class=\"penci-lazy penci-image-holder\">\n\t                                                                                                                        <\/a>\n\n                                                    <\/div>\n\t\t\t\t\t\t\t\t\t\t\t\t                                                <div class=\"pcsl-content\">\n\t\t\t\t\t\t\t\t\t\t\t\t\t\n\t\t\t\t\t\t\t\t\t\t\t\t\t                                                        <div class=\"pcsl-title\">\n                                                            <a href=\"https:\/\/gnews.cz\/zh\/tema\/viktor-orban-zakotvil-do-ustavy-zakaz-prodeje-zemedelske-pudy-cizincum-a-vyrazne-podporil-zemedelskou-sobestacnost-madarska\/\">Viktor Orb\u00e1n zakotvil do \u00fastavy z\u00e1kaz prodeje zem\u011bd\u011blsk\u00e9 p\u016fdy cizinc\u016fm a v\u00fdrazn\u011b podpo\u0159il zem\u011bd\u011blskou sob\u011bsta\u010dnost Ma\u010farska<\/a>\n                                                        <\/div>\n\t\t\t\t\t\t\t\t\t\t\t\t\t\n\t\t\t\t\t\t\t\t\t\t\t\t\t                                                        <div class=\"grid-post-box-meta pcsl-meta\">\n\t\t\t\t\t\t\t\t\t\t\t\t\t\t\t\t\t\t\t\t\t\t\t\t\t\t\t\t\t\t                                                                <span class=\"sl-date\"><time class=\"entry-date published\" datetime=\"2026-04-08T12:00:00+02:00\">2026-04-08<\/time><\/span>\n\t\t\t\t\t\t\t\t\t\t\t\t\t\t\t\t\t\t\t\t\t\t\t\t\t\t\t\t\t\t\t\t\t\t\t\t\t\t\t\t\t\t\t\t\t\t\t\t\t\t\t\t\t\t\t\t\t\t\t\t\t\t\t\t\t\t\t\t\t\t\t\t\t\t\t\t\t\t\t\t\t\t\t\t\t\t\t\t\t\t                                                        <\/div>\n\t\t\t\t\t\t\t\t\t\t\t\t\t\n\t\t\t\t\t\t\t\t\t\t\t\t\t\t\t\t\t\t\t\t\t\t\t\t\t\t\n                                                <\/div>\n\n\t\t\t\t\t\t\t\t\t\t\t\t                                            <\/div>\n                                        <\/div>\n                                    <\/div>\n                                \t\t\t\t\t\t\t\t\t\t\t\t\t\t\t\t\t                                    <div class=\"pcsl-item\">\n                                        <div class=\"pcsl-itemin\">\n                                            <div class=\"pcsl-iteminer\">\n\t\t\t\t\t\t\t\t\t\t\t\t\n\t\t\t\t\t\t\t\t\t\t\t\t                                                    <div class=\"pcsl-thumb\">\n\t\t\t\t\t\t\t\t\t\t\t\t\t\t\t\t\t\t\t\t\t\t\t\t\t\t\t\t                                                            <a  data-bgset=\"https:\/\/gnews.cz\/wp-content\/uploads\/2026\/04\/holecpetr-263x175.webp\" href=\"https:\/\/gnews.cz\/zh\/tema\/petr-holec-vystrcilova-cesta-na-tchaj-wan-v-hospodarske-tride-chaos-kolem-stavky-na-ct-a-babisova-revoluce-v-medialni-reforme-petr-holec-zive-270\/\"\n                                                               title=\"Petr Holec: Vystr\u010dilova cesta na Tchaj-wan v \u201eekonomick\u00e9 t\u0159\u00edd\u011b\u201c, chaos kolem st\u00e1vky na \u010cT a Babi\u0161ova revoluce v medi\u00e1ln\u00ed reform\u011b (Petr Holec \u017eiv\u011b #270)\"\n                                                               class=\"penci-lazy penci-image-holder\">\n\t                                                                                                                        <\/a>\n\n                                                    <\/div>\n\t\t\t\t\t\t\t\t\t\t\t\t                                                <div class=\"pcsl-content\">\n\t\t\t\t\t\t\t\t\t\t\t\t\t\n\t\t\t\t\t\t\t\t\t\t\t\t\t                                                        <div class=\"pcsl-title\">\n                                                            <a href=\"https:\/\/gnews.cz\/zh\/tema\/petr-holec-vystrcilova-cesta-na-tchaj-wan-v-hospodarske-tride-chaos-kolem-stavky-na-ct-a-babisova-revoluce-v-medialni-reforme-petr-holec-zive-270\/\">Petr Holec: Vystr\u010dilova cesta na Tchaj-wan v \u201eekonomick\u00e9 t\u0159\u00edd\u011b\u201c, chaos kolem st\u00e1vky na \u010cT a Babi\u0161ova revoluce v medi\u00e1ln\u00ed reform\u011b (Petr Holec \u017eiv\u011b #270)<\/a>\n                                                        <\/div>\n\t\t\t\t\t\t\t\t\t\t\t\t\t\n\t\t\t\t\t\t\t\t\t\t\t\t\t                                                        <div class=\"grid-post-box-meta pcsl-meta\">\n\t\t\t\t\t\t\t\t\t\t\t\t\t\t\t\t\t\t\t\t\t\t\t\t\t\t\t\t\t\t                                                                <span class=\"sl-date\"><time class=\"entry-date published\" datetime=\"2026-04-23T06:00:00+02:00\">2026-04-23<\/time><\/span>\n\t\t\t\t\t\t\t\t\t\t\t\t\t\t\t\t\t\t\t\t\t\t\t\t\t\t\t\t\t\t\t\t\t\t\t\t\t\t\t\t\t\t\t\t\t\t\t\t\t\t\t\t\t\t\t\t\t\t\t\t\t\t\t\t\t\t\t\t\t\t\t\t\t\t\t\t\t\t\t\t\t\t\t\t\t\t\t\t\t\t                                                        <\/div>\n\t\t\t\t\t\t\t\t\t\t\t\t\t\n\t\t\t\t\t\t\t\t\t\t\t\t\t\t\t\t\t\t\t\t\t\t\t\t\t\t\n                                                <\/div>\n\n\t\t\t\t\t\t\t\t\t\t\t\t                                            <\/div>\n                                        <\/div>\n                                    <\/div>\n                                \t\t\t\t\t\t\t\t\t\t\t\t\t\t\t\t\t                                    <div class=\"pcsl-item\">\n                                        <div class=\"pcsl-itemin\">\n                                            <div class=\"pcsl-iteminer\">\n\t\t\t\t\t\t\t\t\t\t\t\t\n\t\t\t\t\t\t\t\t\t\t\t\t                                                    <div class=\"pcsl-thumb\">\n\t\t\t\t\t\t\t\t\t\t\t\t\t\t\t\t\t\t\t\t\t\t\t\t\t\t\t\t                                                            <a  data-bgset=\"https:\/\/gnews.cz\/wp-content\/uploads\/2026\/04\/erikbest7-263x175.webp\" href=\"https:\/\/gnews.cz\/zh\/rozhovory\/erik-best-orbanuv-dramaticky-pad-dodava-babisovi-silu-necekany-vysledek-madarskych-voleb-meni-podobu-euroskepticismu-a-geopolitiku-ve-stredni-evrope\/\"\n                                                               title=\"Erik Best: Orb\u00e1n\u016fv dramatick\u00fd p\u00e1d dod\u00e1v\u00e1 Babi\u0161ovi s\u00edlu \u2013 Ne\u010dekan\u00fd v\u00fdsledek ma\u010farsk\u00fdch voleb m\u011bn\u00ed podobu euroskepticismu a geopolitiku ve st\u0159edn\u00ed Evrop\u011b\"\n                                                               class=\"penci-lazy penci-image-holder\">\n\t                                                                                                                        <\/a>\n\n                                                    <\/div>\n\t\t\t\t\t\t\t\t\t\t\t\t                                                <div class=\"pcsl-content\">\n\t\t\t\t\t\t\t\t\t\t\t\t\t\n\t\t\t\t\t\t\t\t\t\t\t\t\t                                                        <div class=\"pcsl-title\">\n                                                            <a href=\"https:\/\/gnews.cz\/zh\/rozhovory\/erik-best-orbanuv-dramaticky-pad-dodava-babisovi-silu-necekany-vysledek-madarskych-voleb-meni-podobu-euroskepticismu-a-geopolitiku-ve-stredni-evrope\/\">Erik Best: Orb\u00e1n\u016fv dramatick\u00fd p\u00e1d dod\u00e1v\u00e1 Babi\u0161ovi s\u00edlu \u2013 Ne\u010dekan\u00fd v\u00fdsledek ma\u010farsk\u00fdch voleb m\u011bn\u00ed podobu euroskepticismu a geopolitiku ve st\u0159edn\u00ed Evrop\u011b<\/a>\n                                                        <\/div>\n\t\t\t\t\t\t\t\t\t\t\t\t\t\n\t\t\t\t\t\t\t\t\t\t\t\t\t                                                        <div class=\"grid-post-box-meta pcsl-meta\">\n\t\t\t\t\t\t\t\t\t\t\t\t\t\t\t\t\t\t\t\t\t\t\t\t\t\t\t\t\t\t                                                                <span class=\"sl-date\"><time class=\"entry-date published\" datetime=\"2026-04-20T15:30:00+02:00\">2026-04-20<\/time><\/span>\n\t\t\t\t\t\t\t\t\t\t\t\t\t\t\t\t\t\t\t\t\t\t\t\t\t\t\t\t\t\t\t\t\t\t\t\t\t\t\t\t\t\t\t\t\t\t\t\t\t\t\t\t\t\t\t\t\t\t\t\t\t\t\t\t\t\t\t\t\t\t\t\t\t\t\t\t\t\t\t\t\t\t\t\t\t\t\t\t\t\t                                                        <\/div>\n\t\t\t\t\t\t\t\t\t\t\t\t\t\n\t\t\t\t\t\t\t\t\t\t\t\t\t\t\t\t\t\t\t\t\t\t\t\t\t\t\n                                                <\/div>\n\n\t\t\t\t\t\t\t\t\t\t\t\t                                            <\/div>\n                                        <\/div>\n                                    <\/div>\n                                \t\t\t\t\t\t\t\t\t\t\t\t\t\t\t\t\t                                    <div class=\"pcsl-item\">\n                                        <div class=\"pcsl-itemin\">\n                                            <div class=\"pcsl-iteminer\">\n\t\t\t\t\t\t\t\t\t\t\t\t\n\t\t\t\t\t\t\t\t\t\t\t\t                                                    <div class=\"pcsl-thumb\">\n\t\t\t\t\t\t\t\t\t\t\t\t\t\t\t\t\t\t\t\t\t\t\t\t\t\t\t\t                                                            <a  data-bgset=\"https:\/\/gnews.cz\/wp-content\/uploads\/2026\/04\/exorcista2-263x175.webp\" href=\"https:\/\/gnews.cz\/zh\/tema\/exorcista-p-chad-ripperger-odhaluje-demonicke-sily-stojici-za-politikou-zavislosti-na-pornografii-a-posedlosti-sokujici-odhaleni-z-18-let-duchovniho-boje\/\"\n                                                               title=\"Exorcista P. Chad Ripperger odhaluje d\u00e9monick\u00e9 s\u00edly stoj\u00edc\u00ed za politikou, z\u00e1vislost\u00ed na pornografii a posedlost\u00ed: \u0160okuj\u00edc\u00ed odhalen\u00ed z 18 let duchovn\u00edho boje\"\n                                                               class=\"penci-lazy penci-image-holder\">\n\t                                                                                                                        <\/a>\n\n                                                    <\/div>\n\t\t\t\t\t\t\t\t\t\t\t\t                                                <div class=\"pcsl-content\">\n\t\t\t\t\t\t\t\t\t\t\t\t\t\n\t\t\t\t\t\t\t\t\t\t\t\t\t                                                        <div class=\"pcsl-title\">\n                                                            <a href=\"https:\/\/gnews.cz\/zh\/tema\/exorcista-p-chad-ripperger-odhaluje-demonicke-sily-stojici-za-politikou-zavislosti-na-pornografii-a-posedlosti-sokujici-odhaleni-z-18-let-duchovniho-boje\/\">Exorcista P. Chad Ripperger odhaluje d\u00e9monick\u00e9 s\u00edly stoj\u00edc\u00ed za politikou, z\u00e1vislost\u00ed na pornografii a posedlost\u00ed: \u0160okuj\u00edc\u00ed odhalen\u00ed z 18 let duchovn\u00edho boje<\/a>\n                                                        <\/div>\n\t\t\t\t\t\t\t\t\t\t\t\t\t\n\t\t\t\t\t\t\t\t\t\t\t\t\t                                                        <div class=\"grid-post-box-meta pcsl-meta\">\n\t\t\t\t\t\t\t\t\t\t\t\t\t\t\t\t\t\t\t\t\t\t\t\t\t\t\t\t\t\t                                                                <span class=\"sl-date\"><time class=\"entry-date published\" datetime=\"2026-04-23T15:40:00+02:00\">2026-04-23<\/time><\/span>\n\t\t\t\t\t\t\t\t\t\t\t\t\t\t\t\t\t\t\t\t\t\t\t\t\t\t\t\t\t\t\t\t\t\t\t\t\t\t\t\t\t\t\t\t\t\t\t\t\t\t\t\t\t\t\t\t\t\t\t\t\t\t\t\t\t\t\t\t\t\t\t\t\t\t\t\t\t\t\t\t\t\t\t\t\t\t\t\t\t\t                                                        <\/div>\n\t\t\t\t\t\t\t\t\t\t\t\t\t\n\t\t\t\t\t\t\t\t\t\t\t\t\t\t\t\t\t\t\t\t\t\t\t\t\t\t\n                                                <\/div>\n\n\t\t\t\t\t\t\t\t\t\t\t\t                                            <\/div>\n                                        <\/div>\n                                    <\/div>\n                                \t\t\t\t\t\t\t\t\t\t\t\t\t\t\t\t\t                                    <div class=\"pcsl-item\">\n                                        <div class=\"pcsl-itemin\">\n                                            <div class=\"pcsl-iteminer\">\n\t\t\t\t\t\t\t\t\t\t\t\t\n\t\t\t\t\t\t\t\t\t\t\t\t                                                    <div class=\"pcsl-thumb\">\n\t\t\t\t\t\t\t\t\t\t\t\t\t\t\t\t\t\t\t\t\t\t\t\t\t\t\t\t                                                            <a  data-bgset=\"https:\/\/gnews.cz\/wp-content\/uploads\/2026\/04\/Screenshot_20260425_163615-263x175.webp\" href=\"https:\/\/gnews.cz\/zh\/tema\/odbory-budou-chtit-snizeni-veku-odchodu-do-duchodu-a-zkraceni-pracovniho-tydne\/\"\n                                                               title=\"Odbory budou cht\u00edt sn\u00ed\u017een\u00ed v\u011bku odchodu do d\u016fchodu a zkr\u00e1cen\u00ed pracovn\u00edho t\u00fddne\"\n                                                               class=\"penci-lazy penci-image-holder\">\n\t                                                                                                                        <\/a>\n\n                                                    <\/div>\n\t\t\t\t\t\t\t\t\t\t\t\t                                                <div class=\"pcsl-content\">\n\t\t\t\t\t\t\t\t\t\t\t\t\t\n\t\t\t\t\t\t\t\t\t\t\t\t\t                                                        <div class=\"pcsl-title\">\n                                                            <a href=\"https:\/\/gnews.cz\/zh\/tema\/odbory-budou-chtit-snizeni-veku-odchodu-do-duchodu-a-zkraceni-pracovniho-tydne\/\">Odbory budou cht\u00edt sn\u00ed\u017een\u00ed v\u011bku odchodu do d\u016fchodu a zkr\u00e1cen\u00ed pracovn\u00edho t\u00fddne<\/a>\n                                                        <\/div>\n\t\t\t\t\t\t\t\t\t\t\t\t\t\n\t\t\t\t\t\t\t\t\t\t\t\t\t                                                        <div class=\"grid-post-box-meta pcsl-meta\">\n\t\t\t\t\t\t\t\t\t\t\t\t\t\t\t\t\t\t\t\t\t\t\t\t\t\t\t\t\t\t                                                                <span class=\"sl-date\"><time class=\"entry-date published\" datetime=\"2026-04-25T16:00:00+02:00\">2026-04-25<\/time><\/span>\n\t\t\t\t\t\t\t\t\t\t\t\t\t\t\t\t\t\t\t\t\t\t\t\t\t\t\t\t\t\t\t\t\t\t\t\t\t\t\t\t\t\t\t\t\t\t\t\t\t\t\t\t\t\t\t\t\t\t\t\t\t\t\t\t\t\t\t\t\t\t\t\t\t\t\t\t\t\t\t\t\t\t\t\t\t\t\t\t\t\t                                                        <\/div>\n\t\t\t\t\t\t\t\t\t\t\t\t\t\n\t\t\t\t\t\t\t\t\t\t\t\t\t\t\t\t\t\t\t\t\t\t\t\t\t\t\n                                                <\/div>\n\n\t\t\t\t\t\t\t\t\t\t\t\t                                            <\/div>\n                                        <\/div>\n                                    <\/div>\n                                \t\t\t\t\t\t\t\t\t\t\t\t\t\t\t\t\t                                    <div class=\"pcsl-item\">\n                                        <div class=\"pcsl-itemin\">\n                                            <div class=\"pcsl-iteminer\">\n\t\t\t\t\t\t\t\t\t\t\t\t\n\t\t\t\t\t\t\t\t\t\t\t\t                                                    <div class=\"pcsl-thumb\">\n\t\t\t\t\t\t\t\t\t\t\t\t\t\t\t\t\t\t\t\t\t\t\t\t\t\t\t\t                                                            <a  data-bgset=\"https:\/\/gnews.cz\/wp-content\/uploads\/2026\/04\/Screenshot_20260425_164530-263x175.webp\" href=\"https:\/\/gnews.cz\/zh\/tema\/ceske-znacky-ceske-deskove-hry-a-pocitacove-hry-dobyvaji-svet\/\"\n                                                               title=\"\u010cesk\u00e9 zna\u010dky: \u010desk\u00e9 deskov\u00e9 hry a po\u010d\u00edta\u010dov\u00e9 hry dob\u00fdvaj\u00ed sv\u011bt\"\n                                                               class=\"penci-lazy penci-image-holder\">\n\t                                                                                                                        <\/a>\n\n                                                    <\/div>\n\t\t\t\t\t\t\t\t\t\t\t\t                                                <div class=\"pcsl-content\">\n\t\t\t\t\t\t\t\t\t\t\t\t\t\n\t\t\t\t\t\t\t\t\t\t\t\t\t                                                        <div class=\"pcsl-title\">\n                                                            <a href=\"https:\/\/gnews.cz\/zh\/tema\/ceske-znacky-ceske-deskove-hry-a-pocitacove-hry-dobyvaji-svet\/\">\u010cesk\u00e9 zna\u010dky: \u010desk\u00e9 deskov\u00e9 hry a po\u010d\u00edta\u010dov\u00e9 hry dob\u00fdvaj\u00ed sv\u011bt<\/a>\n                                                        <\/div>\n\t\t\t\t\t\t\t\t\t\t\t\t\t\n\t\t\t\t\t\t\t\t\t\t\t\t\t                                                        <div class=\"grid-post-box-meta pcsl-meta\">\n\t\t\t\t\t\t\t\t\t\t\t\t\t\t\t\t\t\t\t\t\t\t\t\t\t\t\t\t\t\t                                                                <span class=\"sl-date\"><time class=\"entry-date published\" datetime=\"2026-04-25T23:00:00+02:00\">2026-04-25<\/time><\/span>\n\t\t\t\t\t\t\t\t\t\t\t\t\t\t\t\t\t\t\t\t\t\t\t\t\t\t\t\t\t\t\t\t\t\t\t\t\t\t\t\t\t\t\t\t\t\t\t\t\t\t\t\t\t\t\t\t\t\t\t\t\t\t\t\t\t\t\t\t\t\t\t\t\t\t\t\t\t\t\t\t\t\t\t\t\t\t\t\t\t\t                                                        <\/div>\n\t\t\t\t\t\t\t\t\t\t\t\t\t\n\t\t\t\t\t\t\t\t\t\t\t\t\t\t\t\t\t\t\t\t\t\t\t\t\t\t\n                                                <\/div>\n\n\t\t\t\t\t\t\t\t\t\t\t\t                                            <\/div>\n                                        <\/div>\n                                    <\/div>\n                                \t\t\t\t\t\t\t\t\t\t\t\t\t\t\t\t\t                                    <div class=\"pcsl-item\">\n                                        <div class=\"pcsl-itemin\">\n                                            <div class=\"pcsl-iteminer\">\n\t\t\t\t\t\t\t\t\t\t\t\t\n\t\t\t\t\t\t\t\t\t\t\t\t                                                    <div class=\"pcsl-thumb\">\n\t\t\t\t\t\t\t\t\t\t\t\t\t\t\t\t\t\t\t\t\t\t\t\t\t\t\t\t                                                            <a  data-bgset=\"https:\/\/gnews.cz\/wp-content\/uploads\/2025\/10\/kouzlo-p-semn-korespondence-dopisy-kter-p-e-vaj-as-b5d949-145x96.webp\" href=\"https:\/\/gnews.cz\/zh\/tema\/kouzlo-pisemne-korespondence-dopisy-ktere-prezivaji-cas\/\"\n                                                               title=\"Kouzlo p\u00edsemn\u00e9 korespondence: dopisy, kter\u00e9 p\u0159e\u017e\u00edvaj\u00ed \u010das\"\n                                                               class=\"penci-lazy penci-image-holder\">\n\t                                                                                                                        <\/a>\n\n                                                    <\/div>\n\t\t\t\t\t\t\t\t\t\t\t\t                                                <div class=\"pcsl-content\">\n\t\t\t\t\t\t\t\t\t\t\t\t\t\n\t\t\t\t\t\t\t\t\t\t\t\t\t                                                        <div class=\"pcsl-title\">\n                                                            <a href=\"https:\/\/gnews.cz\/zh\/tema\/kouzlo-pisemne-korespondence-dopisy-ktere-prezivaji-cas\/\">Kouzlo p\u00edsemn\u00e9 korespondence: dopisy, kter\u00e9 p\u0159e\u017e\u00edvaj\u00ed \u010das<\/a>\n                                                        <\/div>\n\t\t\t\t\t\t\t\t\t\t\t\t\t\n\t\t\t\t\t\t\t\t\t\t\t\t\t                                                        <div class=\"grid-post-box-meta pcsl-meta\">\n\t\t\t\t\t\t\t\t\t\t\t\t\t\t\t\t\t\t\t\t\t\t\t\t\t\t\t\t\t\t                                                                <span class=\"sl-date\"><time class=\"entry-date published\" datetime=\"2025-10-12T16:30:00+02:00\">2025-10-12<\/time><\/span>\n\t\t\t\t\t\t\t\t\t\t\t\t\t\t\t\t\t\t\t\t\t\t\t\t\t\t\t\t\t\t\t\t\t\t\t\t\t\t\t\t\t\t\t\t\t\t\t\t\t\t\t\t\t\t\t\t\t\t\t\t\t\t\t\t\t\t\t\t\t\t\t\t\t\t\t\t\t\t\t\t\t\t\t\t\t\t\t\t\t\t                                                        <\/div>\n\t\t\t\t\t\t\t\t\t\t\t\t\t\n\t\t\t\t\t\t\t\t\t\t\t\t\t\t\t\t\t\t\t\t\t\t\t\t\t\t\n                                                <\/div>\n\n\t\t\t\t\t\t\t\t\t\t\t\t                                            <\/div>\n                                        <\/div>\n                                    <\/div>\n                                \t\t\t\t\t\t\t\t\t\t\t\t\t\t\t\t\t                                    <div class=\"pcsl-item\">\n                                        <div class=\"pcsl-itemin\">\n                                            <div class=\"pcsl-iteminer\">\n\t\t\t\t\t\t\t\t\t\t\t\t\n\t\t\t\t\t\t\t\t\t\t\t\t                                                    <div class=\"pcsl-thumb\">\n\t\t\t\t\t\t\t\t\t\t\t\t\t\t\t\t\t\t\t\t\t\t\t\t\t\t\t\t                                                            <a  data-bgset=\"https:\/\/gnews.cz\/wp-content\/uploads\/2026\/04\/cvideo2-263x175.webp\" href=\"https:\/\/gnews.cz\/zh\/rozhovory\/odhaleni-techniky-cia-alenka-v-risi-divu-jak-socialni-site-ovladaji-vas-mozek-pomoci-zakazanych-technik-cia-pro-ovladani-mysli\/\"\n                                                               title=\"Odhalen\u00ed techniky CIA \u201eAlenka v \u0159\u00ed\u0161i div\u016f\u201c: Jak soci\u00e1ln\u00ed s\u00edt\u011b ovl\u00e1daj\u00ed v\u00e1\u0161 mozek pomoc\u00ed zak\u00e1zan\u00fdch technik CIA pro ovl\u00e1d\u00e1n\u00ed mysli\"\n                                                               class=\"penci-lazy penci-image-holder\">\n\t                                                                                                                        <\/a>\n\n                                                    <\/div>\n\t\t\t\t\t\t\t\t\t\t\t\t                                                <div class=\"pcsl-content\">\n\t\t\t\t\t\t\t\t\t\t\t\t\t\n\t\t\t\t\t\t\t\t\t\t\t\t\t                                                        <div class=\"pcsl-title\">\n                                                            <a href=\"https:\/\/gnews.cz\/zh\/rozhovory\/odhaleni-techniky-cia-alenka-v-risi-divu-jak-socialni-site-ovladaji-vas-mozek-pomoci-zakazanych-technik-cia-pro-ovladani-mysli\/\">Odhalen\u00ed techniky CIA \u201eAlenka v \u0159\u00ed\u0161i div\u016f\u201c: Jak soci\u00e1ln\u00ed s\u00edt\u011b ovl\u00e1daj\u00ed v\u00e1\u0161 mozek pomoc\u00ed zak\u00e1zan\u00fdch technik CIA pro ovl\u00e1d\u00e1n\u00ed mysli<\/a>\n                                                        <\/div>\n\t\t\t\t\t\t\t\t\t\t\t\t\t\n\t\t\t\t\t\t\t\t\t\t\t\t\t                                                        <div class=\"grid-post-box-meta pcsl-meta\">\n\t\t\t\t\t\t\t\t\t\t\t\t\t\t\t\t\t\t\t\t\t\t\t\t\t\t\t\t\t\t                                                                <span class=\"sl-date\"><time class=\"entry-date published\" datetime=\"2026-04-29T06:00:00+02:00\">2026-04-29<\/time><\/span>\n\t\t\t\t\t\t\t\t\t\t\t\t\t\t\t\t\t\t\t\t\t\t\t\t\t\t\t\t\t\t\t\t\t\t\t\t\t\t\t\t\t\t\t\t\t\t\t\t\t\t\t\t\t\t\t\t\t\t\t\t\t\t\t\t\t\t\t\t\t\t\t\t\t\t\t\t\t\t\t\t\t\t\t\t\t\t\t\t\t\t                                                        <\/div>\n\t\t\t\t\t\t\t\t\t\t\t\t\t\n\t\t\t\t\t\t\t\t\t\t\t\t\t\t\t\t\t\t\t\t\t\t\t\t\t\t\n                                                <\/div>\n\n\t\t\t\t\t\t\t\t\t\t\t\t                                            <\/div>\n                                        <\/div>\n                                    <\/div>\n                                \t\t\t\t\t\t\t\t\t\t\t\t\t\t\t\t                        <\/div>\n\n\t\t\t\t\t\t\n                    <\/div>\n\t\t\t\t\t            <\/div>\n        <\/div>\n\t\t\t\t\t\t<\/div>\n\t\t\t\t<\/div>\n\t\t\t\t<div class=\"elementor-element elementor-element-03ae90b elementor-widget elementor-widget-shortcode\" data-id=\"03ae90b\" data-element_type=\"widget\" data-e-type=\"widget\" data-widget_type=\"shortcode.default\">\n\t\t\t\t<div class=\"elementor-widget-container\">\n\t\t\t\t\t\t\t<div class=\"elementor-shortcode\"><div id=\"metaslider-id-14987\" style=\"width: 100%;\" class=\"ml-slider-3-108-0 metaslider metaslider-flex metaslider-14987 ml-slider ms-theme-default nav-hidden\" role=\"region\" aria-label=\"New Slideshow\" data-height=\"896\" data-width=\"1000\">\n    <div id=\"metaslider_container_14987\">\n        <div id=\"metaslider_14987\">\n            <ul class='slides'>\n                <li style=\"display: block; width: 100%;\" class=\"slide-34118 ms-image \" aria-roledescription=\"slide\" data-date=\"2025-10-02 15:02:44\" data-filename=\"roz-39a3bf.webp\" data-slide-type=\"image\"><a href=\"https:\/\/www.gnews.cz\/cs_cz\/tema\/miroslav-sevcik-levna-energie-a-svoboda-slova-jsou-klicem-k-budoucnosti-ceska\/\" target=\"_self\" aria-label=\"View Slide Details\" class=\"metaslider_image_link\"><img fetchpriority=\"high\" decoding=\"async\" src=\"https:\/\/gnews.cz\/wp-content\/uploads\/2025\/10\/roz-39a3bf.webp\" height=\"896\" width=\"1000\" alt=\"\" class=\"slider-14987 slide-34118 msDefaultImage\" title=\"roz-39a3bf\" \/><\/a><\/li>\n                <li style=\"display: none; width: 100%;\" class=\"slide-14989 ms-image \" aria-roledescription=\"slide\" data-date=\"2024-10-21 14:05:40\" data-filename=\"ingoldpay-607f70.webp\" data-slide-type=\"image\"><a href=\"https:\/\/www.gnews.cz\/cs_cz\/tema\/zlata-digitalni-revoluce-robert-vlasek-predstavuje-budoucnost-investovani-do-zlata\/\" target=\"_self\" aria-label=\"View Slide Details\" class=\"metaslider_image_link\"><img decoding=\"async\" src=\"https:\/\/gnews.cz\/wp-content\/uploads\/2024\/10\/ingoldpay-607f70.webp\" height=\"896\" width=\"1000\" alt=\"Firegold ve spolupr\u00e1ci s IBIS InGold vytv\u00e1\u0159\u00ed InGoldPay, platebn\u00ed syst\u00e9m kryt\u00fd zlat\u00fdmi slitky \u0161v\u00fdcarsk\u00e9 PAMP, kter\u00fd obnovuje zlat\u00fd standard v platebn\u00edm styku.\" class=\"slider-14987 slide-14989 msDefaultImage\" title=\"ingoldpay-607f70\" \/><\/a><\/li>\n                <li style=\"display: none; width: 100%;\" class=\"slide-14988 ms-image \" aria-roledescription=\"slide\" data-date=\"2024-10-21 14:05:40\" data-filename=\"divadlo-ungelt-ae0720.webp\" data-slide-type=\"image\"><a href=\"https:\/\/www.gnews.cz\/cs_cz\/kultura\/divadlo-ungelt-oblibena-letni-scena-se-hvezdnym-obsazenim-skorapka\/\" target=\"_self\" aria-label=\"View Slide Details\" class=\"metaslider_image_link\"><img decoding=\"async\" src=\"https:\/\/gnews.cz\/wp-content\/uploads\/2024\/10\/divadlo-ungelt-ae0720.webp\" height=\"896\" width=\"1000\" alt=\"Divadlo Ungelt je komorn\u00ed pra\u017esk\u00e9 divadlo zam\u011b\u0159en\u00e9 na kvalitn\u00ed \u010dinohru s d\u016frazem na hereck\u00e9 v\u00fdkony, nach\u00e1zej\u00edc\u00ed se v historick\u00e9m centru Prahy.\" class=\"slider-14987 slide-14988 msDefaultImage\" title=\"divadlo-ungelt-ae0720\" \/><\/a><\/li>\n            <\/ul>\n        <\/div>\n        \n    <\/div>\n<\/div><\/div>\n\t\t\t\t\t\t<\/div>\n\t\t\t\t<\/div>\n\t\t\t\t\t<\/div>\n\t\t<\/div>\n\t\t\t\t\t<\/div>\n\t\t<\/section>\n\t\t<div class=\"elementor-element elementor-element-1207396 e-flex e-con-boxed e-con e-parent\" data-id=\"1207396\" data-element_type=\"container\" data-e-type=\"container\">\n\t\t\t\t\t<div class=\"e-con-inner\">\n\t\t<div class=\"elementor-element elementor-element-cbabaf1 e-con-full e-flex e-con e-child\" data-id=\"cbabaf1\" data-element_type=\"container\" data-e-type=\"container\">\n\t\t\t\t<div class=\"elementor-element elementor-element-c07d801 elementor-widget elementor-widget-penci-block-heading\" data-id=\"c07d801\" data-element_type=\"widget\" data-e-type=\"widget\" data-widget_type=\"penci-block-heading.default\">\n\t\t\t\t<div class=\"elementor-widget-container\">\n\t\t\t\t\t\t\t<div class=\"penciel-bheading penci-border-arrow penci-homepage-title penci-home-latest-posts style-4 pcalign-center pciconp-right pcicon-right block-title-icon-left\">\n\t\t\t<h3 class=\"inner-arrow\">\n\t\t\t\t<span>\n\t\t\t\t<a href=\"https:\/\/www.gnews.cz\/cs_cz\/prectete-si\/zakulisi-temneho-giganta-palantir-jak-se-zrodil-digitalni-velky-bratr-a-proc-nas-ma-vsechny-v-hrsti\/\"><i class=\"fas fa-star\"><\/i>Palantir \u2013 jak se zrodil digit\u00e1ln\u00ed Velk\u00fd bratr a pro\u010d n\u00e1s m\u00e1 v\u0161echny v hrsti<\/a>\t\t\t\t<\/span>\n\t\t\t<\/h3>\n\t\t\t<nav data-more=\"\" class=\"pcnav-lgroup\"><ul class=\"pcflx\"><li><a >2. d\u00edl<\/a><\/li><\/ul><\/nav>\t\t<\/div>\n\t\t\t\t\t\t<\/div>\n\t\t\t\t<\/div>\n\t\t\t\t<div class=\"elementor-element elementor-element-eb4f77e elementor-widget elementor-widget-video\" data-id=\"eb4f77e\" data-element_type=\"widget\" data-e-type=\"widget\" data-settings=\"{&quot;video_type&quot;:&quot;hosted&quot;,&quot;controls&quot;:&quot;yes&quot;}\" data-widget_type=\"video.default\">\n\t\t\t\t<div class=\"elementor-widget-container\">\n\t\t\t\t\t\t\t<div class=\"e-hosted-video elementor-wrapper elementor-open-inline\">\n\t\t\t\t\t<video class=\"elementor-video\" src=\"https:\/\/www.gnews.cz\/wp-content\/uploads\/2025\/09\/Palantir-\u2013-jak-se-zrodil-digitalni-Velky-bratr-a-proc-nas-ma-vsechny-v-hrsti.mp4\" controls=\"\" preload=\"metadata\" controlsList=\"nodownload\"><\/video>\n\t\t\t\t<\/div>\n\t\t\t\t\t\t<\/div>\n\t\t\t\t<\/div>\n\t\t\t\t<\/div>\n\t\t<div class=\"elementor-element elementor-element-1872978 e-con-full e-flex e-con e-child\" data-id=\"1872978\" data-element_type=\"container\" data-e-type=\"container\">\n\t\t\t\t<div class=\"elementor-element elementor-element-6822ba7 elementor-widget elementor-widget-penci-block-heading\" data-id=\"6822ba7\" data-element_type=\"widget\" data-e-type=\"widget\" data-widget_type=\"penci-block-heading.default\">\n\t\t\t\t<div class=\"elementor-widget-container\">\n\t\t\t\t\t\t\t<div class=\"penciel-bheading penci-border-arrow penci-homepage-title penci-home-latest-posts style-4 pcalign-center pciconp-right pcicon-right block-title-icon-left\">\n\t\t\t<h3 class=\"inner-arrow\">\n\t\t\t\t<span>\n\t\t\t\t<a href=\"https:\/\/www.gnews.cz\/cs_cz\/kultura\/nefrit-ve-staroveke-cine-druhy-dil-posvatny-kamen-jako-zrcadlo-civilizace\/\"><i class=\"fas fa-star\"><\/i>Nefrit ve starov\u011bk\u00e9 \u010c\u00edn\u011b \u2013 Posv\u00e1tn\u00fd k\u00e1men a d\u011bdictv\u00ed civilizace | Trailer dvoud\u00edln\u00e9ho dokumentu<\/a>\t\t\t\t<\/span>\n\t\t\t<\/h3>\n\t\t\t<nav data-more=\"\" class=\"pcnav-lgroup\"><ul class=\"pcflx\"><li><a >2. d\u00edl<\/a><\/li><\/ul><\/nav>\t\t<\/div>\n\t\t\t\t\t\t<\/div>\n\t\t\t\t<\/div>\n\t\t\t\t<div class=\"elementor-element elementor-element-94e449d elementor-widget elementor-widget-video\" data-id=\"94e449d\" data-element_type=\"widget\" data-e-type=\"widget\" data-settings=\"{&quot;video_type&quot;:&quot;hosted&quot;,&quot;controls&quot;:&quot;yes&quot;}\" data-widget_type=\"video.default\">\n\t\t\t\t<div class=\"elementor-widget-container\">\n\t\t\t\t\t\t\t<div class=\"e-hosted-video elementor-wrapper elementor-open-inline\">\n\t\t\t\t\t<video class=\"elementor-video\" src=\"https:\/\/www.gnews.cz\/wp-content\/uploads\/2025\/06\/ancient-jade-trailer-titulky.mp4\" controls=\"\" preload=\"metadata\" controlsList=\"nodownload\"><\/video>\n\t\t\t\t<\/div>\n\t\t\t\t\t\t<\/div>\n\t\t\t\t<\/div>\n\t\t\t\t<\/div>\n\t\t\t\t\t<\/div>\n\t\t\t\t<\/div>\n\t\t<div class=\"elementor-element elementor-element-6d7bbc0 e-con-full e-flex e-con e-parent\" data-id=\"6d7bbc0\" data-element_type=\"container\" data-e-type=\"container\">\n\t\t\t\t<div class=\"elementor-element elementor-element-c187d75 elementor-widget elementor-widget-penci-block-heading\" data-id=\"c187d75\" data-element_type=\"widget\" data-e-type=\"widget\" data-widget_type=\"penci-block-heading.default\">\n\t\t\t\t<div class=\"elementor-widget-container\">\n\t\t\t\t\t\t\t<div class=\"penciel-bheading penci-border-arrow penci-homepage-title penci-home-latest-posts style-6 pcalign-left pciconp-right pcicon-right block-title-icon-left\">\n\t\t\t<h3 class=\"inner-arrow\">\n\t\t\t\t<span>\n\t\t\t\t<a href=\"https:\/\/www.gnews.cz\/category\/neprehlednete\">Nep\u0159ehl\u00e9dn\u011bte<\/a>\t\t\t\t<\/span>\n\t\t\t<\/h3>\n\t\t\t\t\t<\/div>\n\t\t\t\t\t\t<\/div>\n\t\t\t\t<\/div>\n\t\t\t\t<div class=\"elementor-element elementor-element-f29e8f4 elementor-widget elementor-widget-penci-big-grid\" data-id=\"f29e8f4\" data-element_type=\"widget\" data-e-type=\"widget\" data-settings=\"{&quot;_animation&quot;:&quot;none&quot;}\" data-widget_type=\"penci-big-grid.default\">\n\t\t\t\t<div class=\"elementor-widget-container\">\n\t\t\t\t\t        <div class=\"penci-clearfix penci-biggrid-wrapper penci-grid-col-4 penci-grid-tcol-3 penci-grid-mcol-2 penci-bgrid-based-post penci-bgrid-style-1 pcbg-ficonpo-top-right pcbg-reiconpo-top-left penci-bgrid-content-on pencibg-imageh-zoom-in pencibg-texth-none pencibg-textani-fade pcbg-titles-visible pcbg-mask-title notextop\">\n\t\t\t            <div class=\"penci-clearfix penci-biggrid penci-bgstyle-1 penci-bgel\">\n                <div class=\"penci-biggrid-inner default\">\n\t\t\t\t\t<div class=\"penci-clearfix penci-biggrid-data penci-dflex\"><div class=\"penci-bgitem\">\n    <div class=\"penci-bgitin\">\n        <div class=\"penci-bgmain\">\n            <div class=\"pcbg-thumb\">\n\t\t\t\t\t\t\t\t                <div class=\"pcbg-thumbin\">\n                    <a class=\"pcbg-bgoverlay\"\n                       href=\"https:\/\/gnews.cz\/zh\/rozhovory\/cesky-prezident-petr-pavel-oznacen-za-kolaboranta-vasnivy-projev-odhaluje-snahy-o-vytvoreni-superstatu-eu-zaujatost-medii-a-paraziticke-byrokraty-petr-holec-zive\/\" title=\"\u010cesk\u00fd prezident Petr Pavel ozna\u010den za \u201ekolaboranta\u201c: V\u00e1\u0161niv\u00fd projev odhaluje snahy o vytvo\u0159en\u00ed superst\u00e1tu EU, zaujatost m\u00e9di\u00ed a \u201eparazitick\u00e9\u201c byrokraty (Petr Holec \u017eiv\u011b #271)\"><\/a>\n\n                        <div  data-bgset=\"https:\/\/gnews.cz\/wp-content\/uploads\/2026\/04\/holecpetr-585x328.webp\" data_bg_hidpi=\"https:\/\/gnews.cz\/wp-content\/uploads\/2026\/04\/holecpetr-585x328.webp\" class=\"penci-lazy penci-image-holder\">\n                                                    <\/div>\n\n                <\/div>\n            <\/div>\n            <div class=\"pcbg-content\">\n                <div class=\"pcbg-content-flex\">\n                    <a class=\"pcbg-bgoverlay active-overlay\"\n                       href=\"https:\/\/gnews.cz\/zh\/rozhovory\/cesky-prezident-petr-pavel-oznacen-za-kolaboranta-vasnivy-projev-odhaluje-snahy-o-vytvoreni-superstatu-eu-zaujatost-medii-a-paraziticke-byrokraty-petr-holec-zive\/\" title=\"\u010cesk\u00fd prezident Petr Pavel ozna\u010den za \u201ekolaboranta\u201c: V\u00e1\u0161niv\u00fd projev odhaluje snahy o vytvo\u0159en\u00ed superst\u00e1tu EU, zaujatost m\u00e9di\u00ed a \u201eparazitick\u00e9\u201c byrokraty (Petr Holec \u017eiv\u011b #271)\"><\/a>\n                    <div class=\"pcbg-content-inner bgcontent-block\">\n                        <a href=\"https:\/\/gnews.cz\/zh\/rozhovory\/cesky-prezident-petr-pavel-oznacen-za-kolaboranta-vasnivy-projev-odhaluje-snahy-o-vytvoreni-superstatu-eu-zaujatost-medii-a-paraziticke-byrokraty-petr-holec-zive\/\" title=\"\u010cesk\u00fd prezident Petr Pavel ozna\u010den za \u201ekolaboranta\u201c: V\u00e1\u0161niv\u00fd projev odhaluje snahy o vytvo\u0159en\u00ed superst\u00e1tu EU, zaujatost m\u00e9di\u00ed a \u201eparazitick\u00e9\u201c byrokraty (Petr Holec \u017eiv\u011b #271)\"\n                           class=\"pcbg-bgoverlaytext item-hover\"><\/a>\n\n\t\t\t\t\t\t\n\t\t\t\t\t\t                            <div class=\"pcbg-heading item-hover\">\n                                <h3 class=\"pcbg-title\">\n                                    <a href=\"https:\/\/gnews.cz\/zh\/rozhovory\/cesky-prezident-petr-pavel-oznacen-za-kolaboranta-vasnivy-projev-odhaluje-snahy-o-vytvoreni-superstatu-eu-zaujatost-medii-a-paraziticke-byrokraty-petr-holec-zive\/\">\n\t\t\t\t\t\t\t\t\t\t\u010cesk\u00fd prezident Petr Pavel ozna\u010den za \u201ekolaboranta\u201c: V\u00e1\u0161niv\u00fd projev odhaluje snahy o vytvo\u0159en\u00ed superst\u00e1tu EU, zaujatost m\u00e9di\u00ed a \u201eparazitick\u00e9\u201c byrokraty (Petr Holec \u017eiv\u011b #271)                                    <\/a>\n                                <\/h3>\n                            <\/div>\n\t\t\t\t\t\t\n\t\t\t\t\t\t\n\t\t\t\t\t\t                    <\/div>\n                <\/div>\n            <\/div>\n        <\/div>\n    <\/div>\n<\/div>\n<div class=\"penci-bgitem\">\n    <div class=\"penci-bgitin\">\n        <div class=\"penci-bgmain\">\n            <div class=\"pcbg-thumb\">\n\t\t\t\t\t\t\t\t                <div class=\"pcbg-thumbin\">\n                    <a class=\"pcbg-bgoverlay\"\n                       href=\"https:\/\/gnews.cz\/zh\/neprehlednete\/kdo-nahradi-generala-rehku-pavel-jednal-se-zunou-ve-hre-jsou-ctyri-jmena\/\" title=\"Kdo nahrad\u00ed gener\u00e1la \u0158ehku? Pavel jednal se Z\u016fnou, ve h\u0159e jsou \u010dty\u0159i jm\u00e9na\"><\/a>\n\n                        <div  data-bgset=\"https:\/\/gnews.cz\/wp-content\/uploads\/2026\/04\/260429181810-238a7985-20260429-193717-585x390.webp\" data_bg_hidpi=\"https:\/\/gnews.cz\/wp-content\/uploads\/2026\/04\/260429181810-238a7985-20260429-193717-585x390.webp\" class=\"penci-lazy penci-image-holder\">\n                                                    <\/div>\n\n                <\/div>\n            <\/div>\n            <div class=\"pcbg-content\">\n                <div class=\"pcbg-content-flex\">\n                    <a class=\"pcbg-bgoverlay active-overlay\"\n                       href=\"https:\/\/gnews.cz\/zh\/neprehlednete\/kdo-nahradi-generala-rehku-pavel-jednal-se-zunou-ve-hre-jsou-ctyri-jmena\/\" title=\"Kdo nahrad\u00ed gener\u00e1la \u0158ehku? Pavel jednal se Z\u016fnou, ve h\u0159e jsou \u010dty\u0159i jm\u00e9na\"><\/a>\n                    <div class=\"pcbg-content-inner bgcontent-block\">\n                        <a href=\"https:\/\/gnews.cz\/zh\/neprehlednete\/kdo-nahradi-generala-rehku-pavel-jednal-se-zunou-ve-hre-jsou-ctyri-jmena\/\" title=\"Kdo nahrad\u00ed gener\u00e1la \u0158ehku? Pavel jednal se Z\u016fnou, ve h\u0159e jsou \u010dty\u0159i jm\u00e9na\"\n                           class=\"pcbg-bgoverlaytext item-hover\"><\/a>\n\n\t\t\t\t\t\t\n\t\t\t\t\t\t                            <div class=\"pcbg-heading item-hover\">\n                                <h3 class=\"pcbg-title\">\n                                    <a href=\"https:\/\/gnews.cz\/zh\/neprehlednete\/kdo-nahradi-generala-rehku-pavel-jednal-se-zunou-ve-hre-jsou-ctyri-jmena\/\">\n\t\t\t\t\t\t\t\t\t\tKdo nahrad\u00ed gener\u00e1la \u0158ehku? Pavel jednal se Z\u016fnou, ve h\u0159e jsou \u010dty\u0159i jm\u00e9na                                    <\/a>\n                                <\/h3>\n                            <\/div>\n\t\t\t\t\t\t\n\t\t\t\t\t\t\n\t\t\t\t\t\t                    <\/div>\n                <\/div>\n            <\/div>\n        <\/div>\n    <\/div>\n<\/div>\n<div class=\"penci-bgitem\">\n    <div class=\"penci-bgitin\">\n        <div class=\"penci-bgmain\">\n            <div class=\"pcbg-thumb\">\n\t\t\t\t\t\t\t\t                <div class=\"pcbg-thumbin\">\n                    <a class=\"pcbg-bgoverlay\"\n                       href=\"https:\/\/gnews.cz\/zh\/neprehlednete\/evropska-komise-obvinila-metu-z-poruseni-pravidel-deti-se-dostavaji-na-facebook-a-instagram-navzdory-zakazu\/\" title=\"Evropsk\u00e1 komise obvinila Metu z poru\u0161en\u00ed pravidel: D\u011bti se dost\u00e1vaj\u00ed na Facebook a Instagram navzdory z\u00e1kazu\"><\/a>\n\n                        <div  data-bgset=\"https:\/\/gnews.cz\/wp-content\/uploads\/2026\/04\/9e51aa6c-fdff-4bf1-adfa-a151db76e526-585x390.webp\" data_bg_hidpi=\"https:\/\/gnews.cz\/wp-content\/uploads\/2026\/04\/9e51aa6c-fdff-4bf1-adfa-a151db76e526-585x390.webp\" class=\"penci-lazy penci-image-holder\">\n                                                    <\/div>\n\n                <\/div>\n            <\/div>\n            <div class=\"pcbg-content\">\n                <div class=\"pcbg-content-flex\">\n                    <a class=\"pcbg-bgoverlay active-overlay\"\n                       href=\"https:\/\/gnews.cz\/zh\/neprehlednete\/evropska-komise-obvinila-metu-z-poruseni-pravidel-deti-se-dostavaji-na-facebook-a-instagram-navzdory-zakazu\/\" title=\"Evropsk\u00e1 komise obvinila Metu z poru\u0161en\u00ed pravidel: D\u011bti se dost\u00e1vaj\u00ed na Facebook a Instagram navzdory z\u00e1kazu\"><\/a>\n                    <div class=\"pcbg-content-inner bgcontent-block\">\n                        <a href=\"https:\/\/gnews.cz\/zh\/neprehlednete\/evropska-komise-obvinila-metu-z-poruseni-pravidel-deti-se-dostavaji-na-facebook-a-instagram-navzdory-zakazu\/\" title=\"Evropsk\u00e1 komise obvinila Metu z poru\u0161en\u00ed pravidel: D\u011bti se dost\u00e1vaj\u00ed na Facebook a Instagram navzdory z\u00e1kazu\"\n                           class=\"pcbg-bgoverlaytext item-hover\"><\/a>\n\n\t\t\t\t\t\t\n\t\t\t\t\t\t                            <div class=\"pcbg-heading item-hover\">\n                                <h3 class=\"pcbg-title\">\n                                    <a href=\"https:\/\/gnews.cz\/zh\/neprehlednete\/evropska-komise-obvinila-metu-z-poruseni-pravidel-deti-se-dostavaji-na-facebook-a-instagram-navzdory-zakazu\/\">\n\t\t\t\t\t\t\t\t\t\tEvropsk\u00e1 komise obvinila Metu z poru\u0161en\u00ed pravidel: D\u011bti se dost\u00e1vaj\u00ed na Facebook a Instagram navzdory z\u00e1kazu                                    <\/a>\n                                <\/h3>\n                            <\/div>\n\t\t\t\t\t\t\n\t\t\t\t\t\t\n\t\t\t\t\t\t                    <\/div>\n                <\/div>\n            <\/div>\n        <\/div>\n    <\/div>\n<\/div>\n<div class=\"penci-bgitem\">\n    <div class=\"penci-bgitin\">\n        <div class=\"penci-bgmain\">\n            <div class=\"pcbg-thumb\">\n\t\t\t\t\t\t\t\t                <div class=\"pcbg-thumbin\">\n                    <a class=\"pcbg-bgoverlay\"\n                       href=\"https:\/\/gnews.cz\/zh\/rozhovory\/odhaleni-techniky-cia-alenka-v-risi-divu-jak-socialni-site-ovladaji-vas-mozek-pomoci-zakazanych-technik-cia-pro-ovladani-mysli\/\" title=\"Odhalen\u00ed techniky CIA \u201eAlenka v \u0159\u00ed\u0161i div\u016f\u201c: Jak soci\u00e1ln\u00ed s\u00edt\u011b ovl\u00e1daj\u00ed v\u00e1\u0161 mozek pomoc\u00ed zak\u00e1zan\u00fdch technik CIA pro ovl\u00e1d\u00e1n\u00ed mysli\"><\/a>\n\n                        <div  data-bgset=\"https:\/\/gnews.cz\/wp-content\/uploads\/2026\/04\/cvideo2-585x328.webp\" data_bg_hidpi=\"https:\/\/gnews.cz\/wp-content\/uploads\/2026\/04\/cvideo2-585x328.webp\" class=\"penci-lazy penci-image-holder\">\n                                                    <\/div>\n\n                <\/div>\n            <\/div>\n            <div class=\"pcbg-content\">\n                <div class=\"pcbg-content-flex\">\n                    <a class=\"pcbg-bgoverlay active-overlay\"\n                       href=\"https:\/\/gnews.cz\/zh\/rozhovory\/odhaleni-techniky-cia-alenka-v-risi-divu-jak-socialni-site-ovladaji-vas-mozek-pomoci-zakazanych-technik-cia-pro-ovladani-mysli\/\" title=\"Odhalen\u00ed techniky CIA \u201eAlenka v \u0159\u00ed\u0161i div\u016f\u201c: Jak soci\u00e1ln\u00ed s\u00edt\u011b ovl\u00e1daj\u00ed v\u00e1\u0161 mozek pomoc\u00ed zak\u00e1zan\u00fdch technik CIA pro ovl\u00e1d\u00e1n\u00ed mysli\"><\/a>\n                    <div class=\"pcbg-content-inner bgcontent-block\">\n                        <a href=\"https:\/\/gnews.cz\/zh\/rozhovory\/odhaleni-techniky-cia-alenka-v-risi-divu-jak-socialni-site-ovladaji-vas-mozek-pomoci-zakazanych-technik-cia-pro-ovladani-mysli\/\" title=\"Odhalen\u00ed techniky CIA \u201eAlenka v \u0159\u00ed\u0161i div\u016f\u201c: Jak soci\u00e1ln\u00ed s\u00edt\u011b ovl\u00e1daj\u00ed v\u00e1\u0161 mozek pomoc\u00ed zak\u00e1zan\u00fdch technik CIA pro ovl\u00e1d\u00e1n\u00ed mysli\"\n                           class=\"pcbg-bgoverlaytext item-hover\"><\/a>\n\n\t\t\t\t\t\t\n\t\t\t\t\t\t                            <div class=\"pcbg-heading item-hover\">\n                                <h3 class=\"pcbg-title\">\n                                    <a href=\"https:\/\/gnews.cz\/zh\/rozhovory\/odhaleni-techniky-cia-alenka-v-risi-divu-jak-socialni-site-ovladaji-vas-mozek-pomoci-zakazanych-technik-cia-pro-ovladani-mysli\/\">\n\t\t\t\t\t\t\t\t\t\tOdhalen\u00ed techniky CIA \u201eAlenka v \u0159\u00ed\u0161i div\u016f\u201c: Jak soci\u00e1ln\u00ed s\u00edt\u011b ovl\u00e1daj\u00ed v\u00e1\u0161 mozek pomoc\u00ed zak\u00e1zan\u00fdch technik CIA pro ovl\u00e1d\u00e1n\u00ed mysli                                    <\/a>\n                                <\/h3>\n                            <\/div>\n\t\t\t\t\t\t\n\t\t\t\t\t\t\n\t\t\t\t\t\t                    <\/div>\n                <\/div>\n            <\/div>\n        <\/div>\n    <\/div>\n<\/div>\n<\/div>                <\/div>\n\t\t\t\t            <\/div>\n        <\/div>\n\t\t\t\t\t\t<\/div>\n\t\t\t\t<\/div>\n\t\t\t\t<\/div>\n\t\t\t\t<section class=\"penci-section penci-disSticky penci-structure-10 elementor-section elementor-top-section elementor-element elementor-element-9363912 elementor-section-boxed elementor-section-height-default elementor-section-height-default\" data-id=\"9363912\" data-element_type=\"section\" data-e-type=\"section\">\n\t\t\t\t\t\t<div class=\"elementor-container elementor-column-gap-no\">\n\t\t\t\t\t<div class=\"penci-ercol-100 penci-ercol-order-1 penci-sticky-ct  penci-dmcheck penci-elbg-activate  elementor-column elementor-col-100 elementor-top-column elementor-element elementor-element-b8228c1\" data-id=\"b8228c1\" data-element_type=\"column\" data-e-type=\"column\" data-settings=\"{&quot;background_background&quot;:&quot;classic&quot;}\">\n\t\t\t<div class=\"elementor-widget-wrap elementor-element-populated\">\n\t\t\t\t<div class=\"elementor-element elementor-element-24f6d4c e-con-full e-grid e-con e-parent\" data-id=\"24f6d4c\" data-element_type=\"container\" data-e-type=\"container\">\n\t\t<div class=\"elementor-element elementor-element-0dcc2c8 e-con-full e-flex e-con e-child\" data-id=\"0dcc2c8\" data-element_type=\"container\" data-e-type=\"container\">\n\t\t\t\t<div class=\"elementor-element elementor-element-39700e2 elementor-widget elementor-widget-penci-block-heading\" data-id=\"39700e2\" data-element_type=\"widget\" data-e-type=\"widget\" data-widget_type=\"penci-block-heading.default\">\n\t\t\t\t<div class=\"elementor-widget-container\">\n\t\t\t\t\t\t\t<div class=\"penciel-bheading penci-border-arrow penci-homepage-title penci-home-latest-posts style-6 pcalign-left pciconp-right pcicon-right block-title-icon-left\">\n\t\t\t<h3 class=\"inner-arrow\">\n\t\t\t\t<span>\n\t\t\t\t<a href=\"https:\/\/www.gnews.cz\/category\/ekonomika\">Ekonomika<\/a>\t\t\t\t<\/span>\n\t\t\t<\/h3>\n\t\t\t\t\t<\/div>\n\t\t\t\t\t\t<\/div>\n\t\t\t\t<\/div>\n\t\t\t\t<div class=\"elementor-element elementor-element-ab65f33 elementor-widget elementor-widget-penci-big-grid\" data-id=\"ab65f33\" data-element_type=\"widget\" data-e-type=\"widget\" data-widget_type=\"penci-big-grid.default\">\n\t\t\t\t<div class=\"elementor-widget-container\">\n\t\t\t\t\t        <div class=\"penci-clearfix penci-biggrid-wrapper penci-grid-col-1 penci-grid-mcol-1 penci-bgrid-based-post penci-bgrid-style-1 pcbg-ficonpo-top-right pcbg-reiconpo-top-left penci-bgrid-content-below pencibg-imageh-zoom-in pencibg-texth-none pencibg-textani-movetop textop\">\n\t\t\t            <div class=\"penci-clearfix penci-biggrid penci-bgstyle-1 penci-bgel\">\n                <div class=\"penci-biggrid-inner default\">\n\t\t\t\t\t<div class=\"penci-clearfix penci-biggrid-data penci-dflex\"><div class=\"penci-bgitem\">\n    <div class=\"penci-bgitin\">\n        <div class=\"penci-bgmain\">\n            <div class=\"pcbg-thumb\">\n\t\t\t\t\t\t\t\t                <div class=\"pcbg-thumbin\">\n                    <a class=\"pcbg-bgoverlay\"\n                       href=\"https:\/\/gnews.cz\/zh\/neprehlednete\/premier-babis-jednal-v-kazachstanu-o-dodavkach-ropy-a-prohloubeni-ekonomickych-vztahu\/\" title=\"Premi\u00e9r Babi\u0161 jednal v Kazachst\u00e1nu o dod\u00e1vk\u00e1ch ropy a prohlouben\u00ed ekonomick\u00fdch vztah\u016f\"><\/a>\n\n                        <div  data-bgset=\"https:\/\/gnews.cz\/wp-content\/uploads\/2026\/04\/foto176605_mid.webp\" data_bg_hidpi=\"https:\/\/gnews.cz\/wp-content\/uploads\/2026\/04\/foto176605_mid.webp\" class=\"penci-lazy penci-image-holder\">\n                                                    <\/div>\n\n                <\/div>\n            <\/div>\n            <div class=\"pcbg-content\">\n                <div class=\"pcbg-content-flex\">\n                    <a class=\"pcbg-bgoverlay\"\n                       href=\"https:\/\/gnews.cz\/zh\/neprehlednete\/premier-babis-jednal-v-kazachstanu-o-dodavkach-ropy-a-prohloubeni-ekonomickych-vztahu\/\" title=\"Premi\u00e9r Babi\u0161 jednal v Kazachst\u00e1nu o dod\u00e1vk\u00e1ch ropy a prohlouben\u00ed ekonomick\u00fdch vztah\u016f\"><\/a>\n                    <div class=\"pcbg-content-inner bgcontent-block\">\n                        <a href=\"https:\/\/gnews.cz\/zh\/neprehlednete\/premier-babis-jednal-v-kazachstanu-o-dodavkach-ropy-a-prohloubeni-ekonomickych-vztahu\/\" title=\"Premi\u00e9r Babi\u0161 jednal v Kazachst\u00e1nu o dod\u00e1vk\u00e1ch ropy a prohlouben\u00ed ekonomick\u00fdch vztah\u016f\"\n                           class=\"pcbg-bgoverlaytext item-hover\"><\/a>\n\n\t\t\t\t\t\t                            <div class=\"pcbg-above item-hover\">\n\t\t\t\t\t\t\t<span class=\"cat pcbg-sub-title\">\n\t\t\t\t\t\t\t\t<a style=\"\" class=\"penci-cat-name penci-cat-2968\" href=\"https:\/\/gnews.cz\/zh\/category\/domaci\/\"  rel=\"category tag\"><span style=\"\">Dom\u00e1c\u00ed<\/span><\/a><a style=\"\" class=\"penci-cat-name penci-cat-4\" href=\"https:\/\/gnews.cz\/zh\/category\/ekonomika\/\"  rel=\"category tag\"><span style=\"\">Ekonomika<\/span><\/a><a style=\"\" class=\"penci-cat-name penci-cat-3\" href=\"https:\/\/gnews.cz\/zh\/category\/neprehlednete\/\"  rel=\"category tag\"><span style=\"\">Nep\u0159ehl\u00e9dn\u011bte<\/span><\/a><a style=\"\" class=\"penci-cat-name penci-cat-2973\" href=\"https:\/\/gnews.cz\/zh\/category\/zahranicni\/\"  rel=\"category tag\"><span style=\"\">Zahrani\u010dn\u00ed<\/span><\/a>\t\t\t\t\t\t\t<\/span>\n                            <\/div>\n\t\t\t\t\t\t\n\t\t\t\t\t\t                            <div class=\"pcbg-heading item-hover\">\n                                <h3 class=\"pcbg-title\">\n                                    <a href=\"https:\/\/gnews.cz\/zh\/neprehlednete\/premier-babis-jednal-v-kazachstanu-o-dodavkach-ropy-a-prohloubeni-ekonomickych-vztahu\/\">\n\t\t\t\t\t\t\t\t\t\tPremi\u00e9r Babi\u0161 jednal v Kazachst\u00e1nu o dod\u00e1vk\u00e1ch ropy a prohlouben\u00ed ekonomick\u00fdch vztah\u016f                                    <\/a>\n                                <\/h3>\n                            <\/div>\n\t\t\t\t\t\t\n\t\t\t\t\t\t                            <div class=\"grid-post-box-meta pcbg-meta item-hover\">\n                                <div class=\"pcbg-meta-desc\">\n\t\t\t\t\t\t\t\t\t\t\t\t\t\t\t\t\t\t                                        <span class=\"bg-date\"><time class=\"entry-date published\" datetime=\"2026-04-30T12:00:00+02:00\">2026-04-30<\/time><\/span>\n\t\t\t\t\t\t\t\t\t\t\t\t\t\t\t\t\t\t\t\t\t\t\t\t\t\t\t\t\t\t\t\t\t\t\t\t\t\t\t\t\t\t\t\t\t\t\t\t\t\t\t\t\t\t                                <\/div>\n\t\t\t\t\t\t\t\t                            <\/div>\n\t\t\t\t\t\t\n\t\t\t\t\t\t                    <\/div>\n                <\/div>\n            <\/div>\n        <\/div>\n    <\/div>\n<\/div>\n<\/div>                <\/div>\n\t\t\t\t            <\/div>\n        <\/div>\n\t\t\t\t\t\t<\/div>\n\t\t\t\t<\/div>\n\t\t\t\t<div class=\"elementor-element elementor-element-c022eca elementor-widget elementor-widget-penci-small-list\" data-id=\"c022eca\" data-element_type=\"widget\" data-e-type=\"widget\" data-widget_type=\"penci-small-list.default\">\n\t\t\t\t<div class=\"elementor-widget-container\">\n\t\t\t\t\t<script>if( typeof(penciBlock) === \"undefined\" ) {function penciBlock() { this.atts_json = ''; this.content = ''; }}var penciBlocksArray = penciBlocksArray || [];var PENCILOCALCACHE = PENCILOCALCACHE || {};var pcblock_4958 = new penciBlock();pcblock_4958.blockID=\"pcblock_4958\";pcblock_4958.atts_json = '{\"type\":\"grid\",\"dformat\":\"\",\"date_pos\":\"left\",\"column\":\"1\",\"tab_column\":\"1\",\"mb_column\":\"1\",\"imgpos\":\"left\",\"thumb_size\":\"\",\"mthumb_size\":\"\",\"post_meta\":[\"title\",\"date\"],\"primary_cat\":\"\",\"title_length\":\"\",\"excerpt_pos\":\"below\",\"rmstyle\":\"filled\",\"excerpt_length\":15,\"nocrop\":\"\",\"hide_cat_mobile\":\"\",\"hide_meta_mobile\":\"\",\"hide_excerpt_mobile\":\"\",\"hide_rm_mobile\":\"\",\"imgtop_mobile\":\"\",\"ver_border\":\"\",\"hide_thumb\":\"yes\",\"show_reviewpie\":\"\",\"show_formaticon\":\"\",\"disable_lazy\":\"\",\"show_excerpt\":\"\",\"show_readmore\":\"\",\"query\":{\"orderby\":\"date\",\"order\":\"desc\",\"ignore_sticky_posts\":1,\"post_status\":\"publish\",\"post__not_in\":[],\"post_type\":\"post\",\"posts_per_page\":9,\"tax_query\":[{\"taxonomy\":\"category\",\"field\":\"term_id\",\"terms\":[\"4\"]}],\"offset\":1},\"category_ids\":\"\",\"taxonomy\":\"\"}';penciBlocksArray.push(pcblock_4958);<\/script>        <div class=\"penci-wrapper-smalllist\">\n\t\t\t\t\t\t            <div class=\"penci-smalllist-wrapper\">\n\t\t\t\t                    <div class=\"penci-smalllist pcsl-wrapper pwsl-id-default\">\n                        <div class=\"pcsl-inner penci-clearfix pcsl-grid pcsl-imgpos-left pcsl-col-1 pcsl-tabcol-1 pcsl-mobcol-1\">\n\t\t\t\t\t\t\t\t\t\t\t\t\t\t\t\t\t\t\t\t\t\t\t\t                                    <div class=\"pcsl-item pcsl-nothumb\">\n                                        <div class=\"pcsl-itemin\">\n                                            <div class=\"pcsl-iteminer\">\n\t\t\t\t\t\t\t\t\t\t\t\t\n\t\t\t\t\t\t\t\t\t\t\t\t                                                <div class=\"pcsl-content\">\n\t\t\t\t\t\t\t\t\t\t\t\t\t\n\t\t\t\t\t\t\t\t\t\t\t\t\t                                                        <div class=\"pcsl-title\">\n                                                            <a href=\"https:\/\/gnews.cz\/zh\/tema\/denni-shrnuti-ekonomiky-v-cr-volkswagen-a-skoda-auto-gz-media-net4gas-triangle-pernod-ricard-a-brown-forman-chiesi-group-a-kalvista-30-dubna-2026\/\">Denn\u00ed shrnut\u00ed ekonomiky v \u010cR: Volkswagen a \u0160koda Auto, GZ Media, Net4Gas, Triangle, Pernod Ricard a Brown-Forman, Chiesi Group a KalVista (30. dubna 2026)<\/a>\n                                                        <\/div>\n\t\t\t\t\t\t\t\t\t\t\t\t\t\n\t\t\t\t\t\t\t\t\t\t\t\t\t                                                        <div class=\"grid-post-box-meta pcsl-meta\">\n\t\t\t\t\t\t\t\t\t\t\t\t\t\t\t\t\t\t\t\t\t\t\t\t\t\t\t\t\t\t                                                                <span class=\"sl-date\"><time class=\"entry-date published\" datetime=\"2026-04-30T09:00:00+02:00\">2026-04-30<\/time><\/span>\n\t\t\t\t\t\t\t\t\t\t\t\t\t\t\t\t\t\t\t\t\t\t\t\t\t\t\t\t\t\t\t\t\t\t\t\t\t\t\t\t\t\t\t\t\t\t\t\t\t\t\t\t\t\t\t\t\t\t\t\t\t\t\t\t\t\t\t\t\t\t\t\t\t\t\t\t\t\t\t\t\t\t\t\t\t\t\t\t\t\t                                                        <\/div>\n\t\t\t\t\t\t\t\t\t\t\t\t\t\n\t\t\t\t\t\t\t\t\t\t\t\t\t\t\t\t\t\t\t\t\t\t\t\t\t\t\n                                                <\/div>\n\n\t\t\t\t\t\t\t\t\t\t\t\t                                            <\/div>\n                                        <\/div>\n                                    <\/div>\n                                \t\t\t\t\t\t\t\t\t\t\t\t\t\t\t\t\t                                    <div class=\"pcsl-item pcsl-nothumb\">\n                                        <div class=\"pcsl-itemin\">\n                                            <div class=\"pcsl-iteminer\">\n\t\t\t\t\t\t\t\t\t\t\t\t\n\t\t\t\t\t\t\t\t\t\t\t\t                                                <div class=\"pcsl-content\">\n\t\t\t\t\t\t\t\t\t\t\t\t\t\n\t\t\t\t\t\t\t\t\t\t\t\t\t                                                        <div class=\"pcsl-title\">\n                                                            <a href=\"https:\/\/gnews.cz\/zh\/tema\/od-tankeru-k-nadrzim-napeti-v-hormuzskem-prulivu-uz-dva-mesice-otrasa-globalnimi-energetickymi-trhy\/\">Od tanker\u016f k n\u00e1dr\u017e\u00edm &#8211; nap\u011bt\u00ed v Hormuzsk\u00e9m pr\u016flivu u\u017e dva m\u011bs\u00edce ot\u0159\u00e1s\u00e1 glob\u00e1ln\u00edmi energetick\u00fdmi trhy<\/a>\n                                                        <\/div>\n\t\t\t\t\t\t\t\t\t\t\t\t\t\n\t\t\t\t\t\t\t\t\t\t\t\t\t                                                        <div class=\"grid-post-box-meta pcsl-meta\">\n\t\t\t\t\t\t\t\t\t\t\t\t\t\t\t\t\t\t\t\t\t\t\t\t\t\t\t\t\t\t                                                                <span class=\"sl-date\"><time class=\"entry-date published\" datetime=\"2026-04-29T17:30:00+02:00\">2026-04-29<\/time><\/span>\n\t\t\t\t\t\t\t\t\t\t\t\t\t\t\t\t\t\t\t\t\t\t\t\t\t\t\t\t\t\t\t\t\t\t\t\t\t\t\t\t\t\t\t\t\t\t\t\t\t\t\t\t\t\t\t\t\t\t\t\t\t\t\t\t\t\t\t\t\t\t\t\t\t\t\t\t\t\t\t\t\t\t\t\t\t\t\t\t\t\t                                                        <\/div>\n\t\t\t\t\t\t\t\t\t\t\t\t\t\n\t\t\t\t\t\t\t\t\t\t\t\t\t\t\t\t\t\t\t\t\t\t\t\t\t\t\n                                                <\/div>\n\n\t\t\t\t\t\t\t\t\t\t\t\t                                            <\/div>\n                                        <\/div>\n                                    <\/div>\n                                \t\t\t\t\t\t\t\t\t\t\t\t\t\t\t\t\t                                    <div class=\"pcsl-item pcsl-nothumb\">\n                                        <div class=\"pcsl-itemin\">\n                                            <div class=\"pcsl-iteminer\">\n\t\t\t\t\t\t\t\t\t\t\t\t\n\t\t\t\t\t\t\t\t\t\t\t\t                                                <div class=\"pcsl-content\">\n\t\t\t\t\t\t\t\t\t\t\t\t\t\n\t\t\t\t\t\t\t\t\t\t\t\t\t                                                        <div class=\"pcsl-title\">\n                                                            <a href=\"https:\/\/gnews.cz\/zh\/neprehlednete\/tydenni-shrnuti-cinske-ekonomiky-a-technologii-deepseek-v4-bezi-na-huawei-baterie-catl-s-nabijenim-za-6-minut-cinsky-farmaceuticky-sektor-predstihuje-usa\/\">T\u00fddenn\u00ed shrnut\u00ed \u010d\u00ednsk\u00e9 ekonomiky a technologi\u00ed: DeepSeek V4 b\u011b\u017e\u00ed na Huawei, Baterie CATL s nab\u00edjen\u00edm za 6 minut, \u010c\u00ednsk\u00fd farmaceutick\u00fd sektor p\u0159edstihuje USA<\/a>\n                                                        <\/div>\n\t\t\t\t\t\t\t\t\t\t\t\t\t\n\t\t\t\t\t\t\t\t\t\t\t\t\t                                                        <div class=\"grid-post-box-meta pcsl-meta\">\n\t\t\t\t\t\t\t\t\t\t\t\t\t\t\t\t\t\t\t\t\t\t\t\t\t\t\t\t\t\t                                                                <span class=\"sl-date\"><time class=\"entry-date published\" datetime=\"2026-04-29T12:00:00+02:00\">2026-04-29<\/time><\/span>\n\t\t\t\t\t\t\t\t\t\t\t\t\t\t\t\t\t\t\t\t\t\t\t\t\t\t\t\t\t\t\t\t\t\t\t\t\t\t\t\t\t\t\t\t\t\t\t\t\t\t\t\t\t\t\t\t\t\t\t\t\t\t\t\t\t\t\t\t\t\t\t\t\t\t\t\t\t\t\t\t\t\t\t\t\t\t\t\t\t\t                                                        <\/div>\n\t\t\t\t\t\t\t\t\t\t\t\t\t\n\t\t\t\t\t\t\t\t\t\t\t\t\t\t\t\t\t\t\t\t\t\t\t\t\t\t\n                                                <\/div>\n\n\t\t\t\t\t\t\t\t\t\t\t\t                                            <\/div>\n                                        <\/div>\n                                    <\/div>\n                                \t\t\t\t\t\t\t\t\t\t\t\t\t\t\t\t\t                                    <div class=\"pcsl-item pcsl-nothumb\">\n                                        <div class=\"pcsl-itemin\">\n                                            <div class=\"pcsl-iteminer\">\n\t\t\t\t\t\t\t\t\t\t\t\t\n\t\t\t\t\t\t\t\t\t\t\t\t                                                <div class=\"pcsl-content\">\n\t\t\t\t\t\t\t\t\t\t\t\t\t\n\t\t\t\t\t\t\t\t\t\t\t\t\t                                                        <div class=\"pcsl-title\">\n                                                            <a href=\"https:\/\/gnews.cz\/zh\/neprehlednete\/denni-shrnuti-ekonomiky-v-cr-burza-investice-select-medical-kone-a-tk-elevator-meta-a-manus-svetova-banka-goldman-sachs-a-normalizace-exportu-29-dubna-2026\/\">Denn\u00ed shrnut\u00ed ekonomiky v \u010cR: Burza, investice, Select Medical, Kone a TK Elevator, Meta a Manus, Sv\u011btov\u00e1 banka, Goldman Sachs a normalizace exportu (29. dubna 2026)<\/a>\n                                                        <\/div>\n\t\t\t\t\t\t\t\t\t\t\t\t\t\n\t\t\t\t\t\t\t\t\t\t\t\t\t                                                        <div class=\"grid-post-box-meta pcsl-meta\">\n\t\t\t\t\t\t\t\t\t\t\t\t\t\t\t\t\t\t\t\t\t\t\t\t\t\t\t\t\t\t                                                                <span class=\"sl-date\"><time class=\"entry-date published\" datetime=\"2026-04-29T09:00:00+02:00\">2026-04-29<\/time><\/span>\n\t\t\t\t\t\t\t\t\t\t\t\t\t\t\t\t\t\t\t\t\t\t\t\t\t\t\t\t\t\t\t\t\t\t\t\t\t\t\t\t\t\t\t\t\t\t\t\t\t\t\t\t\t\t\t\t\t\t\t\t\t\t\t\t\t\t\t\t\t\t\t\t\t\t\t\t\t\t\t\t\t\t\t\t\t\t\t\t\t\t                                                        <\/div>\n\t\t\t\t\t\t\t\t\t\t\t\t\t\n\t\t\t\t\t\t\t\t\t\t\t\t\t\t\t\t\t\t\t\t\t\t\t\t\t\t\n                                                <\/div>\n\n\t\t\t\t\t\t\t\t\t\t\t\t                                            <\/div>\n                                        <\/div>\n                                    <\/div>\n                                \t\t\t\t\t\t\t\t\t\t\t\t\t\t\t\t\t                                    <div class=\"pcsl-item pcsl-nothumb\">\n                                        <div class=\"pcsl-itemin\">\n                                            <div class=\"pcsl-iteminer\">\n\t\t\t\t\t\t\t\t\t\t\t\t\n\t\t\t\t\t\t\t\t\t\t\t\t                                                <div class=\"pcsl-content\">\n\t\t\t\t\t\t\t\t\t\t\t\t\t\n\t\t\t\t\t\t\t\t\t\t\t\t\t                                                        <div class=\"pcsl-title\">\n                                                            <a href=\"https:\/\/gnews.cz\/zh\/ekonomika\/cina-chce-zastavit-akvizici-ai-firmy-manus-ze-strany-mety-odvolava-se-na-bezpecnostni-pravidla\/\">\u010c\u00edna chce zastavit akvizici AI firmy Manus ze strany Mety, odvol\u00e1v\u00e1 se na bezpe\u010dnostn\u00ed pravidla<\/a>\n                                                        <\/div>\n\t\t\t\t\t\t\t\t\t\t\t\t\t\n\t\t\t\t\t\t\t\t\t\t\t\t\t                                                        <div class=\"grid-post-box-meta pcsl-meta\">\n\t\t\t\t\t\t\t\t\t\t\t\t\t\t\t\t\t\t\t\t\t\t\t\t\t\t\t\t\t\t                                                                <span class=\"sl-date\"><time class=\"entry-date published\" datetime=\"2026-04-29T04:00:00+02:00\">2026-04-29<\/time><\/span>\n\t\t\t\t\t\t\t\t\t\t\t\t\t\t\t\t\t\t\t\t\t\t\t\t\t\t\t\t\t\t\t\t\t\t\t\t\t\t\t\t\t\t\t\t\t\t\t\t\t\t\t\t\t\t\t\t\t\t\t\t\t\t\t\t\t\t\t\t\t\t\t\t\t\t\t\t\t\t\t\t\t\t\t\t\t\t\t\t\t\t                                                        <\/div>\n\t\t\t\t\t\t\t\t\t\t\t\t\t\n\t\t\t\t\t\t\t\t\t\t\t\t\t\t\t\t\t\t\t\t\t\t\t\t\t\t\n                                                <\/div>\n\n\t\t\t\t\t\t\t\t\t\t\t\t                                            <\/div>\n                                        <\/div>\n                                    <\/div>\n                                \t\t\t\t\t\t\t\t\t\t\t\t\t\t\t\t\t                                    <div class=\"pcsl-item pcsl-nothumb\">\n                                        <div class=\"pcsl-itemin\">\n                                            <div class=\"pcsl-iteminer\">\n\t\t\t\t\t\t\t\t\t\t\t\t\n\t\t\t\t\t\t\t\t\t\t\t\t                                                <div class=\"pcsl-content\">\n\t\t\t\t\t\t\t\t\t\t\t\t\t\n\t\t\t\t\t\t\t\t\t\t\t\t\t                                                        <div class=\"pcsl-title\">\n                                                            <a href=\"https:\/\/gnews.cz\/zh\/neprehlednete\/sae-opousteji-opec-i-opec-v-ropne-politice-tak-od-kvetna-2026-nastane-zasadni-obrat\/\">SAE opou\u0161t\u011bj\u00ed OPEC i OPEC+. V ropn\u00e9 politice tak od kv\u011btna 2026 nastane z\u00e1sadn\u00ed obrat<\/a>\n                                                        <\/div>\n\t\t\t\t\t\t\t\t\t\t\t\t\t\n\t\t\t\t\t\t\t\t\t\t\t\t\t                                                        <div class=\"grid-post-box-meta pcsl-meta\">\n\t\t\t\t\t\t\t\t\t\t\t\t\t\t\t\t\t\t\t\t\t\t\t\t\t\t\t\t\t\t                                                                <span class=\"sl-date\"><time class=\"entry-date published\" datetime=\"2026-04-28T17:00:00+02:00\">2026-04-28<\/time><\/span>\n\t\t\t\t\t\t\t\t\t\t\t\t\t\t\t\t\t\t\t\t\t\t\t\t\t\t\t\t\t\t\t\t\t\t\t\t\t\t\t\t\t\t\t\t\t\t\t\t\t\t\t\t\t\t\t\t\t\t\t\t\t\t\t\t\t\t\t\t\t\t\t\t\t\t\t\t\t\t\t\t\t\t\t\t\t\t\t\t\t\t                                                        <\/div>\n\t\t\t\t\t\t\t\t\t\t\t\t\t\n\t\t\t\t\t\t\t\t\t\t\t\t\t\t\t\t\t\t\t\t\t\t\t\t\t\t\n                                                <\/div>\n\n\t\t\t\t\t\t\t\t\t\t\t\t                                            <\/div>\n                                        <\/div>\n                                    <\/div>\n                                \t\t\t\t\t\t\t\t\t\t\t\t\t\t\t\t\t                                    <div class=\"pcsl-item pcsl-nothumb\">\n                                        <div class=\"pcsl-itemin\">\n                                            <div class=\"pcsl-iteminer\">\n\t\t\t\t\t\t\t\t\t\t\t\t\n\t\t\t\t\t\t\t\t\t\t\t\t                                                <div class=\"pcsl-content\">\n\t\t\t\t\t\t\t\t\t\t\t\t\t\n\t\t\t\t\t\t\t\t\t\t\t\t\t                                                        <div class=\"pcsl-title\">\n                                                            <a href=\"https:\/\/gnews.cz\/zh\/rozhovory\/umela-inteligence-si-koupi-robota-a-rozpouta-chaos-varovani-ze-studie-agents-of-chaos-se-naplnuji-v-sokujicizive-ukazce\/\">Um\u011bl\u00e1 inteligence si koup\u00ed robota a rozpout\u00e1 chaos: Varov\u00e1n\u00ed ze studie \u201eAgents of Chaos\u201c se napl\u0148uj\u00ed v \u0161okuj\u00edc\u00ed \u017eiv\u00e9 uk\u00e1zce<\/a>\n                                                        <\/div>\n\t\t\t\t\t\t\t\t\t\t\t\t\t\n\t\t\t\t\t\t\t\t\t\t\t\t\t                                                        <div class=\"grid-post-box-meta pcsl-meta\">\n\t\t\t\t\t\t\t\t\t\t\t\t\t\t\t\t\t\t\t\t\t\t\t\t\t\t\t\t\t\t                                                                <span class=\"sl-date\"><time class=\"entry-date published\" datetime=\"2026-04-28T14:00:00+02:00\">2026-04-28<\/time><\/span>\n\t\t\t\t\t\t\t\t\t\t\t\t\t\t\t\t\t\t\t\t\t\t\t\t\t\t\t\t\t\t\t\t\t\t\t\t\t\t\t\t\t\t\t\t\t\t\t\t\t\t\t\t\t\t\t\t\t\t\t\t\t\t\t\t\t\t\t\t\t\t\t\t\t\t\t\t\t\t\t\t\t\t\t\t\t\t\t\t\t\t                                                        <\/div>\n\t\t\t\t\t\t\t\t\t\t\t\t\t\n\t\t\t\t\t\t\t\t\t\t\t\t\t\t\t\t\t\t\t\t\t\t\t\t\t\t\n                                                <\/div>\n\n\t\t\t\t\t\t\t\t\t\t\t\t                                            <\/div>\n                                        <\/div>\n                                    <\/div>\n                                \t\t\t\t\t\t\t\t\t\t\t\t\t\t\t\t\t                                    <div class=\"pcsl-item pcsl-nothumb\">\n                                        <div class=\"pcsl-itemin\">\n                                            <div class=\"pcsl-iteminer\">\n\t\t\t\t\t\t\t\t\t\t\t\t\n\t\t\t\t\t\t\t\t\t\t\t\t                                                <div class=\"pcsl-content\">\n\t\t\t\t\t\t\t\t\t\t\t\t\t\n\t\t\t\t\t\t\t\t\t\t\t\t\t                                                        <div class=\"pcsl-title\">\n                                                            <a href=\"https:\/\/gnews.cz\/zh\/neprehlednete\/denni-shrnuti-ekonomiky-v-cr-px-microsoft-a-openai-azure-anthropic-forvia-apollo-global-management-a-hormuzsky-pruliv-28-dubna-2026\/\">Denn\u00ed shrnut\u00ed ekonomiky v \u010cR: PX, Microsoft a OpenAI, Azure, Anthropic, Forvia, Apollo Global Management a Hormuzsk\u00fd pr\u016fliv (28. dubna 2026)<\/a>\n                                                        <\/div>\n\t\t\t\t\t\t\t\t\t\t\t\t\t\n\t\t\t\t\t\t\t\t\t\t\t\t\t                                                        <div class=\"grid-post-box-meta pcsl-meta\">\n\t\t\t\t\t\t\t\t\t\t\t\t\t\t\t\t\t\t\t\t\t\t\t\t\t\t\t\t\t\t                                                                <span class=\"sl-date\"><time class=\"entry-date published\" datetime=\"2026-04-28T09:00:00+02:00\">2026-04-28<\/time><\/span>\n\t\t\t\t\t\t\t\t\t\t\t\t\t\t\t\t\t\t\t\t\t\t\t\t\t\t\t\t\t\t\t\t\t\t\t\t\t\t\t\t\t\t\t\t\t\t\t\t\t\t\t\t\t\t\t\t\t\t\t\t\t\t\t\t\t\t\t\t\t\t\t\t\t\t\t\t\t\t\t\t\t\t\t\t\t\t\t\t\t\t                                                        <\/div>\n\t\t\t\t\t\t\t\t\t\t\t\t\t\n\t\t\t\t\t\t\t\t\t\t\t\t\t\t\t\t\t\t\t\t\t\t\t\t\t\t\n                                                <\/div>\n\n\t\t\t\t\t\t\t\t\t\t\t\t                                            <\/div>\n                                        <\/div>\n                                    <\/div>\n                                \t\t\t\t\t\t\t\t\t\t\t\t\t\t\t\t\t                                    <div class=\"pcsl-item pcsl-nothumb\">\n                                        <div class=\"pcsl-itemin\">\n                                            <div class=\"pcsl-iteminer\">\n\t\t\t\t\t\t\t\t\t\t\t\t\n\t\t\t\t\t\t\t\t\t\t\t\t                                                <div class=\"pcsl-content\">\n\t\t\t\t\t\t\t\t\t\t\t\t\t\n\t\t\t\t\t\t\t\t\t\t\t\t\t                                                        <div class=\"pcsl-title\">\n                                                            <a href=\"https:\/\/gnews.cz\/zh\/neprehlednete\/vlada-cr-prodlouzila-danovou-ulevu-na-naftu-a-upravila-pravidla-pro-vypocet-maximalnich-cen-pohonnych-hmot\/\">Vl\u00e1da \u010cR prodlou\u017eila da\u0148ovou \u00falevu na naftu a upravila pravidla pro v\u00fdpo\u010det maxim\u00e1ln\u00edch cen pohonn\u00fdch hmot<\/a>\n                                                        <\/div>\n\t\t\t\t\t\t\t\t\t\t\t\t\t\n\t\t\t\t\t\t\t\t\t\t\t\t\t                                                        <div class=\"grid-post-box-meta pcsl-meta\">\n\t\t\t\t\t\t\t\t\t\t\t\t\t\t\t\t\t\t\t\t\t\t\t\t\t\t\t\t\t\t                                                                <span class=\"sl-date\"><time class=\"entry-date published\" datetime=\"2026-04-27T21:00:00+02:00\">2026-04-27<\/time><\/span>\n\t\t\t\t\t\t\t\t\t\t\t\t\t\t\t\t\t\t\t\t\t\t\t\t\t\t\t\t\t\t\t\t\t\t\t\t\t\t\t\t\t\t\t\t\t\t\t\t\t\t\t\t\t\t\t\t\t\t\t\t\t\t\t\t\t\t\t\t\t\t\t\t\t\t\t\t\t\t\t\t\t\t\t\t\t\t\t\t\t\t                                                        <\/div>\n\t\t\t\t\t\t\t\t\t\t\t\t\t\n\t\t\t\t\t\t\t\t\t\t\t\t\t\t\t\t\t\t\t\t\t\t\t\t\t\t\n                                                <\/div>\n\n\t\t\t\t\t\t\t\t\t\t\t\t                                            <\/div>\n                                        <\/div>\n                                    <\/div>\n                                \t\t\t\t\t\t\t\t\t\t\t\t\t\t\t\t                        <\/div>\n\n\t\t\t\t\t\t\n                    <\/div>\n\t\t\t\t\t            <\/div>\n        <\/div>\n\t\t\t\t\t\t<\/div>\n\t\t\t\t<\/div>\n\t\t\t\t<\/div>\n\t\t<div class=\"elementor-element elementor-element-044ca6d e-con-full e-flex e-con e-child\" data-id=\"044ca6d\" data-element_type=\"container\" data-e-type=\"container\">\n\t\t\t\t<div class=\"elementor-element elementor-element-26eafbc elementor-widget elementor-widget-penci-block-heading\" data-id=\"26eafbc\" data-element_type=\"widget\" data-e-type=\"widget\" data-widget_type=\"penci-block-heading.default\">\n\t\t\t\t<div class=\"elementor-widget-container\">\n\t\t\t\t\t\t\t<div class=\"penciel-bheading penci-border-arrow penci-homepage-title penci-home-latest-posts style-6 pcalign-left pciconp-right pcicon-right block-title-icon-left\">\n\t\t\t<h3 class=\"inner-arrow\">\n\t\t\t\t<span>\n\t\t\t\t<a href=\"https:\/\/www.gnews.cz\/category\/politika\">Politika<\/a>\t\t\t\t<\/span>\n\t\t\t<\/h3>\n\t\t\t\t\t<\/div>\n\t\t\t\t\t\t<\/div>\n\t\t\t\t<\/div>\n\t\t\t\t<div class=\"elementor-element elementor-element-21e39c0 elementor-widget elementor-widget-penci-big-grid\" data-id=\"21e39c0\" data-element_type=\"widget\" data-e-type=\"widget\" data-widget_type=\"penci-big-grid.default\">\n\t\t\t\t<div class=\"elementor-widget-container\">\n\t\t\t\t\t        <div class=\"penci-clearfix penci-biggrid-wrapper penci-grid-col-1 penci-grid-mcol-1 penci-bgrid-based-post penci-bgrid-style-1 pcbg-ficonpo-top-right pcbg-reiconpo-top-left penci-bgrid-content-below pencibg-imageh-zoom-in pencibg-texth-none pencibg-textani-movetop textop\">\n\t\t\t            <div class=\"penci-clearfix penci-biggrid penci-bgstyle-1 penci-bgel\">\n                <div class=\"penci-biggrid-inner default\">\n\t\t\t\t\t<div class=\"penci-clearfix penci-biggrid-data penci-dflex\"><div class=\"penci-bgitem\">\n    <div class=\"penci-bgitin\">\n        <div class=\"penci-bgmain\">\n            <div class=\"pcbg-thumb\">\n\t\t\t\t\t\t\t\t                <div class=\"pcbg-thumbin\">\n                    <a class=\"pcbg-bgoverlay\"\n                       href=\"https:\/\/gnews.cz\/zh\/rozhovory\/cesky-prezident-petr-pavel-oznacen-za-kolaboranta-vasnivy-projev-odhaluje-snahy-o-vytvoreni-superstatu-eu-zaujatost-medii-a-paraziticke-byrokraty-petr-holec-zive\/\" title=\"\u010cesk\u00fd prezident Petr Pavel ozna\u010den za \u201ekolaboranta\u201c: V\u00e1\u0161niv\u00fd projev odhaluje snahy o vytvo\u0159en\u00ed superst\u00e1tu EU, zaujatost m\u00e9di\u00ed a \u201eparazitick\u00e9\u201c byrokraty (Petr Holec \u017eiv\u011b #271)\"><\/a>\n\n                        <div  data-bgset=\"https:\/\/gnews.cz\/wp-content\/uploads\/2026\/04\/holecpetr-585x328.webp\" data_bg_hidpi=\"https:\/\/gnews.cz\/wp-content\/uploads\/2026\/04\/holecpetr-585x328.webp\" class=\"penci-lazy penci-image-holder\">\n                                                    <\/div>\n\n                <\/div>\n            <\/div>\n            <div class=\"pcbg-content\">\n                <div class=\"pcbg-content-flex\">\n                    <a class=\"pcbg-bgoverlay\"\n                       href=\"https:\/\/gnews.cz\/zh\/rozhovory\/cesky-prezident-petr-pavel-oznacen-za-kolaboranta-vasnivy-projev-odhaluje-snahy-o-vytvoreni-superstatu-eu-zaujatost-medii-a-paraziticke-byrokraty-petr-holec-zive\/\" title=\"\u010cesk\u00fd prezident Petr Pavel ozna\u010den za \u201ekolaboranta\u201c: V\u00e1\u0161niv\u00fd projev odhaluje snahy o vytvo\u0159en\u00ed superst\u00e1tu EU, zaujatost m\u00e9di\u00ed a \u201eparazitick\u00e9\u201c byrokraty (Petr Holec \u017eiv\u011b #271)\"><\/a>\n                    <div class=\"pcbg-content-inner bgcontent-block\">\n                        <a href=\"https:\/\/gnews.cz\/zh\/rozhovory\/cesky-prezident-petr-pavel-oznacen-za-kolaboranta-vasnivy-projev-odhaluje-snahy-o-vytvoreni-superstatu-eu-zaujatost-medii-a-paraziticke-byrokraty-petr-holec-zive\/\" title=\"\u010cesk\u00fd prezident Petr Pavel ozna\u010den za \u201ekolaboranta\u201c: V\u00e1\u0161niv\u00fd projev odhaluje snahy o vytvo\u0159en\u00ed superst\u00e1tu EU, zaujatost m\u00e9di\u00ed a \u201eparazitick\u00e9\u201c byrokraty (Petr Holec \u017eiv\u011b #271)\"\n                           class=\"pcbg-bgoverlaytext item-hover\"><\/a>\n\n\t\t\t\t\t\t                            <div class=\"pcbg-above item-hover\">\n\t\t\t\t\t\t\t<span class=\"cat pcbg-sub-title\">\n\t\t\t\t\t\t\t\t<a style=\"\" class=\"penci-cat-name penci-cat-2968\" href=\"https:\/\/gnews.cz\/zh\/category\/domaci\/\"  rel=\"category tag\"><span style=\"\">Dom\u00e1c\u00ed<\/span><\/a><a style=\"\" class=\"penci-cat-name penci-cat-3\" href=\"https:\/\/gnews.cz\/zh\/category\/neprehlednete\/\"  rel=\"category tag\"><span style=\"\">Nep\u0159ehl\u00e9dn\u011bte<\/span><\/a><a style=\"\" class=\"penci-cat-name penci-cat-7\" href=\"https:\/\/gnews.cz\/zh\/category\/politika\/\"  rel=\"category tag\"><span style=\"\">Politika<\/span><\/a><a style=\"\" class=\"penci-cat-name penci-cat-658\" href=\"https:\/\/gnews.cz\/zh\/category\/prectete-si\/\"  rel=\"category tag\"><span style=\"\">P\u0159e\u010dt\u011bte si tak\u00e9<\/span><\/a><a style=\"\" class=\"penci-cat-name penci-cat-2\" href=\"https:\/\/gnews.cz\/zh\/category\/rozhovory\/\"  rel=\"category tag\"><span style=\"\">Rozhovory<\/span><\/a>\t\t\t\t\t\t\t<\/span>\n                            <\/div>\n\t\t\t\t\t\t\n\t\t\t\t\t\t                            <div class=\"pcbg-heading item-hover\">\n                                <h3 class=\"pcbg-title\">\n                                    <a href=\"https:\/\/gnews.cz\/zh\/rozhovory\/cesky-prezident-petr-pavel-oznacen-za-kolaboranta-vasnivy-projev-odhaluje-snahy-o-vytvoreni-superstatu-eu-zaujatost-medii-a-paraziticke-byrokraty-petr-holec-zive\/\">\n\t\t\t\t\t\t\t\t\t\t\u010cesk\u00fd prezident Petr Pavel ozna\u010den za \u201ekolaboranta\u201c: V\u00e1\u0161niv\u00fd projev odhaluje snahy o vytvo\u0159en\u00ed superst\u00e1tu EU, zaujatost m\u00e9di\u00ed a \u201eparazitick\u00e9\u201c byrokraty (Petr Holec \u017eiv\u011b #271)                                    <\/a>\n                                <\/h3>\n                            <\/div>\n\t\t\t\t\t\t\n\t\t\t\t\t\t                            <div class=\"grid-post-box-meta pcbg-meta item-hover\">\n                                <div class=\"pcbg-meta-desc\">\n\t\t\t\t\t\t\t\t\t\t\t\t\t\t\t\t\t\t                                        <span class=\"bg-date\"><time class=\"entry-date published\" datetime=\"2026-04-30T07:39:01+02:00\">2026-04-30<\/time><\/span>\n\t\t\t\t\t\t\t\t\t\t\t\t\t\t\t\t\t\t\t\t\t\t\t\t\t\t\t\t\t\t\t\t\t\t\t\t\t\t\t\t\t\t\t\t\t\t\t\t\t\t\t\t\t\t                                <\/div>\n\t\t\t\t\t\t\t\t                            <\/div>\n\t\t\t\t\t\t\n\t\t\t\t\t\t                    <\/div>\n                <\/div>\n            <\/div>\n        <\/div>\n    <\/div>\n<\/div>\n<\/div>                <\/div>\n\t\t\t\t            <\/div>\n        <\/div>\n\t\t\t\t\t\t<\/div>\n\t\t\t\t<\/div>\n\t\t\t\t<div class=\"elementor-element elementor-element-eee207d elementor-widget elementor-widget-penci-small-list\" data-id=\"eee207d\" data-element_type=\"widget\" data-e-type=\"widget\" data-widget_type=\"penci-small-list.default\">\n\t\t\t\t<div class=\"elementor-widget-container\">\n\t\t\t\t\t<script>if( typeof(penciBlock) === \"undefined\" ) {function penciBlock() { this.atts_json = ''; this.content = ''; }}var penciBlocksArray = penciBlocksArray || [];var PENCILOCALCACHE = PENCILOCALCACHE || {};var pcblock_8095 = new penciBlock();pcblock_8095.blockID=\"pcblock_8095\";pcblock_8095.atts_json = '{\"type\":\"grid\",\"dformat\":\"\",\"date_pos\":\"left\",\"column\":\"1\",\"tab_column\":\"1\",\"mb_column\":\"1\",\"imgpos\":\"left\",\"thumb_size\":\"\",\"mthumb_size\":\"\",\"post_meta\":[\"title\",\"date\"],\"primary_cat\":\"\",\"title_length\":\"\",\"excerpt_pos\":\"below\",\"rmstyle\":\"filled\",\"excerpt_length\":15,\"nocrop\":\"\",\"hide_cat_mobile\":\"\",\"hide_meta_mobile\":\"\",\"hide_excerpt_mobile\":\"\",\"hide_rm_mobile\":\"\",\"imgtop_mobile\":\"\",\"ver_border\":\"\",\"hide_thumb\":\"yes\",\"show_reviewpie\":\"\",\"show_formaticon\":\"\",\"disable_lazy\":\"\",\"show_excerpt\":\"\",\"show_readmore\":\"\",\"query\":{\"orderby\":\"date\",\"order\":\"desc\",\"ignore_sticky_posts\":1,\"post_status\":\"publish\",\"post__not_in\":[],\"post_type\":\"post\",\"posts_per_page\":9,\"tax_query\":[{\"taxonomy\":\"category\",\"field\":\"term_id\",\"terms\":[\"7\"]}],\"offset\":1},\"category_ids\":\"\",\"taxonomy\":\"\"}';penciBlocksArray.push(pcblock_8095);<\/script>        <div class=\"penci-wrapper-smalllist\">\n\t\t\t\t\t\t            <div class=\"penci-smalllist-wrapper\">\n\t\t\t\t                    <div class=\"penci-smalllist pcsl-wrapper pwsl-id-default\">\n                        <div class=\"pcsl-inner penci-clearfix pcsl-grid pcsl-imgpos-left pcsl-col-1 pcsl-tabcol-1 pcsl-mobcol-1\">\n\t\t\t\t\t\t\t\t\t\t\t\t\t\t\t\t\t\t\t\t\t\t\t\t                                    <div class=\"pcsl-item pcsl-nothumb\">\n                                        <div class=\"pcsl-itemin\">\n                                            <div class=\"pcsl-iteminer\">\n\t\t\t\t\t\t\t\t\t\t\t\t\n\t\t\t\t\t\t\t\t\t\t\t\t                                                <div class=\"pcsl-content\">\n\t\t\t\t\t\t\t\t\t\t\t\t\t\n\t\t\t\t\t\t\t\t\t\t\t\t\t                                                        <div class=\"pcsl-title\">\n                                                            <a href=\"https:\/\/gnews.cz\/zh\/politika\/ministr-obrany-ciny-vyzyva-k-posileni-spoluprace-pro-udrzeni-miru-v-ramci-sos\/\">Ministr obrany \u010c\u00edny vyz\u00fdv\u00e1 k pos\u00edlen\u00ed spolupr\u00e1ce pro udr\u017een\u00ed m\u00edru v r\u00e1mci \u0160OS<\/a>\n                                                        <\/div>\n\t\t\t\t\t\t\t\t\t\t\t\t\t\n\t\t\t\t\t\t\t\t\t\t\t\t\t                                                        <div class=\"grid-post-box-meta pcsl-meta\">\n\t\t\t\t\t\t\t\t\t\t\t\t\t\t\t\t\t\t\t\t\t\t\t\t\t\t\t\t\t\t                                                                <span class=\"sl-date\"><time class=\"entry-date published\" datetime=\"2026-04-30T04:00:00+02:00\">2026-04-30<\/time><\/span>\n\t\t\t\t\t\t\t\t\t\t\t\t\t\t\t\t\t\t\t\t\t\t\t\t\t\t\t\t\t\t\t\t\t\t\t\t\t\t\t\t\t\t\t\t\t\t\t\t\t\t\t\t\t\t\t\t\t\t\t\t\t\t\t\t\t\t\t\t\t\t\t\t\t\t\t\t\t\t\t\t\t\t\t\t\t\t\t\t\t\t                                                        <\/div>\n\t\t\t\t\t\t\t\t\t\t\t\t\t\n\t\t\t\t\t\t\t\t\t\t\t\t\t\t\t\t\t\t\t\t\t\t\t\t\t\t\n                                                <\/div>\n\n\t\t\t\t\t\t\t\t\t\t\t\t                                            <\/div>\n                                        <\/div>\n                                    <\/div>\n                                \t\t\t\t\t\t\t\t\t\t\t\t\t\t\t\t\t                                    <div class=\"pcsl-item pcsl-nothumb\">\n                                        <div class=\"pcsl-itemin\">\n                                            <div class=\"pcsl-iteminer\">\n\t\t\t\t\t\t\t\t\t\t\t\t\n\t\t\t\t\t\t\t\t\t\t\t\t                                                <div class=\"pcsl-content\">\n\t\t\t\t\t\t\t\t\t\t\t\t\t\n\t\t\t\t\t\t\t\t\t\t\t\t\t                                                        <div class=\"pcsl-title\">\n                                                            <a href=\"https:\/\/gnews.cz\/zh\/neprehlednete\/kdo-nahradi-generala-rehku-pavel-jednal-se-zunou-ve-hre-jsou-ctyri-jmena\/\">Kdo nahrad\u00ed gener\u00e1la \u0158ehku? Pavel jednal se Z\u016fnou, ve h\u0159e jsou \u010dty\u0159i jm\u00e9na<\/a>\n                                                        <\/div>\n\t\t\t\t\t\t\t\t\t\t\t\t\t\n\t\t\t\t\t\t\t\t\t\t\t\t\t                                                        <div class=\"grid-post-box-meta pcsl-meta\">\n\t\t\t\t\t\t\t\t\t\t\t\t\t\t\t\t\t\t\t\t\t\t\t\t\t\t\t\t\t\t                                                                <span class=\"sl-date\"><time class=\"entry-date published\" datetime=\"2026-04-29T21:00:00+02:00\">2026-04-29<\/time><\/span>\n\t\t\t\t\t\t\t\t\t\t\t\t\t\t\t\t\t\t\t\t\t\t\t\t\t\t\t\t\t\t\t\t\t\t\t\t\t\t\t\t\t\t\t\t\t\t\t\t\t\t\t\t\t\t\t\t\t\t\t\t\t\t\t\t\t\t\t\t\t\t\t\t\t\t\t\t\t\t\t\t\t\t\t\t\t\t\t\t\t\t                                                        <\/div>\n\t\t\t\t\t\t\t\t\t\t\t\t\t\n\t\t\t\t\t\t\t\t\t\t\t\t\t\t\t\t\t\t\t\t\t\t\t\t\t\t\n                                                <\/div>\n\n\t\t\t\t\t\t\t\t\t\t\t\t                                            <\/div>\n                                        <\/div>\n                                    <\/div>\n                                \t\t\t\t\t\t\t\t\t\t\t\t\t\t\t\t\t                                    <div class=\"pcsl-item pcsl-nothumb\">\n                                        <div class=\"pcsl-itemin\">\n                                            <div class=\"pcsl-iteminer\">\n\t\t\t\t\t\t\t\t\t\t\t\t\n\t\t\t\t\t\t\t\t\t\t\t\t                                                <div class=\"pcsl-content\">\n\t\t\t\t\t\t\t\t\t\t\t\t\t\n\t\t\t\t\t\t\t\t\t\t\t\t\t                                                        <div class=\"pcsl-title\">\n                                                            <a href=\"https:\/\/gnews.cz\/zh\/rozhovory\/cesti-vlastenci-se-sjednotili-zeman-rajchl-a-dalsi-v-bourlive-debate-nadace-zelezne-opony-ostre-kritizovali-planovany-brnensky-sjezd-sudetonemeckeho-landsmansaftu-jako-hrozbu-pro-suverenitu-ceske-re\/\">\u010ce\u0161t\u00ed vlastenci se sjednotili: Zeman, Rajchl a dal\u0161\u00ed v bou\u0159liv\u00e9 debat\u011b Nadace \u017delezn\u00e9 opony ost\u0159e kritizovali pl\u00e1novan\u00fd brn\u011bnsk\u00fd sjezd Sudeton\u011bmeck\u00e9ho landsman\u0161aftu jako hrozbu pro suverenitu \u010cesk\u00e9 republiky<\/a>\n                                                        <\/div>\n\t\t\t\t\t\t\t\t\t\t\t\t\t\n\t\t\t\t\t\t\t\t\t\t\t\t\t                                                        <div class=\"grid-post-box-meta pcsl-meta\">\n\t\t\t\t\t\t\t\t\t\t\t\t\t\t\t\t\t\t\t\t\t\t\t\t\t\t\t\t\t\t                                                                <span class=\"sl-date\"><time class=\"entry-date published\" datetime=\"2026-04-29T16:40:00+02:00\">2026-04-29<\/time><\/span>\n\t\t\t\t\t\t\t\t\t\t\t\t\t\t\t\t\t\t\t\t\t\t\t\t\t\t\t\t\t\t\t\t\t\t\t\t\t\t\t\t\t\t\t\t\t\t\t\t\t\t\t\t\t\t\t\t\t\t\t\t\t\t\t\t\t\t\t\t\t\t\t\t\t\t\t\t\t\t\t\t\t\t\t\t\t\t\t\t\t\t                                                        <\/div>\n\t\t\t\t\t\t\t\t\t\t\t\t\t\n\t\t\t\t\t\t\t\t\t\t\t\t\t\t\t\t\t\t\t\t\t\t\t\t\t\t\n                                                <\/div>\n\n\t\t\t\t\t\t\t\t\t\t\t\t                                            <\/div>\n                                        <\/div>\n                                    <\/div>\n                                \t\t\t\t\t\t\t\t\t\t\t\t\t\t\t\t\t                                    <div class=\"pcsl-item pcsl-nothumb\">\n                                        <div class=\"pcsl-itemin\">\n                                            <div class=\"pcsl-iteminer\">\n\t\t\t\t\t\t\t\t\t\t\t\t\n\t\t\t\t\t\t\t\t\t\t\t\t                                                <div class=\"pcsl-content\">\n\t\t\t\t\t\t\t\t\t\t\t\t\t\n\t\t\t\t\t\t\t\t\t\t\t\t\t                                                        <div class=\"pcsl-title\">\n                                                            <a href=\"https:\/\/gnews.cz\/zh\/neprehlednete\/evropska-komise-obvinila-metu-z-poruseni-pravidel-deti-se-dostavaji-na-facebook-a-instagram-navzdory-zakazu\/\">Evropsk\u00e1 komise obvinila Metu z poru\u0161en\u00ed pravidel: D\u011bti se dost\u00e1vaj\u00ed na Facebook a Instagram navzdory z\u00e1kazu<\/a>\n                                                        <\/div>\n\t\t\t\t\t\t\t\t\t\t\t\t\t\n\t\t\t\t\t\t\t\t\t\t\t\t\t                                                        <div class=\"grid-post-box-meta pcsl-meta\">\n\t\t\t\t\t\t\t\t\t\t\t\t\t\t\t\t\t\t\t\t\t\t\t\t\t\t\t\t\t\t                                                                <span class=\"sl-date\"><time class=\"entry-date published\" datetime=\"2026-04-29T14:00:00+02:00\">2026-04-29<\/time><\/span>\n\t\t\t\t\t\t\t\t\t\t\t\t\t\t\t\t\t\t\t\t\t\t\t\t\t\t\t\t\t\t\t\t\t\t\t\t\t\t\t\t\t\t\t\t\t\t\t\t\t\t\t\t\t\t\t\t\t\t\t\t\t\t\t\t\t\t\t\t\t\t\t\t\t\t\t\t\t\t\t\t\t\t\t\t\t\t\t\t\t\t                                                        <\/div>\n\t\t\t\t\t\t\t\t\t\t\t\t\t\n\t\t\t\t\t\t\t\t\t\t\t\t\t\t\t\t\t\t\t\t\t\t\t\t\t\t\n                                                <\/div>\n\n\t\t\t\t\t\t\t\t\t\t\t\t                                            <\/div>\n                                        <\/div>\n                                    <\/div>\n                                \t\t\t\t\t\t\t\t\t\t\t\t\t\t\t\t\t                                    <div class=\"pcsl-item pcsl-nothumb\">\n                                        <div class=\"pcsl-itemin\">\n                                            <div class=\"pcsl-iteminer\">\n\t\t\t\t\t\t\t\t\t\t\t\t\n\t\t\t\t\t\t\t\t\t\t\t\t                                                <div class=\"pcsl-content\">\n\t\t\t\t\t\t\t\t\t\t\t\t\t\n\t\t\t\t\t\t\t\t\t\t\t\t\t                                                        <div class=\"pcsl-title\">\n                                                            <a href=\"https:\/\/gnews.cz\/zh\/rozhovory\/odhaleni-techniky-cia-alenka-v-risi-divu-jak-socialni-site-ovladaji-vas-mozek-pomoci-zakazanych-technik-cia-pro-ovladani-mysli\/\">Odhalen\u00ed techniky CIA \u201eAlenka v \u0159\u00ed\u0161i div\u016f\u201c: Jak soci\u00e1ln\u00ed s\u00edt\u011b ovl\u00e1daj\u00ed v\u00e1\u0161 mozek pomoc\u00ed zak\u00e1zan\u00fdch technik CIA pro ovl\u00e1d\u00e1n\u00ed mysli<\/a>\n                                                        <\/div>\n\t\t\t\t\t\t\t\t\t\t\t\t\t\n\t\t\t\t\t\t\t\t\t\t\t\t\t                                                        <div class=\"grid-post-box-meta pcsl-meta\">\n\t\t\t\t\t\t\t\t\t\t\t\t\t\t\t\t\t\t\t\t\t\t\t\t\t\t\t\t\t\t                                                                <span class=\"sl-date\"><time class=\"entry-date published\" datetime=\"2026-04-29T06:00:00+02:00\">2026-04-29<\/time><\/span>\n\t\t\t\t\t\t\t\t\t\t\t\t\t\t\t\t\t\t\t\t\t\t\t\t\t\t\t\t\t\t\t\t\t\t\t\t\t\t\t\t\t\t\t\t\t\t\t\t\t\t\t\t\t\t\t\t\t\t\t\t\t\t\t\t\t\t\t\t\t\t\t\t\t\t\t\t\t\t\t\t\t\t\t\t\t\t\t\t\t\t                                                        <\/div>\n\t\t\t\t\t\t\t\t\t\t\t\t\t\n\t\t\t\t\t\t\t\t\t\t\t\t\t\t\t\t\t\t\t\t\t\t\t\t\t\t\n                                                <\/div>\n\n\t\t\t\t\t\t\t\t\t\t\t\t                                            <\/div>\n                                        <\/div>\n                                    <\/div>\n                                \t\t\t\t\t\t\t\t\t\t\t\t\t\t\t\t\t                                    <div class=\"pcsl-item pcsl-nothumb\">\n                                        <div class=\"pcsl-itemin\">\n                                            <div class=\"pcsl-iteminer\">\n\t\t\t\t\t\t\t\t\t\t\t\t\n\t\t\t\t\t\t\t\t\t\t\t\t                                                <div class=\"pcsl-content\">\n\t\t\t\t\t\t\t\t\t\t\t\t\t\n\t\t\t\t\t\t\t\t\t\t\t\t\t                                                        <div class=\"pcsl-title\">\n                                                            <a href=\"https:\/\/gnews.cz\/zh\/neprehlednete\/kral-a-prezident-charles-miri-do-kongresu-jako-most-nad-rozbourenymi-vodami-atlanticke-aliance\/\">Kr\u00e1l a prezident: Charles m\u00ed\u0159\u00ed do Kongresu jako most nad rozbou\u0159en\u00fdmi vodami atlantick\u00e9 aliance<\/a>\n                                                        <\/div>\n\t\t\t\t\t\t\t\t\t\t\t\t\t\n\t\t\t\t\t\t\t\t\t\t\t\t\t                                                        <div class=\"grid-post-box-meta pcsl-meta\">\n\t\t\t\t\t\t\t\t\t\t\t\t\t\t\t\t\t\t\t\t\t\t\t\t\t\t\t\t\t\t                                                                <span class=\"sl-date\"><time class=\"entry-date published\" datetime=\"2026-04-28T20:30:00+02:00\">2026-04-28<\/time><\/span>\n\t\t\t\t\t\t\t\t\t\t\t\t\t\t\t\t\t\t\t\t\t\t\t\t\t\t\t\t\t\t\t\t\t\t\t\t\t\t\t\t\t\t\t\t\t\t\t\t\t\t\t\t\t\t\t\t\t\t\t\t\t\t\t\t\t\t\t\t\t\t\t\t\t\t\t\t\t\t\t\t\t\t\t\t\t\t\t\t\t\t                                                        <\/div>\n\t\t\t\t\t\t\t\t\t\t\t\t\t\n\t\t\t\t\t\t\t\t\t\t\t\t\t\t\t\t\t\t\t\t\t\t\t\t\t\t\n                                                <\/div>\n\n\t\t\t\t\t\t\t\t\t\t\t\t                                            <\/div>\n                                        <\/div>\n                                    <\/div>\n                                \t\t\t\t\t\t\t\t\t\t\t\t\t\t\t\t\t                                    <div class=\"pcsl-item pcsl-nothumb\">\n                                        <div class=\"pcsl-itemin\">\n                                            <div class=\"pcsl-iteminer\">\n\t\t\t\t\t\t\t\t\t\t\t\t\n\t\t\t\t\t\t\t\t\t\t\t\t                                                <div class=\"pcsl-content\">\n\t\t\t\t\t\t\t\t\t\t\t\t\t\n\t\t\t\t\t\t\t\t\t\t\t\t\t                                                        <div class=\"pcsl-title\">\n                                                            <a href=\"https:\/\/gnews.cz\/zh\/neprehlednete\/svoboda-pro-podnikani-jihoafricka-republika-ve-32-letech-pokrok-paradox-a-cesta-vpred\/\">Svoboda pro podnik\u00e1n\u00ed: Jihoafrick\u00e1 republika ve 32 letech &#8211; pokrok, paradox a cesta vp\u0159ed<\/a>\n                                                        <\/div>\n\t\t\t\t\t\t\t\t\t\t\t\t\t\n\t\t\t\t\t\t\t\t\t\t\t\t\t                                                        <div class=\"grid-post-box-meta pcsl-meta\">\n\t\t\t\t\t\t\t\t\t\t\t\t\t\t\t\t\t\t\t\t\t\t\t\t\t\t\t\t\t\t                                                                <span class=\"sl-date\"><time class=\"entry-date published\" datetime=\"2026-04-28T12:00:00+02:00\">2026-04-28<\/time><\/span>\n\t\t\t\t\t\t\t\t\t\t\t\t\t\t\t\t\t\t\t\t\t\t\t\t\t\t\t\t\t\t\t\t\t\t\t\t\t\t\t\t\t\t\t\t\t\t\t\t\t\t\t\t\t\t\t\t\t\t\t\t\t\t\t\t\t\t\t\t\t\t\t\t\t\t\t\t\t\t\t\t\t\t\t\t\t\t\t\t\t\t                                                        <\/div>\n\t\t\t\t\t\t\t\t\t\t\t\t\t\n\t\t\t\t\t\t\t\t\t\t\t\t\t\t\t\t\t\t\t\t\t\t\t\t\t\t\n                                                <\/div>\n\n\t\t\t\t\t\t\t\t\t\t\t\t                                            <\/div>\n                                        <\/div>\n                                    <\/div>\n                                \t\t\t\t\t\t\t\t\t\t\t\t\t\t\t\t\t                                    <div class=\"pcsl-item pcsl-nothumb\">\n                                        <div class=\"pcsl-itemin\">\n                                            <div class=\"pcsl-iteminer\">\n\t\t\t\t\t\t\t\t\t\t\t\t\n\t\t\t\t\t\t\t\t\t\t\t\t                                                <div class=\"pcsl-content\">\n\t\t\t\t\t\t\t\t\t\t\t\t\t\n\t\t\t\t\t\t\t\t\t\t\t\t\t                                                        <div class=\"pcsl-title\">\n                                                            <a href=\"https:\/\/gnews.cz\/zh\/tema\/shrnuti-uplynuleho-17-tydne-na-general-news-20-dubna-26-dubna-2026\/\">Shrnut\u00ed uplynul\u00e9ho 17. t\u00fddne na General News (20. dubna \u2013 26. dubna 2026)<\/a>\n                                                        <\/div>\n\t\t\t\t\t\t\t\t\t\t\t\t\t\n\t\t\t\t\t\t\t\t\t\t\t\t\t                                                        <div class=\"grid-post-box-meta pcsl-meta\">\n\t\t\t\t\t\t\t\t\t\t\t\t\t\t\t\t\t\t\t\t\t\t\t\t\t\t\t\t\t\t                                                                <span class=\"sl-date\"><time class=\"entry-date published\" datetime=\"2026-04-28T12:00:00+02:00\">2026-04-28<\/time><\/span>\n\t\t\t\t\t\t\t\t\t\t\t\t\t\t\t\t\t\t\t\t\t\t\t\t\t\t\t\t\t\t\t\t\t\t\t\t\t\t\t\t\t\t\t\t\t\t\t\t\t\t\t\t\t\t\t\t\t\t\t\t\t\t\t\t\t\t\t\t\t\t\t\t\t\t\t\t\t\t\t\t\t\t\t\t\t\t\t\t\t\t                                                        <\/div>\n\t\t\t\t\t\t\t\t\t\t\t\t\t\n\t\t\t\t\t\t\t\t\t\t\t\t\t\t\t\t\t\t\t\t\t\t\t\t\t\t\n                                                <\/div>\n\n\t\t\t\t\t\t\t\t\t\t\t\t                                            <\/div>\n                                        <\/div>\n                                    <\/div>\n                                \t\t\t\t\t\t\t\t\t\t\t\t\t\t\t\t\t                                    <div class=\"pcsl-item pcsl-nothumb\">\n                                        <div class=\"pcsl-itemin\">\n                                            <div class=\"pcsl-iteminer\">\n\t\t\t\t\t\t\t\t\t\t\t\t\n\t\t\t\t\t\t\t\t\t\t\t\t                                                <div class=\"pcsl-content\">\n\t\t\t\t\t\t\t\t\t\t\t\t\t\n\t\t\t\t\t\t\t\t\t\t\t\t\t                                                        <div class=\"pcsl-title\">\n                                                            <a href=\"https:\/\/gnews.cz\/zh\/tema\/ozbrojeny-utok-na-instituce-v-mnohych-mestech-v-republice-mali\/\">Ozbrojen\u00fd \u00fatok na instituce v mnoh\u00fdch m\u011bstech v republice Mali<\/a>\n                                                        <\/div>\n\t\t\t\t\t\t\t\t\t\t\t\t\t\n\t\t\t\t\t\t\t\t\t\t\t\t\t                                                        <div class=\"grid-post-box-meta pcsl-meta\">\n\t\t\t\t\t\t\t\t\t\t\t\t\t\t\t\t\t\t\t\t\t\t\t\t\t\t\t\t\t\t                                                                <span class=\"sl-date\"><time class=\"entry-date published\" datetime=\"2026-04-28T07:07:29+02:00\">2026-04-28<\/time><\/span>\n\t\t\t\t\t\t\t\t\t\t\t\t\t\t\t\t\t\t\t\t\t\t\t\t\t\t\t\t\t\t\t\t\t\t\t\t\t\t\t\t\t\t\t\t\t\t\t\t\t\t\t\t\t\t\t\t\t\t\t\t\t\t\t\t\t\t\t\t\t\t\t\t\t\t\t\t\t\t\t\t\t\t\t\t\t\t\t\t\t\t                                                        <\/div>\n\t\t\t\t\t\t\t\t\t\t\t\t\t\n\t\t\t\t\t\t\t\t\t\t\t\t\t\t\t\t\t\t\t\t\t\t\t\t\t\t\n                                                <\/div>\n\n\t\t\t\t\t\t\t\t\t\t\t\t                                            <\/div>\n                                        <\/div>\n                                    <\/div>\n                                \t\t\t\t\t\t\t\t\t\t\t\t\t\t\t\t                        <\/div>\n\n\t\t\t\t\t\t\n                    <\/div>\n\t\t\t\t\t            <\/div>\n        <\/div>\n\t\t\t\t\t\t<\/div>\n\t\t\t\t<\/div>\n\t\t\t\t<\/div>\n\t\t<div class=\"elementor-element elementor-element-ab8094c e-con-full e-flex e-con e-child\" data-id=\"ab8094c\" data-element_type=\"container\" data-e-type=\"container\">\n\t\t\t\t<div class=\"elementor-element elementor-element-7919087 elementor-widget elementor-widget-penci-block-heading\" data-id=\"7919087\" data-element_type=\"widget\" data-e-type=\"widget\" data-widget_type=\"penci-block-heading.default\">\n\t\t\t\t<div class=\"elementor-widget-container\">\n\t\t\t\t\t\t\t<div class=\"penciel-bheading penci-border-arrow penci-homepage-title penci-home-latest-posts style-6 pcalign-left pciconp-right pcicon-right block-title-icon-left\">\n\t\t\t<h3 class=\"inner-arrow\">\n\t\t\t\t<span>\n\t\t\t\t<a href=\"https:\/\/www.gnews.cz\/category\/kultura\">Kultura<\/a>\t\t\t\t<\/span>\n\t\t\t<\/h3>\n\t\t\t\t\t<\/div>\n\t\t\t\t\t\t<\/div>\n\t\t\t\t<\/div>\n\t\t\t\t<div class=\"elementor-element elementor-element-62d17d6 elementor-widget elementor-widget-penci-big-grid\" data-id=\"62d17d6\" data-element_type=\"widget\" data-e-type=\"widget\" data-widget_type=\"penci-big-grid.default\">\n\t\t\t\t<div class=\"elementor-widget-container\">\n\t\t\t\t\t        <div class=\"penci-clearfix penci-biggrid-wrapper penci-grid-col-1 penci-grid-mcol-1 penci-bgrid-based-post penci-bgrid-style-1 pcbg-ficonpo-top-right pcbg-reiconpo-top-left penci-bgrid-content-below pencibg-imageh-zoom-in pencibg-texth-none pencibg-textani-movetop textop\">\n\t\t\t            <div class=\"penci-clearfix penci-biggrid penci-bgstyle-1 penci-bgel\">\n                <div class=\"penci-biggrid-inner default\">\n\t\t\t\t\t<div class=\"penci-clearfix penci-biggrid-data penci-dflex\"><div class=\"penci-bgitem\">\n    <div class=\"penci-bgitin\">\n        <div class=\"penci-bgmain\">\n            <div class=\"pcbg-thumb\">\n\t\t\t\t\t\t\t\t                <div class=\"pcbg-thumbin\">\n                    <a class=\"pcbg-bgoverlay\"\n                       href=\"https:\/\/gnews.cz\/zh\/neprehlednete\/kenan-sawe-prepsal-dejiny-jako-prvni-clovek-zabehl-maraton-pod-dve-hodiny-v-zavode\/\" title=\"Ke\u0148an Sawe p\u0159epsal d\u011bjiny, jako prvn\u00ed \u010dlov\u011bk zab\u011bhl maraton pod dv\u011b hodiny v z\u00e1vod\u011b\"><\/a>\n\n                        <div  data-bgset=\"https:\/\/gnews.cz\/wp-content\/uploads\/2026\/04\/4eb52dec24fa4e44910c35e42b6c59a2-e1777219742858-585x349.webp\" data_bg_hidpi=\"https:\/\/gnews.cz\/wp-content\/uploads\/2026\/04\/4eb52dec24fa4e44910c35e42b6c59a2-e1777219742858-585x349.webp\" class=\"penci-lazy penci-image-holder\">\n                                                    <\/div>\n\n                <\/div>\n            <\/div>\n            <div class=\"pcbg-content\">\n                <div class=\"pcbg-content-flex\">\n                    <a class=\"pcbg-bgoverlay\"\n                       href=\"https:\/\/gnews.cz\/zh\/neprehlednete\/kenan-sawe-prepsal-dejiny-jako-prvni-clovek-zabehl-maraton-pod-dve-hodiny-v-zavode\/\" title=\"Ke\u0148an Sawe p\u0159epsal d\u011bjiny, jako prvn\u00ed \u010dlov\u011bk zab\u011bhl maraton pod dv\u011b hodiny v z\u00e1vod\u011b\"><\/a>\n                    <div class=\"pcbg-content-inner bgcontent-block\">\n                        <a href=\"https:\/\/gnews.cz\/zh\/neprehlednete\/kenan-sawe-prepsal-dejiny-jako-prvni-clovek-zabehl-maraton-pod-dve-hodiny-v-zavode\/\" title=\"Ke\u0148an Sawe p\u0159epsal d\u011bjiny, jako prvn\u00ed \u010dlov\u011bk zab\u011bhl maraton pod dv\u011b hodiny v z\u00e1vod\u011b\"\n                           class=\"pcbg-bgoverlaytext item-hover\"><\/a>\n\n\t\t\t\t\t\t                            <div class=\"pcbg-above item-hover\">\n\t\t\t\t\t\t\t<span class=\"cat pcbg-sub-title\">\n\t\t\t\t\t\t\t\t<a style=\"\" class=\"penci-cat-name penci-cat-6\" href=\"https:\/\/gnews.cz\/zh\/category\/kultura\/\"  rel=\"category tag\"><span style=\"\">Kultura<\/span><\/a><a style=\"\" class=\"penci-cat-name penci-cat-3\" href=\"https:\/\/gnews.cz\/zh\/category\/neprehlednete\/\"  rel=\"category tag\"><span style=\"\">Nep\u0159ehl\u00e9dn\u011bte<\/span><\/a><a style=\"\" class=\"penci-cat-name penci-cat-1248\" href=\"https:\/\/gnews.cz\/zh\/category\/kultura\/sport\/\"  rel=\"category tag\"><span style=\"\">sport<\/span><\/a><a style=\"\" class=\"penci-cat-name penci-cat-2973\" href=\"https:\/\/gnews.cz\/zh\/category\/zahranicni\/\"  rel=\"category tag\"><span style=\"\">Zahrani\u010dn\u00ed<\/span><\/a>\t\t\t\t\t\t\t<\/span>\n                            <\/div>\n\t\t\t\t\t\t\n\t\t\t\t\t\t                            <div class=\"pcbg-heading item-hover\">\n                                <h3 class=\"pcbg-title\">\n                                    <a href=\"https:\/\/gnews.cz\/zh\/neprehlednete\/kenan-sawe-prepsal-dejiny-jako-prvni-clovek-zabehl-maraton-pod-dve-hodiny-v-zavode\/\">\n\t\t\t\t\t\t\t\t\t\tKe\u0148an Sawe p\u0159epsal d\u011bjiny, jako prvn\u00ed \u010dlov\u011bk zab\u011bhl maraton pod dv\u011b hodiny v z\u00e1vod\u011b                                    <\/a>\n                                <\/h3>\n                            <\/div>\n\t\t\t\t\t\t\n\t\t\t\t\t\t                            <div class=\"grid-post-box-meta pcbg-meta item-hover\">\n                                <div class=\"pcbg-meta-desc\">\n\t\t\t\t\t\t\t\t\t\t\t\t\t\t\t\t\t\t                                        <span class=\"bg-date\"><time class=\"entry-date published\" datetime=\"2026-04-26T21:00:00+02:00\">2026-04-26<\/time><\/span>\n\t\t\t\t\t\t\t\t\t\t\t\t\t\t\t\t\t\t\t\t\t\t\t\t\t\t\t\t\t\t\t\t\t\t\t\t\t\t\t\t\t\t\t\t\t\t\t\t\t\t\t\t\t\t                                <\/div>\n\t\t\t\t\t\t\t\t                            <\/div>\n\t\t\t\t\t\t\n\t\t\t\t\t\t                    <\/div>\n                <\/div>\n            <\/div>\n        <\/div>\n    <\/div>\n<\/div>\n<\/div>                <\/div>\n\t\t\t\t            <\/div>\n        <\/div>\n\t\t\t\t\t\t<\/div>\n\t\t\t\t<\/div>\n\t\t\t\t<div class=\"elementor-element elementor-element-9f5e5f0 elementor-widget elementor-widget-penci-small-list\" data-id=\"9f5e5f0\" data-element_type=\"widget\" data-e-type=\"widget\" data-widget_type=\"penci-small-list.default\">\n\t\t\t\t<div class=\"elementor-widget-container\">\n\t\t\t\t\t<script>if( typeof(penciBlock) === \"undefined\" ) {function penciBlock() { this.atts_json = ''; this.content = ''; }}var penciBlocksArray = penciBlocksArray || [];var PENCILOCALCACHE = PENCILOCALCACHE || {};var pcblock_9536 = new penciBlock();pcblock_9536.blockID=\"pcblock_9536\";pcblock_9536.atts_json = '{\"type\":\"grid\",\"dformat\":\"\",\"date_pos\":\"left\",\"column\":\"1\",\"tab_column\":\"1\",\"mb_column\":\"1\",\"imgpos\":\"left\",\"thumb_size\":\"\",\"mthumb_size\":\"\",\"post_meta\":[\"title\",\"date\"],\"primary_cat\":\"\",\"title_length\":\"\",\"excerpt_pos\":\"below\",\"rmstyle\":\"filled\",\"excerpt_length\":15,\"nocrop\":\"\",\"hide_cat_mobile\":\"\",\"hide_meta_mobile\":\"\",\"hide_excerpt_mobile\":\"\",\"hide_rm_mobile\":\"\",\"imgtop_mobile\":\"\",\"ver_border\":\"\",\"hide_thumb\":\"yes\",\"show_reviewpie\":\"\",\"show_formaticon\":\"\",\"disable_lazy\":\"\",\"show_excerpt\":\"\",\"show_readmore\":\"\",\"query\":{\"orderby\":\"date\",\"order\":\"desc\",\"ignore_sticky_posts\":1,\"post_status\":\"publish\",\"post__not_in\":[],\"post_type\":\"post\",\"posts_per_page\":9,\"tax_query\":[{\"taxonomy\":\"category\",\"field\":\"term_id\",\"terms\":[\"6\"]}],\"offset\":1},\"category_ids\":\"\",\"taxonomy\":\"\"}';penciBlocksArray.push(pcblock_9536);<\/script>        <div class=\"penci-wrapper-smalllist\">\n\t\t\t\t\t\t            <div class=\"penci-smalllist-wrapper\">\n\t\t\t\t                    <div class=\"penci-smalllist pcsl-wrapper pwsl-id-default\">\n                        <div class=\"pcsl-inner penci-clearfix pcsl-grid pcsl-imgpos-left pcsl-col-1 pcsl-tabcol-1 pcsl-mobcol-1\">\n\t\t\t\t\t\t\t\t\t\t\t\t\t\t\t\t\t\t\t\t\t\t\t\t                                    <div class=\"pcsl-item pcsl-nothumb\">\n                                        <div class=\"pcsl-itemin\">\n                                            <div class=\"pcsl-iteminer\">\n\t\t\t\t\t\t\t\t\t\t\t\t\n\t\t\t\t\t\t\t\t\t\t\t\t                                                <div class=\"pcsl-content\">\n\t\t\t\t\t\t\t\t\t\t\t\t\t\n\t\t\t\t\t\t\t\t\t\t\t\t\t                                                        <div class=\"pcsl-title\">\n                                                            <a href=\"https:\/\/gnews.cz\/zh\/kultura\/zdravy-styl\/herbar-hluchavka-bila\/\">Herb\u00e1\u0159: Hluchavka b\u00edl\u00e1 \u2013 \u201ehluch\u00e1\u201c kop\u0159iva, kter\u00e1 nep\u00e1l\u00ed, je zn\u00e1m\u00e1 jako \u017eensk\u00e1 bylinka\u00a0<\/a>\n                                                        <\/div>\n\t\t\t\t\t\t\t\t\t\t\t\t\t\n\t\t\t\t\t\t\t\t\t\t\t\t\t                                                        <div class=\"grid-post-box-meta pcsl-meta\">\n\t\t\t\t\t\t\t\t\t\t\t\t\t\t\t\t\t\t\t\t\t\t\t\t\t\t\t\t\t\t                                                                <span class=\"sl-date\"><time class=\"entry-date published\" datetime=\"2026-04-26T13:00:00+02:00\">2026-04-26<\/time><\/span>\n\t\t\t\t\t\t\t\t\t\t\t\t\t\t\t\t\t\t\t\t\t\t\t\t\t\t\t\t\t\t\t\t\t\t\t\t\t\t\t\t\t\t\t\t\t\t\t\t\t\t\t\t\t\t\t\t\t\t\t\t\t\t\t\t\t\t\t\t\t\t\t\t\t\t\t\t\t\t\t\t\t\t\t\t\t\t\t\t\t\t                                                        <\/div>\n\t\t\t\t\t\t\t\t\t\t\t\t\t\n\t\t\t\t\t\t\t\t\t\t\t\t\t\t\t\t\t\t\t\t\t\t\t\t\t\t\n                                                <\/div>\n\n\t\t\t\t\t\t\t\t\t\t\t\t                                            <\/div>\n                                        <\/div>\n                                    <\/div>\n                                \t\t\t\t\t\t\t\t\t\t\t\t\t\t\t\t\t                                    <div class=\"pcsl-item pcsl-nothumb\">\n                                        <div class=\"pcsl-itemin\">\n                                            <div class=\"pcsl-iteminer\">\n\t\t\t\t\t\t\t\t\t\t\t\t\n\t\t\t\t\t\t\t\t\t\t\t\t                                                <div class=\"pcsl-content\">\n\t\t\t\t\t\t\t\t\t\t\t\t\t\n\t\t\t\t\t\t\t\t\t\t\t\t\t                                                        <div class=\"pcsl-title\">\n                                                            <a href=\"https:\/\/gnews.cz\/zh\/tema\/herbar-mata-peprna\/\">Herb\u00e1\u0159: M\u00e1ta peprn\u00e1 \u2013 pom\u016f\u017ee p\u0159i poruch\u00e1ch tr\u00e1ven\u00ed  i ko\u017en\u00edch probl\u00e9mech<\/a>\n                                                        <\/div>\n\t\t\t\t\t\t\t\t\t\t\t\t\t\n\t\t\t\t\t\t\t\t\t\t\t\t\t                                                        <div class=\"grid-post-box-meta pcsl-meta\">\n\t\t\t\t\t\t\t\t\t\t\t\t\t\t\t\t\t\t\t\t\t\t\t\t\t\t\t\t\t\t                                                                <span class=\"sl-date\"><time class=\"entry-date published\" datetime=\"2026-04-25T13:00:00+02:00\">2026-04-25<\/time><\/span>\n\t\t\t\t\t\t\t\t\t\t\t\t\t\t\t\t\t\t\t\t\t\t\t\t\t\t\t\t\t\t\t\t\t\t\t\t\t\t\t\t\t\t\t\t\t\t\t\t\t\t\t\t\t\t\t\t\t\t\t\t\t\t\t\t\t\t\t\t\t\t\t\t\t\t\t\t\t\t\t\t\t\t\t\t\t\t\t\t\t\t                                                        <\/div>\n\t\t\t\t\t\t\t\t\t\t\t\t\t\n\t\t\t\t\t\t\t\t\t\t\t\t\t\t\t\t\t\t\t\t\t\t\t\t\t\t\n                                                <\/div>\n\n\t\t\t\t\t\t\t\t\t\t\t\t                                            <\/div>\n                                        <\/div>\n                                    <\/div>\n                                \t\t\t\t\t\t\t\t\t\t\t\t\t\t\t\t\t                                    <div class=\"pcsl-item pcsl-nothumb\">\n                                        <div class=\"pcsl-itemin\">\n                                            <div class=\"pcsl-iteminer\">\n\t\t\t\t\t\t\t\t\t\t\t\t\n\t\t\t\t\t\t\t\t\t\t\t\t                                                <div class=\"pcsl-content\">\n\t\t\t\t\t\t\t\t\t\t\t\t\t\n\t\t\t\t\t\t\t\t\t\t\t\t\t                                                        <div class=\"pcsl-title\">\n                                                            <a href=\"https:\/\/gnews.cz\/zh\/tema\/ve-svete-nezname-zajimavosti-o-cinskych-jmenech\/\">Ve sv\u011bt\u011b nezn\u00e1m\u00e9 zaj\u00edmavosti o \u010d\u00ednsk\u00fdch jm\u00e9nech<\/a>\n                                                        <\/div>\n\t\t\t\t\t\t\t\t\t\t\t\t\t\n\t\t\t\t\t\t\t\t\t\t\t\t\t                                                        <div class=\"grid-post-box-meta pcsl-meta\">\n\t\t\t\t\t\t\t\t\t\t\t\t\t\t\t\t\t\t\t\t\t\t\t\t\t\t\t\t\t\t                                                                <span class=\"sl-date\"><time class=\"entry-date published\" datetime=\"2026-04-25T01:00:00+02:00\">2026-04-25<\/time><\/span>\n\t\t\t\t\t\t\t\t\t\t\t\t\t\t\t\t\t\t\t\t\t\t\t\t\t\t\t\t\t\t\t\t\t\t\t\t\t\t\t\t\t\t\t\t\t\t\t\t\t\t\t\t\t\t\t\t\t\t\t\t\t\t\t\t\t\t\t\t\t\t\t\t\t\t\t\t\t\t\t\t\t\t\t\t\t\t\t\t\t\t                                                        <\/div>\n\t\t\t\t\t\t\t\t\t\t\t\t\t\n\t\t\t\t\t\t\t\t\t\t\t\t\t\t\t\t\t\t\t\t\t\t\t\t\t\t\n                                                <\/div>\n\n\t\t\t\t\t\t\t\t\t\t\t\t                                            <\/div>\n                                        <\/div>\n                                    <\/div>\n                                \t\t\t\t\t\t\t\t\t\t\t\t\t\t\t\t\t                                    <div class=\"pcsl-item pcsl-nothumb\">\n                                        <div class=\"pcsl-itemin\">\n                                            <div class=\"pcsl-iteminer\">\n\t\t\t\t\t\t\t\t\t\t\t\t\n\t\t\t\t\t\t\t\t\t\t\t\t                                                <div class=\"pcsl-content\">\n\t\t\t\t\t\t\t\t\t\t\t\t\t\n\t\t\t\t\t\t\t\t\t\t\t\t\t                                                        <div class=\"pcsl-title\">\n                                                            <a href=\"https:\/\/gnews.cz\/zh\/tema\/duch-prahy-v-sanghaji-architektonicka-legenda-ceske-ctvrti-v-qingpu-2\/\">Duch Prahy v \u0160anghaji: Architektonick\u00e1 legenda \u201e\u010cesk\u00e9 \u010dtvrti\u201c v\u00a0Qingpu<\/a>\n                                                        <\/div>\n\t\t\t\t\t\t\t\t\t\t\t\t\t\n\t\t\t\t\t\t\t\t\t\t\t\t\t                                                        <div class=\"grid-post-box-meta pcsl-meta\">\n\t\t\t\t\t\t\t\t\t\t\t\t\t\t\t\t\t\t\t\t\t\t\t\t\t\t\t\t\t\t                                                                <span class=\"sl-date\"><time class=\"entry-date published\" datetime=\"2026-04-24T01:00:00+02:00\">2026-04-24<\/time><\/span>\n\t\t\t\t\t\t\t\t\t\t\t\t\t\t\t\t\t\t\t\t\t\t\t\t\t\t\t\t\t\t\t\t\t\t\t\t\t\t\t\t\t\t\t\t\t\t\t\t\t\t\t\t\t\t\t\t\t\t\t\t\t\t\t\t\t\t\t\t\t\t\t\t\t\t\t\t\t\t\t\t\t\t\t\t\t\t\t\t\t\t                                                        <\/div>\n\t\t\t\t\t\t\t\t\t\t\t\t\t\n\t\t\t\t\t\t\t\t\t\t\t\t\t\t\t\t\t\t\t\t\t\t\t\t\t\t\n                                                <\/div>\n\n\t\t\t\t\t\t\t\t\t\t\t\t                                            <\/div>\n                                        <\/div>\n                                    <\/div>\n                                \t\t\t\t\t\t\t\t\t\t\t\t\t\t\t\t\t                                    <div class=\"pcsl-item pcsl-nothumb\">\n                                        <div class=\"pcsl-itemin\">\n                                            <div class=\"pcsl-iteminer\">\n\t\t\t\t\t\t\t\t\t\t\t\t\n\t\t\t\t\t\t\t\t\t\t\t\t                                                <div class=\"pcsl-content\">\n\t\t\t\t\t\t\t\t\t\t\t\t\t\n\t\t\t\t\t\t\t\t\t\t\t\t\t                                                        <div class=\"pcsl-title\">\n                                                            <a href=\"https:\/\/gnews.cz\/zh\/tema\/exorcista-p-chad-ripperger-odhaluje-demonicke-sily-stojici-za-politikou-zavislosti-na-pornografii-a-posedlosti-sokujici-odhaleni-z-18-let-duchovniho-boje\/\">Exorcista P. Chad Ripperger odhaluje d\u00e9monick\u00e9 s\u00edly stoj\u00edc\u00ed za politikou, z\u00e1vislost\u00ed na pornografii a posedlost\u00ed: \u0160okuj\u00edc\u00ed odhalen\u00ed z 18 let duchovn\u00edho boje<\/a>\n                                                        <\/div>\n\t\t\t\t\t\t\t\t\t\t\t\t\t\n\t\t\t\t\t\t\t\t\t\t\t\t\t                                                        <div class=\"grid-post-box-meta pcsl-meta\">\n\t\t\t\t\t\t\t\t\t\t\t\t\t\t\t\t\t\t\t\t\t\t\t\t\t\t\t\t\t\t                                                                <span class=\"sl-date\"><time class=\"entry-date published\" datetime=\"2026-04-23T15:40:00+02:00\">2026-04-23<\/time><\/span>\n\t\t\t\t\t\t\t\t\t\t\t\t\t\t\t\t\t\t\t\t\t\t\t\t\t\t\t\t\t\t\t\t\t\t\t\t\t\t\t\t\t\t\t\t\t\t\t\t\t\t\t\t\t\t\t\t\t\t\t\t\t\t\t\t\t\t\t\t\t\t\t\t\t\t\t\t\t\t\t\t\t\t\t\t\t\t\t\t\t\t                                                        <\/div>\n\t\t\t\t\t\t\t\t\t\t\t\t\t\n\t\t\t\t\t\t\t\t\t\t\t\t\t\t\t\t\t\t\t\t\t\t\t\t\t\t\n                                                <\/div>\n\n\t\t\t\t\t\t\t\t\t\t\t\t                                            <\/div>\n                                        <\/div>\n                                    <\/div>\n                                \t\t\t\t\t\t\t\t\t\t\t\t\t\t\t\t\t                                    <div class=\"pcsl-item pcsl-nothumb\">\n                                        <div class=\"pcsl-itemin\">\n                                            <div class=\"pcsl-iteminer\">\n\t\t\t\t\t\t\t\t\t\t\t\t\n\t\t\t\t\t\t\t\t\t\t\t\t                                                <div class=\"pcsl-content\">\n\t\t\t\t\t\t\t\t\t\t\t\t\t\n\t\t\t\t\t\t\t\t\t\t\t\t\t                                                        <div class=\"pcsl-title\">\n                                                            <a href=\"https:\/\/gnews.cz\/zh\/tema\/velky-svatek-poezie-v-podani-evy-hrube-jako-basnirky-herecky-reziserky-moderatorky-rozhlasove-publicistiky-a-malirky\/\">Velk\u00fd sv\u00e1tek poezie v pod\u00e1n\u00ed Evy Hrub\u00e9 jako b\u00e1sn\u00ed\u0159ky, here\u010dky, re\u017eis\u00e9rky, moder\u00e1torky rozhlasov\u00e9 publicistiky a mal\u00ed\u0159ky&#8230;<\/a>\n                                                        <\/div>\n\t\t\t\t\t\t\t\t\t\t\t\t\t\n\t\t\t\t\t\t\t\t\t\t\t\t\t                                                        <div class=\"grid-post-box-meta pcsl-meta\">\n\t\t\t\t\t\t\t\t\t\t\t\t\t\t\t\t\t\t\t\t\t\t\t\t\t\t\t\t\t\t                                                                <span class=\"sl-date\"><time class=\"entry-date published\" datetime=\"2026-04-22T21:00:00+02:00\">2026-04-22<\/time><\/span>\n\t\t\t\t\t\t\t\t\t\t\t\t\t\t\t\t\t\t\t\t\t\t\t\t\t\t\t\t\t\t\t\t\t\t\t\t\t\t\t\t\t\t\t\t\t\t\t\t\t\t\t\t\t\t\t\t\t\t\t\t\t\t\t\t\t\t\t\t\t\t\t\t\t\t\t\t\t\t\t\t\t\t\t\t\t\t\t\t\t\t                                                        <\/div>\n\t\t\t\t\t\t\t\t\t\t\t\t\t\n\t\t\t\t\t\t\t\t\t\t\t\t\t\t\t\t\t\t\t\t\t\t\t\t\t\t\n                                                <\/div>\n\n\t\t\t\t\t\t\t\t\t\t\t\t                                            <\/div>\n                                        <\/div>\n                                    <\/div>\n                                \t\t\t\t\t\t\t\t\t\t\t\t\t\t\t\t\t                                    <div class=\"pcsl-item pcsl-nothumb\">\n                                        <div class=\"pcsl-itemin\">\n                                            <div class=\"pcsl-iteminer\">\n\t\t\t\t\t\t\t\t\t\t\t\t\n\t\t\t\t\t\t\t\t\t\t\t\t                                                <div class=\"pcsl-content\">\n\t\t\t\t\t\t\t\t\t\t\t\t\t\n\t\t\t\t\t\t\t\t\t\t\t\t\t                                                        <div class=\"pcsl-title\">\n                                                            <a href=\"https:\/\/gnews.cz\/zh\/tema\/historie-ve-smolenske-oblasti-byla-odhalena-pametni-deska-hrdinovi-sovetskeho-svazu-petru-filimonovovi\/\">Historie: Ve Smolensk\u00e9 oblasti byla odhalena pam\u011btn\u00ed deska hrdinovi Sov\u011btsk\u00e9ho svazu Petru Filimonovovi<\/a>\n                                                        <\/div>\n\t\t\t\t\t\t\t\t\t\t\t\t\t\n\t\t\t\t\t\t\t\t\t\t\t\t\t                                                        <div class=\"grid-post-box-meta pcsl-meta\">\n\t\t\t\t\t\t\t\t\t\t\t\t\t\t\t\t\t\t\t\t\t\t\t\t\t\t\t\t\t\t                                                                <span class=\"sl-date\"><time class=\"entry-date published\" datetime=\"2026-04-21T15:00:00+02:00\">2026-04-21<\/time><\/span>\n\t\t\t\t\t\t\t\t\t\t\t\t\t\t\t\t\t\t\t\t\t\t\t\t\t\t\t\t\t\t\t\t\t\t\t\t\t\t\t\t\t\t\t\t\t\t\t\t\t\t\t\t\t\t\t\t\t\t\t\t\t\t\t\t\t\t\t\t\t\t\t\t\t\t\t\t\t\t\t\t\t\t\t\t\t\t\t\t\t\t                                                        <\/div>\n\t\t\t\t\t\t\t\t\t\t\t\t\t\n\t\t\t\t\t\t\t\t\t\t\t\t\t\t\t\t\t\t\t\t\t\t\t\t\t\t\n                                                <\/div>\n\n\t\t\t\t\t\t\t\t\t\t\t\t                                            <\/div>\n                                        <\/div>\n                                    <\/div>\n                                \t\t\t\t\t\t\t\t\t\t\t\t\t\t\t\t\t                                    <div class=\"pcsl-item pcsl-nothumb\">\n                                        <div class=\"pcsl-itemin\">\n                                            <div class=\"pcsl-iteminer\">\n\t\t\t\t\t\t\t\t\t\t\t\t\n\t\t\t\t\t\t\t\t\t\t\t\t                                                <div class=\"pcsl-content\">\n\t\t\t\t\t\t\t\t\t\t\t\t\t\n\t\t\t\t\t\t\t\t\t\t\t\t\t                                                        <div class=\"pcsl-title\">\n                                                            <a href=\"https:\/\/gnews.cz\/zh\/tema\/svetobeznik-vytvarne-fotografie-jiri-george-ksandr\/\">Sv\u011btob\u011b\u017en\u00edk v\u00fdtvarn\u00e9 fotografie Ji\u0159\u00ed George Ksandr<\/a>\n                                                        <\/div>\n\t\t\t\t\t\t\t\t\t\t\t\t\t\n\t\t\t\t\t\t\t\t\t\t\t\t\t                                                        <div class=\"grid-post-box-meta pcsl-meta\">\n\t\t\t\t\t\t\t\t\t\t\t\t\t\t\t\t\t\t\t\t\t\t\t\t\t\t\t\t\t\t                                                                <span class=\"sl-date\"><time class=\"entry-date published\" datetime=\"2026-04-20T01:00:00+02:00\">2026-04-20<\/time><\/span>\n\t\t\t\t\t\t\t\t\t\t\t\t\t\t\t\t\t\t\t\t\t\t\t\t\t\t\t\t\t\t\t\t\t\t\t\t\t\t\t\t\t\t\t\t\t\t\t\t\t\t\t\t\t\t\t\t\t\t\t\t\t\t\t\t\t\t\t\t\t\t\t\t\t\t\t\t\t\t\t\t\t\t\t\t\t\t\t\t\t\t                                                        <\/div>\n\t\t\t\t\t\t\t\t\t\t\t\t\t\n\t\t\t\t\t\t\t\t\t\t\t\t\t\t\t\t\t\t\t\t\t\t\t\t\t\t\n                                                <\/div>\n\n\t\t\t\t\t\t\t\t\t\t\t\t                                            <\/div>\n                                        <\/div>\n                                    <\/div>\n                                \t\t\t\t\t\t\t\t\t\t\t\t\t\t\t\t\t                                    <div class=\"pcsl-item pcsl-nothumb\">\n                                        <div class=\"pcsl-itemin\">\n                                            <div class=\"pcsl-iteminer\">\n\t\t\t\t\t\t\t\t\t\t\t\t\n\t\t\t\t\t\t\t\t\t\t\t\t                                                <div class=\"pcsl-content\">\n\t\t\t\t\t\t\t\t\t\t\t\t\t\n\t\t\t\t\t\t\t\t\t\t\t\t\t                                                        <div class=\"pcsl-title\">\n                                                            <a href=\"https:\/\/gnews.cz\/zh\/tema\/hvezdy-ticho-jaro-tri-drobne-promeny-cinske-ekologie\/\">Hv\u011bzdy, ticho, jaro: T\u0159i drobn\u00e9 prom\u011bny \u010d\u00ednsk\u00e9 ekologie<\/a>\n                                                        <\/div>\n\t\t\t\t\t\t\t\t\t\t\t\t\t\n\t\t\t\t\t\t\t\t\t\t\t\t\t                                                        <div class=\"grid-post-box-meta pcsl-meta\">\n\t\t\t\t\t\t\t\t\t\t\t\t\t\t\t\t\t\t\t\t\t\t\t\t\t\t\t\t\t\t                                                                <span class=\"sl-date\"><time class=\"entry-date published\" datetime=\"2026-04-19T23:00:00+02:00\">2026-04-19<\/time><\/span>\n\t\t\t\t\t\t\t\t\t\t\t\t\t\t\t\t\t\t\t\t\t\t\t\t\t\t\t\t\t\t\t\t\t\t\t\t\t\t\t\t\t\t\t\t\t\t\t\t\t\t\t\t\t\t\t\t\t\t\t\t\t\t\t\t\t\t\t\t\t\t\t\t\t\t\t\t\t\t\t\t\t\t\t\t\t\t\t\t\t\t                                                        <\/div>\n\t\t\t\t\t\t\t\t\t\t\t\t\t\n\t\t\t\t\t\t\t\t\t\t\t\t\t\t\t\t\t\t\t\t\t\t\t\t\t\t\n                                                <\/div>\n\n\t\t\t\t\t\t\t\t\t\t\t\t                                            <\/div>\n                                        <\/div>\n                                    <\/div>\n                                \t\t\t\t\t\t\t\t\t\t\t\t\t\t\t\t                        <\/div>\n\n\t\t\t\t\t\t\n                    <\/div>\n\t\t\t\t\t            <\/div>\n        <\/div>\n\t\t\t\t\t\t<\/div>\n\t\t\t\t<\/div>\n\t\t\t\t<\/div>\n\t\t\t\t<\/div>\n\t\t<div class=\"elementor-element elementor-element-e9181cd e-con-full e-grid e-con e-parent\" data-id=\"e9181cd\" data-element_type=\"container\" data-e-type=\"container\">\n\t\t<div class=\"elementor-element elementor-element-34b0a94 e-con-full e-flex e-con e-child\" data-id=\"34b0a94\" data-element_type=\"container\" data-e-type=\"container\">\n\t\t\t\t<div class=\"elementor-element elementor-element-a62fd6f elementor-widget elementor-widget-penci-block-heading\" data-id=\"a62fd6f\" data-element_type=\"widget\" data-e-type=\"widget\" data-widget_type=\"penci-block-heading.default\">\n\t\t\t\t<div class=\"elementor-widget-container\">\n\t\t\t\t\t\t\t<div class=\"penciel-bheading penci-border-arrow penci-homepage-title penci-home-latest-posts style-6 pcalign-left pciconp-right pcicon-right block-title-icon-left\">\n\t\t\t<h3 class=\"inner-arrow\">\n\t\t\t\t<span>\n\t\t\t\t<a href=\"https:\/\/gnews.cz\/cs_cz\/tag\/cr\/\">\u010cR<\/a>\t\t\t\t<\/span>\n\t\t\t<\/h3>\n\t\t\t\t\t<\/div>\n\t\t\t\t\t\t<\/div>\n\t\t\t\t<\/div>\n\t\t\t\t<div class=\"elementor-element elementor-element-75b0cdc elementor-widget elementor-widget-penci-big-grid\" data-id=\"75b0cdc\" data-element_type=\"widget\" data-e-type=\"widget\" data-widget_type=\"penci-big-grid.default\">\n\t\t\t\t<div class=\"elementor-widget-container\">\n\t\t\t\t\t        <div class=\"penci-clearfix penci-biggrid-wrapper penci-grid-col-1 penci-grid-mcol-1 penci-bgrid-based-post penci-bgrid-style-1 pcbg-ficonpo-top-right pcbg-reiconpo-top-left penci-bgrid-content-below pencibg-imageh-zoom-in pencibg-texth-none pencibg-textani-movetop textop\">\n\t\t\t            <div class=\"penci-clearfix penci-biggrid penci-bgstyle-1 penci-bgel\">\n                <div class=\"penci-biggrid-inner default\">\n\t\t\t\t\t<div class=\"penci-clearfix penci-biggrid-data penci-dflex\"><div class=\"penci-bgitem\">\n    <div class=\"penci-bgitin\">\n        <div class=\"penci-bgmain\">\n            <div class=\"pcbg-thumb\">\n\t\t\t\t\t\t\t\t                <div class=\"pcbg-thumbin\">\n                    <a class=\"pcbg-bgoverlay\"\n                       href=\"https:\/\/gnews.cz\/zh\/rozhovory\/cesky-prezident-petr-pavel-oznacen-za-kolaboranta-vasnivy-projev-odhaluje-snahy-o-vytvoreni-superstatu-eu-zaujatost-medii-a-paraziticke-byrokraty-petr-holec-zive\/\" title=\"\u010cesk\u00fd prezident Petr Pavel ozna\u010den za \u201ekolaboranta\u201c: V\u00e1\u0161niv\u00fd projev odhaluje snahy o vytvo\u0159en\u00ed superst\u00e1tu EU, zaujatost m\u00e9di\u00ed a \u201eparazitick\u00e9\u201c byrokraty (Petr Holec \u017eiv\u011b #271)\"><\/a>\n\n                        <div  data-bgset=\"https:\/\/gnews.cz\/wp-content\/uploads\/2026\/04\/holecpetr-585x328.webp\" data_bg_hidpi=\"https:\/\/gnews.cz\/wp-content\/uploads\/2026\/04\/holecpetr-585x328.webp\" class=\"penci-lazy penci-image-holder\">\n                                                    <\/div>\n\n                <\/div>\n            <\/div>\n            <div class=\"pcbg-content\">\n                <div class=\"pcbg-content-flex\">\n                    <a class=\"pcbg-bgoverlay\"\n                       href=\"https:\/\/gnews.cz\/zh\/rozhovory\/cesky-prezident-petr-pavel-oznacen-za-kolaboranta-vasnivy-projev-odhaluje-snahy-o-vytvoreni-superstatu-eu-zaujatost-medii-a-paraziticke-byrokraty-petr-holec-zive\/\" title=\"\u010cesk\u00fd prezident Petr Pavel ozna\u010den za \u201ekolaboranta\u201c: V\u00e1\u0161niv\u00fd projev odhaluje snahy o vytvo\u0159en\u00ed superst\u00e1tu EU, zaujatost m\u00e9di\u00ed a \u201eparazitick\u00e9\u201c byrokraty (Petr Holec \u017eiv\u011b #271)\"><\/a>\n                    <div class=\"pcbg-content-inner bgcontent-block\">\n                        <a href=\"https:\/\/gnews.cz\/zh\/rozhovory\/cesky-prezident-petr-pavel-oznacen-za-kolaboranta-vasnivy-projev-odhaluje-snahy-o-vytvoreni-superstatu-eu-zaujatost-medii-a-paraziticke-byrokraty-petr-holec-zive\/\" title=\"\u010cesk\u00fd prezident Petr Pavel ozna\u010den za \u201ekolaboranta\u201c: V\u00e1\u0161niv\u00fd projev odhaluje snahy o vytvo\u0159en\u00ed superst\u00e1tu EU, zaujatost m\u00e9di\u00ed a \u201eparazitick\u00e9\u201c byrokraty (Petr Holec \u017eiv\u011b #271)\"\n                           class=\"pcbg-bgoverlaytext item-hover\"><\/a>\n\n\t\t\t\t\t\t\n\t\t\t\t\t\t                            <div class=\"pcbg-heading item-hover\">\n                                <h3 class=\"pcbg-title\">\n                                    <a href=\"https:\/\/gnews.cz\/zh\/rozhovory\/cesky-prezident-petr-pavel-oznacen-za-kolaboranta-vasnivy-projev-odhaluje-snahy-o-vytvoreni-superstatu-eu-zaujatost-medii-a-paraziticke-byrokraty-petr-holec-zive\/\">\n\t\t\t\t\t\t\t\t\t\t\u010cesk\u00fd prezident Petr Pavel ozna\u010den za \u201ekolaboranta\u201c: V\u00e1\u0161niv\u00fd projev odhaluje snahy o vytvo\u0159en\u00ed superst\u00e1tu EU, zaujatost m\u00e9di\u00ed a \u201eparazitick\u00e9\u201c byrokraty (Petr Holec \u017eiv\u011b #271)                                    <\/a>\n                                <\/h3>\n                            <\/div>\n\t\t\t\t\t\t\n\t\t\t\t\t\t                            <div class=\"grid-post-box-meta pcbg-meta item-hover\">\n                                <div class=\"pcbg-meta-desc\">\n\t\t\t\t\t\t\t\t\t\t\t\t\t\t\t\t\t\t                                        <span class=\"bg-date\"><time class=\"entry-date published\" datetime=\"2026-04-30T07:39:01+02:00\">2026-04-30<\/time><\/span>\n\t\t\t\t\t\t\t\t\t\t\t\t\t\t\t\t\t\t\t\t\t\t\t\t\t\t\t\t\t\t\t\t\t\t\t\t\t\t\t\t\t\t\t\t\t\t\t\t\t\t\t\t\t\t                                <\/div>\n\t\t\t\t\t\t\t\t                            <\/div>\n\t\t\t\t\t\t\n\t\t\t\t\t\t                    <\/div>\n                <\/div>\n            <\/div>\n        <\/div>\n    <\/div>\n<\/div>\n<\/div>                <\/div>\n\t\t\t\t            <\/div>\n        <\/div>\n\t\t\t\t\t\t<\/div>\n\t\t\t\t<\/div>\n\t\t\t\t<div class=\"elementor-element elementor-element-5a50e71 elementor-widget elementor-widget-penci-small-list\" data-id=\"5a50e71\" data-element_type=\"widget\" data-e-type=\"widget\" data-widget_type=\"penci-small-list.default\">\n\t\t\t\t<div class=\"elementor-widget-container\">\n\t\t\t\t\t<script>if( typeof(penciBlock) === \"undefined\" ) {function penciBlock() { this.atts_json = ''; this.content = ''; }}var penciBlocksArray = penciBlocksArray || [];var PENCILOCALCACHE = PENCILOCALCACHE || {};var pcblock_856 = new penciBlock();pcblock_856.blockID=\"pcblock_856\";pcblock_856.atts_json = '{\"type\":\"grid\",\"dformat\":\"\",\"date_pos\":\"left\",\"column\":\"1\",\"tab_column\":\"1\",\"mb_column\":\"1\",\"imgpos\":\"left\",\"thumb_size\":\"\",\"mthumb_size\":\"\",\"post_meta\":[\"title\",\"date\"],\"primary_cat\":\"\",\"title_length\":\"\",\"excerpt_pos\":\"below\",\"rmstyle\":\"filled\",\"excerpt_length\":15,\"nocrop\":\"\",\"hide_cat_mobile\":\"\",\"hide_meta_mobile\":\"\",\"hide_excerpt_mobile\":\"\",\"hide_rm_mobile\":\"\",\"imgtop_mobile\":\"\",\"ver_border\":\"\",\"hide_thumb\":\"yes\",\"show_reviewpie\":\"\",\"show_formaticon\":\"\",\"disable_lazy\":\"\",\"show_excerpt\":\"\",\"show_readmore\":\"\",\"query\":{\"orderby\":\"date\",\"order\":\"desc\",\"ignore_sticky_posts\":1,\"post_status\":\"publish\",\"post__not_in\":[],\"post_type\":\"post\",\"posts_per_page\":4,\"tax_query\":[{\"taxonomy\":\"category\",\"field\":\"term_id\",\"terms\":[\"2968\"]},{\"taxonomy\":\"category\",\"field\":\"term_id\",\"terms\":[\"4\",\"2973\"],\"operator\":\"NOT IN\"}],\"offset\":1},\"category_ids\":\"\",\"taxonomy\":\"\"}';penciBlocksArray.push(pcblock_856);<\/script>        <div class=\"penci-wrapper-smalllist\">\n\t\t\t\t\t\t            <div class=\"penci-smalllist-wrapper\">\n\t\t\t\t                    <div class=\"penci-smalllist pcsl-wrapper pwsl-id-default\">\n                        <div class=\"pcsl-inner penci-clearfix pcsl-grid pcsl-imgpos-left pcsl-col-1 pcsl-tabcol-1 pcsl-mobcol-1\">\n\t\t\t\t\t\t\t\t\t\t\t\t\t\t\t\t\t\t\t\t\t\t\t\t                                    <div class=\"pcsl-item pcsl-nothumb\">\n                                        <div class=\"pcsl-itemin\">\n                                            <div class=\"pcsl-iteminer\">\n\t\t\t\t\t\t\t\t\t\t\t\t\n\t\t\t\t\t\t\t\t\t\t\t\t                                                <div class=\"pcsl-content\">\n\t\t\t\t\t\t\t\t\t\t\t\t\t\n\t\t\t\t\t\t\t\t\t\t\t\t\t                                                        <div class=\"pcsl-title\">\n                                                            <a href=\"https:\/\/gnews.cz\/zh\/neprehlednete\/kdo-nahradi-generala-rehku-pavel-jednal-se-zunou-ve-hre-jsou-ctyri-jmena\/\">Kdo nahrad\u00ed gener\u00e1la \u0158ehku? Pavel jednal se Z\u016fnou, ve h\u0159e jsou \u010dty\u0159i jm\u00e9na<\/a>\n                                                        <\/div>\n\t\t\t\t\t\t\t\t\t\t\t\t\t\n\t\t\t\t\t\t\t\t\t\t\t\t\t                                                        <div class=\"grid-post-box-meta pcsl-meta\">\n\t\t\t\t\t\t\t\t\t\t\t\t\t\t\t\t\t\t\t\t\t\t\t\t\t\t\t\t\t\t                                                                <span class=\"sl-date\"><time class=\"entry-date published\" datetime=\"2026-04-29T21:00:00+02:00\">2026-04-29<\/time><\/span>\n\t\t\t\t\t\t\t\t\t\t\t\t\t\t\t\t\t\t\t\t\t\t\t\t\t\t\t\t\t\t\t\t\t\t\t\t\t\t\t\t\t\t\t\t\t\t\t\t\t\t\t\t\t\t\t\t\t\t\t\t\t\t\t\t\t\t\t\t\t\t\t\t\t\t\t\t\t\t\t\t\t\t\t\t\t\t\t\t\t\t                                                        <\/div>\n\t\t\t\t\t\t\t\t\t\t\t\t\t\n\t\t\t\t\t\t\t\t\t\t\t\t\t\t\t\t\t\t\t\t\t\t\t\t\t\t\n                                                <\/div>\n\n\t\t\t\t\t\t\t\t\t\t\t\t                                            <\/div>\n                                        <\/div>\n                                    <\/div>\n                                \t\t\t\t\t\t\t\t\t\t\t\t\t\t\t\t\t                                    <div class=\"pcsl-item pcsl-nothumb\">\n                                        <div class=\"pcsl-itemin\">\n                                            <div class=\"pcsl-iteminer\">\n\t\t\t\t\t\t\t\t\t\t\t\t\n\t\t\t\t\t\t\t\t\t\t\t\t                                                <div class=\"pcsl-content\">\n\t\t\t\t\t\t\t\t\t\t\t\t\t\n\t\t\t\t\t\t\t\t\t\t\t\t\t                                                        <div class=\"pcsl-title\">\n                                                            <a href=\"https:\/\/gnews.cz\/zh\/rozhovory\/cesti-vlastenci-se-sjednotili-zeman-rajchl-a-dalsi-v-bourlive-debate-nadace-zelezne-opony-ostre-kritizovali-planovany-brnensky-sjezd-sudetonemeckeho-landsmansaftu-jako-hrozbu-pro-suverenitu-ceske-re\/\">\u010ce\u0161t\u00ed vlastenci se sjednotili: Zeman, Rajchl a dal\u0161\u00ed v bou\u0159liv\u00e9 debat\u011b Nadace \u017delezn\u00e9 opony ost\u0159e kritizovali pl\u00e1novan\u00fd brn\u011bnsk\u00fd sjezd Sudeton\u011bmeck\u00e9ho landsman\u0161aftu jako hrozbu pro suverenitu \u010cesk\u00e9 republiky<\/a>\n                                                        <\/div>\n\t\t\t\t\t\t\t\t\t\t\t\t\t\n\t\t\t\t\t\t\t\t\t\t\t\t\t                                                        <div class=\"grid-post-box-meta pcsl-meta\">\n\t\t\t\t\t\t\t\t\t\t\t\t\t\t\t\t\t\t\t\t\t\t\t\t\t\t\t\t\t\t                                                                <span class=\"sl-date\"><time class=\"entry-date published\" datetime=\"2026-04-29T16:40:00+02:00\">2026-04-29<\/time><\/span>\n\t\t\t\t\t\t\t\t\t\t\t\t\t\t\t\t\t\t\t\t\t\t\t\t\t\t\t\t\t\t\t\t\t\t\t\t\t\t\t\t\t\t\t\t\t\t\t\t\t\t\t\t\t\t\t\t\t\t\t\t\t\t\t\t\t\t\t\t\t\t\t\t\t\t\t\t\t\t\t\t\t\t\t\t\t\t\t\t\t\t                                                        <\/div>\n\t\t\t\t\t\t\t\t\t\t\t\t\t\n\t\t\t\t\t\t\t\t\t\t\t\t\t\t\t\t\t\t\t\t\t\t\t\t\t\t\n                                                <\/div>\n\n\t\t\t\t\t\t\t\t\t\t\t\t                                            <\/div>\n                                        <\/div>\n                                    <\/div>\n                                \t\t\t\t\t\t\t\t\t\t\t\t\t\t\t\t\t                                    <div class=\"pcsl-item pcsl-nothumb\">\n                                        <div class=\"pcsl-itemin\">\n                                            <div class=\"pcsl-iteminer\">\n\t\t\t\t\t\t\t\t\t\t\t\t\n\t\t\t\t\t\t\t\t\t\t\t\t                                                <div class=\"pcsl-content\">\n\t\t\t\t\t\t\t\t\t\t\t\t\t\n\t\t\t\t\t\t\t\t\t\t\t\t\t                                                        <div class=\"pcsl-title\">\n                                                            <a href=\"https:\/\/gnews.cz\/zh\/tema\/odbory-budou-chtit-snizeni-veku-odchodu-do-duchodu-a-zkraceni-pracovniho-tydne\/\">Odbory budou cht\u00edt sn\u00ed\u017een\u00ed v\u011bku odchodu do d\u016fchodu a zkr\u00e1cen\u00ed pracovn\u00edho t\u00fddne<\/a>\n                                                        <\/div>\n\t\t\t\t\t\t\t\t\t\t\t\t\t\n\t\t\t\t\t\t\t\t\t\t\t\t\t                                                        <div class=\"grid-post-box-meta pcsl-meta\">\n\t\t\t\t\t\t\t\t\t\t\t\t\t\t\t\t\t\t\t\t\t\t\t\t\t\t\t\t\t\t                                                                <span class=\"sl-date\"><time class=\"entry-date published\" datetime=\"2026-04-25T16:00:00+02:00\">2026-04-25<\/time><\/span>\n\t\t\t\t\t\t\t\t\t\t\t\t\t\t\t\t\t\t\t\t\t\t\t\t\t\t\t\t\t\t\t\t\t\t\t\t\t\t\t\t\t\t\t\t\t\t\t\t\t\t\t\t\t\t\t\t\t\t\t\t\t\t\t\t\t\t\t\t\t\t\t\t\t\t\t\t\t\t\t\t\t\t\t\t\t\t\t\t\t\t                                                        <\/div>\n\t\t\t\t\t\t\t\t\t\t\t\t\t\n\t\t\t\t\t\t\t\t\t\t\t\t\t\t\t\t\t\t\t\t\t\t\t\t\t\t\n                                                <\/div>\n\n\t\t\t\t\t\t\t\t\t\t\t\t                                            <\/div>\n                                        <\/div>\n                                    <\/div>\n                                \t\t\t\t\t\t\t\t\t\t\t\t\t\t\t\t\t                                    <div class=\"pcsl-item pcsl-nothumb\">\n                                        <div class=\"pcsl-itemin\">\n                                            <div class=\"pcsl-iteminer\">\n\t\t\t\t\t\t\t\t\t\t\t\t\n\t\t\t\t\t\t\t\t\t\t\t\t                                                <div class=\"pcsl-content\">\n\t\t\t\t\t\t\t\t\t\t\t\t\t\n\t\t\t\t\t\t\t\t\t\t\t\t\t                                                        <div class=\"pcsl-title\">\n                                                            <a href=\"https:\/\/gnews.cz\/zh\/tema\/herbar-mata-peprna\/\">Herb\u00e1\u0159: M\u00e1ta peprn\u00e1 \u2013 pom\u016f\u017ee p\u0159i poruch\u00e1ch tr\u00e1ven\u00ed  i ko\u017en\u00edch probl\u00e9mech<\/a>\n                                                        <\/div>\n\t\t\t\t\t\t\t\t\t\t\t\t\t\n\t\t\t\t\t\t\t\t\t\t\t\t\t                                                        <div class=\"grid-post-box-meta pcsl-meta\">\n\t\t\t\t\t\t\t\t\t\t\t\t\t\t\t\t\t\t\t\t\t\t\t\t\t\t\t\t\t\t                                                                <span class=\"sl-date\"><time class=\"entry-date published\" datetime=\"2026-04-25T13:00:00+02:00\">2026-04-25<\/time><\/span>\n\t\t\t\t\t\t\t\t\t\t\t\t\t\t\t\t\t\t\t\t\t\t\t\t\t\t\t\t\t\t\t\t\t\t\t\t\t\t\t\t\t\t\t\t\t\t\t\t\t\t\t\t\t\t\t\t\t\t\t\t\t\t\t\t\t\t\t\t\t\t\t\t\t\t\t\t\t\t\t\t\t\t\t\t\t\t\t\t\t\t                                                        <\/div>\n\t\t\t\t\t\t\t\t\t\t\t\t\t\n\t\t\t\t\t\t\t\t\t\t\t\t\t\t\t\t\t\t\t\t\t\t\t\t\t\t\n                                                <\/div>\n\n\t\t\t\t\t\t\t\t\t\t\t\t                                            <\/div>\n                                        <\/div>\n                                    <\/div>\n                                \t\t\t\t\t\t\t\t\t\t\t\t\t\t\t\t                        <\/div>\n\n\t\t\t\t\t\t\n                    <\/div>\n\t\t\t\t\t            <\/div>\n        <\/div>\n\t\t\t\t\t\t<\/div>\n\t\t\t\t<\/div>\n\t\t\t\t<\/div>\n\t\t<div class=\"elementor-element elementor-element-df4bc1e e-con-full e-flex e-con e-child\" data-id=\"df4bc1e\" data-element_type=\"container\" data-e-type=\"container\">\n\t\t\t\t<div class=\"elementor-element elementor-element-3b59e77 elementor-widget elementor-widget-penci-block-heading\" data-id=\"3b59e77\" data-element_type=\"widget\" data-e-type=\"widget\" data-widget_type=\"penci-block-heading.default\">\n\t\t\t\t<div class=\"elementor-widget-container\">\n\t\t\t\t\t\t\t<div class=\"penciel-bheading penci-border-arrow penci-homepage-title penci-home-latest-posts style-6 pcalign-left pciconp-right pcicon-right block-title-icon-left\">\n\t\t\t<h3 class=\"inner-arrow\">\n\t\t\t\t<span>\n\t\t\t\t<a href=\"https:\/\/gnews.cz\/cs_cz\/tag\/evropa\/\">Evropa<\/a>\t\t\t\t<\/span>\n\t\t\t<\/h3>\n\t\t\t\t\t<\/div>\n\t\t\t\t\t\t<\/div>\n\t\t\t\t<\/div>\n\t\t\t\t<div class=\"elementor-element elementor-element-6c0c711 elementor-widget elementor-widget-penci-big-grid\" data-id=\"6c0c711\" data-element_type=\"widget\" data-e-type=\"widget\" data-widget_type=\"penci-big-grid.default\">\n\t\t\t\t<div class=\"elementor-widget-container\">\n\t\t\t\t\t        <div class=\"penci-clearfix penci-biggrid-wrapper penci-grid-col-1 penci-grid-mcol-1 penci-bgrid-based-post penci-bgrid-style-1 pcbg-ficonpo-top-right pcbg-reiconpo-top-left penci-bgrid-content-below pencibg-imageh-zoom-in pencibg-texth-none pencibg-textani-movetop textop\">\n\t\t\t            <div class=\"penci-clearfix penci-biggrid penci-bgstyle-1 penci-bgel\">\n                <div class=\"penci-biggrid-inner default\">\n\t\t\t\t\t<div class=\"penci-clearfix penci-biggrid-data penci-dflex\"><div class=\"penci-bgitem\">\n    <div class=\"penci-bgitin\">\n        <div class=\"penci-bgmain\">\n            <div class=\"pcbg-thumb\">\n\t\t\t\t\t\t\t\t                <div class=\"pcbg-thumbin\">\n                    <a class=\"pcbg-bgoverlay\"\n                       href=\"https:\/\/gnews.cz\/zh\/tema\/podnestri-oznacuje-pokusy-moldavska-o-vytlaceni-ruskych-vojsk-za-destruktivni\/\" title=\"Podn\u011bst\u0159\u00ed ozna\u010duje pokusy Moldavska o vytla\u010den\u00ed rusk\u00fdch vojsk za destruktivn\u00ed\"><\/a>\n\n                        <div  data-bgset=\"https:\/\/gnews.cz\/wp-content\/uploads\/2026\/04\/Screenshot_20260418_010156-585x399.webp\" data_bg_hidpi=\"https:\/\/gnews.cz\/wp-content\/uploads\/2026\/04\/Screenshot_20260418_010156-585x399.webp\" class=\"penci-lazy penci-image-holder\">\n                                                    <\/div>\n\n                <\/div>\n            <\/div>\n            <div class=\"pcbg-content\">\n                <div class=\"pcbg-content-flex\">\n                    <a class=\"pcbg-bgoverlay\"\n                       href=\"https:\/\/gnews.cz\/zh\/tema\/podnestri-oznacuje-pokusy-moldavska-o-vytlaceni-ruskych-vojsk-za-destruktivni\/\" title=\"Podn\u011bst\u0159\u00ed ozna\u010duje pokusy Moldavska o vytla\u010den\u00ed rusk\u00fdch vojsk za destruktivn\u00ed\"><\/a>\n                    <div class=\"pcbg-content-inner bgcontent-block\">\n                        <a href=\"https:\/\/gnews.cz\/zh\/tema\/podnestri-oznacuje-pokusy-moldavska-o-vytlaceni-ruskych-vojsk-za-destruktivni\/\" title=\"Podn\u011bst\u0159\u00ed ozna\u010duje pokusy Moldavska o vytla\u010den\u00ed rusk\u00fdch vojsk za destruktivn\u00ed\"\n                           class=\"pcbg-bgoverlaytext item-hover\"><\/a>\n\n\t\t\t\t\t\t\n\t\t\t\t\t\t                            <div class=\"pcbg-heading item-hover\">\n                                <h3 class=\"pcbg-title\">\n                                    <a href=\"https:\/\/gnews.cz\/zh\/tema\/podnestri-oznacuje-pokusy-moldavska-o-vytlaceni-ruskych-vojsk-za-destruktivni\/\">\n\t\t\t\t\t\t\t\t\t\tPodn\u011bst\u0159\u00ed ozna\u010duje pokusy Moldavska o vytla\u010den\u00ed rusk\u00fdch vojsk za destruktivn\u00ed                                    <\/a>\n                                <\/h3>\n                            <\/div>\n\t\t\t\t\t\t\n\t\t\t\t\t\t                            <div class=\"grid-post-box-meta pcbg-meta item-hover\">\n                                <div class=\"pcbg-meta-desc\">\n\t\t\t\t\t\t\t\t\t\t\t\t\t\t\t\t\t\t                                        <span class=\"bg-date\"><time class=\"entry-date published\" datetime=\"2026-04-18T09:30:00+02:00\">2026-04-18<\/time><\/span>\n\t\t\t\t\t\t\t\t\t\t\t\t\t\t\t\t\t\t\t\t\t\t\t\t\t\t\t\t\t\t\t\t\t\t\t\t\t\t\t\t\t\t\t\t\t\t\t\t\t\t\t\t\t\t                                <\/div>\n\t\t\t\t\t\t\t\t                            <\/div>\n\t\t\t\t\t\t\n\t\t\t\t\t\t                    <\/div>\n                <\/div>\n            <\/div>\n        <\/div>\n    <\/div>\n<\/div>\n<\/div>                <\/div>\n\t\t\t\t            <\/div>\n        <\/div>\n\t\t\t\t\t\t<\/div>\n\t\t\t\t<\/div>\n\t\t\t\t<div class=\"elementor-element elementor-element-5b6c221 elementor-widget elementor-widget-penci-small-list\" data-id=\"5b6c221\" data-element_type=\"widget\" data-e-type=\"widget\" data-widget_type=\"penci-small-list.default\">\n\t\t\t\t<div class=\"elementor-widget-container\">\n\t\t\t\t\t<script>if( typeof(penciBlock) === \"undefined\" ) {function penciBlock() { this.atts_json = ''; this.content = ''; }}var penciBlocksArray = penciBlocksArray || [];var PENCILOCALCACHE = PENCILOCALCACHE || {};var pcblock_1185 = new penciBlock();pcblock_1185.blockID=\"pcblock_1185\";pcblock_1185.atts_json = '{\"type\":\"grid\",\"dformat\":\"\",\"date_pos\":\"left\",\"column\":\"1\",\"tab_column\":\"1\",\"mb_column\":\"1\",\"imgpos\":\"left\",\"thumb_size\":\"\",\"mthumb_size\":\"\",\"post_meta\":[\"title\",\"date\"],\"primary_cat\":\"\",\"title_length\":\"\",\"excerpt_pos\":\"below\",\"rmstyle\":\"filled\",\"excerpt_length\":15,\"nocrop\":\"\",\"hide_cat_mobile\":\"\",\"hide_meta_mobile\":\"\",\"hide_excerpt_mobile\":\"\",\"hide_rm_mobile\":\"\",\"imgtop_mobile\":\"\",\"ver_border\":\"\",\"hide_thumb\":\"yes\",\"show_reviewpie\":\"\",\"show_formaticon\":\"\",\"disable_lazy\":\"\",\"show_excerpt\":\"\",\"show_readmore\":\"\",\"query\":{\"orderby\":\"date\",\"order\":\"desc\",\"ignore_sticky_posts\":1,\"post_status\":\"publish\",\"post__not_in\":[],\"post_type\":\"post\",\"posts_per_page\":4,\"tax_query\":[{\"taxonomy\":\"post_tag\",\"field\":\"term_id\",\"terms\":[\"78\"]},{\"taxonomy\":\"category\",\"field\":\"term_id\",\"terms\":[\"4\",\"1376\",\"2968\"],\"operator\":\"NOT IN\"},{\"taxonomy\":\"post_tag\",\"field\":\"term_id\",\"terms\":[\"38\",\"26\",\"22\"],\"operator\":\"NOT IN\"}],\"offset\":1},\"category_ids\":\"\",\"taxonomy\":\"\"}';penciBlocksArray.push(pcblock_1185);<\/script>        <div class=\"penci-wrapper-smalllist\">\n\t\t\t\t\t\t            <div class=\"penci-smalllist-wrapper\">\n\t\t\t\t                    <div class=\"penci-smalllist pcsl-wrapper pwsl-id-default\">\n                        <div class=\"pcsl-inner penci-clearfix pcsl-grid pcsl-imgpos-left pcsl-col-1 pcsl-tabcol-1 pcsl-mobcol-1\">\n\t\t\t\t\t\t\t\t\t\t\t\t\t\t\t\t\t\t\t\t\t\t\t\t                                    <div class=\"pcsl-item pcsl-nothumb\">\n                                        <div class=\"pcsl-itemin\">\n                                            <div class=\"pcsl-iteminer\">\n\t\t\t\t\t\t\t\t\t\t\t\t\n\t\t\t\t\t\t\t\t\t\t\t\t                                                <div class=\"pcsl-content\">\n\t\t\t\t\t\t\t\t\t\t\t\t\t\n\t\t\t\t\t\t\t\t\t\t\t\t\t                                                        <div class=\"pcsl-title\">\n                                                            <a href=\"https:\/\/gnews.cz\/zh\/tema\/opozicni-madaska-strana-tisza-miri-k-ustavni-vetsine-orbanova-fidesz-vyrazne-zaostava\/\">Opozi\u010dn\u00ed ma\u010farsk\u00e1 strana Tisza m\u00ed\u0159\u00ed k \u00fastavn\u00ed v\u011bt\u0161in\u011b, Orb\u00e1nova Fidesz v\u00fdrazn\u011b zaost\u00e1v\u00e1<\/a>\n                                                        <\/div>\n\t\t\t\t\t\t\t\t\t\t\t\t\t\n\t\t\t\t\t\t\t\t\t\t\t\t\t                                                        <div class=\"grid-post-box-meta pcsl-meta\">\n\t\t\t\t\t\t\t\t\t\t\t\t\t\t\t\t\t\t\t\t\t\t\t\t\t\t\t\t\t\t                                                                <span class=\"sl-date\"><time class=\"entry-date published\" datetime=\"2026-04-12T22:18:28+02:00\">2026-04-12<\/time><\/span>\n\t\t\t\t\t\t\t\t\t\t\t\t\t\t\t\t\t\t\t\t\t\t\t\t\t\t\t\t\t\t\t\t\t\t\t\t\t\t\t\t\t\t\t\t\t\t\t\t\t\t\t\t\t\t\t\t\t\t\t\t\t\t\t\t\t\t\t\t\t\t\t\t\t\t\t\t\t\t\t\t\t\t\t\t\t\t\t\t\t\t                                                        <\/div>\n\t\t\t\t\t\t\t\t\t\t\t\t\t\n\t\t\t\t\t\t\t\t\t\t\t\t\t\t\t\t\t\t\t\t\t\t\t\t\t\t\n                                                <\/div>\n\n\t\t\t\t\t\t\t\t\t\t\t\t                                            <\/div>\n                                        <\/div>\n                                    <\/div>\n                                \t\t\t\t\t\t\t\t\t\t\t\t\t\t\t\t\t                                    <div class=\"pcsl-item pcsl-nothumb\">\n                                        <div class=\"pcsl-itemin\">\n                                            <div class=\"pcsl-iteminer\">\n\t\t\t\t\t\t\t\t\t\t\t\t\n\t\t\t\t\t\t\t\t\t\t\t\t                                                <div class=\"pcsl-content\">\n\t\t\t\t\t\t\t\t\t\t\t\t\t\n\t\t\t\t\t\t\t\t\t\t\t\t\t                                                        <div class=\"pcsl-title\">\n                                                            <a href=\"https:\/\/gnews.cz\/zh\/tema\/otazka-otevsena-viktorem-orbanem-jaka-je-skutecna-suverenita-clenskych-statu-vuci-centralizovanimu-diktatu-a-strukturam-eu\/\">Ot\u00e1zka otev\u0159en\u00e1 Viktorem Orb\u00e1nem: Jak\u00e1 je skute\u010dn\u00e1 suverenita \u010dlensk\u00fdch st\u00e1t\u016f v\u016f\u010di centralizovan\u00e9mu dikt\u00e1tu a struktur\u00e1m EU?<\/a>\n                                                        <\/div>\n\t\t\t\t\t\t\t\t\t\t\t\t\t\n\t\t\t\t\t\t\t\t\t\t\t\t\t                                                        <div class=\"grid-post-box-meta pcsl-meta\">\n\t\t\t\t\t\t\t\t\t\t\t\t\t\t\t\t\t\t\t\t\t\t\t\t\t\t\t\t\t\t                                                                <span class=\"sl-date\"><time class=\"entry-date published\" datetime=\"2026-04-09T21:00:00+02:00\">2026-04-09<\/time><\/span>\n\t\t\t\t\t\t\t\t\t\t\t\t\t\t\t\t\t\t\t\t\t\t\t\t\t\t\t\t\t\t\t\t\t\t\t\t\t\t\t\t\t\t\t\t\t\t\t\t\t\t\t\t\t\t\t\t\t\t\t\t\t\t\t\t\t\t\t\t\t\t\t\t\t\t\t\t\t\t\t\t\t\t\t\t\t\t\t\t\t\t                                                        <\/div>\n\t\t\t\t\t\t\t\t\t\t\t\t\t\n\t\t\t\t\t\t\t\t\t\t\t\t\t\t\t\t\t\t\t\t\t\t\t\t\t\t\n                                                <\/div>\n\n\t\t\t\t\t\t\t\t\t\t\t\t                                            <\/div>\n                                        <\/div>\n                                    <\/div>\n                                \t\t\t\t\t\t\t\t\t\t\t\t\t\t\t\t\t                                    <div class=\"pcsl-item pcsl-nothumb\">\n                                        <div class=\"pcsl-itemin\">\n                                            <div class=\"pcsl-iteminer\">\n\t\t\t\t\t\t\t\t\t\t\t\t\n\t\t\t\t\t\t\t\t\t\t\t\t                                                <div class=\"pcsl-content\">\n\t\t\t\t\t\t\t\t\t\t\t\t\t\n\t\t\t\t\t\t\t\t\t\t\t\t\t                                                        <div class=\"pcsl-title\">\n                                                            <a href=\"https:\/\/gnews.cz\/zh\/tema\/viktor-orban-zakotvil-do-ustavy-zakaz-prodeje-zemedelske-pudy-cizincum-a-vyrazne-podporil-zemedelskou-sobestacnost-madarska\/\">Viktor Orb\u00e1n zakotvil do \u00fastavy z\u00e1kaz prodeje zem\u011bd\u011blsk\u00e9 p\u016fdy cizinc\u016fm a v\u00fdrazn\u011b podpo\u0159il zem\u011bd\u011blskou sob\u011bsta\u010dnost Ma\u010farska<\/a>\n                                                        <\/div>\n\t\t\t\t\t\t\t\t\t\t\t\t\t\n\t\t\t\t\t\t\t\t\t\t\t\t\t                                                        <div class=\"grid-post-box-meta pcsl-meta\">\n\t\t\t\t\t\t\t\t\t\t\t\t\t\t\t\t\t\t\t\t\t\t\t\t\t\t\t\t\t\t                                                                <span class=\"sl-date\"><time class=\"entry-date published\" datetime=\"2026-04-08T12:00:00+02:00\">2026-04-08<\/time><\/span>\n\t\t\t\t\t\t\t\t\t\t\t\t\t\t\t\t\t\t\t\t\t\t\t\t\t\t\t\t\t\t\t\t\t\t\t\t\t\t\t\t\t\t\t\t\t\t\t\t\t\t\t\t\t\t\t\t\t\t\t\t\t\t\t\t\t\t\t\t\t\t\t\t\t\t\t\t\t\t\t\t\t\t\t\t\t\t\t\t\t\t                                                        <\/div>\n\t\t\t\t\t\t\t\t\t\t\t\t\t\n\t\t\t\t\t\t\t\t\t\t\t\t\t\t\t\t\t\t\t\t\t\t\t\t\t\t\n                                                <\/div>\n\n\t\t\t\t\t\t\t\t\t\t\t\t                                            <\/div>\n                                        <\/div>\n                                    <\/div>\n                                \t\t\t\t\t\t\t\t\t\t\t\t\t\t\t\t\t                                    <div class=\"pcsl-item pcsl-nothumb\">\n                                        <div class=\"pcsl-itemin\">\n                                            <div class=\"pcsl-iteminer\">\n\t\t\t\t\t\t\t\t\t\t\t\t\n\t\t\t\t\t\t\t\t\t\t\t\t                                                <div class=\"pcsl-content\">\n\t\t\t\t\t\t\t\t\t\t\t\t\t\n\t\t\t\t\t\t\t\t\t\t\t\t\t                                                        <div class=\"pcsl-title\">\n                                                            <a href=\"https:\/\/gnews.cz\/zh\/tema\/nemecka-armada-si-zacina-hlidat-muze-delsi-pobyt-v-cizine-bude-jen-na-povoleni\/\">N\u011bmeck\u00e1 arm\u00e1da si za\u010d\u00edn\u00e1 hl\u00eddat mu\u017ee. Del\u0161\u00ed pobyt v cizin\u011b bude jen na povolen\u00ed<\/a>\n                                                        <\/div>\n\t\t\t\t\t\t\t\t\t\t\t\t\t\n\t\t\t\t\t\t\t\t\t\t\t\t\t                                                        <div class=\"grid-post-box-meta pcsl-meta\">\n\t\t\t\t\t\t\t\t\t\t\t\t\t\t\t\t\t\t\t\t\t\t\t\t\t\t\t\t\t\t                                                                <span class=\"sl-date\"><time class=\"entry-date published\" datetime=\"2026-04-06T15:00:00+02:00\">2026-04-06<\/time><\/span>\n\t\t\t\t\t\t\t\t\t\t\t\t\t\t\t\t\t\t\t\t\t\t\t\t\t\t\t\t\t\t\t\t\t\t\t\t\t\t\t\t\t\t\t\t\t\t\t\t\t\t\t\t\t\t\t\t\t\t\t\t\t\t\t\t\t\t\t\t\t\t\t\t\t\t\t\t\t\t\t\t\t\t\t\t\t\t\t\t\t\t                                                        <\/div>\n\t\t\t\t\t\t\t\t\t\t\t\t\t\n\t\t\t\t\t\t\t\t\t\t\t\t\t\t\t\t\t\t\t\t\t\t\t\t\t\t\n                                                <\/div>\n\n\t\t\t\t\t\t\t\t\t\t\t\t                                            <\/div>\n                                        <\/div>\n                                    <\/div>\n                                \t\t\t\t\t\t\t\t\t\t\t\t\t\t\t\t                        <\/div>\n\n\t\t\t\t\t\t\n                    <\/div>\n\t\t\t\t\t            <\/div>\n        <\/div>\n\t\t\t\t\t\t<\/div>\n\t\t\t\t<\/div>\n\t\t\t\t<\/div>\n\t\t<div class=\"elementor-element elementor-element-b0389d0 e-con-full e-flex e-con e-child\" data-id=\"b0389d0\" data-element_type=\"container\" data-e-type=\"container\">\n\t\t\t\t<div class=\"elementor-element elementor-element-545f777 elementor-widget elementor-widget-penci-block-heading\" data-id=\"545f777\" data-element_type=\"widget\" data-e-type=\"widget\" data-widget_type=\"penci-block-heading.default\">\n\t\t\t\t<div class=\"elementor-widget-container\">\n\t\t\t\t\t\t\t<div class=\"penciel-bheading penci-border-arrow penci-homepage-title penci-home-latest-posts style-6 pcalign-left pciconp-right pcicon-right block-title-icon-left\">\n\t\t\t<h3 class=\"inner-arrow\">\n\t\t\t\t<span>\n\t\t\t\t<a href=\"https:\/\/gnews.cz\/cs_cz\/tag\/usa\/\">USA<\/a>\t\t\t\t<\/span>\n\t\t\t<\/h3>\n\t\t\t\t\t<\/div>\n\t\t\t\t\t\t<\/div>\n\t\t\t\t<\/div>\n\t\t\t\t<div class=\"elementor-element elementor-element-50430b6 elementor-widget__width-initial elementor-widget elementor-widget-penci-big-grid\" data-id=\"50430b6\" data-element_type=\"widget\" data-e-type=\"widget\" data-widget_type=\"penci-big-grid.default\">\n\t\t\t\t<div class=\"elementor-widget-container\">\n\t\t\t\t\t        <div class=\"penci-clearfix penci-biggrid-wrapper penci-grid-col-1 penci-grid-mcol-1 penci-bgrid-based-post penci-bgrid-style-1 pcbg-ficonpo-top-right pcbg-reiconpo-top-left penci-bgrid-content-below pencibg-imageh-zoom-in pencibg-texth-none pencibg-textani-movetop textop\">\n\t\t\t            <div class=\"penci-clearfix penci-biggrid penci-bgstyle-1 penci-bgel\">\n                <div class=\"penci-biggrid-inner default\">\n\t\t\t\t\t<div class=\"penci-clearfix penci-biggrid-data penci-dflex\"><div class=\"penci-bgitem\">\n    <div class=\"penci-bgitin\">\n        <div class=\"penci-bgmain\">\n            <div class=\"pcbg-thumb\">\n\t\t\t\t\t\t\t\t                <div class=\"pcbg-thumbin\">\n                    <a class=\"pcbg-bgoverlay\"\n                       href=\"https:\/\/gnews.cz\/zh\/tema\/jak-ai-meni-vyvoj-softwaru-co-zrychluje-vyrazne-a-kde-zatim-selhava\/\" title=\"Jak AI m\u011bn\u00ed v\u00fdvoj softwaru: co zrychluje v\u00fdrazn\u011b a kde zat\u00edm selh\u00e1v\u00e1\"><\/a>\n\n                        <div  data-bgset=\"https:\/\/gnews.cz\/wp-content\/uploads\/2026\/04\/3686ef4f-95cc-4be2-911b-8fa57513eefb-585x290.webp\" data_bg_hidpi=\"https:\/\/gnews.cz\/wp-content\/uploads\/2026\/04\/3686ef4f-95cc-4be2-911b-8fa57513eefb-585x290.webp\" class=\"penci-lazy penci-image-holder\">\n                                                    <\/div>\n\n                <\/div>\n            <\/div>\n            <div class=\"pcbg-content\">\n                <div class=\"pcbg-content-flex\">\n                    <a class=\"pcbg-bgoverlay\"\n                       href=\"https:\/\/gnews.cz\/zh\/tema\/jak-ai-meni-vyvoj-softwaru-co-zrychluje-vyrazne-a-kde-zatim-selhava\/\" title=\"Jak AI m\u011bn\u00ed v\u00fdvoj softwaru: co zrychluje v\u00fdrazn\u011b a kde zat\u00edm selh\u00e1v\u00e1\"><\/a>\n                    <div class=\"pcbg-content-inner bgcontent-block\">\n                        <a href=\"https:\/\/gnews.cz\/zh\/tema\/jak-ai-meni-vyvoj-softwaru-co-zrychluje-vyrazne-a-kde-zatim-selhava\/\" title=\"Jak AI m\u011bn\u00ed v\u00fdvoj softwaru: co zrychluje v\u00fdrazn\u011b a kde zat\u00edm selh\u00e1v\u00e1\"\n                           class=\"pcbg-bgoverlaytext item-hover\"><\/a>\n\n\t\t\t\t\t\t\n\t\t\t\t\t\t                            <div class=\"pcbg-heading item-hover\">\n                                <h3 class=\"pcbg-title\">\n                                    <a href=\"https:\/\/gnews.cz\/zh\/tema\/jak-ai-meni-vyvoj-softwaru-co-zrychluje-vyrazne-a-kde-zatim-selhava\/\">\n\t\t\t\t\t\t\t\t\t\tJak AI m\u011bn\u00ed v\u00fdvoj softwaru: co zrychluje v\u00fdrazn\u011b a kde zat\u00edm selh\u00e1v\u00e1                                    <\/a>\n                                <\/h3>\n                            <\/div>\n\t\t\t\t\t\t\n\t\t\t\t\t\t                            <div class=\"grid-post-box-meta pcbg-meta item-hover\">\n                                <div class=\"pcbg-meta-desc\">\n\t\t\t\t\t\t\t\t\t\t\t\t\t\t\t\t\t\t                                        <span class=\"bg-date\"><time class=\"entry-date published\" datetime=\"2026-04-24T15:00:00+02:00\">2026-04-24<\/time><\/span>\n\t\t\t\t\t\t\t\t\t\t\t\t\t\t\t\t\t\t\t\t\t\t\t\t\t\t\t\t\t\t\t\t\t\t\t\t\t\t\t\t\t\t\t\t\t\t\t\t\t\t\t\t\t\t                                <\/div>\n\t\t\t\t\t\t\t\t                            <\/div>\n\t\t\t\t\t\t\n\t\t\t\t\t\t                    <\/div>\n                <\/div>\n            <\/div>\n        <\/div>\n    <\/div>\n<\/div>\n<\/div>                <\/div>\n\t\t\t\t            <\/div>\n        <\/div>\n\t\t\t\t\t\t<\/div>\n\t\t\t\t<\/div>\n\t\t\t\t<div class=\"elementor-element elementor-element-f3b63dc elementor-widget elementor-widget-penci-small-list\" data-id=\"f3b63dc\" data-element_type=\"widget\" data-e-type=\"widget\" data-widget_type=\"penci-small-list.default\">\n\t\t\t\t<div class=\"elementor-widget-container\">\n\t\t\t\t\t<script>if( typeof(penciBlock) === \"undefined\" ) {function penciBlock() { this.atts_json = ''; this.content = ''; }}var penciBlocksArray = penciBlocksArray || [];var PENCILOCALCACHE = PENCILOCALCACHE || {};var pcblock_7129 = new penciBlock();pcblock_7129.blockID=\"pcblock_7129\";pcblock_7129.atts_json = '{\"type\":\"grid\",\"dformat\":\"\",\"date_pos\":\"left\",\"column\":\"1\",\"tab_column\":\"1\",\"mb_column\":\"1\",\"imgpos\":\"left\",\"thumb_size\":\"\",\"mthumb_size\":\"\",\"post_meta\":[\"title\",\"date\"],\"primary_cat\":\"\",\"title_length\":\"\",\"excerpt_pos\":\"below\",\"rmstyle\":\"filled\",\"excerpt_length\":15,\"nocrop\":\"\",\"hide_cat_mobile\":\"\",\"hide_meta_mobile\":\"\",\"hide_excerpt_mobile\":\"\",\"hide_rm_mobile\":\"\",\"imgtop_mobile\":\"\",\"ver_border\":\"\",\"hide_thumb\":\"yes\",\"show_reviewpie\":\"\",\"show_formaticon\":\"\",\"disable_lazy\":\"\",\"show_excerpt\":\"\",\"show_readmore\":\"\",\"query\":{\"orderby\":\"date\",\"order\":\"desc\",\"ignore_sticky_posts\":1,\"post_status\":\"publish\",\"post__not_in\":[],\"post_type\":\"post\",\"posts_per_page\":4,\"tax_query\":[{\"taxonomy\":\"post_tag\",\"field\":\"term_id\",\"terms\":[\"38\"]},{\"taxonomy\":\"category\",\"field\":\"term_id\",\"terms\":[\"1376\",\"2968\"],\"operator\":\"NOT IN\"},{\"taxonomy\":\"post_tag\",\"field\":\"term_id\",\"terms\":[\"78\",\"26\",\"22\"],\"operator\":\"NOT IN\"}],\"offset\":1},\"category_ids\":\"\",\"taxonomy\":\"\"}';penciBlocksArray.push(pcblock_7129);<\/script>        <div class=\"penci-wrapper-smalllist\">\n\t\t\t\t\t\t            <div class=\"penci-smalllist-wrapper\">\n\t\t\t\t                    <div class=\"penci-smalllist pcsl-wrapper pwsl-id-default\">\n                        <div class=\"pcsl-inner penci-clearfix pcsl-grid pcsl-imgpos-left pcsl-col-1 pcsl-tabcol-1 pcsl-mobcol-1\">\n\t\t\t\t\t\t\t\t\t\t\t\t\t\t\t\t\t\t\t\t\t\t\t\t                                    <div class=\"pcsl-item pcsl-nothumb\">\n                                        <div class=\"pcsl-itemin\">\n                                            <div class=\"pcsl-iteminer\">\n\t\t\t\t\t\t\t\t\t\t\t\t\n\t\t\t\t\t\t\t\t\t\t\t\t                                                <div class=\"pcsl-content\">\n\t\t\t\t\t\t\t\t\t\t\t\t\t\n\t\t\t\t\t\t\t\t\t\t\t\t\t                                                        <div class=\"pcsl-title\">\n                                                            <a href=\"https:\/\/gnews.cz\/zh\/neprehlednete\/kral-a-prezident-charles-miri-do-kongresu-jako-most-nad-rozbourenymi-vodami-atlanticke-aliance\/\">Kr\u00e1l a prezident: Charles m\u00ed\u0159\u00ed do Kongresu jako most nad rozbou\u0159en\u00fdmi vodami atlantick\u00e9 aliance<\/a>\n                                                        <\/div>\n\t\t\t\t\t\t\t\t\t\t\t\t\t\n\t\t\t\t\t\t\t\t\t\t\t\t\t                                                        <div class=\"grid-post-box-meta pcsl-meta\">\n\t\t\t\t\t\t\t\t\t\t\t\t\t\t\t\t\t\t\t\t\t\t\t\t\t\t\t\t\t\t                                                                <span class=\"sl-date\"><time class=\"entry-date published\" datetime=\"2026-04-28T20:30:00+02:00\">2026-04-28<\/time><\/span>\n\t\t\t\t\t\t\t\t\t\t\t\t\t\t\t\t\t\t\t\t\t\t\t\t\t\t\t\t\t\t\t\t\t\t\t\t\t\t\t\t\t\t\t\t\t\t\t\t\t\t\t\t\t\t\t\t\t\t\t\t\t\t\t\t\t\t\t\t\t\t\t\t\t\t\t\t\t\t\t\t\t\t\t\t\t\t\t\t\t\t                                                        <\/div>\n\t\t\t\t\t\t\t\t\t\t\t\t\t\n\t\t\t\t\t\t\t\t\t\t\t\t\t\t\t\t\t\t\t\t\t\t\t\t\t\t\n                                                <\/div>\n\n\t\t\t\t\t\t\t\t\t\t\t\t                                            <\/div>\n                                        <\/div>\n                                    <\/div>\n                                \t\t\t\t\t\t\t\t\t\t\t\t\t\t\t\t\t                                    <div class=\"pcsl-item pcsl-nothumb\">\n                                        <div class=\"pcsl-itemin\">\n                                            <div class=\"pcsl-iteminer\">\n\t\t\t\t\t\t\t\t\t\t\t\t\n\t\t\t\t\t\t\t\t\t\t\t\t                                                <div class=\"pcsl-content\">\n\t\t\t\t\t\t\t\t\t\t\t\t\t\n\t\t\t\t\t\t\t\t\t\t\t\t\t                                                        <div class=\"pcsl-title\">\n                                                            <a href=\"https:\/\/gnews.cz\/zh\/tema\/jak-ai-meni-vyvoj-softwaru-co-zrychluje-vyrazne-a-kde-zatim-selhava\/\">Jak AI m\u011bn\u00ed v\u00fdvoj softwaru: co zrychluje v\u00fdrazn\u011b a kde zat\u00edm selh\u00e1v\u00e1<\/a>\n                                                        <\/div>\n\t\t\t\t\t\t\t\t\t\t\t\t\t\n\t\t\t\t\t\t\t\t\t\t\t\t\t                                                        <div class=\"grid-post-box-meta pcsl-meta\">\n\t\t\t\t\t\t\t\t\t\t\t\t\t\t\t\t\t\t\t\t\t\t\t\t\t\t\t\t\t\t                                                                <span class=\"sl-date\"><time class=\"entry-date published\" datetime=\"2026-04-24T15:00:00+02:00\">2026-04-24<\/time><\/span>\n\t\t\t\t\t\t\t\t\t\t\t\t\t\t\t\t\t\t\t\t\t\t\t\t\t\t\t\t\t\t\t\t\t\t\t\t\t\t\t\t\t\t\t\t\t\t\t\t\t\t\t\t\t\t\t\t\t\t\t\t\t\t\t\t\t\t\t\t\t\t\t\t\t\t\t\t\t\t\t\t\t\t\t\t\t\t\t\t\t\t                                                        <\/div>\n\t\t\t\t\t\t\t\t\t\t\t\t\t\n\t\t\t\t\t\t\t\t\t\t\t\t\t\t\t\t\t\t\t\t\t\t\t\t\t\t\n                                                <\/div>\n\n\t\t\t\t\t\t\t\t\t\t\t\t                                            <\/div>\n                                        <\/div>\n                                    <\/div>\n                                \t\t\t\t\t\t\t\t\t\t\t\t\t\t\t\t\t                                    <div class=\"pcsl-item pcsl-nothumb\">\n                                        <div class=\"pcsl-itemin\">\n                                            <div class=\"pcsl-iteminer\">\n\t\t\t\t\t\t\t\t\t\t\t\t\n\t\t\t\t\t\t\t\t\t\t\t\t                                                <div class=\"pcsl-content\">\n\t\t\t\t\t\t\t\t\t\t\t\t\t\n\t\t\t\t\t\t\t\t\t\t\t\t\t                                                        <div class=\"pcsl-title\">\n                                                            <a href=\"https:\/\/gnews.cz\/zh\/tema\/exorcista-p-chad-ripperger-odhaluje-demonicke-sily-stojici-za-politikou-zavislosti-na-pornografii-a-posedlosti-sokujici-odhaleni-z-18-let-duchovniho-boje\/\">Exorcista P. Chad Ripperger odhaluje d\u00e9monick\u00e9 s\u00edly stoj\u00edc\u00ed za politikou, z\u00e1vislost\u00ed na pornografii a posedlost\u00ed: \u0160okuj\u00edc\u00ed odhalen\u00ed z 18 let duchovn\u00edho boje<\/a>\n                                                        <\/div>\n\t\t\t\t\t\t\t\t\t\t\t\t\t\n\t\t\t\t\t\t\t\t\t\t\t\t\t                                                        <div class=\"grid-post-box-meta pcsl-meta\">\n\t\t\t\t\t\t\t\t\t\t\t\t\t\t\t\t\t\t\t\t\t\t\t\t\t\t\t\t\t\t                                                                <span class=\"sl-date\"><time class=\"entry-date published\" datetime=\"2026-04-23T15:40:00+02:00\">2026-04-23<\/time><\/span>\n\t\t\t\t\t\t\t\t\t\t\t\t\t\t\t\t\t\t\t\t\t\t\t\t\t\t\t\t\t\t\t\t\t\t\t\t\t\t\t\t\t\t\t\t\t\t\t\t\t\t\t\t\t\t\t\t\t\t\t\t\t\t\t\t\t\t\t\t\t\t\t\t\t\t\t\t\t\t\t\t\t\t\t\t\t\t\t\t\t\t                                                        <\/div>\n\t\t\t\t\t\t\t\t\t\t\t\t\t\n\t\t\t\t\t\t\t\t\t\t\t\t\t\t\t\t\t\t\t\t\t\t\t\t\t\t\n                                                <\/div>\n\n\t\t\t\t\t\t\t\t\t\t\t\t                                            <\/div>\n                                        <\/div>\n                                    <\/div>\n                                \t\t\t\t\t\t\t\t\t\t\t\t\t\t\t\t\t                                    <div class=\"pcsl-item pcsl-nothumb\">\n                                        <div class=\"pcsl-itemin\">\n                                            <div class=\"pcsl-iteminer\">\n\t\t\t\t\t\t\t\t\t\t\t\t\n\t\t\t\t\t\t\t\t\t\t\t\t                                                <div class=\"pcsl-content\">\n\t\t\t\t\t\t\t\t\t\t\t\t\t\n\t\t\t\t\t\t\t\t\t\t\t\t\t                                                        <div class=\"pcsl-title\">\n                                                            <a href=\"https:\/\/gnews.cz\/zh\/neprehlednete\/iran-zpochybnuje-umysly-usa-kvuli-rozporum-mezi-slovy-a-ciny\/\">\u00cdr\u00e1n zpochyb\u0148uje \u00famysly USA kv\u016fli rozpor\u016fm mezi slovy a \u010diny<\/a>\n                                                        <\/div>\n\t\t\t\t\t\t\t\t\t\t\t\t\t\n\t\t\t\t\t\t\t\t\t\t\t\t\t                                                        <div class=\"grid-post-box-meta pcsl-meta\">\n\t\t\t\t\t\t\t\t\t\t\t\t\t\t\t\t\t\t\t\t\t\t\t\t\t\t\t\t\t\t                                                                <span class=\"sl-date\"><time class=\"entry-date published\" datetime=\"2026-04-21T04:00:00+02:00\">2026-04-21<\/time><\/span>\n\t\t\t\t\t\t\t\t\t\t\t\t\t\t\t\t\t\t\t\t\t\t\t\t\t\t\t\t\t\t\t\t\t\t\t\t\t\t\t\t\t\t\t\t\t\t\t\t\t\t\t\t\t\t\t\t\t\t\t\t\t\t\t\t\t\t\t\t\t\t\t\t\t\t\t\t\t\t\t\t\t\t\t\t\t\t\t\t\t\t                                                        <\/div>\n\t\t\t\t\t\t\t\t\t\t\t\t\t\n\t\t\t\t\t\t\t\t\t\t\t\t\t\t\t\t\t\t\t\t\t\t\t\t\t\t\n                                                <\/div>\n\n\t\t\t\t\t\t\t\t\t\t\t\t                                            <\/div>\n                                        <\/div>\n                                    <\/div>\n                                \t\t\t\t\t\t\t\t\t\t\t\t\t\t\t\t                        <\/div>\n\n\t\t\t\t\t\t\n                    <\/div>\n\t\t\t\t\t            <\/div>\n        <\/div>\n\t\t\t\t\t\t<\/div>\n\t\t\t\t<\/div>\n\t\t\t\t<\/div>\n\t\t<div class=\"elementor-element elementor-element-f04c3bf e-con-full e-flex e-con e-child\" data-id=\"f04c3bf\" data-element_type=\"container\" data-e-type=\"container\">\n\t\t\t\t<div class=\"elementor-element elementor-element-05f3947 elementor-widget elementor-widget-penci-block-heading\" data-id=\"05f3947\" data-element_type=\"widget\" data-e-type=\"widget\" data-widget_type=\"penci-block-heading.default\">\n\t\t\t\t<div class=\"elementor-widget-container\">\n\t\t\t\t\t\t\t<div class=\"penciel-bheading penci-border-arrow penci-homepage-title penci-home-latest-posts style-6 pcalign-left pciconp-right pcicon-right block-title-icon-left\">\n\t\t\t<h3 class=\"inner-arrow\">\n\t\t\t\t<span>\n\t\t\t\t<a href=\"https:\/\/gnews.cz\/cs_cz\/tag\/rusko\/\">Rusko<\/a>\t\t\t\t<\/span>\n\t\t\t<\/h3>\n\t\t\t\t\t<\/div>\n\t\t\t\t\t\t<\/div>\n\t\t\t\t<\/div>\n\t\t\t\t<div class=\"elementor-element elementor-element-21cddfa elementor-widget__width-initial elementor-widget elementor-widget-penci-big-grid\" data-id=\"21cddfa\" data-element_type=\"widget\" data-e-type=\"widget\" data-widget_type=\"penci-big-grid.default\">\n\t\t\t\t<div class=\"elementor-widget-container\">\n\t\t\t\t\t        <div class=\"penci-clearfix penci-biggrid-wrapper penci-grid-col-1 penci-grid-mcol-1 penci-bgrid-based-post penci-bgrid-style-1 pcbg-ficonpo-top-right pcbg-reiconpo-top-left penci-bgrid-content-below pencibg-imageh-zoom-in pencibg-texth-none pencibg-textani-movetop textop\">\n\t\t\t            <div class=\"penci-clearfix penci-biggrid penci-bgstyle-1 penci-bgel\">\n                <div class=\"penci-biggrid-inner default\">\n\t\t\t\t\t<div class=\"penci-clearfix penci-biggrid-data penci-dflex\"><div class=\"penci-bgitem\">\n    <div class=\"penci-bgitin\">\n        <div class=\"penci-bgmain\">\n            <div class=\"pcbg-thumb\">\n\t\t\t\t\t\t\t\t                <div class=\"pcbg-thumbin\">\n                    <a class=\"pcbg-bgoverlay\"\n                       href=\"https:\/\/gnews.cz\/zh\/tema\/donska-oblast-si-pripomnela-obeti-genocidy-sovetskeho-lidu-z-rukou-nacistu\/\" title=\"Donsk\u00e1 oblast si p\u0159ipomn\u011bla ob\u011bti genocidy sov\u011btsk\u00e9ho lidu z rukou nacist\u016f\"><\/a>\n\n                        <div  data-bgset=\"https:\/\/gnews.cz\/wp-content\/uploads\/2026\/04\/imageresize_20260417_200640-585x363.webp\" data_bg_hidpi=\"https:\/\/gnews.cz\/wp-content\/uploads\/2026\/04\/imageresize_20260417_200640-585x363.webp\" class=\"penci-lazy penci-image-holder\">\n                                                    <\/div>\n\n                <\/div>\n            <\/div>\n            <div class=\"pcbg-content\">\n                <div class=\"pcbg-content-flex\">\n                    <a class=\"pcbg-bgoverlay\"\n                       href=\"https:\/\/gnews.cz\/zh\/tema\/donska-oblast-si-pripomnela-obeti-genocidy-sovetskeho-lidu-z-rukou-nacistu\/\" title=\"Donsk\u00e1 oblast si p\u0159ipomn\u011bla ob\u011bti genocidy sov\u011btsk\u00e9ho lidu z rukou nacist\u016f\"><\/a>\n                    <div class=\"pcbg-content-inner bgcontent-block\">\n                        <a href=\"https:\/\/gnews.cz\/zh\/tema\/donska-oblast-si-pripomnela-obeti-genocidy-sovetskeho-lidu-z-rukou-nacistu\/\" title=\"Donsk\u00e1 oblast si p\u0159ipomn\u011bla ob\u011bti genocidy sov\u011btsk\u00e9ho lidu z rukou nacist\u016f\"\n                           class=\"pcbg-bgoverlaytext item-hover\"><\/a>\n\n\t\t\t\t\t\t\n\t\t\t\t\t\t                            <div class=\"pcbg-heading item-hover\">\n                                <h3 class=\"pcbg-title\">\n                                    <a href=\"https:\/\/gnews.cz\/zh\/tema\/donska-oblast-si-pripomnela-obeti-genocidy-sovetskeho-lidu-z-rukou-nacistu\/\">\n\t\t\t\t\t\t\t\t\t\tDonsk\u00e1 oblast si p\u0159ipomn\u011bla ob\u011bti genocidy sov\u011btsk\u00e9ho lidu z rukou nacist\u016f                                    <\/a>\n                                <\/h3>\n                            <\/div>\n\t\t\t\t\t\t\n\t\t\t\t\t\t                            <div class=\"grid-post-box-meta pcbg-meta item-hover\">\n                                <div class=\"pcbg-meta-desc\">\n\t\t\t\t\t\t\t\t\t\t\t\t\t\t\t\t\t\t                                        <span class=\"bg-date\"><time class=\"entry-date published\" datetime=\"2026-04-17T21:30:00+02:00\">2026-04-17<\/time><\/span>\n\t\t\t\t\t\t\t\t\t\t\t\t\t\t\t\t\t\t\t\t\t\t\t\t\t\t\t\t\t\t\t\t\t\t\t\t\t\t\t\t\t\t\t\t\t\t\t\t\t\t\t\t\t\t                                <\/div>\n\t\t\t\t\t\t\t\t                            <\/div>\n\t\t\t\t\t\t\n\t\t\t\t\t\t                    <\/div>\n                <\/div>\n            <\/div>\n        <\/div>\n    <\/div>\n<\/div>\n<\/div>                <\/div>\n\t\t\t\t            <\/div>\n        <\/div>\n\t\t\t\t\t\t<\/div>\n\t\t\t\t<\/div>\n\t\t\t\t<div class=\"elementor-element elementor-element-8aa9075 elementor-widget elementor-widget-penci-small-list\" data-id=\"8aa9075\" data-element_type=\"widget\" data-e-type=\"widget\" data-widget_type=\"penci-small-list.default\">\n\t\t\t\t<div class=\"elementor-widget-container\">\n\t\t\t\t\t<script>if( typeof(penciBlock) === \"undefined\" ) {function penciBlock() { this.atts_json = ''; this.content = ''; }}var penciBlocksArray = penciBlocksArray || [];var PENCILOCALCACHE = PENCILOCALCACHE || {};var pcblock_2137 = new penciBlock();pcblock_2137.blockID=\"pcblock_2137\";pcblock_2137.atts_json = '{\"type\":\"grid\",\"dformat\":\"\",\"date_pos\":\"left\",\"column\":\"1\",\"tab_column\":\"1\",\"mb_column\":\"1\",\"imgpos\":\"left\",\"thumb_size\":\"\",\"mthumb_size\":\"\",\"post_meta\":[\"title\",\"date\"],\"primary_cat\":\"\",\"title_length\":\"\",\"excerpt_pos\":\"below\",\"rmstyle\":\"filled\",\"excerpt_length\":15,\"nocrop\":\"\",\"hide_cat_mobile\":\"\",\"hide_meta_mobile\":\"\",\"hide_excerpt_mobile\":\"\",\"hide_rm_mobile\":\"\",\"imgtop_mobile\":\"\",\"ver_border\":\"\",\"hide_thumb\":\"yes\",\"show_reviewpie\":\"\",\"show_formaticon\":\"\",\"disable_lazy\":\"\",\"show_excerpt\":\"\",\"show_readmore\":\"\",\"query\":{\"orderby\":\"date\",\"order\":\"desc\",\"ignore_sticky_posts\":1,\"post_status\":\"publish\",\"post__not_in\":[],\"post_type\":\"post\",\"posts_per_page\":4,\"tax_query\":[{\"taxonomy\":\"post_tag\",\"field\":\"term_id\",\"terms\":[\"26\"]},{\"taxonomy\":\"category\",\"field\":\"term_id\",\"terms\":[\"1376\",\"2968\"],\"operator\":\"NOT IN\"},{\"taxonomy\":\"post_tag\",\"field\":\"term_id\",\"terms\":[\"78\",\"38\",\"22\"],\"operator\":\"NOT IN\"}],\"offset\":1},\"category_ids\":\"\",\"taxonomy\":\"\"}';penciBlocksArray.push(pcblock_2137);<\/script>        <div class=\"penci-wrapper-smalllist\">\n\t\t\t\t\t\t            <div class=\"penci-smalllist-wrapper\">\n\t\t\t\t                    <div class=\"penci-smalllist pcsl-wrapper pwsl-id-default\">\n                        <div class=\"pcsl-inner penci-clearfix pcsl-grid pcsl-imgpos-left pcsl-col-1 pcsl-tabcol-1 pcsl-mobcol-1\">\n\t\t\t\t\t\t\t\t\t\t\t\t\t\t\t\t\t\t\t\t\t\t\t\t                                    <div class=\"pcsl-item pcsl-nothumb\">\n                                        <div class=\"pcsl-itemin\">\n                                            <div class=\"pcsl-iteminer\">\n\t\t\t\t\t\t\t\t\t\t\t\t\n\t\t\t\t\t\t\t\t\t\t\t\t                                                <div class=\"pcsl-content\">\n\t\t\t\t\t\t\t\t\t\t\t\t\t\n\t\t\t\t\t\t\t\t\t\t\t\t\t                                                        <div class=\"pcsl-title\">\n                                                            <a href=\"https:\/\/gnews.cz\/zh\/tema\/donska-oblast-si-pripomnela-obeti-genocidy-sovetskeho-lidu-z-rukou-nacistu\/\">Donsk\u00e1 oblast si p\u0159ipomn\u011bla ob\u011bti genocidy sov\u011btsk\u00e9ho lidu z rukou nacist\u016f<\/a>\n                                                        <\/div>\n\t\t\t\t\t\t\t\t\t\t\t\t\t\n\t\t\t\t\t\t\t\t\t\t\t\t\t                                                        <div class=\"grid-post-box-meta pcsl-meta\">\n\t\t\t\t\t\t\t\t\t\t\t\t\t\t\t\t\t\t\t\t\t\t\t\t\t\t\t\t\t\t                                                                <span class=\"sl-date\"><time class=\"entry-date published\" datetime=\"2026-04-17T21:30:00+02:00\">2026-04-17<\/time><\/span>\n\t\t\t\t\t\t\t\t\t\t\t\t\t\t\t\t\t\t\t\t\t\t\t\t\t\t\t\t\t\t\t\t\t\t\t\t\t\t\t\t\t\t\t\t\t\t\t\t\t\t\t\t\t\t\t\t\t\t\t\t\t\t\t\t\t\t\t\t\t\t\t\t\t\t\t\t\t\t\t\t\t\t\t\t\t\t\t\t\t\t                                                        <\/div>\n\t\t\t\t\t\t\t\t\t\t\t\t\t\n\t\t\t\t\t\t\t\t\t\t\t\t\t\t\t\t\t\t\t\t\t\t\t\t\t\t\n                                                <\/div>\n\n\t\t\t\t\t\t\t\t\t\t\t\t                                            <\/div>\n                                        <\/div>\n                                    <\/div>\n                                \t\t\t\t\t\t\t\t\t\t\t\t\t\t\t\t\t                                    <div class=\"pcsl-item pcsl-nothumb\">\n                                        <div class=\"pcsl-itemin\">\n                                            <div class=\"pcsl-iteminer\">\n\t\t\t\t\t\t\t\t\t\t\t\t\n\t\t\t\t\t\t\t\t\t\t\t\t                                                <div class=\"pcsl-content\">\n\t\t\t\t\t\t\t\t\t\t\t\t\t\n\t\t\t\t\t\t\t\t\t\t\t\t\t                                                        <div class=\"pcsl-title\">\n                                                            <a href=\"https:\/\/gnews.cz\/zh\/neprehlednete\/xi-jinping-vyzyva-k-uzsi-strategicke-koordinaci-s-ruskem-duraz-na-jednotu-globalniho-jihu\/\">Xi Jinping vyz\u00fdv\u00e1 k u\u017e\u0161\u00ed strategick\u00e9 koordinaci s Ruskem, d\u016fraz na jednotu Glob\u00e1ln\u00edho Jihu<\/a>\n                                                        <\/div>\n\t\t\t\t\t\t\t\t\t\t\t\t\t\n\t\t\t\t\t\t\t\t\t\t\t\t\t                                                        <div class=\"grid-post-box-meta pcsl-meta\">\n\t\t\t\t\t\t\t\t\t\t\t\t\t\t\t\t\t\t\t\t\t\t\t\t\t\t\t\t\t\t                                                                <span class=\"sl-date\"><time class=\"entry-date published\" datetime=\"2026-04-15T20:16:44+02:00\">2026-04-15<\/time><\/span>\n\t\t\t\t\t\t\t\t\t\t\t\t\t\t\t\t\t\t\t\t\t\t\t\t\t\t\t\t\t\t\t\t\t\t\t\t\t\t\t\t\t\t\t\t\t\t\t\t\t\t\t\t\t\t\t\t\t\t\t\t\t\t\t\t\t\t\t\t\t\t\t\t\t\t\t\t\t\t\t\t\t\t\t\t\t\t\t\t\t\t                                                        <\/div>\n\t\t\t\t\t\t\t\t\t\t\t\t\t\n\t\t\t\t\t\t\t\t\t\t\t\t\t\t\t\t\t\t\t\t\t\t\t\t\t\t\n                                                <\/div>\n\n\t\t\t\t\t\t\t\t\t\t\t\t                                            <\/div>\n                                        <\/div>\n                                    <\/div>\n                                \t\t\t\t\t\t\t\t\t\t\t\t\t\t\t\t\t                                    <div class=\"pcsl-item pcsl-nothumb\">\n                                        <div class=\"pcsl-itemin\">\n                                            <div class=\"pcsl-iteminer\">\n\t\t\t\t\t\t\t\t\t\t\t\t\n\t\t\t\t\t\t\t\t\t\t\t\t                                                <div class=\"pcsl-content\">\n\t\t\t\t\t\t\t\t\t\t\t\t\t\n\t\t\t\t\t\t\t\t\t\t\t\t\t                                                        <div class=\"pcsl-title\">\n                                                            <a href=\"https:\/\/gnews.cz\/zh\/tema\/porazka-orbana-muze-otevrit-miliardy-pro-ukrajinu-a-posunout-ji-bliz-k-eu\/\">Por\u00e1\u017eka Orb\u00e1na m\u016f\u017ee otev\u0159\u00edt miliardy pro Ukrajinu a posunout ji bl\u00ed\u017e k EU<\/a>\n                                                        <\/div>\n\t\t\t\t\t\t\t\t\t\t\t\t\t\n\t\t\t\t\t\t\t\t\t\t\t\t\t                                                        <div class=\"grid-post-box-meta pcsl-meta\">\n\t\t\t\t\t\t\t\t\t\t\t\t\t\t\t\t\t\t\t\t\t\t\t\t\t\t\t\t\t\t                                                                <span class=\"sl-date\"><time class=\"entry-date published\" datetime=\"2026-04-15T18:00:00+02:00\">2026-04-15<\/time><\/span>\n\t\t\t\t\t\t\t\t\t\t\t\t\t\t\t\t\t\t\t\t\t\t\t\t\t\t\t\t\t\t\t\t\t\t\t\t\t\t\t\t\t\t\t\t\t\t\t\t\t\t\t\t\t\t\t\t\t\t\t\t\t\t\t\t\t\t\t\t\t\t\t\t\t\t\t\t\t\t\t\t\t\t\t\t\t\t\t\t\t\t                                                        <\/div>\n\t\t\t\t\t\t\t\t\t\t\t\t\t\n\t\t\t\t\t\t\t\t\t\t\t\t\t\t\t\t\t\t\t\t\t\t\t\t\t\t\n                                                <\/div>\n\n\t\t\t\t\t\t\t\t\t\t\t\t                                            <\/div>\n                                        <\/div>\n                                    <\/div>\n                                \t\t\t\t\t\t\t\t\t\t\t\t\t\t\t\t\t                                    <div class=\"pcsl-item pcsl-nothumb\">\n                                        <div class=\"pcsl-itemin\">\n                                            <div class=\"pcsl-iteminer\">\n\t\t\t\t\t\t\t\t\t\t\t\t\n\t\t\t\t\t\t\t\t\t\t\t\t                                                <div class=\"pcsl-content\">\n\t\t\t\t\t\t\t\t\t\t\t\t\t\n\t\t\t\t\t\t\t\t\t\t\t\t\t                                                        <div class=\"pcsl-title\">\n                                                            <a href=\"https:\/\/gnews.cz\/zh\/tema\/zelensky-slibuje-opravu-ropovodu-druzba-ocekava-konec-madarskeho-veta-k-miliardove-pujcce-eu\/\">Zelensk\u00fd slibuje opravu ropovodu Dru\u017eba, o\u010dek\u00e1v\u00e1 konec ma\u010farsk\u00e9ho veta k miliardov\u00e9 p\u016fj\u010dce EU<\/a>\n                                                        <\/div>\n\t\t\t\t\t\t\t\t\t\t\t\t\t\n\t\t\t\t\t\t\t\t\t\t\t\t\t                                                        <div class=\"grid-post-box-meta pcsl-meta\">\n\t\t\t\t\t\t\t\t\t\t\t\t\t\t\t\t\t\t\t\t\t\t\t\t\t\t\t\t\t\t                                                                <span class=\"sl-date\"><time class=\"entry-date published\" datetime=\"2026-04-14T21:00:00+02:00\">2026-04-14<\/time><\/span>\n\t\t\t\t\t\t\t\t\t\t\t\t\t\t\t\t\t\t\t\t\t\t\t\t\t\t\t\t\t\t\t\t\t\t\t\t\t\t\t\t\t\t\t\t\t\t\t\t\t\t\t\t\t\t\t\t\t\t\t\t\t\t\t\t\t\t\t\t\t\t\t\t\t\t\t\t\t\t\t\t\t\t\t\t\t\t\t\t\t\t                                                        <\/div>\n\t\t\t\t\t\t\t\t\t\t\t\t\t\n\t\t\t\t\t\t\t\t\t\t\t\t\t\t\t\t\t\t\t\t\t\t\t\t\t\t\n                                                <\/div>\n\n\t\t\t\t\t\t\t\t\t\t\t\t                                            <\/div>\n                                        <\/div>\n                                    <\/div>\n                                \t\t\t\t\t\t\t\t\t\t\t\t\t\t\t\t                        <\/div>\n\n\t\t\t\t\t\t\n                    <\/div>\n\t\t\t\t\t            <\/div>\n        <\/div>\n\t\t\t\t\t\t<\/div>\n\t\t\t\t<\/div>\n\t\t\t\t<\/div>\n\t\t<div class=\"elementor-element elementor-element-0d3de56 e-con-full e-flex e-con e-child\" data-id=\"0d3de56\" data-element_type=\"container\" data-e-type=\"container\">\n\t\t\t\t<div class=\"elementor-element elementor-element-3e03989 elementor-widget elementor-widget-penci-block-heading\" data-id=\"3e03989\" data-element_type=\"widget\" data-e-type=\"widget\" data-widget_type=\"penci-block-heading.default\">\n\t\t\t\t<div class=\"elementor-widget-container\">\n\t\t\t\t\t\t\t<div class=\"penciel-bheading penci-border-arrow penci-homepage-title penci-home-latest-posts style-6 pcalign-left pciconp-right pcicon-right block-title-icon-left\">\n\t\t\t<h3 class=\"inner-arrow\">\n\t\t\t\t<span>\n\t\t\t\t<a href=\"https:\/\/gnews.cz\/cs_cz\/tag\/cina\/\">\u010c\u00edna<\/a>\t\t\t\t<\/span>\n\t\t\t<\/h3>\n\t\t\t\t\t<\/div>\n\t\t\t\t\t\t<\/div>\n\t\t\t\t<\/div>\n\t\t\t\t<div class=\"elementor-element elementor-element-437e8ce elementor-widget__width-initial elementor-widget elementor-widget-penci-big-grid\" data-id=\"437e8ce\" data-element_type=\"widget\" data-e-type=\"widget\" data-widget_type=\"penci-big-grid.default\">\n\t\t\t\t<div class=\"elementor-widget-container\">\n\t\t\t\t\t        <div class=\"penci-clearfix penci-biggrid-wrapper penci-grid-col-1 penci-grid-mcol-1 penci-bgrid-based-post penci-bgrid-style-1 pcbg-ficonpo-top-right pcbg-reiconpo-top-left penci-bgrid-content-below pencibg-imageh-zoom-in pencibg-texth-none pencibg-textani-movetop textop\">\n\t\t\t            <div class=\"penci-clearfix penci-biggrid penci-bgstyle-1 penci-bgel\">\n                <div class=\"penci-biggrid-inner default\">\n\t\t\t\t\t<div class=\"penci-clearfix penci-biggrid-data penci-dflex\"><div class=\"penci-bgitem\">\n    <div class=\"penci-bgitin\">\n        <div class=\"penci-bgmain\">\n            <div class=\"pcbg-thumb\">\n\t\t\t\t\t\t\t\t                <div class=\"pcbg-thumbin\">\n                    <a class=\"pcbg-bgoverlay\"\n                       href=\"https:\/\/gnews.cz\/zh\/politika\/belgicky-vicepremier-a-ministr-zahranici-maxime-prevot-navstivi-cinu-mz-clr-predstavilo-vice-informaci\/\" title=\"Belgick\u00fd vicepremi\u00e9r a ministr zahrani\u010d\u00ed Maxime Prevot nav\u0161t\u00edv\u00ed \u010c\u00ednu, MZ \u010cLR p\u0159edstavilo v\u00edce informac\u00ed\"><\/a>\n\n                        <div  data-bgset=\"https:\/\/gnews.cz\/wp-content\/uploads\/2026\/04\/1777278622698_245-585x390.webp\" data_bg_hidpi=\"https:\/\/gnews.cz\/wp-content\/uploads\/2026\/04\/1777278622698_245-585x390.webp\" class=\"penci-lazy penci-image-holder\">\n                                                    <\/div>\n\n                <\/div>\n            <\/div>\n            <div class=\"pcbg-content\">\n                <div class=\"pcbg-content-flex\">\n                    <a class=\"pcbg-bgoverlay\"\n                       href=\"https:\/\/gnews.cz\/zh\/politika\/belgicky-vicepremier-a-ministr-zahranici-maxime-prevot-navstivi-cinu-mz-clr-predstavilo-vice-informaci\/\" title=\"Belgick\u00fd vicepremi\u00e9r a ministr zahrani\u010d\u00ed Maxime Prevot nav\u0161t\u00edv\u00ed \u010c\u00ednu, MZ \u010cLR p\u0159edstavilo v\u00edce informac\u00ed\"><\/a>\n                    <div class=\"pcbg-content-inner bgcontent-block\">\n                        <a href=\"https:\/\/gnews.cz\/zh\/politika\/belgicky-vicepremier-a-ministr-zahranici-maxime-prevot-navstivi-cinu-mz-clr-predstavilo-vice-informaci\/\" title=\"Belgick\u00fd vicepremi\u00e9r a ministr zahrani\u010d\u00ed Maxime Prevot nav\u0161t\u00edv\u00ed \u010c\u00ednu, MZ \u010cLR p\u0159edstavilo v\u00edce informac\u00ed\"\n                           class=\"pcbg-bgoverlaytext item-hover\"><\/a>\n\n\t\t\t\t\t\t\n\t\t\t\t\t\t                            <div class=\"pcbg-heading item-hover\">\n                                <h3 class=\"pcbg-title\">\n                                    <a href=\"https:\/\/gnews.cz\/zh\/politika\/belgicky-vicepremier-a-ministr-zahranici-maxime-prevot-navstivi-cinu-mz-clr-predstavilo-vice-informaci\/\">\n\t\t\t\t\t\t\t\t\t\tBelgick\u00fd vicepremi\u00e9r a ministr zahrani\u010d\u00ed Maxime Prevot nav\u0161t\u00edv\u00ed \u010c\u00ednu, MZ \u010cLR p\u0159edstavilo v\u00edce informac\u00ed                                    <\/a>\n                                <\/h3>\n                            <\/div>\n\t\t\t\t\t\t\n\t\t\t\t\t\t                            <div class=\"grid-post-box-meta pcbg-meta item-hover\">\n                                <div class=\"pcbg-meta-desc\">\n\t\t\t\t\t\t\t\t\t\t\t\t\t\t\t\t\t\t                                        <span class=\"bg-date\"><time class=\"entry-date published\" datetime=\"2026-04-28T04:00:00+02:00\">2026-04-28<\/time><\/span>\n\t\t\t\t\t\t\t\t\t\t\t\t\t\t\t\t\t\t\t\t\t\t\t\t\t\t\t\t\t\t\t\t\t\t\t\t\t\t\t\t\t\t\t\t\t\t\t\t\t\t\t\t\t\t                                <\/div>\n\t\t\t\t\t\t\t\t                            <\/div>\n\t\t\t\t\t\t\n\t\t\t\t\t\t                    <\/div>\n                <\/div>\n            <\/div>\n        <\/div>\n    <\/div>\n<\/div>\n<\/div>                <\/div>\n\t\t\t\t            <\/div>\n        <\/div>\n\t\t\t\t\t\t<\/div>\n\t\t\t\t<\/div>\n\t\t\t\t<div class=\"elementor-element elementor-element-53ffc45 elementor-widget elementor-widget-penci-small-list\" data-id=\"53ffc45\" data-element_type=\"widget\" data-e-type=\"widget\" data-widget_type=\"penci-small-list.default\">\n\t\t\t\t<div class=\"elementor-widget-container\">\n\t\t\t\t\t<script>if( typeof(penciBlock) === \"undefined\" ) {function penciBlock() { this.atts_json = ''; this.content = ''; }}var penciBlocksArray = penciBlocksArray || [];var PENCILOCALCACHE = PENCILOCALCACHE || {};var pcblock_3910 = new penciBlock();pcblock_3910.blockID=\"pcblock_3910\";pcblock_3910.atts_json = '{\"type\":\"grid\",\"dformat\":\"\",\"date_pos\":\"left\",\"column\":\"1\",\"tab_column\":\"1\",\"mb_column\":\"1\",\"imgpos\":\"left\",\"thumb_size\":\"\",\"mthumb_size\":\"\",\"post_meta\":[\"title\",\"date\"],\"primary_cat\":\"\",\"title_length\":\"\",\"excerpt_pos\":\"below\",\"rmstyle\":\"filled\",\"excerpt_length\":15,\"nocrop\":\"\",\"hide_cat_mobile\":\"\",\"hide_meta_mobile\":\"\",\"hide_excerpt_mobile\":\"\",\"hide_rm_mobile\":\"\",\"imgtop_mobile\":\"\",\"ver_border\":\"\",\"hide_thumb\":\"yes\",\"show_reviewpie\":\"\",\"show_formaticon\":\"\",\"disable_lazy\":\"\",\"show_excerpt\":\"\",\"show_readmore\":\"\",\"query\":{\"orderby\":\"date\",\"order\":\"desc\",\"ignore_sticky_posts\":1,\"post_status\":\"publish\",\"post__not_in\":[],\"post_type\":\"post\",\"posts_per_page\":4,\"tax_query\":[{\"taxonomy\":\"post_tag\",\"field\":\"term_id\",\"terms\":[\"22\"]},{\"taxonomy\":\"category\",\"field\":\"term_id\",\"terms\":[\"1376\",\"2968\"],\"operator\":\"NOT IN\"},{\"taxonomy\":\"post_tag\",\"field\":\"term_id\",\"terms\":[\"38\",\"78\",\"26\"],\"operator\":\"NOT IN\"}],\"offset\":1},\"category_ids\":\"\",\"taxonomy\":\"\"}';penciBlocksArray.push(pcblock_3910);<\/script>        <div class=\"penci-wrapper-smalllist\">\n\t\t\t\t\t\t            <div class=\"penci-smalllist-wrapper\">\n\t\t\t\t                    <div class=\"penci-smalllist pcsl-wrapper pwsl-id-default\">\n                        <div class=\"pcsl-inner penci-clearfix pcsl-grid pcsl-imgpos-left pcsl-col-1 pcsl-tabcol-1 pcsl-mobcol-1\">\n\t\t\t\t\t\t\t\t\t\t\t\t\t\t\t\t\t\t\t\t\t\t\t\t                                    <div class=\"pcsl-item pcsl-nothumb\">\n                                        <div class=\"pcsl-itemin\">\n                                            <div class=\"pcsl-iteminer\">\n\t\t\t\t\t\t\t\t\t\t\t\t\n\t\t\t\t\t\t\t\t\t\t\t\t                                                <div class=\"pcsl-content\">\n\t\t\t\t\t\t\t\t\t\t\t\t\t\n\t\t\t\t\t\t\t\t\t\t\t\t\t                                                        <div class=\"pcsl-title\">\n                                                            <a href=\"https:\/\/gnews.cz\/zh\/neprehlednete\/tydenni-shrnuti-cinske-ekonomiky-a-technologii-deepseek-v4-bezi-na-huawei-baterie-catl-s-nabijenim-za-6-minut-cinsky-farmaceuticky-sektor-predstihuje-usa\/\">T\u00fddenn\u00ed shrnut\u00ed \u010d\u00ednsk\u00e9 ekonomiky a technologi\u00ed: DeepSeek V4 b\u011b\u017e\u00ed na Huawei, Baterie CATL s nab\u00edjen\u00edm za 6 minut, \u010c\u00ednsk\u00fd farmaceutick\u00fd sektor p\u0159edstihuje USA<\/a>\n                                                        <\/div>\n\t\t\t\t\t\t\t\t\t\t\t\t\t\n\t\t\t\t\t\t\t\t\t\t\t\t\t                                                        <div class=\"grid-post-box-meta pcsl-meta\">\n\t\t\t\t\t\t\t\t\t\t\t\t\t\t\t\t\t\t\t\t\t\t\t\t\t\t\t\t\t\t                                                                <span class=\"sl-date\"><time class=\"entry-date published\" datetime=\"2026-04-29T12:00:00+02:00\">2026-04-29<\/time><\/span>\n\t\t\t\t\t\t\t\t\t\t\t\t\t\t\t\t\t\t\t\t\t\t\t\t\t\t\t\t\t\t\t\t\t\t\t\t\t\t\t\t\t\t\t\t\t\t\t\t\t\t\t\t\t\t\t\t\t\t\t\t\t\t\t\t\t\t\t\t\t\t\t\t\t\t\t\t\t\t\t\t\t\t\t\t\t\t\t\t\t\t                                                        <\/div>\n\t\t\t\t\t\t\t\t\t\t\t\t\t\n\t\t\t\t\t\t\t\t\t\t\t\t\t\t\t\t\t\t\t\t\t\t\t\t\t\t\n                                                <\/div>\n\n\t\t\t\t\t\t\t\t\t\t\t\t                                            <\/div>\n                                        <\/div>\n                                    <\/div>\n                                \t\t\t\t\t\t\t\t\t\t\t\t\t\t\t\t\t                                    <div class=\"pcsl-item pcsl-nothumb\">\n                                        <div class=\"pcsl-itemin\">\n                                            <div class=\"pcsl-iteminer\">\n\t\t\t\t\t\t\t\t\t\t\t\t\n\t\t\t\t\t\t\t\t\t\t\t\t                                                <div class=\"pcsl-content\">\n\t\t\t\t\t\t\t\t\t\t\t\t\t\n\t\t\t\t\t\t\t\t\t\t\t\t\t                                                        <div class=\"pcsl-title\">\n                                                            <a href=\"https:\/\/gnews.cz\/zh\/ekonomika\/cina-chce-zastavit-akvizici-ai-firmy-manus-ze-strany-mety-odvolava-se-na-bezpecnostni-pravidla\/\">\u010c\u00edna chce zastavit akvizici AI firmy Manus ze strany Mety, odvol\u00e1v\u00e1 se na bezpe\u010dnostn\u00ed pravidla<\/a>\n                                                        <\/div>\n\t\t\t\t\t\t\t\t\t\t\t\t\t\n\t\t\t\t\t\t\t\t\t\t\t\t\t                                                        <div class=\"grid-post-box-meta pcsl-meta\">\n\t\t\t\t\t\t\t\t\t\t\t\t\t\t\t\t\t\t\t\t\t\t\t\t\t\t\t\t\t\t                                                                <span class=\"sl-date\"><time class=\"entry-date published\" datetime=\"2026-04-29T04:00:00+02:00\">2026-04-29<\/time><\/span>\n\t\t\t\t\t\t\t\t\t\t\t\t\t\t\t\t\t\t\t\t\t\t\t\t\t\t\t\t\t\t\t\t\t\t\t\t\t\t\t\t\t\t\t\t\t\t\t\t\t\t\t\t\t\t\t\t\t\t\t\t\t\t\t\t\t\t\t\t\t\t\t\t\t\t\t\t\t\t\t\t\t\t\t\t\t\t\t\t\t\t                                                        <\/div>\n\t\t\t\t\t\t\t\t\t\t\t\t\t\n\t\t\t\t\t\t\t\t\t\t\t\t\t\t\t\t\t\t\t\t\t\t\t\t\t\t\n                                                <\/div>\n\n\t\t\t\t\t\t\t\t\t\t\t\t                                            <\/div>\n                                        <\/div>\n                                    <\/div>\n                                \t\t\t\t\t\t\t\t\t\t\t\t\t\t\t\t\t                                    <div class=\"pcsl-item pcsl-nothumb\">\n                                        <div class=\"pcsl-itemin\">\n                                            <div class=\"pcsl-iteminer\">\n\t\t\t\t\t\t\t\t\t\t\t\t\n\t\t\t\t\t\t\t\t\t\t\t\t                                                <div class=\"pcsl-content\">\n\t\t\t\t\t\t\t\t\t\t\t\t\t\n\t\t\t\t\t\t\t\t\t\t\t\t\t                                                        <div class=\"pcsl-title\">\n                                                            <a href=\"https:\/\/gnews.cz\/zh\/politika\/belgicky-vicepremier-a-ministr-zahranici-maxime-prevot-navstivi-cinu-mz-clr-predstavilo-vice-informaci\/\">Belgick\u00fd vicepremi\u00e9r a ministr zahrani\u010d\u00ed Maxime Prevot nav\u0161t\u00edv\u00ed \u010c\u00ednu, MZ \u010cLR p\u0159edstavilo v\u00edce informac\u00ed<\/a>\n                                                        <\/div>\n\t\t\t\t\t\t\t\t\t\t\t\t\t\n\t\t\t\t\t\t\t\t\t\t\t\t\t                                                        <div class=\"grid-post-box-meta pcsl-meta\">\n\t\t\t\t\t\t\t\t\t\t\t\t\t\t\t\t\t\t\t\t\t\t\t\t\t\t\t\t\t\t                                                                <span class=\"sl-date\"><time class=\"entry-date published\" datetime=\"2026-04-28T04:00:00+02:00\">2026-04-28<\/time><\/span>\n\t\t\t\t\t\t\t\t\t\t\t\t\t\t\t\t\t\t\t\t\t\t\t\t\t\t\t\t\t\t\t\t\t\t\t\t\t\t\t\t\t\t\t\t\t\t\t\t\t\t\t\t\t\t\t\t\t\t\t\t\t\t\t\t\t\t\t\t\t\t\t\t\t\t\t\t\t\t\t\t\t\t\t\t\t\t\t\t\t\t                                                        <\/div>\n\t\t\t\t\t\t\t\t\t\t\t\t\t\n\t\t\t\t\t\t\t\t\t\t\t\t\t\t\t\t\t\t\t\t\t\t\t\t\t\t\n                                                <\/div>\n\n\t\t\t\t\t\t\t\t\t\t\t\t                                            <\/div>\n                                        <\/div>\n                                    <\/div>\n                                \t\t\t\t\t\t\t\t\t\t\t\t\t\t\t\t\t                                    <div class=\"pcsl-item pcsl-nothumb\">\n                                        <div class=\"pcsl-itemin\">\n                                            <div class=\"pcsl-iteminer\">\n\t\t\t\t\t\t\t\t\t\t\t\t\n\t\t\t\t\t\t\t\t\t\t\t\t                                                <div class=\"pcsl-content\">\n\t\t\t\t\t\t\t\t\t\t\t\t\t\n\t\t\t\t\t\t\t\t\t\t\t\t\t                                                        <div class=\"pcsl-title\">\n                                                            <a href=\"https:\/\/gnews.cz\/zh\/neprehlednete\/cina-a-kambodza-se-shodly-na-sesti-bodech-spoluprace\/\">\u010c\u00edna a Kambod\u017ea se shodly na \u0161esti bodech spolupr\u00e1ce<\/a>\n                                                        <\/div>\n\t\t\t\t\t\t\t\t\t\t\t\t\t\n\t\t\t\t\t\t\t\t\t\t\t\t\t                                                        <div class=\"grid-post-box-meta pcsl-meta\">\n\t\t\t\t\t\t\t\t\t\t\t\t\t\t\t\t\t\t\t\t\t\t\t\t\t\t\t\t\t\t                                                                <span class=\"sl-date\"><time class=\"entry-date published\" datetime=\"2026-04-25T04:00:00+02:00\">2026-04-25<\/time><\/span>\n\t\t\t\t\t\t\t\t\t\t\t\t\t\t\t\t\t\t\t\t\t\t\t\t\t\t\t\t\t\t\t\t\t\t\t\t\t\t\t\t\t\t\t\t\t\t\t\t\t\t\t\t\t\t\t\t\t\t\t\t\t\t\t\t\t\t\t\t\t\t\t\t\t\t\t\t\t\t\t\t\t\t\t\t\t\t\t\t\t\t                                                        <\/div>\n\t\t\t\t\t\t\t\t\t\t\t\t\t\n\t\t\t\t\t\t\t\t\t\t\t\t\t\t\t\t\t\t\t\t\t\t\t\t\t\t\n                                                <\/div>\n\n\t\t\t\t\t\t\t\t\t\t\t\t                                            <\/div>\n                                        <\/div>\n                                    <\/div>\n                                \t\t\t\t\t\t\t\t\t\t\t\t\t\t\t\t                        <\/div>\n\n\t\t\t\t\t\t\n                    <\/div>\n\t\t\t\t\t            <\/div>\n        <\/div>\n\t\t\t\t\t\t<\/div>\n\t\t\t\t<\/div>\n\t\t\t\t<\/div>\n\t\t\t\t<\/div>\n\t\t\t\t\t<\/div>\n\t\t<\/div>\n\t\t\t\t\t<\/div>\n\t\t<\/section>\n\t\t\t\t<div class=\"elementor-element elementor-element-c59b77f e-con e-atomic-element e-flexbox-base e-c59b77f-8b169f0\" data-id=\"c59b77f\" data-element_type=\"e-flexbox\" data-e-type=\"e-flexbox\" data-interaction-id=\"c59b77f\" data-e-type=\"e-flexbox\" data-id=\"c59b77f\">\n\t\t\t\t\t\t\t\n\t\t\t\t<a\n\t\t\thref=\"https:\/\/gnews.cz\/en\/about-us\/\" target=\"_blank\"\n\t\t\tclass=\"e-image-link-base\"\n\t\t\tdata-interaction-id=\"7a9fd54\"\n\t\t>\n\t\t<img class=\"e-image-base e-7a9fd54-a526abe\" \n\t\t\t\t\tdata-interaction-id=\"7a9fd54\" \n\t\t \n\t\t data-e-type=\"widget\" data-id=\"7a9fd54\" \n\t\t\t\t\t\t\t\t\tid=\"43262\"\n\t\t\t\t\t\t\t\t\t\t\t\tsrc=\"https:\/\/gnews.cz\/wp-content\/uploads\/2026\/04\/GNEWS-1-Doubao2.webp\"\n\t\t\t\t\t\t\t\t\t\t\t\twidth=\"1280\"\n\t\t\t\t\t\t\t\t\t\t\t\theight=\"719\"\n\t\t\t\t\t\t\t\t\t\t\t\tsrcset=\"https:\/\/gnews.cz\/wp-content\/uploads\/2026\/04\/GNEWS-1-Doubao2.webp 1280w, https:\/\/gnews.cz\/wp-content\/uploads\/2026\/04\/GNEWS-1-Doubao2-300x169.webp 300w, https:\/\/gnews.cz\/wp-content\/uploads\/2026\/04\/GNEWS-1-Doubao2-1024x575.webp 1024w, https:\/\/gnews.cz\/wp-content\/uploads\/2026\/04\/GNEWS-1-Doubao2-768x431.webp 768w, https:\/\/gnews.cz\/wp-content\/uploads\/2026\/04\/GNEWS-1-Doubao2-18x10.webp 18w, https:\/\/gnews.cz\/wp-content\/uploads\/2026\/04\/GNEWS-1-Doubao2-1170x657.webp 1170w, https:\/\/gnews.cz\/wp-content\/uploads\/2026\/04\/GNEWS-1-Doubao2-585x329.webp 585w\"\n\t\t\t\t\t\t\t\t\t\t\t\talt=\"\"\n\t\t\t\t\t\t\/>\n\t\t\t<\/a>\n\t\t\t\t\t<\/div>\n\t\t\t\t<\/div>\n\t\t","protected":false},"excerpt":{"rendered":"<p>\u65b0\u95fb \u7f8e\u56fd\u5411\u76df\u56fd\u786e\u8ba4\u6709\u610f\u7ee7\u7eed\u653e\u5bbd\u5bf9\u4fc4\u7f57\u65af\u77f3\u6cb9\u7684\u5236\u88c1 2026 \u5e74 4 \u6708 1 \u65e5 \u5206\u6790\uff1a\u4fc4\u4e4c\u51b2\u7a81--\u56fd\u9632\u5de5\u4e1a\u3001\u5229\u6da6\u3001\u7ecf\u6d4e\u548c\u793e\u4f1a\u95ee\u9898<\/p>","protected":false},"author":1,"featured_media":2846,"parent":0,"menu_order":0,"comment_status":"closed","ping_status":"closed","template":"page-fullwidth.php","meta":{"_acf_changed":false,"_lmt_disableupdate":"","_lmt_disable":"","footnotes":""},"class_list":["post-1489","page","type-page","status-publish","has-post-thumbnail","hentry"],"acf":[],"aioseo_notices":[],"_links":{"self":[{"href":"https:\/\/gnews.cz\/zh\/wp-json\/wp\/v2\/pages\/1489","targetHints":{"allow":["GET"]}}],"collection":[{"href":"https:\/\/gnews.cz\/zh\/wp-json\/wp\/v2\/pages"}],"about":[{"href":"https:\/\/gnews.cz\/zh\/wp-json\/wp\/v2\/types\/page"}],"author":[{"embeddable":true,"href":"https:\/\/gnews.cz\/zh\/wp-json\/wp\/v2\/users\/1"}],"replies":[{"embeddable":true,"href":"https:\/\/gnews.cz\/zh\/wp-json\/wp\/v2\/comments?post=1489"}],"version-history":[{"count":5,"href":"https:\/\/gnews.cz\/zh\/wp-json\/wp\/v2\/pages\/1489\/revisions"}],"predecessor-version":[{"id":43326,"href":"https:\/\/gnews.cz\/zh\/wp-json\/wp\/v2\/pages\/1489\/revisions\/43326"}],"wp:featuredmedia":[{"embeddable":true,"href":"https:\/\/gnews.cz\/zh\/wp-json\/wp\/v2\/media\/2846"}],"wp:attachment":[{"href":"https:\/\/gnews.cz\/zh\/wp-json\/wp\/v2\/media?parent=1489"}],"curies":[{"name":"wp","href":"https:\/\/api.w.org\/{rel}","templated":true}]}}